{"id":198916,"date":"2026-09-03T16:56:07","date_gmt":"2026-09-03T14:56:07","guid":{"rendered":"https:\/\/www.coolturalia.com\/event\/journee-inclusion-et-durabilite\/"},"modified":"2026-09-03T16:56:07","modified_gmt":"2026-09-03T14:56:07","slug":"journee-inclusion-et-durabilite","status":"publish","type":"event","link":"https:\/\/www.coolturalia.com\/fr\/event\/journee-inclusion-et-durabilite\/","title":{"rendered":"Journ\u00e9e inclusion et durabilit\u00e9"},"content":{"rendered":"<p>Participez \u00e0 une journ\u00e9e de d\u00e9couverte, d\u2019activit\u00e9s pratiques et de partage autour de l\u2019inclusion et de la durabilit\u00e9. Organis\u00e9e par les \u00e9quipes EPI en partenariat avec une fondation, la rencontre met en lumi\u00e8re des initiatives li\u00e9es \u00e0 l\u2019alimentation durable, \u00e0 l\u2019\u00e9nergie, \u00e0 l\u2019hygi\u00e8ne responsable, au r\u00e9emploi et \u00e0 l\u2019accompagnement socio-\u00e9ducatif et socioprofessionnel. Stands interactifs, d\u00e9monstrations et activit\u00e9s participatives permettent d\u2019exp\u00e9rimenter, d\u2019\u00e9changer et de cr\u00e9er du lien. \u00c0 l\u2019ext\u00e9rieur, un espace karting propose de personnaliser un kart et d\u2019essayer un mini-circuit. Toutes et tous sont invit\u00e9s \u00e0 participer.<\/p>\n","protected":false},"excerpt":{"rendered":"<p>Participez \u00e0 une journ\u00e9e de d\u00e9couverte, d\u2019activit\u00e9s pratiques et de partage autour de l\u2019inclusion et de la durabilit\u00e9. Organis\u00e9e par les \u00e9quipes EPI en partenariat avec une fondation, la rencontre met en lumi\u00e8re des initiatives li\u00e9es \u00e0 l\u2019alimentation durable, \u00e0 l\u2019\u00e9nergie, \u00e0 l\u2019hygi\u00e8ne responsable, au r\u00e9emploi et \u00e0 l\u2019accompagnement socio-\u00e9ducatif et socioprofessionnel. Stands interactifs, d\u00e9monstrations [&hellip;]<\/p>\n","protected":false},"featured_media":198914,"parent":0,"menu_order":0,"template":"","format":"standard","meta":{"_acf_changed":false,"footnotes":""},"tags":[],"event-category":[454],"event-venue":[1166],"class_list":["post-198916","event","type-event","status-publish","format-standard","has-post-thumbnail","hentry","event-category-communaute","event-venue-maison-de-lenfance-et-de-ladolescence-mea-fr"],"acf":{"price":"Gratuit","date":"Mardi 22 septembre, 11:00","start_date":"2026-09-22 11:00:00","end_date":"2026-09-22 18:00:00","website_link":"https:\/\/www.fondationconvergences.ch\/journee-inclusion-et-durabilite\/","link_buy_tickets":"","highlighted":false,"photo_credit":"","timings":[{"timing_start_date":"2026-09-22 11:00:00","timing_end_date":"2026-09-22 18:00:00"}],"external_id":""},"yoast_head":"<!-- This site is optimized with the Yoast SEO plugin v28.3 - https:\/\/yoast.com\/product\/yoast-seo-wordpress\/ -->\n<title>Journ\u00e9e inclusion et durabilit\u00e9 - Coolturalia<\/title>\n<meta name=\"robots\" content=\"index, follow, max-snippet:-1, max-image-preview:large, max-video-preview:-1\" \/>\n<link rel=\"canonical\" href=\"https:\/\/www.coolturalia.com\/fr\/event\/journee-inclusion-et-durabilite\/\" \/>\n<meta property=\"og:locale\" content=\"fr_FR\" \/>\n<meta property=\"og:type\" content=\"article\" \/>\n<meta property=\"og:title\" content=\"Journ\u00e9e inclusion et durabilit\u00e9 - Coolturalia\" \/>\n<meta property=\"og:description\" content=\"Participez \u00e0 une journ\u00e9e de d\u00e9couverte, d\u2019activit\u00e9s pratiques et de partage autour de l\u2019inclusion et de la durabilit\u00e9. Organis\u00e9e par les \u00e9quipes EPI en partenariat avec une fondation, la rencontre met en lumi\u00e8re des initiatives li\u00e9es \u00e0 l\u2019alimentation durable, \u00e0 l\u2019\u00e9nergie, \u00e0 l\u2019hygi\u00e8ne responsable, au r\u00e9emploi et \u00e0 l\u2019accompagnement socio-\u00e9ducatif et socioprofessionnel. Stands interactifs, d\u00e9monstrations [&hellip;]\" \/>\n<meta property=\"og:url\" content=\"https:\/\/www.coolturalia.com\/fr\/event\/journee-inclusion-et-durabilite\/\" \/>\n<meta property=\"og:site_name\" content=\"Coolturalia\" \/>\n<meta property=\"og:image\" content=\"https:\/\/www.coolturalia.com\/wp-content\/uploads\/2024\/04\/favicon-coolturalia-2.png\" \/>\n\t<meta property=\"og:image:width\" content=\"150\" \/>\n\t<meta property=\"og:image:height\" content=\"150\" \/>\n\t<meta property=\"og:image:type\" content=\"image\/png\" \/>\n<meta name=\"twitter:card\" content=\"summary_large_image\" \/>\n<meta name=\"twitter:label1\" content=\"Dur\u00e9e de lecture estim\u00e9e\" \/>\n\t<meta name=\"twitter:data1\" content=\"1 minute\" \/>\n<script type=\"application\/ld+json\" class=\"yoast-schema-graph\">{\"@context\":\"https:\\\/\\\/schema.org\",\"@graph\":[{\"@type\":\"WebPage\",\"@id\":\"https:\\\/\\\/www.coolturalia.com\\\/fr\\\/event\\\/journee-inclusion-et-durabilite\\\/\",\"url\":\"https:\\\/\\\/www.coolturalia.com\\\/fr\\\/event\\\/journee-inclusion-et-durabilite\\\/\",\"name\":\"Journ\u00e9e inclusion et durabilit\u00e9 - Coolturalia\",\"isPartOf\":{\"@id\":\"https:\\\/\\\/www.coolturalia.com\\\/fr\\\/#website\"},\"primaryImageOfPage\":{\"@id\":\"https:\\\/\\\/www.coolturalia.com\\\/fr\\\/event\\\/journee-inclusion-et-durabilite\\\/#primaryimage\"},\"image\":{\"@id\":\"https:\\\/\\\/www.coolturalia.com\\\/fr\\\/event\\\/journee-inclusion-et-durabilite\\\/#primaryimage\"},\"thumbnailUrl\":\"https:\\\/\\\/www.coolturalia.com\\\/wp-content\\\/uploads\\\/2026\\\/09\\\/Inclusion-and-Sustainability-Day.webp\",\"datePublished\":\"2026-09-03T14:56:07+00:00\",\"breadcrumb\":{\"@id\":\"https:\\\/\\\/www.coolturalia.com\\\/fr\\\/event\\\/journee-inclusion-et-durabilite\\\/#breadcrumb\"},\"inLanguage\":\"fr-FR\",\"potentialAction\":[{\"@type\":\"ReadAction\",\"target\":[\"https:\\\/\\\/www.coolturalia.com\\\/fr\\\/event\\\/journee-inclusion-et-durabilite\\\/\"]}]},{\"@type\":\"ImageObject\",\"inLanguage\":\"fr-FR\",\"@id\":\"https:\\\/\\\/www.coolturalia.com\\\/fr\\\/event\\\/journee-inclusion-et-durabilite\\\/#primaryimage\",\"url\":\"https:\\\/\\\/www.coolturalia.com\\\/wp-content\\\/uploads\\\/2026\\\/09\\\/Inclusion-and-Sustainability-Day.webp\",\"contentUrl\":\"https:\\\/\\\/www.coolturalia.com\\\/wp-content\\\/uploads\\\/2026\\\/09\\\/Inclusion-and-Sustainability-Day.webp\",\"width\":1500,\"height\":844,\"caption\":\"undefined\"},{\"@type\":\"BreadcrumbList\",\"@id\":\"https:\\\/\\\/www.coolturalia.com\\\/fr\\\/event\\\/journee-inclusion-et-durabilite\\\/#breadcrumb\",\"itemListElement\":[{\"@type\":\"ListItem\",\"position\":1,\"name\":\"Home\",\"item\":\"https:\\\/\\\/www.coolturalia.com\\\/fr\\\/\"},{\"@type\":\"ListItem\",\"position\":2,\"name\":\"Events\",\"item\":\"https:\\\/\\\/www.coolturalia.com\\\/fr\\\/events\\\/\"},{\"@type\":\"ListItem\",\"position\":3,\"name\":\"Journ\u00e9e inclusion et durabilit\u00e9\"}]},{\"@type\":\"WebSite\",\"@id\":\"https:\\\/\\\/www.coolturalia.com\\\/fr\\\/#website\",\"url\":\"https:\\\/\\\/www.coolturalia.com\\\/fr\\\/\",\"name\":\"Coolturalia\",\"description\":\"\",\"publisher\":{\"@id\":\"https:\\\/\\\/www.coolturalia.com\\\/fr\\\/#organization\"},\"potentialAction\":[{\"@type\":\"SearchAction\",\"target\":{\"@type\":\"EntryPoint\",\"urlTemplate\":\"https:\\\/\\\/www.coolturalia.com\\\/fr\\\/?s={search_term_string}\"},\"query-input\":{\"@type\":\"PropertyValueSpecification\",\"valueRequired\":true,\"valueName\":\"search_term_string\"}}],\"inLanguage\":\"fr-FR\"},{\"@type\":\"Organization\",\"@id\":\"https:\\\/\\\/www.coolturalia.com\\\/fr\\\/#organization\",\"name\":\"Coolturalia\",\"url\":\"https:\\\/\\\/www.coolturalia.com\\\/fr\\\/\",\"logo\":{\"@type\":\"ImageObject\",\"inLanguage\":\"fr-FR\",\"@id\":\"https:\\\/\\\/www.coolturalia.com\\\/fr\\\/#\\\/schema\\\/logo\\\/image\\\/\",\"url\":\"https:\\\/\\\/www.coolturalia.com\\\/wp-content\\\/uploads\\\/2024\\\/04\\\/Logo-coolturalia.svg\",\"contentUrl\":\"https:\\\/\\\/www.coolturalia.com\\\/wp-content\\\/uploads\\\/2024\\\/04\\\/Logo-coolturalia.svg\",\"width\":1312,\"height\":193,\"caption\":\"Coolturalia\"},\"image\":{\"@id\":\"https:\\\/\\\/www.coolturalia.com\\\/fr\\\/#\\\/schema\\\/logo\\\/image\\\/\"},\"sameAs\":[\"https:\\\/\\\/www.instagram.com\\\/coolturalia_geneva\\\/\"]}]}<\/script>\n<!-- \/ Yoast SEO plugin. -->","yoast_head_json":{"title":"Journ\u00e9e inclusion et durabilit\u00e9 - Coolturalia","robots":{"index":"index","follow":"follow","max-snippet":"max-snippet:-1","max-image-preview":"max-image-preview:large","max-video-preview":"max-video-preview:-1"},"canonical":"https:\/\/www.coolturalia.com\/fr\/event\/journee-inclusion-et-durabilite\/","og_locale":"fr_FR","og_type":"article","og_title":"Journ\u00e9e inclusion et durabilit\u00e9 - Coolturalia","og_description":"Participez \u00e0 une journ\u00e9e de d\u00e9couverte, d\u2019activit\u00e9s pratiques et de partage autour de l\u2019inclusion et de la durabilit\u00e9. Organis\u00e9e par les \u00e9quipes EPI en partenariat avec une fondation, la rencontre met en lumi\u00e8re des initiatives li\u00e9es \u00e0 l\u2019alimentation durable, \u00e0 l\u2019\u00e9nergie, \u00e0 l\u2019hygi\u00e8ne responsable, au r\u00e9emploi et \u00e0 l\u2019accompagnement socio-\u00e9ducatif et socioprofessionnel. Stands interactifs, d\u00e9monstrations [&hellip;]","og_url":"https:\/\/www.coolturalia.com\/fr\/event\/journee-inclusion-et-durabilite\/","og_site_name":"Coolturalia","og_image":[{"width":150,"height":150,"url":"https:\/\/www.coolturalia.com\/wp-content\/uploads\/2024\/04\/favicon-coolturalia-2.png","type":"image\/png"}],"twitter_card":"summary_large_image","twitter_misc":{"Dur\u00e9e de lecture estim\u00e9e":"1 minute"},"schema":{"@context":"https:\/\/schema.org","@graph":[{"@type":"WebPage","@id":"https:\/\/www.coolturalia.com\/fr\/event\/journee-inclusion-et-durabilite\/","url":"https:\/\/www.coolturalia.com\/fr\/event\/journee-inclusion-et-durabilite\/","name":"Journ\u00e9e inclusion et durabilit\u00e9 - Coolturalia","isPartOf":{"@id":"https:\/\/www.coolturalia.com\/fr\/#website"},"primaryImageOfPage":{"@id":"https:\/\/www.coolturalia.com\/fr\/event\/journee-inclusion-et-durabilite\/#primaryimage"},"image":{"@id":"https:\/\/www.coolturalia.com\/fr\/event\/journee-inclusion-et-durabilite\/#primaryimage"},"thumbnailUrl":"https:\/\/www.coolturalia.com\/wp-content\/uploads\/2026\/09\/Inclusion-and-Sustainability-Day.webp","datePublished":"2026-09-03T14:56:07+00:00","breadcrumb":{"@id":"https:\/\/www.coolturalia.com\/fr\/event\/journee-inclusion-et-durabilite\/#breadcrumb"},"inLanguage":"fr-FR","potentialAction":[{"@type":"ReadAction","target":["https:\/\/www.coolturalia.com\/fr\/event\/journee-inclusion-et-durabilite\/"]}]},{"@type":"ImageObject","inLanguage":"fr-FR","@id":"https:\/\/www.coolturalia.com\/fr\/event\/journee-inclusion-et-durabilite\/#primaryimage","url":"https:\/\/www.coolturalia.com\/wp-content\/uploads\/2026\/09\/Inclusion-and-Sustainability-Day.webp","contentUrl":"https:\/\/www.coolturalia.com\/wp-content\/uploads\/2026\/09\/Inclusion-and-Sustainability-Day.webp","width":1500,"height":844,"caption":"undefined"},{"@type":"BreadcrumbList","@id":"https:\/\/www.coolturalia.com\/fr\/event\/journee-inclusion-et-durabilite\/#breadcrumb","itemListElement":[{"@type":"ListItem","position":1,"name":"Home","item":"https:\/\/www.coolturalia.com\/fr\/"},{"@type":"ListItem","position":2,"name":"Events","item":"https:\/\/www.coolturalia.com\/fr\/events\/"},{"@type":"ListItem","position":3,"name":"Journ\u00e9e inclusion et durabilit\u00e9"}]},{"@type":"WebSite","@id":"https:\/\/www.coolturalia.com\/fr\/#website","url":"https:\/\/www.coolturalia.com\/fr\/","name":"Coolturalia","description":"","publisher":{"@id":"https:\/\/www.coolturalia.com\/fr\/#organization"},"potentialAction":[{"@type":"SearchAction","target":{"@type":"EntryPoint","urlTemplate":"https:\/\/www.coolturalia.com\/fr\/?s={search_term_string}"},"query-input":{"@type":"PropertyValueSpecification","valueRequired":true,"valueName":"search_term_string"}}],"inLanguage":"fr-FR"},{"@type":"Organization","@id":"https:\/\/www.coolturalia.com\/fr\/#organization","name":"Coolturalia","url":"https:\/\/www.coolturalia.com\/fr\/","logo":{"@type":"ImageObject","inLanguage":"fr-FR","@id":"https:\/\/www.coolturalia.com\/fr\/#\/schema\/logo\/image\/","url":"https:\/\/www.coolturalia.com\/wp-content\/uploads\/2024\/04\/Logo-coolturalia.svg","contentUrl":"https:\/\/www.coolturalia.com\/wp-content\/uploads\/2024\/04\/Logo-coolturalia.svg","width":1312,"height":193,"caption":"Coolturalia"},"image":{"@id":"https:\/\/www.coolturalia.com\/fr\/#\/schema\/logo\/image\/"},"sameAs":["https:\/\/www.instagram.com\/coolturalia_geneva\/"]}]}},"translations":{"translations":{"en":"198915","fr":"198916"},"language":{"code":"fr"},"date":{"dateRange":"Mardi 22 septembre, 11:00"}},"language":{"code":"fr"},"_links":{"self":[{"href":"https:\/\/www.coolturalia.com\/fr\/wp-json\/wp\/v2\/event\/198916","targetHints":{"allow":["GET"]}}],"collection":[{"href":"https:\/\/www.coolturalia.com\/fr\/wp-json\/wp\/v2\/event"}],"about":[{"href":"https:\/\/www.coolturalia.com\/fr\/wp-json\/wp\/v2\/types\/event"}],"version-history":[{"count":0,"href":"https:\/\/www.coolturalia.com\/fr\/wp-json\/wp\/v2\/event\/198916\/revisions"}],"wp:featuredmedia":[{"embeddable":true,"href":"https:\/\/www.coolturalia.com\/fr\/wp-json\/wp\/v2\/media\/198914"}],"wp:attachment":[{"href":"https:\/\/www.coolturalia.com\/fr\/wp-json\/wp\/v2\/media?parent=198916"}],"wp:term":[{"taxonomy":"post_tag","embeddable":true,"href":"https:\/\/www.coolturalia.com\/fr\/wp-json\/wp\/v2\/tags?post=198916"},{"taxonomy":"event-category","embeddable":true,"href":"https:\/\/www.coolturalia.com\/fr\/wp-json\/wp\/v2\/event-category?post=198916"},{"taxonomy":"event-venue","embeddable":true,"href":"https:\/\/www.coolturalia.com\/fr\/wp-json\/wp\/v2\/event-venue?post=198916"}],"curies":[{"name":"wp","href":"https:\/\/api.w.org\/{rel}","templated":true}]}}