{"id":198910,"date":"2026-09-03T16:55:39","date_gmt":"2026-09-03T14:55:39","guid":{"rendered":"https:\/\/www.coolturalia.com\/event\/artistes-de-lecole-genevoise\/"},"modified":"2026-09-03T16:55:39","modified_gmt":"2026-09-03T14:55:39","slug":"artistes-de-lecole-genevoise","status":"publish","type":"event","link":"https:\/\/www.coolturalia.com\/fr\/event\/artistes-de-lecole-genevoise\/","title":{"rendered":"Artistes de l&rsquo;\u00e9cole genevoise"},"content":{"rendered":"<p>Pr\u00e9sentation enrichie d&rsquo;\u0153uvres de l&rsquo;\u00e9cole genevoise et de la r\u00e9gion l\u00e9manique r\u00e9unissant peintures et dessins de Ferdinand Hodler, Fran\u00e7ois Bocion, John Torcapel, Alexandre Perrier, F\u00e9lix Vallotton, Alexandre Cingria et Jean Roll. Le parcours met en lumi\u00e8re les dialogues artistiques r\u00e9gionaux sur plusieurs si\u00e8cles, du r\u00e9alisme acad\u00e9mique aux approches symbolistes et modernistes, en soulignant les techniques, la composition et la mat\u00e9rialit\u00e9. La collection s&rsquo;est \u00e9toff\u00e9e par des acquisitions et des dons, et comprend une peinture tr\u00e8s rare r\u00e9alis\u00e9e \u00e0 Gen\u00e8ve avant 1650, r\u00e9v\u00e9l\u00e9e au public.<\/p>\n","protected":false},"excerpt":{"rendered":"<p>Pr\u00e9sentation enrichie d&rsquo;\u0153uvres de l&rsquo;\u00e9cole genevoise et de la r\u00e9gion l\u00e9manique r\u00e9unissant peintures et dessins de Ferdinand Hodler, Fran\u00e7ois Bocion, John Torcapel, Alexandre Perrier, F\u00e9lix Vallotton, Alexandre Cingria et Jean Roll. Le parcours met en lumi\u00e8re les dialogues artistiques r\u00e9gionaux sur plusieurs si\u00e8cles, du r\u00e9alisme acad\u00e9mique aux approches symbolistes et modernistes, en soulignant les techniques, [&hellip;]<\/p>\n","protected":false},"featured_media":198908,"parent":0,"menu_order":0,"template":"","format":"standard","meta":{"_acf_changed":false,"footnotes":""},"tags":[],"event-category":[446],"event-venue":[1045],"class_list":["post-198910","event","type-event","status-publish","format-standard","has-post-thumbnail","hentry","event-category-art-et-expositions","event-venue-collection-du-crest-fr"],"acf":{"price":"Gratuit","date":"27 juin - 30 juin","start_date":"2026-06-27 00:00:00","end_date":"2027-06-30 00:00:00","website_link":"https:\/\/collectionducrest.ch\/?lang=en","link_buy_tickets":"","highlighted":false,"photo_credit":"","timings":[{"timing_start_date":"2026-06-27 10:00:00","timing_end_date":"2026-06-27 18:00:00"},{"timing_start_date":"2026-06-28 10:00:00","timing_end_date":"2026-06-28 18:00:00"},{"timing_start_date":"2026-06-29 10:00:00","timing_end_date":"2026-06-29 18:00:00"},{"timing_start_date":"2026-06-30 10:00:00","timing_end_date":"2026-06-30 18:00:00"},{"timing_start_date":"2026-07-01 10:00:00","timing_end_date":"2026-07-01 18:00:00"},{"timing_start_date":"2026-07-02 10:00:00","timing_end_date":"2026-07-02 18:00:00"},{"timing_start_date":"2026-07-03 10:00:00","timing_end_date":"2026-07-03 18:00:00"},{"timing_start_date":"2026-07-04 10:00:00","timing_end_date":"2026-07-04 18:00:00"},{"timing_start_date":"2026-07-05 10:00:00","timing_end_date":"2026-07-05 18:00:00"},{"timing_start_date":"2026-07-06 10:00:00","timing_end_date":"2026-07-06 18:00:00"},{"timing_start_date":"2026-07-07 10:00:00","timing_end_date":"2026-07-07 18:00:00"},{"timing_start_date":"2026-07-08 10:00:00","timing_end_date":"2026-07-08 18:00:00"},{"timing_start_date":"2026-07-09 10:00:00","timing_end_date":"2026-07-09 18:00:00"},{"timing_start_date":"2026-07-10 10:00:00","timing_end_date":"2026-07-10 18:00:00"},{"timing_start_date":"2026-07-11 10:00:00","timing_end_date":"2026-07-11 18:00:00"},{"timing_start_date":"2026-07-12 10:00:00","timing_end_date":"2026-07-12 18:00:00"},{"timing_start_date":"2026-07-13 10:00:00","timing_end_date":"2026-07-13 18:00:00"},{"timing_start_date":"2026-07-14 10:00:00","timing_end_date":"2026-07-14 18:00:00"},{"timing_start_date":"2026-07-15 10:00:00","timing_end_date":"2026-07-15 18:00:00"},{"timing_start_date":"2026-07-16 10:00:00","timing_end_date":"2026-07-16 18:00:00"},{"timing_start_date":"2026-07-17 10:00:00","timing_end_date":"2026-07-17 18:00:00"},{"timing_start_date":"2026-07-18 10:00:00","timing_end_date":"2026-07-18 18:00:00"},{"timing_start_date":"2026-07-19 10:00:00","timing_end_date":"2026-07-19 18:00:00"},{"timing_start_date":"2026-07-20 10:00:00","timing_end_date":"2026-07-20 18:00:00"},{"timing_start_date":"2026-07-21 10:00:00","timing_end_date":"2026-07-21 18:00:00"},{"timing_start_date":"2026-07-22 10:00:00","timing_end_date":"2026-07-22 18:00:00"},{"timing_start_date":"2026-07-23 10:00:00","timing_end_date":"2026-07-23 18:00:00"},{"timing_start_date":"2026-07-24 10:00:00","timing_end_date":"2026-07-24 18:00:00"},{"timing_start_date":"2026-07-25 10:00:00","timing_end_date":"2026-07-25 18:00:00"},{"timing_start_date":"2026-07-26 10:00:00","timing_end_date":"2026-07-26 18:00:00"},{"timing_start_date":"2026-07-27 10:00:00","timing_end_date":"2026-07-27 18:00:00"},{"timing_start_date":"2026-07-28 10:00:00","timing_end_date":"2026-07-28 18:00:00"},{"timing_start_date":"2026-07-29 10:00:00","timing_end_date":"2026-07-29 18:00:00"},{"timing_start_date":"2026-07-30 10:00:00","timing_end_date":"2026-07-30 18:00:00"},{"timing_start_date":"2026-07-31 10:00:00","timing_end_date":"2026-07-31 18:00:00"},{"timing_start_date":"2026-08-01 10:00:00","timing_end_date":"2026-08-01 18:00:00"},{"timing_start_date":"2026-08-02 10:00:00","timing_end_date":"2026-08-02 18:00:00"},{"timing_start_date":"2026-08-03 10:00:00","timing_end_date":"2026-08-03 18:00:00"},{"timing_start_date":"2026-08-04 10:00:00","timing_end_date":"2026-08-04 18:00:00"},{"timing_start_date":"2026-08-05 10:00:00","timing_end_date":"2026-08-05 18:00:00"},{"timing_start_date":"2026-08-06 10:00:00","timing_end_date":"2026-08-06 18:00:00"},{"timing_start_date":"2026-08-07 10:00:00","timing_end_date":"2026-08-07 18:00:00"},{"timing_start_date":"2026-08-08 10:00:00","timing_end_date":"2026-08-08 18:00:00"},{"timing_start_date":"2026-08-09 10:00:00","timing_end_date":"2026-08-09 18:00:00"},{"timing_start_date":"2026-08-10 10:00:00","timing_end_date":"2026-08-10 18:00:00"},{"timing_start_date":"2026-08-11 10:00:00","timing_end_date":"2026-08-11 18:00:00"},{"timing_start_date":"2026-08-12 10:00:00","timing_end_date":"2026-08-12 18:00:00"},{"timing_start_date":"2026-08-13 10:00:00","timing_end_date":"2026-08-13 18:00:00"},{"timing_start_date":"2026-08-14 10:00:00","timing_end_date":"2026-08-14 18:00:00"},{"timing_start_date":"2026-08-15 10:00:00","timing_end_date":"2026-08-15 18:00:00"},{"timing_start_date":"2026-08-16 10:00:00","timing_end_date":"2026-08-16 18:00:00"},{"timing_start_date":"2026-08-17 10:00:00","timing_end_date":"2026-08-17 18:00:00"},{"timing_start_date":"2026-08-18 10:00:00","timing_end_date":"2026-08-18 18:00:00"},{"timing_start_date":"2026-08-19 10:00:00","timing_end_date":"2026-08-19 18:00:00"},{"timing_start_date":"2026-08-20 10:00:00","timing_end_date":"2026-08-20 18:00:00"},{"timing_start_date":"2026-08-21 10:00:00","timing_end_date":"2026-08-21 18:00:00"},{"timing_start_date":"2026-08-22 10:00:00","timing_end_date":"2026-08-22 18:00:00"},{"timing_start_date":"2026-08-23 10:00:00","timing_end_date":"2026-08-23 18:00:00"},{"timing_start_date":"2026-08-24 10:00:00","timing_end_date":"2026-08-24 18:00:00"},{"timing_start_date":"2026-08-25 10:00:00","timing_end_date":"2026-08-25 18:00:00"},{"timing_start_date":"2026-08-26 10:00:00","timing_end_date":"2026-08-26 18:00:00"},{"timing_start_date":"2026-08-27 10:00:00","timing_end_date":"2026-08-27 18:00:00"},{"timing_start_date":"2026-08-28 10:00:00","timing_end_date":"2026-08-28 18:00:00"},{"timing_start_date":"2026-08-29 10:00:00","timing_end_date":"2026-08-29 18:00:00"},{"timing_start_date":"2026-08-30 10:00:00","timing_end_date":"2026-08-30 18:00:00"},{"timing_start_date":"2026-08-31 10:00:00","timing_end_date":"2026-08-31 18:00:00"},{"timing_start_date":"2026-09-01 10:00:00","timing_end_date":"2026-09-01 18:00:00"},{"timing_start_date":"2026-09-02 10:00:00","timing_end_date":"2026-09-02 18:00:00"},{"timing_start_date":"2026-09-03 10:00:00","timing_end_date":"2026-09-03 18:00:00"},{"timing_start_date":"2026-09-04 10:00:00","timing_end_date":"2026-09-04 18:00:00"},{"timing_start_date":"2026-09-05 10:00:00","timing_end_date":"2026-09-05 18:00:00"},{"timing_start_date":"2026-09-06 10:00:00","timing_end_date":"2026-09-06 18:00:00"},{"timing_start_date":"2026-09-07 10:00:00","timing_end_date":"2026-09-07 18:00:00"},{"timing_start_date":"2026-09-08 10:00:00","timing_end_date":"2026-09-08 18:00:00"},{"timing_start_date":"2026-09-09 10:00:00","timing_end_date":"2026-09-09 18:00:00"},{"timing_start_date":"2026-09-10 10:00:00","timing_end_date":"2026-09-10 18:00:00"},{"timing_start_date":"2026-09-11 10:00:00","timing_end_date":"2026-09-11 18:00:00"},{"timing_start_date":"2026-09-12 10:00:00","timing_end_date":"2026-09-12 18:00:00"},{"timing_start_date":"2026-09-13 10:00:00","timing_end_date":"2026-09-13 18:00:00"},{"timing_start_date":"2026-09-14 10:00:00","timing_end_date":"2026-09-14 18:00:00"},{"timing_start_date":"2026-09-15 10:00:00","timing_end_date":"2026-09-15 18:00:00"},{"timing_start_date":"2026-09-16 10:00:00","timing_end_date":"2026-09-16 18:00:00"},{"timing_start_date":"2026-09-17 10:00:00","timing_end_date":"2026-09-17 18:00:00"},{"timing_start_date":"2026-09-18 10:00:00","timing_end_date":"2026-09-18 18:00:00"},{"timing_start_date":"2026-09-19 10:00:00","timing_end_date":"2026-09-19 18:00:00"},{"timing_start_date":"2026-09-20 10:00:00","timing_end_date":"2026-09-20 18:00:00"},{"timing_start_date":"2026-09-21 10:00:00","timing_end_date":"2026-09-21 18:00:00"},{"timing_start_date":"2026-09-22 10:00:00","timing_end_date":"2026-09-22 18:00:00"},{"timing_start_date":"2026-09-23 10:00:00","timing_end_date":"2026-09-23 18:00:00"},{"timing_start_date":"2026-09-24 10:00:00","timing_end_date":"2026-09-24 18:00:00"}],"external_id":""},"yoast_head":"<!-- This site is optimized with the Yoast SEO plugin v28.3 - https:\/\/yoast.com\/product\/yoast-seo-wordpress\/ -->\n<title>Artistes de l&#039;\u00e9cole genevoise - Coolturalia<\/title>\n<meta name=\"robots\" content=\"index, follow, max-snippet:-1, max-image-preview:large, max-video-preview:-1\" \/>\n<link rel=\"canonical\" href=\"https:\/\/www.coolturalia.com\/fr\/event\/artistes-de-lecole-genevoise\/\" \/>\n<meta property=\"og:locale\" content=\"fr_FR\" \/>\n<meta property=\"og:type\" content=\"article\" \/>\n<meta property=\"og:title\" content=\"Artistes de l&#039;\u00e9cole genevoise - Coolturalia\" \/>\n<meta property=\"og:description\" content=\"Pr\u00e9sentation enrichie d&rsquo;\u0153uvres de l&rsquo;\u00e9cole genevoise et de la r\u00e9gion l\u00e9manique r\u00e9unissant peintures et dessins de Ferdinand Hodler, Fran\u00e7ois Bocion, John Torcapel, Alexandre Perrier, F\u00e9lix Vallotton, Alexandre Cingria et Jean Roll. Le parcours met en lumi\u00e8re les dialogues artistiques r\u00e9gionaux sur plusieurs si\u00e8cles, du r\u00e9alisme acad\u00e9mique aux approches symbolistes et modernistes, en soulignant les techniques, [&hellip;]\" \/>\n<meta property=\"og:url\" content=\"https:\/\/www.coolturalia.com\/fr\/event\/artistes-de-lecole-genevoise\/\" \/>\n<meta property=\"og:site_name\" content=\"Coolturalia\" \/>\n<meta property=\"og:image\" content=\"https:\/\/www.coolturalia.com\/wp-content\/uploads\/2024\/04\/favicon-coolturalia-2.png\" \/>\n\t<meta property=\"og:image:width\" content=\"150\" \/>\n\t<meta property=\"og:image:height\" content=\"150\" \/>\n\t<meta property=\"og:image:type\" content=\"image\/png\" \/>\n<meta name=\"twitter:card\" content=\"summary_large_image\" \/>\n<meta name=\"twitter:label1\" content=\"Dur\u00e9e de lecture estim\u00e9e\" \/>\n\t<meta name=\"twitter:data1\" content=\"1 minute\" \/>\n<script type=\"application\/ld+json\" class=\"yoast-schema-graph\">{\"@context\":\"https:\\\/\\\/schema.org\",\"@graph\":[{\"@type\":\"WebPage\",\"@id\":\"https:\\\/\\\/www.coolturalia.com\\\/fr\\\/event\\\/artistes-de-lecole-genevoise\\\/\",\"url\":\"https:\\\/\\\/www.coolturalia.com\\\/fr\\\/event\\\/artistes-de-lecole-genevoise\\\/\",\"name\":\"Artistes de l'\u00e9cole genevoise - Coolturalia\",\"isPartOf\":{\"@id\":\"https:\\\/\\\/www.coolturalia.com\\\/fr\\\/#website\"},\"primaryImageOfPage\":{\"@id\":\"https:\\\/\\\/www.coolturalia.com\\\/fr\\\/event\\\/artistes-de-lecole-genevoise\\\/#primaryimage\"},\"image\":{\"@id\":\"https:\\\/\\\/www.coolturalia.com\\\/fr\\\/event\\\/artistes-de-lecole-genevoise\\\/#primaryimage\"},\"thumbnailUrl\":\"https:\\\/\\\/www.coolturalia.com\\\/wp-content\\\/uploads\\\/2026\\\/09\\\/Artists-of-the-Geneva-School.webp\",\"datePublished\":\"2026-09-03T14:55:39+00:00\",\"breadcrumb\":{\"@id\":\"https:\\\/\\\/www.coolturalia.com\\\/fr\\\/event\\\/artistes-de-lecole-genevoise\\\/#breadcrumb\"},\"inLanguage\":\"fr-FR\",\"potentialAction\":[{\"@type\":\"ReadAction\",\"target\":[\"https:\\\/\\\/www.coolturalia.com\\\/fr\\\/event\\\/artistes-de-lecole-genevoise\\\/\"]}]},{\"@type\":\"ImageObject\",\"inLanguage\":\"fr-FR\",\"@id\":\"https:\\\/\\\/www.coolturalia.com\\\/fr\\\/event\\\/artistes-de-lecole-genevoise\\\/#primaryimage\",\"url\":\"https:\\\/\\\/www.coolturalia.com\\\/wp-content\\\/uploads\\\/2026\\\/09\\\/Artists-of-the-Geneva-School.webp\",\"contentUrl\":\"https:\\\/\\\/www.coolturalia.com\\\/wp-content\\\/uploads\\\/2026\\\/09\\\/Artists-of-the-Geneva-School.webp\",\"width\":1500,\"height\":1000,\"caption\":\"undefined\"},{\"@type\":\"BreadcrumbList\",\"@id\":\"https:\\\/\\\/www.coolturalia.com\\\/fr\\\/event\\\/artistes-de-lecole-genevoise\\\/#breadcrumb\",\"itemListElement\":[{\"@type\":\"ListItem\",\"position\":1,\"name\":\"Home\",\"item\":\"https:\\\/\\\/www.coolturalia.com\\\/fr\\\/\"},{\"@type\":\"ListItem\",\"position\":2,\"name\":\"Events\",\"item\":\"https:\\\/\\\/www.coolturalia.com\\\/fr\\\/events\\\/\"},{\"@type\":\"ListItem\",\"position\":3,\"name\":\"Artistes de l&rsquo;\u00e9cole genevoise\"}]},{\"@type\":\"WebSite\",\"@id\":\"https:\\\/\\\/www.coolturalia.com\\\/fr\\\/#website\",\"url\":\"https:\\\/\\\/www.coolturalia.com\\\/fr\\\/\",\"name\":\"Coolturalia\",\"description\":\"\",\"publisher\":{\"@id\":\"https:\\\/\\\/www.coolturalia.com\\\/fr\\\/#organization\"},\"potentialAction\":[{\"@type\":\"SearchAction\",\"target\":{\"@type\":\"EntryPoint\",\"urlTemplate\":\"https:\\\/\\\/www.coolturalia.com\\\/fr\\\/?s={search_term_string}\"},\"query-input\":{\"@type\":\"PropertyValueSpecification\",\"valueRequired\":true,\"valueName\":\"search_term_string\"}}],\"inLanguage\":\"fr-FR\"},{\"@type\":\"Organization\",\"@id\":\"https:\\\/\\\/www.coolturalia.com\\\/fr\\\/#organization\",\"name\":\"Coolturalia\",\"url\":\"https:\\\/\\\/www.coolturalia.com\\\/fr\\\/\",\"logo\":{\"@type\":\"ImageObject\",\"inLanguage\":\"fr-FR\",\"@id\":\"https:\\\/\\\/www.coolturalia.com\\\/fr\\\/#\\\/schema\\\/logo\\\/image\\\/\",\"url\":\"https:\\\/\\\/www.coolturalia.com\\\/wp-content\\\/uploads\\\/2024\\\/04\\\/Logo-coolturalia.svg\",\"contentUrl\":\"https:\\\/\\\/www.coolturalia.com\\\/wp-content\\\/uploads\\\/2024\\\/04\\\/Logo-coolturalia.svg\",\"width\":1312,\"height\":193,\"caption\":\"Coolturalia\"},\"image\":{\"@id\":\"https:\\\/\\\/www.coolturalia.com\\\/fr\\\/#\\\/schema\\\/logo\\\/image\\\/\"},\"sameAs\":[\"https:\\\/\\\/www.instagram.com\\\/coolturalia_geneva\\\/\"]}]}<\/script>\n<!-- \/ Yoast SEO plugin. -->","yoast_head_json":{"title":"Artistes de l'\u00e9cole genevoise - Coolturalia","robots":{"index":"index","follow":"follow","max-snippet":"max-snippet:-1","max-image-preview":"max-image-preview:large","max-video-preview":"max-video-preview:-1"},"canonical":"https:\/\/www.coolturalia.com\/fr\/event\/artistes-de-lecole-genevoise\/","og_locale":"fr_FR","og_type":"article","og_title":"Artistes de l'\u00e9cole genevoise - Coolturalia","og_description":"Pr\u00e9sentation enrichie d&rsquo;\u0153uvres de l&rsquo;\u00e9cole genevoise et de la r\u00e9gion l\u00e9manique r\u00e9unissant peintures et dessins de Ferdinand Hodler, Fran\u00e7ois Bocion, John Torcapel, Alexandre Perrier, F\u00e9lix Vallotton, Alexandre Cingria et Jean Roll. Le parcours met en lumi\u00e8re les dialogues artistiques r\u00e9gionaux sur plusieurs si\u00e8cles, du r\u00e9alisme acad\u00e9mique aux approches symbolistes et modernistes, en soulignant les techniques, [&hellip;]","og_url":"https:\/\/www.coolturalia.com\/fr\/event\/artistes-de-lecole-genevoise\/","og_site_name":"Coolturalia","og_image":[{"width":150,"height":150,"url":"https:\/\/www.coolturalia.com\/wp-content\/uploads\/2024\/04\/favicon-coolturalia-2.png","type":"image\/png"}],"twitter_card":"summary_large_image","twitter_misc":{"Dur\u00e9e de lecture estim\u00e9e":"1 minute"},"schema":{"@context":"https:\/\/schema.org","@graph":[{"@type":"WebPage","@id":"https:\/\/www.coolturalia.com\/fr\/event\/artistes-de-lecole-genevoise\/","url":"https:\/\/www.coolturalia.com\/fr\/event\/artistes-de-lecole-genevoise\/","name":"Artistes de l'\u00e9cole genevoise - Coolturalia","isPartOf":{"@id":"https:\/\/www.coolturalia.com\/fr\/#website"},"primaryImageOfPage":{"@id":"https:\/\/www.coolturalia.com\/fr\/event\/artistes-de-lecole-genevoise\/#primaryimage"},"image":{"@id":"https:\/\/www.coolturalia.com\/fr\/event\/artistes-de-lecole-genevoise\/#primaryimage"},"thumbnailUrl":"https:\/\/www.coolturalia.com\/wp-content\/uploads\/2026\/09\/Artists-of-the-Geneva-School.webp","datePublished":"2026-09-03T14:55:39+00:00","breadcrumb":{"@id":"https:\/\/www.coolturalia.com\/fr\/event\/artistes-de-lecole-genevoise\/#breadcrumb"},"inLanguage":"fr-FR","potentialAction":[{"@type":"ReadAction","target":["https:\/\/www.coolturalia.com\/fr\/event\/artistes-de-lecole-genevoise\/"]}]},{"@type":"ImageObject","inLanguage":"fr-FR","@id":"https:\/\/www.coolturalia.com\/fr\/event\/artistes-de-lecole-genevoise\/#primaryimage","url":"https:\/\/www.coolturalia.com\/wp-content\/uploads\/2026\/09\/Artists-of-the-Geneva-School.webp","contentUrl":"https:\/\/www.coolturalia.com\/wp-content\/uploads\/2026\/09\/Artists-of-the-Geneva-School.webp","width":1500,"height":1000,"caption":"undefined"},{"@type":"BreadcrumbList","@id":"https:\/\/www.coolturalia.com\/fr\/event\/artistes-de-lecole-genevoise\/#breadcrumb","itemListElement":[{"@type":"ListItem","position":1,"name":"Home","item":"https:\/\/www.coolturalia.com\/fr\/"},{"@type":"ListItem","position":2,"name":"Events","item":"https:\/\/www.coolturalia.com\/fr\/events\/"},{"@type":"ListItem","position":3,"name":"Artistes de l&rsquo;\u00e9cole genevoise"}]},{"@type":"WebSite","@id":"https:\/\/www.coolturalia.com\/fr\/#website","url":"https:\/\/www.coolturalia.com\/fr\/","name":"Coolturalia","description":"","publisher":{"@id":"https:\/\/www.coolturalia.com\/fr\/#organization"},"potentialAction":[{"@type":"SearchAction","target":{"@type":"EntryPoint","urlTemplate":"https:\/\/www.coolturalia.com\/fr\/?s={search_term_string}"},"query-input":{"@type":"PropertyValueSpecification","valueRequired":true,"valueName":"search_term_string"}}],"inLanguage":"fr-FR"},{"@type":"Organization","@id":"https:\/\/www.coolturalia.com\/fr\/#organization","name":"Coolturalia","url":"https:\/\/www.coolturalia.com\/fr\/","logo":{"@type":"ImageObject","inLanguage":"fr-FR","@id":"https:\/\/www.coolturalia.com\/fr\/#\/schema\/logo\/image\/","url":"https:\/\/www.coolturalia.com\/wp-content\/uploads\/2024\/04\/Logo-coolturalia.svg","contentUrl":"https:\/\/www.coolturalia.com\/wp-content\/uploads\/2024\/04\/Logo-coolturalia.svg","width":1312,"height":193,"caption":"Coolturalia"},"image":{"@id":"https:\/\/www.coolturalia.com\/fr\/#\/schema\/logo\/image\/"},"sameAs":["https:\/\/www.instagram.com\/coolturalia_geneva\/"]}]}},"translations":{"translations":{"en":"198909","fr":"198910"},"language":{"code":"fr"},"date":{"dateRange":"27 juin - 30 juin"}},"language":{"code":"fr"},"_links":{"self":[{"href":"https:\/\/www.coolturalia.com\/fr\/wp-json\/wp\/v2\/event\/198910","targetHints":{"allow":["GET"]}}],"collection":[{"href":"https:\/\/www.coolturalia.com\/fr\/wp-json\/wp\/v2\/event"}],"about":[{"href":"https:\/\/www.coolturalia.com\/fr\/wp-json\/wp\/v2\/types\/event"}],"version-history":[{"count":0,"href":"https:\/\/www.coolturalia.com\/fr\/wp-json\/wp\/v2\/event\/198910\/revisions"}],"wp:featuredmedia":[{"embeddable":true,"href":"https:\/\/www.coolturalia.com\/fr\/wp-json\/wp\/v2\/media\/198908"}],"wp:attachment":[{"href":"https:\/\/www.coolturalia.com\/fr\/wp-json\/wp\/v2\/media?parent=198910"}],"wp:term":[{"taxonomy":"post_tag","embeddable":true,"href":"https:\/\/www.coolturalia.com\/fr\/wp-json\/wp\/v2\/tags?post=198910"},{"taxonomy":"event-category","embeddable":true,"href":"https:\/\/www.coolturalia.com\/fr\/wp-json\/wp\/v2\/event-category?post=198910"},{"taxonomy":"event-venue","embeddable":true,"href":"https:\/\/www.coolturalia.com\/fr\/wp-json\/wp\/v2\/event-venue?post=198910"}],"curies":[{"name":"wp","href":"https:\/\/api.w.org\/{rel}","templated":true}]}}