{"id":198865,"date":"2026-09-03T16:52:29","date_gmt":"2026-09-03T14:52:29","guid":{"rendered":"https:\/\/www.coolturalia.com\/event\/semaine-de-la-democratie-2026\/"},"modified":"2026-09-03T16:52:29","modified_gmt":"2026-09-03T14:52:29","slug":"semaine-de-la-democratie-2026","status":"publish","type":"event","link":"https:\/\/www.coolturalia.com\/fr\/event\/semaine-de-la-democratie-2026\/","title":{"rendered":"Semaine de la d\u00e9mocratie 2026"},"content":{"rendered":"<p>La Semaine de la d\u00e9mocratie propose conversations publiques, tables rondes et \u00e9v\u00e9nements culturels pour analyser les enjeux contemporains des soci\u00e9t\u00e9s d\u00e9mocratiques. Le programme examine la confiance envers les m\u00e9dias, la polarisation politique, la libert\u00e9 acad\u00e9mique, l&rsquo;engagement civique et le r\u00f4le des institutions culturelles dans l&rsquo;animation du d\u00e9bat public. Les sessions visent \u00e0 \u00e9clairer causes et cons\u00e9quences, partager recherches comparatives et proposer pistes concr\u00e8tes pour renforcer la r\u00e9silience d\u00e9mocratique.<\/p>\n","protected":false},"excerpt":{"rendered":"<p>La Semaine de la d\u00e9mocratie propose conversations publiques, tables rondes et \u00e9v\u00e9nements culturels pour analyser les enjeux contemporains des soci\u00e9t\u00e9s d\u00e9mocratiques. Le programme examine la confiance envers les m\u00e9dias, la polarisation politique, la libert\u00e9 acad\u00e9mique, l&rsquo;engagement civique et le r\u00f4le des institutions culturelles dans l&rsquo;animation du d\u00e9bat public. Les sessions visent \u00e0 \u00e9clairer causes et [&hellip;]<\/p>\n","protected":false},"featured_media":198863,"parent":0,"menu_order":0,"template":"","format":"standard","meta":{"_acf_changed":false,"footnotes":""},"tags":[],"event-category":[448],"event-venue":[981],"class_list":["post-198865","event","type-event","status-publish","format-standard","has-post-thumbnail","hentry","event-category-conferences","event-venue-plusieurs-lieux"],"acf":{"price":"","date":"3 - 8 octobre","start_date":"2026-10-03 14:00:00","end_date":"2026-10-08 18:00:00","website_link":"https:\/\/www.graduateinstitute.ch\/communications\/events\/democracy-week-2026","link_buy_tickets":"","highlighted":false,"photo_credit":"","timings":[{"timing_start_date":"2026-10-03 14:00:00","timing_end_date":"2026-10-03 16:00:00"},{"timing_start_date":"2026-10-04 10:00:00","timing_end_date":"2026-10-04 18:00:00"},{"timing_start_date":"2026-10-05 10:00:00","timing_end_date":"2026-10-05 18:00:00"},{"timing_start_date":"2026-10-06 10:00:00","timing_end_date":"2026-10-06 18:00:00"},{"timing_start_date":"2026-10-07 10:00:00","timing_end_date":"2026-10-07 18:00:00"},{"timing_start_date":"2026-10-08 10:00:00","timing_end_date":"2026-10-08 18:00:00"}],"external_id":""},"yoast_head":"<!-- This site is optimized with the Yoast SEO plugin v28.3 - https:\/\/yoast.com\/product\/yoast-seo-wordpress\/ -->\n<title>Semaine de la d\u00e9mocratie 2026 - Coolturalia<\/title>\n<meta name=\"robots\" content=\"index, follow, max-snippet:-1, max-image-preview:large, max-video-preview:-1\" \/>\n<link rel=\"canonical\" href=\"https:\/\/www.coolturalia.com\/fr\/event\/semaine-de-la-democratie-2026\/\" \/>\n<meta property=\"og:locale\" content=\"fr_FR\" \/>\n<meta property=\"og:type\" content=\"article\" \/>\n<meta property=\"og:title\" content=\"Semaine de la d\u00e9mocratie 2026 - Coolturalia\" \/>\n<meta property=\"og:description\" content=\"La Semaine de la d\u00e9mocratie propose conversations publiques, tables rondes et \u00e9v\u00e9nements culturels pour analyser les enjeux contemporains des soci\u00e9t\u00e9s d\u00e9mocratiques. Le programme examine la confiance envers les m\u00e9dias, la polarisation politique, la libert\u00e9 acad\u00e9mique, l&rsquo;engagement civique et le r\u00f4le des institutions culturelles dans l&rsquo;animation du d\u00e9bat public. Les sessions visent \u00e0 \u00e9clairer causes et [&hellip;]\" \/>\n<meta property=\"og:url\" content=\"https:\/\/www.coolturalia.com\/fr\/event\/semaine-de-la-democratie-2026\/\" \/>\n<meta property=\"og:site_name\" content=\"Coolturalia\" \/>\n<meta property=\"og:image\" content=\"https:\/\/www.coolturalia.com\/wp-content\/uploads\/2024\/04\/favicon-coolturalia-2.png\" \/>\n\t<meta property=\"og:image:width\" content=\"150\" \/>\n\t<meta property=\"og:image:height\" content=\"150\" \/>\n\t<meta property=\"og:image:type\" content=\"image\/png\" \/>\n<meta name=\"twitter:card\" content=\"summary_large_image\" \/>\n<script type=\"application\/ld+json\" class=\"yoast-schema-graph\">{\"@context\":\"https:\\\/\\\/schema.org\",\"@graph\":[{\"@type\":\"WebPage\",\"@id\":\"https:\\\/\\\/www.coolturalia.com\\\/fr\\\/event\\\/semaine-de-la-democratie-2026\\\/\",\"url\":\"https:\\\/\\\/www.coolturalia.com\\\/fr\\\/event\\\/semaine-de-la-democratie-2026\\\/\",\"name\":\"Semaine de la d\u00e9mocratie 2026 - Coolturalia\",\"isPartOf\":{\"@id\":\"https:\\\/\\\/www.coolturalia.com\\\/fr\\\/#website\"},\"primaryImageOfPage\":{\"@id\":\"https:\\\/\\\/www.coolturalia.com\\\/fr\\\/event\\\/semaine-de-la-democratie-2026\\\/#primaryimage\"},\"image\":{\"@id\":\"https:\\\/\\\/www.coolturalia.com\\\/fr\\\/event\\\/semaine-de-la-democratie-2026\\\/#primaryimage\"},\"thumbnailUrl\":\"https:\\\/\\\/www.coolturalia.com\\\/wp-content\\\/uploads\\\/2026\\\/09\\\/Democracy-Week-2026.webp\",\"datePublished\":\"2026-09-03T14:52:29+00:00\",\"breadcrumb\":{\"@id\":\"https:\\\/\\\/www.coolturalia.com\\\/fr\\\/event\\\/semaine-de-la-democratie-2026\\\/#breadcrumb\"},\"inLanguage\":\"fr-FR\",\"potentialAction\":[{\"@type\":\"ReadAction\",\"target\":[\"https:\\\/\\\/www.coolturalia.com\\\/fr\\\/event\\\/semaine-de-la-democratie-2026\\\/\"]}]},{\"@type\":\"ImageObject\",\"inLanguage\":\"fr-FR\",\"@id\":\"https:\\\/\\\/www.coolturalia.com\\\/fr\\\/event\\\/semaine-de-la-democratie-2026\\\/#primaryimage\",\"url\":\"https:\\\/\\\/www.coolturalia.com\\\/wp-content\\\/uploads\\\/2026\\\/09\\\/Democracy-Week-2026.webp\",\"contentUrl\":\"https:\\\/\\\/www.coolturalia.com\\\/wp-content\\\/uploads\\\/2026\\\/09\\\/Democracy-Week-2026.webp\",\"width\":1024,\"height\":319,\"caption\":\"undefined\"},{\"@type\":\"BreadcrumbList\",\"@id\":\"https:\\\/\\\/www.coolturalia.com\\\/fr\\\/event\\\/semaine-de-la-democratie-2026\\\/#breadcrumb\",\"itemListElement\":[{\"@type\":\"ListItem\",\"position\":1,\"name\":\"Home\",\"item\":\"https:\\\/\\\/www.coolturalia.com\\\/fr\\\/\"},{\"@type\":\"ListItem\",\"position\":2,\"name\":\"Events\",\"item\":\"https:\\\/\\\/www.coolturalia.com\\\/fr\\\/events\\\/\"},{\"@type\":\"ListItem\",\"position\":3,\"name\":\"Semaine de la d\u00e9mocratie 2026\"}]},{\"@type\":\"WebSite\",\"@id\":\"https:\\\/\\\/www.coolturalia.com\\\/fr\\\/#website\",\"url\":\"https:\\\/\\\/www.coolturalia.com\\\/fr\\\/\",\"name\":\"Coolturalia\",\"description\":\"\",\"publisher\":{\"@id\":\"https:\\\/\\\/www.coolturalia.com\\\/fr\\\/#organization\"},\"potentialAction\":[{\"@type\":\"SearchAction\",\"target\":{\"@type\":\"EntryPoint\",\"urlTemplate\":\"https:\\\/\\\/www.coolturalia.com\\\/fr\\\/?s={search_term_string}\"},\"query-input\":{\"@type\":\"PropertyValueSpecification\",\"valueRequired\":true,\"valueName\":\"search_term_string\"}}],\"inLanguage\":\"fr-FR\"},{\"@type\":\"Organization\",\"@id\":\"https:\\\/\\\/www.coolturalia.com\\\/fr\\\/#organization\",\"name\":\"Coolturalia\",\"url\":\"https:\\\/\\\/www.coolturalia.com\\\/fr\\\/\",\"logo\":{\"@type\":\"ImageObject\",\"inLanguage\":\"fr-FR\",\"@id\":\"https:\\\/\\\/www.coolturalia.com\\\/fr\\\/#\\\/schema\\\/logo\\\/image\\\/\",\"url\":\"https:\\\/\\\/www.coolturalia.com\\\/wp-content\\\/uploads\\\/2024\\\/04\\\/Logo-coolturalia.svg\",\"contentUrl\":\"https:\\\/\\\/www.coolturalia.com\\\/wp-content\\\/uploads\\\/2024\\\/04\\\/Logo-coolturalia.svg\",\"width\":1312,\"height\":193,\"caption\":\"Coolturalia\"},\"image\":{\"@id\":\"https:\\\/\\\/www.coolturalia.com\\\/fr\\\/#\\\/schema\\\/logo\\\/image\\\/\"},\"sameAs\":[\"https:\\\/\\\/www.instagram.com\\\/coolturalia_geneva\\\/\"]}]}<\/script>\n<!-- \/ Yoast SEO plugin. -->","yoast_head_json":{"title":"Semaine de la d\u00e9mocratie 2026 - Coolturalia","robots":{"index":"index","follow":"follow","max-snippet":"max-snippet:-1","max-image-preview":"max-image-preview:large","max-video-preview":"max-video-preview:-1"},"canonical":"https:\/\/www.coolturalia.com\/fr\/event\/semaine-de-la-democratie-2026\/","og_locale":"fr_FR","og_type":"article","og_title":"Semaine de la d\u00e9mocratie 2026 - Coolturalia","og_description":"La Semaine de la d\u00e9mocratie propose conversations publiques, tables rondes et \u00e9v\u00e9nements culturels pour analyser les enjeux contemporains des soci\u00e9t\u00e9s d\u00e9mocratiques. Le programme examine la confiance envers les m\u00e9dias, la polarisation politique, la libert\u00e9 acad\u00e9mique, l&rsquo;engagement civique et le r\u00f4le des institutions culturelles dans l&rsquo;animation du d\u00e9bat public. Les sessions visent \u00e0 \u00e9clairer causes et [&hellip;]","og_url":"https:\/\/www.coolturalia.com\/fr\/event\/semaine-de-la-democratie-2026\/","og_site_name":"Coolturalia","og_image":[{"width":150,"height":150,"url":"https:\/\/www.coolturalia.com\/wp-content\/uploads\/2024\/04\/favicon-coolturalia-2.png","type":"image\/png"}],"twitter_card":"summary_large_image","schema":{"@context":"https:\/\/schema.org","@graph":[{"@type":"WebPage","@id":"https:\/\/www.coolturalia.com\/fr\/event\/semaine-de-la-democratie-2026\/","url":"https:\/\/www.coolturalia.com\/fr\/event\/semaine-de-la-democratie-2026\/","name":"Semaine de la d\u00e9mocratie 2026 - Coolturalia","isPartOf":{"@id":"https:\/\/www.coolturalia.com\/fr\/#website"},"primaryImageOfPage":{"@id":"https:\/\/www.coolturalia.com\/fr\/event\/semaine-de-la-democratie-2026\/#primaryimage"},"image":{"@id":"https:\/\/www.coolturalia.com\/fr\/event\/semaine-de-la-democratie-2026\/#primaryimage"},"thumbnailUrl":"https:\/\/www.coolturalia.com\/wp-content\/uploads\/2026\/09\/Democracy-Week-2026.webp","datePublished":"2026-09-03T14:52:29+00:00","breadcrumb":{"@id":"https:\/\/www.coolturalia.com\/fr\/event\/semaine-de-la-democratie-2026\/#breadcrumb"},"inLanguage":"fr-FR","potentialAction":[{"@type":"ReadAction","target":["https:\/\/www.coolturalia.com\/fr\/event\/semaine-de-la-democratie-2026\/"]}]},{"@type":"ImageObject","inLanguage":"fr-FR","@id":"https:\/\/www.coolturalia.com\/fr\/event\/semaine-de-la-democratie-2026\/#primaryimage","url":"https:\/\/www.coolturalia.com\/wp-content\/uploads\/2026\/09\/Democracy-Week-2026.webp","contentUrl":"https:\/\/www.coolturalia.com\/wp-content\/uploads\/2026\/09\/Democracy-Week-2026.webp","width":1024,"height":319,"caption":"undefined"},{"@type":"BreadcrumbList","@id":"https:\/\/www.coolturalia.com\/fr\/event\/semaine-de-la-democratie-2026\/#breadcrumb","itemListElement":[{"@type":"ListItem","position":1,"name":"Home","item":"https:\/\/www.coolturalia.com\/fr\/"},{"@type":"ListItem","position":2,"name":"Events","item":"https:\/\/www.coolturalia.com\/fr\/events\/"},{"@type":"ListItem","position":3,"name":"Semaine de la d\u00e9mocratie 2026"}]},{"@type":"WebSite","@id":"https:\/\/www.coolturalia.com\/fr\/#website","url":"https:\/\/www.coolturalia.com\/fr\/","name":"Coolturalia","description":"","publisher":{"@id":"https:\/\/www.coolturalia.com\/fr\/#organization"},"potentialAction":[{"@type":"SearchAction","target":{"@type":"EntryPoint","urlTemplate":"https:\/\/www.coolturalia.com\/fr\/?s={search_term_string}"},"query-input":{"@type":"PropertyValueSpecification","valueRequired":true,"valueName":"search_term_string"}}],"inLanguage":"fr-FR"},{"@type":"Organization","@id":"https:\/\/www.coolturalia.com\/fr\/#organization","name":"Coolturalia","url":"https:\/\/www.coolturalia.com\/fr\/","logo":{"@type":"ImageObject","inLanguage":"fr-FR","@id":"https:\/\/www.coolturalia.com\/fr\/#\/schema\/logo\/image\/","url":"https:\/\/www.coolturalia.com\/wp-content\/uploads\/2024\/04\/Logo-coolturalia.svg","contentUrl":"https:\/\/www.coolturalia.com\/wp-content\/uploads\/2024\/04\/Logo-coolturalia.svg","width":1312,"height":193,"caption":"Coolturalia"},"image":{"@id":"https:\/\/www.coolturalia.com\/fr\/#\/schema\/logo\/image\/"},"sameAs":["https:\/\/www.instagram.com\/coolturalia_geneva\/"]}]}},"translations":{"translations":{"en":"198864","fr":"198865"},"language":{"code":"fr"},"date":{"dateRange":"3 - 8 octobre"}},"language":{"code":"fr"},"_links":{"self":[{"href":"https:\/\/www.coolturalia.com\/fr\/wp-json\/wp\/v2\/event\/198865","targetHints":{"allow":["GET"]}}],"collection":[{"href":"https:\/\/www.coolturalia.com\/fr\/wp-json\/wp\/v2\/event"}],"about":[{"href":"https:\/\/www.coolturalia.com\/fr\/wp-json\/wp\/v2\/types\/event"}],"version-history":[{"count":0,"href":"https:\/\/www.coolturalia.com\/fr\/wp-json\/wp\/v2\/event\/198865\/revisions"}],"wp:featuredmedia":[{"embeddable":true,"href":"https:\/\/www.coolturalia.com\/fr\/wp-json\/wp\/v2\/media\/198863"}],"wp:attachment":[{"href":"https:\/\/www.coolturalia.com\/fr\/wp-json\/wp\/v2\/media?parent=198865"}],"wp:term":[{"taxonomy":"post_tag","embeddable":true,"href":"https:\/\/www.coolturalia.com\/fr\/wp-json\/wp\/v2\/tags?post=198865"},{"taxonomy":"event-category","embeddable":true,"href":"https:\/\/www.coolturalia.com\/fr\/wp-json\/wp\/v2\/event-category?post=198865"},{"taxonomy":"event-venue","embeddable":true,"href":"https:\/\/www.coolturalia.com\/fr\/wp-json\/wp\/v2\/event-venue?post=198865"}],"curies":[{"name":"wp","href":"https:\/\/api.w.org\/{rel}","templated":true}]}}