{"id":198844,"date":"2026-09-03T16:50:54","date_gmt":"2026-09-03T14:50:54","guid":{"rendered":"https:\/\/www.coolturalia.com\/event\/collection-actuelle\/"},"modified":"2026-09-03T16:50:54","modified_gmt":"2026-09-03T14:50:54","slug":"collection-actuelle","status":"publish","type":"event","link":"https:\/\/www.coolturalia.com\/fr\/event\/collection-actuelle\/","title":{"rendered":"Collection actuelle"},"content":{"rendered":"<p>L&rsquo;exposition collective r\u00e9unit des \u0153uvres modernes et contemporaines d&rsquo;artistes internationaux tels que Marc Chagall, Pablo Picasso, Jean Dubuffet, Willem de Kooning, Sam Francis, Manolo Vald\u00e9s, Juan Genov\u00e9s, Ron Arad, Pablo Atchugarry, Andy Denzler et Fred Eerdekens. La s\u00e9lection comprend peinture, sculpture et installations, croisant abstraction gestuelle, figuration et dessin conceptuel. L&rsquo;accent est mis sur la mat\u00e9rialit\u00e9, l&rsquo;\u00e9chelle et le processus pictural, invitant \u00e0 une r\u00e9flexion sur les filiations artistiques et l&rsquo;\u00e9volution du langage visuel.<\/p>\n","protected":false},"excerpt":{"rendered":"<p>L&rsquo;exposition collective r\u00e9unit des \u0153uvres modernes et contemporaines d&rsquo;artistes internationaux tels que Marc Chagall, Pablo Picasso, Jean Dubuffet, Willem de Kooning, Sam Francis, Manolo Vald\u00e9s, Juan Genov\u00e9s, Ron Arad, Pablo Atchugarry, Andy Denzler et Fred Eerdekens. La s\u00e9lection comprend peinture, sculpture et installations, croisant abstraction gestuelle, figuration et dessin conceptuel. L&rsquo;accent est mis sur la [&hellip;]<\/p>\n","protected":false},"featured_media":198842,"parent":0,"menu_order":0,"template":"","format":"standard","meta":{"_acf_changed":false,"footnotes":""},"tags":[1014],"event-category":[446],"event-venue":[1817],"class_list":["post-198844","event","type-event","status-publish","format-standard","has-post-thumbnail","hentry","tag-portrait-image-fr","event-category-art-et-expositions","event-venue-opera-gallery-fr"],"acf":{"price":"Gratuit","date":"11 ao\u00fbt - 12 septembre","start_date":"2026-08-11 00:00:00","end_date":"2026-09-12 00:00:00","website_link":"https:\/\/www.operagallery.com\/contact\/geneva","link_buy_tickets":"","highlighted":false,"photo_credit":"","timings":[{"timing_start_date":"2026-08-11 10:00:00","timing_end_date":"2026-08-11 18:00:00"},{"timing_start_date":"2026-08-12 10:00:00","timing_end_date":"2026-08-12 18:00:00"},{"timing_start_date":"2026-08-13 10:00:00","timing_end_date":"2026-08-13 18:00:00"},{"timing_start_date":"2026-08-14 10:00:00","timing_end_date":"2026-08-14 18:00:00"},{"timing_start_date":"2026-08-15 10:00:00","timing_end_date":"2026-08-15 18:00:00"},{"timing_start_date":"2026-08-16 10:00:00","timing_end_date":"2026-08-16 18:00:00"},{"timing_start_date":"2026-08-17 10:00:00","timing_end_date":"2026-08-17 18:00:00"},{"timing_start_date":"2026-08-18 10:00:00","timing_end_date":"2026-08-18 18:00:00"},{"timing_start_date":"2026-08-19 10:00:00","timing_end_date":"2026-08-19 18:00:00"},{"timing_start_date":"2026-08-20 10:00:00","timing_end_date":"2026-08-20 18:00:00"},{"timing_start_date":"2026-08-21 10:00:00","timing_end_date":"2026-08-21 18:00:00"},{"timing_start_date":"2026-08-22 10:00:00","timing_end_date":"2026-08-22 18:00:00"},{"timing_start_date":"2026-08-23 10:00:00","timing_end_date":"2026-08-23 18:00:00"},{"timing_start_date":"2026-08-24 10:00:00","timing_end_date":"2026-08-24 18:00:00"},{"timing_start_date":"2026-08-25 10:00:00","timing_end_date":"2026-08-25 18:00:00"},{"timing_start_date":"2026-08-26 10:00:00","timing_end_date":"2026-08-26 18:00:00"},{"timing_start_date":"2026-08-27 10:00:00","timing_end_date":"2026-08-27 18:00:00"},{"timing_start_date":"2026-08-28 10:00:00","timing_end_date":"2026-08-28 18:00:00"},{"timing_start_date":"2026-08-29 10:00:00","timing_end_date":"2026-08-29 18:00:00"},{"timing_start_date":"2026-08-30 10:00:00","timing_end_date":"2026-08-30 18:00:00"},{"timing_start_date":"2026-08-31 10:00:00","timing_end_date":"2026-08-31 18:00:00"},{"timing_start_date":"2026-09-01 10:00:00","timing_end_date":"2026-09-01 18:00:00"},{"timing_start_date":"2026-09-02 10:00:00","timing_end_date":"2026-09-02 18:00:00"},{"timing_start_date":"2026-09-03 10:00:00","timing_end_date":"2026-09-03 18:00:00"},{"timing_start_date":"2026-09-04 10:00:00","timing_end_date":"2026-09-04 18:00:00"},{"timing_start_date":"2026-09-05 10:00:00","timing_end_date":"2026-09-05 18:00:00"},{"timing_start_date":"2026-09-06 10:00:00","timing_end_date":"2026-09-06 18:00:00"},{"timing_start_date":"2026-09-07 10:00:00","timing_end_date":"2026-09-07 18:00:00"},{"timing_start_date":"2026-09-08 10:00:00","timing_end_date":"2026-09-08 18:00:00"},{"timing_start_date":"2026-09-09 10:00:00","timing_end_date":"2026-09-09 18:00:00"},{"timing_start_date":"2026-09-10 10:00:00","timing_end_date":"2026-09-10 18:00:00"},{"timing_start_date":"2026-09-11 10:00:00","timing_end_date":"2026-09-11 18:00:00"},{"timing_start_date":"2026-09-12 10:00:00","timing_end_date":"2026-09-12 18:00:00"}],"external_id":""},"yoast_head":"<!-- This site is optimized with the Yoast SEO plugin v28.3 - https:\/\/yoast.com\/product\/yoast-seo-wordpress\/ -->\n<title>Collection actuelle - Coolturalia<\/title>\n<meta name=\"robots\" content=\"index, follow, max-snippet:-1, max-image-preview:large, max-video-preview:-1\" \/>\n<link rel=\"canonical\" href=\"https:\/\/www.coolturalia.com\/fr\/event\/collection-actuelle\/\" \/>\n<meta property=\"og:locale\" content=\"fr_FR\" \/>\n<meta property=\"og:type\" content=\"article\" \/>\n<meta property=\"og:title\" content=\"Collection actuelle - Coolturalia\" \/>\n<meta property=\"og:description\" content=\"L&rsquo;exposition collective r\u00e9unit des \u0153uvres modernes et contemporaines d&rsquo;artistes internationaux tels que Marc Chagall, Pablo Picasso, Jean Dubuffet, Willem de Kooning, Sam Francis, Manolo Vald\u00e9s, Juan Genov\u00e9s, Ron Arad, Pablo Atchugarry, Andy Denzler et Fred Eerdekens. La s\u00e9lection comprend peinture, sculpture et installations, croisant abstraction gestuelle, figuration et dessin conceptuel. L&rsquo;accent est mis sur la [&hellip;]\" \/>\n<meta property=\"og:url\" content=\"https:\/\/www.coolturalia.com\/fr\/event\/collection-actuelle\/\" \/>\n<meta property=\"og:site_name\" content=\"Coolturalia\" \/>\n<meta property=\"og:image\" content=\"https:\/\/www.coolturalia.com\/wp-content\/uploads\/2024\/04\/favicon-coolturalia-2.png\" \/>\n\t<meta property=\"og:image:width\" content=\"150\" \/>\n\t<meta property=\"og:image:height\" content=\"150\" \/>\n\t<meta property=\"og:image:type\" content=\"image\/png\" \/>\n<meta name=\"twitter:card\" content=\"summary_large_image\" \/>\n<script type=\"application\/ld+json\" class=\"yoast-schema-graph\">{\"@context\":\"https:\\\/\\\/schema.org\",\"@graph\":[{\"@type\":\"WebPage\",\"@id\":\"https:\\\/\\\/www.coolturalia.com\\\/fr\\\/event\\\/collection-actuelle\\\/\",\"url\":\"https:\\\/\\\/www.coolturalia.com\\\/fr\\\/event\\\/collection-actuelle\\\/\",\"name\":\"Collection actuelle - Coolturalia\",\"isPartOf\":{\"@id\":\"https:\\\/\\\/www.coolturalia.com\\\/fr\\\/#website\"},\"primaryImageOfPage\":{\"@id\":\"https:\\\/\\\/www.coolturalia.com\\\/fr\\\/event\\\/collection-actuelle\\\/#primaryimage\"},\"image\":{\"@id\":\"https:\\\/\\\/www.coolturalia.com\\\/fr\\\/event\\\/collection-actuelle\\\/#primaryimage\"},\"thumbnailUrl\":\"https:\\\/\\\/www.coolturalia.com\\\/wp-content\\\/uploads\\\/2026\\\/09\\\/Current-Collection.webp\",\"datePublished\":\"2026-09-03T14:50:54+00:00\",\"breadcrumb\":{\"@id\":\"https:\\\/\\\/www.coolturalia.com\\\/fr\\\/event\\\/collection-actuelle\\\/#breadcrumb\"},\"inLanguage\":\"fr-FR\",\"potentialAction\":[{\"@type\":\"ReadAction\",\"target\":[\"https:\\\/\\\/www.coolturalia.com\\\/fr\\\/event\\\/collection-actuelle\\\/\"]}]},{\"@type\":\"ImageObject\",\"inLanguage\":\"fr-FR\",\"@id\":\"https:\\\/\\\/www.coolturalia.com\\\/fr\\\/event\\\/collection-actuelle\\\/#primaryimage\",\"url\":\"https:\\\/\\\/www.coolturalia.com\\\/wp-content\\\/uploads\\\/2026\\\/09\\\/Current-Collection.webp\",\"contentUrl\":\"https:\\\/\\\/www.coolturalia.com\\\/wp-content\\\/uploads\\\/2026\\\/09\\\/Current-Collection.webp\",\"width\":1028,\"height\":1521,\"caption\":\"undefined\"},{\"@type\":\"BreadcrumbList\",\"@id\":\"https:\\\/\\\/www.coolturalia.com\\\/fr\\\/event\\\/collection-actuelle\\\/#breadcrumb\",\"itemListElement\":[{\"@type\":\"ListItem\",\"position\":1,\"name\":\"Home\",\"item\":\"https:\\\/\\\/www.coolturalia.com\\\/fr\\\/\"},{\"@type\":\"ListItem\",\"position\":2,\"name\":\"Events\",\"item\":\"https:\\\/\\\/www.coolturalia.com\\\/fr\\\/events\\\/\"},{\"@type\":\"ListItem\",\"position\":3,\"name\":\"Collection actuelle\"}]},{\"@type\":\"WebSite\",\"@id\":\"https:\\\/\\\/www.coolturalia.com\\\/fr\\\/#website\",\"url\":\"https:\\\/\\\/www.coolturalia.com\\\/fr\\\/\",\"name\":\"Coolturalia\",\"description\":\"\",\"publisher\":{\"@id\":\"https:\\\/\\\/www.coolturalia.com\\\/fr\\\/#organization\"},\"potentialAction\":[{\"@type\":\"SearchAction\",\"target\":{\"@type\":\"EntryPoint\",\"urlTemplate\":\"https:\\\/\\\/www.coolturalia.com\\\/fr\\\/?s={search_term_string}\"},\"query-input\":{\"@type\":\"PropertyValueSpecification\",\"valueRequired\":true,\"valueName\":\"search_term_string\"}}],\"inLanguage\":\"fr-FR\"},{\"@type\":\"Organization\",\"@id\":\"https:\\\/\\\/www.coolturalia.com\\\/fr\\\/#organization\",\"name\":\"Coolturalia\",\"url\":\"https:\\\/\\\/www.coolturalia.com\\\/fr\\\/\",\"logo\":{\"@type\":\"ImageObject\",\"inLanguage\":\"fr-FR\",\"@id\":\"https:\\\/\\\/www.coolturalia.com\\\/fr\\\/#\\\/schema\\\/logo\\\/image\\\/\",\"url\":\"https:\\\/\\\/www.coolturalia.com\\\/wp-content\\\/uploads\\\/2024\\\/04\\\/Logo-coolturalia.svg\",\"contentUrl\":\"https:\\\/\\\/www.coolturalia.com\\\/wp-content\\\/uploads\\\/2024\\\/04\\\/Logo-coolturalia.svg\",\"width\":1312,\"height\":193,\"caption\":\"Coolturalia\"},\"image\":{\"@id\":\"https:\\\/\\\/www.coolturalia.com\\\/fr\\\/#\\\/schema\\\/logo\\\/image\\\/\"},\"sameAs\":[\"https:\\\/\\\/www.instagram.com\\\/coolturalia_geneva\\\/\"]}]}<\/script>\n<!-- \/ Yoast SEO plugin. -->","yoast_head_json":{"title":"Collection actuelle - Coolturalia","robots":{"index":"index","follow":"follow","max-snippet":"max-snippet:-1","max-image-preview":"max-image-preview:large","max-video-preview":"max-video-preview:-1"},"canonical":"https:\/\/www.coolturalia.com\/fr\/event\/collection-actuelle\/","og_locale":"fr_FR","og_type":"article","og_title":"Collection actuelle - Coolturalia","og_description":"L&rsquo;exposition collective r\u00e9unit des \u0153uvres modernes et contemporaines d&rsquo;artistes internationaux tels que Marc Chagall, Pablo Picasso, Jean Dubuffet, Willem de Kooning, Sam Francis, Manolo Vald\u00e9s, Juan Genov\u00e9s, Ron Arad, Pablo Atchugarry, Andy Denzler et Fred Eerdekens. La s\u00e9lection comprend peinture, sculpture et installations, croisant abstraction gestuelle, figuration et dessin conceptuel. L&rsquo;accent est mis sur la [&hellip;]","og_url":"https:\/\/www.coolturalia.com\/fr\/event\/collection-actuelle\/","og_site_name":"Coolturalia","og_image":[{"width":150,"height":150,"url":"https:\/\/www.coolturalia.com\/wp-content\/uploads\/2024\/04\/favicon-coolturalia-2.png","type":"image\/png"}],"twitter_card":"summary_large_image","schema":{"@context":"https:\/\/schema.org","@graph":[{"@type":"WebPage","@id":"https:\/\/www.coolturalia.com\/fr\/event\/collection-actuelle\/","url":"https:\/\/www.coolturalia.com\/fr\/event\/collection-actuelle\/","name":"Collection actuelle - Coolturalia","isPartOf":{"@id":"https:\/\/www.coolturalia.com\/fr\/#website"},"primaryImageOfPage":{"@id":"https:\/\/www.coolturalia.com\/fr\/event\/collection-actuelle\/#primaryimage"},"image":{"@id":"https:\/\/www.coolturalia.com\/fr\/event\/collection-actuelle\/#primaryimage"},"thumbnailUrl":"https:\/\/www.coolturalia.com\/wp-content\/uploads\/2026\/09\/Current-Collection.webp","datePublished":"2026-09-03T14:50:54+00:00","breadcrumb":{"@id":"https:\/\/www.coolturalia.com\/fr\/event\/collection-actuelle\/#breadcrumb"},"inLanguage":"fr-FR","potentialAction":[{"@type":"ReadAction","target":["https:\/\/www.coolturalia.com\/fr\/event\/collection-actuelle\/"]}]},{"@type":"ImageObject","inLanguage":"fr-FR","@id":"https:\/\/www.coolturalia.com\/fr\/event\/collection-actuelle\/#primaryimage","url":"https:\/\/www.coolturalia.com\/wp-content\/uploads\/2026\/09\/Current-Collection.webp","contentUrl":"https:\/\/www.coolturalia.com\/wp-content\/uploads\/2026\/09\/Current-Collection.webp","width":1028,"height":1521,"caption":"undefined"},{"@type":"BreadcrumbList","@id":"https:\/\/www.coolturalia.com\/fr\/event\/collection-actuelle\/#breadcrumb","itemListElement":[{"@type":"ListItem","position":1,"name":"Home","item":"https:\/\/www.coolturalia.com\/fr\/"},{"@type":"ListItem","position":2,"name":"Events","item":"https:\/\/www.coolturalia.com\/fr\/events\/"},{"@type":"ListItem","position":3,"name":"Collection actuelle"}]},{"@type":"WebSite","@id":"https:\/\/www.coolturalia.com\/fr\/#website","url":"https:\/\/www.coolturalia.com\/fr\/","name":"Coolturalia","description":"","publisher":{"@id":"https:\/\/www.coolturalia.com\/fr\/#organization"},"potentialAction":[{"@type":"SearchAction","target":{"@type":"EntryPoint","urlTemplate":"https:\/\/www.coolturalia.com\/fr\/?s={search_term_string}"},"query-input":{"@type":"PropertyValueSpecification","valueRequired":true,"valueName":"search_term_string"}}],"inLanguage":"fr-FR"},{"@type":"Organization","@id":"https:\/\/www.coolturalia.com\/fr\/#organization","name":"Coolturalia","url":"https:\/\/www.coolturalia.com\/fr\/","logo":{"@type":"ImageObject","inLanguage":"fr-FR","@id":"https:\/\/www.coolturalia.com\/fr\/#\/schema\/logo\/image\/","url":"https:\/\/www.coolturalia.com\/wp-content\/uploads\/2024\/04\/Logo-coolturalia.svg","contentUrl":"https:\/\/www.coolturalia.com\/wp-content\/uploads\/2024\/04\/Logo-coolturalia.svg","width":1312,"height":193,"caption":"Coolturalia"},"image":{"@id":"https:\/\/www.coolturalia.com\/fr\/#\/schema\/logo\/image\/"},"sameAs":["https:\/\/www.instagram.com\/coolturalia_geneva\/"]}]}},"translations":{"translations":{"en":"198843","fr":"198844"},"language":{"code":"fr"},"date":{"dateRange":"11 ao\u00fbt - 12 septembre"}},"language":{"code":"fr"},"_links":{"self":[{"href":"https:\/\/www.coolturalia.com\/fr\/wp-json\/wp\/v2\/event\/198844","targetHints":{"allow":["GET"]}}],"collection":[{"href":"https:\/\/www.coolturalia.com\/fr\/wp-json\/wp\/v2\/event"}],"about":[{"href":"https:\/\/www.coolturalia.com\/fr\/wp-json\/wp\/v2\/types\/event"}],"version-history":[{"count":0,"href":"https:\/\/www.coolturalia.com\/fr\/wp-json\/wp\/v2\/event\/198844\/revisions"}],"wp:featuredmedia":[{"embeddable":true,"href":"https:\/\/www.coolturalia.com\/fr\/wp-json\/wp\/v2\/media\/198842"}],"wp:attachment":[{"href":"https:\/\/www.coolturalia.com\/fr\/wp-json\/wp\/v2\/media?parent=198844"}],"wp:term":[{"taxonomy":"post_tag","embeddable":true,"href":"https:\/\/www.coolturalia.com\/fr\/wp-json\/wp\/v2\/tags?post=198844"},{"taxonomy":"event-category","embeddable":true,"href":"https:\/\/www.coolturalia.com\/fr\/wp-json\/wp\/v2\/event-category?post=198844"},{"taxonomy":"event-venue","embeddable":true,"href":"https:\/\/www.coolturalia.com\/fr\/wp-json\/wp\/v2\/event-venue?post=198844"}],"curies":[{"name":"wp","href":"https:\/\/api.w.org\/{rel}","templated":true}]}}