{"id":198820,"date":"2026-09-03T16:49:13","date_gmt":"2026-09-03T14:49:13","guid":{"rendered":"https:\/\/www.coolturalia.com\/event\/leurs-cultures-nos-racines-portraits-de-femmes-en-terre-genevoise\/"},"modified":"2026-09-03T16:49:13","modified_gmt":"2026-09-03T14:49:13","slug":"leurs-cultures-nos-racines-portraits-de-femmes-en-terre-genevoise","status":"publish","type":"event","link":"https:\/\/www.coolturalia.com\/fr\/event\/leurs-cultures-nos-racines-portraits-de-femmes-en-terre-genevoise\/","title":{"rendered":"Leurs cultures, nos racines \u2013 portraits de femmes en terre genevoise"},"content":{"rendered":"<p>Le photographe Bertrand Carlier pr\u00e9sente une s\u00e9rie de portraits qui met en avant les femmes actives dans l&rsquo;agriculture genevoise. Les images montrent mara\u00eech\u00e8res, viticultrices, arboricultrices, \u00e9leveuses et responsables de cave dans leurs milieux professionnels, avec une approche documentaire privil\u00e9giant la lumi\u00e8re naturelle et le cadrage attentif.<br \/>Le projet interroge le genre, le travail et la transmission, r\u00e9v\u00e9lant comment l\u2019engagement des femmes fa\u00e7onne les pratiques rurales et les savoirs locaux. Inscrite dans l\u2019Ann\u00e9e internationale des agricultrices 2026, l&rsquo;exposition invite \u00e0 reconsid\u00e9rer la diversit\u00e9 des parcours et des comp\u00e9tences.<\/p>\n","protected":false},"excerpt":{"rendered":"<p>Le photographe Bertrand Carlier pr\u00e9sente une s\u00e9rie de portraits qui met en avant les femmes actives dans l&rsquo;agriculture genevoise. Les images montrent mara\u00eech\u00e8res, viticultrices, arboricultrices, \u00e9leveuses et responsables de cave dans leurs milieux professionnels, avec une approche documentaire privil\u00e9giant la lumi\u00e8re naturelle et le cadrage attentif.Le projet interroge le genre, le travail et la transmission, [&hellip;]<\/p>\n","protected":false},"featured_media":198818,"parent":0,"menu_order":0,"template":"","format":"standard","meta":{"_acf_changed":false,"footnotes":""},"tags":[996],"event-category":[446],"event-venue":[1325],"class_list":["post-198820","event","type-event","status-publish","format-standard","has-post-thumbnail","hentry","tag-portrait-image","event-category-art-et-expositions","event-venue-promenade-de-lobservatoire"],"acf":{"price":"Gratuit","date":"3 septembre \u2013 16 octobre","start_date":"2026-09-03 07:30:00","end_date":"2026-10-16 23:00:00","website_link":"https:\/\/www.geneve.ch\/agenda\/leurs-cultures-racines-portraits-femmes-terre-genevoise","link_buy_tickets":"","highlighted":false,"photo_credit":"Bertrand Carlier","timings":[{"timing_start_date":"2026-09-03 07:30:00","timing_end_date":"2026-09-03 23:00:00"},{"timing_start_date":"2026-09-04 07:30:00","timing_end_date":"2026-09-04 23:00:00"},{"timing_start_date":"2026-09-05 07:30:00","timing_end_date":"2026-09-05 23:00:00"},{"timing_start_date":"2026-09-06 07:30:00","timing_end_date":"2026-09-06 23:00:00"},{"timing_start_date":"2026-09-07 07:30:00","timing_end_date":"2026-09-07 23:00:00"},{"timing_start_date":"2026-09-08 07:30:00","timing_end_date":"2026-09-08 23:00:00"},{"timing_start_date":"2026-09-09 07:30:00","timing_end_date":"2026-09-09 23:00:00"},{"timing_start_date":"2026-09-10 07:30:00","timing_end_date":"2026-09-10 23:00:00"},{"timing_start_date":"2026-09-11 07:30:00","timing_end_date":"2026-09-11 23:00:00"},{"timing_start_date":"2026-09-12 07:30:00","timing_end_date":"2026-09-12 23:00:00"},{"timing_start_date":"2026-09-13 07:30:00","timing_end_date":"2026-09-13 23:00:00"},{"timing_start_date":"2026-09-14 07:30:00","timing_end_date":"2026-09-14 23:00:00"},{"timing_start_date":"2026-09-15 07:30:00","timing_end_date":"2026-09-15 23:00:00"},{"timing_start_date":"2026-09-16 07:30:00","timing_end_date":"2026-09-16 23:00:00"},{"timing_start_date":"2026-09-17 07:30:00","timing_end_date":"2026-09-17 23:00:00"},{"timing_start_date":"2026-09-18 07:30:00","timing_end_date":"2026-09-18 23:00:00"},{"timing_start_date":"2026-09-19 07:30:00","timing_end_date":"2026-09-19 23:00:00"},{"timing_start_date":"2026-09-20 07:30:00","timing_end_date":"2026-09-20 23:00:00"},{"timing_start_date":"2026-09-21 07:30:00","timing_end_date":"2026-09-21 23:00:00"},{"timing_start_date":"2026-09-22 07:30:00","timing_end_date":"2026-09-22 23:00:00"},{"timing_start_date":"2026-09-23 07:30:00","timing_end_date":"2026-09-23 23:00:00"},{"timing_start_date":"2026-09-24 07:30:00","timing_end_date":"2026-09-24 23:00:00"},{"timing_start_date":"2026-09-25 07:30:00","timing_end_date":"2026-09-25 23:00:00"},{"timing_start_date":"2026-09-26 07:30:00","timing_end_date":"2026-09-26 23:00:00"},{"timing_start_date":"2026-09-27 07:30:00","timing_end_date":"2026-09-27 23:00:00"},{"timing_start_date":"2026-09-28 07:30:00","timing_end_date":"2026-09-28 23:00:00"},{"timing_start_date":"2026-09-29 07:30:00","timing_end_date":"2026-09-29 23:00:00"},{"timing_start_date":"2026-09-30 07:30:00","timing_end_date":"2026-09-30 23:00:00"},{"timing_start_date":"2026-10-01 07:30:00","timing_end_date":"2026-10-01 23:00:00"},{"timing_start_date":"2026-10-02 07:30:00","timing_end_date":"2026-10-02 23:00:00"},{"timing_start_date":"2026-10-03 07:30:00","timing_end_date":"2026-10-03 23:00:00"},{"timing_start_date":"2026-10-04 07:30:00","timing_end_date":"2026-10-04 23:00:00"},{"timing_start_date":"2026-10-05 07:30:00","timing_end_date":"2026-10-05 23:00:00"},{"timing_start_date":"2026-10-06 07:30:00","timing_end_date":"2026-10-06 23:00:00"},{"timing_start_date":"2026-10-07 07:30:00","timing_end_date":"2026-10-07 23:00:00"},{"timing_start_date":"2026-10-08 07:30:00","timing_end_date":"2026-10-08 23:00:00"},{"timing_start_date":"2026-10-09 07:30:00","timing_end_date":"2026-10-09 23:00:00"},{"timing_start_date":"2026-10-10 07:30:00","timing_end_date":"2026-10-10 23:00:00"},{"timing_start_date":"2026-10-11 07:30:00","timing_end_date":"2026-10-11 23:00:00"},{"timing_start_date":"2026-10-12 07:30:00","timing_end_date":"2026-10-12 23:00:00"},{"timing_start_date":"2026-10-13 07:30:00","timing_end_date":"2026-10-13 23:00:00"},{"timing_start_date":"2026-10-14 07:30:00","timing_end_date":"2026-10-14 23:00:00"},{"timing_start_date":"2026-10-15 07:30:00","timing_end_date":"2026-10-15 23:00:00"},{"timing_start_date":"2026-10-16 07:30:00","timing_end_date":"2026-10-16 23:00:00"}],"external_id":"71247491"},"yoast_head":"<!-- This site is optimized with the Yoast SEO plugin v28.3 - https:\/\/yoast.com\/product\/yoast-seo-wordpress\/ -->\n<title>Leurs cultures, nos racines \u2013 portraits de femmes en terre genevoise - Coolturalia<\/title>\n<meta name=\"robots\" content=\"index, follow, max-snippet:-1, max-image-preview:large, max-video-preview:-1\" \/>\n<link rel=\"canonical\" href=\"https:\/\/www.coolturalia.com\/fr\/event\/leurs-cultures-nos-racines-portraits-de-femmes-en-terre-genevoise\/\" \/>\n<meta property=\"og:locale\" content=\"fr_FR\" \/>\n<meta property=\"og:type\" content=\"article\" \/>\n<meta property=\"og:title\" content=\"Leurs cultures, nos racines \u2013 portraits de femmes en terre genevoise - Coolturalia\" \/>\n<meta property=\"og:description\" content=\"Le photographe Bertrand Carlier pr\u00e9sente une s\u00e9rie de portraits qui met en avant les femmes actives dans l&rsquo;agriculture genevoise. Les images montrent mara\u00eech\u00e8res, viticultrices, arboricultrices, \u00e9leveuses et responsables de cave dans leurs milieux professionnels, avec une approche documentaire privil\u00e9giant la lumi\u00e8re naturelle et le cadrage attentif.Le projet interroge le genre, le travail et la transmission, [&hellip;]\" \/>\n<meta property=\"og:url\" content=\"https:\/\/www.coolturalia.com\/fr\/event\/leurs-cultures-nos-racines-portraits-de-femmes-en-terre-genevoise\/\" \/>\n<meta property=\"og:site_name\" content=\"Coolturalia\" \/>\n<meta property=\"og:image\" content=\"https:\/\/www.coolturalia.com\/wp-content\/uploads\/2024\/04\/favicon-coolturalia-2.png\" \/>\n\t<meta property=\"og:image:width\" content=\"150\" \/>\n\t<meta property=\"og:image:height\" content=\"150\" \/>\n\t<meta property=\"og:image:type\" content=\"image\/png\" \/>\n<meta name=\"twitter:card\" content=\"summary_large_image\" \/>\n<script type=\"application\/ld+json\" class=\"yoast-schema-graph\">{\"@context\":\"https:\\\/\\\/schema.org\",\"@graph\":[{\"@type\":\"WebPage\",\"@id\":\"https:\\\/\\\/www.coolturalia.com\\\/fr\\\/event\\\/leurs-cultures-nos-racines-portraits-de-femmes-en-terre-genevoise\\\/\",\"url\":\"https:\\\/\\\/www.coolturalia.com\\\/fr\\\/event\\\/leurs-cultures-nos-racines-portraits-de-femmes-en-terre-genevoise\\\/\",\"name\":\"Leurs cultures, nos racines \u2013 portraits de femmes en terre genevoise - Coolturalia\",\"isPartOf\":{\"@id\":\"https:\\\/\\\/www.coolturalia.com\\\/fr\\\/#website\"},\"primaryImageOfPage\":{\"@id\":\"https:\\\/\\\/www.coolturalia.com\\\/fr\\\/event\\\/leurs-cultures-nos-racines-portraits-de-femmes-en-terre-genevoise\\\/#primaryimage\"},\"image\":{\"@id\":\"https:\\\/\\\/www.coolturalia.com\\\/fr\\\/event\\\/leurs-cultures-nos-racines-portraits-de-femmes-en-terre-genevoise\\\/#primaryimage\"},\"thumbnailUrl\":\"https:\\\/\\\/www.coolturalia.com\\\/wp-content\\\/uploads\\\/2026\\\/09\\\/Their-Crops-Our-Roots-Portraits-of-Women-in-Geneva-s-Countryside.webp\",\"datePublished\":\"2026-09-03T14:49:13+00:00\",\"breadcrumb\":{\"@id\":\"https:\\\/\\\/www.coolturalia.com\\\/fr\\\/event\\\/leurs-cultures-nos-racines-portraits-de-femmes-en-terre-genevoise\\\/#breadcrumb\"},\"inLanguage\":\"fr-FR\",\"potentialAction\":[{\"@type\":\"ReadAction\",\"target\":[\"https:\\\/\\\/www.coolturalia.com\\\/fr\\\/event\\\/leurs-cultures-nos-racines-portraits-de-femmes-en-terre-genevoise\\\/\"]}]},{\"@type\":\"ImageObject\",\"inLanguage\":\"fr-FR\",\"@id\":\"https:\\\/\\\/www.coolturalia.com\\\/fr\\\/event\\\/leurs-cultures-nos-racines-portraits-de-femmes-en-terre-genevoise\\\/#primaryimage\",\"url\":\"https:\\\/\\\/www.coolturalia.com\\\/wp-content\\\/uploads\\\/2026\\\/09\\\/Their-Crops-Our-Roots-Portraits-of-Women-in-Geneva-s-Countryside.webp\",\"contentUrl\":\"https:\\\/\\\/www.coolturalia.com\\\/wp-content\\\/uploads\\\/2026\\\/09\\\/Their-Crops-Our-Roots-Portraits-of-Women-in-Geneva-s-Countryside.webp\",\"width\":696,\"height\":1004,\"caption\":\"undefined\"},{\"@type\":\"BreadcrumbList\",\"@id\":\"https:\\\/\\\/www.coolturalia.com\\\/fr\\\/event\\\/leurs-cultures-nos-racines-portraits-de-femmes-en-terre-genevoise\\\/#breadcrumb\",\"itemListElement\":[{\"@type\":\"ListItem\",\"position\":1,\"name\":\"Home\",\"item\":\"https:\\\/\\\/www.coolturalia.com\\\/fr\\\/\"},{\"@type\":\"ListItem\",\"position\":2,\"name\":\"Events\",\"item\":\"https:\\\/\\\/www.coolturalia.com\\\/fr\\\/events\\\/\"},{\"@type\":\"ListItem\",\"position\":3,\"name\":\"Leurs cultures, nos racines \u2013 portraits de femmes en terre genevoise\"}]},{\"@type\":\"WebSite\",\"@id\":\"https:\\\/\\\/www.coolturalia.com\\\/fr\\\/#website\",\"url\":\"https:\\\/\\\/www.coolturalia.com\\\/fr\\\/\",\"name\":\"Coolturalia\",\"description\":\"\",\"publisher\":{\"@id\":\"https:\\\/\\\/www.coolturalia.com\\\/fr\\\/#organization\"},\"potentialAction\":[{\"@type\":\"SearchAction\",\"target\":{\"@type\":\"EntryPoint\",\"urlTemplate\":\"https:\\\/\\\/www.coolturalia.com\\\/fr\\\/?s={search_term_string}\"},\"query-input\":{\"@type\":\"PropertyValueSpecification\",\"valueRequired\":true,\"valueName\":\"search_term_string\"}}],\"inLanguage\":\"fr-FR\"},{\"@type\":\"Organization\",\"@id\":\"https:\\\/\\\/www.coolturalia.com\\\/fr\\\/#organization\",\"name\":\"Coolturalia\",\"url\":\"https:\\\/\\\/www.coolturalia.com\\\/fr\\\/\",\"logo\":{\"@type\":\"ImageObject\",\"inLanguage\":\"fr-FR\",\"@id\":\"https:\\\/\\\/www.coolturalia.com\\\/fr\\\/#\\\/schema\\\/logo\\\/image\\\/\",\"url\":\"https:\\\/\\\/www.coolturalia.com\\\/wp-content\\\/uploads\\\/2024\\\/04\\\/Logo-coolturalia.svg\",\"contentUrl\":\"https:\\\/\\\/www.coolturalia.com\\\/wp-content\\\/uploads\\\/2024\\\/04\\\/Logo-coolturalia.svg\",\"width\":1312,\"height\":193,\"caption\":\"Coolturalia\"},\"image\":{\"@id\":\"https:\\\/\\\/www.coolturalia.com\\\/fr\\\/#\\\/schema\\\/logo\\\/image\\\/\"},\"sameAs\":[\"https:\\\/\\\/www.instagram.com\\\/coolturalia_geneva\\\/\"]}]}<\/script>\n<!-- \/ Yoast SEO plugin. -->","yoast_head_json":{"title":"Leurs cultures, nos racines \u2013 portraits de femmes en terre genevoise - Coolturalia","robots":{"index":"index","follow":"follow","max-snippet":"max-snippet:-1","max-image-preview":"max-image-preview:large","max-video-preview":"max-video-preview:-1"},"canonical":"https:\/\/www.coolturalia.com\/fr\/event\/leurs-cultures-nos-racines-portraits-de-femmes-en-terre-genevoise\/","og_locale":"fr_FR","og_type":"article","og_title":"Leurs cultures, nos racines \u2013 portraits de femmes en terre genevoise - Coolturalia","og_description":"Le photographe Bertrand Carlier pr\u00e9sente une s\u00e9rie de portraits qui met en avant les femmes actives dans l&rsquo;agriculture genevoise. Les images montrent mara\u00eech\u00e8res, viticultrices, arboricultrices, \u00e9leveuses et responsables de cave dans leurs milieux professionnels, avec une approche documentaire privil\u00e9giant la lumi\u00e8re naturelle et le cadrage attentif.Le projet interroge le genre, le travail et la transmission, [&hellip;]","og_url":"https:\/\/www.coolturalia.com\/fr\/event\/leurs-cultures-nos-racines-portraits-de-femmes-en-terre-genevoise\/","og_site_name":"Coolturalia","og_image":[{"width":150,"height":150,"url":"https:\/\/www.coolturalia.com\/wp-content\/uploads\/2024\/04\/favicon-coolturalia-2.png","type":"image\/png"}],"twitter_card":"summary_large_image","schema":{"@context":"https:\/\/schema.org","@graph":[{"@type":"WebPage","@id":"https:\/\/www.coolturalia.com\/fr\/event\/leurs-cultures-nos-racines-portraits-de-femmes-en-terre-genevoise\/","url":"https:\/\/www.coolturalia.com\/fr\/event\/leurs-cultures-nos-racines-portraits-de-femmes-en-terre-genevoise\/","name":"Leurs cultures, nos racines \u2013 portraits de femmes en terre genevoise - Coolturalia","isPartOf":{"@id":"https:\/\/www.coolturalia.com\/fr\/#website"},"primaryImageOfPage":{"@id":"https:\/\/www.coolturalia.com\/fr\/event\/leurs-cultures-nos-racines-portraits-de-femmes-en-terre-genevoise\/#primaryimage"},"image":{"@id":"https:\/\/www.coolturalia.com\/fr\/event\/leurs-cultures-nos-racines-portraits-de-femmes-en-terre-genevoise\/#primaryimage"},"thumbnailUrl":"https:\/\/www.coolturalia.com\/wp-content\/uploads\/2026\/09\/Their-Crops-Our-Roots-Portraits-of-Women-in-Geneva-s-Countryside.webp","datePublished":"2026-09-03T14:49:13+00:00","breadcrumb":{"@id":"https:\/\/www.coolturalia.com\/fr\/event\/leurs-cultures-nos-racines-portraits-de-femmes-en-terre-genevoise\/#breadcrumb"},"inLanguage":"fr-FR","potentialAction":[{"@type":"ReadAction","target":["https:\/\/www.coolturalia.com\/fr\/event\/leurs-cultures-nos-racines-portraits-de-femmes-en-terre-genevoise\/"]}]},{"@type":"ImageObject","inLanguage":"fr-FR","@id":"https:\/\/www.coolturalia.com\/fr\/event\/leurs-cultures-nos-racines-portraits-de-femmes-en-terre-genevoise\/#primaryimage","url":"https:\/\/www.coolturalia.com\/wp-content\/uploads\/2026\/09\/Their-Crops-Our-Roots-Portraits-of-Women-in-Geneva-s-Countryside.webp","contentUrl":"https:\/\/www.coolturalia.com\/wp-content\/uploads\/2026\/09\/Their-Crops-Our-Roots-Portraits-of-Women-in-Geneva-s-Countryside.webp","width":696,"height":1004,"caption":"undefined"},{"@type":"BreadcrumbList","@id":"https:\/\/www.coolturalia.com\/fr\/event\/leurs-cultures-nos-racines-portraits-de-femmes-en-terre-genevoise\/#breadcrumb","itemListElement":[{"@type":"ListItem","position":1,"name":"Home","item":"https:\/\/www.coolturalia.com\/fr\/"},{"@type":"ListItem","position":2,"name":"Events","item":"https:\/\/www.coolturalia.com\/fr\/events\/"},{"@type":"ListItem","position":3,"name":"Leurs cultures, nos racines \u2013 portraits de femmes en terre genevoise"}]},{"@type":"WebSite","@id":"https:\/\/www.coolturalia.com\/fr\/#website","url":"https:\/\/www.coolturalia.com\/fr\/","name":"Coolturalia","description":"","publisher":{"@id":"https:\/\/www.coolturalia.com\/fr\/#organization"},"potentialAction":[{"@type":"SearchAction","target":{"@type":"EntryPoint","urlTemplate":"https:\/\/www.coolturalia.com\/fr\/?s={search_term_string}"},"query-input":{"@type":"PropertyValueSpecification","valueRequired":true,"valueName":"search_term_string"}}],"inLanguage":"fr-FR"},{"@type":"Organization","@id":"https:\/\/www.coolturalia.com\/fr\/#organization","name":"Coolturalia","url":"https:\/\/www.coolturalia.com\/fr\/","logo":{"@type":"ImageObject","inLanguage":"fr-FR","@id":"https:\/\/www.coolturalia.com\/fr\/#\/schema\/logo\/image\/","url":"https:\/\/www.coolturalia.com\/wp-content\/uploads\/2024\/04\/Logo-coolturalia.svg","contentUrl":"https:\/\/www.coolturalia.com\/wp-content\/uploads\/2024\/04\/Logo-coolturalia.svg","width":1312,"height":193,"caption":"Coolturalia"},"image":{"@id":"https:\/\/www.coolturalia.com\/fr\/#\/schema\/logo\/image\/"},"sameAs":["https:\/\/www.instagram.com\/coolturalia_geneva\/"]}]}},"translations":{"translations":{"en":"198819","fr":"198820"},"language":{"code":"fr"},"date":{"dateRange":"3 septembre \u2013 16 octobre"}},"language":{"code":"fr"},"_links":{"self":[{"href":"https:\/\/www.coolturalia.com\/fr\/wp-json\/wp\/v2\/event\/198820","targetHints":{"allow":["GET"]}}],"collection":[{"href":"https:\/\/www.coolturalia.com\/fr\/wp-json\/wp\/v2\/event"}],"about":[{"href":"https:\/\/www.coolturalia.com\/fr\/wp-json\/wp\/v2\/types\/event"}],"version-history":[{"count":0,"href":"https:\/\/www.coolturalia.com\/fr\/wp-json\/wp\/v2\/event\/198820\/revisions"}],"wp:featuredmedia":[{"embeddable":true,"href":"https:\/\/www.coolturalia.com\/fr\/wp-json\/wp\/v2\/media\/198818"}],"wp:attachment":[{"href":"https:\/\/www.coolturalia.com\/fr\/wp-json\/wp\/v2\/media?parent=198820"}],"wp:term":[{"taxonomy":"post_tag","embeddable":true,"href":"https:\/\/www.coolturalia.com\/fr\/wp-json\/wp\/v2\/tags?post=198820"},{"taxonomy":"event-category","embeddable":true,"href":"https:\/\/www.coolturalia.com\/fr\/wp-json\/wp\/v2\/event-category?post=198820"},{"taxonomy":"event-venue","embeddable":true,"href":"https:\/\/www.coolturalia.com\/fr\/wp-json\/wp\/v2\/event-venue?post=198820"}],"curies":[{"name":"wp","href":"https:\/\/api.w.org\/{rel}","templated":true}]}}