{"id":198701,"date":"2026-09-02T11:05:44","date_gmt":"2026-09-02T09:05:44","guid":{"rendered":"https:\/\/www.coolturalia.com\/event\/exposition-voie-verte\/"},"modified":"2026-09-02T11:05:44","modified_gmt":"2026-09-02T09:05:44","slug":"exposition-voie-verte","status":"publish","type":"event","link":"https:\/\/www.coolturalia.com\/fr\/event\/exposition-voie-verte\/","title":{"rendered":"Exposition Voie verte"},"content":{"rendered":"<p>Pr\u00e9sent\u00e9e par la Ville de Lancy, cette exposition municipale examine la Voie verte comme un embl\u00e8me de la mobilit\u00e9 douce. Une s\u00e9rie de panneaux informatifs retrace l&rsquo;\u00e9volution de cet axe, m\u00ealant contexte historique, perspectives d&rsquo;am\u00e9nagement et r\u00e9flexions sur les usages quotidiens. Le dispositif, compos\u00e9 d&rsquo;\u00e9l\u00e9ments visuels et textuels concis, montre comment les transformations d&rsquo;infrastructures fa\u00e7onnent la mobilit\u00e9, le paysage et les pratiques sociales, et invite \u00e0 penser durabilit\u00e9, accessibilit\u00e9 et les dialogues entre urbanisme et vie communautaire.<\/p>\n","protected":false},"excerpt":{"rendered":"<p>Pr\u00e9sent\u00e9e par la Ville de Lancy, cette exposition municipale examine la Voie verte comme un embl\u00e8me de la mobilit\u00e9 douce. Une s\u00e9rie de panneaux informatifs retrace l&rsquo;\u00e9volution de cet axe, m\u00ealant contexte historique, perspectives d&rsquo;am\u00e9nagement et r\u00e9flexions sur les usages quotidiens. Le dispositif, compos\u00e9 d&rsquo;\u00e9l\u00e9ments visuels et textuels concis, montre comment les transformations d&rsquo;infrastructures fa\u00e7onnent [&hellip;]<\/p>\n","protected":false},"featured_media":198699,"parent":0,"menu_order":0,"template":"","format":"standard","meta":{"_acf_changed":false,"footnotes":""},"tags":[],"event-category":[446],"event-venue":[2393],"class_list":["post-198701","event","type-event","status-publish","format-standard","has-post-thumbnail","hentry","event-category-art-et-expositions","event-venue-batiment-administratif-de-la-mairie-de-lancy-fr"],"acf":{"price":"Gratuit","date":"2 - 30 septembre","start_date":"2026-09-02 00:00:00","end_date":"2026-09-30 23:59:00","website_link":"https:\/\/www.lancy.ch\/agenda\/447332_exposition-voie-verte","link_buy_tickets":"","highlighted":false,"photo_credit":"DR","timings":[{"timing_start_date":"2026-09-02 00:00:00","timing_end_date":"2026-09-02 23:59:00"},{"timing_start_date":"2026-09-03 00:00:00","timing_end_date":"2026-09-03 23:59:00"},{"timing_start_date":"2026-09-04 00:00:00","timing_end_date":"2026-09-04 23:59:00"},{"timing_start_date":"2026-09-05 00:00:00","timing_end_date":"2026-09-05 23:59:00"},{"timing_start_date":"2026-09-06 00:00:00","timing_end_date":"2026-09-06 23:59:00"},{"timing_start_date":"2026-09-07 00:00:00","timing_end_date":"2026-09-07 23:59:00"},{"timing_start_date":"2026-09-08 00:00:00","timing_end_date":"2026-09-08 23:59:00"},{"timing_start_date":"2026-09-09 00:00:00","timing_end_date":"2026-09-09 23:59:00"},{"timing_start_date":"2026-09-10 00:00:00","timing_end_date":"2026-09-10 23:59:00"},{"timing_start_date":"2026-09-11 00:00:00","timing_end_date":"2026-09-11 23:59:00"},{"timing_start_date":"2026-09-12 00:00:00","timing_end_date":"2026-09-12 23:59:00"},{"timing_start_date":"2026-09-13 00:00:00","timing_end_date":"2026-09-13 23:59:00"},{"timing_start_date":"2026-09-14 00:00:00","timing_end_date":"2026-09-14 23:59:00"},{"timing_start_date":"2026-09-15 00:00:00","timing_end_date":"2026-09-15 23:59:00"},{"timing_start_date":"2026-09-16 00:00:00","timing_end_date":"2026-09-16 23:59:00"},{"timing_start_date":"2026-09-17 00:00:00","timing_end_date":"2026-09-17 23:59:00"},{"timing_start_date":"2026-09-18 00:00:00","timing_end_date":"2026-09-18 23:59:00"},{"timing_start_date":"2026-09-19 00:00:00","timing_end_date":"2026-09-19 23:59:00"},{"timing_start_date":"2026-09-20 00:00:00","timing_end_date":"2026-09-20 23:59:00"},{"timing_start_date":"2026-09-21 00:00:00","timing_end_date":"2026-09-21 23:59:00"},{"timing_start_date":"2026-09-22 00:00:00","timing_end_date":"2026-09-22 23:59:00"},{"timing_start_date":"2026-09-23 00:00:00","timing_end_date":"2026-09-23 23:59:00"},{"timing_start_date":"2026-09-24 00:00:00","timing_end_date":"2026-09-24 23:59:00"},{"timing_start_date":"2026-09-25 00:00:00","timing_end_date":"2026-09-25 23:59:00"},{"timing_start_date":"2026-09-26 00:00:00","timing_end_date":"2026-09-26 23:59:00"},{"timing_start_date":"2026-09-27 00:00:00","timing_end_date":"2026-09-27 23:59:00"},{"timing_start_date":"2026-09-28 00:00:00","timing_end_date":"2026-09-28 23:59:00"},{"timing_start_date":"2026-09-29 00:00:00","timing_end_date":"2026-09-29 23:59:00"},{"timing_start_date":"2026-09-30 00:00:00","timing_end_date":"2026-09-30 23:59:00"}],"external_id":"447332"},"yoast_head":"<!-- This site is optimized with the Yoast SEO plugin v28.3 - https:\/\/yoast.com\/product\/yoast-seo-wordpress\/ -->\n<title>Exposition Voie verte - Coolturalia<\/title>\n<meta name=\"robots\" content=\"index, follow, max-snippet:-1, max-image-preview:large, max-video-preview:-1\" \/>\n<link rel=\"canonical\" href=\"https:\/\/www.coolturalia.com\/fr\/event\/exposition-voie-verte\/\" \/>\n<meta property=\"og:locale\" content=\"fr_FR\" \/>\n<meta property=\"og:type\" content=\"article\" \/>\n<meta property=\"og:title\" content=\"Exposition Voie verte - Coolturalia\" \/>\n<meta property=\"og:description\" content=\"Pr\u00e9sent\u00e9e par la Ville de Lancy, cette exposition municipale examine la Voie verte comme un embl\u00e8me de la mobilit\u00e9 douce. Une s\u00e9rie de panneaux informatifs retrace l&rsquo;\u00e9volution de cet axe, m\u00ealant contexte historique, perspectives d&rsquo;am\u00e9nagement et r\u00e9flexions sur les usages quotidiens. Le dispositif, compos\u00e9 d&rsquo;\u00e9l\u00e9ments visuels et textuels concis, montre comment les transformations d&rsquo;infrastructures fa\u00e7onnent [&hellip;]\" \/>\n<meta property=\"og:url\" content=\"https:\/\/www.coolturalia.com\/fr\/event\/exposition-voie-verte\/\" \/>\n<meta property=\"og:site_name\" content=\"Coolturalia\" \/>\n<meta property=\"og:image\" content=\"https:\/\/www.coolturalia.com\/wp-content\/uploads\/2024\/04\/favicon-coolturalia-2.png\" \/>\n\t<meta property=\"og:image:width\" content=\"150\" \/>\n\t<meta property=\"og:image:height\" content=\"150\" \/>\n\t<meta property=\"og:image:type\" content=\"image\/png\" \/>\n<meta name=\"twitter:card\" content=\"summary_large_image\" \/>\n<script type=\"application\/ld+json\" class=\"yoast-schema-graph\">{\"@context\":\"https:\\\/\\\/schema.org\",\"@graph\":[{\"@type\":\"WebPage\",\"@id\":\"https:\\\/\\\/www.coolturalia.com\\\/fr\\\/event\\\/exposition-voie-verte\\\/\",\"url\":\"https:\\\/\\\/www.coolturalia.com\\\/fr\\\/event\\\/exposition-voie-verte\\\/\",\"name\":\"Exposition Voie verte - Coolturalia\",\"isPartOf\":{\"@id\":\"https:\\\/\\\/www.coolturalia.com\\\/fr\\\/#website\"},\"primaryImageOfPage\":{\"@id\":\"https:\\\/\\\/www.coolturalia.com\\\/fr\\\/event\\\/exposition-voie-verte\\\/#primaryimage\"},\"image\":{\"@id\":\"https:\\\/\\\/www.coolturalia.com\\\/fr\\\/event\\\/exposition-voie-verte\\\/#primaryimage\"},\"thumbnailUrl\":\"https:\\\/\\\/www.coolturalia.com\\\/wp-content\\\/uploads\\\/2026\\\/09\\\/Greenway-Exhibition.webp\",\"datePublished\":\"2026-09-02T09:05:44+00:00\",\"breadcrumb\":{\"@id\":\"https:\\\/\\\/www.coolturalia.com\\\/fr\\\/event\\\/exposition-voie-verte\\\/#breadcrumb\"},\"inLanguage\":\"fr-FR\",\"potentialAction\":[{\"@type\":\"ReadAction\",\"target\":[\"https:\\\/\\\/www.coolturalia.com\\\/fr\\\/event\\\/exposition-voie-verte\\\/\"]}]},{\"@type\":\"ImageObject\",\"inLanguage\":\"fr-FR\",\"@id\":\"https:\\\/\\\/www.coolturalia.com\\\/fr\\\/event\\\/exposition-voie-verte\\\/#primaryimage\",\"url\":\"https:\\\/\\\/www.coolturalia.com\\\/wp-content\\\/uploads\\\/2026\\\/09\\\/Greenway-Exhibition.webp\",\"contentUrl\":\"https:\\\/\\\/www.coolturalia.com\\\/wp-content\\\/uploads\\\/2026\\\/09\\\/Greenway-Exhibition.webp\",\"width\":700,\"height\":495,\"caption\":\"undefined\"},{\"@type\":\"BreadcrumbList\",\"@id\":\"https:\\\/\\\/www.coolturalia.com\\\/fr\\\/event\\\/exposition-voie-verte\\\/#breadcrumb\",\"itemListElement\":[{\"@type\":\"ListItem\",\"position\":1,\"name\":\"Home\",\"item\":\"https:\\\/\\\/www.coolturalia.com\\\/fr\\\/\"},{\"@type\":\"ListItem\",\"position\":2,\"name\":\"Events\",\"item\":\"https:\\\/\\\/www.coolturalia.com\\\/fr\\\/events\\\/\"},{\"@type\":\"ListItem\",\"position\":3,\"name\":\"Exposition Voie verte\"}]},{\"@type\":\"WebSite\",\"@id\":\"https:\\\/\\\/www.coolturalia.com\\\/fr\\\/#website\",\"url\":\"https:\\\/\\\/www.coolturalia.com\\\/fr\\\/\",\"name\":\"Coolturalia\",\"description\":\"\",\"publisher\":{\"@id\":\"https:\\\/\\\/www.coolturalia.com\\\/fr\\\/#organization\"},\"potentialAction\":[{\"@type\":\"SearchAction\",\"target\":{\"@type\":\"EntryPoint\",\"urlTemplate\":\"https:\\\/\\\/www.coolturalia.com\\\/fr\\\/?s={search_term_string}\"},\"query-input\":{\"@type\":\"PropertyValueSpecification\",\"valueRequired\":true,\"valueName\":\"search_term_string\"}}],\"inLanguage\":\"fr-FR\"},{\"@type\":\"Organization\",\"@id\":\"https:\\\/\\\/www.coolturalia.com\\\/fr\\\/#organization\",\"name\":\"Coolturalia\",\"url\":\"https:\\\/\\\/www.coolturalia.com\\\/fr\\\/\",\"logo\":{\"@type\":\"ImageObject\",\"inLanguage\":\"fr-FR\",\"@id\":\"https:\\\/\\\/www.coolturalia.com\\\/fr\\\/#\\\/schema\\\/logo\\\/image\\\/\",\"url\":\"https:\\\/\\\/www.coolturalia.com\\\/wp-content\\\/uploads\\\/2024\\\/04\\\/Logo-coolturalia.svg\",\"contentUrl\":\"https:\\\/\\\/www.coolturalia.com\\\/wp-content\\\/uploads\\\/2024\\\/04\\\/Logo-coolturalia.svg\",\"width\":1312,\"height\":193,\"caption\":\"Coolturalia\"},\"image\":{\"@id\":\"https:\\\/\\\/www.coolturalia.com\\\/fr\\\/#\\\/schema\\\/logo\\\/image\\\/\"},\"sameAs\":[\"https:\\\/\\\/www.instagram.com\\\/coolturalia_geneva\\\/\"]}]}<\/script>\n<!-- \/ Yoast SEO plugin. -->","yoast_head_json":{"title":"Exposition Voie verte - Coolturalia","robots":{"index":"index","follow":"follow","max-snippet":"max-snippet:-1","max-image-preview":"max-image-preview:large","max-video-preview":"max-video-preview:-1"},"canonical":"https:\/\/www.coolturalia.com\/fr\/event\/exposition-voie-verte\/","og_locale":"fr_FR","og_type":"article","og_title":"Exposition Voie verte - Coolturalia","og_description":"Pr\u00e9sent\u00e9e par la Ville de Lancy, cette exposition municipale examine la Voie verte comme un embl\u00e8me de la mobilit\u00e9 douce. Une s\u00e9rie de panneaux informatifs retrace l&rsquo;\u00e9volution de cet axe, m\u00ealant contexte historique, perspectives d&rsquo;am\u00e9nagement et r\u00e9flexions sur les usages quotidiens. Le dispositif, compos\u00e9 d&rsquo;\u00e9l\u00e9ments visuels et textuels concis, montre comment les transformations d&rsquo;infrastructures fa\u00e7onnent [&hellip;]","og_url":"https:\/\/www.coolturalia.com\/fr\/event\/exposition-voie-verte\/","og_site_name":"Coolturalia","og_image":[{"width":150,"height":150,"url":"https:\/\/www.coolturalia.com\/wp-content\/uploads\/2024\/04\/favicon-coolturalia-2.png","type":"image\/png"}],"twitter_card":"summary_large_image","schema":{"@context":"https:\/\/schema.org","@graph":[{"@type":"WebPage","@id":"https:\/\/www.coolturalia.com\/fr\/event\/exposition-voie-verte\/","url":"https:\/\/www.coolturalia.com\/fr\/event\/exposition-voie-verte\/","name":"Exposition Voie verte - Coolturalia","isPartOf":{"@id":"https:\/\/www.coolturalia.com\/fr\/#website"},"primaryImageOfPage":{"@id":"https:\/\/www.coolturalia.com\/fr\/event\/exposition-voie-verte\/#primaryimage"},"image":{"@id":"https:\/\/www.coolturalia.com\/fr\/event\/exposition-voie-verte\/#primaryimage"},"thumbnailUrl":"https:\/\/www.coolturalia.com\/wp-content\/uploads\/2026\/09\/Greenway-Exhibition.webp","datePublished":"2026-09-02T09:05:44+00:00","breadcrumb":{"@id":"https:\/\/www.coolturalia.com\/fr\/event\/exposition-voie-verte\/#breadcrumb"},"inLanguage":"fr-FR","potentialAction":[{"@type":"ReadAction","target":["https:\/\/www.coolturalia.com\/fr\/event\/exposition-voie-verte\/"]}]},{"@type":"ImageObject","inLanguage":"fr-FR","@id":"https:\/\/www.coolturalia.com\/fr\/event\/exposition-voie-verte\/#primaryimage","url":"https:\/\/www.coolturalia.com\/wp-content\/uploads\/2026\/09\/Greenway-Exhibition.webp","contentUrl":"https:\/\/www.coolturalia.com\/wp-content\/uploads\/2026\/09\/Greenway-Exhibition.webp","width":700,"height":495,"caption":"undefined"},{"@type":"BreadcrumbList","@id":"https:\/\/www.coolturalia.com\/fr\/event\/exposition-voie-verte\/#breadcrumb","itemListElement":[{"@type":"ListItem","position":1,"name":"Home","item":"https:\/\/www.coolturalia.com\/fr\/"},{"@type":"ListItem","position":2,"name":"Events","item":"https:\/\/www.coolturalia.com\/fr\/events\/"},{"@type":"ListItem","position":3,"name":"Exposition Voie verte"}]},{"@type":"WebSite","@id":"https:\/\/www.coolturalia.com\/fr\/#website","url":"https:\/\/www.coolturalia.com\/fr\/","name":"Coolturalia","description":"","publisher":{"@id":"https:\/\/www.coolturalia.com\/fr\/#organization"},"potentialAction":[{"@type":"SearchAction","target":{"@type":"EntryPoint","urlTemplate":"https:\/\/www.coolturalia.com\/fr\/?s={search_term_string}"},"query-input":{"@type":"PropertyValueSpecification","valueRequired":true,"valueName":"search_term_string"}}],"inLanguage":"fr-FR"},{"@type":"Organization","@id":"https:\/\/www.coolturalia.com\/fr\/#organization","name":"Coolturalia","url":"https:\/\/www.coolturalia.com\/fr\/","logo":{"@type":"ImageObject","inLanguage":"fr-FR","@id":"https:\/\/www.coolturalia.com\/fr\/#\/schema\/logo\/image\/","url":"https:\/\/www.coolturalia.com\/wp-content\/uploads\/2024\/04\/Logo-coolturalia.svg","contentUrl":"https:\/\/www.coolturalia.com\/wp-content\/uploads\/2024\/04\/Logo-coolturalia.svg","width":1312,"height":193,"caption":"Coolturalia"},"image":{"@id":"https:\/\/www.coolturalia.com\/fr\/#\/schema\/logo\/image\/"},"sameAs":["https:\/\/www.instagram.com\/coolturalia_geneva\/"]}]}},"translations":{"translations":{"en":"198700","fr":"198701"},"language":{"code":"fr"},"date":{"dateRange":"2 - 30 septembre"}},"language":{"code":"fr"},"_links":{"self":[{"href":"https:\/\/www.coolturalia.com\/fr\/wp-json\/wp\/v2\/event\/198701","targetHints":{"allow":["GET"]}}],"collection":[{"href":"https:\/\/www.coolturalia.com\/fr\/wp-json\/wp\/v2\/event"}],"about":[{"href":"https:\/\/www.coolturalia.com\/fr\/wp-json\/wp\/v2\/types\/event"}],"version-history":[{"count":0,"href":"https:\/\/www.coolturalia.com\/fr\/wp-json\/wp\/v2\/event\/198701\/revisions"}],"wp:featuredmedia":[{"embeddable":true,"href":"https:\/\/www.coolturalia.com\/fr\/wp-json\/wp\/v2\/media\/198699"}],"wp:attachment":[{"href":"https:\/\/www.coolturalia.com\/fr\/wp-json\/wp\/v2\/media?parent=198701"}],"wp:term":[{"taxonomy":"post_tag","embeddable":true,"href":"https:\/\/www.coolturalia.com\/fr\/wp-json\/wp\/v2\/tags?post=198701"},{"taxonomy":"event-category","embeddable":true,"href":"https:\/\/www.coolturalia.com\/fr\/wp-json\/wp\/v2\/event-category?post=198701"},{"taxonomy":"event-venue","embeddable":true,"href":"https:\/\/www.coolturalia.com\/fr\/wp-json\/wp\/v2\/event-venue?post=198701"}],"curies":[{"name":"wp","href":"https:\/\/api.w.org\/{rel}","templated":true}]}}