{"id":198652,"date":"2026-09-01T13:59:52","date_gmt":"2026-09-01T11:59:52","guid":{"rendered":"https:\/\/www.coolturalia.com\/event\/journees-europeennes-du-patrimoine-a-carouge\/"},"modified":"2026-09-01T13:59:52","modified_gmt":"2026-09-01T11:59:52","slug":"journees-europeennes-du-patrimoine-a-carouge","status":"publish","type":"event","link":"https:\/\/www.coolturalia.com\/fr\/event\/journees-europeennes-du-patrimoine-a-carouge\/","title":{"rendered":"Journ\u00e9es europ\u00e9ennes du patrimoine \u00e0 Carouge"},"content":{"rendered":"<p>\u00c0 l&rsquo;occasion des Journ\u00e9es europ\u00e9ennes du patrimoine, des lieux historiques ouvrent leurs portes avec ateliers participatifs et projections continues. Une exposition en plein air et une balade historique et architecturale invitent \u00e0 explorer la m\u00e9moire visuelle de la cit\u00e9 et \u00e0 partager r\u00e9cits et souvenirs. Les activit\u00e9s s&rsquo;adressent \u00e0 tous les \u00e2ges pour apprendre sur la pr\u00e9servation et renforcer les liens entre voisin\u00b7e\u00b7s. Organis\u00e9 par le canton sous le th\u00e8me \u00ab Le patrimoine en p\u00e9ril \u00bb, le programme encourage la r\u00e9flexion collective et l&rsquo;engagement.<\/p>\n","protected":false},"excerpt":{"rendered":"<p>\u00c0 l&rsquo;occasion des Journ\u00e9es europ\u00e9ennes du patrimoine, des lieux historiques ouvrent leurs portes avec ateliers participatifs et projections continues. Une exposition en plein air et une balade historique et architecturale invitent \u00e0 explorer la m\u00e9moire visuelle de la cit\u00e9 et \u00e0 partager r\u00e9cits et souvenirs. Les activit\u00e9s s&rsquo;adressent \u00e0 tous les \u00e2ges pour apprendre sur [&hellip;]<\/p>\n","protected":false},"featured_media":198650,"parent":0,"menu_order":0,"template":"","format":"standard","meta":{"_acf_changed":false,"footnotes":""},"tags":[1014],"event-category":[454],"event-venue":[768],"class_list":["post-198652","event","type-event","status-publish","format-standard","has-post-thumbnail","hentry","tag-portrait-image-fr","event-category-communaute","event-venue-carouge-fr"],"acf":{"price":"Gratuit","date":"12 - 13 septembre","start_date":"2026-09-12 10:00:00","end_date":"2026-09-13 18:00:00","website_link":"https:\/\/www.carouge.ch\/agenda\/journees-europeennes-du-patrimoine-carouge","link_buy_tickets":"","highlighted":false,"photo_credit":"","timings":[{"timing_start_date":"2026-09-12 10:00:00","timing_end_date":"2026-09-12 18:00:00"},{"timing_start_date":"2026-09-13 10:00:00","timing_end_date":"2026-09-13 18:00:00"}],"external_id":""},"yoast_head":"<!-- This site is optimized with the Yoast SEO plugin v28.3 - https:\/\/yoast.com\/product\/yoast-seo-wordpress\/ -->\n<title>Journ\u00e9es europ\u00e9ennes du patrimoine \u00e0 Carouge - Coolturalia<\/title>\n<meta name=\"robots\" content=\"index, follow, max-snippet:-1, max-image-preview:large, max-video-preview:-1\" \/>\n<link rel=\"canonical\" href=\"https:\/\/www.coolturalia.com\/fr\/event\/journees-europeennes-du-patrimoine-a-carouge\/\" \/>\n<meta property=\"og:locale\" content=\"fr_FR\" \/>\n<meta property=\"og:type\" content=\"article\" \/>\n<meta property=\"og:title\" content=\"Journ\u00e9es europ\u00e9ennes du patrimoine \u00e0 Carouge - Coolturalia\" \/>\n<meta property=\"og:description\" content=\"\u00c0 l&rsquo;occasion des Journ\u00e9es europ\u00e9ennes du patrimoine, des lieux historiques ouvrent leurs portes avec ateliers participatifs et projections continues. Une exposition en plein air et une balade historique et architecturale invitent \u00e0 explorer la m\u00e9moire visuelle de la cit\u00e9 et \u00e0 partager r\u00e9cits et souvenirs. Les activit\u00e9s s&rsquo;adressent \u00e0 tous les \u00e2ges pour apprendre sur [&hellip;]\" \/>\n<meta property=\"og:url\" content=\"https:\/\/www.coolturalia.com\/fr\/event\/journees-europeennes-du-patrimoine-a-carouge\/\" \/>\n<meta property=\"og:site_name\" content=\"Coolturalia\" \/>\n<meta property=\"og:image\" content=\"https:\/\/www.coolturalia.com\/wp-content\/uploads\/2024\/04\/favicon-coolturalia-2.png\" \/>\n\t<meta property=\"og:image:width\" content=\"150\" \/>\n\t<meta property=\"og:image:height\" content=\"150\" \/>\n\t<meta property=\"og:image:type\" content=\"image\/png\" \/>\n<meta name=\"twitter:card\" content=\"summary_large_image\" \/>\n<script type=\"application\/ld+json\" class=\"yoast-schema-graph\">{\"@context\":\"https:\\\/\\\/schema.org\",\"@graph\":[{\"@type\":\"WebPage\",\"@id\":\"https:\\\/\\\/www.coolturalia.com\\\/fr\\\/event\\\/journees-europeennes-du-patrimoine-a-carouge\\\/\",\"url\":\"https:\\\/\\\/www.coolturalia.com\\\/fr\\\/event\\\/journees-europeennes-du-patrimoine-a-carouge\\\/\",\"name\":\"Journ\u00e9es europ\u00e9ennes du patrimoine \u00e0 Carouge - Coolturalia\",\"isPartOf\":{\"@id\":\"https:\\\/\\\/www.coolturalia.com\\\/fr\\\/#website\"},\"primaryImageOfPage\":{\"@id\":\"https:\\\/\\\/www.coolturalia.com\\\/fr\\\/event\\\/journees-europeennes-du-patrimoine-a-carouge\\\/#primaryimage\"},\"image\":{\"@id\":\"https:\\\/\\\/www.coolturalia.com\\\/fr\\\/event\\\/journees-europeennes-du-patrimoine-a-carouge\\\/#primaryimage\"},\"thumbnailUrl\":\"https:\\\/\\\/www.coolturalia.com\\\/wp-content\\\/uploads\\\/2026\\\/09\\\/European-Heritage-Days-in-Carouge.webp\",\"datePublished\":\"2026-09-01T11:59:52+00:00\",\"breadcrumb\":{\"@id\":\"https:\\\/\\\/www.coolturalia.com\\\/fr\\\/event\\\/journees-europeennes-du-patrimoine-a-carouge\\\/#breadcrumb\"},\"inLanguage\":\"fr-FR\",\"potentialAction\":[{\"@type\":\"ReadAction\",\"target\":[\"https:\\\/\\\/www.coolturalia.com\\\/fr\\\/event\\\/journees-europeennes-du-patrimoine-a-carouge\\\/\"]}]},{\"@type\":\"ImageObject\",\"inLanguage\":\"fr-FR\",\"@id\":\"https:\\\/\\\/www.coolturalia.com\\\/fr\\\/event\\\/journees-europeennes-du-patrimoine-a-carouge\\\/#primaryimage\",\"url\":\"https:\\\/\\\/www.coolturalia.com\\\/wp-content\\\/uploads\\\/2026\\\/09\\\/European-Heritage-Days-in-Carouge.webp\",\"contentUrl\":\"https:\\\/\\\/www.coolturalia.com\\\/wp-content\\\/uploads\\\/2026\\\/09\\\/European-Heritage-Days-in-Carouge.webp\",\"width\":512,\"height\":722,\"caption\":\"undefined\"},{\"@type\":\"BreadcrumbList\",\"@id\":\"https:\\\/\\\/www.coolturalia.com\\\/fr\\\/event\\\/journees-europeennes-du-patrimoine-a-carouge\\\/#breadcrumb\",\"itemListElement\":[{\"@type\":\"ListItem\",\"position\":1,\"name\":\"Home\",\"item\":\"https:\\\/\\\/www.coolturalia.com\\\/fr\\\/\"},{\"@type\":\"ListItem\",\"position\":2,\"name\":\"Events\",\"item\":\"https:\\\/\\\/www.coolturalia.com\\\/fr\\\/events\\\/\"},{\"@type\":\"ListItem\",\"position\":3,\"name\":\"Journ\u00e9es europ\u00e9ennes du patrimoine \u00e0 Carouge\"}]},{\"@type\":\"WebSite\",\"@id\":\"https:\\\/\\\/www.coolturalia.com\\\/fr\\\/#website\",\"url\":\"https:\\\/\\\/www.coolturalia.com\\\/fr\\\/\",\"name\":\"Coolturalia\",\"description\":\"\",\"publisher\":{\"@id\":\"https:\\\/\\\/www.coolturalia.com\\\/fr\\\/#organization\"},\"potentialAction\":[{\"@type\":\"SearchAction\",\"target\":{\"@type\":\"EntryPoint\",\"urlTemplate\":\"https:\\\/\\\/www.coolturalia.com\\\/fr\\\/?s={search_term_string}\"},\"query-input\":{\"@type\":\"PropertyValueSpecification\",\"valueRequired\":true,\"valueName\":\"search_term_string\"}}],\"inLanguage\":\"fr-FR\"},{\"@type\":\"Organization\",\"@id\":\"https:\\\/\\\/www.coolturalia.com\\\/fr\\\/#organization\",\"name\":\"Coolturalia\",\"url\":\"https:\\\/\\\/www.coolturalia.com\\\/fr\\\/\",\"logo\":{\"@type\":\"ImageObject\",\"inLanguage\":\"fr-FR\",\"@id\":\"https:\\\/\\\/www.coolturalia.com\\\/fr\\\/#\\\/schema\\\/logo\\\/image\\\/\",\"url\":\"https:\\\/\\\/www.coolturalia.com\\\/wp-content\\\/uploads\\\/2024\\\/04\\\/Logo-coolturalia.svg\",\"contentUrl\":\"https:\\\/\\\/www.coolturalia.com\\\/wp-content\\\/uploads\\\/2024\\\/04\\\/Logo-coolturalia.svg\",\"width\":1312,\"height\":193,\"caption\":\"Coolturalia\"},\"image\":{\"@id\":\"https:\\\/\\\/www.coolturalia.com\\\/fr\\\/#\\\/schema\\\/logo\\\/image\\\/\"},\"sameAs\":[\"https:\\\/\\\/www.instagram.com\\\/coolturalia_geneva\\\/\"]}]}<\/script>\n<!-- \/ Yoast SEO plugin. -->","yoast_head_json":{"title":"Journ\u00e9es europ\u00e9ennes du patrimoine \u00e0 Carouge - Coolturalia","robots":{"index":"index","follow":"follow","max-snippet":"max-snippet:-1","max-image-preview":"max-image-preview:large","max-video-preview":"max-video-preview:-1"},"canonical":"https:\/\/www.coolturalia.com\/fr\/event\/journees-europeennes-du-patrimoine-a-carouge\/","og_locale":"fr_FR","og_type":"article","og_title":"Journ\u00e9es europ\u00e9ennes du patrimoine \u00e0 Carouge - Coolturalia","og_description":"\u00c0 l&rsquo;occasion des Journ\u00e9es europ\u00e9ennes du patrimoine, des lieux historiques ouvrent leurs portes avec ateliers participatifs et projections continues. Une exposition en plein air et une balade historique et architecturale invitent \u00e0 explorer la m\u00e9moire visuelle de la cit\u00e9 et \u00e0 partager r\u00e9cits et souvenirs. Les activit\u00e9s s&rsquo;adressent \u00e0 tous les \u00e2ges pour apprendre sur [&hellip;]","og_url":"https:\/\/www.coolturalia.com\/fr\/event\/journees-europeennes-du-patrimoine-a-carouge\/","og_site_name":"Coolturalia","og_image":[{"width":150,"height":150,"url":"https:\/\/www.coolturalia.com\/wp-content\/uploads\/2024\/04\/favicon-coolturalia-2.png","type":"image\/png"}],"twitter_card":"summary_large_image","schema":{"@context":"https:\/\/schema.org","@graph":[{"@type":"WebPage","@id":"https:\/\/www.coolturalia.com\/fr\/event\/journees-europeennes-du-patrimoine-a-carouge\/","url":"https:\/\/www.coolturalia.com\/fr\/event\/journees-europeennes-du-patrimoine-a-carouge\/","name":"Journ\u00e9es europ\u00e9ennes du patrimoine \u00e0 Carouge - Coolturalia","isPartOf":{"@id":"https:\/\/www.coolturalia.com\/fr\/#website"},"primaryImageOfPage":{"@id":"https:\/\/www.coolturalia.com\/fr\/event\/journees-europeennes-du-patrimoine-a-carouge\/#primaryimage"},"image":{"@id":"https:\/\/www.coolturalia.com\/fr\/event\/journees-europeennes-du-patrimoine-a-carouge\/#primaryimage"},"thumbnailUrl":"https:\/\/www.coolturalia.com\/wp-content\/uploads\/2026\/09\/European-Heritage-Days-in-Carouge.webp","datePublished":"2026-09-01T11:59:52+00:00","breadcrumb":{"@id":"https:\/\/www.coolturalia.com\/fr\/event\/journees-europeennes-du-patrimoine-a-carouge\/#breadcrumb"},"inLanguage":"fr-FR","potentialAction":[{"@type":"ReadAction","target":["https:\/\/www.coolturalia.com\/fr\/event\/journees-europeennes-du-patrimoine-a-carouge\/"]}]},{"@type":"ImageObject","inLanguage":"fr-FR","@id":"https:\/\/www.coolturalia.com\/fr\/event\/journees-europeennes-du-patrimoine-a-carouge\/#primaryimage","url":"https:\/\/www.coolturalia.com\/wp-content\/uploads\/2026\/09\/European-Heritage-Days-in-Carouge.webp","contentUrl":"https:\/\/www.coolturalia.com\/wp-content\/uploads\/2026\/09\/European-Heritage-Days-in-Carouge.webp","width":512,"height":722,"caption":"undefined"},{"@type":"BreadcrumbList","@id":"https:\/\/www.coolturalia.com\/fr\/event\/journees-europeennes-du-patrimoine-a-carouge\/#breadcrumb","itemListElement":[{"@type":"ListItem","position":1,"name":"Home","item":"https:\/\/www.coolturalia.com\/fr\/"},{"@type":"ListItem","position":2,"name":"Events","item":"https:\/\/www.coolturalia.com\/fr\/events\/"},{"@type":"ListItem","position":3,"name":"Journ\u00e9es europ\u00e9ennes du patrimoine \u00e0 Carouge"}]},{"@type":"WebSite","@id":"https:\/\/www.coolturalia.com\/fr\/#website","url":"https:\/\/www.coolturalia.com\/fr\/","name":"Coolturalia","description":"","publisher":{"@id":"https:\/\/www.coolturalia.com\/fr\/#organization"},"potentialAction":[{"@type":"SearchAction","target":{"@type":"EntryPoint","urlTemplate":"https:\/\/www.coolturalia.com\/fr\/?s={search_term_string}"},"query-input":{"@type":"PropertyValueSpecification","valueRequired":true,"valueName":"search_term_string"}}],"inLanguage":"fr-FR"},{"@type":"Organization","@id":"https:\/\/www.coolturalia.com\/fr\/#organization","name":"Coolturalia","url":"https:\/\/www.coolturalia.com\/fr\/","logo":{"@type":"ImageObject","inLanguage":"fr-FR","@id":"https:\/\/www.coolturalia.com\/fr\/#\/schema\/logo\/image\/","url":"https:\/\/www.coolturalia.com\/wp-content\/uploads\/2024\/04\/Logo-coolturalia.svg","contentUrl":"https:\/\/www.coolturalia.com\/wp-content\/uploads\/2024\/04\/Logo-coolturalia.svg","width":1312,"height":193,"caption":"Coolturalia"},"image":{"@id":"https:\/\/www.coolturalia.com\/fr\/#\/schema\/logo\/image\/"},"sameAs":["https:\/\/www.instagram.com\/coolturalia_geneva\/"]}]}},"translations":{"translations":{"en":"198651","fr":"198652"},"language":{"code":"fr"},"date":{"dateRange":"12 - 13 septembre"}},"language":{"code":"fr"},"_links":{"self":[{"href":"https:\/\/www.coolturalia.com\/fr\/wp-json\/wp\/v2\/event\/198652","targetHints":{"allow":["GET"]}}],"collection":[{"href":"https:\/\/www.coolturalia.com\/fr\/wp-json\/wp\/v2\/event"}],"about":[{"href":"https:\/\/www.coolturalia.com\/fr\/wp-json\/wp\/v2\/types\/event"}],"version-history":[{"count":0,"href":"https:\/\/www.coolturalia.com\/fr\/wp-json\/wp\/v2\/event\/198652\/revisions"}],"wp:featuredmedia":[{"embeddable":true,"href":"https:\/\/www.coolturalia.com\/fr\/wp-json\/wp\/v2\/media\/198650"}],"wp:attachment":[{"href":"https:\/\/www.coolturalia.com\/fr\/wp-json\/wp\/v2\/media?parent=198652"}],"wp:term":[{"taxonomy":"post_tag","embeddable":true,"href":"https:\/\/www.coolturalia.com\/fr\/wp-json\/wp\/v2\/tags?post=198652"},{"taxonomy":"event-category","embeddable":true,"href":"https:\/\/www.coolturalia.com\/fr\/wp-json\/wp\/v2\/event-category?post=198652"},{"taxonomy":"event-venue","embeddable":true,"href":"https:\/\/www.coolturalia.com\/fr\/wp-json\/wp\/v2\/event-venue?post=198652"}],"curies":[{"name":"wp","href":"https:\/\/api.w.org\/{rel}","templated":true}]}}