{"id":198425,"date":"2026-08-28T08:22:35","date_gmt":"2026-08-28T06:22:35","guid":{"rendered":"https:\/\/www.coolturalia.com\/event\/fete-des-recoltes-des-nouveaux-jardins\/"},"modified":"2026-08-28T08:22:35","modified_gmt":"2026-08-28T06:22:35","slug":"fete-des-recoltes-des-nouveaux-jardins","status":"publish","type":"event","link":"https:\/\/www.coolturalia.com\/fr\/event\/fete-des-recoltes-des-nouveaux-jardins\/","title":{"rendered":"F\u00eate des r\u00e9coltes des Nouveaux Jardins"},"content":{"rendered":"<p>C\u00e9l\u00e9brons la saison lors d\u2019un rassemblement de r\u00e9colte ouvert \u00e0 toutes et tous. Venez d\u00e9couvrir les fruits de cette ann\u00e9e, rencontrer les personnes qui font vivre les parcelles et partager un moment convivial. Nous partagerons un buffet canadien participatif, \u00e9changerons des histoires et des conseils de jardinage, et f\u00eaterons les liens cr\u00e9\u00e9s pendant la p\u00e9riode de culture. Que vous participiez r\u00e9guli\u00e8rement ou soyez simplement curieux\u00b7se, rejoignez-nous pour marquer la fin de l\u2019\u00e9t\u00e9 et renforcer notre sentiment d\u2019appartenance.<\/p>\n","protected":false},"excerpt":{"rendered":"<p>C\u00e9l\u00e9brons la saison lors d\u2019un rassemblement de r\u00e9colte ouvert \u00e0 toutes et tous. Venez d\u00e9couvrir les fruits de cette ann\u00e9e, rencontrer les personnes qui font vivre les parcelles et partager un moment convivial. Nous partagerons un buffet canadien participatif, \u00e9changerons des histoires et des conseils de jardinage, et f\u00eaterons les liens cr\u00e9\u00e9s pendant la p\u00e9riode [&hellip;]<\/p>\n","protected":false},"featured_media":198423,"parent":0,"menu_order":0,"template":"","format":"standard","meta":{"_acf_changed":false,"footnotes":""},"tags":[],"event-category":[454],"event-venue":[730],"class_list":["post-198425","event","type-event","status-publish","format-standard","has-post-thumbnail","hentry","event-category-communaute","event-venue-geneva-graduate-institute-maison-de-la-paix-fr"],"acf":{"price":"Gratuit","date":"Mercredi 2 septembre, 17:00","start_date":"2026-09-02 17:00:00","end_date":"2026-09-02 20:00:00","website_link":"https:\/\/www.instagram.com\/p\/DcbZuRgjj4E\/","link_buy_tickets":"","highlighted":false,"photo_credit":"Susana Jim\u00e9nez\/EPER","timings":[{"timing_start_date":"2026-09-02 17:00:00","timing_end_date":"2026-09-02 20:00:00"}],"external_id":"96988546"},"yoast_head":"<!-- This site is optimized with the Yoast SEO plugin v28.3 - https:\/\/yoast.com\/product\/yoast-seo-wordpress\/ -->\n<title>F\u00eate des r\u00e9coltes des Nouveaux Jardins - Coolturalia<\/title>\n<meta name=\"robots\" content=\"index, follow, max-snippet:-1, max-image-preview:large, max-video-preview:-1\" \/>\n<link rel=\"canonical\" href=\"https:\/\/www.coolturalia.com\/fr\/event\/fete-des-recoltes-des-nouveaux-jardins\/\" \/>\n<meta property=\"og:locale\" content=\"fr_FR\" \/>\n<meta property=\"og:type\" content=\"article\" \/>\n<meta property=\"og:title\" content=\"F\u00eate des r\u00e9coltes des Nouveaux Jardins - Coolturalia\" \/>\n<meta property=\"og:description\" content=\"C\u00e9l\u00e9brons la saison lors d\u2019un rassemblement de r\u00e9colte ouvert \u00e0 toutes et tous. Venez d\u00e9couvrir les fruits de cette ann\u00e9e, rencontrer les personnes qui font vivre les parcelles et partager un moment convivial. Nous partagerons un buffet canadien participatif, \u00e9changerons des histoires et des conseils de jardinage, et f\u00eaterons les liens cr\u00e9\u00e9s pendant la p\u00e9riode [&hellip;]\" \/>\n<meta property=\"og:url\" content=\"https:\/\/www.coolturalia.com\/fr\/event\/fete-des-recoltes-des-nouveaux-jardins\/\" \/>\n<meta property=\"og:site_name\" content=\"Coolturalia\" \/>\n<meta property=\"og:image\" content=\"https:\/\/www.coolturalia.com\/wp-content\/uploads\/2024\/04\/favicon-coolturalia-2.png\" \/>\n\t<meta property=\"og:image:width\" content=\"150\" \/>\n\t<meta property=\"og:image:height\" content=\"150\" \/>\n\t<meta property=\"og:image:type\" content=\"image\/png\" \/>\n<meta name=\"twitter:card\" content=\"summary_large_image\" \/>\n<script type=\"application\/ld+json\" class=\"yoast-schema-graph\">{\"@context\":\"https:\\\/\\\/schema.org\",\"@graph\":[{\"@type\":\"WebPage\",\"@id\":\"https:\\\/\\\/www.coolturalia.com\\\/fr\\\/event\\\/fete-des-recoltes-des-nouveaux-jardins\\\/\",\"url\":\"https:\\\/\\\/www.coolturalia.com\\\/fr\\\/event\\\/fete-des-recoltes-des-nouveaux-jardins\\\/\",\"name\":\"F\u00eate des r\u00e9coltes des Nouveaux Jardins - Coolturalia\",\"isPartOf\":{\"@id\":\"https:\\\/\\\/www.coolturalia.com\\\/fr\\\/#website\"},\"primaryImageOfPage\":{\"@id\":\"https:\\\/\\\/www.coolturalia.com\\\/fr\\\/event\\\/fete-des-recoltes-des-nouveaux-jardins\\\/#primaryimage\"},\"image\":{\"@id\":\"https:\\\/\\\/www.coolturalia.com\\\/fr\\\/event\\\/fete-des-recoltes-des-nouveaux-jardins\\\/#primaryimage\"},\"thumbnailUrl\":\"https:\\\/\\\/www.coolturalia.com\\\/wp-content\\\/uploads\\\/2026\\\/08\\\/Community-Harvest-Gathering.webp\",\"datePublished\":\"2026-08-28T06:22:35+00:00\",\"breadcrumb\":{\"@id\":\"https:\\\/\\\/www.coolturalia.com\\\/fr\\\/event\\\/fete-des-recoltes-des-nouveaux-jardins\\\/#breadcrumb\"},\"inLanguage\":\"fr-FR\",\"potentialAction\":[{\"@type\":\"ReadAction\",\"target\":[\"https:\\\/\\\/www.coolturalia.com\\\/fr\\\/event\\\/fete-des-recoltes-des-nouveaux-jardins\\\/\"]}]},{\"@type\":\"ImageObject\",\"inLanguage\":\"fr-FR\",\"@id\":\"https:\\\/\\\/www.coolturalia.com\\\/fr\\\/event\\\/fete-des-recoltes-des-nouveaux-jardins\\\/#primaryimage\",\"url\":\"https:\\\/\\\/www.coolturalia.com\\\/wp-content\\\/uploads\\\/2026\\\/08\\\/Community-Harvest-Gathering.webp\",\"contentUrl\":\"https:\\\/\\\/www.coolturalia.com\\\/wp-content\\\/uploads\\\/2026\\\/08\\\/Community-Harvest-Gathering.webp\",\"width\":700,\"height\":525,\"caption\":\"undefined\"},{\"@type\":\"BreadcrumbList\",\"@id\":\"https:\\\/\\\/www.coolturalia.com\\\/fr\\\/event\\\/fete-des-recoltes-des-nouveaux-jardins\\\/#breadcrumb\",\"itemListElement\":[{\"@type\":\"ListItem\",\"position\":1,\"name\":\"Home\",\"item\":\"https:\\\/\\\/www.coolturalia.com\\\/fr\\\/\"},{\"@type\":\"ListItem\",\"position\":2,\"name\":\"Events\",\"item\":\"https:\\\/\\\/www.coolturalia.com\\\/fr\\\/events\\\/\"},{\"@type\":\"ListItem\",\"position\":3,\"name\":\"F\u00eate des r\u00e9coltes des Nouveaux Jardins\"}]},{\"@type\":\"WebSite\",\"@id\":\"https:\\\/\\\/www.coolturalia.com\\\/fr\\\/#website\",\"url\":\"https:\\\/\\\/www.coolturalia.com\\\/fr\\\/\",\"name\":\"Coolturalia\",\"description\":\"\",\"publisher\":{\"@id\":\"https:\\\/\\\/www.coolturalia.com\\\/fr\\\/#organization\"},\"potentialAction\":[{\"@type\":\"SearchAction\",\"target\":{\"@type\":\"EntryPoint\",\"urlTemplate\":\"https:\\\/\\\/www.coolturalia.com\\\/fr\\\/?s={search_term_string}\"},\"query-input\":{\"@type\":\"PropertyValueSpecification\",\"valueRequired\":true,\"valueName\":\"search_term_string\"}}],\"inLanguage\":\"fr-FR\"},{\"@type\":\"Organization\",\"@id\":\"https:\\\/\\\/www.coolturalia.com\\\/fr\\\/#organization\",\"name\":\"Coolturalia\",\"url\":\"https:\\\/\\\/www.coolturalia.com\\\/fr\\\/\",\"logo\":{\"@type\":\"ImageObject\",\"inLanguage\":\"fr-FR\",\"@id\":\"https:\\\/\\\/www.coolturalia.com\\\/fr\\\/#\\\/schema\\\/logo\\\/image\\\/\",\"url\":\"https:\\\/\\\/www.coolturalia.com\\\/wp-content\\\/uploads\\\/2024\\\/04\\\/Logo-coolturalia.svg\",\"contentUrl\":\"https:\\\/\\\/www.coolturalia.com\\\/wp-content\\\/uploads\\\/2024\\\/04\\\/Logo-coolturalia.svg\",\"width\":1312,\"height\":193,\"caption\":\"Coolturalia\"},\"image\":{\"@id\":\"https:\\\/\\\/www.coolturalia.com\\\/fr\\\/#\\\/schema\\\/logo\\\/image\\\/\"},\"sameAs\":[\"https:\\\/\\\/www.instagram.com\\\/coolturalia_geneva\\\/\"]}]}<\/script>\n<!-- \/ Yoast SEO plugin. -->","yoast_head_json":{"title":"F\u00eate des r\u00e9coltes des Nouveaux Jardins - Coolturalia","robots":{"index":"index","follow":"follow","max-snippet":"max-snippet:-1","max-image-preview":"max-image-preview:large","max-video-preview":"max-video-preview:-1"},"canonical":"https:\/\/www.coolturalia.com\/fr\/event\/fete-des-recoltes-des-nouveaux-jardins\/","og_locale":"fr_FR","og_type":"article","og_title":"F\u00eate des r\u00e9coltes des Nouveaux Jardins - Coolturalia","og_description":"C\u00e9l\u00e9brons la saison lors d\u2019un rassemblement de r\u00e9colte ouvert \u00e0 toutes et tous. Venez d\u00e9couvrir les fruits de cette ann\u00e9e, rencontrer les personnes qui font vivre les parcelles et partager un moment convivial. Nous partagerons un buffet canadien participatif, \u00e9changerons des histoires et des conseils de jardinage, et f\u00eaterons les liens cr\u00e9\u00e9s pendant la p\u00e9riode [&hellip;]","og_url":"https:\/\/www.coolturalia.com\/fr\/event\/fete-des-recoltes-des-nouveaux-jardins\/","og_site_name":"Coolturalia","og_image":[{"width":150,"height":150,"url":"https:\/\/www.coolturalia.com\/wp-content\/uploads\/2024\/04\/favicon-coolturalia-2.png","type":"image\/png"}],"twitter_card":"summary_large_image","schema":{"@context":"https:\/\/schema.org","@graph":[{"@type":"WebPage","@id":"https:\/\/www.coolturalia.com\/fr\/event\/fete-des-recoltes-des-nouveaux-jardins\/","url":"https:\/\/www.coolturalia.com\/fr\/event\/fete-des-recoltes-des-nouveaux-jardins\/","name":"F\u00eate des r\u00e9coltes des Nouveaux Jardins - Coolturalia","isPartOf":{"@id":"https:\/\/www.coolturalia.com\/fr\/#website"},"primaryImageOfPage":{"@id":"https:\/\/www.coolturalia.com\/fr\/event\/fete-des-recoltes-des-nouveaux-jardins\/#primaryimage"},"image":{"@id":"https:\/\/www.coolturalia.com\/fr\/event\/fete-des-recoltes-des-nouveaux-jardins\/#primaryimage"},"thumbnailUrl":"https:\/\/www.coolturalia.com\/wp-content\/uploads\/2026\/08\/Community-Harvest-Gathering.webp","datePublished":"2026-08-28T06:22:35+00:00","breadcrumb":{"@id":"https:\/\/www.coolturalia.com\/fr\/event\/fete-des-recoltes-des-nouveaux-jardins\/#breadcrumb"},"inLanguage":"fr-FR","potentialAction":[{"@type":"ReadAction","target":["https:\/\/www.coolturalia.com\/fr\/event\/fete-des-recoltes-des-nouveaux-jardins\/"]}]},{"@type":"ImageObject","inLanguage":"fr-FR","@id":"https:\/\/www.coolturalia.com\/fr\/event\/fete-des-recoltes-des-nouveaux-jardins\/#primaryimage","url":"https:\/\/www.coolturalia.com\/wp-content\/uploads\/2026\/08\/Community-Harvest-Gathering.webp","contentUrl":"https:\/\/www.coolturalia.com\/wp-content\/uploads\/2026\/08\/Community-Harvest-Gathering.webp","width":700,"height":525,"caption":"undefined"},{"@type":"BreadcrumbList","@id":"https:\/\/www.coolturalia.com\/fr\/event\/fete-des-recoltes-des-nouveaux-jardins\/#breadcrumb","itemListElement":[{"@type":"ListItem","position":1,"name":"Home","item":"https:\/\/www.coolturalia.com\/fr\/"},{"@type":"ListItem","position":2,"name":"Events","item":"https:\/\/www.coolturalia.com\/fr\/events\/"},{"@type":"ListItem","position":3,"name":"F\u00eate des r\u00e9coltes des Nouveaux Jardins"}]},{"@type":"WebSite","@id":"https:\/\/www.coolturalia.com\/fr\/#website","url":"https:\/\/www.coolturalia.com\/fr\/","name":"Coolturalia","description":"","publisher":{"@id":"https:\/\/www.coolturalia.com\/fr\/#organization"},"potentialAction":[{"@type":"SearchAction","target":{"@type":"EntryPoint","urlTemplate":"https:\/\/www.coolturalia.com\/fr\/?s={search_term_string}"},"query-input":{"@type":"PropertyValueSpecification","valueRequired":true,"valueName":"search_term_string"}}],"inLanguage":"fr-FR"},{"@type":"Organization","@id":"https:\/\/www.coolturalia.com\/fr\/#organization","name":"Coolturalia","url":"https:\/\/www.coolturalia.com\/fr\/","logo":{"@type":"ImageObject","inLanguage":"fr-FR","@id":"https:\/\/www.coolturalia.com\/fr\/#\/schema\/logo\/image\/","url":"https:\/\/www.coolturalia.com\/wp-content\/uploads\/2024\/04\/Logo-coolturalia.svg","contentUrl":"https:\/\/www.coolturalia.com\/wp-content\/uploads\/2024\/04\/Logo-coolturalia.svg","width":1312,"height":193,"caption":"Coolturalia"},"image":{"@id":"https:\/\/www.coolturalia.com\/fr\/#\/schema\/logo\/image\/"},"sameAs":["https:\/\/www.instagram.com\/coolturalia_geneva\/"]}]}},"translations":{"translations":{"en":"198424","fr":"198425"},"language":{"code":"fr"},"date":{"dateRange":"Mercredi 2 septembre, 17:00"}},"language":{"code":"fr"},"_links":{"self":[{"href":"https:\/\/www.coolturalia.com\/fr\/wp-json\/wp\/v2\/event\/198425","targetHints":{"allow":["GET"]}}],"collection":[{"href":"https:\/\/www.coolturalia.com\/fr\/wp-json\/wp\/v2\/event"}],"about":[{"href":"https:\/\/www.coolturalia.com\/fr\/wp-json\/wp\/v2\/types\/event"}],"version-history":[{"count":0,"href":"https:\/\/www.coolturalia.com\/fr\/wp-json\/wp\/v2\/event\/198425\/revisions"}],"wp:featuredmedia":[{"embeddable":true,"href":"https:\/\/www.coolturalia.com\/fr\/wp-json\/wp\/v2\/media\/198423"}],"wp:attachment":[{"href":"https:\/\/www.coolturalia.com\/fr\/wp-json\/wp\/v2\/media?parent=198425"}],"wp:term":[{"taxonomy":"post_tag","embeddable":true,"href":"https:\/\/www.coolturalia.com\/fr\/wp-json\/wp\/v2\/tags?post=198425"},{"taxonomy":"event-category","embeddable":true,"href":"https:\/\/www.coolturalia.com\/fr\/wp-json\/wp\/v2\/event-category?post=198425"},{"taxonomy":"event-venue","embeddable":true,"href":"https:\/\/www.coolturalia.com\/fr\/wp-json\/wp\/v2\/event-venue?post=198425"}],"curies":[{"name":"wp","href":"https:\/\/api.w.org\/{rel}","templated":true}]}}