{"id":198396,"date":"2026-08-27T13:24:35","date_gmt":"2026-08-27T11:24:35","guid":{"rendered":"https:\/\/www.coolturalia.com\/event\/spectacle-des-20-ans-de-zanco\/"},"modified":"2026-08-27T13:24:35","modified_gmt":"2026-08-27T11:24:35","slug":"spectacle-des-20-ans-de-zanco","status":"publish","type":"event","link":"https:\/\/www.coolturalia.com\/fr\/event\/spectacle-des-20-ans-de-zanco\/","title":{"rendered":"Spectacle des 20 ans de Zanco"},"content":{"rendered":"<p>Mis en sc\u00e8ne par Yuval Dishon, le Spectacle des 20 ans de Zanco revisite cinq cr\u00e9ations embl\u00e9matiques dans une promenade immersive et itin\u00e9rante. Les interpr\u00e8tes \u2014 dont le comit\u00e9 Vlady Wagner, Micha Hersch et Cyril Lenz \u2014 animent fant\u00f4mes de papier m\u00e2ch\u00e9, masques et marionnettes, soutenus par les musiques de POL et Guillaume Lagger et la r\u00e9gie son d&rsquo;Ivan Verda. L&rsquo;\u00e9quipe artistique (Stella Giuliani, Jessica Haener, Olga Andreichikova, Mehdi Duman, Dinu Corminboeuf, Oliver Robertson) r\u00e9interroge m\u00e9moire, langage et mythe face \u00e0 la crise d\u00e9mocratique, la peur et la fragmentation sociale, dans une atmosph\u00e8re nocturne et po\u00e9tique.<\/p>\n","protected":false},"excerpt":{"rendered":"<p>Mis en sc\u00e8ne par Yuval Dishon, le Spectacle des 20 ans de Zanco revisite cinq cr\u00e9ations embl\u00e9matiques dans une promenade immersive et itin\u00e9rante. Les interpr\u00e8tes \u2014 dont le comit\u00e9 Vlady Wagner, Micha Hersch et Cyril Lenz \u2014 animent fant\u00f4mes de papier m\u00e2ch\u00e9, masques et marionnettes, soutenus par les musiques de POL et Guillaume Lagger et [&hellip;]<\/p>\n","protected":false},"featured_media":198394,"parent":0,"menu_order":0,"template":"","format":"standard","meta":{"_acf_changed":false,"footnotes":""},"tags":[],"event-category":[444],"event-venue":[],"class_list":["post-198396","event","type-event","status-publish","format-standard","has-post-thumbnail","hentry","event-category-spectacles"],"acf":{"price":"Gratuit","date":"4 - 5 septembre","start_date":"2026-09-04 20:00:00","end_date":"2026-09-05 21:30:00","website_link":"https:\/\/zanco.ch\/spectacles\/spectacle_des_20_ans_de_zanco","link_buy_tickets":"","highlighted":false,"photo_credit":"Miriam Kerchenbaum","timings":[{"timing_start_date":"2026-09-04 20:00:00","timing_end_date":"2026-09-04 21:30:00"}],"external_id":"77356155"},"yoast_head":"<!-- This site is optimized with the Yoast SEO plugin v28.3 - https:\/\/yoast.com\/product\/yoast-seo-wordpress\/ -->\n<title>Spectacle des 20 ans de Zanco - Coolturalia<\/title>\n<meta name=\"robots\" content=\"index, follow, max-snippet:-1, max-image-preview:large, max-video-preview:-1\" \/>\n<link rel=\"canonical\" href=\"https:\/\/www.coolturalia.com\/fr\/event\/spectacle-des-20-ans-de-zanco\/\" \/>\n<meta property=\"og:locale\" content=\"fr_FR\" \/>\n<meta property=\"og:type\" content=\"article\" \/>\n<meta property=\"og:title\" content=\"Spectacle des 20 ans de Zanco - Coolturalia\" \/>\n<meta property=\"og:description\" content=\"Mis en sc\u00e8ne par Yuval Dishon, le Spectacle des 20 ans de Zanco revisite cinq cr\u00e9ations embl\u00e9matiques dans une promenade immersive et itin\u00e9rante. Les interpr\u00e8tes \u2014 dont le comit\u00e9 Vlady Wagner, Micha Hersch et Cyril Lenz \u2014 animent fant\u00f4mes de papier m\u00e2ch\u00e9, masques et marionnettes, soutenus par les musiques de POL et Guillaume Lagger et [&hellip;]\" \/>\n<meta property=\"og:url\" content=\"https:\/\/www.coolturalia.com\/fr\/event\/spectacle-des-20-ans-de-zanco\/\" \/>\n<meta property=\"og:site_name\" content=\"Coolturalia\" \/>\n<meta property=\"og:image\" content=\"https:\/\/www.coolturalia.com\/wp-content\/uploads\/2024\/04\/favicon-coolturalia-2.png\" \/>\n\t<meta property=\"og:image:width\" content=\"150\" \/>\n\t<meta property=\"og:image:height\" content=\"150\" \/>\n\t<meta property=\"og:image:type\" content=\"image\/png\" \/>\n<meta name=\"twitter:card\" content=\"summary_large_image\" \/>\n<meta name=\"twitter:label1\" content=\"Dur\u00e9e de lecture estim\u00e9e\" \/>\n\t<meta name=\"twitter:data1\" content=\"1 minute\" \/>\n<script type=\"application\/ld+json\" class=\"yoast-schema-graph\">{\"@context\":\"https:\\\/\\\/schema.org\",\"@graph\":[{\"@type\":\"WebPage\",\"@id\":\"https:\\\/\\\/www.coolturalia.com\\\/fr\\\/event\\\/spectacle-des-20-ans-de-zanco\\\/\",\"url\":\"https:\\\/\\\/www.coolturalia.com\\\/fr\\\/event\\\/spectacle-des-20-ans-de-zanco\\\/\",\"name\":\"Spectacle des 20 ans de Zanco - Coolturalia\",\"isPartOf\":{\"@id\":\"https:\\\/\\\/www.coolturalia.com\\\/fr\\\/#website\"},\"primaryImageOfPage\":{\"@id\":\"https:\\\/\\\/www.coolturalia.com\\\/fr\\\/event\\\/spectacle-des-20-ans-de-zanco\\\/#primaryimage\"},\"image\":{\"@id\":\"https:\\\/\\\/www.coolturalia.com\\\/fr\\\/event\\\/spectacle-des-20-ans-de-zanco\\\/#primaryimage\"},\"thumbnailUrl\":\"https:\\\/\\\/www.coolturalia.com\\\/wp-content\\\/uploads\\\/2026\\\/08\\\/Zanco-20th-Anniversary-Show.webp\",\"datePublished\":\"2026-08-27T11:24:35+00:00\",\"breadcrumb\":{\"@id\":\"https:\\\/\\\/www.coolturalia.com\\\/fr\\\/event\\\/spectacle-des-20-ans-de-zanco\\\/#breadcrumb\"},\"inLanguage\":\"fr-FR\",\"potentialAction\":[{\"@type\":\"ReadAction\",\"target\":[\"https:\\\/\\\/www.coolturalia.com\\\/fr\\\/event\\\/spectacle-des-20-ans-de-zanco\\\/\"]}]},{\"@type\":\"ImageObject\",\"inLanguage\":\"fr-FR\",\"@id\":\"https:\\\/\\\/www.coolturalia.com\\\/fr\\\/event\\\/spectacle-des-20-ans-de-zanco\\\/#primaryimage\",\"url\":\"https:\\\/\\\/www.coolturalia.com\\\/wp-content\\\/uploads\\\/2026\\\/08\\\/Zanco-20th-Anniversary-Show.webp\",\"contentUrl\":\"https:\\\/\\\/www.coolturalia.com\\\/wp-content\\\/uploads\\\/2026\\\/08\\\/Zanco-20th-Anniversary-Show.webp\",\"width\":683,\"height\":512,\"caption\":\"undefined\"},{\"@type\":\"BreadcrumbList\",\"@id\":\"https:\\\/\\\/www.coolturalia.com\\\/fr\\\/event\\\/spectacle-des-20-ans-de-zanco\\\/#breadcrumb\",\"itemListElement\":[{\"@type\":\"ListItem\",\"position\":1,\"name\":\"Home\",\"item\":\"https:\\\/\\\/www.coolturalia.com\\\/fr\\\/\"},{\"@type\":\"ListItem\",\"position\":2,\"name\":\"Events\",\"item\":\"https:\\\/\\\/www.coolturalia.com\\\/fr\\\/events\\\/\"},{\"@type\":\"ListItem\",\"position\":3,\"name\":\"Spectacle des 20 ans de Zanco\"}]},{\"@type\":\"WebSite\",\"@id\":\"https:\\\/\\\/www.coolturalia.com\\\/fr\\\/#website\",\"url\":\"https:\\\/\\\/www.coolturalia.com\\\/fr\\\/\",\"name\":\"Coolturalia\",\"description\":\"\",\"publisher\":{\"@id\":\"https:\\\/\\\/www.coolturalia.com\\\/fr\\\/#organization\"},\"potentialAction\":[{\"@type\":\"SearchAction\",\"target\":{\"@type\":\"EntryPoint\",\"urlTemplate\":\"https:\\\/\\\/www.coolturalia.com\\\/fr\\\/?s={search_term_string}\"},\"query-input\":{\"@type\":\"PropertyValueSpecification\",\"valueRequired\":true,\"valueName\":\"search_term_string\"}}],\"inLanguage\":\"fr-FR\"},{\"@type\":\"Organization\",\"@id\":\"https:\\\/\\\/www.coolturalia.com\\\/fr\\\/#organization\",\"name\":\"Coolturalia\",\"url\":\"https:\\\/\\\/www.coolturalia.com\\\/fr\\\/\",\"logo\":{\"@type\":\"ImageObject\",\"inLanguage\":\"fr-FR\",\"@id\":\"https:\\\/\\\/www.coolturalia.com\\\/fr\\\/#\\\/schema\\\/logo\\\/image\\\/\",\"url\":\"https:\\\/\\\/www.coolturalia.com\\\/wp-content\\\/uploads\\\/2024\\\/04\\\/Logo-coolturalia.svg\",\"contentUrl\":\"https:\\\/\\\/www.coolturalia.com\\\/wp-content\\\/uploads\\\/2024\\\/04\\\/Logo-coolturalia.svg\",\"width\":1312,\"height\":193,\"caption\":\"Coolturalia\"},\"image\":{\"@id\":\"https:\\\/\\\/www.coolturalia.com\\\/fr\\\/#\\\/schema\\\/logo\\\/image\\\/\"},\"sameAs\":[\"https:\\\/\\\/www.instagram.com\\\/coolturalia_geneva\\\/\"]}]}<\/script>\n<!-- \/ Yoast SEO plugin. -->","yoast_head_json":{"title":"Spectacle des 20 ans de Zanco - Coolturalia","robots":{"index":"index","follow":"follow","max-snippet":"max-snippet:-1","max-image-preview":"max-image-preview:large","max-video-preview":"max-video-preview:-1"},"canonical":"https:\/\/www.coolturalia.com\/fr\/event\/spectacle-des-20-ans-de-zanco\/","og_locale":"fr_FR","og_type":"article","og_title":"Spectacle des 20 ans de Zanco - Coolturalia","og_description":"Mis en sc\u00e8ne par Yuval Dishon, le Spectacle des 20 ans de Zanco revisite cinq cr\u00e9ations embl\u00e9matiques dans une promenade immersive et itin\u00e9rante. Les interpr\u00e8tes \u2014 dont le comit\u00e9 Vlady Wagner, Micha Hersch et Cyril Lenz \u2014 animent fant\u00f4mes de papier m\u00e2ch\u00e9, masques et marionnettes, soutenus par les musiques de POL et Guillaume Lagger et [&hellip;]","og_url":"https:\/\/www.coolturalia.com\/fr\/event\/spectacle-des-20-ans-de-zanco\/","og_site_name":"Coolturalia","og_image":[{"width":150,"height":150,"url":"https:\/\/www.coolturalia.com\/wp-content\/uploads\/2024\/04\/favicon-coolturalia-2.png","type":"image\/png"}],"twitter_card":"summary_large_image","twitter_misc":{"Dur\u00e9e de lecture estim\u00e9e":"1 minute"},"schema":{"@context":"https:\/\/schema.org","@graph":[{"@type":"WebPage","@id":"https:\/\/www.coolturalia.com\/fr\/event\/spectacle-des-20-ans-de-zanco\/","url":"https:\/\/www.coolturalia.com\/fr\/event\/spectacle-des-20-ans-de-zanco\/","name":"Spectacle des 20 ans de Zanco - Coolturalia","isPartOf":{"@id":"https:\/\/www.coolturalia.com\/fr\/#website"},"primaryImageOfPage":{"@id":"https:\/\/www.coolturalia.com\/fr\/event\/spectacle-des-20-ans-de-zanco\/#primaryimage"},"image":{"@id":"https:\/\/www.coolturalia.com\/fr\/event\/spectacle-des-20-ans-de-zanco\/#primaryimage"},"thumbnailUrl":"https:\/\/www.coolturalia.com\/wp-content\/uploads\/2026\/08\/Zanco-20th-Anniversary-Show.webp","datePublished":"2026-08-27T11:24:35+00:00","breadcrumb":{"@id":"https:\/\/www.coolturalia.com\/fr\/event\/spectacle-des-20-ans-de-zanco\/#breadcrumb"},"inLanguage":"fr-FR","potentialAction":[{"@type":"ReadAction","target":["https:\/\/www.coolturalia.com\/fr\/event\/spectacle-des-20-ans-de-zanco\/"]}]},{"@type":"ImageObject","inLanguage":"fr-FR","@id":"https:\/\/www.coolturalia.com\/fr\/event\/spectacle-des-20-ans-de-zanco\/#primaryimage","url":"https:\/\/www.coolturalia.com\/wp-content\/uploads\/2026\/08\/Zanco-20th-Anniversary-Show.webp","contentUrl":"https:\/\/www.coolturalia.com\/wp-content\/uploads\/2026\/08\/Zanco-20th-Anniversary-Show.webp","width":683,"height":512,"caption":"undefined"},{"@type":"BreadcrumbList","@id":"https:\/\/www.coolturalia.com\/fr\/event\/spectacle-des-20-ans-de-zanco\/#breadcrumb","itemListElement":[{"@type":"ListItem","position":1,"name":"Home","item":"https:\/\/www.coolturalia.com\/fr\/"},{"@type":"ListItem","position":2,"name":"Events","item":"https:\/\/www.coolturalia.com\/fr\/events\/"},{"@type":"ListItem","position":3,"name":"Spectacle des 20 ans de Zanco"}]},{"@type":"WebSite","@id":"https:\/\/www.coolturalia.com\/fr\/#website","url":"https:\/\/www.coolturalia.com\/fr\/","name":"Coolturalia","description":"","publisher":{"@id":"https:\/\/www.coolturalia.com\/fr\/#organization"},"potentialAction":[{"@type":"SearchAction","target":{"@type":"EntryPoint","urlTemplate":"https:\/\/www.coolturalia.com\/fr\/?s={search_term_string}"},"query-input":{"@type":"PropertyValueSpecification","valueRequired":true,"valueName":"search_term_string"}}],"inLanguage":"fr-FR"},{"@type":"Organization","@id":"https:\/\/www.coolturalia.com\/fr\/#organization","name":"Coolturalia","url":"https:\/\/www.coolturalia.com\/fr\/","logo":{"@type":"ImageObject","inLanguage":"fr-FR","@id":"https:\/\/www.coolturalia.com\/fr\/#\/schema\/logo\/image\/","url":"https:\/\/www.coolturalia.com\/wp-content\/uploads\/2024\/04\/Logo-coolturalia.svg","contentUrl":"https:\/\/www.coolturalia.com\/wp-content\/uploads\/2024\/04\/Logo-coolturalia.svg","width":1312,"height":193,"caption":"Coolturalia"},"image":{"@id":"https:\/\/www.coolturalia.com\/fr\/#\/schema\/logo\/image\/"},"sameAs":["https:\/\/www.instagram.com\/coolturalia_geneva\/"]}]}},"translations":{"translations":{"en":"198395","fr":"198396"},"language":{"code":"fr"},"date":{"dateRange":"4 - 5 septembre"}},"language":{"code":"fr"},"_links":{"self":[{"href":"https:\/\/www.coolturalia.com\/fr\/wp-json\/wp\/v2\/event\/198396","targetHints":{"allow":["GET"]}}],"collection":[{"href":"https:\/\/www.coolturalia.com\/fr\/wp-json\/wp\/v2\/event"}],"about":[{"href":"https:\/\/www.coolturalia.com\/fr\/wp-json\/wp\/v2\/types\/event"}],"version-history":[{"count":0,"href":"https:\/\/www.coolturalia.com\/fr\/wp-json\/wp\/v2\/event\/198396\/revisions"}],"wp:featuredmedia":[{"embeddable":true,"href":"https:\/\/www.coolturalia.com\/fr\/wp-json\/wp\/v2\/media\/198394"}],"wp:attachment":[{"href":"https:\/\/www.coolturalia.com\/fr\/wp-json\/wp\/v2\/media?parent=198396"}],"wp:term":[{"taxonomy":"post_tag","embeddable":true,"href":"https:\/\/www.coolturalia.com\/fr\/wp-json\/wp\/v2\/tags?post=198396"},{"taxonomy":"event-category","embeddable":true,"href":"https:\/\/www.coolturalia.com\/fr\/wp-json\/wp\/v2\/event-category?post=198396"},{"taxonomy":"event-venue","embeddable":true,"href":"https:\/\/www.coolturalia.com\/fr\/wp-json\/wp\/v2\/event-venue?post=198396"}],"curies":[{"name":"wp","href":"https:\/\/api.w.org\/{rel}","templated":true}]}}