{"id":198372,"date":"2026-08-26T12:42:13","date_gmt":"2026-08-26T10:42:13","guid":{"rendered":"https:\/\/www.coolturalia.com\/event\/exem-aux-urnes-40-ans-daffiches-politiques-2\/"},"modified":"2026-08-26T12:49:02","modified_gmt":"2026-08-26T10:49:02","slug":"exem-aux-urnes-40-ans-daffiches-politiques-2","status":"publish","type":"event","link":"https:\/\/www.coolturalia.com\/fr\/event\/exem-aux-urnes-40-ans-daffiches-politiques-2\/","title":{"rendered":"EXEM aux urnes &#8211; 40 ans d&rsquo;affiches politiques"},"content":{"rendered":"<p>EXEM aux urnes \u2013 40 Years of Political Posters r\u00e9unit 40 affiches politiques r\u00e9alis\u00e9es par l\u2019illustrateur genevois EXEM entre 1988 et 2023. S\u2019\u00e9tendant sur pr\u00e8s de quatre d\u00e9cennies de d\u00e9mocratie directe suisse, l\u2019exposition explore le langage singulier des affiches politiques, \u00e0 l\u2019intersection de l\u2019art graphique, de la satire et du commentaire politique.<\/p>\n<p>\u00c0 travers les images percutantes et engag\u00e9es d\u2019EXEM, l\u2019exposition retrace les enjeux politiques et les formes de communication qui ont fa\u00e7onn\u00e9 la vie publique suisse, tout en offrant un aper\u00e7u du processus cr\u00e9atif de l\u2019artiste et des histoires derri\u00e8re ses affiches embl\u00e9matiques.<\/p>\n<p><strong>Vernissage : mardi 1er septembre, 18:00<\/strong><\/p>\n","protected":false},"excerpt":{"rendered":"<p>EXEM aux urnes \u2013 40 Years of Political Posters r\u00e9unit 40 affiches politiques r\u00e9alis\u00e9es par l\u2019illustrateur genevois EXEM entre 1988 et 2023. S\u2019\u00e9tendant sur pr\u00e8s de quatre d\u00e9cennies de d\u00e9mocratie directe suisse, l\u2019exposition explore le langage singulier des affiches politiques, \u00e0 l\u2019intersection de l\u2019art graphique, de la satire et du commentaire politique. \u00c0 travers les [&hellip;]<\/p>\n","protected":false},"featured_media":198370,"parent":0,"menu_order":0,"template":"","format":"standard","meta":{"_acf_changed":false,"footnotes":""},"tags":[1014],"event-category":[446],"event-venue":[1221],"class_list":["post-198372","event","type-event","status-publish","format-standard","has-post-thumbnail","hentry","tag-portrait-image-fr","event-category-art-et-expositions","event-venue-quartier-libre-sig-fr"],"acf":{"price":"Gratuit","date":"2 septembre - 3 janvier","start_date":"2026-09-02 10:00:00","end_date":"2026-11-30 17:00:00","website_link":"https:\/\/ww2.sig-ge.ch\/a-propos-de-sig\/nous-connaitre\/sites_expositions\/quartier-libre-pont-de-la-machine","link_buy_tickets":"","highlighted":false,"photo_credit":"","timings":[{"timing_start_date":"2026-09-02 10:00:00","timing_end_date":"2026-09-02 18:00:00"},{"timing_start_date":"2026-09-03 10:00:00","timing_end_date":"2026-09-03 18:00:00"},{"timing_start_date":"2026-09-04 10:00:00","timing_end_date":"2026-09-04 18:00:00"},{"timing_start_date":"2026-09-05 10:00:00","timing_end_date":"2026-09-05 18:00:00"},{"timing_start_date":"2026-09-06 10:00:00","timing_end_date":"2026-09-06 18:00:00"},{"timing_start_date":"2026-09-07 10:00:00","timing_end_date":"2026-09-07 18:00:00"},{"timing_start_date":"2026-09-08 10:00:00","timing_end_date":"2026-09-08 18:00:00"},{"timing_start_date":"2026-09-09 10:00:00","timing_end_date":"2026-09-09 18:00:00"},{"timing_start_date":"2026-09-10 10:00:00","timing_end_date":"2026-09-10 18:00:00"},{"timing_start_date":"2026-09-11 10:00:00","timing_end_date":"2026-09-11 18:00:00"},{"timing_start_date":"2026-09-12 10:00:00","timing_end_date":"2026-09-12 18:00:00"},{"timing_start_date":"2026-09-13 10:00:00","timing_end_date":"2026-09-13 18:00:00"},{"timing_start_date":"2026-09-14 10:00:00","timing_end_date":"2026-09-14 18:00:00"},{"timing_start_date":"2026-09-15 10:00:00","timing_end_date":"2026-09-15 18:00:00"},{"timing_start_date":"2026-09-16 10:00:00","timing_end_date":"2026-09-16 18:00:00"},{"timing_start_date":"2026-09-17 10:00:00","timing_end_date":"2026-09-17 18:00:00"},{"timing_start_date":"2026-09-18 10:00:00","timing_end_date":"2026-09-18 18:00:00"},{"timing_start_date":"2026-09-19 10:00:00","timing_end_date":"2026-09-19 18:00:00"},{"timing_start_date":"2026-09-20 10:00:00","timing_end_date":"2026-09-20 18:00:00"},{"timing_start_date":"2026-09-21 10:00:00","timing_end_date":"2026-09-21 18:00:00"},{"timing_start_date":"2026-09-22 10:00:00","timing_end_date":"2026-09-22 18:00:00"},{"timing_start_date":"2026-09-23 10:00:00","timing_end_date":"2026-09-23 18:00:00"},{"timing_start_date":"2026-09-24 10:00:00","timing_end_date":"2026-09-24 18:00:00"},{"timing_start_date":"2026-09-25 10:00:00","timing_end_date":"2026-09-25 18:00:00"},{"timing_start_date":"2026-09-26 10:00:00","timing_end_date":"2026-09-26 18:00:00"},{"timing_start_date":"2026-09-27 10:00:00","timing_end_date":"2026-09-27 18:00:00"},{"timing_start_date":"2026-09-28 10:00:00","timing_end_date":"2026-09-28 18:00:00"},{"timing_start_date":"2026-09-29 10:00:00","timing_end_date":"2026-09-29 18:00:00"},{"timing_start_date":"2026-09-30 10:00:00","timing_end_date":"2026-09-30 18:00:00"},{"timing_start_date":"2026-10-01 10:00:00","timing_end_date":"2026-10-01 18:00:00"},{"timing_start_date":"2026-10-02 10:00:00","timing_end_date":"2026-10-02 18:00:00"},{"timing_start_date":"2026-10-03 10:00:00","timing_end_date":"2026-10-03 18:00:00"},{"timing_start_date":"2026-10-04 10:00:00","timing_end_date":"2026-10-04 18:00:00"},{"timing_start_date":"2026-10-05 10:00:00","timing_end_date":"2026-10-05 18:00:00"},{"timing_start_date":"2026-10-06 10:00:00","timing_end_date":"2026-10-06 18:00:00"},{"timing_start_date":"2026-10-07 10:00:00","timing_end_date":"2026-10-07 18:00:00"},{"timing_start_date":"2026-10-08 10:00:00","timing_end_date":"2026-10-08 18:00:00"},{"timing_start_date":"2026-10-09 10:00:00","timing_end_date":"2026-10-09 18:00:00"},{"timing_start_date":"2026-10-10 10:00:00","timing_end_date":"2026-10-10 18:00:00"},{"timing_start_date":"2026-10-11 10:00:00","timing_end_date":"2026-10-11 18:00:00"},{"timing_start_date":"2026-10-12 10:00:00","timing_end_date":"2026-10-12 18:00:00"},{"timing_start_date":"2026-10-13 10:00:00","timing_end_date":"2026-10-13 18:00:00"},{"timing_start_date":"2026-10-14 10:00:00","timing_end_date":"2026-10-14 18:00:00"},{"timing_start_date":"2026-10-15 10:00:00","timing_end_date":"2026-10-15 18:00:00"},{"timing_start_date":"2026-10-16 10:00:00","timing_end_date":"2026-10-16 18:00:00"},{"timing_start_date":"2026-10-17 10:00:00","timing_end_date":"2026-10-17 18:00:00"},{"timing_start_date":"2026-10-18 10:00:00","timing_end_date":"2026-10-18 18:00:00"},{"timing_start_date":"2026-10-19 10:00:00","timing_end_date":"2026-10-19 18:00:00"},{"timing_start_date":"2026-10-20 10:00:00","timing_end_date":"2026-10-20 18:00:00"},{"timing_start_date":"2026-10-21 10:00:00","timing_end_date":"2026-10-21 18:00:00"},{"timing_start_date":"2026-10-22 10:00:00","timing_end_date":"2026-10-22 18:00:00"},{"timing_start_date":"2026-10-23 10:00:00","timing_end_date":"2026-10-23 18:00:00"},{"timing_start_date":"2026-10-24 10:00:00","timing_end_date":"2026-10-24 18:00:00"},{"timing_start_date":"2026-10-25 09:00:00","timing_end_date":"2026-10-25 17:00:00"},{"timing_start_date":"2026-10-26 09:00:00","timing_end_date":"2026-10-26 17:00:00"},{"timing_start_date":"2026-10-27 09:00:00","timing_end_date":"2026-10-27 17:00:00"},{"timing_start_date":"2026-10-28 09:00:00","timing_end_date":"2026-10-28 17:00:00"},{"timing_start_date":"2026-10-29 09:00:00","timing_end_date":"2026-10-29 17:00:00"},{"timing_start_date":"2026-10-30 09:00:00","timing_end_date":"2026-10-30 17:00:00"},{"timing_start_date":"2026-10-31 09:00:00","timing_end_date":"2026-10-31 17:00:00"},{"timing_start_date":"2026-11-01 09:00:00","timing_end_date":"2026-11-01 17:00:00"},{"timing_start_date":"2026-11-02 09:00:00","timing_end_date":"2026-11-02 17:00:00"},{"timing_start_date":"2026-11-03 09:00:00","timing_end_date":"2026-11-03 17:00:00"},{"timing_start_date":"2026-11-04 09:00:00","timing_end_date":"2026-11-04 17:00:00"},{"timing_start_date":"2026-11-05 09:00:00","timing_end_date":"2026-11-05 17:00:00"},{"timing_start_date":"2026-11-06 09:00:00","timing_end_date":"2026-11-06 17:00:00"},{"timing_start_date":"2026-11-07 09:00:00","timing_end_date":"2026-11-07 17:00:00"},{"timing_start_date":"2026-11-08 09:00:00","timing_end_date":"2026-11-08 17:00:00"},{"timing_start_date":"2026-11-09 09:00:00","timing_end_date":"2026-11-09 17:00:00"},{"timing_start_date":"2026-11-10 09:00:00","timing_end_date":"2026-11-10 17:00:00"},{"timing_start_date":"2026-11-11 09:00:00","timing_end_date":"2026-11-11 17:00:00"},{"timing_start_date":"2026-11-12 09:00:00","timing_end_date":"2026-11-12 17:00:00"},{"timing_start_date":"2026-11-13 09:00:00","timing_end_date":"2026-11-13 17:00:00"},{"timing_start_date":"2026-11-14 09:00:00","timing_end_date":"2026-11-14 17:00:00"},{"timing_start_date":"2026-11-15 09:00:00","timing_end_date":"2026-11-15 17:00:00"},{"timing_start_date":"2026-11-16 09:00:00","timing_end_date":"2026-11-16 17:00:00"},{"timing_start_date":"2026-11-17 09:00:00","timing_end_date":"2026-11-17 17:00:00"},{"timing_start_date":"2026-11-18 09:00:00","timing_end_date":"2026-11-18 17:00:00"},{"timing_start_date":"2026-11-19 09:00:00","timing_end_date":"2026-11-19 17:00:00"},{"timing_start_date":"2026-11-20 09:00:00","timing_end_date":"2026-11-20 17:00:00"},{"timing_start_date":"2026-11-21 09:00:00","timing_end_date":"2026-11-21 17:00:00"},{"timing_start_date":"2026-11-22 09:00:00","timing_end_date":"2026-11-22 17:00:00"},{"timing_start_date":"2026-11-23 09:00:00","timing_end_date":"2026-11-23 17:00:00"},{"timing_start_date":"2026-11-24 09:00:00","timing_end_date":"2026-11-24 17:00:00"},{"timing_start_date":"2026-11-25 09:00:00","timing_end_date":"2026-11-25 17:00:00"},{"timing_start_date":"2026-11-26 09:00:00","timing_end_date":"2026-11-26 17:00:00"},{"timing_start_date":"2026-11-27 09:00:00","timing_end_date":"2026-11-27 17:00:00"},{"timing_start_date":"2026-11-28 09:00:00","timing_end_date":"2026-11-28 17:00:00"},{"timing_start_date":"2026-11-29 09:00:00","timing_end_date":"2026-11-29 17:00:00"},{"timing_start_date":"2026-11-30 09:00:00","timing_end_date":"2026-11-30 17:00:00"}],"external_id":"-1"},"yoast_head":"<!-- This site is optimized with the Yoast SEO plugin v28.3 - https:\/\/yoast.com\/product\/yoast-seo-wordpress\/ -->\n<title>EXEM aux urnes - 40 ans d&#039;affiches politiques - Coolturalia<\/title>\n<meta name=\"robots\" content=\"index, follow, max-snippet:-1, max-image-preview:large, max-video-preview:-1\" \/>\n<link rel=\"canonical\" href=\"https:\/\/www.coolturalia.com\/fr\/event\/exem-aux-urnes-40-ans-daffiches-politiques-2\/\" \/>\n<meta property=\"og:locale\" content=\"fr_FR\" \/>\n<meta property=\"og:type\" content=\"article\" \/>\n<meta property=\"og:title\" content=\"EXEM aux urnes - 40 ans d&#039;affiches politiques - Coolturalia\" \/>\n<meta property=\"og:description\" content=\"EXEM aux urnes \u2013 40 Years of Political Posters r\u00e9unit 40 affiches politiques r\u00e9alis\u00e9es par l\u2019illustrateur genevois EXEM entre 1988 et 2023. S\u2019\u00e9tendant sur pr\u00e8s de quatre d\u00e9cennies de d\u00e9mocratie directe suisse, l\u2019exposition explore le langage singulier des affiches politiques, \u00e0 l\u2019intersection de l\u2019art graphique, de la satire et du commentaire politique. \u00c0 travers les [&hellip;]\" \/>\n<meta property=\"og:url\" content=\"https:\/\/www.coolturalia.com\/fr\/event\/exem-aux-urnes-40-ans-daffiches-politiques-2\/\" \/>\n<meta property=\"og:site_name\" content=\"Coolturalia\" \/>\n<meta property=\"article:modified_time\" content=\"2026-08-26T10:49:02+00:00\" \/>\n<meta property=\"og:image\" content=\"https:\/\/www.coolturalia.com\/wp-content\/uploads\/2026\/08\/EXEM-aux-urnes-40-ans-d-affiches-politiques.webp\" \/>\n\t<meta property=\"og:image:width\" content=\"440\" \/>\n\t<meta property=\"og:image:height\" content=\"629\" \/>\n\t<meta property=\"og:image:type\" content=\"image\/webp\" \/>\n<meta name=\"twitter:card\" content=\"summary_large_image\" \/>\n<meta name=\"twitter:label1\" content=\"Dur\u00e9e de lecture estim\u00e9e\" \/>\n\t<meta name=\"twitter:data1\" content=\"1 minute\" \/>\n<script type=\"application\/ld+json\" class=\"yoast-schema-graph\">{\"@context\":\"https:\\\/\\\/schema.org\",\"@graph\":[{\"@type\":\"WebPage\",\"@id\":\"https:\\\/\\\/www.coolturalia.com\\\/fr\\\/event\\\/exem-aux-urnes-40-ans-daffiches-politiques-2\\\/\",\"url\":\"https:\\\/\\\/www.coolturalia.com\\\/fr\\\/event\\\/exem-aux-urnes-40-ans-daffiches-politiques-2\\\/\",\"name\":\"EXEM aux urnes - 40 ans d'affiches politiques - Coolturalia\",\"isPartOf\":{\"@id\":\"https:\\\/\\\/www.coolturalia.com\\\/fr\\\/#website\"},\"primaryImageOfPage\":{\"@id\":\"https:\\\/\\\/www.coolturalia.com\\\/fr\\\/event\\\/exem-aux-urnes-40-ans-daffiches-politiques-2\\\/#primaryimage\"},\"image\":{\"@id\":\"https:\\\/\\\/www.coolturalia.com\\\/fr\\\/event\\\/exem-aux-urnes-40-ans-daffiches-politiques-2\\\/#primaryimage\"},\"thumbnailUrl\":\"https:\\\/\\\/www.coolturalia.com\\\/wp-content\\\/uploads\\\/2026\\\/08\\\/EXEM-aux-urnes-40-ans-d-affiches-politiques.webp\",\"datePublished\":\"2026-08-26T10:42:13+00:00\",\"dateModified\":\"2026-08-26T10:49:02+00:00\",\"breadcrumb\":{\"@id\":\"https:\\\/\\\/www.coolturalia.com\\\/fr\\\/event\\\/exem-aux-urnes-40-ans-daffiches-politiques-2\\\/#breadcrumb\"},\"inLanguage\":\"fr-FR\",\"potentialAction\":[{\"@type\":\"ReadAction\",\"target\":[\"https:\\\/\\\/www.coolturalia.com\\\/fr\\\/event\\\/exem-aux-urnes-40-ans-daffiches-politiques-2\\\/\"]}]},{\"@type\":\"ImageObject\",\"inLanguage\":\"fr-FR\",\"@id\":\"https:\\\/\\\/www.coolturalia.com\\\/fr\\\/event\\\/exem-aux-urnes-40-ans-daffiches-politiques-2\\\/#primaryimage\",\"url\":\"https:\\\/\\\/www.coolturalia.com\\\/wp-content\\\/uploads\\\/2026\\\/08\\\/EXEM-aux-urnes-40-ans-d-affiches-politiques.webp\",\"contentUrl\":\"https:\\\/\\\/www.coolturalia.com\\\/wp-content\\\/uploads\\\/2026\\\/08\\\/EXEM-aux-urnes-40-ans-d-affiches-politiques.webp\",\"width\":440,\"height\":629,\"caption\":\"undefined\"},{\"@type\":\"BreadcrumbList\",\"@id\":\"https:\\\/\\\/www.coolturalia.com\\\/fr\\\/event\\\/exem-aux-urnes-40-ans-daffiches-politiques-2\\\/#breadcrumb\",\"itemListElement\":[{\"@type\":\"ListItem\",\"position\":1,\"name\":\"Home\",\"item\":\"https:\\\/\\\/www.coolturalia.com\\\/fr\\\/\"},{\"@type\":\"ListItem\",\"position\":2,\"name\":\"Events\",\"item\":\"https:\\\/\\\/www.coolturalia.com\\\/fr\\\/events\\\/\"},{\"@type\":\"ListItem\",\"position\":3,\"name\":\"EXEM aux urnes &#8211; 40 ans d&rsquo;affiches politiques\"}]},{\"@type\":\"WebSite\",\"@id\":\"https:\\\/\\\/www.coolturalia.com\\\/fr\\\/#website\",\"url\":\"https:\\\/\\\/www.coolturalia.com\\\/fr\\\/\",\"name\":\"Coolturalia\",\"description\":\"\",\"publisher\":{\"@id\":\"https:\\\/\\\/www.coolturalia.com\\\/fr\\\/#organization\"},\"potentialAction\":[{\"@type\":\"SearchAction\",\"target\":{\"@type\":\"EntryPoint\",\"urlTemplate\":\"https:\\\/\\\/www.coolturalia.com\\\/fr\\\/?s={search_term_string}\"},\"query-input\":{\"@type\":\"PropertyValueSpecification\",\"valueRequired\":true,\"valueName\":\"search_term_string\"}}],\"inLanguage\":\"fr-FR\"},{\"@type\":\"Organization\",\"@id\":\"https:\\\/\\\/www.coolturalia.com\\\/fr\\\/#organization\",\"name\":\"Coolturalia\",\"url\":\"https:\\\/\\\/www.coolturalia.com\\\/fr\\\/\",\"logo\":{\"@type\":\"ImageObject\",\"inLanguage\":\"fr-FR\",\"@id\":\"https:\\\/\\\/www.coolturalia.com\\\/fr\\\/#\\\/schema\\\/logo\\\/image\\\/\",\"url\":\"https:\\\/\\\/www.coolturalia.com\\\/wp-content\\\/uploads\\\/2024\\\/04\\\/Logo-coolturalia.svg\",\"contentUrl\":\"https:\\\/\\\/www.coolturalia.com\\\/wp-content\\\/uploads\\\/2024\\\/04\\\/Logo-coolturalia.svg\",\"width\":1312,\"height\":193,\"caption\":\"Coolturalia\"},\"image\":{\"@id\":\"https:\\\/\\\/www.coolturalia.com\\\/fr\\\/#\\\/schema\\\/logo\\\/image\\\/\"},\"sameAs\":[\"https:\\\/\\\/www.instagram.com\\\/coolturalia_geneva\\\/\"]}]}<\/script>\n<!-- \/ Yoast SEO plugin. -->","yoast_head_json":{"title":"EXEM aux urnes - 40 ans d'affiches politiques - Coolturalia","robots":{"index":"index","follow":"follow","max-snippet":"max-snippet:-1","max-image-preview":"max-image-preview:large","max-video-preview":"max-video-preview:-1"},"canonical":"https:\/\/www.coolturalia.com\/fr\/event\/exem-aux-urnes-40-ans-daffiches-politiques-2\/","og_locale":"fr_FR","og_type":"article","og_title":"EXEM aux urnes - 40 ans d'affiches politiques - Coolturalia","og_description":"EXEM aux urnes \u2013 40 Years of Political Posters r\u00e9unit 40 affiches politiques r\u00e9alis\u00e9es par l\u2019illustrateur genevois EXEM entre 1988 et 2023. S\u2019\u00e9tendant sur pr\u00e8s de quatre d\u00e9cennies de d\u00e9mocratie directe suisse, l\u2019exposition explore le langage singulier des affiches politiques, \u00e0 l\u2019intersection de l\u2019art graphique, de la satire et du commentaire politique. \u00c0 travers les [&hellip;]","og_url":"https:\/\/www.coolturalia.com\/fr\/event\/exem-aux-urnes-40-ans-daffiches-politiques-2\/","og_site_name":"Coolturalia","article_modified_time":"2026-08-26T10:49:02+00:00","og_image":[{"width":440,"height":629,"url":"https:\/\/www.coolturalia.com\/wp-content\/uploads\/2026\/08\/EXEM-aux-urnes-40-ans-d-affiches-politiques.webp","type":"image\/webp"}],"twitter_card":"summary_large_image","twitter_misc":{"Dur\u00e9e de lecture estim\u00e9e":"1 minute"},"schema":{"@context":"https:\/\/schema.org","@graph":[{"@type":"WebPage","@id":"https:\/\/www.coolturalia.com\/fr\/event\/exem-aux-urnes-40-ans-daffiches-politiques-2\/","url":"https:\/\/www.coolturalia.com\/fr\/event\/exem-aux-urnes-40-ans-daffiches-politiques-2\/","name":"EXEM aux urnes - 40 ans d'affiches politiques - Coolturalia","isPartOf":{"@id":"https:\/\/www.coolturalia.com\/fr\/#website"},"primaryImageOfPage":{"@id":"https:\/\/www.coolturalia.com\/fr\/event\/exem-aux-urnes-40-ans-daffiches-politiques-2\/#primaryimage"},"image":{"@id":"https:\/\/www.coolturalia.com\/fr\/event\/exem-aux-urnes-40-ans-daffiches-politiques-2\/#primaryimage"},"thumbnailUrl":"https:\/\/www.coolturalia.com\/wp-content\/uploads\/2026\/08\/EXEM-aux-urnes-40-ans-d-affiches-politiques.webp","datePublished":"2026-08-26T10:42:13+00:00","dateModified":"2026-08-26T10:49:02+00:00","breadcrumb":{"@id":"https:\/\/www.coolturalia.com\/fr\/event\/exem-aux-urnes-40-ans-daffiches-politiques-2\/#breadcrumb"},"inLanguage":"fr-FR","potentialAction":[{"@type":"ReadAction","target":["https:\/\/www.coolturalia.com\/fr\/event\/exem-aux-urnes-40-ans-daffiches-politiques-2\/"]}]},{"@type":"ImageObject","inLanguage":"fr-FR","@id":"https:\/\/www.coolturalia.com\/fr\/event\/exem-aux-urnes-40-ans-daffiches-politiques-2\/#primaryimage","url":"https:\/\/www.coolturalia.com\/wp-content\/uploads\/2026\/08\/EXEM-aux-urnes-40-ans-d-affiches-politiques.webp","contentUrl":"https:\/\/www.coolturalia.com\/wp-content\/uploads\/2026\/08\/EXEM-aux-urnes-40-ans-d-affiches-politiques.webp","width":440,"height":629,"caption":"undefined"},{"@type":"BreadcrumbList","@id":"https:\/\/www.coolturalia.com\/fr\/event\/exem-aux-urnes-40-ans-daffiches-politiques-2\/#breadcrumb","itemListElement":[{"@type":"ListItem","position":1,"name":"Home","item":"https:\/\/www.coolturalia.com\/fr\/"},{"@type":"ListItem","position":2,"name":"Events","item":"https:\/\/www.coolturalia.com\/fr\/events\/"},{"@type":"ListItem","position":3,"name":"EXEM aux urnes &#8211; 40 ans d&rsquo;affiches politiques"}]},{"@type":"WebSite","@id":"https:\/\/www.coolturalia.com\/fr\/#website","url":"https:\/\/www.coolturalia.com\/fr\/","name":"Coolturalia","description":"","publisher":{"@id":"https:\/\/www.coolturalia.com\/fr\/#organization"},"potentialAction":[{"@type":"SearchAction","target":{"@type":"EntryPoint","urlTemplate":"https:\/\/www.coolturalia.com\/fr\/?s={search_term_string}"},"query-input":{"@type":"PropertyValueSpecification","valueRequired":true,"valueName":"search_term_string"}}],"inLanguage":"fr-FR"},{"@type":"Organization","@id":"https:\/\/www.coolturalia.com\/fr\/#organization","name":"Coolturalia","url":"https:\/\/www.coolturalia.com\/fr\/","logo":{"@type":"ImageObject","inLanguage":"fr-FR","@id":"https:\/\/www.coolturalia.com\/fr\/#\/schema\/logo\/image\/","url":"https:\/\/www.coolturalia.com\/wp-content\/uploads\/2024\/04\/Logo-coolturalia.svg","contentUrl":"https:\/\/www.coolturalia.com\/wp-content\/uploads\/2024\/04\/Logo-coolturalia.svg","width":1312,"height":193,"caption":"Coolturalia"},"image":{"@id":"https:\/\/www.coolturalia.com\/fr\/#\/schema\/logo\/image\/"},"sameAs":["https:\/\/www.instagram.com\/coolturalia_geneva\/"]}]}},"translations":{"translations":{"en":"198371","fr":"198372"},"language":{"code":"fr"},"date":{"dateRange":"2 septembre - 3 janvier"}},"language":{"code":"fr"},"_links":{"self":[{"href":"https:\/\/www.coolturalia.com\/fr\/wp-json\/wp\/v2\/event\/198372","targetHints":{"allow":["GET"]}}],"collection":[{"href":"https:\/\/www.coolturalia.com\/fr\/wp-json\/wp\/v2\/event"}],"about":[{"href":"https:\/\/www.coolturalia.com\/fr\/wp-json\/wp\/v2\/types\/event"}],"version-history":[{"count":1,"href":"https:\/\/www.coolturalia.com\/fr\/wp-json\/wp\/v2\/event\/198372\/revisions"}],"predecessor-version":[{"id":198374,"href":"https:\/\/www.coolturalia.com\/fr\/wp-json\/wp\/v2\/event\/198372\/revisions\/198374"}],"wp:featuredmedia":[{"embeddable":true,"href":"https:\/\/www.coolturalia.com\/fr\/wp-json\/wp\/v2\/media\/198370"}],"wp:attachment":[{"href":"https:\/\/www.coolturalia.com\/fr\/wp-json\/wp\/v2\/media?parent=198372"}],"wp:term":[{"taxonomy":"post_tag","embeddable":true,"href":"https:\/\/www.coolturalia.com\/fr\/wp-json\/wp\/v2\/tags?post=198372"},{"taxonomy":"event-category","embeddable":true,"href":"https:\/\/www.coolturalia.com\/fr\/wp-json\/wp\/v2\/event-category?post=198372"},{"taxonomy":"event-venue","embeddable":true,"href":"https:\/\/www.coolturalia.com\/fr\/wp-json\/wp\/v2\/event-venue?post=198372"}],"curies":[{"name":"wp","href":"https:\/\/api.w.org\/{rel}","templated":true}]}}