{"id":198178,"date":"2026-08-25T12:55:21","date_gmt":"2026-08-25T10:55:21","guid":{"rendered":"https:\/\/www.coolturalia.com\/event\/les-peuples-autochtones-face-aux-defis-contemporains\/"},"modified":"2026-08-25T12:55:21","modified_gmt":"2026-08-25T10:55:21","slug":"les-peuples-autochtones-face-aux-defis-contemporains","status":"publish","type":"event","link":"https:\/\/www.coolturalia.com\/fr\/event\/les-peuples-autochtones-face-aux-defis-contemporains\/","title":{"rendered":"Les peuples autochtones face aux d\u00e9fis contemporains"},"content":{"rendered":"<p>Pour son 40e anniversaire, l&rsquo;association Traditions pour demain a r\u00e9uni cinq photographes originaires de Bolivie, d&rsquo;\u00c9quateur et du Guatemala pour pr\u00e9senter des photographies documentaires montrant le quotidien, les savoirs ancestraux et la r\u00e9silience des peuples autochtones d&rsquo;Am\u00e9rique latine. La s\u00e9rie interroge les crises entrem\u00eal\u00e9es \u2014 climatiques, sociales et culturelles \u2014 qui fa\u00e7onnent leur pr\u00e9sent, avec des portraits intimes et des vues de paysage r\u00e9v\u00e9lant strat\u00e9gies de survie, transmission interg\u00e9n\u00e9rationnelle et formes de r\u00e9sistance. L&rsquo;ensemble invite \u00e0 penser les traditions vivantes comme lieux de savoir et d&rsquo;espoir.<\/p>\n","protected":false},"excerpt":{"rendered":"<p>Pour son 40e anniversaire, l&rsquo;association Traditions pour demain a r\u00e9uni cinq photographes originaires de Bolivie, d&rsquo;\u00c9quateur et du Guatemala pour pr\u00e9senter des photographies documentaires montrant le quotidien, les savoirs ancestraux et la r\u00e9silience des peuples autochtones d&rsquo;Am\u00e9rique latine. La s\u00e9rie interroge les crises entrem\u00eal\u00e9es \u2014 climatiques, sociales et culturelles \u2014 qui fa\u00e7onnent leur pr\u00e9sent, avec [&hellip;]<\/p>\n","protected":false},"featured_media":198176,"parent":0,"menu_order":0,"template":"","format":"standard","meta":{"_acf_changed":false,"footnotes":""},"tags":[996],"event-category":[446],"event-venue":[853],"class_list":["post-198178","event","type-event","status-publish","format-standard","has-post-thumbnail","hentry","tag-portrait-image","event-category-art-et-expositions","event-venue-quai-wilson-fr"],"acf":{"price":"Gratuit","date":"3 septembre - 1 octobre","start_date":"2026-09-03 08:00:00","end_date":"2026-10-01 23:55:00","website_link":"https:\/\/www.fgc.ch\/agenda\/les-peuples-autochtones-face-aux-defis-contemporains","link_buy_tickets":"","highlighted":false,"photo_credit":"Traditions pour Demain","timings":[{"timing_start_date":"2026-09-03 08:00:00","timing_end_date":"2026-09-03 23:55:00"},{"timing_start_date":"2026-09-04 08:00:00","timing_end_date":"2026-09-04 23:55:00"},{"timing_start_date":"2026-09-05 08:00:00","timing_end_date":"2026-09-05 23:55:00"},{"timing_start_date":"2026-09-06 08:00:00","timing_end_date":"2026-09-06 23:55:00"},{"timing_start_date":"2026-09-07 08:00:00","timing_end_date":"2026-09-07 23:55:00"},{"timing_start_date":"2026-09-08 08:00:00","timing_end_date":"2026-09-08 23:55:00"},{"timing_start_date":"2026-09-09 08:00:00","timing_end_date":"2026-09-09 23:55:00"},{"timing_start_date":"2026-09-10 08:00:00","timing_end_date":"2026-09-10 23:55:00"},{"timing_start_date":"2026-09-11 08:00:00","timing_end_date":"2026-09-11 23:55:00"},{"timing_start_date":"2026-09-12 08:00:00","timing_end_date":"2026-09-12 23:55:00"},{"timing_start_date":"2026-09-13 08:00:00","timing_end_date":"2026-09-13 23:55:00"},{"timing_start_date":"2026-09-14 08:00:00","timing_end_date":"2026-09-14 23:55:00"},{"timing_start_date":"2026-09-15 08:00:00","timing_end_date":"2026-09-15 23:55:00"},{"timing_start_date":"2026-09-16 08:00:00","timing_end_date":"2026-09-16 23:55:00"},{"timing_start_date":"2026-09-17 08:00:00","timing_end_date":"2026-09-17 23:55:00"},{"timing_start_date":"2026-09-18 08:00:00","timing_end_date":"2026-09-18 23:55:00"},{"timing_start_date":"2026-09-19 08:00:00","timing_end_date":"2026-09-19 23:55:00"},{"timing_start_date":"2026-09-20 08:00:00","timing_end_date":"2026-09-20 23:55:00"},{"timing_start_date":"2026-09-21 08:00:00","timing_end_date":"2026-09-21 23:55:00"},{"timing_start_date":"2026-09-22 08:00:00","timing_end_date":"2026-09-22 23:55:00"},{"timing_start_date":"2026-09-23 08:00:00","timing_end_date":"2026-09-23 23:55:00"},{"timing_start_date":"2026-09-24 08:00:00","timing_end_date":"2026-09-24 23:55:00"},{"timing_start_date":"2026-09-25 08:00:00","timing_end_date":"2026-09-25 23:55:00"},{"timing_start_date":"2026-09-26 08:00:00","timing_end_date":"2026-09-26 23:55:00"},{"timing_start_date":"2026-09-27 08:00:00","timing_end_date":"2026-09-27 23:55:00"},{"timing_start_date":"2026-09-28 08:00:00","timing_end_date":"2026-09-28 23:55:00"},{"timing_start_date":"2026-09-29 08:00:00","timing_end_date":"2026-09-29 23:55:00"},{"timing_start_date":"2026-09-30 08:00:00","timing_end_date":"2026-09-30 23:55:00"},{"timing_start_date":"2026-10-01 08:00:00","timing_end_date":"2026-10-01 23:55:00"}],"external_id":"35638472"},"yoast_head":"<!-- This site is optimized with the Yoast SEO plugin v28.3 - https:\/\/yoast.com\/product\/yoast-seo-wordpress\/ -->\n<title>Les peuples autochtones face aux d\u00e9fis contemporains - Coolturalia<\/title>\n<meta name=\"robots\" content=\"index, follow, max-snippet:-1, max-image-preview:large, max-video-preview:-1\" \/>\n<link rel=\"canonical\" href=\"https:\/\/www.coolturalia.com\/fr\/event\/les-peuples-autochtones-face-aux-defis-contemporains\/\" \/>\n<meta property=\"og:locale\" content=\"fr_FR\" \/>\n<meta property=\"og:type\" content=\"article\" \/>\n<meta property=\"og:title\" content=\"Les peuples autochtones face aux d\u00e9fis contemporains - Coolturalia\" \/>\n<meta property=\"og:description\" content=\"Pour son 40e anniversaire, l&rsquo;association Traditions pour demain a r\u00e9uni cinq photographes originaires de Bolivie, d&rsquo;\u00c9quateur et du Guatemala pour pr\u00e9senter des photographies documentaires montrant le quotidien, les savoirs ancestraux et la r\u00e9silience des peuples autochtones d&rsquo;Am\u00e9rique latine. La s\u00e9rie interroge les crises entrem\u00eal\u00e9es \u2014 climatiques, sociales et culturelles \u2014 qui fa\u00e7onnent leur pr\u00e9sent, avec [&hellip;]\" \/>\n<meta property=\"og:url\" content=\"https:\/\/www.coolturalia.com\/fr\/event\/les-peuples-autochtones-face-aux-defis-contemporains\/\" \/>\n<meta property=\"og:site_name\" content=\"Coolturalia\" \/>\n<meta property=\"og:image\" content=\"https:\/\/www.coolturalia.com\/wp-content\/uploads\/2024\/04\/favicon-coolturalia-2.png\" \/>\n\t<meta property=\"og:image:width\" content=\"150\" \/>\n\t<meta property=\"og:image:height\" content=\"150\" \/>\n\t<meta property=\"og:image:type\" content=\"image\/png\" \/>\n<meta name=\"twitter:card\" content=\"summary_large_image\" \/>\n<script type=\"application\/ld+json\" class=\"yoast-schema-graph\">{\"@context\":\"https:\\\/\\\/schema.org\",\"@graph\":[{\"@type\":\"WebPage\",\"@id\":\"https:\\\/\\\/www.coolturalia.com\\\/fr\\\/event\\\/les-peuples-autochtones-face-aux-defis-contemporains\\\/\",\"url\":\"https:\\\/\\\/www.coolturalia.com\\\/fr\\\/event\\\/les-peuples-autochtones-face-aux-defis-contemporains\\\/\",\"name\":\"Les peuples autochtones face aux d\u00e9fis contemporains - Coolturalia\",\"isPartOf\":{\"@id\":\"https:\\\/\\\/www.coolturalia.com\\\/fr\\\/#website\"},\"primaryImageOfPage\":{\"@id\":\"https:\\\/\\\/www.coolturalia.com\\\/fr\\\/event\\\/les-peuples-autochtones-face-aux-defis-contemporains\\\/#primaryimage\"},\"image\":{\"@id\":\"https:\\\/\\\/www.coolturalia.com\\\/fr\\\/event\\\/les-peuples-autochtones-face-aux-defis-contemporains\\\/#primaryimage\"},\"thumbnailUrl\":\"https:\\\/\\\/www.coolturalia.com\\\/wp-content\\\/uploads\\\/2026\\\/08\\\/Indigenous-Peoples-Facing-Contemporary-Challenges.webp\",\"datePublished\":\"2026-08-25T10:55:21+00:00\",\"breadcrumb\":{\"@id\":\"https:\\\/\\\/www.coolturalia.com\\\/fr\\\/event\\\/les-peuples-autochtones-face-aux-defis-contemporains\\\/#breadcrumb\"},\"inLanguage\":\"fr-FR\",\"potentialAction\":[{\"@type\":\"ReadAction\",\"target\":[\"https:\\\/\\\/www.coolturalia.com\\\/fr\\\/event\\\/les-peuples-autochtones-face-aux-defis-contemporains\\\/\"]}]},{\"@type\":\"ImageObject\",\"inLanguage\":\"fr-FR\",\"@id\":\"https:\\\/\\\/www.coolturalia.com\\\/fr\\\/event\\\/les-peuples-autochtones-face-aux-defis-contemporains\\\/#primaryimage\",\"url\":\"https:\\\/\\\/www.coolturalia.com\\\/wp-content\\\/uploads\\\/2026\\\/08\\\/Indigenous-Peoples-Facing-Contemporary-Challenges.webp\",\"contentUrl\":\"https:\\\/\\\/www.coolturalia.com\\\/wp-content\\\/uploads\\\/2026\\\/08\\\/Indigenous-Peoples-Facing-Contemporary-Challenges.webp\",\"width\":700,\"height\":1123,\"caption\":\"undefined\"},{\"@type\":\"BreadcrumbList\",\"@id\":\"https:\\\/\\\/www.coolturalia.com\\\/fr\\\/event\\\/les-peuples-autochtones-face-aux-defis-contemporains\\\/#breadcrumb\",\"itemListElement\":[{\"@type\":\"ListItem\",\"position\":1,\"name\":\"Home\",\"item\":\"https:\\\/\\\/www.coolturalia.com\\\/fr\\\/\"},{\"@type\":\"ListItem\",\"position\":2,\"name\":\"Events\",\"item\":\"https:\\\/\\\/www.coolturalia.com\\\/fr\\\/events\\\/\"},{\"@type\":\"ListItem\",\"position\":3,\"name\":\"Les peuples autochtones face aux d\u00e9fis contemporains\"}]},{\"@type\":\"WebSite\",\"@id\":\"https:\\\/\\\/www.coolturalia.com\\\/fr\\\/#website\",\"url\":\"https:\\\/\\\/www.coolturalia.com\\\/fr\\\/\",\"name\":\"Coolturalia\",\"description\":\"\",\"publisher\":{\"@id\":\"https:\\\/\\\/www.coolturalia.com\\\/fr\\\/#organization\"},\"potentialAction\":[{\"@type\":\"SearchAction\",\"target\":{\"@type\":\"EntryPoint\",\"urlTemplate\":\"https:\\\/\\\/www.coolturalia.com\\\/fr\\\/?s={search_term_string}\"},\"query-input\":{\"@type\":\"PropertyValueSpecification\",\"valueRequired\":true,\"valueName\":\"search_term_string\"}}],\"inLanguage\":\"fr-FR\"},{\"@type\":\"Organization\",\"@id\":\"https:\\\/\\\/www.coolturalia.com\\\/fr\\\/#organization\",\"name\":\"Coolturalia\",\"url\":\"https:\\\/\\\/www.coolturalia.com\\\/fr\\\/\",\"logo\":{\"@type\":\"ImageObject\",\"inLanguage\":\"fr-FR\",\"@id\":\"https:\\\/\\\/www.coolturalia.com\\\/fr\\\/#\\\/schema\\\/logo\\\/image\\\/\",\"url\":\"https:\\\/\\\/www.coolturalia.com\\\/wp-content\\\/uploads\\\/2024\\\/04\\\/Logo-coolturalia.svg\",\"contentUrl\":\"https:\\\/\\\/www.coolturalia.com\\\/wp-content\\\/uploads\\\/2024\\\/04\\\/Logo-coolturalia.svg\",\"width\":1312,\"height\":193,\"caption\":\"Coolturalia\"},\"image\":{\"@id\":\"https:\\\/\\\/www.coolturalia.com\\\/fr\\\/#\\\/schema\\\/logo\\\/image\\\/\"},\"sameAs\":[\"https:\\\/\\\/www.instagram.com\\\/coolturalia_geneva\\\/\"]}]}<\/script>\n<!-- \/ Yoast SEO plugin. -->","yoast_head_json":{"title":"Les peuples autochtones face aux d\u00e9fis contemporains - Coolturalia","robots":{"index":"index","follow":"follow","max-snippet":"max-snippet:-1","max-image-preview":"max-image-preview:large","max-video-preview":"max-video-preview:-1"},"canonical":"https:\/\/www.coolturalia.com\/fr\/event\/les-peuples-autochtones-face-aux-defis-contemporains\/","og_locale":"fr_FR","og_type":"article","og_title":"Les peuples autochtones face aux d\u00e9fis contemporains - Coolturalia","og_description":"Pour son 40e anniversaire, l&rsquo;association Traditions pour demain a r\u00e9uni cinq photographes originaires de Bolivie, d&rsquo;\u00c9quateur et du Guatemala pour pr\u00e9senter des photographies documentaires montrant le quotidien, les savoirs ancestraux et la r\u00e9silience des peuples autochtones d&rsquo;Am\u00e9rique latine. La s\u00e9rie interroge les crises entrem\u00eal\u00e9es \u2014 climatiques, sociales et culturelles \u2014 qui fa\u00e7onnent leur pr\u00e9sent, avec [&hellip;]","og_url":"https:\/\/www.coolturalia.com\/fr\/event\/les-peuples-autochtones-face-aux-defis-contemporains\/","og_site_name":"Coolturalia","og_image":[{"width":150,"height":150,"url":"https:\/\/www.coolturalia.com\/wp-content\/uploads\/2024\/04\/favicon-coolturalia-2.png","type":"image\/png"}],"twitter_card":"summary_large_image","schema":{"@context":"https:\/\/schema.org","@graph":[{"@type":"WebPage","@id":"https:\/\/www.coolturalia.com\/fr\/event\/les-peuples-autochtones-face-aux-defis-contemporains\/","url":"https:\/\/www.coolturalia.com\/fr\/event\/les-peuples-autochtones-face-aux-defis-contemporains\/","name":"Les peuples autochtones face aux d\u00e9fis contemporains - Coolturalia","isPartOf":{"@id":"https:\/\/www.coolturalia.com\/fr\/#website"},"primaryImageOfPage":{"@id":"https:\/\/www.coolturalia.com\/fr\/event\/les-peuples-autochtones-face-aux-defis-contemporains\/#primaryimage"},"image":{"@id":"https:\/\/www.coolturalia.com\/fr\/event\/les-peuples-autochtones-face-aux-defis-contemporains\/#primaryimage"},"thumbnailUrl":"https:\/\/www.coolturalia.com\/wp-content\/uploads\/2026\/08\/Indigenous-Peoples-Facing-Contemporary-Challenges.webp","datePublished":"2026-08-25T10:55:21+00:00","breadcrumb":{"@id":"https:\/\/www.coolturalia.com\/fr\/event\/les-peuples-autochtones-face-aux-defis-contemporains\/#breadcrumb"},"inLanguage":"fr-FR","potentialAction":[{"@type":"ReadAction","target":["https:\/\/www.coolturalia.com\/fr\/event\/les-peuples-autochtones-face-aux-defis-contemporains\/"]}]},{"@type":"ImageObject","inLanguage":"fr-FR","@id":"https:\/\/www.coolturalia.com\/fr\/event\/les-peuples-autochtones-face-aux-defis-contemporains\/#primaryimage","url":"https:\/\/www.coolturalia.com\/wp-content\/uploads\/2026\/08\/Indigenous-Peoples-Facing-Contemporary-Challenges.webp","contentUrl":"https:\/\/www.coolturalia.com\/wp-content\/uploads\/2026\/08\/Indigenous-Peoples-Facing-Contemporary-Challenges.webp","width":700,"height":1123,"caption":"undefined"},{"@type":"BreadcrumbList","@id":"https:\/\/www.coolturalia.com\/fr\/event\/les-peuples-autochtones-face-aux-defis-contemporains\/#breadcrumb","itemListElement":[{"@type":"ListItem","position":1,"name":"Home","item":"https:\/\/www.coolturalia.com\/fr\/"},{"@type":"ListItem","position":2,"name":"Events","item":"https:\/\/www.coolturalia.com\/fr\/events\/"},{"@type":"ListItem","position":3,"name":"Les peuples autochtones face aux d\u00e9fis contemporains"}]},{"@type":"WebSite","@id":"https:\/\/www.coolturalia.com\/fr\/#website","url":"https:\/\/www.coolturalia.com\/fr\/","name":"Coolturalia","description":"","publisher":{"@id":"https:\/\/www.coolturalia.com\/fr\/#organization"},"potentialAction":[{"@type":"SearchAction","target":{"@type":"EntryPoint","urlTemplate":"https:\/\/www.coolturalia.com\/fr\/?s={search_term_string}"},"query-input":{"@type":"PropertyValueSpecification","valueRequired":true,"valueName":"search_term_string"}}],"inLanguage":"fr-FR"},{"@type":"Organization","@id":"https:\/\/www.coolturalia.com\/fr\/#organization","name":"Coolturalia","url":"https:\/\/www.coolturalia.com\/fr\/","logo":{"@type":"ImageObject","inLanguage":"fr-FR","@id":"https:\/\/www.coolturalia.com\/fr\/#\/schema\/logo\/image\/","url":"https:\/\/www.coolturalia.com\/wp-content\/uploads\/2024\/04\/Logo-coolturalia.svg","contentUrl":"https:\/\/www.coolturalia.com\/wp-content\/uploads\/2024\/04\/Logo-coolturalia.svg","width":1312,"height":193,"caption":"Coolturalia"},"image":{"@id":"https:\/\/www.coolturalia.com\/fr\/#\/schema\/logo\/image\/"},"sameAs":["https:\/\/www.instagram.com\/coolturalia_geneva\/"]}]}},"translations":{"translations":{"en":"198177","fr":"198178"},"language":{"code":"fr"},"date":{"dateRange":"3 septembre - 1 octobre"}},"language":{"code":"fr"},"_links":{"self":[{"href":"https:\/\/www.coolturalia.com\/fr\/wp-json\/wp\/v2\/event\/198178","targetHints":{"allow":["GET"]}}],"collection":[{"href":"https:\/\/www.coolturalia.com\/fr\/wp-json\/wp\/v2\/event"}],"about":[{"href":"https:\/\/www.coolturalia.com\/fr\/wp-json\/wp\/v2\/types\/event"}],"version-history":[{"count":0,"href":"https:\/\/www.coolturalia.com\/fr\/wp-json\/wp\/v2\/event\/198178\/revisions"}],"wp:featuredmedia":[{"embeddable":true,"href":"https:\/\/www.coolturalia.com\/fr\/wp-json\/wp\/v2\/media\/198176"}],"wp:attachment":[{"href":"https:\/\/www.coolturalia.com\/fr\/wp-json\/wp\/v2\/media?parent=198178"}],"wp:term":[{"taxonomy":"post_tag","embeddable":true,"href":"https:\/\/www.coolturalia.com\/fr\/wp-json\/wp\/v2\/tags?post=198178"},{"taxonomy":"event-category","embeddable":true,"href":"https:\/\/www.coolturalia.com\/fr\/wp-json\/wp\/v2\/event-category?post=198178"},{"taxonomy":"event-venue","embeddable":true,"href":"https:\/\/www.coolturalia.com\/fr\/wp-json\/wp\/v2\/event-venue?post=198178"}],"curies":[{"name":"wp","href":"https:\/\/api.w.org\/{rel}","templated":true}]}}