{"id":198115,"date":"2026-08-21T13:22:39","date_gmt":"2026-08-21T11:22:39","guid":{"rendered":"https:\/\/www.coolturalia.com\/event\/exposition-raconter-la-mort\/"},"modified":"2026-08-26T11:08:51","modified_gmt":"2026-08-26T09:08:51","slug":"exposition-raconter-la-mort","status":"publish","type":"event","link":"https:\/\/www.coolturalia.com\/fr\/event\/exposition-raconter-la-mort\/","title":{"rendered":"Exposition : Raconter la mort"},"content":{"rendered":"<p>Exposition itin\u00e9rante con\u00e7ue par des chercheuses et chercheurs de la Haute \u00e9cole de travail social et de la sant\u00e9 Lausanne (HETSL | HES-SO) en collaboration avec l&rsquo;artiste Virginie Rebetez. Le projet r\u00e9unit six r\u00e9cits audio au format podcast et douze photographies pour interroger la fin de vie, la m\u00e9moire, les rites fun\u00e9raires, la transmission, le deuil et le souvenir. \u00c0 travers paysages sonores intimes et tableaux photographiques, l&rsquo;\u0153uvre ouvre une r\u00e9flexion sur notre relation au vivant, \u00e0 la biodiversit\u00e9, aux paysages fun\u00e9raires et \u00e0 la disparition du vivant non humain.<\/p>\n<p><strong>Visite guid\u00e9e : dimanche 27 septembre, 13:30.<\/strong><\/p>\n<p><strong>\u00c9coute collective d\u2019un \u00e9pisode du podcast, suivie d\u2019une discussion avec Veronica Pagnamenta et Marc-Antoine Berthod (HETSL | HES-SO) : dimanche 27 septembre, 15:00<\/strong><\/p>\n","protected":false},"excerpt":{"rendered":"<p>Exposition itin\u00e9rante con\u00e7ue par des chercheuses et chercheurs de la Haute \u00e9cole de travail social et de la sant\u00e9 Lausanne (HETSL | HES-SO) en collaboration avec l&rsquo;artiste Virginie Rebetez. Le projet r\u00e9unit six r\u00e9cits audio au format podcast et douze photographies pour interroger la fin de vie, la m\u00e9moire, les rites fun\u00e9raires, la transmission, le [&hellip;]<\/p>\n","protected":false},"featured_media":198113,"parent":0,"menu_order":0,"template":"","format":"standard","meta":{"_acf_changed":false,"footnotes":""},"tags":[],"event-category":[446],"event-venue":[600],"class_list":["post-198115","event","type-event","status-publish","format-standard","has-post-thumbnail","hentry","event-category-art-et-expositions","event-venue-conservatoire-et-jardin-botaniques-fr"],"acf":{"price":"Gratuit","date":"2 septembre - 4 octobre","start_date":"2026-09-02 00:00:00","end_date":"2026-10-04 00:00:00","website_link":"https:\/\/www.jardinbotaniquegeneve.ch\/expositions\/raconter-mort","link_buy_tickets":"","highlighted":false,"photo_credit":"","timings":[{"timing_start_date":"2026-09-02 10:00:00","timing_end_date":"2026-09-02 18:00:00"},{"timing_start_date":"2026-09-03 10:00:00","timing_end_date":"2026-09-03 18:00:00"},{"timing_start_date":"2026-09-04 10:00:00","timing_end_date":"2026-09-04 18:00:00"},{"timing_start_date":"2026-09-05 10:00:00","timing_end_date":"2026-09-05 18:00:00"},{"timing_start_date":"2026-09-06 10:00:00","timing_end_date":"2026-09-06 18:00:00"},{"timing_start_date":"2026-09-07 10:00:00","timing_end_date":"2026-09-07 18:00:00"},{"timing_start_date":"2026-09-08 10:00:00","timing_end_date":"2026-09-08 18:00:00"},{"timing_start_date":"2026-09-09 10:00:00","timing_end_date":"2026-09-09 18:00:00"},{"timing_start_date":"2026-09-10 10:00:00","timing_end_date":"2026-09-10 18:00:00"},{"timing_start_date":"2026-09-11 10:00:00","timing_end_date":"2026-09-11 18:00:00"},{"timing_start_date":"2026-09-12 10:00:00","timing_end_date":"2026-09-12 18:00:00"},{"timing_start_date":"2026-09-13 10:00:00","timing_end_date":"2026-09-13 18:00:00"},{"timing_start_date":"2026-09-14 10:00:00","timing_end_date":"2026-09-14 18:00:00"},{"timing_start_date":"2026-09-15 10:00:00","timing_end_date":"2026-09-15 18:00:00"},{"timing_start_date":"2026-09-16 10:00:00","timing_end_date":"2026-09-16 18:00:00"},{"timing_start_date":"2026-09-17 10:00:00","timing_end_date":"2026-09-17 18:00:00"},{"timing_start_date":"2026-09-18 10:00:00","timing_end_date":"2026-09-18 18:00:00"},{"timing_start_date":"2026-09-19 10:00:00","timing_end_date":"2026-09-19 18:00:00"},{"timing_start_date":"2026-09-20 10:00:00","timing_end_date":"2026-09-20 18:00:00"},{"timing_start_date":"2026-09-21 10:00:00","timing_end_date":"2026-09-21 18:00:00"},{"timing_start_date":"2026-09-22 10:00:00","timing_end_date":"2026-09-22 18:00:00"},{"timing_start_date":"2026-09-23 10:00:00","timing_end_date":"2026-09-23 18:00:00"},{"timing_start_date":"2026-09-24 10:00:00","timing_end_date":"2026-09-24 18:00:00"},{"timing_start_date":"2026-09-25 10:00:00","timing_end_date":"2026-09-25 18:00:00"},{"timing_start_date":"2026-09-26 10:00:00","timing_end_date":"2026-09-26 18:00:00"},{"timing_start_date":"2026-09-27 10:00:00","timing_end_date":"2026-09-27 18:00:00"},{"timing_start_date":"2026-09-28 10:00:00","timing_end_date":"2026-09-28 18:00:00"},{"timing_start_date":"2026-09-29 10:00:00","timing_end_date":"2026-09-29 18:00:00"},{"timing_start_date":"2026-09-30 10:00:00","timing_end_date":"2026-09-30 18:00:00"},{"timing_start_date":"2026-10-01 10:00:00","timing_end_date":"2026-10-01 18:00:00"},{"timing_start_date":"2026-10-02 10:00:00","timing_end_date":"2026-10-02 18:00:00"},{"timing_start_date":"2026-10-03 10:00:00","timing_end_date":"2026-10-03 18:00:00"},{"timing_start_date":"2026-10-04 10:00:00","timing_end_date":"2026-10-04 18:00:00"}],"external_id":""},"yoast_head":"<!-- This site is optimized with the Yoast SEO plugin v28.3 - https:\/\/yoast.com\/product\/yoast-seo-wordpress\/ -->\n<title>Exposition : Raconter la mort - Coolturalia<\/title>\n<meta name=\"robots\" content=\"index, follow, max-snippet:-1, max-image-preview:large, max-video-preview:-1\" \/>\n<link rel=\"canonical\" href=\"https:\/\/www.coolturalia.com\/fr\/event\/exposition-raconter-la-mort\/\" \/>\n<meta property=\"og:locale\" content=\"fr_FR\" \/>\n<meta property=\"og:type\" content=\"article\" \/>\n<meta property=\"og:title\" content=\"Exposition : Raconter la mort - Coolturalia\" \/>\n<meta property=\"og:description\" content=\"Exposition itin\u00e9rante con\u00e7ue par des chercheuses et chercheurs de la Haute \u00e9cole de travail social et de la sant\u00e9 Lausanne (HETSL | HES-SO) en collaboration avec l&rsquo;artiste Virginie Rebetez. Le projet r\u00e9unit six r\u00e9cits audio au format podcast et douze photographies pour interroger la fin de vie, la m\u00e9moire, les rites fun\u00e9raires, la transmission, le [&hellip;]\" \/>\n<meta property=\"og:url\" content=\"https:\/\/www.coolturalia.com\/fr\/event\/exposition-raconter-la-mort\/\" \/>\n<meta property=\"og:site_name\" content=\"Coolturalia\" \/>\n<meta property=\"article:modified_time\" content=\"2026-08-26T09:08:51+00:00\" \/>\n<meta property=\"og:image\" content=\"https:\/\/www.coolturalia.com\/wp-content\/uploads\/2026\/08\/Narrating-Death-Exhibition.webp\" \/>\n\t<meta property=\"og:image:width\" content=\"768\" \/>\n\t<meta property=\"og:image:height\" content=\"432\" \/>\n\t<meta property=\"og:image:type\" content=\"image\/webp\" \/>\n<meta name=\"twitter:card\" content=\"summary_large_image\" \/>\n<meta name=\"twitter:label1\" content=\"Dur\u00e9e de lecture estim\u00e9e\" \/>\n\t<meta name=\"twitter:data1\" content=\"1 minute\" \/>\n<script type=\"application\/ld+json\" class=\"yoast-schema-graph\">{\"@context\":\"https:\\\/\\\/schema.org\",\"@graph\":[{\"@type\":\"WebPage\",\"@id\":\"https:\\\/\\\/www.coolturalia.com\\\/fr\\\/event\\\/exposition-raconter-la-mort\\\/\",\"url\":\"https:\\\/\\\/www.coolturalia.com\\\/fr\\\/event\\\/exposition-raconter-la-mort\\\/\",\"name\":\"Exposition : Raconter la mort - Coolturalia\",\"isPartOf\":{\"@id\":\"https:\\\/\\\/www.coolturalia.com\\\/fr\\\/#website\"},\"primaryImageOfPage\":{\"@id\":\"https:\\\/\\\/www.coolturalia.com\\\/fr\\\/event\\\/exposition-raconter-la-mort\\\/#primaryimage\"},\"image\":{\"@id\":\"https:\\\/\\\/www.coolturalia.com\\\/fr\\\/event\\\/exposition-raconter-la-mort\\\/#primaryimage\"},\"thumbnailUrl\":\"https:\\\/\\\/www.coolturalia.com\\\/wp-content\\\/uploads\\\/2026\\\/08\\\/Narrating-Death-Exhibition.webp\",\"datePublished\":\"2026-08-21T11:22:39+00:00\",\"dateModified\":\"2026-08-26T09:08:51+00:00\",\"breadcrumb\":{\"@id\":\"https:\\\/\\\/www.coolturalia.com\\\/fr\\\/event\\\/exposition-raconter-la-mort\\\/#breadcrumb\"},\"inLanguage\":\"fr-FR\",\"potentialAction\":[{\"@type\":\"ReadAction\",\"target\":[\"https:\\\/\\\/www.coolturalia.com\\\/fr\\\/event\\\/exposition-raconter-la-mort\\\/\"]}]},{\"@type\":\"ImageObject\",\"inLanguage\":\"fr-FR\",\"@id\":\"https:\\\/\\\/www.coolturalia.com\\\/fr\\\/event\\\/exposition-raconter-la-mort\\\/#primaryimage\",\"url\":\"https:\\\/\\\/www.coolturalia.com\\\/wp-content\\\/uploads\\\/2026\\\/08\\\/Narrating-Death-Exhibition.webp\",\"contentUrl\":\"https:\\\/\\\/www.coolturalia.com\\\/wp-content\\\/uploads\\\/2026\\\/08\\\/Narrating-Death-Exhibition.webp\",\"width\":768,\"height\":432,\"caption\":\"undefined\"},{\"@type\":\"BreadcrumbList\",\"@id\":\"https:\\\/\\\/www.coolturalia.com\\\/fr\\\/event\\\/exposition-raconter-la-mort\\\/#breadcrumb\",\"itemListElement\":[{\"@type\":\"ListItem\",\"position\":1,\"name\":\"Home\",\"item\":\"https:\\\/\\\/www.coolturalia.com\\\/fr\\\/\"},{\"@type\":\"ListItem\",\"position\":2,\"name\":\"Events\",\"item\":\"https:\\\/\\\/www.coolturalia.com\\\/fr\\\/events\\\/\"},{\"@type\":\"ListItem\",\"position\":3,\"name\":\"Exposition : Raconter la mort\"}]},{\"@type\":\"WebSite\",\"@id\":\"https:\\\/\\\/www.coolturalia.com\\\/fr\\\/#website\",\"url\":\"https:\\\/\\\/www.coolturalia.com\\\/fr\\\/\",\"name\":\"Coolturalia\",\"description\":\"\",\"publisher\":{\"@id\":\"https:\\\/\\\/www.coolturalia.com\\\/fr\\\/#organization\"},\"potentialAction\":[{\"@type\":\"SearchAction\",\"target\":{\"@type\":\"EntryPoint\",\"urlTemplate\":\"https:\\\/\\\/www.coolturalia.com\\\/fr\\\/?s={search_term_string}\"},\"query-input\":{\"@type\":\"PropertyValueSpecification\",\"valueRequired\":true,\"valueName\":\"search_term_string\"}}],\"inLanguage\":\"fr-FR\"},{\"@type\":\"Organization\",\"@id\":\"https:\\\/\\\/www.coolturalia.com\\\/fr\\\/#organization\",\"name\":\"Coolturalia\",\"url\":\"https:\\\/\\\/www.coolturalia.com\\\/fr\\\/\",\"logo\":{\"@type\":\"ImageObject\",\"inLanguage\":\"fr-FR\",\"@id\":\"https:\\\/\\\/www.coolturalia.com\\\/fr\\\/#\\\/schema\\\/logo\\\/image\\\/\",\"url\":\"https:\\\/\\\/www.coolturalia.com\\\/wp-content\\\/uploads\\\/2024\\\/04\\\/Logo-coolturalia.svg\",\"contentUrl\":\"https:\\\/\\\/www.coolturalia.com\\\/wp-content\\\/uploads\\\/2024\\\/04\\\/Logo-coolturalia.svg\",\"width\":1312,\"height\":193,\"caption\":\"Coolturalia\"},\"image\":{\"@id\":\"https:\\\/\\\/www.coolturalia.com\\\/fr\\\/#\\\/schema\\\/logo\\\/image\\\/\"},\"sameAs\":[\"https:\\\/\\\/www.instagram.com\\\/coolturalia_geneva\\\/\"]}]}<\/script>\n<!-- \/ Yoast SEO plugin. -->","yoast_head_json":{"title":"Exposition : Raconter la mort - Coolturalia","robots":{"index":"index","follow":"follow","max-snippet":"max-snippet:-1","max-image-preview":"max-image-preview:large","max-video-preview":"max-video-preview:-1"},"canonical":"https:\/\/www.coolturalia.com\/fr\/event\/exposition-raconter-la-mort\/","og_locale":"fr_FR","og_type":"article","og_title":"Exposition : Raconter la mort - Coolturalia","og_description":"Exposition itin\u00e9rante con\u00e7ue par des chercheuses et chercheurs de la Haute \u00e9cole de travail social et de la sant\u00e9 Lausanne (HETSL | HES-SO) en collaboration avec l&rsquo;artiste Virginie Rebetez. Le projet r\u00e9unit six r\u00e9cits audio au format podcast et douze photographies pour interroger la fin de vie, la m\u00e9moire, les rites fun\u00e9raires, la transmission, le [&hellip;]","og_url":"https:\/\/www.coolturalia.com\/fr\/event\/exposition-raconter-la-mort\/","og_site_name":"Coolturalia","article_modified_time":"2026-08-26T09:08:51+00:00","og_image":[{"width":768,"height":432,"url":"https:\/\/www.coolturalia.com\/wp-content\/uploads\/2026\/08\/Narrating-Death-Exhibition.webp","type":"image\/webp"}],"twitter_card":"summary_large_image","twitter_misc":{"Dur\u00e9e de lecture estim\u00e9e":"1 minute"},"schema":{"@context":"https:\/\/schema.org","@graph":[{"@type":"WebPage","@id":"https:\/\/www.coolturalia.com\/fr\/event\/exposition-raconter-la-mort\/","url":"https:\/\/www.coolturalia.com\/fr\/event\/exposition-raconter-la-mort\/","name":"Exposition : Raconter la mort - Coolturalia","isPartOf":{"@id":"https:\/\/www.coolturalia.com\/fr\/#website"},"primaryImageOfPage":{"@id":"https:\/\/www.coolturalia.com\/fr\/event\/exposition-raconter-la-mort\/#primaryimage"},"image":{"@id":"https:\/\/www.coolturalia.com\/fr\/event\/exposition-raconter-la-mort\/#primaryimage"},"thumbnailUrl":"https:\/\/www.coolturalia.com\/wp-content\/uploads\/2026\/08\/Narrating-Death-Exhibition.webp","datePublished":"2026-08-21T11:22:39+00:00","dateModified":"2026-08-26T09:08:51+00:00","breadcrumb":{"@id":"https:\/\/www.coolturalia.com\/fr\/event\/exposition-raconter-la-mort\/#breadcrumb"},"inLanguage":"fr-FR","potentialAction":[{"@type":"ReadAction","target":["https:\/\/www.coolturalia.com\/fr\/event\/exposition-raconter-la-mort\/"]}]},{"@type":"ImageObject","inLanguage":"fr-FR","@id":"https:\/\/www.coolturalia.com\/fr\/event\/exposition-raconter-la-mort\/#primaryimage","url":"https:\/\/www.coolturalia.com\/wp-content\/uploads\/2026\/08\/Narrating-Death-Exhibition.webp","contentUrl":"https:\/\/www.coolturalia.com\/wp-content\/uploads\/2026\/08\/Narrating-Death-Exhibition.webp","width":768,"height":432,"caption":"undefined"},{"@type":"BreadcrumbList","@id":"https:\/\/www.coolturalia.com\/fr\/event\/exposition-raconter-la-mort\/#breadcrumb","itemListElement":[{"@type":"ListItem","position":1,"name":"Home","item":"https:\/\/www.coolturalia.com\/fr\/"},{"@type":"ListItem","position":2,"name":"Events","item":"https:\/\/www.coolturalia.com\/fr\/events\/"},{"@type":"ListItem","position":3,"name":"Exposition : Raconter la mort"}]},{"@type":"WebSite","@id":"https:\/\/www.coolturalia.com\/fr\/#website","url":"https:\/\/www.coolturalia.com\/fr\/","name":"Coolturalia","description":"","publisher":{"@id":"https:\/\/www.coolturalia.com\/fr\/#organization"},"potentialAction":[{"@type":"SearchAction","target":{"@type":"EntryPoint","urlTemplate":"https:\/\/www.coolturalia.com\/fr\/?s={search_term_string}"},"query-input":{"@type":"PropertyValueSpecification","valueRequired":true,"valueName":"search_term_string"}}],"inLanguage":"fr-FR"},{"@type":"Organization","@id":"https:\/\/www.coolturalia.com\/fr\/#organization","name":"Coolturalia","url":"https:\/\/www.coolturalia.com\/fr\/","logo":{"@type":"ImageObject","inLanguage":"fr-FR","@id":"https:\/\/www.coolturalia.com\/fr\/#\/schema\/logo\/image\/","url":"https:\/\/www.coolturalia.com\/wp-content\/uploads\/2024\/04\/Logo-coolturalia.svg","contentUrl":"https:\/\/www.coolturalia.com\/wp-content\/uploads\/2024\/04\/Logo-coolturalia.svg","width":1312,"height":193,"caption":"Coolturalia"},"image":{"@id":"https:\/\/www.coolturalia.com\/fr\/#\/schema\/logo\/image\/"},"sameAs":["https:\/\/www.instagram.com\/coolturalia_geneva\/"]}]}},"translations":{"translations":{"en":"198114","fr":"198115"},"language":{"code":"fr"},"date":{"dateRange":"2 septembre - 4 octobre"}},"language":{"code":"fr"},"_links":{"self":[{"href":"https:\/\/www.coolturalia.com\/fr\/wp-json\/wp\/v2\/event\/198115","targetHints":{"allow":["GET"]}}],"collection":[{"href":"https:\/\/www.coolturalia.com\/fr\/wp-json\/wp\/v2\/event"}],"about":[{"href":"https:\/\/www.coolturalia.com\/fr\/wp-json\/wp\/v2\/types\/event"}],"version-history":[{"count":2,"href":"https:\/\/www.coolturalia.com\/fr\/wp-json\/wp\/v2\/event\/198115\/revisions"}],"predecessor-version":[{"id":198264,"href":"https:\/\/www.coolturalia.com\/fr\/wp-json\/wp\/v2\/event\/198115\/revisions\/198264"}],"wp:featuredmedia":[{"embeddable":true,"href":"https:\/\/www.coolturalia.com\/fr\/wp-json\/wp\/v2\/media\/198113"}],"wp:attachment":[{"href":"https:\/\/www.coolturalia.com\/fr\/wp-json\/wp\/v2\/media?parent=198115"}],"wp:term":[{"taxonomy":"post_tag","embeddable":true,"href":"https:\/\/www.coolturalia.com\/fr\/wp-json\/wp\/v2\/tags?post=198115"},{"taxonomy":"event-category","embeddable":true,"href":"https:\/\/www.coolturalia.com\/fr\/wp-json\/wp\/v2\/event-category?post=198115"},{"taxonomy":"event-venue","embeddable":true,"href":"https:\/\/www.coolturalia.com\/fr\/wp-json\/wp\/v2\/event-venue?post=198115"}],"curies":[{"name":"wp","href":"https:\/\/api.w.org\/{rel}","templated":true}]}}