{"id":197926,"date":"2026-08-21T13:03:24","date_gmt":"2026-08-21T11:03:24","guid":{"rendered":"https:\/\/www.coolturalia.com\/event\/seance-speciale-lencre-ne-sera-jamais-seche\/"},"modified":"2026-08-21T13:03:24","modified_gmt":"2026-08-21T11:03:24","slug":"seance-speciale-lencre-ne-sera-jamais-seche","status":"publish","type":"event","link":"https:\/\/www.coolturalia.com\/fr\/event\/seance-speciale-lencre-ne-sera-jamais-seche\/","title":{"rendered":"S\u00e9ance sp\u00e9ciale : L&rsquo;encre ne sera jamais s\u00e8che"},"content":{"rendered":"<p>Le documentaire de Romain Girard plonge au coeur de la fabrication th\u00e9\u00e2trale, m\u00ealant r\u00e9p\u00e9titions et repr\u00e9sentation pour r\u00e9v\u00e9ler l&rsquo;\u00e9paisseur du travail sc\u00e9nique. \u00c0 travers une observation pr\u00e9cise, il d\u00e9crypte Tartuffe et les m\u00e9canismes d&#8217;emprise que Moli\u00e8re d\u00e9non\u00e7ait, mettant en lumi\u00e8re les choix du metteur en sc\u00e8ne Jean Liermier et la fa\u00e7on dont il fait vibrer les mots. Film\u00e9 avec discr\u00e9tion, il compose un portrait sensible du langage, du pouvoir et de la tension entre texte et interpr\u00e9tation.<\/p>\n<p>En pr\u00e9sence de Jean Liermier et Romain Girard, accompagn\u00e9s par la productrice et le producteur Chantal Bernheim et Patrick Siegenthaler de Actua Films<\/p>\n","protected":false},"excerpt":{"rendered":"<p>Le documentaire de Romain Girard plonge au coeur de la fabrication th\u00e9\u00e2trale, m\u00ealant r\u00e9p\u00e9titions et repr\u00e9sentation pour r\u00e9v\u00e9ler l&rsquo;\u00e9paisseur du travail sc\u00e9nique. \u00c0 travers une observation pr\u00e9cise, il d\u00e9crypte Tartuffe et les m\u00e9canismes d&#8217;emprise que Moli\u00e8re d\u00e9non\u00e7ait, mettant en lumi\u00e8re les choix du metteur en sc\u00e8ne Jean Liermier et la fa\u00e7on dont il fait vibrer [&hellip;]<\/p>\n","protected":false},"featured_media":197924,"parent":0,"menu_order":0,"template":"","format":"standard","meta":{"_acf_changed":false,"footnotes":""},"tags":[],"event-category":[450],"event-venue":[763],"class_list":["post-197926","event","type-event","status-publish","format-standard","has-post-thumbnail","hentry","event-category-cinema-independant","event-venue-bio-fr"],"acf":{"price":"Sur r\u00e9servation","date":"Lundi 7 septembre, 20:00","start_date":"2026-09-07 20:00:00","end_date":"2026-09-07 22:00:00","website_link":"https:\/\/www.cinema-bio.ch\/evenements\/2994-lencre-ne-sera-jamais-seche","link_buy_tickets":"","highlighted":false,"photo_credit":"","timings":[{"timing_start_date":"2026-09-07 20:00:00","timing_end_date":"2026-09-07 22:00:00"}],"external_id":""},"yoast_head":"<!-- This site is optimized with the Yoast SEO plugin v28.3 - https:\/\/yoast.com\/product\/yoast-seo-wordpress\/ -->\n<title>S\u00e9ance sp\u00e9ciale : L&#039;encre ne sera jamais s\u00e8che - Coolturalia<\/title>\n<meta name=\"robots\" content=\"index, follow, max-snippet:-1, max-image-preview:large, max-video-preview:-1\" \/>\n<link rel=\"canonical\" href=\"https:\/\/www.coolturalia.com\/fr\/event\/seance-speciale-lencre-ne-sera-jamais-seche\/\" \/>\n<meta property=\"og:locale\" content=\"fr_FR\" \/>\n<meta property=\"og:type\" content=\"article\" \/>\n<meta property=\"og:title\" content=\"S\u00e9ance sp\u00e9ciale : L&#039;encre ne sera jamais s\u00e8che - Coolturalia\" \/>\n<meta property=\"og:description\" content=\"Le documentaire de Romain Girard plonge au coeur de la fabrication th\u00e9\u00e2trale, m\u00ealant r\u00e9p\u00e9titions et repr\u00e9sentation pour r\u00e9v\u00e9ler l&rsquo;\u00e9paisseur du travail sc\u00e9nique. \u00c0 travers une observation pr\u00e9cise, il d\u00e9crypte Tartuffe et les m\u00e9canismes d&#8217;emprise que Moli\u00e8re d\u00e9non\u00e7ait, mettant en lumi\u00e8re les choix du metteur en sc\u00e8ne Jean Liermier et la fa\u00e7on dont il fait vibrer [&hellip;]\" \/>\n<meta property=\"og:url\" content=\"https:\/\/www.coolturalia.com\/fr\/event\/seance-speciale-lencre-ne-sera-jamais-seche\/\" \/>\n<meta property=\"og:site_name\" content=\"Coolturalia\" \/>\n<meta property=\"og:image\" content=\"https:\/\/www.coolturalia.com\/wp-content\/uploads\/2024\/04\/favicon-coolturalia-2.png\" \/>\n\t<meta property=\"og:image:width\" content=\"150\" \/>\n\t<meta property=\"og:image:height\" content=\"150\" \/>\n\t<meta property=\"og:image:type\" content=\"image\/png\" \/>\n<meta name=\"twitter:card\" content=\"summary_large_image\" \/>\n<meta name=\"twitter:label1\" content=\"Dur\u00e9e de lecture estim\u00e9e\" \/>\n\t<meta name=\"twitter:data1\" content=\"1 minute\" \/>\n<script type=\"application\/ld+json\" class=\"yoast-schema-graph\">{\"@context\":\"https:\\\/\\\/schema.org\",\"@graph\":[{\"@type\":\"WebPage\",\"@id\":\"https:\\\/\\\/www.coolturalia.com\\\/fr\\\/event\\\/seance-speciale-lencre-ne-sera-jamais-seche\\\/\",\"url\":\"https:\\\/\\\/www.coolturalia.com\\\/fr\\\/event\\\/seance-speciale-lencre-ne-sera-jamais-seche\\\/\",\"name\":\"S\u00e9ance sp\u00e9ciale : L'encre ne sera jamais s\u00e8che - Coolturalia\",\"isPartOf\":{\"@id\":\"https:\\\/\\\/www.coolturalia.com\\\/fr\\\/#website\"},\"primaryImageOfPage\":{\"@id\":\"https:\\\/\\\/www.coolturalia.com\\\/fr\\\/event\\\/seance-speciale-lencre-ne-sera-jamais-seche\\\/#primaryimage\"},\"image\":{\"@id\":\"https:\\\/\\\/www.coolturalia.com\\\/fr\\\/event\\\/seance-speciale-lencre-ne-sera-jamais-seche\\\/#primaryimage\"},\"thumbnailUrl\":\"https:\\\/\\\/www.coolturalia.com\\\/wp-content\\\/uploads\\\/2026\\\/08\\\/Special-Screening-L-Encre-Ne-Sera-Jamais-Seche.webp\",\"datePublished\":\"2026-08-21T11:03:24+00:00\",\"breadcrumb\":{\"@id\":\"https:\\\/\\\/www.coolturalia.com\\\/fr\\\/event\\\/seance-speciale-lencre-ne-sera-jamais-seche\\\/#breadcrumb\"},\"inLanguage\":\"fr-FR\",\"potentialAction\":[{\"@type\":\"ReadAction\",\"target\":[\"https:\\\/\\\/www.coolturalia.com\\\/fr\\\/event\\\/seance-speciale-lencre-ne-sera-jamais-seche\\\/\"]}]},{\"@type\":\"ImageObject\",\"inLanguage\":\"fr-FR\",\"@id\":\"https:\\\/\\\/www.coolturalia.com\\\/fr\\\/event\\\/seance-speciale-lencre-ne-sera-jamais-seche\\\/#primaryimage\",\"url\":\"https:\\\/\\\/www.coolturalia.com\\\/wp-content\\\/uploads\\\/2026\\\/08\\\/Special-Screening-L-Encre-Ne-Sera-Jamais-Seche.webp\",\"contentUrl\":\"https:\\\/\\\/www.coolturalia.com\\\/wp-content\\\/uploads\\\/2026\\\/08\\\/Special-Screening-L-Encre-Ne-Sera-Jamais-Seche.webp\",\"width\":1800,\"height\":1200,\"caption\":\"undefined\"},{\"@type\":\"BreadcrumbList\",\"@id\":\"https:\\\/\\\/www.coolturalia.com\\\/fr\\\/event\\\/seance-speciale-lencre-ne-sera-jamais-seche\\\/#breadcrumb\",\"itemListElement\":[{\"@type\":\"ListItem\",\"position\":1,\"name\":\"Home\",\"item\":\"https:\\\/\\\/www.coolturalia.com\\\/fr\\\/\"},{\"@type\":\"ListItem\",\"position\":2,\"name\":\"Events\",\"item\":\"https:\\\/\\\/www.coolturalia.com\\\/fr\\\/events\\\/\"},{\"@type\":\"ListItem\",\"position\":3,\"name\":\"S\u00e9ance sp\u00e9ciale : L&rsquo;encre ne sera jamais s\u00e8che\"}]},{\"@type\":\"WebSite\",\"@id\":\"https:\\\/\\\/www.coolturalia.com\\\/fr\\\/#website\",\"url\":\"https:\\\/\\\/www.coolturalia.com\\\/fr\\\/\",\"name\":\"Coolturalia\",\"description\":\"\",\"publisher\":{\"@id\":\"https:\\\/\\\/www.coolturalia.com\\\/fr\\\/#organization\"},\"potentialAction\":[{\"@type\":\"SearchAction\",\"target\":{\"@type\":\"EntryPoint\",\"urlTemplate\":\"https:\\\/\\\/www.coolturalia.com\\\/fr\\\/?s={search_term_string}\"},\"query-input\":{\"@type\":\"PropertyValueSpecification\",\"valueRequired\":true,\"valueName\":\"search_term_string\"}}],\"inLanguage\":\"fr-FR\"},{\"@type\":\"Organization\",\"@id\":\"https:\\\/\\\/www.coolturalia.com\\\/fr\\\/#organization\",\"name\":\"Coolturalia\",\"url\":\"https:\\\/\\\/www.coolturalia.com\\\/fr\\\/\",\"logo\":{\"@type\":\"ImageObject\",\"inLanguage\":\"fr-FR\",\"@id\":\"https:\\\/\\\/www.coolturalia.com\\\/fr\\\/#\\\/schema\\\/logo\\\/image\\\/\",\"url\":\"https:\\\/\\\/www.coolturalia.com\\\/wp-content\\\/uploads\\\/2024\\\/04\\\/Logo-coolturalia.svg\",\"contentUrl\":\"https:\\\/\\\/www.coolturalia.com\\\/wp-content\\\/uploads\\\/2024\\\/04\\\/Logo-coolturalia.svg\",\"width\":1312,\"height\":193,\"caption\":\"Coolturalia\"},\"image\":{\"@id\":\"https:\\\/\\\/www.coolturalia.com\\\/fr\\\/#\\\/schema\\\/logo\\\/image\\\/\"},\"sameAs\":[\"https:\\\/\\\/www.instagram.com\\\/coolturalia_geneva\\\/\"]}]}<\/script>\n<!-- \/ Yoast SEO plugin. -->","yoast_head_json":{"title":"S\u00e9ance sp\u00e9ciale : L'encre ne sera jamais s\u00e8che - Coolturalia","robots":{"index":"index","follow":"follow","max-snippet":"max-snippet:-1","max-image-preview":"max-image-preview:large","max-video-preview":"max-video-preview:-1"},"canonical":"https:\/\/www.coolturalia.com\/fr\/event\/seance-speciale-lencre-ne-sera-jamais-seche\/","og_locale":"fr_FR","og_type":"article","og_title":"S\u00e9ance sp\u00e9ciale : L'encre ne sera jamais s\u00e8che - Coolturalia","og_description":"Le documentaire de Romain Girard plonge au coeur de la fabrication th\u00e9\u00e2trale, m\u00ealant r\u00e9p\u00e9titions et repr\u00e9sentation pour r\u00e9v\u00e9ler l&rsquo;\u00e9paisseur du travail sc\u00e9nique. \u00c0 travers une observation pr\u00e9cise, il d\u00e9crypte Tartuffe et les m\u00e9canismes d&#8217;emprise que Moli\u00e8re d\u00e9non\u00e7ait, mettant en lumi\u00e8re les choix du metteur en sc\u00e8ne Jean Liermier et la fa\u00e7on dont il fait vibrer [&hellip;]","og_url":"https:\/\/www.coolturalia.com\/fr\/event\/seance-speciale-lencre-ne-sera-jamais-seche\/","og_site_name":"Coolturalia","og_image":[{"width":150,"height":150,"url":"https:\/\/www.coolturalia.com\/wp-content\/uploads\/2024\/04\/favicon-coolturalia-2.png","type":"image\/png"}],"twitter_card":"summary_large_image","twitter_misc":{"Dur\u00e9e de lecture estim\u00e9e":"1 minute"},"schema":{"@context":"https:\/\/schema.org","@graph":[{"@type":"WebPage","@id":"https:\/\/www.coolturalia.com\/fr\/event\/seance-speciale-lencre-ne-sera-jamais-seche\/","url":"https:\/\/www.coolturalia.com\/fr\/event\/seance-speciale-lencre-ne-sera-jamais-seche\/","name":"S\u00e9ance sp\u00e9ciale : L'encre ne sera jamais s\u00e8che - Coolturalia","isPartOf":{"@id":"https:\/\/www.coolturalia.com\/fr\/#website"},"primaryImageOfPage":{"@id":"https:\/\/www.coolturalia.com\/fr\/event\/seance-speciale-lencre-ne-sera-jamais-seche\/#primaryimage"},"image":{"@id":"https:\/\/www.coolturalia.com\/fr\/event\/seance-speciale-lencre-ne-sera-jamais-seche\/#primaryimage"},"thumbnailUrl":"https:\/\/www.coolturalia.com\/wp-content\/uploads\/2026\/08\/Special-Screening-L-Encre-Ne-Sera-Jamais-Seche.webp","datePublished":"2026-08-21T11:03:24+00:00","breadcrumb":{"@id":"https:\/\/www.coolturalia.com\/fr\/event\/seance-speciale-lencre-ne-sera-jamais-seche\/#breadcrumb"},"inLanguage":"fr-FR","potentialAction":[{"@type":"ReadAction","target":["https:\/\/www.coolturalia.com\/fr\/event\/seance-speciale-lencre-ne-sera-jamais-seche\/"]}]},{"@type":"ImageObject","inLanguage":"fr-FR","@id":"https:\/\/www.coolturalia.com\/fr\/event\/seance-speciale-lencre-ne-sera-jamais-seche\/#primaryimage","url":"https:\/\/www.coolturalia.com\/wp-content\/uploads\/2026\/08\/Special-Screening-L-Encre-Ne-Sera-Jamais-Seche.webp","contentUrl":"https:\/\/www.coolturalia.com\/wp-content\/uploads\/2026\/08\/Special-Screening-L-Encre-Ne-Sera-Jamais-Seche.webp","width":1800,"height":1200,"caption":"undefined"},{"@type":"BreadcrumbList","@id":"https:\/\/www.coolturalia.com\/fr\/event\/seance-speciale-lencre-ne-sera-jamais-seche\/#breadcrumb","itemListElement":[{"@type":"ListItem","position":1,"name":"Home","item":"https:\/\/www.coolturalia.com\/fr\/"},{"@type":"ListItem","position":2,"name":"Events","item":"https:\/\/www.coolturalia.com\/fr\/events\/"},{"@type":"ListItem","position":3,"name":"S\u00e9ance sp\u00e9ciale : L&rsquo;encre ne sera jamais s\u00e8che"}]},{"@type":"WebSite","@id":"https:\/\/www.coolturalia.com\/fr\/#website","url":"https:\/\/www.coolturalia.com\/fr\/","name":"Coolturalia","description":"","publisher":{"@id":"https:\/\/www.coolturalia.com\/fr\/#organization"},"potentialAction":[{"@type":"SearchAction","target":{"@type":"EntryPoint","urlTemplate":"https:\/\/www.coolturalia.com\/fr\/?s={search_term_string}"},"query-input":{"@type":"PropertyValueSpecification","valueRequired":true,"valueName":"search_term_string"}}],"inLanguage":"fr-FR"},{"@type":"Organization","@id":"https:\/\/www.coolturalia.com\/fr\/#organization","name":"Coolturalia","url":"https:\/\/www.coolturalia.com\/fr\/","logo":{"@type":"ImageObject","inLanguage":"fr-FR","@id":"https:\/\/www.coolturalia.com\/fr\/#\/schema\/logo\/image\/","url":"https:\/\/www.coolturalia.com\/wp-content\/uploads\/2024\/04\/Logo-coolturalia.svg","contentUrl":"https:\/\/www.coolturalia.com\/wp-content\/uploads\/2024\/04\/Logo-coolturalia.svg","width":1312,"height":193,"caption":"Coolturalia"},"image":{"@id":"https:\/\/www.coolturalia.com\/fr\/#\/schema\/logo\/image\/"},"sameAs":["https:\/\/www.instagram.com\/coolturalia_geneva\/"]}]}},"translations":{"translations":{"en":"197925","fr":"197926"},"language":{"code":"fr"},"date":{"dateRange":"Lundi 7 septembre, 20:00"}},"language":{"code":"fr"},"_links":{"self":[{"href":"https:\/\/www.coolturalia.com\/fr\/wp-json\/wp\/v2\/event\/197926","targetHints":{"allow":["GET"]}}],"collection":[{"href":"https:\/\/www.coolturalia.com\/fr\/wp-json\/wp\/v2\/event"}],"about":[{"href":"https:\/\/www.coolturalia.com\/fr\/wp-json\/wp\/v2\/types\/event"}],"version-history":[{"count":0,"href":"https:\/\/www.coolturalia.com\/fr\/wp-json\/wp\/v2\/event\/197926\/revisions"}],"wp:featuredmedia":[{"embeddable":true,"href":"https:\/\/www.coolturalia.com\/fr\/wp-json\/wp\/v2\/media\/197924"}],"wp:attachment":[{"href":"https:\/\/www.coolturalia.com\/fr\/wp-json\/wp\/v2\/media?parent=197926"}],"wp:term":[{"taxonomy":"post_tag","embeddable":true,"href":"https:\/\/www.coolturalia.com\/fr\/wp-json\/wp\/v2\/tags?post=197926"},{"taxonomy":"event-category","embeddable":true,"href":"https:\/\/www.coolturalia.com\/fr\/wp-json\/wp\/v2\/event-category?post=197926"},{"taxonomy":"event-venue","embeddable":true,"href":"https:\/\/www.coolturalia.com\/fr\/wp-json\/wp\/v2\/event-venue?post=197926"}],"curies":[{"name":"wp","href":"https:\/\/api.w.org\/{rel}","templated":true}]}}