{"id":197683,"date":"2026-08-18T13:47:26","date_gmt":"2026-08-18T11:47:26","guid":{"rendered":"https:\/\/www.coolturalia.com\/event\/boycott-de-la-journee-du-cinema-sponsorisee-par-allianz\/"},"modified":"2026-08-18T13:47:26","modified_gmt":"2026-08-18T11:47:26","slug":"boycott-de-la-journee-du-cinema-sponsorisee-par-allianz","status":"publish","type":"event","link":"https:\/\/www.coolturalia.com\/fr\/event\/boycott-de-la-journee-du-cinema-sponsorisee-par-allianz\/","title":{"rendered":"Boycott de la journ\u00e9e du cin\u00e9ma sponsoris\u00e9e par Allianz"},"content":{"rendered":"<p>Organis\u00e9 en partenariat avec BDS, le CETIM et le Festival du Film Libanais, ce programme interroge les raisons culturelles et politiques du boycott d&rsquo;une journ\u00e9e de cin\u00e9ma sponsoris\u00e9e par Allianz. La s\u00e9ance Some Strings propose un programme de courts m\u00e9trages aux textures intimes et aux exp\u00e9rimentations formelles autour de la m\u00e9moire et des liens; Un monde fragile &amp; merveilleux est pr\u00e9sent\u00e9 puis discut\u00e9 en visioconf\u00e9rence avec le r\u00e9alisateur Cyril Aris et l&rsquo;actrice Mounia Akl. Des intervenants du mouvement BDS apportent un cadre critique. Les recettes de la s\u00e9ance de courts seront revers\u00e9es \u00e0 l&rsquo;association YAFFA pour la Palestine.<\/p>\n<p>En Arabe sous titr\u00e9 fran\u00e7ais.<\/p>\n<p>17:00 &#8211; SOME STRINGS de AA. VV. (courts m\u00e9trages)<br \/>Suivi d&rsquo;une discussion sur les raisons du boycott avec invit\u00e9s (partenariat avec BDS Gen\u00e8ve).<\/p>\n<p>19:00 &#8211; UN MONDE FRAGILE &amp; MERVEILLEUX de Cyril Aris<br \/>Suivi d&rsquo;une visioconf\u00e9rence en pr\u00e9sence du r\u00e9alisateur Cyril Aris et de l&rsquo;actrice Mounia Akl.<\/p>\n","protected":false},"excerpt":{"rendered":"<p>Organis\u00e9 en partenariat avec BDS, le CETIM et le Festival du Film Libanais, ce programme interroge les raisons culturelles et politiques du boycott d&rsquo;une journ\u00e9e de cin\u00e9ma sponsoris\u00e9e par Allianz. La s\u00e9ance Some Strings propose un programme de courts m\u00e9trages aux textures intimes et aux exp\u00e9rimentations formelles autour de la m\u00e9moire et des liens; Un [&hellip;]<\/p>\n","protected":false},"featured_media":197681,"parent":0,"menu_order":0,"template":"","format":"standard","meta":{"_acf_changed":false,"footnotes":""},"tags":[],"event-category":[450],"event-venue":[772],"class_list":["post-197683","event","type-event","status-publish","format-standard","has-post-thumbnail","hentry","event-category-cinema-independant","event-venue-cinelux-fr"],"acf":{"price":"","date":"Dimanche 6 septembre","start_date":"2026-09-06 17:00:00","end_date":"2026-09-06 21:00:00","website_link":"https:\/\/www.cinelux.ch\/2026\/07\/18\/boycott-de-la-journee-du-cinema-sponsorisee-par-allianz\/","link_buy_tickets":"","highlighted":false,"photo_credit":"","timings":[{"timing_start_date":"2026-09-06 17:00:00","timing_end_date":"2026-09-06 19:00:00"},{"timing_start_date":"2026-09-06 19:00:00","timing_end_date":"2026-09-06 21:00:00"}],"external_id":""},"yoast_head":"<!-- This site is optimized with the Yoast SEO plugin v28.3 - https:\/\/yoast.com\/product\/yoast-seo-wordpress\/ -->\n<title>Boycott de la journ\u00e9e du cin\u00e9ma sponsoris\u00e9e par Allianz - Coolturalia<\/title>\n<meta name=\"robots\" content=\"index, follow, max-snippet:-1, max-image-preview:large, max-video-preview:-1\" \/>\n<link rel=\"canonical\" href=\"https:\/\/www.coolturalia.com\/fr\/event\/boycott-de-la-journee-du-cinema-sponsorisee-par-allianz\/\" \/>\n<meta property=\"og:locale\" content=\"fr_FR\" \/>\n<meta property=\"og:type\" content=\"article\" \/>\n<meta property=\"og:title\" content=\"Boycott de la journ\u00e9e du cin\u00e9ma sponsoris\u00e9e par Allianz - Coolturalia\" \/>\n<meta property=\"og:description\" content=\"Organis\u00e9 en partenariat avec BDS, le CETIM et le Festival du Film Libanais, ce programme interroge les raisons culturelles et politiques du boycott d&rsquo;une journ\u00e9e de cin\u00e9ma sponsoris\u00e9e par Allianz. La s\u00e9ance Some Strings propose un programme de courts m\u00e9trages aux textures intimes et aux exp\u00e9rimentations formelles autour de la m\u00e9moire et des liens; Un [&hellip;]\" \/>\n<meta property=\"og:url\" content=\"https:\/\/www.coolturalia.com\/fr\/event\/boycott-de-la-journee-du-cinema-sponsorisee-par-allianz\/\" \/>\n<meta property=\"og:site_name\" content=\"Coolturalia\" \/>\n<meta property=\"og:image\" content=\"https:\/\/www.coolturalia.com\/wp-content\/uploads\/2024\/04\/favicon-coolturalia-2.png\" \/>\n\t<meta property=\"og:image:width\" content=\"150\" \/>\n\t<meta property=\"og:image:height\" content=\"150\" \/>\n\t<meta property=\"og:image:type\" content=\"image\/png\" \/>\n<meta name=\"twitter:card\" content=\"summary_large_image\" \/>\n<meta name=\"twitter:label1\" content=\"Dur\u00e9e de lecture estim\u00e9e\" \/>\n\t<meta name=\"twitter:data1\" content=\"1 minute\" \/>\n<script type=\"application\/ld+json\" class=\"yoast-schema-graph\">{\"@context\":\"https:\\\/\\\/schema.org\",\"@graph\":[{\"@type\":\"WebPage\",\"@id\":\"https:\\\/\\\/www.coolturalia.com\\\/fr\\\/event\\\/boycott-de-la-journee-du-cinema-sponsorisee-par-allianz\\\/\",\"url\":\"https:\\\/\\\/www.coolturalia.com\\\/fr\\\/event\\\/boycott-de-la-journee-du-cinema-sponsorisee-par-allianz\\\/\",\"name\":\"Boycott de la journ\u00e9e du cin\u00e9ma sponsoris\u00e9e par Allianz - Coolturalia\",\"isPartOf\":{\"@id\":\"https:\\\/\\\/www.coolturalia.com\\\/fr\\\/#website\"},\"primaryImageOfPage\":{\"@id\":\"https:\\\/\\\/www.coolturalia.com\\\/fr\\\/event\\\/boycott-de-la-journee-du-cinema-sponsorisee-par-allianz\\\/#primaryimage\"},\"image\":{\"@id\":\"https:\\\/\\\/www.coolturalia.com\\\/fr\\\/event\\\/boycott-de-la-journee-du-cinema-sponsorisee-par-allianz\\\/#primaryimage\"},\"thumbnailUrl\":\"https:\\\/\\\/www.coolturalia.com\\\/wp-content\\\/uploads\\\/2026\\\/08\\\/Boycott-of-the-Allianz-Sponsored-Cinema-Day.webp\",\"datePublished\":\"2026-08-18T11:47:26+00:00\",\"breadcrumb\":{\"@id\":\"https:\\\/\\\/www.coolturalia.com\\\/fr\\\/event\\\/boycott-de-la-journee-du-cinema-sponsorisee-par-allianz\\\/#breadcrumb\"},\"inLanguage\":\"fr-FR\",\"potentialAction\":[{\"@type\":\"ReadAction\",\"target\":[\"https:\\\/\\\/www.coolturalia.com\\\/fr\\\/event\\\/boycott-de-la-journee-du-cinema-sponsorisee-par-allianz\\\/\"]}]},{\"@type\":\"ImageObject\",\"inLanguage\":\"fr-FR\",\"@id\":\"https:\\\/\\\/www.coolturalia.com\\\/fr\\\/event\\\/boycott-de-la-journee-du-cinema-sponsorisee-par-allianz\\\/#primaryimage\",\"url\":\"https:\\\/\\\/www.coolturalia.com\\\/wp-content\\\/uploads\\\/2026\\\/08\\\/Boycott-of-the-Allianz-Sponsored-Cinema-Day.webp\",\"contentUrl\":\"https:\\\/\\\/www.coolturalia.com\\\/wp-content\\\/uploads\\\/2026\\\/08\\\/Boycott-of-the-Allianz-Sponsored-Cinema-Day.webp\",\"width\":750,\"height\":527,\"caption\":\"undefined\"},{\"@type\":\"BreadcrumbList\",\"@id\":\"https:\\\/\\\/www.coolturalia.com\\\/fr\\\/event\\\/boycott-de-la-journee-du-cinema-sponsorisee-par-allianz\\\/#breadcrumb\",\"itemListElement\":[{\"@type\":\"ListItem\",\"position\":1,\"name\":\"Home\",\"item\":\"https:\\\/\\\/www.coolturalia.com\\\/fr\\\/\"},{\"@type\":\"ListItem\",\"position\":2,\"name\":\"Events\",\"item\":\"https:\\\/\\\/www.coolturalia.com\\\/fr\\\/events\\\/\"},{\"@type\":\"ListItem\",\"position\":3,\"name\":\"Boycott de la journ\u00e9e du cin\u00e9ma sponsoris\u00e9e par Allianz\"}]},{\"@type\":\"WebSite\",\"@id\":\"https:\\\/\\\/www.coolturalia.com\\\/fr\\\/#website\",\"url\":\"https:\\\/\\\/www.coolturalia.com\\\/fr\\\/\",\"name\":\"Coolturalia\",\"description\":\"\",\"publisher\":{\"@id\":\"https:\\\/\\\/www.coolturalia.com\\\/fr\\\/#organization\"},\"potentialAction\":[{\"@type\":\"SearchAction\",\"target\":{\"@type\":\"EntryPoint\",\"urlTemplate\":\"https:\\\/\\\/www.coolturalia.com\\\/fr\\\/?s={search_term_string}\"},\"query-input\":{\"@type\":\"PropertyValueSpecification\",\"valueRequired\":true,\"valueName\":\"search_term_string\"}}],\"inLanguage\":\"fr-FR\"},{\"@type\":\"Organization\",\"@id\":\"https:\\\/\\\/www.coolturalia.com\\\/fr\\\/#organization\",\"name\":\"Coolturalia\",\"url\":\"https:\\\/\\\/www.coolturalia.com\\\/fr\\\/\",\"logo\":{\"@type\":\"ImageObject\",\"inLanguage\":\"fr-FR\",\"@id\":\"https:\\\/\\\/www.coolturalia.com\\\/fr\\\/#\\\/schema\\\/logo\\\/image\\\/\",\"url\":\"https:\\\/\\\/www.coolturalia.com\\\/wp-content\\\/uploads\\\/2024\\\/04\\\/Logo-coolturalia.svg\",\"contentUrl\":\"https:\\\/\\\/www.coolturalia.com\\\/wp-content\\\/uploads\\\/2024\\\/04\\\/Logo-coolturalia.svg\",\"width\":1312,\"height\":193,\"caption\":\"Coolturalia\"},\"image\":{\"@id\":\"https:\\\/\\\/www.coolturalia.com\\\/fr\\\/#\\\/schema\\\/logo\\\/image\\\/\"},\"sameAs\":[\"https:\\\/\\\/www.instagram.com\\\/coolturalia_geneva\\\/\"]}]}<\/script>\n<!-- \/ Yoast SEO plugin. -->","yoast_head_json":{"title":"Boycott de la journ\u00e9e du cin\u00e9ma sponsoris\u00e9e par Allianz - Coolturalia","robots":{"index":"index","follow":"follow","max-snippet":"max-snippet:-1","max-image-preview":"max-image-preview:large","max-video-preview":"max-video-preview:-1"},"canonical":"https:\/\/www.coolturalia.com\/fr\/event\/boycott-de-la-journee-du-cinema-sponsorisee-par-allianz\/","og_locale":"fr_FR","og_type":"article","og_title":"Boycott de la journ\u00e9e du cin\u00e9ma sponsoris\u00e9e par Allianz - Coolturalia","og_description":"Organis\u00e9 en partenariat avec BDS, le CETIM et le Festival du Film Libanais, ce programme interroge les raisons culturelles et politiques du boycott d&rsquo;une journ\u00e9e de cin\u00e9ma sponsoris\u00e9e par Allianz. La s\u00e9ance Some Strings propose un programme de courts m\u00e9trages aux textures intimes et aux exp\u00e9rimentations formelles autour de la m\u00e9moire et des liens; Un [&hellip;]","og_url":"https:\/\/www.coolturalia.com\/fr\/event\/boycott-de-la-journee-du-cinema-sponsorisee-par-allianz\/","og_site_name":"Coolturalia","og_image":[{"width":150,"height":150,"url":"https:\/\/www.coolturalia.com\/wp-content\/uploads\/2024\/04\/favicon-coolturalia-2.png","type":"image\/png"}],"twitter_card":"summary_large_image","twitter_misc":{"Dur\u00e9e de lecture estim\u00e9e":"1 minute"},"schema":{"@context":"https:\/\/schema.org","@graph":[{"@type":"WebPage","@id":"https:\/\/www.coolturalia.com\/fr\/event\/boycott-de-la-journee-du-cinema-sponsorisee-par-allianz\/","url":"https:\/\/www.coolturalia.com\/fr\/event\/boycott-de-la-journee-du-cinema-sponsorisee-par-allianz\/","name":"Boycott de la journ\u00e9e du cin\u00e9ma sponsoris\u00e9e par Allianz - Coolturalia","isPartOf":{"@id":"https:\/\/www.coolturalia.com\/fr\/#website"},"primaryImageOfPage":{"@id":"https:\/\/www.coolturalia.com\/fr\/event\/boycott-de-la-journee-du-cinema-sponsorisee-par-allianz\/#primaryimage"},"image":{"@id":"https:\/\/www.coolturalia.com\/fr\/event\/boycott-de-la-journee-du-cinema-sponsorisee-par-allianz\/#primaryimage"},"thumbnailUrl":"https:\/\/www.coolturalia.com\/wp-content\/uploads\/2026\/08\/Boycott-of-the-Allianz-Sponsored-Cinema-Day.webp","datePublished":"2026-08-18T11:47:26+00:00","breadcrumb":{"@id":"https:\/\/www.coolturalia.com\/fr\/event\/boycott-de-la-journee-du-cinema-sponsorisee-par-allianz\/#breadcrumb"},"inLanguage":"fr-FR","potentialAction":[{"@type":"ReadAction","target":["https:\/\/www.coolturalia.com\/fr\/event\/boycott-de-la-journee-du-cinema-sponsorisee-par-allianz\/"]}]},{"@type":"ImageObject","inLanguage":"fr-FR","@id":"https:\/\/www.coolturalia.com\/fr\/event\/boycott-de-la-journee-du-cinema-sponsorisee-par-allianz\/#primaryimage","url":"https:\/\/www.coolturalia.com\/wp-content\/uploads\/2026\/08\/Boycott-of-the-Allianz-Sponsored-Cinema-Day.webp","contentUrl":"https:\/\/www.coolturalia.com\/wp-content\/uploads\/2026\/08\/Boycott-of-the-Allianz-Sponsored-Cinema-Day.webp","width":750,"height":527,"caption":"undefined"},{"@type":"BreadcrumbList","@id":"https:\/\/www.coolturalia.com\/fr\/event\/boycott-de-la-journee-du-cinema-sponsorisee-par-allianz\/#breadcrumb","itemListElement":[{"@type":"ListItem","position":1,"name":"Home","item":"https:\/\/www.coolturalia.com\/fr\/"},{"@type":"ListItem","position":2,"name":"Events","item":"https:\/\/www.coolturalia.com\/fr\/events\/"},{"@type":"ListItem","position":3,"name":"Boycott de la journ\u00e9e du cin\u00e9ma sponsoris\u00e9e par Allianz"}]},{"@type":"WebSite","@id":"https:\/\/www.coolturalia.com\/fr\/#website","url":"https:\/\/www.coolturalia.com\/fr\/","name":"Coolturalia","description":"","publisher":{"@id":"https:\/\/www.coolturalia.com\/fr\/#organization"},"potentialAction":[{"@type":"SearchAction","target":{"@type":"EntryPoint","urlTemplate":"https:\/\/www.coolturalia.com\/fr\/?s={search_term_string}"},"query-input":{"@type":"PropertyValueSpecification","valueRequired":true,"valueName":"search_term_string"}}],"inLanguage":"fr-FR"},{"@type":"Organization","@id":"https:\/\/www.coolturalia.com\/fr\/#organization","name":"Coolturalia","url":"https:\/\/www.coolturalia.com\/fr\/","logo":{"@type":"ImageObject","inLanguage":"fr-FR","@id":"https:\/\/www.coolturalia.com\/fr\/#\/schema\/logo\/image\/","url":"https:\/\/www.coolturalia.com\/wp-content\/uploads\/2024\/04\/Logo-coolturalia.svg","contentUrl":"https:\/\/www.coolturalia.com\/wp-content\/uploads\/2024\/04\/Logo-coolturalia.svg","width":1312,"height":193,"caption":"Coolturalia"},"image":{"@id":"https:\/\/www.coolturalia.com\/fr\/#\/schema\/logo\/image\/"},"sameAs":["https:\/\/www.instagram.com\/coolturalia_geneva\/"]}]}},"translations":{"translations":{"en":"197682","fr":"197683"},"language":{"code":"fr"},"date":{"dateRange":"Dimanche 6 septembre"}},"language":{"code":"fr"},"_links":{"self":[{"href":"https:\/\/www.coolturalia.com\/fr\/wp-json\/wp\/v2\/event\/197683","targetHints":{"allow":["GET"]}}],"collection":[{"href":"https:\/\/www.coolturalia.com\/fr\/wp-json\/wp\/v2\/event"}],"about":[{"href":"https:\/\/www.coolturalia.com\/fr\/wp-json\/wp\/v2\/types\/event"}],"version-history":[{"count":0,"href":"https:\/\/www.coolturalia.com\/fr\/wp-json\/wp\/v2\/event\/197683\/revisions"}],"wp:featuredmedia":[{"embeddable":true,"href":"https:\/\/www.coolturalia.com\/fr\/wp-json\/wp\/v2\/media\/197681"}],"wp:attachment":[{"href":"https:\/\/www.coolturalia.com\/fr\/wp-json\/wp\/v2\/media?parent=197683"}],"wp:term":[{"taxonomy":"post_tag","embeddable":true,"href":"https:\/\/www.coolturalia.com\/fr\/wp-json\/wp\/v2\/tags?post=197683"},{"taxonomy":"event-category","embeddable":true,"href":"https:\/\/www.coolturalia.com\/fr\/wp-json\/wp\/v2\/event-category?post=197683"},{"taxonomy":"event-venue","embeddable":true,"href":"https:\/\/www.coolturalia.com\/fr\/wp-json\/wp\/v2\/event-venue?post=197683"}],"curies":[{"name":"wp","href":"https:\/\/api.w.org\/{rel}","templated":true}]}}