{"id":197617,"date":"2026-08-18T09:48:37","date_gmt":"2026-08-18T07:48:37","guid":{"rendered":"https:\/\/www.coolturalia.com\/event\/atelier-creer-des-ponts-vers-lavenir\/"},"modified":"2026-08-18T09:48:37","modified_gmt":"2026-08-18T07:48:37","slug":"atelier-creer-des-ponts-vers-lavenir","status":"publish","type":"event","link":"https:\/\/www.coolturalia.com\/fr\/event\/atelier-creer-des-ponts-vers-lavenir\/","title":{"rendered":"Atelier \u00ab Cr\u00e9er des ponts vers l\u2019avenir \u00bb"},"content":{"rendered":"<p>Cet \u00e9v\u00e9nement est un Speed \u200b\u200bDating \u00e0 l\u2019\u00e9chelle plan\u00e9taire\u00a0: un format structur\u00e9 et dynamique o\u00f9 les participants pourront \u00e9changer avec d\u2019autres organisations partageant les m\u00eames missions afin de soutenir les jeunes innovateurs. La Fondation Terre r\u00e9unira 30\u00a0leaders de fondations, d\u2019ONG, d\u2019entreprises et d\u2019initiatives men\u00e9es par des jeunes pour une session de collaboration \u00e0 fort impact, con\u00e7ue pour susciter de v\u00e9ritables partenariats au sein de l\u2019\u00e9cosyst\u00e8me du d\u00e9veloppement durable genevois. Il ne s\u2019agit pas d\u2019un r\u00e9seautage traditionnel. C\u2019est un Speed \u200b\u200bDating \u00e0 l\u2019\u00e9chelle plan\u00e9taire\u00a0: un format structur\u00e9 et dynamique o\u00f9 les participants pourront \u00e9changer avec d\u2019autres organisations partageant les m\u00eames missions gr\u00e2ce \u00e0 des rencontres cibl\u00e9es, con\u00e7ues pour cr\u00e9er des collaborations inattendues.<\/p>\n<p><strong>En anglais.<\/strong><\/p>\n","protected":false},"excerpt":{"rendered":"<p>Cet \u00e9v\u00e9nement est un Speed \u200b\u200bDating \u00e0 l\u2019\u00e9chelle plan\u00e9taire\u00a0: un format structur\u00e9 et dynamique o\u00f9 les participants pourront \u00e9changer avec d\u2019autres organisations partageant les m\u00eames missions afin de soutenir les jeunes innovateurs. La Fondation Terre r\u00e9unira 30\u00a0leaders de fondations, d\u2019ONG, d\u2019entreprises et d\u2019initiatives men\u00e9es par des jeunes pour une session de collaboration \u00e0 fort impact, [&hellip;]<\/p>\n","protected":false},"featured_media":197615,"parent":0,"menu_order":0,"template":"","format":"standard","meta":{"_acf_changed":false,"footnotes":""},"tags":[996],"event-category":[448],"event-venue":[1731],"class_list":["post-197617","event","type-event","status-publish","format-standard","has-post-thumbnail","hentry","tag-portrait-image","event-category-conferences","event-venue-maison-de-lavenir-fr"],"acf":{"price":"Gratuit, sur r\u00e9servation","date":"Mercredi 2 septembre, 17h30","start_date":"2026-09-02 17:30:00","end_date":"2026-09-02 19:30:00","website_link":"https:\/\/evenements.geneve.ch\/maisondelavenir\/agenda.html#\/events\/bridging-possibilities-workshop-2992397","link_buy_tickets":"","highlighted":false,"photo_credit":"The Earth Foundation","timings":[{"timing_start_date":"2026-09-02 17:30:00","timing_end_date":"2026-09-02 19:30:00"}],"external_id":"92764697"},"yoast_head":"<!-- This site is optimized with the Yoast SEO plugin v28.3 - https:\/\/yoast.com\/product\/yoast-seo-wordpress\/ -->\n<title>Atelier \u00ab Cr\u00e9er des ponts vers l\u2019avenir \u00bb - Coolturalia<\/title>\n<meta name=\"robots\" content=\"index, follow, max-snippet:-1, max-image-preview:large, max-video-preview:-1\" \/>\n<link rel=\"canonical\" href=\"https:\/\/www.coolturalia.com\/fr\/event\/atelier-creer-des-ponts-vers-lavenir\/\" \/>\n<meta property=\"og:locale\" content=\"fr_FR\" \/>\n<meta property=\"og:type\" content=\"article\" \/>\n<meta property=\"og:title\" content=\"Atelier \u00ab Cr\u00e9er des ponts vers l\u2019avenir \u00bb - Coolturalia\" \/>\n<meta property=\"og:description\" content=\"Cet \u00e9v\u00e9nement est un Speed \u200b\u200bDating \u00e0 l\u2019\u00e9chelle plan\u00e9taire\u00a0: un format structur\u00e9 et dynamique o\u00f9 les participants pourront \u00e9changer avec d\u2019autres organisations partageant les m\u00eames missions afin de soutenir les jeunes innovateurs. La Fondation Terre r\u00e9unira 30\u00a0leaders de fondations, d\u2019ONG, d\u2019entreprises et d\u2019initiatives men\u00e9es par des jeunes pour une session de collaboration \u00e0 fort impact, [&hellip;]\" \/>\n<meta property=\"og:url\" content=\"https:\/\/www.coolturalia.com\/fr\/event\/atelier-creer-des-ponts-vers-lavenir\/\" \/>\n<meta property=\"og:site_name\" content=\"Coolturalia\" \/>\n<meta property=\"og:image\" content=\"https:\/\/www.coolturalia.com\/wp-content\/uploads\/2024\/04\/favicon-coolturalia-2.png\" \/>\n\t<meta property=\"og:image:width\" content=\"150\" \/>\n\t<meta property=\"og:image:height\" content=\"150\" \/>\n\t<meta property=\"og:image:type\" content=\"image\/png\" \/>\n<meta name=\"twitter:card\" content=\"summary_large_image\" \/>\n<meta name=\"twitter:label1\" content=\"Dur\u00e9e de lecture estim\u00e9e\" \/>\n\t<meta name=\"twitter:data1\" content=\"1 minute\" \/>\n<script type=\"application\/ld+json\" class=\"yoast-schema-graph\">{\"@context\":\"https:\\\/\\\/schema.org\",\"@graph\":[{\"@type\":\"WebPage\",\"@id\":\"https:\\\/\\\/www.coolturalia.com\\\/fr\\\/event\\\/atelier-creer-des-ponts-vers-lavenir\\\/\",\"url\":\"https:\\\/\\\/www.coolturalia.com\\\/fr\\\/event\\\/atelier-creer-des-ponts-vers-lavenir\\\/\",\"name\":\"Atelier \u00ab Cr\u00e9er des ponts vers l\u2019avenir \u00bb - Coolturalia\",\"isPartOf\":{\"@id\":\"https:\\\/\\\/www.coolturalia.com\\\/fr\\\/#website\"},\"primaryImageOfPage\":{\"@id\":\"https:\\\/\\\/www.coolturalia.com\\\/fr\\\/event\\\/atelier-creer-des-ponts-vers-lavenir\\\/#primaryimage\"},\"image\":{\"@id\":\"https:\\\/\\\/www.coolturalia.com\\\/fr\\\/event\\\/atelier-creer-des-ponts-vers-lavenir\\\/#primaryimage\"},\"thumbnailUrl\":\"https:\\\/\\\/www.coolturalia.com\\\/wp-content\\\/uploads\\\/2026\\\/08\\\/Bridging-Possibilities-Workshop.webp\",\"datePublished\":\"2026-08-18T07:48:37+00:00\",\"breadcrumb\":{\"@id\":\"https:\\\/\\\/www.coolturalia.com\\\/fr\\\/event\\\/atelier-creer-des-ponts-vers-lavenir\\\/#breadcrumb\"},\"inLanguage\":\"fr-FR\",\"potentialAction\":[{\"@type\":\"ReadAction\",\"target\":[\"https:\\\/\\\/www.coolturalia.com\\\/fr\\\/event\\\/atelier-creer-des-ponts-vers-lavenir\\\/\"]}]},{\"@type\":\"ImageObject\",\"inLanguage\":\"fr-FR\",\"@id\":\"https:\\\/\\\/www.coolturalia.com\\\/fr\\\/event\\\/atelier-creer-des-ponts-vers-lavenir\\\/#primaryimage\",\"url\":\"https:\\\/\\\/www.coolturalia.com\\\/wp-content\\\/uploads\\\/2026\\\/08\\\/Bridging-Possibilities-Workshop.webp\",\"contentUrl\":\"https:\\\/\\\/www.coolturalia.com\\\/wp-content\\\/uploads\\\/2026\\\/08\\\/Bridging-Possibilities-Workshop.webp\",\"width\":700,\"height\":700,\"caption\":\"undefined\"},{\"@type\":\"BreadcrumbList\",\"@id\":\"https:\\\/\\\/www.coolturalia.com\\\/fr\\\/event\\\/atelier-creer-des-ponts-vers-lavenir\\\/#breadcrumb\",\"itemListElement\":[{\"@type\":\"ListItem\",\"position\":1,\"name\":\"Home\",\"item\":\"https:\\\/\\\/www.coolturalia.com\\\/fr\\\/\"},{\"@type\":\"ListItem\",\"position\":2,\"name\":\"Events\",\"item\":\"https:\\\/\\\/www.coolturalia.com\\\/fr\\\/events\\\/\"},{\"@type\":\"ListItem\",\"position\":3,\"name\":\"Atelier \u00ab Cr\u00e9er des ponts vers l\u2019avenir \u00bb\"}]},{\"@type\":\"WebSite\",\"@id\":\"https:\\\/\\\/www.coolturalia.com\\\/fr\\\/#website\",\"url\":\"https:\\\/\\\/www.coolturalia.com\\\/fr\\\/\",\"name\":\"Coolturalia\",\"description\":\"\",\"publisher\":{\"@id\":\"https:\\\/\\\/www.coolturalia.com\\\/fr\\\/#organization\"},\"potentialAction\":[{\"@type\":\"SearchAction\",\"target\":{\"@type\":\"EntryPoint\",\"urlTemplate\":\"https:\\\/\\\/www.coolturalia.com\\\/fr\\\/?s={search_term_string}\"},\"query-input\":{\"@type\":\"PropertyValueSpecification\",\"valueRequired\":true,\"valueName\":\"search_term_string\"}}],\"inLanguage\":\"fr-FR\"},{\"@type\":\"Organization\",\"@id\":\"https:\\\/\\\/www.coolturalia.com\\\/fr\\\/#organization\",\"name\":\"Coolturalia\",\"url\":\"https:\\\/\\\/www.coolturalia.com\\\/fr\\\/\",\"logo\":{\"@type\":\"ImageObject\",\"inLanguage\":\"fr-FR\",\"@id\":\"https:\\\/\\\/www.coolturalia.com\\\/fr\\\/#\\\/schema\\\/logo\\\/image\\\/\",\"url\":\"https:\\\/\\\/www.coolturalia.com\\\/wp-content\\\/uploads\\\/2024\\\/04\\\/Logo-coolturalia.svg\",\"contentUrl\":\"https:\\\/\\\/www.coolturalia.com\\\/wp-content\\\/uploads\\\/2024\\\/04\\\/Logo-coolturalia.svg\",\"width\":1312,\"height\":193,\"caption\":\"Coolturalia\"},\"image\":{\"@id\":\"https:\\\/\\\/www.coolturalia.com\\\/fr\\\/#\\\/schema\\\/logo\\\/image\\\/\"},\"sameAs\":[\"https:\\\/\\\/www.instagram.com\\\/coolturalia_geneva\\\/\"]}]}<\/script>\n<!-- \/ Yoast SEO plugin. -->","yoast_head_json":{"title":"Atelier \u00ab Cr\u00e9er des ponts vers l\u2019avenir \u00bb - Coolturalia","robots":{"index":"index","follow":"follow","max-snippet":"max-snippet:-1","max-image-preview":"max-image-preview:large","max-video-preview":"max-video-preview:-1"},"canonical":"https:\/\/www.coolturalia.com\/fr\/event\/atelier-creer-des-ponts-vers-lavenir\/","og_locale":"fr_FR","og_type":"article","og_title":"Atelier \u00ab Cr\u00e9er des ponts vers l\u2019avenir \u00bb - Coolturalia","og_description":"Cet \u00e9v\u00e9nement est un Speed \u200b\u200bDating \u00e0 l\u2019\u00e9chelle plan\u00e9taire\u00a0: un format structur\u00e9 et dynamique o\u00f9 les participants pourront \u00e9changer avec d\u2019autres organisations partageant les m\u00eames missions afin de soutenir les jeunes innovateurs. La Fondation Terre r\u00e9unira 30\u00a0leaders de fondations, d\u2019ONG, d\u2019entreprises et d\u2019initiatives men\u00e9es par des jeunes pour une session de collaboration \u00e0 fort impact, [&hellip;]","og_url":"https:\/\/www.coolturalia.com\/fr\/event\/atelier-creer-des-ponts-vers-lavenir\/","og_site_name":"Coolturalia","og_image":[{"width":150,"height":150,"url":"https:\/\/www.coolturalia.com\/wp-content\/uploads\/2024\/04\/favicon-coolturalia-2.png","type":"image\/png"}],"twitter_card":"summary_large_image","twitter_misc":{"Dur\u00e9e de lecture estim\u00e9e":"1 minute"},"schema":{"@context":"https:\/\/schema.org","@graph":[{"@type":"WebPage","@id":"https:\/\/www.coolturalia.com\/fr\/event\/atelier-creer-des-ponts-vers-lavenir\/","url":"https:\/\/www.coolturalia.com\/fr\/event\/atelier-creer-des-ponts-vers-lavenir\/","name":"Atelier \u00ab Cr\u00e9er des ponts vers l\u2019avenir \u00bb - Coolturalia","isPartOf":{"@id":"https:\/\/www.coolturalia.com\/fr\/#website"},"primaryImageOfPage":{"@id":"https:\/\/www.coolturalia.com\/fr\/event\/atelier-creer-des-ponts-vers-lavenir\/#primaryimage"},"image":{"@id":"https:\/\/www.coolturalia.com\/fr\/event\/atelier-creer-des-ponts-vers-lavenir\/#primaryimage"},"thumbnailUrl":"https:\/\/www.coolturalia.com\/wp-content\/uploads\/2026\/08\/Bridging-Possibilities-Workshop.webp","datePublished":"2026-08-18T07:48:37+00:00","breadcrumb":{"@id":"https:\/\/www.coolturalia.com\/fr\/event\/atelier-creer-des-ponts-vers-lavenir\/#breadcrumb"},"inLanguage":"fr-FR","potentialAction":[{"@type":"ReadAction","target":["https:\/\/www.coolturalia.com\/fr\/event\/atelier-creer-des-ponts-vers-lavenir\/"]}]},{"@type":"ImageObject","inLanguage":"fr-FR","@id":"https:\/\/www.coolturalia.com\/fr\/event\/atelier-creer-des-ponts-vers-lavenir\/#primaryimage","url":"https:\/\/www.coolturalia.com\/wp-content\/uploads\/2026\/08\/Bridging-Possibilities-Workshop.webp","contentUrl":"https:\/\/www.coolturalia.com\/wp-content\/uploads\/2026\/08\/Bridging-Possibilities-Workshop.webp","width":700,"height":700,"caption":"undefined"},{"@type":"BreadcrumbList","@id":"https:\/\/www.coolturalia.com\/fr\/event\/atelier-creer-des-ponts-vers-lavenir\/#breadcrumb","itemListElement":[{"@type":"ListItem","position":1,"name":"Home","item":"https:\/\/www.coolturalia.com\/fr\/"},{"@type":"ListItem","position":2,"name":"Events","item":"https:\/\/www.coolturalia.com\/fr\/events\/"},{"@type":"ListItem","position":3,"name":"Atelier \u00ab Cr\u00e9er des ponts vers l\u2019avenir \u00bb"}]},{"@type":"WebSite","@id":"https:\/\/www.coolturalia.com\/fr\/#website","url":"https:\/\/www.coolturalia.com\/fr\/","name":"Coolturalia","description":"","publisher":{"@id":"https:\/\/www.coolturalia.com\/fr\/#organization"},"potentialAction":[{"@type":"SearchAction","target":{"@type":"EntryPoint","urlTemplate":"https:\/\/www.coolturalia.com\/fr\/?s={search_term_string}"},"query-input":{"@type":"PropertyValueSpecification","valueRequired":true,"valueName":"search_term_string"}}],"inLanguage":"fr-FR"},{"@type":"Organization","@id":"https:\/\/www.coolturalia.com\/fr\/#organization","name":"Coolturalia","url":"https:\/\/www.coolturalia.com\/fr\/","logo":{"@type":"ImageObject","inLanguage":"fr-FR","@id":"https:\/\/www.coolturalia.com\/fr\/#\/schema\/logo\/image\/","url":"https:\/\/www.coolturalia.com\/wp-content\/uploads\/2024\/04\/Logo-coolturalia.svg","contentUrl":"https:\/\/www.coolturalia.com\/wp-content\/uploads\/2024\/04\/Logo-coolturalia.svg","width":1312,"height":193,"caption":"Coolturalia"},"image":{"@id":"https:\/\/www.coolturalia.com\/fr\/#\/schema\/logo\/image\/"},"sameAs":["https:\/\/www.instagram.com\/coolturalia_geneva\/"]}]}},"translations":{"translations":{"en":"197616","fr":"197617"},"language":{"code":"fr"},"date":{"dateRange":"Mercredi 2 septembre, 17h30"}},"language":{"code":"fr"},"_links":{"self":[{"href":"https:\/\/www.coolturalia.com\/fr\/wp-json\/wp\/v2\/event\/197617","targetHints":{"allow":["GET"]}}],"collection":[{"href":"https:\/\/www.coolturalia.com\/fr\/wp-json\/wp\/v2\/event"}],"about":[{"href":"https:\/\/www.coolturalia.com\/fr\/wp-json\/wp\/v2\/types\/event"}],"version-history":[{"count":0,"href":"https:\/\/www.coolturalia.com\/fr\/wp-json\/wp\/v2\/event\/197617\/revisions"}],"wp:featuredmedia":[{"embeddable":true,"href":"https:\/\/www.coolturalia.com\/fr\/wp-json\/wp\/v2\/media\/197615"}],"wp:attachment":[{"href":"https:\/\/www.coolturalia.com\/fr\/wp-json\/wp\/v2\/media?parent=197617"}],"wp:term":[{"taxonomy":"post_tag","embeddable":true,"href":"https:\/\/www.coolturalia.com\/fr\/wp-json\/wp\/v2\/tags?post=197617"},{"taxonomy":"event-category","embeddable":true,"href":"https:\/\/www.coolturalia.com\/fr\/wp-json\/wp\/v2\/event-category?post=197617"},{"taxonomy":"event-venue","embeddable":true,"href":"https:\/\/www.coolturalia.com\/fr\/wp-json\/wp\/v2\/event-venue?post=197617"}],"curies":[{"name":"wp","href":"https:\/\/api.w.org\/{rel}","templated":true}]}}