{"id":197583,"date":"2026-08-17T16:28:57","date_gmt":"2026-08-17T14:28:57","guid":{"rendered":"https:\/\/www.coolturalia.com\/event\/anima-renouer-avec-lame-du-monde-2\/"},"modified":"2026-08-17T16:28:57","modified_gmt":"2026-08-17T14:28:57","slug":"anima-renouer-avec-lame-du-monde-2","status":"publish","type":"event","link":"https:\/\/www.coolturalia.com\/fr\/event\/anima-renouer-avec-lame-du-monde-2\/","title":{"rendered":"ANIMA \u2013 Renouer avec l\u2019\u00e2me du monde"},"content":{"rendered":"<p>PLUS LOIN<\/p>\n<p>pr\u00e9sentation des \u0153uvres de trois artistes aborig\u00e8nes australiens : Abie Loy Kemarre, Janet Long Nakamarra et W. Tjapaltjarri. Un th\u00e8me qui r\u00e9sonne tout particuli\u00e8rement avec l\u2019art aborig\u00e8ne, profond\u00e9ment li\u00e9 \u00e0 la Terre, aux anc\u00eatres, au vivant et au spirituel.<\/p>\n<p>Vernissage : 3 septembre, 18:00<\/p>\n","protected":false},"excerpt":{"rendered":"<p>PLUS LOIN pr\u00e9sentation des \u0153uvres de trois artistes aborig\u00e8nes australiens : Abie Loy Kemarre, Janet Long Nakamarra et W. Tjapaltjarri. Un th\u00e8me qui r\u00e9sonne tout particuli\u00e8rement avec l\u2019art aborig\u00e8ne, profond\u00e9ment li\u00e9 \u00e0 la Terre, aux anc\u00eatres, au vivant et au spirituel. Vernissage : 3 septembre, 18:00<\/p>\n","protected":false},"featured_media":197581,"parent":0,"menu_order":0,"template":"","format":"standard","meta":{"_acf_changed":false,"footnotes":""},"tags":[996],"event-category":[454],"event-venue":[2361],"class_list":["post-197583","event","type-event","status-publish","format-standard","has-post-thumbnail","hentry","tag-portrait-image","event-category-communaute","event-venue-chateau-de-rolle-fr"],"acf":{"price":"Gratuit","date":"3 - 11 septembre","start_date":"2026-09-03 18:00:00","end_date":"2026-09-11 19:30:00","website_link":"https:\/\/www.festivaliledelaharpe.com\/copie-de-programme-2026","link_buy_tickets":"","highlighted":false,"photo_credit":"","timings":[{"timing_start_date":"2026-09-03 18:00:00","timing_end_date":"2026-09-03 20:00:00"},{"timing_start_date":"2026-09-04 19:00:00","timing_end_date":"2026-09-04 21:00:00"},{"timing_start_date":"2026-09-05 19:00:00","timing_end_date":"2026-09-05 21:00:00"},{"timing_start_date":"2026-09-06 19:00:00","timing_end_date":"2026-09-06 21:00:00"},{"timing_start_date":"2026-09-09 19:00:00","timing_end_date":"2026-09-09 21:00:00"},{"timing_start_date":"2026-09-10 17:30:00","timing_end_date":"2026-09-10 19:30:00"},{"timing_start_date":"2026-09-11 17:30:00","timing_end_date":"2026-09-11 19:30:00"}],"external_id":""},"yoast_head":"<!-- This site is optimized with the Yoast SEO plugin v28.3 - https:\/\/yoast.com\/product\/yoast-seo-wordpress\/ -->\n<title>ANIMA \u2013 Renouer avec l\u2019\u00e2me du monde - Coolturalia<\/title>\n<meta name=\"robots\" content=\"index, follow, max-snippet:-1, max-image-preview:large, max-video-preview:-1\" \/>\n<link rel=\"canonical\" href=\"https:\/\/www.coolturalia.com\/fr\/event\/anima-renouer-avec-lame-du-monde-2\/\" \/>\n<meta property=\"og:locale\" content=\"fr_FR\" \/>\n<meta property=\"og:type\" content=\"article\" \/>\n<meta property=\"og:title\" content=\"ANIMA \u2013 Renouer avec l\u2019\u00e2me du monde - Coolturalia\" \/>\n<meta property=\"og:description\" content=\"PLUS LOIN pr\u00e9sentation des \u0153uvres de trois artistes aborig\u00e8nes australiens : Abie Loy Kemarre, Janet Long Nakamarra et W. Tjapaltjarri. Un th\u00e8me qui r\u00e9sonne tout particuli\u00e8rement avec l\u2019art aborig\u00e8ne, profond\u00e9ment li\u00e9 \u00e0 la Terre, aux anc\u00eatres, au vivant et au spirituel. Vernissage : 3 septembre, 18:00\" \/>\n<meta property=\"og:url\" content=\"https:\/\/www.coolturalia.com\/fr\/event\/anima-renouer-avec-lame-du-monde-2\/\" \/>\n<meta property=\"og:site_name\" content=\"Coolturalia\" \/>\n<meta property=\"og:image\" content=\"https:\/\/www.coolturalia.com\/wp-content\/uploads\/2024\/04\/favicon-coolturalia-2.png\" \/>\n\t<meta property=\"og:image:width\" content=\"150\" \/>\n\t<meta property=\"og:image:height\" content=\"150\" \/>\n\t<meta property=\"og:image:type\" content=\"image\/png\" \/>\n<meta name=\"twitter:card\" content=\"summary_large_image\" \/>\n<script type=\"application\/ld+json\" class=\"yoast-schema-graph\">{\"@context\":\"https:\\\/\\\/schema.org\",\"@graph\":[{\"@type\":\"WebPage\",\"@id\":\"https:\\\/\\\/www.coolturalia.com\\\/fr\\\/event\\\/anima-renouer-avec-lame-du-monde-2\\\/\",\"url\":\"https:\\\/\\\/www.coolturalia.com\\\/fr\\\/event\\\/anima-renouer-avec-lame-du-monde-2\\\/\",\"name\":\"ANIMA \u2013 Renouer avec l\u2019\u00e2me du monde - Coolturalia\",\"isPartOf\":{\"@id\":\"https:\\\/\\\/www.coolturalia.com\\\/fr\\\/#website\"},\"primaryImageOfPage\":{\"@id\":\"https:\\\/\\\/www.coolturalia.com\\\/fr\\\/event\\\/anima-renouer-avec-lame-du-monde-2\\\/#primaryimage\"},\"image\":{\"@id\":\"https:\\\/\\\/www.coolturalia.com\\\/fr\\\/event\\\/anima-renouer-avec-lame-du-monde-2\\\/#primaryimage\"},\"thumbnailUrl\":\"https:\\\/\\\/www.coolturalia.com\\\/wp-content\\\/uploads\\\/2026\\\/08\\\/ANIMA-Renouer-avec-l-ame-du-monde.webp\",\"datePublished\":\"2026-08-17T14:28:57+00:00\",\"breadcrumb\":{\"@id\":\"https:\\\/\\\/www.coolturalia.com\\\/fr\\\/event\\\/anima-renouer-avec-lame-du-monde-2\\\/#breadcrumb\"},\"inLanguage\":\"fr-FR\",\"potentialAction\":[{\"@type\":\"ReadAction\",\"target\":[\"https:\\\/\\\/www.coolturalia.com\\\/fr\\\/event\\\/anima-renouer-avec-lame-du-monde-2\\\/\"]}]},{\"@type\":\"ImageObject\",\"inLanguage\":\"fr-FR\",\"@id\":\"https:\\\/\\\/www.coolturalia.com\\\/fr\\\/event\\\/anima-renouer-avec-lame-du-monde-2\\\/#primaryimage\",\"url\":\"https:\\\/\\\/www.coolturalia.com\\\/wp-content\\\/uploads\\\/2026\\\/08\\\/ANIMA-Renouer-avec-l-ame-du-monde.webp\",\"contentUrl\":\"https:\\\/\\\/www.coolturalia.com\\\/wp-content\\\/uploads\\\/2026\\\/08\\\/ANIMA-Renouer-avec-l-ame-du-monde.webp\",\"width\":512,\"height\":682,\"caption\":\"undefined\"},{\"@type\":\"BreadcrumbList\",\"@id\":\"https:\\\/\\\/www.coolturalia.com\\\/fr\\\/event\\\/anima-renouer-avec-lame-du-monde-2\\\/#breadcrumb\",\"itemListElement\":[{\"@type\":\"ListItem\",\"position\":1,\"name\":\"Home\",\"item\":\"https:\\\/\\\/www.coolturalia.com\\\/fr\\\/\"},{\"@type\":\"ListItem\",\"position\":2,\"name\":\"Events\",\"item\":\"https:\\\/\\\/www.coolturalia.com\\\/fr\\\/events\\\/\"},{\"@type\":\"ListItem\",\"position\":3,\"name\":\"ANIMA \u2013 Renouer avec l\u2019\u00e2me du monde\"}]},{\"@type\":\"WebSite\",\"@id\":\"https:\\\/\\\/www.coolturalia.com\\\/fr\\\/#website\",\"url\":\"https:\\\/\\\/www.coolturalia.com\\\/fr\\\/\",\"name\":\"Coolturalia\",\"description\":\"\",\"publisher\":{\"@id\":\"https:\\\/\\\/www.coolturalia.com\\\/fr\\\/#organization\"},\"potentialAction\":[{\"@type\":\"SearchAction\",\"target\":{\"@type\":\"EntryPoint\",\"urlTemplate\":\"https:\\\/\\\/www.coolturalia.com\\\/fr\\\/?s={search_term_string}\"},\"query-input\":{\"@type\":\"PropertyValueSpecification\",\"valueRequired\":true,\"valueName\":\"search_term_string\"}}],\"inLanguage\":\"fr-FR\"},{\"@type\":\"Organization\",\"@id\":\"https:\\\/\\\/www.coolturalia.com\\\/fr\\\/#organization\",\"name\":\"Coolturalia\",\"url\":\"https:\\\/\\\/www.coolturalia.com\\\/fr\\\/\",\"logo\":{\"@type\":\"ImageObject\",\"inLanguage\":\"fr-FR\",\"@id\":\"https:\\\/\\\/www.coolturalia.com\\\/fr\\\/#\\\/schema\\\/logo\\\/image\\\/\",\"url\":\"https:\\\/\\\/www.coolturalia.com\\\/wp-content\\\/uploads\\\/2024\\\/04\\\/Logo-coolturalia.svg\",\"contentUrl\":\"https:\\\/\\\/www.coolturalia.com\\\/wp-content\\\/uploads\\\/2024\\\/04\\\/Logo-coolturalia.svg\",\"width\":1312,\"height\":193,\"caption\":\"Coolturalia\"},\"image\":{\"@id\":\"https:\\\/\\\/www.coolturalia.com\\\/fr\\\/#\\\/schema\\\/logo\\\/image\\\/\"},\"sameAs\":[\"https:\\\/\\\/www.instagram.com\\\/coolturalia_geneva\\\/\"]}]}<\/script>\n<!-- \/ Yoast SEO plugin. -->","yoast_head_json":{"title":"ANIMA \u2013 Renouer avec l\u2019\u00e2me du monde - Coolturalia","robots":{"index":"index","follow":"follow","max-snippet":"max-snippet:-1","max-image-preview":"max-image-preview:large","max-video-preview":"max-video-preview:-1"},"canonical":"https:\/\/www.coolturalia.com\/fr\/event\/anima-renouer-avec-lame-du-monde-2\/","og_locale":"fr_FR","og_type":"article","og_title":"ANIMA \u2013 Renouer avec l\u2019\u00e2me du monde - Coolturalia","og_description":"PLUS LOIN pr\u00e9sentation des \u0153uvres de trois artistes aborig\u00e8nes australiens : Abie Loy Kemarre, Janet Long Nakamarra et W. Tjapaltjarri. Un th\u00e8me qui r\u00e9sonne tout particuli\u00e8rement avec l\u2019art aborig\u00e8ne, profond\u00e9ment li\u00e9 \u00e0 la Terre, aux anc\u00eatres, au vivant et au spirituel. Vernissage : 3 septembre, 18:00","og_url":"https:\/\/www.coolturalia.com\/fr\/event\/anima-renouer-avec-lame-du-monde-2\/","og_site_name":"Coolturalia","og_image":[{"width":150,"height":150,"url":"https:\/\/www.coolturalia.com\/wp-content\/uploads\/2024\/04\/favicon-coolturalia-2.png","type":"image\/png"}],"twitter_card":"summary_large_image","schema":{"@context":"https:\/\/schema.org","@graph":[{"@type":"WebPage","@id":"https:\/\/www.coolturalia.com\/fr\/event\/anima-renouer-avec-lame-du-monde-2\/","url":"https:\/\/www.coolturalia.com\/fr\/event\/anima-renouer-avec-lame-du-monde-2\/","name":"ANIMA \u2013 Renouer avec l\u2019\u00e2me du monde - Coolturalia","isPartOf":{"@id":"https:\/\/www.coolturalia.com\/fr\/#website"},"primaryImageOfPage":{"@id":"https:\/\/www.coolturalia.com\/fr\/event\/anima-renouer-avec-lame-du-monde-2\/#primaryimage"},"image":{"@id":"https:\/\/www.coolturalia.com\/fr\/event\/anima-renouer-avec-lame-du-monde-2\/#primaryimage"},"thumbnailUrl":"https:\/\/www.coolturalia.com\/wp-content\/uploads\/2026\/08\/ANIMA-Renouer-avec-l-ame-du-monde.webp","datePublished":"2026-08-17T14:28:57+00:00","breadcrumb":{"@id":"https:\/\/www.coolturalia.com\/fr\/event\/anima-renouer-avec-lame-du-monde-2\/#breadcrumb"},"inLanguage":"fr-FR","potentialAction":[{"@type":"ReadAction","target":["https:\/\/www.coolturalia.com\/fr\/event\/anima-renouer-avec-lame-du-monde-2\/"]}]},{"@type":"ImageObject","inLanguage":"fr-FR","@id":"https:\/\/www.coolturalia.com\/fr\/event\/anima-renouer-avec-lame-du-monde-2\/#primaryimage","url":"https:\/\/www.coolturalia.com\/wp-content\/uploads\/2026\/08\/ANIMA-Renouer-avec-l-ame-du-monde.webp","contentUrl":"https:\/\/www.coolturalia.com\/wp-content\/uploads\/2026\/08\/ANIMA-Renouer-avec-l-ame-du-monde.webp","width":512,"height":682,"caption":"undefined"},{"@type":"BreadcrumbList","@id":"https:\/\/www.coolturalia.com\/fr\/event\/anima-renouer-avec-lame-du-monde-2\/#breadcrumb","itemListElement":[{"@type":"ListItem","position":1,"name":"Home","item":"https:\/\/www.coolturalia.com\/fr\/"},{"@type":"ListItem","position":2,"name":"Events","item":"https:\/\/www.coolturalia.com\/fr\/events\/"},{"@type":"ListItem","position":3,"name":"ANIMA \u2013 Renouer avec l\u2019\u00e2me du monde"}]},{"@type":"WebSite","@id":"https:\/\/www.coolturalia.com\/fr\/#website","url":"https:\/\/www.coolturalia.com\/fr\/","name":"Coolturalia","description":"","publisher":{"@id":"https:\/\/www.coolturalia.com\/fr\/#organization"},"potentialAction":[{"@type":"SearchAction","target":{"@type":"EntryPoint","urlTemplate":"https:\/\/www.coolturalia.com\/fr\/?s={search_term_string}"},"query-input":{"@type":"PropertyValueSpecification","valueRequired":true,"valueName":"search_term_string"}}],"inLanguage":"fr-FR"},{"@type":"Organization","@id":"https:\/\/www.coolturalia.com\/fr\/#organization","name":"Coolturalia","url":"https:\/\/www.coolturalia.com\/fr\/","logo":{"@type":"ImageObject","inLanguage":"fr-FR","@id":"https:\/\/www.coolturalia.com\/fr\/#\/schema\/logo\/image\/","url":"https:\/\/www.coolturalia.com\/wp-content\/uploads\/2024\/04\/Logo-coolturalia.svg","contentUrl":"https:\/\/www.coolturalia.com\/wp-content\/uploads\/2024\/04\/Logo-coolturalia.svg","width":1312,"height":193,"caption":"Coolturalia"},"image":{"@id":"https:\/\/www.coolturalia.com\/fr\/#\/schema\/logo\/image\/"},"sameAs":["https:\/\/www.instagram.com\/coolturalia_geneva\/"]}]}},"translations":{"translations":{"en":"197582","fr":"197583"},"language":{"code":"fr"},"date":{"dateRange":"3 - 11 septembre"}},"language":{"code":"fr"},"_links":{"self":[{"href":"https:\/\/www.coolturalia.com\/fr\/wp-json\/wp\/v2\/event\/197583","targetHints":{"allow":["GET"]}}],"collection":[{"href":"https:\/\/www.coolturalia.com\/fr\/wp-json\/wp\/v2\/event"}],"about":[{"href":"https:\/\/www.coolturalia.com\/fr\/wp-json\/wp\/v2\/types\/event"}],"version-history":[{"count":0,"href":"https:\/\/www.coolturalia.com\/fr\/wp-json\/wp\/v2\/event\/197583\/revisions"}],"wp:featuredmedia":[{"embeddable":true,"href":"https:\/\/www.coolturalia.com\/fr\/wp-json\/wp\/v2\/media\/197581"}],"wp:attachment":[{"href":"https:\/\/www.coolturalia.com\/fr\/wp-json\/wp\/v2\/media?parent=197583"}],"wp:term":[{"taxonomy":"post_tag","embeddable":true,"href":"https:\/\/www.coolturalia.com\/fr\/wp-json\/wp\/v2\/tags?post=197583"},{"taxonomy":"event-category","embeddable":true,"href":"https:\/\/www.coolturalia.com\/fr\/wp-json\/wp\/v2\/event-category?post=197583"},{"taxonomy":"event-venue","embeddable":true,"href":"https:\/\/www.coolturalia.com\/fr\/wp-json\/wp\/v2\/event-venue?post=197583"}],"curies":[{"name":"wp","href":"https:\/\/api.w.org\/{rel}","templated":true}]}}