{"id":196707,"date":"2026-07-30T16:15:28","date_gmt":"2026-07-30T14:15:28","guid":{"rendered":"https:\/\/www.coolturalia.com\/event\/visite-dexposition-et-creation-de-portraits-soi-et-le-leman\/"},"modified":"2026-07-30T16:15:28","modified_gmt":"2026-07-30T14:15:28","slug":"visite-dexposition-et-creation-de-portraits-soi-et-le-leman","status":"publish","type":"event","link":"https:\/\/www.coolturalia.com\/fr\/event\/visite-dexposition-et-creation-de-portraits-soi-et-le-leman\/","title":{"rendered":"Visite d\u2019exposition et cr\u00e9ation de portraits \u201csoi et le L\u00e9man\u201d"},"content":{"rendered":"<p>Hydromondes anime un atelier participatif inspir\u00e9 par l\u2019exposition L\u00e9man \u00eatre vivant, invitant les participant\u00b7e\u00b7s \u00e0 r\u00e9aliser des autoportraits en collage qui m\u00ealent identit\u00e9 et lac. \u00c0 partir des dessins des 7 visages, l&rsquo;atelier met en avant la pratique du dessin et du collage, la m\u00e9moire et l&rsquo;incarnation, et montre comment l&rsquo;eau fa\u00e7onne nos vies corporelles et culturelles.<\/p>\n<p>Par le collage et les mat\u00e9riaux mixtes, chacun\u00b7e explore appartenance, d\u00e9pendance \u00e0 la ressource et paysage, produisant des portraits intimes qui interrogent la relation au L\u00e9man.<\/p>\n","protected":false},"excerpt":{"rendered":"<p>Hydromondes anime un atelier participatif inspir\u00e9 par l\u2019exposition L\u00e9man \u00eatre vivant, invitant les participant\u00b7e\u00b7s \u00e0 r\u00e9aliser des autoportraits en collage qui m\u00ealent identit\u00e9 et lac. \u00c0 partir des dessins des 7 visages, l&rsquo;atelier met en avant la pratique du dessin et du collage, la m\u00e9moire et l&rsquo;incarnation, et montre comment l&rsquo;eau fa\u00e7onne nos vies corporelles [&hellip;]<\/p>\n","protected":false},"featured_media":196704,"parent":0,"menu_order":0,"template":"","format":"standard","meta":{"_acf_changed":false,"footnotes":""},"tags":[996],"event-category":[446],"event-venue":[639],"class_list":["post-196707","event","type-event","status-publish","format-standard","has-post-thumbnail","hentry","tag-portrait-image","event-category-art-et-expositions","event-venue-espace-leman-fr"],"acf":{"price":"Sur r\u00e9servation","date":"Samedi 5 septembre, 14:00","start_date":"2026-09-05 14:00:00","end_date":"2026-09-05 16:00:00","website_link":"https:\/\/asleman.org\/evenements\/visite-dexposition-et-debat-mouvant\/","link_buy_tickets":"","highlighted":false,"photo_credit":"DR","timings":[{"timing_start_date":"2026-09-05 14:00:00","timing_end_date":"2026-09-05 16:00:00"}],"external_id":"20224076"},"yoast_head":"<!-- This site is optimized with the Yoast SEO plugin v28.3 - https:\/\/yoast.com\/product\/yoast-seo-wordpress\/ -->\n<title>Visite d\u2019exposition et cr\u00e9ation de portraits \u201csoi et le L\u00e9man\u201d - Coolturalia<\/title>\n<meta name=\"robots\" content=\"index, follow, max-snippet:-1, max-image-preview:large, max-video-preview:-1\" \/>\n<link rel=\"canonical\" href=\"https:\/\/www.coolturalia.com\/fr\/event\/visite-dexposition-et-creation-de-portraits-soi-et-le-leman\/\" \/>\n<meta property=\"og:locale\" content=\"fr_FR\" \/>\n<meta property=\"og:type\" content=\"article\" \/>\n<meta property=\"og:title\" content=\"Visite d\u2019exposition et cr\u00e9ation de portraits \u201csoi et le L\u00e9man\u201d - Coolturalia\" \/>\n<meta property=\"og:description\" content=\"Hydromondes anime un atelier participatif inspir\u00e9 par l\u2019exposition L\u00e9man \u00eatre vivant, invitant les participant\u00b7e\u00b7s \u00e0 r\u00e9aliser des autoportraits en collage qui m\u00ealent identit\u00e9 et lac. \u00c0 partir des dessins des 7 visages, l&rsquo;atelier met en avant la pratique du dessin et du collage, la m\u00e9moire et l&rsquo;incarnation, et montre comment l&rsquo;eau fa\u00e7onne nos vies corporelles [&hellip;]\" \/>\n<meta property=\"og:url\" content=\"https:\/\/www.coolturalia.com\/fr\/event\/visite-dexposition-et-creation-de-portraits-soi-et-le-leman\/\" \/>\n<meta property=\"og:site_name\" content=\"Coolturalia\" \/>\n<meta property=\"og:image\" content=\"https:\/\/www.coolturalia.com\/wp-content\/uploads\/2024\/04\/favicon-coolturalia-2.png\" \/>\n\t<meta property=\"og:image:width\" content=\"150\" \/>\n\t<meta property=\"og:image:height\" content=\"150\" \/>\n\t<meta property=\"og:image:type\" content=\"image\/png\" \/>\n<meta name=\"twitter:card\" content=\"summary_large_image\" \/>\n<script type=\"application\/ld+json\" class=\"yoast-schema-graph\">{\"@context\":\"https:\\\/\\\/schema.org\",\"@graph\":[{\"@type\":\"WebPage\",\"@id\":\"https:\\\/\\\/www.coolturalia.com\\\/fr\\\/event\\\/visite-dexposition-et-creation-de-portraits-soi-et-le-leman\\\/\",\"url\":\"https:\\\/\\\/www.coolturalia.com\\\/fr\\\/event\\\/visite-dexposition-et-creation-de-portraits-soi-et-le-leman\\\/\",\"name\":\"Visite d\u2019exposition et cr\u00e9ation de portraits \u201csoi et le L\u00e9man\u201d - Coolturalia\",\"isPartOf\":{\"@id\":\"https:\\\/\\\/www.coolturalia.com\\\/fr\\\/#website\"},\"primaryImageOfPage\":{\"@id\":\"https:\\\/\\\/www.coolturalia.com\\\/fr\\\/event\\\/visite-dexposition-et-creation-de-portraits-soi-et-le-leman\\\/#primaryimage\"},\"image\":{\"@id\":\"https:\\\/\\\/www.coolturalia.com\\\/fr\\\/event\\\/visite-dexposition-et-creation-de-portraits-soi-et-le-leman\\\/#primaryimage\"},\"thumbnailUrl\":\"https:\\\/\\\/www.coolturalia.com\\\/wp-content\\\/uploads\\\/2026\\\/07\\\/Exhibition-visit-and-creation-of-self-and-Lake-Geneva-portraits.webp\",\"datePublished\":\"2026-07-30T14:15:28+00:00\",\"breadcrumb\":{\"@id\":\"https:\\\/\\\/www.coolturalia.com\\\/fr\\\/event\\\/visite-dexposition-et-creation-de-portraits-soi-et-le-leman\\\/#breadcrumb\"},\"inLanguage\":\"fr-FR\",\"potentialAction\":[{\"@type\":\"ReadAction\",\"target\":[\"https:\\\/\\\/www.coolturalia.com\\\/fr\\\/event\\\/visite-dexposition-et-creation-de-portraits-soi-et-le-leman\\\/\"]}]},{\"@type\":\"ImageObject\",\"inLanguage\":\"fr-FR\",\"@id\":\"https:\\\/\\\/www.coolturalia.com\\\/fr\\\/event\\\/visite-dexposition-et-creation-de-portraits-soi-et-le-leman\\\/#primaryimage\",\"url\":\"https:\\\/\\\/www.coolturalia.com\\\/wp-content\\\/uploads\\\/2026\\\/07\\\/Exhibition-visit-and-creation-of-self-and-Lake-Geneva-portraits.webp\",\"contentUrl\":\"https:\\\/\\\/www.coolturalia.com\\\/wp-content\\\/uploads\\\/2026\\\/07\\\/Exhibition-visit-and-creation-of-self-and-Lake-Geneva-portraits.webp\",\"width\":700,\"height\":933,\"caption\":\"undefined\"},{\"@type\":\"BreadcrumbList\",\"@id\":\"https:\\\/\\\/www.coolturalia.com\\\/fr\\\/event\\\/visite-dexposition-et-creation-de-portraits-soi-et-le-leman\\\/#breadcrumb\",\"itemListElement\":[{\"@type\":\"ListItem\",\"position\":1,\"name\":\"Home\",\"item\":\"https:\\\/\\\/www.coolturalia.com\\\/fr\\\/\"},{\"@type\":\"ListItem\",\"position\":2,\"name\":\"Events\",\"item\":\"https:\\\/\\\/www.coolturalia.com\\\/fr\\\/events\\\/\"},{\"@type\":\"ListItem\",\"position\":3,\"name\":\"Visite d\u2019exposition et cr\u00e9ation de portraits \u201csoi et le L\u00e9man\u201d\"}]},{\"@type\":\"WebSite\",\"@id\":\"https:\\\/\\\/www.coolturalia.com\\\/fr\\\/#website\",\"url\":\"https:\\\/\\\/www.coolturalia.com\\\/fr\\\/\",\"name\":\"Coolturalia\",\"description\":\"\",\"publisher\":{\"@id\":\"https:\\\/\\\/www.coolturalia.com\\\/fr\\\/#organization\"},\"potentialAction\":[{\"@type\":\"SearchAction\",\"target\":{\"@type\":\"EntryPoint\",\"urlTemplate\":\"https:\\\/\\\/www.coolturalia.com\\\/fr\\\/?s={search_term_string}\"},\"query-input\":{\"@type\":\"PropertyValueSpecification\",\"valueRequired\":true,\"valueName\":\"search_term_string\"}}],\"inLanguage\":\"fr-FR\"},{\"@type\":\"Organization\",\"@id\":\"https:\\\/\\\/www.coolturalia.com\\\/fr\\\/#organization\",\"name\":\"Coolturalia\",\"url\":\"https:\\\/\\\/www.coolturalia.com\\\/fr\\\/\",\"logo\":{\"@type\":\"ImageObject\",\"inLanguage\":\"fr-FR\",\"@id\":\"https:\\\/\\\/www.coolturalia.com\\\/fr\\\/#\\\/schema\\\/logo\\\/image\\\/\",\"url\":\"https:\\\/\\\/www.coolturalia.com\\\/wp-content\\\/uploads\\\/2024\\\/04\\\/Logo-coolturalia.svg\",\"contentUrl\":\"https:\\\/\\\/www.coolturalia.com\\\/wp-content\\\/uploads\\\/2024\\\/04\\\/Logo-coolturalia.svg\",\"width\":1312,\"height\":193,\"caption\":\"Coolturalia\"},\"image\":{\"@id\":\"https:\\\/\\\/www.coolturalia.com\\\/fr\\\/#\\\/schema\\\/logo\\\/image\\\/\"},\"sameAs\":[\"https:\\\/\\\/www.instagram.com\\\/coolturalia_geneva\\\/\"]}]}<\/script>\n<!-- \/ Yoast SEO plugin. -->","yoast_head_json":{"title":"Visite d\u2019exposition et cr\u00e9ation de portraits \u201csoi et le L\u00e9man\u201d - Coolturalia","robots":{"index":"index","follow":"follow","max-snippet":"max-snippet:-1","max-image-preview":"max-image-preview:large","max-video-preview":"max-video-preview:-1"},"canonical":"https:\/\/www.coolturalia.com\/fr\/event\/visite-dexposition-et-creation-de-portraits-soi-et-le-leman\/","og_locale":"fr_FR","og_type":"article","og_title":"Visite d\u2019exposition et cr\u00e9ation de portraits \u201csoi et le L\u00e9man\u201d - Coolturalia","og_description":"Hydromondes anime un atelier participatif inspir\u00e9 par l\u2019exposition L\u00e9man \u00eatre vivant, invitant les participant\u00b7e\u00b7s \u00e0 r\u00e9aliser des autoportraits en collage qui m\u00ealent identit\u00e9 et lac. \u00c0 partir des dessins des 7 visages, l&rsquo;atelier met en avant la pratique du dessin et du collage, la m\u00e9moire et l&rsquo;incarnation, et montre comment l&rsquo;eau fa\u00e7onne nos vies corporelles [&hellip;]","og_url":"https:\/\/www.coolturalia.com\/fr\/event\/visite-dexposition-et-creation-de-portraits-soi-et-le-leman\/","og_site_name":"Coolturalia","og_image":[{"width":150,"height":150,"url":"https:\/\/www.coolturalia.com\/wp-content\/uploads\/2024\/04\/favicon-coolturalia-2.png","type":"image\/png"}],"twitter_card":"summary_large_image","schema":{"@context":"https:\/\/schema.org","@graph":[{"@type":"WebPage","@id":"https:\/\/www.coolturalia.com\/fr\/event\/visite-dexposition-et-creation-de-portraits-soi-et-le-leman\/","url":"https:\/\/www.coolturalia.com\/fr\/event\/visite-dexposition-et-creation-de-portraits-soi-et-le-leman\/","name":"Visite d\u2019exposition et cr\u00e9ation de portraits \u201csoi et le L\u00e9man\u201d - Coolturalia","isPartOf":{"@id":"https:\/\/www.coolturalia.com\/fr\/#website"},"primaryImageOfPage":{"@id":"https:\/\/www.coolturalia.com\/fr\/event\/visite-dexposition-et-creation-de-portraits-soi-et-le-leman\/#primaryimage"},"image":{"@id":"https:\/\/www.coolturalia.com\/fr\/event\/visite-dexposition-et-creation-de-portraits-soi-et-le-leman\/#primaryimage"},"thumbnailUrl":"https:\/\/www.coolturalia.com\/wp-content\/uploads\/2026\/07\/Exhibition-visit-and-creation-of-self-and-Lake-Geneva-portraits.webp","datePublished":"2026-07-30T14:15:28+00:00","breadcrumb":{"@id":"https:\/\/www.coolturalia.com\/fr\/event\/visite-dexposition-et-creation-de-portraits-soi-et-le-leman\/#breadcrumb"},"inLanguage":"fr-FR","potentialAction":[{"@type":"ReadAction","target":["https:\/\/www.coolturalia.com\/fr\/event\/visite-dexposition-et-creation-de-portraits-soi-et-le-leman\/"]}]},{"@type":"ImageObject","inLanguage":"fr-FR","@id":"https:\/\/www.coolturalia.com\/fr\/event\/visite-dexposition-et-creation-de-portraits-soi-et-le-leman\/#primaryimage","url":"https:\/\/www.coolturalia.com\/wp-content\/uploads\/2026\/07\/Exhibition-visit-and-creation-of-self-and-Lake-Geneva-portraits.webp","contentUrl":"https:\/\/www.coolturalia.com\/wp-content\/uploads\/2026\/07\/Exhibition-visit-and-creation-of-self-and-Lake-Geneva-portraits.webp","width":700,"height":933,"caption":"undefined"},{"@type":"BreadcrumbList","@id":"https:\/\/www.coolturalia.com\/fr\/event\/visite-dexposition-et-creation-de-portraits-soi-et-le-leman\/#breadcrumb","itemListElement":[{"@type":"ListItem","position":1,"name":"Home","item":"https:\/\/www.coolturalia.com\/fr\/"},{"@type":"ListItem","position":2,"name":"Events","item":"https:\/\/www.coolturalia.com\/fr\/events\/"},{"@type":"ListItem","position":3,"name":"Visite d\u2019exposition et cr\u00e9ation de portraits \u201csoi et le L\u00e9man\u201d"}]},{"@type":"WebSite","@id":"https:\/\/www.coolturalia.com\/fr\/#website","url":"https:\/\/www.coolturalia.com\/fr\/","name":"Coolturalia","description":"","publisher":{"@id":"https:\/\/www.coolturalia.com\/fr\/#organization"},"potentialAction":[{"@type":"SearchAction","target":{"@type":"EntryPoint","urlTemplate":"https:\/\/www.coolturalia.com\/fr\/?s={search_term_string}"},"query-input":{"@type":"PropertyValueSpecification","valueRequired":true,"valueName":"search_term_string"}}],"inLanguage":"fr-FR"},{"@type":"Organization","@id":"https:\/\/www.coolturalia.com\/fr\/#organization","name":"Coolturalia","url":"https:\/\/www.coolturalia.com\/fr\/","logo":{"@type":"ImageObject","inLanguage":"fr-FR","@id":"https:\/\/www.coolturalia.com\/fr\/#\/schema\/logo\/image\/","url":"https:\/\/www.coolturalia.com\/wp-content\/uploads\/2024\/04\/Logo-coolturalia.svg","contentUrl":"https:\/\/www.coolturalia.com\/wp-content\/uploads\/2024\/04\/Logo-coolturalia.svg","width":1312,"height":193,"caption":"Coolturalia"},"image":{"@id":"https:\/\/www.coolturalia.com\/fr\/#\/schema\/logo\/image\/"},"sameAs":["https:\/\/www.instagram.com\/coolturalia_geneva\/"]}]}},"translations":{"translations":{"en":"196706","fr":"196707"},"language":{"code":"fr"},"date":{"dateRange":"Samedi 5 septembre, 14:00"}},"language":{"code":"fr"},"_links":{"self":[{"href":"https:\/\/www.coolturalia.com\/fr\/wp-json\/wp\/v2\/event\/196707","targetHints":{"allow":["GET"]}}],"collection":[{"href":"https:\/\/www.coolturalia.com\/fr\/wp-json\/wp\/v2\/event"}],"about":[{"href":"https:\/\/www.coolturalia.com\/fr\/wp-json\/wp\/v2\/types\/event"}],"version-history":[{"count":0,"href":"https:\/\/www.coolturalia.com\/fr\/wp-json\/wp\/v2\/event\/196707\/revisions"}],"wp:featuredmedia":[{"embeddable":true,"href":"https:\/\/www.coolturalia.com\/fr\/wp-json\/wp\/v2\/media\/196704"}],"wp:attachment":[{"href":"https:\/\/www.coolturalia.com\/fr\/wp-json\/wp\/v2\/media?parent=196707"}],"wp:term":[{"taxonomy":"post_tag","embeddable":true,"href":"https:\/\/www.coolturalia.com\/fr\/wp-json\/wp\/v2\/tags?post=196707"},{"taxonomy":"event-category","embeddable":true,"href":"https:\/\/www.coolturalia.com\/fr\/wp-json\/wp\/v2\/event-category?post=196707"},{"taxonomy":"event-venue","embeddable":true,"href":"https:\/\/www.coolturalia.com\/fr\/wp-json\/wp\/v2\/event-venue?post=196707"}],"curies":[{"name":"wp","href":"https:\/\/api.w.org\/{rel}","templated":true}]}}