{"id":195936,"date":"2026-07-20T10:58:39","date_gmt":"2026-07-20T08:58:39","guid":{"rendered":"https:\/\/www.coolturalia.com\/event\/luca-rizzo-lucioles-2\/"},"modified":"2026-07-20T11:02:14","modified_gmt":"2026-07-20T09:02:14","slug":"luca-rizzo-lucioles-2","status":"publish","type":"event","link":"https:\/\/www.coolturalia.com\/fr\/event\/luca-rizzo-lucioles-2\/","title":{"rendered":"Luca Rizzo : Lucioles"},"content":{"rendered":"<p>Luca Rizzo pr\u00e9sente \u00c0 la lumi\u00e8re des lucioles, une c\u00e9l\u00e9bration inspir\u00e9e des f\u00eates de village des Pouilles. Pens\u00e9e comme une procession menant de la place au repas collectif, l&rsquo;installation regroupe c\u00e9ramique, textile et verre qui jalonnent le parcours comme des points de lumi\u00e8re. Certaines \u0153uvres convoquent la m\u00e9moire familiale, les objets rituels et les arts de la table; par des techniques artisanales et des fragments narratifs, elles interrogent la mani\u00e8re dont les objets fabriquent des r\u00e9cits, forgent des appartenances et composent des formes d&rsquo;identit\u00e9.<\/p>\n<p><strong>Vernissage: 18 novembre, 18:30<\/strong><\/p>\n","protected":false},"excerpt":{"rendered":"<p>Luca Rizzo pr\u00e9sente \u00c0 la lumi\u00e8re des lucioles, une c\u00e9l\u00e9bration inspir\u00e9e des f\u00eates de village des Pouilles. Pens\u00e9e comme une procession menant de la place au repas collectif, l&rsquo;installation regroupe c\u00e9ramique, textile et verre qui jalonnent le parcours comme des points de lumi\u00e8re. Certaines \u0153uvres convoquent la m\u00e9moire familiale, les objets rituels et les arts [&hellip;]<\/p>\n","protected":false},"featured_media":195934,"parent":0,"menu_order":0,"template":"","format":"standard","meta":{"_acf_changed":false,"footnotes":""},"tags":[1014],"event-category":[446],"event-venue":[643],"class_list":["post-195936","event","type-event","status-publish","format-standard","has-post-thumbnail","hentry","tag-portrait-image-fr","event-category-art-et-expositions","event-venue-centre-culturel-du-manoir-fr"],"acf":{"price":"Gratuit","date":"18 novembre - 13 d\u00e9cembre","start_date":"2026-11-18 18:30:00","end_date":"2026-12-13 18:00:00","website_link":"https:\/\/www.cologny.ch\/agenda\/96147627_luca-rizzo-lucioles","link_buy_tickets":"","highlighted":false,"photo_credit":"Loic H\u00e9rin: Nicolina, gr\u00e8s \u00e9maill\u00e9, laine, tissage, 2025","timings":[{"timing_start_date":"2026-11-18 18:30:00","timing_end_date":"2026-11-18 20:30:00"},{"timing_start_date":"2026-11-19 16:00:00","timing_end_date":"2026-11-19 19:00:00"},{"timing_start_date":"2026-11-20 16:00:00","timing_end_date":"2026-11-20 19:00:00"},{"timing_start_date":"2026-11-21 14:00:00","timing_end_date":"2026-11-21 18:00:00"},{"timing_start_date":"2026-11-22 14:00:00","timing_end_date":"2026-11-22 18:00:00"},{"timing_start_date":"2026-11-24 16:00:00","timing_end_date":"2026-11-24 19:00:00"},{"timing_start_date":"2026-11-25 16:00:00","timing_end_date":"2026-11-25 19:00:00"},{"timing_start_date":"2026-11-26 16:00:00","timing_end_date":"2026-11-26 19:00:00"},{"timing_start_date":"2026-11-27 16:00:00","timing_end_date":"2026-11-27 19:00:00"},{"timing_start_date":"2026-11-28 14:00:00","timing_end_date":"2026-11-28 18:00:00"},{"timing_start_date":"2026-11-29 14:00:00","timing_end_date":"2026-11-29 18:00:00"},{"timing_start_date":"2026-12-01 16:00:00","timing_end_date":"2026-12-01 19:00:00"},{"timing_start_date":"2026-12-02 16:00:00","timing_end_date":"2026-12-02 19:00:00"},{"timing_start_date":"2026-12-03 16:00:00","timing_end_date":"2026-12-03 19:00:00"},{"timing_start_date":"2026-12-04 16:00:00","timing_end_date":"2026-12-04 19:00:00"},{"timing_start_date":"2026-12-05 14:00:00","timing_end_date":"2026-12-05 18:00:00"},{"timing_start_date":"2026-12-06 14:00:00","timing_end_date":"2026-12-06 18:00:00"},{"timing_start_date":"2026-12-08 16:00:00","timing_end_date":"2026-12-08 19:00:00"},{"timing_start_date":"2026-12-09 16:00:00","timing_end_date":"2026-12-09 19:00:00"},{"timing_start_date":"2026-12-10 16:00:00","timing_end_date":"2026-12-10 19:00:00"},{"timing_start_date":"2026-12-11 16:00:00","timing_end_date":"2026-12-11 19:00:00"},{"timing_start_date":"2026-12-12 14:00:00","timing_end_date":"2026-12-12 18:00:00"},{"timing_start_date":"2026-12-13 14:00:00","timing_end_date":"2026-12-13 18:00:00"}],"external_id":"96147627"},"yoast_head":"<!-- This site is optimized with the Yoast SEO plugin v28.3 - https:\/\/yoast.com\/product\/yoast-seo-wordpress\/ -->\n<title>Luca Rizzo : Lucioles - Coolturalia<\/title>\n<meta name=\"robots\" content=\"index, follow, max-snippet:-1, max-image-preview:large, max-video-preview:-1\" \/>\n<link rel=\"canonical\" href=\"https:\/\/www.coolturalia.com\/fr\/event\/luca-rizzo-lucioles-2\/\" \/>\n<meta property=\"og:locale\" content=\"fr_FR\" \/>\n<meta property=\"og:type\" content=\"article\" \/>\n<meta property=\"og:title\" content=\"Luca Rizzo : Lucioles - Coolturalia\" \/>\n<meta property=\"og:description\" content=\"Luca Rizzo pr\u00e9sente \u00c0 la lumi\u00e8re des lucioles, une c\u00e9l\u00e9bration inspir\u00e9e des f\u00eates de village des Pouilles. Pens\u00e9e comme une procession menant de la place au repas collectif, l&rsquo;installation regroupe c\u00e9ramique, textile et verre qui jalonnent le parcours comme des points de lumi\u00e8re. Certaines \u0153uvres convoquent la m\u00e9moire familiale, les objets rituels et les arts [&hellip;]\" \/>\n<meta property=\"og:url\" content=\"https:\/\/www.coolturalia.com\/fr\/event\/luca-rizzo-lucioles-2\/\" \/>\n<meta property=\"og:site_name\" content=\"Coolturalia\" \/>\n<meta property=\"article:modified_time\" content=\"2026-07-20T09:02:14+00:00\" \/>\n<meta property=\"og:image\" content=\"https:\/\/www.coolturalia.com\/wp-content\/uploads\/2026\/07\/Luca-Rizzo-Lucioles.webp\" \/>\n\t<meta property=\"og:image:width\" content=\"700\" \/>\n\t<meta property=\"og:image:height\" content=\"1050\" \/>\n\t<meta property=\"og:image:type\" content=\"image\/webp\" \/>\n<meta name=\"twitter:card\" content=\"summary_large_image\" \/>\n<meta name=\"twitter:label1\" content=\"Dur\u00e9e de lecture estim\u00e9e\" \/>\n\t<meta name=\"twitter:data1\" content=\"1 minute\" \/>\n<script type=\"application\/ld+json\" class=\"yoast-schema-graph\">{\"@context\":\"https:\\\/\\\/schema.org\",\"@graph\":[{\"@type\":\"WebPage\",\"@id\":\"https:\\\/\\\/www.coolturalia.com\\\/fr\\\/event\\\/luca-rizzo-lucioles-2\\\/\",\"url\":\"https:\\\/\\\/www.coolturalia.com\\\/fr\\\/event\\\/luca-rizzo-lucioles-2\\\/\",\"name\":\"Luca Rizzo : Lucioles - Coolturalia\",\"isPartOf\":{\"@id\":\"https:\\\/\\\/www.coolturalia.com\\\/fr\\\/#website\"},\"primaryImageOfPage\":{\"@id\":\"https:\\\/\\\/www.coolturalia.com\\\/fr\\\/event\\\/luca-rizzo-lucioles-2\\\/#primaryimage\"},\"image\":{\"@id\":\"https:\\\/\\\/www.coolturalia.com\\\/fr\\\/event\\\/luca-rizzo-lucioles-2\\\/#primaryimage\"},\"thumbnailUrl\":\"https:\\\/\\\/www.coolturalia.com\\\/wp-content\\\/uploads\\\/2026\\\/07\\\/Luca-Rizzo-Lucioles.webp\",\"datePublished\":\"2026-07-20T08:58:39+00:00\",\"dateModified\":\"2026-07-20T09:02:14+00:00\",\"breadcrumb\":{\"@id\":\"https:\\\/\\\/www.coolturalia.com\\\/fr\\\/event\\\/luca-rizzo-lucioles-2\\\/#breadcrumb\"},\"inLanguage\":\"fr-FR\",\"potentialAction\":[{\"@type\":\"ReadAction\",\"target\":[\"https:\\\/\\\/www.coolturalia.com\\\/fr\\\/event\\\/luca-rizzo-lucioles-2\\\/\"]}]},{\"@type\":\"ImageObject\",\"inLanguage\":\"fr-FR\",\"@id\":\"https:\\\/\\\/www.coolturalia.com\\\/fr\\\/event\\\/luca-rizzo-lucioles-2\\\/#primaryimage\",\"url\":\"https:\\\/\\\/www.coolturalia.com\\\/wp-content\\\/uploads\\\/2026\\\/07\\\/Luca-Rizzo-Lucioles.webp\",\"contentUrl\":\"https:\\\/\\\/www.coolturalia.com\\\/wp-content\\\/uploads\\\/2026\\\/07\\\/Luca-Rizzo-Lucioles.webp\",\"width\":700,\"height\":1050,\"caption\":\"undefined\"},{\"@type\":\"BreadcrumbList\",\"@id\":\"https:\\\/\\\/www.coolturalia.com\\\/fr\\\/event\\\/luca-rizzo-lucioles-2\\\/#breadcrumb\",\"itemListElement\":[{\"@type\":\"ListItem\",\"position\":1,\"name\":\"Home\",\"item\":\"https:\\\/\\\/www.coolturalia.com\\\/fr\\\/\"},{\"@type\":\"ListItem\",\"position\":2,\"name\":\"Events\",\"item\":\"https:\\\/\\\/www.coolturalia.com\\\/fr\\\/events\\\/\"},{\"@type\":\"ListItem\",\"position\":3,\"name\":\"Luca Rizzo : Lucioles\"}]},{\"@type\":\"WebSite\",\"@id\":\"https:\\\/\\\/www.coolturalia.com\\\/fr\\\/#website\",\"url\":\"https:\\\/\\\/www.coolturalia.com\\\/fr\\\/\",\"name\":\"Coolturalia\",\"description\":\"\",\"publisher\":{\"@id\":\"https:\\\/\\\/www.coolturalia.com\\\/fr\\\/#organization\"},\"potentialAction\":[{\"@type\":\"SearchAction\",\"target\":{\"@type\":\"EntryPoint\",\"urlTemplate\":\"https:\\\/\\\/www.coolturalia.com\\\/fr\\\/?s={search_term_string}\"},\"query-input\":{\"@type\":\"PropertyValueSpecification\",\"valueRequired\":true,\"valueName\":\"search_term_string\"}}],\"inLanguage\":\"fr-FR\"},{\"@type\":\"Organization\",\"@id\":\"https:\\\/\\\/www.coolturalia.com\\\/fr\\\/#organization\",\"name\":\"Coolturalia\",\"url\":\"https:\\\/\\\/www.coolturalia.com\\\/fr\\\/\",\"logo\":{\"@type\":\"ImageObject\",\"inLanguage\":\"fr-FR\",\"@id\":\"https:\\\/\\\/www.coolturalia.com\\\/fr\\\/#\\\/schema\\\/logo\\\/image\\\/\",\"url\":\"https:\\\/\\\/www.coolturalia.com\\\/wp-content\\\/uploads\\\/2024\\\/04\\\/Logo-coolturalia.svg\",\"contentUrl\":\"https:\\\/\\\/www.coolturalia.com\\\/wp-content\\\/uploads\\\/2024\\\/04\\\/Logo-coolturalia.svg\",\"width\":1312,\"height\":193,\"caption\":\"Coolturalia\"},\"image\":{\"@id\":\"https:\\\/\\\/www.coolturalia.com\\\/fr\\\/#\\\/schema\\\/logo\\\/image\\\/\"},\"sameAs\":[\"https:\\\/\\\/www.instagram.com\\\/coolturalia_geneva\\\/\"]}]}<\/script>\n<!-- \/ Yoast SEO plugin. -->","yoast_head_json":{"title":"Luca Rizzo : Lucioles - Coolturalia","robots":{"index":"index","follow":"follow","max-snippet":"max-snippet:-1","max-image-preview":"max-image-preview:large","max-video-preview":"max-video-preview:-1"},"canonical":"https:\/\/www.coolturalia.com\/fr\/event\/luca-rizzo-lucioles-2\/","og_locale":"fr_FR","og_type":"article","og_title":"Luca Rizzo : Lucioles - Coolturalia","og_description":"Luca Rizzo pr\u00e9sente \u00c0 la lumi\u00e8re des lucioles, une c\u00e9l\u00e9bration inspir\u00e9e des f\u00eates de village des Pouilles. Pens\u00e9e comme une procession menant de la place au repas collectif, l&rsquo;installation regroupe c\u00e9ramique, textile et verre qui jalonnent le parcours comme des points de lumi\u00e8re. Certaines \u0153uvres convoquent la m\u00e9moire familiale, les objets rituels et les arts [&hellip;]","og_url":"https:\/\/www.coolturalia.com\/fr\/event\/luca-rizzo-lucioles-2\/","og_site_name":"Coolturalia","article_modified_time":"2026-07-20T09:02:14+00:00","og_image":[{"width":700,"height":1050,"url":"https:\/\/www.coolturalia.com\/wp-content\/uploads\/2026\/07\/Luca-Rizzo-Lucioles.webp","type":"image\/webp"}],"twitter_card":"summary_large_image","twitter_misc":{"Dur\u00e9e de lecture estim\u00e9e":"1 minute"},"schema":{"@context":"https:\/\/schema.org","@graph":[{"@type":"WebPage","@id":"https:\/\/www.coolturalia.com\/fr\/event\/luca-rizzo-lucioles-2\/","url":"https:\/\/www.coolturalia.com\/fr\/event\/luca-rizzo-lucioles-2\/","name":"Luca Rizzo : Lucioles - Coolturalia","isPartOf":{"@id":"https:\/\/www.coolturalia.com\/fr\/#website"},"primaryImageOfPage":{"@id":"https:\/\/www.coolturalia.com\/fr\/event\/luca-rizzo-lucioles-2\/#primaryimage"},"image":{"@id":"https:\/\/www.coolturalia.com\/fr\/event\/luca-rizzo-lucioles-2\/#primaryimage"},"thumbnailUrl":"https:\/\/www.coolturalia.com\/wp-content\/uploads\/2026\/07\/Luca-Rizzo-Lucioles.webp","datePublished":"2026-07-20T08:58:39+00:00","dateModified":"2026-07-20T09:02:14+00:00","breadcrumb":{"@id":"https:\/\/www.coolturalia.com\/fr\/event\/luca-rizzo-lucioles-2\/#breadcrumb"},"inLanguage":"fr-FR","potentialAction":[{"@type":"ReadAction","target":["https:\/\/www.coolturalia.com\/fr\/event\/luca-rizzo-lucioles-2\/"]}]},{"@type":"ImageObject","inLanguage":"fr-FR","@id":"https:\/\/www.coolturalia.com\/fr\/event\/luca-rizzo-lucioles-2\/#primaryimage","url":"https:\/\/www.coolturalia.com\/wp-content\/uploads\/2026\/07\/Luca-Rizzo-Lucioles.webp","contentUrl":"https:\/\/www.coolturalia.com\/wp-content\/uploads\/2026\/07\/Luca-Rizzo-Lucioles.webp","width":700,"height":1050,"caption":"undefined"},{"@type":"BreadcrumbList","@id":"https:\/\/www.coolturalia.com\/fr\/event\/luca-rizzo-lucioles-2\/#breadcrumb","itemListElement":[{"@type":"ListItem","position":1,"name":"Home","item":"https:\/\/www.coolturalia.com\/fr\/"},{"@type":"ListItem","position":2,"name":"Events","item":"https:\/\/www.coolturalia.com\/fr\/events\/"},{"@type":"ListItem","position":3,"name":"Luca Rizzo : Lucioles"}]},{"@type":"WebSite","@id":"https:\/\/www.coolturalia.com\/fr\/#website","url":"https:\/\/www.coolturalia.com\/fr\/","name":"Coolturalia","description":"","publisher":{"@id":"https:\/\/www.coolturalia.com\/fr\/#organization"},"potentialAction":[{"@type":"SearchAction","target":{"@type":"EntryPoint","urlTemplate":"https:\/\/www.coolturalia.com\/fr\/?s={search_term_string}"},"query-input":{"@type":"PropertyValueSpecification","valueRequired":true,"valueName":"search_term_string"}}],"inLanguage":"fr-FR"},{"@type":"Organization","@id":"https:\/\/www.coolturalia.com\/fr\/#organization","name":"Coolturalia","url":"https:\/\/www.coolturalia.com\/fr\/","logo":{"@type":"ImageObject","inLanguage":"fr-FR","@id":"https:\/\/www.coolturalia.com\/fr\/#\/schema\/logo\/image\/","url":"https:\/\/www.coolturalia.com\/wp-content\/uploads\/2024\/04\/Logo-coolturalia.svg","contentUrl":"https:\/\/www.coolturalia.com\/wp-content\/uploads\/2024\/04\/Logo-coolturalia.svg","width":1312,"height":193,"caption":"Coolturalia"},"image":{"@id":"https:\/\/www.coolturalia.com\/fr\/#\/schema\/logo\/image\/"},"sameAs":["https:\/\/www.instagram.com\/coolturalia_geneva\/"]}]}},"translations":{"translations":{"en":"195935","fr":"195936"},"language":{"code":"fr"},"date":{"dateRange":"18 novembre - 13 d\u00e9cembre"}},"language":{"code":"fr"},"_links":{"self":[{"href":"https:\/\/www.coolturalia.com\/fr\/wp-json\/wp\/v2\/event\/195936","targetHints":{"allow":["GET"]}}],"collection":[{"href":"https:\/\/www.coolturalia.com\/fr\/wp-json\/wp\/v2\/event"}],"about":[{"href":"https:\/\/www.coolturalia.com\/fr\/wp-json\/wp\/v2\/types\/event"}],"version-history":[{"count":1,"href":"https:\/\/www.coolturalia.com\/fr\/wp-json\/wp\/v2\/event\/195936\/revisions"}],"predecessor-version":[{"id":195961,"href":"https:\/\/www.coolturalia.com\/fr\/wp-json\/wp\/v2\/event\/195936\/revisions\/195961"}],"wp:featuredmedia":[{"embeddable":true,"href":"https:\/\/www.coolturalia.com\/fr\/wp-json\/wp\/v2\/media\/195934"}],"wp:attachment":[{"href":"https:\/\/www.coolturalia.com\/fr\/wp-json\/wp\/v2\/media?parent=195936"}],"wp:term":[{"taxonomy":"post_tag","embeddable":true,"href":"https:\/\/www.coolturalia.com\/fr\/wp-json\/wp\/v2\/tags?post=195936"},{"taxonomy":"event-category","embeddable":true,"href":"https:\/\/www.coolturalia.com\/fr\/wp-json\/wp\/v2\/event-category?post=195936"},{"taxonomy":"event-venue","embeddable":true,"href":"https:\/\/www.coolturalia.com\/fr\/wp-json\/wp\/v2\/event-venue?post=195936"}],"curies":[{"name":"wp","href":"https:\/\/api.w.org\/{rel}","templated":true}]}}