{"id":195930,"date":"2026-07-20T10:58:08","date_gmt":"2026-07-20T08:58:08","guid":{"rendered":"https:\/\/www.coolturalia.com\/event\/la-bibliotheque-se-livre-2\/"},"modified":"2026-07-20T11:02:50","modified_gmt":"2026-07-20T09:02:50","slug":"la-bibliotheque-se-livre-2","status":"publish","type":"event","link":"https:\/\/www.coolturalia.com\/fr\/event\/la-bibliotheque-se-livre-2\/","title":{"rendered":"La biblioth\u00e8que se livre"},"content":{"rendered":"<p>Franck Bohbot pr\u00e9sente une s\u00e9lection de photographies de biblioth\u00e8ques patrimoniales qui ouvrent un espace de m\u00e9ditation et de r\u00eaverie autour de la biblioth\u00e8que.<br \/>\n\u00c0 c\u00f4t\u00e9 de ces images, des installations contemporaines et des jeux de miroirs confrontant des photographies de biblioth\u00e8ques personnelles cr\u00e9ent des rencontres r\u00e9fl\u00e9chies, tandis qu&rsquo;un kal\u00e9idoscope de textes recentre la th\u00e9matique. L&rsquo;exposition interroge comment l&rsquo;architecture, les collections et la m\u00e9moire personnelle fa\u00e7onnent notre rapport au savoir, \u00e9voquant nostalgie, curiosit\u00e9 et questions sur la biblioth\u00e8que comme espace social et imaginaire.<\/p>\n<p><strong>Vernissage: 2 septembre, 18:30<\/strong><\/p>\n","protected":false},"excerpt":{"rendered":"<p>Franck Bohbot pr\u00e9sente une s\u00e9lection de photographies de biblioth\u00e8ques patrimoniales qui ouvrent un espace de m\u00e9ditation et de r\u00eaverie autour de la biblioth\u00e8que. \u00c0 c\u00f4t\u00e9 de ces images, des installations contemporaines et des jeux de miroirs confrontant des photographies de biblioth\u00e8ques personnelles cr\u00e9ent des rencontres r\u00e9fl\u00e9chies, tandis qu&rsquo;un kal\u00e9idoscope de textes recentre la th\u00e9matique. L&rsquo;exposition [&hellip;]<\/p>\n","protected":false},"featured_media":195928,"parent":0,"menu_order":0,"template":"","format":"standard","meta":{"_acf_changed":false,"footnotes":""},"tags":[],"event-category":[446],"event-venue":[643],"class_list":["post-195930","event","type-event","status-publish","format-standard","has-post-thumbnail","hentry","event-category-art-et-expositions","event-venue-centre-culturel-du-manoir-fr"],"acf":{"price":"Gratuit","date":"2 septembre \u2013 31 octobre","start_date":"2026-09-02 18:30:00","end_date":"2026-10-31 18:00:00","website_link":"https:\/\/www.cologny.ch\/agenda\/65741496_franck-bohbot-la-bibliotheque-se-livre?oac=eyJpbmRleCI6MSwidG90YWwiOjE0LCJmaWx0ZXJzIjp7ImRldGFpbGVkIjoxLCJyZWxhdGl2ZSI6WyJjdXJyZW50IiwidXBjb21pbmciXX19","link_buy_tickets":"","highlighted":false,"photo_credit":"Cr\u00e9dit photo: Frank Bohbot: Biblioth\u00e8que Sainte-Genevi\u00e8ve, Paris","timings":[{"timing_start_date":"2026-09-02 18:30:00","timing_end_date":"2026-09-02 20:30:00"},{"timing_start_date":"2026-09-03 16:00:00","timing_end_date":"2026-09-03 19:00:00"},{"timing_start_date":"2026-09-04 16:00:00","timing_end_date":"2026-09-04 19:00:00"},{"timing_start_date":"2026-09-05 14:00:00","timing_end_date":"2026-09-05 18:00:00"},{"timing_start_date":"2026-09-06 14:00:00","timing_end_date":"2026-09-06 18:00:00"},{"timing_start_date":"2026-09-08 16:00:00","timing_end_date":"2026-09-08 19:00:00"},{"timing_start_date":"2026-09-09 16:00:00","timing_end_date":"2026-09-09 19:00:00"},{"timing_start_date":"2026-09-10 16:00:00","timing_end_date":"2026-09-10 19:00:00"},{"timing_start_date":"2026-09-11 16:00:00","timing_end_date":"2026-09-11 19:00:00"},{"timing_start_date":"2026-09-12 14:00:00","timing_end_date":"2026-09-12 18:00:00"},{"timing_start_date":"2026-09-13 14:00:00","timing_end_date":"2026-09-13 18:00:00"},{"timing_start_date":"2026-09-15 16:00:00","timing_end_date":"2026-09-15 19:00:00"},{"timing_start_date":"2026-09-16 16:00:00","timing_end_date":"2026-09-16 19:00:00"},{"timing_start_date":"2026-09-17 16:00:00","timing_end_date":"2026-09-17 19:00:00"},{"timing_start_date":"2026-09-18 16:00:00","timing_end_date":"2026-09-18 19:00:00"},{"timing_start_date":"2026-09-19 14:00:00","timing_end_date":"2026-09-19 18:00:00"},{"timing_start_date":"2026-09-20 14:00:00","timing_end_date":"2026-09-20 18:00:00"},{"timing_start_date":"2026-09-22 16:00:00","timing_end_date":"2026-09-22 19:00:00"},{"timing_start_date":"2026-09-23 16:00:00","timing_end_date":"2026-09-23 19:00:00"},{"timing_start_date":"2026-09-24 16:00:00","timing_end_date":"2026-09-24 19:00:00"},{"timing_start_date":"2026-09-25 16:00:00","timing_end_date":"2026-09-25 19:00:00"},{"timing_start_date":"2026-09-26 14:00:00","timing_end_date":"2026-09-26 18:00:00"},{"timing_start_date":"2026-09-27 14:00:00","timing_end_date":"2026-09-27 18:00:00"},{"timing_start_date":"2026-09-29 16:00:00","timing_end_date":"2026-09-29 19:00:00"},{"timing_start_date":"2026-09-30 16:00:00","timing_end_date":"2026-09-30 19:00:00"},{"timing_start_date":"2026-10-01 16:00:00","timing_end_date":"2026-10-01 19:00:00"},{"timing_start_date":"2026-10-02 16:00:00","timing_end_date":"2026-10-02 19:00:00"},{"timing_start_date":"2026-10-03 14:00:00","timing_end_date":"2026-10-03 18:00:00"},{"timing_start_date":"2026-10-04 14:00:00","timing_end_date":"2026-10-04 18:00:00"},{"timing_start_date":"2026-10-06 16:00:00","timing_end_date":"2026-10-06 19:00:00"},{"timing_start_date":"2026-10-07 16:00:00","timing_end_date":"2026-10-07 19:00:00"},{"timing_start_date":"2026-10-08 16:00:00","timing_end_date":"2026-10-08 19:00:00"},{"timing_start_date":"2026-10-09 16:00:00","timing_end_date":"2026-10-09 19:00:00"},{"timing_start_date":"2026-10-10 14:00:00","timing_end_date":"2026-10-10 18:00:00"},{"timing_start_date":"2026-10-11 14:00:00","timing_end_date":"2026-10-11 18:00:00"},{"timing_start_date":"2026-10-13 16:00:00","timing_end_date":"2026-10-13 19:00:00"},{"timing_start_date":"2026-10-14 16:00:00","timing_end_date":"2026-10-14 19:00:00"},{"timing_start_date":"2026-10-15 16:00:00","timing_end_date":"2026-10-15 19:00:00"},{"timing_start_date":"2026-10-16 16:00:00","timing_end_date":"2026-10-16 19:00:00"},{"timing_start_date":"2026-10-17 14:00:00","timing_end_date":"2026-10-17 18:00:00"},{"timing_start_date":"2026-10-18 14:00:00","timing_end_date":"2026-10-18 18:00:00"},{"timing_start_date":"2026-10-20 16:00:00","timing_end_date":"2026-10-20 19:00:00"},{"timing_start_date":"2026-10-21 16:00:00","timing_end_date":"2026-10-21 19:00:00"},{"timing_start_date":"2026-10-22 16:00:00","timing_end_date":"2026-10-22 19:00:00"},{"timing_start_date":"2026-10-23 16:00:00","timing_end_date":"2026-10-23 19:00:00"},{"timing_start_date":"2026-10-24 14:00:00","timing_end_date":"2026-10-24 18:00:00"},{"timing_start_date":"2026-10-25 14:00:00","timing_end_date":"2026-10-25 18:00:00"},{"timing_start_date":"2026-10-27 16:00:00","timing_end_date":"2026-10-27 19:00:00"},{"timing_start_date":"2026-10-28 16:00:00","timing_end_date":"2026-10-28 19:00:00"},{"timing_start_date":"2026-10-29 16:00:00","timing_end_date":"2026-10-29 19:00:00"},{"timing_start_date":"2026-10-30 16:00:00","timing_end_date":"2026-10-30 19:00:00"},{"timing_start_date":"2026-10-31 14:00:00","timing_end_date":"2026-10-31 18:00:00"}],"external_id":"65741496"},"yoast_head":"<!-- This site is optimized with the Yoast SEO plugin v28.3 - https:\/\/yoast.com\/product\/yoast-seo-wordpress\/ -->\n<title>La biblioth\u00e8que se livre - Coolturalia<\/title>\n<meta name=\"robots\" content=\"index, follow, max-snippet:-1, max-image-preview:large, max-video-preview:-1\" \/>\n<link rel=\"canonical\" href=\"https:\/\/www.coolturalia.com\/fr\/event\/la-bibliotheque-se-livre-2\/\" \/>\n<meta property=\"og:locale\" content=\"fr_FR\" \/>\n<meta property=\"og:type\" content=\"article\" \/>\n<meta property=\"og:title\" content=\"La biblioth\u00e8que se livre - Coolturalia\" \/>\n<meta property=\"og:description\" content=\"Franck Bohbot pr\u00e9sente une s\u00e9lection de photographies de biblioth\u00e8ques patrimoniales qui ouvrent un espace de m\u00e9ditation et de r\u00eaverie autour de la biblioth\u00e8que. \u00c0 c\u00f4t\u00e9 de ces images, des installations contemporaines et des jeux de miroirs confrontant des photographies de biblioth\u00e8ques personnelles cr\u00e9ent des rencontres r\u00e9fl\u00e9chies, tandis qu&rsquo;un kal\u00e9idoscope de textes recentre la th\u00e9matique. L&rsquo;exposition [&hellip;]\" \/>\n<meta property=\"og:url\" content=\"https:\/\/www.coolturalia.com\/fr\/event\/la-bibliotheque-se-livre-2\/\" \/>\n<meta property=\"og:site_name\" content=\"Coolturalia\" \/>\n<meta property=\"article:modified_time\" content=\"2026-07-20T09:02:50+00:00\" \/>\n<meta property=\"og:image\" content=\"https:\/\/www.coolturalia.com\/wp-content\/uploads\/2026\/07\/La-bibliotheque-se-livre.webp\" \/>\n\t<meta property=\"og:image:width\" content=\"700\" \/>\n\t<meta property=\"og:image:height\" content=\"400\" \/>\n\t<meta property=\"og:image:type\" content=\"image\/webp\" \/>\n<meta name=\"twitter:card\" content=\"summary_large_image\" \/>\n<meta name=\"twitter:label1\" content=\"Dur\u00e9e de lecture estim\u00e9e\" \/>\n\t<meta name=\"twitter:data1\" content=\"1 minute\" \/>\n<script type=\"application\/ld+json\" class=\"yoast-schema-graph\">{\"@context\":\"https:\\\/\\\/schema.org\",\"@graph\":[{\"@type\":\"WebPage\",\"@id\":\"https:\\\/\\\/www.coolturalia.com\\\/fr\\\/event\\\/la-bibliotheque-se-livre-2\\\/\",\"url\":\"https:\\\/\\\/www.coolturalia.com\\\/fr\\\/event\\\/la-bibliotheque-se-livre-2\\\/\",\"name\":\"La biblioth\u00e8que se livre - Coolturalia\",\"isPartOf\":{\"@id\":\"https:\\\/\\\/www.coolturalia.com\\\/fr\\\/#website\"},\"primaryImageOfPage\":{\"@id\":\"https:\\\/\\\/www.coolturalia.com\\\/fr\\\/event\\\/la-bibliotheque-se-livre-2\\\/#primaryimage\"},\"image\":{\"@id\":\"https:\\\/\\\/www.coolturalia.com\\\/fr\\\/event\\\/la-bibliotheque-se-livre-2\\\/#primaryimage\"},\"thumbnailUrl\":\"https:\\\/\\\/www.coolturalia.com\\\/wp-content\\\/uploads\\\/2026\\\/07\\\/La-bibliotheque-se-livre.webp\",\"datePublished\":\"2026-07-20T08:58:08+00:00\",\"dateModified\":\"2026-07-20T09:02:50+00:00\",\"breadcrumb\":{\"@id\":\"https:\\\/\\\/www.coolturalia.com\\\/fr\\\/event\\\/la-bibliotheque-se-livre-2\\\/#breadcrumb\"},\"inLanguage\":\"fr-FR\",\"potentialAction\":[{\"@type\":\"ReadAction\",\"target\":[\"https:\\\/\\\/www.coolturalia.com\\\/fr\\\/event\\\/la-bibliotheque-se-livre-2\\\/\"]}]},{\"@type\":\"ImageObject\",\"inLanguage\":\"fr-FR\",\"@id\":\"https:\\\/\\\/www.coolturalia.com\\\/fr\\\/event\\\/la-bibliotheque-se-livre-2\\\/#primaryimage\",\"url\":\"https:\\\/\\\/www.coolturalia.com\\\/wp-content\\\/uploads\\\/2026\\\/07\\\/La-bibliotheque-se-livre.webp\",\"contentUrl\":\"https:\\\/\\\/www.coolturalia.com\\\/wp-content\\\/uploads\\\/2026\\\/07\\\/La-bibliotheque-se-livre.webp\",\"width\":700,\"height\":400,\"caption\":\"undefined\"},{\"@type\":\"BreadcrumbList\",\"@id\":\"https:\\\/\\\/www.coolturalia.com\\\/fr\\\/event\\\/la-bibliotheque-se-livre-2\\\/#breadcrumb\",\"itemListElement\":[{\"@type\":\"ListItem\",\"position\":1,\"name\":\"Home\",\"item\":\"https:\\\/\\\/www.coolturalia.com\\\/fr\\\/\"},{\"@type\":\"ListItem\",\"position\":2,\"name\":\"Events\",\"item\":\"https:\\\/\\\/www.coolturalia.com\\\/fr\\\/events\\\/\"},{\"@type\":\"ListItem\",\"position\":3,\"name\":\"La biblioth\u00e8que se livre\"}]},{\"@type\":\"WebSite\",\"@id\":\"https:\\\/\\\/www.coolturalia.com\\\/fr\\\/#website\",\"url\":\"https:\\\/\\\/www.coolturalia.com\\\/fr\\\/\",\"name\":\"Coolturalia\",\"description\":\"\",\"publisher\":{\"@id\":\"https:\\\/\\\/www.coolturalia.com\\\/fr\\\/#organization\"},\"potentialAction\":[{\"@type\":\"SearchAction\",\"target\":{\"@type\":\"EntryPoint\",\"urlTemplate\":\"https:\\\/\\\/www.coolturalia.com\\\/fr\\\/?s={search_term_string}\"},\"query-input\":{\"@type\":\"PropertyValueSpecification\",\"valueRequired\":true,\"valueName\":\"search_term_string\"}}],\"inLanguage\":\"fr-FR\"},{\"@type\":\"Organization\",\"@id\":\"https:\\\/\\\/www.coolturalia.com\\\/fr\\\/#organization\",\"name\":\"Coolturalia\",\"url\":\"https:\\\/\\\/www.coolturalia.com\\\/fr\\\/\",\"logo\":{\"@type\":\"ImageObject\",\"inLanguage\":\"fr-FR\",\"@id\":\"https:\\\/\\\/www.coolturalia.com\\\/fr\\\/#\\\/schema\\\/logo\\\/image\\\/\",\"url\":\"https:\\\/\\\/www.coolturalia.com\\\/wp-content\\\/uploads\\\/2024\\\/04\\\/Logo-coolturalia.svg\",\"contentUrl\":\"https:\\\/\\\/www.coolturalia.com\\\/wp-content\\\/uploads\\\/2024\\\/04\\\/Logo-coolturalia.svg\",\"width\":1312,\"height\":193,\"caption\":\"Coolturalia\"},\"image\":{\"@id\":\"https:\\\/\\\/www.coolturalia.com\\\/fr\\\/#\\\/schema\\\/logo\\\/image\\\/\"},\"sameAs\":[\"https:\\\/\\\/www.instagram.com\\\/coolturalia_geneva\\\/\"]}]}<\/script>\n<!-- \/ Yoast SEO plugin. -->","yoast_head_json":{"title":"La biblioth\u00e8que se livre - Coolturalia","robots":{"index":"index","follow":"follow","max-snippet":"max-snippet:-1","max-image-preview":"max-image-preview:large","max-video-preview":"max-video-preview:-1"},"canonical":"https:\/\/www.coolturalia.com\/fr\/event\/la-bibliotheque-se-livre-2\/","og_locale":"fr_FR","og_type":"article","og_title":"La biblioth\u00e8que se livre - Coolturalia","og_description":"Franck Bohbot pr\u00e9sente une s\u00e9lection de photographies de biblioth\u00e8ques patrimoniales qui ouvrent un espace de m\u00e9ditation et de r\u00eaverie autour de la biblioth\u00e8que. \u00c0 c\u00f4t\u00e9 de ces images, des installations contemporaines et des jeux de miroirs confrontant des photographies de biblioth\u00e8ques personnelles cr\u00e9ent des rencontres r\u00e9fl\u00e9chies, tandis qu&rsquo;un kal\u00e9idoscope de textes recentre la th\u00e9matique. L&rsquo;exposition [&hellip;]","og_url":"https:\/\/www.coolturalia.com\/fr\/event\/la-bibliotheque-se-livre-2\/","og_site_name":"Coolturalia","article_modified_time":"2026-07-20T09:02:50+00:00","og_image":[{"width":700,"height":400,"url":"https:\/\/www.coolturalia.com\/wp-content\/uploads\/2026\/07\/La-bibliotheque-se-livre.webp","type":"image\/webp"}],"twitter_card":"summary_large_image","twitter_misc":{"Dur\u00e9e de lecture estim\u00e9e":"1 minute"},"schema":{"@context":"https:\/\/schema.org","@graph":[{"@type":"WebPage","@id":"https:\/\/www.coolturalia.com\/fr\/event\/la-bibliotheque-se-livre-2\/","url":"https:\/\/www.coolturalia.com\/fr\/event\/la-bibliotheque-se-livre-2\/","name":"La biblioth\u00e8que se livre - Coolturalia","isPartOf":{"@id":"https:\/\/www.coolturalia.com\/fr\/#website"},"primaryImageOfPage":{"@id":"https:\/\/www.coolturalia.com\/fr\/event\/la-bibliotheque-se-livre-2\/#primaryimage"},"image":{"@id":"https:\/\/www.coolturalia.com\/fr\/event\/la-bibliotheque-se-livre-2\/#primaryimage"},"thumbnailUrl":"https:\/\/www.coolturalia.com\/wp-content\/uploads\/2026\/07\/La-bibliotheque-se-livre.webp","datePublished":"2026-07-20T08:58:08+00:00","dateModified":"2026-07-20T09:02:50+00:00","breadcrumb":{"@id":"https:\/\/www.coolturalia.com\/fr\/event\/la-bibliotheque-se-livre-2\/#breadcrumb"},"inLanguage":"fr-FR","potentialAction":[{"@type":"ReadAction","target":["https:\/\/www.coolturalia.com\/fr\/event\/la-bibliotheque-se-livre-2\/"]}]},{"@type":"ImageObject","inLanguage":"fr-FR","@id":"https:\/\/www.coolturalia.com\/fr\/event\/la-bibliotheque-se-livre-2\/#primaryimage","url":"https:\/\/www.coolturalia.com\/wp-content\/uploads\/2026\/07\/La-bibliotheque-se-livre.webp","contentUrl":"https:\/\/www.coolturalia.com\/wp-content\/uploads\/2026\/07\/La-bibliotheque-se-livre.webp","width":700,"height":400,"caption":"undefined"},{"@type":"BreadcrumbList","@id":"https:\/\/www.coolturalia.com\/fr\/event\/la-bibliotheque-se-livre-2\/#breadcrumb","itemListElement":[{"@type":"ListItem","position":1,"name":"Home","item":"https:\/\/www.coolturalia.com\/fr\/"},{"@type":"ListItem","position":2,"name":"Events","item":"https:\/\/www.coolturalia.com\/fr\/events\/"},{"@type":"ListItem","position":3,"name":"La biblioth\u00e8que se livre"}]},{"@type":"WebSite","@id":"https:\/\/www.coolturalia.com\/fr\/#website","url":"https:\/\/www.coolturalia.com\/fr\/","name":"Coolturalia","description":"","publisher":{"@id":"https:\/\/www.coolturalia.com\/fr\/#organization"},"potentialAction":[{"@type":"SearchAction","target":{"@type":"EntryPoint","urlTemplate":"https:\/\/www.coolturalia.com\/fr\/?s={search_term_string}"},"query-input":{"@type":"PropertyValueSpecification","valueRequired":true,"valueName":"search_term_string"}}],"inLanguage":"fr-FR"},{"@type":"Organization","@id":"https:\/\/www.coolturalia.com\/fr\/#organization","name":"Coolturalia","url":"https:\/\/www.coolturalia.com\/fr\/","logo":{"@type":"ImageObject","inLanguage":"fr-FR","@id":"https:\/\/www.coolturalia.com\/fr\/#\/schema\/logo\/image\/","url":"https:\/\/www.coolturalia.com\/wp-content\/uploads\/2024\/04\/Logo-coolturalia.svg","contentUrl":"https:\/\/www.coolturalia.com\/wp-content\/uploads\/2024\/04\/Logo-coolturalia.svg","width":1312,"height":193,"caption":"Coolturalia"},"image":{"@id":"https:\/\/www.coolturalia.com\/fr\/#\/schema\/logo\/image\/"},"sameAs":["https:\/\/www.instagram.com\/coolturalia_geneva\/"]}]}},"translations":{"translations":{"en":"195929","fr":"195930"},"language":{"code":"fr"},"date":{"dateRange":"2 septembre \u2013 31 octobre"}},"language":{"code":"fr"},"_links":{"self":[{"href":"https:\/\/www.coolturalia.com\/fr\/wp-json\/wp\/v2\/event\/195930","targetHints":{"allow":["GET"]}}],"collection":[{"href":"https:\/\/www.coolturalia.com\/fr\/wp-json\/wp\/v2\/event"}],"about":[{"href":"https:\/\/www.coolturalia.com\/fr\/wp-json\/wp\/v2\/types\/event"}],"version-history":[{"count":1,"href":"https:\/\/www.coolturalia.com\/fr\/wp-json\/wp\/v2\/event\/195930\/revisions"}],"predecessor-version":[{"id":195963,"href":"https:\/\/www.coolturalia.com\/fr\/wp-json\/wp\/v2\/event\/195930\/revisions\/195963"}],"wp:featuredmedia":[{"embeddable":true,"href":"https:\/\/www.coolturalia.com\/fr\/wp-json\/wp\/v2\/media\/195928"}],"wp:attachment":[{"href":"https:\/\/www.coolturalia.com\/fr\/wp-json\/wp\/v2\/media?parent=195930"}],"wp:term":[{"taxonomy":"post_tag","embeddable":true,"href":"https:\/\/www.coolturalia.com\/fr\/wp-json\/wp\/v2\/tags?post=195930"},{"taxonomy":"event-category","embeddable":true,"href":"https:\/\/www.coolturalia.com\/fr\/wp-json\/wp\/v2\/event-category?post=195930"},{"taxonomy":"event-venue","embeddable":true,"href":"https:\/\/www.coolturalia.com\/fr\/wp-json\/wp\/v2\/event-venue?post=195930"}],"curies":[{"name":"wp","href":"https:\/\/api.w.org\/{rel}","templated":true}]}}