{"id":194310,"date":"2026-06-25T12:20:16","date_gmt":"2026-06-25T10:20:16","guid":{"rendered":"https:\/\/www.coolturalia.com\/event\/festival-primeurs-musicales-2\/"},"modified":"2026-07-09T09:27:41","modified_gmt":"2026-07-09T07:27:41","slug":"festival-primeurs-musicales-2","status":"publish","type":"event","link":"https:\/\/www.coolturalia.com\/fr\/event\/festival-primeurs-musicales-2\/","title":{"rendered":"Festival Primeurs Musicales"},"content":{"rendered":"<p>Primeurs Musicales est un festival de musique classique dynamique, d\u00e9di\u00e9 \u00e0 la d\u00e9couverte et au soutien de la nouvelle g\u00e9n\u00e9ration de talents musicaux. Mettant en lumi\u00e8re de jeunes interpr\u00e8tes exceptionnels issus de conservatoires et d&rsquo;acad\u00e9mies de musique, le festival offre aux artistes \u00e9mergents des opportunit\u00e9s pr\u00e9cieuses de se produire sur sc\u00e8ne, de collaborer avec des musiciens confirm\u00e9s et de rencontrer de nouveaux publics. \u00c0 travers une programmation riche et vari\u00e9e de concerts, de performances de musique de chambre, de rencontres artistiques et de cr\u00e9ations contemporaines, Primeurs Musicales allie excellence, transmission et innovation, rendant la musique classique plus accessible, plus vivante et plus en phase avec le paysage culturel actuel.<\/p>\n","protected":false},"excerpt":{"rendered":"<p>Primeurs Musicales est un festival de musique classique dynamique, d\u00e9di\u00e9 \u00e0 la d\u00e9couverte et au soutien de la nouvelle g\u00e9n\u00e9ration de talents musicaux. Mettant en lumi\u00e8re de jeunes interpr\u00e8tes exceptionnels issus de conservatoires et d&rsquo;acad\u00e9mies de musique, le festival offre aux artistes \u00e9mergents des opportunit\u00e9s pr\u00e9cieuses de se produire sur sc\u00e8ne, de collaborer avec des [&hellip;]<\/p>\n","protected":false},"featured_media":194308,"parent":0,"menu_order":0,"template":"","format":"standard","meta":{"_acf_changed":false,"footnotes":""},"tags":[996],"event-category":[444],"event-venue":[643],"class_list":["post-194310","event","type-event","status-publish","format-standard","has-post-thumbnail","hentry","tag-portrait-image","event-category-spectacles","event-venue-centre-culturel-du-manoir-fr"],"acf":{"price":"","date":"5 - 6 septembre","start_date":"2026-09-05 17:00:00","end_date":"2026-09-06 21:00:00","website_link":"https:\/\/primeursmusicales.ch","link_buy_tickets":"","highlighted":false,"photo_credit":"","timings":[{"timing_start_date":"2026-09-05 17:00:00","timing_end_date":"2026-09-05 21:00:00"},{"timing_start_date":"2026-09-06 14:00:00","timing_end_date":"2026-09-06 21:00:00"}],"external_id":""},"yoast_head":"<!-- This site is optimized with the Yoast SEO plugin v28.3 - https:\/\/yoast.com\/product\/yoast-seo-wordpress\/ -->\n<title>Festival Primeurs Musicales - Coolturalia<\/title>\n<meta name=\"robots\" content=\"index, follow, max-snippet:-1, max-image-preview:large, max-video-preview:-1\" \/>\n<link rel=\"canonical\" href=\"https:\/\/www.coolturalia.com\/fr\/event\/festival-primeurs-musicales-2\/\" \/>\n<meta property=\"og:locale\" content=\"fr_FR\" \/>\n<meta property=\"og:type\" content=\"article\" \/>\n<meta property=\"og:title\" content=\"Festival Primeurs Musicales - Coolturalia\" \/>\n<meta property=\"og:description\" content=\"Primeurs Musicales est un festival de musique classique dynamique, d\u00e9di\u00e9 \u00e0 la d\u00e9couverte et au soutien de la nouvelle g\u00e9n\u00e9ration de talents musicaux. Mettant en lumi\u00e8re de jeunes interpr\u00e8tes exceptionnels issus de conservatoires et d&rsquo;acad\u00e9mies de musique, le festival offre aux artistes \u00e9mergents des opportunit\u00e9s pr\u00e9cieuses de se produire sur sc\u00e8ne, de collaborer avec des [&hellip;]\" \/>\n<meta property=\"og:url\" content=\"https:\/\/www.coolturalia.com\/fr\/event\/festival-primeurs-musicales-2\/\" \/>\n<meta property=\"og:site_name\" content=\"Coolturalia\" \/>\n<meta property=\"article:modified_time\" content=\"2026-07-09T07:27:41+00:00\" \/>\n<meta property=\"og:image\" content=\"https:\/\/www.coolturalia.com\/wp-content\/uploads\/2026\/06\/Festival-Primeurs-Musicales.webp\" \/>\n\t<meta property=\"og:image:width\" content=\"1150\" \/>\n\t<meta property=\"og:image:height\" content=\"1626\" \/>\n\t<meta property=\"og:image:type\" content=\"image\/webp\" \/>\n<meta name=\"twitter:card\" content=\"summary_large_image\" \/>\n<meta name=\"twitter:label1\" content=\"Dur\u00e9e de lecture estim\u00e9e\" \/>\n\t<meta name=\"twitter:data1\" content=\"1 minute\" \/>\n<script type=\"application\/ld+json\" class=\"yoast-schema-graph\">{\"@context\":\"https:\\\/\\\/schema.org\",\"@graph\":[{\"@type\":\"WebPage\",\"@id\":\"https:\\\/\\\/www.coolturalia.com\\\/fr\\\/event\\\/festival-primeurs-musicales-2\\\/\",\"url\":\"https:\\\/\\\/www.coolturalia.com\\\/fr\\\/event\\\/festival-primeurs-musicales-2\\\/\",\"name\":\"Festival Primeurs Musicales - Coolturalia\",\"isPartOf\":{\"@id\":\"https:\\\/\\\/www.coolturalia.com\\\/fr\\\/#website\"},\"primaryImageOfPage\":{\"@id\":\"https:\\\/\\\/www.coolturalia.com\\\/fr\\\/event\\\/festival-primeurs-musicales-2\\\/#primaryimage\"},\"image\":{\"@id\":\"https:\\\/\\\/www.coolturalia.com\\\/fr\\\/event\\\/festival-primeurs-musicales-2\\\/#primaryimage\"},\"thumbnailUrl\":\"https:\\\/\\\/www.coolturalia.com\\\/wp-content\\\/uploads\\\/2026\\\/06\\\/Festival-Primeurs-Musicales.webp\",\"datePublished\":\"2026-06-25T10:20:16+00:00\",\"dateModified\":\"2026-07-09T07:27:41+00:00\",\"breadcrumb\":{\"@id\":\"https:\\\/\\\/www.coolturalia.com\\\/fr\\\/event\\\/festival-primeurs-musicales-2\\\/#breadcrumb\"},\"inLanguage\":\"fr-FR\",\"potentialAction\":[{\"@type\":\"ReadAction\",\"target\":[\"https:\\\/\\\/www.coolturalia.com\\\/fr\\\/event\\\/festival-primeurs-musicales-2\\\/\"]}]},{\"@type\":\"ImageObject\",\"inLanguage\":\"fr-FR\",\"@id\":\"https:\\\/\\\/www.coolturalia.com\\\/fr\\\/event\\\/festival-primeurs-musicales-2\\\/#primaryimage\",\"url\":\"https:\\\/\\\/www.coolturalia.com\\\/wp-content\\\/uploads\\\/2026\\\/06\\\/Festival-Primeurs-Musicales.webp\",\"contentUrl\":\"https:\\\/\\\/www.coolturalia.com\\\/wp-content\\\/uploads\\\/2026\\\/06\\\/Festival-Primeurs-Musicales.webp\",\"width\":1150,\"height\":1626,\"caption\":\"undefined\"},{\"@type\":\"BreadcrumbList\",\"@id\":\"https:\\\/\\\/www.coolturalia.com\\\/fr\\\/event\\\/festival-primeurs-musicales-2\\\/#breadcrumb\",\"itemListElement\":[{\"@type\":\"ListItem\",\"position\":1,\"name\":\"Home\",\"item\":\"https:\\\/\\\/www.coolturalia.com\\\/fr\\\/\"},{\"@type\":\"ListItem\",\"position\":2,\"name\":\"Events\",\"item\":\"https:\\\/\\\/www.coolturalia.com\\\/fr\\\/events\\\/\"},{\"@type\":\"ListItem\",\"position\":3,\"name\":\"Festival Primeurs Musicales\"}]},{\"@type\":\"WebSite\",\"@id\":\"https:\\\/\\\/www.coolturalia.com\\\/fr\\\/#website\",\"url\":\"https:\\\/\\\/www.coolturalia.com\\\/fr\\\/\",\"name\":\"Coolturalia\",\"description\":\"\",\"publisher\":{\"@id\":\"https:\\\/\\\/www.coolturalia.com\\\/fr\\\/#organization\"},\"potentialAction\":[{\"@type\":\"SearchAction\",\"target\":{\"@type\":\"EntryPoint\",\"urlTemplate\":\"https:\\\/\\\/www.coolturalia.com\\\/fr\\\/?s={search_term_string}\"},\"query-input\":{\"@type\":\"PropertyValueSpecification\",\"valueRequired\":true,\"valueName\":\"search_term_string\"}}],\"inLanguage\":\"fr-FR\"},{\"@type\":\"Organization\",\"@id\":\"https:\\\/\\\/www.coolturalia.com\\\/fr\\\/#organization\",\"name\":\"Coolturalia\",\"url\":\"https:\\\/\\\/www.coolturalia.com\\\/fr\\\/\",\"logo\":{\"@type\":\"ImageObject\",\"inLanguage\":\"fr-FR\",\"@id\":\"https:\\\/\\\/www.coolturalia.com\\\/fr\\\/#\\\/schema\\\/logo\\\/image\\\/\",\"url\":\"https:\\\/\\\/www.coolturalia.com\\\/wp-content\\\/uploads\\\/2024\\\/04\\\/Logo-coolturalia.svg\",\"contentUrl\":\"https:\\\/\\\/www.coolturalia.com\\\/wp-content\\\/uploads\\\/2024\\\/04\\\/Logo-coolturalia.svg\",\"width\":1312,\"height\":193,\"caption\":\"Coolturalia\"},\"image\":{\"@id\":\"https:\\\/\\\/www.coolturalia.com\\\/fr\\\/#\\\/schema\\\/logo\\\/image\\\/\"},\"sameAs\":[\"https:\\\/\\\/www.instagram.com\\\/coolturalia_geneva\\\/\"]}]}<\/script>\n<!-- \/ Yoast SEO plugin. -->","yoast_head_json":{"title":"Festival Primeurs Musicales - Coolturalia","robots":{"index":"index","follow":"follow","max-snippet":"max-snippet:-1","max-image-preview":"max-image-preview:large","max-video-preview":"max-video-preview:-1"},"canonical":"https:\/\/www.coolturalia.com\/fr\/event\/festival-primeurs-musicales-2\/","og_locale":"fr_FR","og_type":"article","og_title":"Festival Primeurs Musicales - Coolturalia","og_description":"Primeurs Musicales est un festival de musique classique dynamique, d\u00e9di\u00e9 \u00e0 la d\u00e9couverte et au soutien de la nouvelle g\u00e9n\u00e9ration de talents musicaux. Mettant en lumi\u00e8re de jeunes interpr\u00e8tes exceptionnels issus de conservatoires et d&rsquo;acad\u00e9mies de musique, le festival offre aux artistes \u00e9mergents des opportunit\u00e9s pr\u00e9cieuses de se produire sur sc\u00e8ne, de collaborer avec des [&hellip;]","og_url":"https:\/\/www.coolturalia.com\/fr\/event\/festival-primeurs-musicales-2\/","og_site_name":"Coolturalia","article_modified_time":"2026-07-09T07:27:41+00:00","og_image":[{"width":1150,"height":1626,"url":"https:\/\/www.coolturalia.com\/wp-content\/uploads\/2026\/06\/Festival-Primeurs-Musicales.webp","type":"image\/webp"}],"twitter_card":"summary_large_image","twitter_misc":{"Dur\u00e9e de lecture estim\u00e9e":"1 minute"},"schema":{"@context":"https:\/\/schema.org","@graph":[{"@type":"WebPage","@id":"https:\/\/www.coolturalia.com\/fr\/event\/festival-primeurs-musicales-2\/","url":"https:\/\/www.coolturalia.com\/fr\/event\/festival-primeurs-musicales-2\/","name":"Festival Primeurs Musicales - Coolturalia","isPartOf":{"@id":"https:\/\/www.coolturalia.com\/fr\/#website"},"primaryImageOfPage":{"@id":"https:\/\/www.coolturalia.com\/fr\/event\/festival-primeurs-musicales-2\/#primaryimage"},"image":{"@id":"https:\/\/www.coolturalia.com\/fr\/event\/festival-primeurs-musicales-2\/#primaryimage"},"thumbnailUrl":"https:\/\/www.coolturalia.com\/wp-content\/uploads\/2026\/06\/Festival-Primeurs-Musicales.webp","datePublished":"2026-06-25T10:20:16+00:00","dateModified":"2026-07-09T07:27:41+00:00","breadcrumb":{"@id":"https:\/\/www.coolturalia.com\/fr\/event\/festival-primeurs-musicales-2\/#breadcrumb"},"inLanguage":"fr-FR","potentialAction":[{"@type":"ReadAction","target":["https:\/\/www.coolturalia.com\/fr\/event\/festival-primeurs-musicales-2\/"]}]},{"@type":"ImageObject","inLanguage":"fr-FR","@id":"https:\/\/www.coolturalia.com\/fr\/event\/festival-primeurs-musicales-2\/#primaryimage","url":"https:\/\/www.coolturalia.com\/wp-content\/uploads\/2026\/06\/Festival-Primeurs-Musicales.webp","contentUrl":"https:\/\/www.coolturalia.com\/wp-content\/uploads\/2026\/06\/Festival-Primeurs-Musicales.webp","width":1150,"height":1626,"caption":"undefined"},{"@type":"BreadcrumbList","@id":"https:\/\/www.coolturalia.com\/fr\/event\/festival-primeurs-musicales-2\/#breadcrumb","itemListElement":[{"@type":"ListItem","position":1,"name":"Home","item":"https:\/\/www.coolturalia.com\/fr\/"},{"@type":"ListItem","position":2,"name":"Events","item":"https:\/\/www.coolturalia.com\/fr\/events\/"},{"@type":"ListItem","position":3,"name":"Festival Primeurs Musicales"}]},{"@type":"WebSite","@id":"https:\/\/www.coolturalia.com\/fr\/#website","url":"https:\/\/www.coolturalia.com\/fr\/","name":"Coolturalia","description":"","publisher":{"@id":"https:\/\/www.coolturalia.com\/fr\/#organization"},"potentialAction":[{"@type":"SearchAction","target":{"@type":"EntryPoint","urlTemplate":"https:\/\/www.coolturalia.com\/fr\/?s={search_term_string}"},"query-input":{"@type":"PropertyValueSpecification","valueRequired":true,"valueName":"search_term_string"}}],"inLanguage":"fr-FR"},{"@type":"Organization","@id":"https:\/\/www.coolturalia.com\/fr\/#organization","name":"Coolturalia","url":"https:\/\/www.coolturalia.com\/fr\/","logo":{"@type":"ImageObject","inLanguage":"fr-FR","@id":"https:\/\/www.coolturalia.com\/fr\/#\/schema\/logo\/image\/","url":"https:\/\/www.coolturalia.com\/wp-content\/uploads\/2024\/04\/Logo-coolturalia.svg","contentUrl":"https:\/\/www.coolturalia.com\/wp-content\/uploads\/2024\/04\/Logo-coolturalia.svg","width":1312,"height":193,"caption":"Coolturalia"},"image":{"@id":"https:\/\/www.coolturalia.com\/fr\/#\/schema\/logo\/image\/"},"sameAs":["https:\/\/www.instagram.com\/coolturalia_geneva\/"]}]}},"translations":{"translations":{"en":"194309","fr":"194310"},"language":{"code":"fr"},"date":{"dateRange":"5 - 6 septembre"}},"language":{"code":"fr"},"_links":{"self":[{"href":"https:\/\/www.coolturalia.com\/fr\/wp-json\/wp\/v2\/event\/194310","targetHints":{"allow":["GET"]}}],"collection":[{"href":"https:\/\/www.coolturalia.com\/fr\/wp-json\/wp\/v2\/event"}],"about":[{"href":"https:\/\/www.coolturalia.com\/fr\/wp-json\/wp\/v2\/types\/event"}],"version-history":[{"count":1,"href":"https:\/\/www.coolturalia.com\/fr\/wp-json\/wp\/v2\/event\/194310\/revisions"}],"predecessor-version":[{"id":195517,"href":"https:\/\/www.coolturalia.com\/fr\/wp-json\/wp\/v2\/event\/194310\/revisions\/195517"}],"wp:featuredmedia":[{"embeddable":true,"href":"https:\/\/www.coolturalia.com\/fr\/wp-json\/wp\/v2\/media\/194308"}],"wp:attachment":[{"href":"https:\/\/www.coolturalia.com\/fr\/wp-json\/wp\/v2\/media?parent=194310"}],"wp:term":[{"taxonomy":"post_tag","embeddable":true,"href":"https:\/\/www.coolturalia.com\/fr\/wp-json\/wp\/v2\/tags?post=194310"},{"taxonomy":"event-category","embeddable":true,"href":"https:\/\/www.coolturalia.com\/fr\/wp-json\/wp\/v2\/event-category?post=194310"},{"taxonomy":"event-venue","embeddable":true,"href":"https:\/\/www.coolturalia.com\/fr\/wp-json\/wp\/v2\/event-venue?post=194310"}],"curies":[{"name":"wp","href":"https:\/\/api.w.org\/{rel}","templated":true}]}}