{"id":193885,"date":"2026-06-18T08:16:48","date_gmt":"2026-06-18T06:16:48","guid":{"rendered":"https:\/\/www.coolturalia.com\/event\/nuit-des-bains\/"},"modified":"2026-09-03T13:31:40","modified_gmt":"2026-09-03T11:31:40","slug":"nuit-des-bains-5","status":"publish","type":"event","link":"https:\/\/www.coolturalia.com\/fr\/event\/nuit-des-bains-5\/","title":{"rendered":"Nuit des Bains"},"content":{"rendered":"<p>Nuit des Bains pr\u00e9sente une soir\u00e9e o\u00f9 le circuit d&rsquo;art contemporain de la ville s&rsquo;ouvre comme une exposition collective.<\/p>\n<p>Des artistes \u00e9mergents et \u00e9tablis, locaux et internationaux, investissent des espaces par des installations, des performances, la peinture, la photographie et la vid\u00e9o, offrant un panorama multifacette des pratiques contemporaines. L&rsquo;\u00e9v\u00e9nement met l&rsquo;accent sur la rencontre et l&rsquo;imaginaire du public, r\u00e9v\u00e9lant les tensions entre intimit\u00e9 et spectacle urbain, et interrogeant la mani\u00e8re dont l&rsquo;art occupe les espaces partag\u00e9s.<\/p>\n","protected":false},"excerpt":{"rendered":"<p>Nuit des Bains pr\u00e9sente une soir\u00e9e o\u00f9 le circuit d&rsquo;art contemporain de la ville s&rsquo;ouvre comme une exposition collective. Des artistes \u00e9mergents et \u00e9tablis, locaux et internationaux, investissent des espaces par des installations, des performances, la peinture, la photographie et la vid\u00e9o, offrant un panorama multifacette des pratiques contemporaines. L&rsquo;\u00e9v\u00e9nement met l&rsquo;accent sur la rencontre [&hellip;]<\/p>\n","protected":false},"featured_media":193883,"parent":0,"menu_order":0,"template":"","format":"standard","meta":{"_acf_changed":false,"footnotes":""},"tags":[1014],"event-category":[446],"event-venue":[981],"class_list":["post-193885","event","type-event","status-publish","format-standard","has-post-thumbnail","hentry","tag-portrait-image-fr","event-category-art-et-expositions","event-venue-plusieurs-lieux"],"acf":{"price":"Gratuit","date":"Jeudi 12 novembre, 18:00","start_date":"2026-11-12 18:00:00","end_date":"2026-11-12 21:00:00","website_link":"https:\/\/quartierdesbains.ch\/agenda\/","link_buy_tickets":"","highlighted":false,"photo_credit":"","timings":[{"timing_start_date":"2026-11-12 18:00:00","timing_end_date":"2026-11-12 21:00:00"}],"external_id":"-1"},"yoast_head":"<!-- This site is optimized with the Yoast SEO plugin v28.3 - https:\/\/yoast.com\/product\/yoast-seo-wordpress\/ -->\n<title>Nuit des Bains - Coolturalia<\/title>\n<meta name=\"robots\" content=\"index, follow, max-snippet:-1, max-image-preview:large, max-video-preview:-1\" \/>\n<link rel=\"canonical\" href=\"https:\/\/www.coolturalia.com\/fr\/event\/nuit-des-bains-5\/\" \/>\n<meta property=\"og:locale\" content=\"fr_FR\" \/>\n<meta property=\"og:type\" content=\"article\" \/>\n<meta property=\"og:title\" content=\"Nuit des Bains - Coolturalia\" \/>\n<meta property=\"og:description\" content=\"Nuit des Bains pr\u00e9sente une soir\u00e9e o\u00f9 le circuit d&rsquo;art contemporain de la ville s&rsquo;ouvre comme une exposition collective. Des artistes \u00e9mergents et \u00e9tablis, locaux et internationaux, investissent des espaces par des installations, des performances, la peinture, la photographie et la vid\u00e9o, offrant un panorama multifacette des pratiques contemporaines. L&rsquo;\u00e9v\u00e9nement met l&rsquo;accent sur la rencontre [&hellip;]\" \/>\n<meta property=\"og:url\" content=\"https:\/\/www.coolturalia.com\/fr\/event\/nuit-des-bains-5\/\" \/>\n<meta property=\"og:site_name\" content=\"Coolturalia\" \/>\n<meta property=\"article:modified_time\" content=\"2026-09-03T11:31:40+00:00\" \/>\n<meta property=\"og:image\" content=\"https:\/\/www.coolturalia.com\/wp-content\/uploads\/2026\/06\/Nuit-des-Bains.webp\" \/>\n\t<meta property=\"og:image:width\" content=\"1638\" \/>\n\t<meta property=\"og:image:height\" content=\"2048\" \/>\n\t<meta property=\"og:image:type\" content=\"image\/webp\" \/>\n<meta name=\"twitter:card\" content=\"summary_large_image\" \/>\n<meta name=\"twitter:label1\" content=\"Dur\u00e9e de lecture estim\u00e9e\" \/>\n\t<meta name=\"twitter:data1\" content=\"1 minute\" \/>\n<script type=\"application\/ld+json\" class=\"yoast-schema-graph\">{\"@context\":\"https:\\\/\\\/schema.org\",\"@graph\":[{\"@type\":\"WebPage\",\"@id\":\"https:\\\/\\\/www.coolturalia.com\\\/fr\\\/event\\\/nuit-des-bains-5\\\/\",\"url\":\"https:\\\/\\\/www.coolturalia.com\\\/fr\\\/event\\\/nuit-des-bains-5\\\/\",\"name\":\"Nuit des Bains - Coolturalia\",\"isPartOf\":{\"@id\":\"https:\\\/\\\/www.coolturalia.com\\\/fr\\\/#website\"},\"primaryImageOfPage\":{\"@id\":\"https:\\\/\\\/www.coolturalia.com\\\/fr\\\/event\\\/nuit-des-bains-5\\\/#primaryimage\"},\"image\":{\"@id\":\"https:\\\/\\\/www.coolturalia.com\\\/fr\\\/event\\\/nuit-des-bains-5\\\/#primaryimage\"},\"thumbnailUrl\":\"https:\\\/\\\/www.coolturalia.com\\\/wp-content\\\/uploads\\\/2026\\\/06\\\/Nuit-des-Bains.webp\",\"datePublished\":\"2026-06-18T06:16:48+00:00\",\"dateModified\":\"2026-09-03T11:31:40+00:00\",\"breadcrumb\":{\"@id\":\"https:\\\/\\\/www.coolturalia.com\\\/fr\\\/event\\\/nuit-des-bains-5\\\/#breadcrumb\"},\"inLanguage\":\"fr-FR\",\"potentialAction\":[{\"@type\":\"ReadAction\",\"target\":[\"https:\\\/\\\/www.coolturalia.com\\\/fr\\\/event\\\/nuit-des-bains-5\\\/\"]}]},{\"@type\":\"ImageObject\",\"inLanguage\":\"fr-FR\",\"@id\":\"https:\\\/\\\/www.coolturalia.com\\\/fr\\\/event\\\/nuit-des-bains-5\\\/#primaryimage\",\"url\":\"https:\\\/\\\/www.coolturalia.com\\\/wp-content\\\/uploads\\\/2026\\\/06\\\/Nuit-des-Bains.webp\",\"contentUrl\":\"https:\\\/\\\/www.coolturalia.com\\\/wp-content\\\/uploads\\\/2026\\\/06\\\/Nuit-des-Bains.webp\",\"width\":1638,\"height\":2048,\"caption\":\"undefined\"},{\"@type\":\"BreadcrumbList\",\"@id\":\"https:\\\/\\\/www.coolturalia.com\\\/fr\\\/event\\\/nuit-des-bains-5\\\/#breadcrumb\",\"itemListElement\":[{\"@type\":\"ListItem\",\"position\":1,\"name\":\"Home\",\"item\":\"https:\\\/\\\/www.coolturalia.com\\\/fr\\\/\"},{\"@type\":\"ListItem\",\"position\":2,\"name\":\"Events\",\"item\":\"https:\\\/\\\/www.coolturalia.com\\\/fr\\\/events\\\/\"},{\"@type\":\"ListItem\",\"position\":3,\"name\":\"Nuit des Bains\"}]},{\"@type\":\"WebSite\",\"@id\":\"https:\\\/\\\/www.coolturalia.com\\\/fr\\\/#website\",\"url\":\"https:\\\/\\\/www.coolturalia.com\\\/fr\\\/\",\"name\":\"Coolturalia\",\"description\":\"\",\"publisher\":{\"@id\":\"https:\\\/\\\/www.coolturalia.com\\\/fr\\\/#organization\"},\"potentialAction\":[{\"@type\":\"SearchAction\",\"target\":{\"@type\":\"EntryPoint\",\"urlTemplate\":\"https:\\\/\\\/www.coolturalia.com\\\/fr\\\/?s={search_term_string}\"},\"query-input\":{\"@type\":\"PropertyValueSpecification\",\"valueRequired\":true,\"valueName\":\"search_term_string\"}}],\"inLanguage\":\"fr-FR\"},{\"@type\":\"Organization\",\"@id\":\"https:\\\/\\\/www.coolturalia.com\\\/fr\\\/#organization\",\"name\":\"Coolturalia\",\"url\":\"https:\\\/\\\/www.coolturalia.com\\\/fr\\\/\",\"logo\":{\"@type\":\"ImageObject\",\"inLanguage\":\"fr-FR\",\"@id\":\"https:\\\/\\\/www.coolturalia.com\\\/fr\\\/#\\\/schema\\\/logo\\\/image\\\/\",\"url\":\"https:\\\/\\\/www.coolturalia.com\\\/wp-content\\\/uploads\\\/2024\\\/04\\\/Logo-coolturalia.svg\",\"contentUrl\":\"https:\\\/\\\/www.coolturalia.com\\\/wp-content\\\/uploads\\\/2024\\\/04\\\/Logo-coolturalia.svg\",\"width\":1312,\"height\":193,\"caption\":\"Coolturalia\"},\"image\":{\"@id\":\"https:\\\/\\\/www.coolturalia.com\\\/fr\\\/#\\\/schema\\\/logo\\\/image\\\/\"},\"sameAs\":[\"https:\\\/\\\/www.instagram.com\\\/coolturalia_geneva\\\/\"]}]}<\/script>\n<!-- \/ Yoast SEO plugin. -->","yoast_head_json":{"title":"Nuit des Bains - Coolturalia","robots":{"index":"index","follow":"follow","max-snippet":"max-snippet:-1","max-image-preview":"max-image-preview:large","max-video-preview":"max-video-preview:-1"},"canonical":"https:\/\/www.coolturalia.com\/fr\/event\/nuit-des-bains-5\/","og_locale":"fr_FR","og_type":"article","og_title":"Nuit des Bains - Coolturalia","og_description":"Nuit des Bains pr\u00e9sente une soir\u00e9e o\u00f9 le circuit d&rsquo;art contemporain de la ville s&rsquo;ouvre comme une exposition collective. Des artistes \u00e9mergents et \u00e9tablis, locaux et internationaux, investissent des espaces par des installations, des performances, la peinture, la photographie et la vid\u00e9o, offrant un panorama multifacette des pratiques contemporaines. L&rsquo;\u00e9v\u00e9nement met l&rsquo;accent sur la rencontre [&hellip;]","og_url":"https:\/\/www.coolturalia.com\/fr\/event\/nuit-des-bains-5\/","og_site_name":"Coolturalia","article_modified_time":"2026-09-03T11:31:40+00:00","og_image":[{"width":1638,"height":2048,"url":"https:\/\/www.coolturalia.com\/wp-content\/uploads\/2026\/06\/Nuit-des-Bains.webp","type":"image\/webp"}],"twitter_card":"summary_large_image","twitter_misc":{"Dur\u00e9e de lecture estim\u00e9e":"1 minute"},"schema":{"@context":"https:\/\/schema.org","@graph":[{"@type":"WebPage","@id":"https:\/\/www.coolturalia.com\/fr\/event\/nuit-des-bains-5\/","url":"https:\/\/www.coolturalia.com\/fr\/event\/nuit-des-bains-5\/","name":"Nuit des Bains - Coolturalia","isPartOf":{"@id":"https:\/\/www.coolturalia.com\/fr\/#website"},"primaryImageOfPage":{"@id":"https:\/\/www.coolturalia.com\/fr\/event\/nuit-des-bains-5\/#primaryimage"},"image":{"@id":"https:\/\/www.coolturalia.com\/fr\/event\/nuit-des-bains-5\/#primaryimage"},"thumbnailUrl":"https:\/\/www.coolturalia.com\/wp-content\/uploads\/2026\/06\/Nuit-des-Bains.webp","datePublished":"2026-06-18T06:16:48+00:00","dateModified":"2026-09-03T11:31:40+00:00","breadcrumb":{"@id":"https:\/\/www.coolturalia.com\/fr\/event\/nuit-des-bains-5\/#breadcrumb"},"inLanguage":"fr-FR","potentialAction":[{"@type":"ReadAction","target":["https:\/\/www.coolturalia.com\/fr\/event\/nuit-des-bains-5\/"]}]},{"@type":"ImageObject","inLanguage":"fr-FR","@id":"https:\/\/www.coolturalia.com\/fr\/event\/nuit-des-bains-5\/#primaryimage","url":"https:\/\/www.coolturalia.com\/wp-content\/uploads\/2026\/06\/Nuit-des-Bains.webp","contentUrl":"https:\/\/www.coolturalia.com\/wp-content\/uploads\/2026\/06\/Nuit-des-Bains.webp","width":1638,"height":2048,"caption":"undefined"},{"@type":"BreadcrumbList","@id":"https:\/\/www.coolturalia.com\/fr\/event\/nuit-des-bains-5\/#breadcrumb","itemListElement":[{"@type":"ListItem","position":1,"name":"Home","item":"https:\/\/www.coolturalia.com\/fr\/"},{"@type":"ListItem","position":2,"name":"Events","item":"https:\/\/www.coolturalia.com\/fr\/events\/"},{"@type":"ListItem","position":3,"name":"Nuit des Bains"}]},{"@type":"WebSite","@id":"https:\/\/www.coolturalia.com\/fr\/#website","url":"https:\/\/www.coolturalia.com\/fr\/","name":"Coolturalia","description":"","publisher":{"@id":"https:\/\/www.coolturalia.com\/fr\/#organization"},"potentialAction":[{"@type":"SearchAction","target":{"@type":"EntryPoint","urlTemplate":"https:\/\/www.coolturalia.com\/fr\/?s={search_term_string}"},"query-input":{"@type":"PropertyValueSpecification","valueRequired":true,"valueName":"search_term_string"}}],"inLanguage":"fr-FR"},{"@type":"Organization","@id":"https:\/\/www.coolturalia.com\/fr\/#organization","name":"Coolturalia","url":"https:\/\/www.coolturalia.com\/fr\/","logo":{"@type":"ImageObject","inLanguage":"fr-FR","@id":"https:\/\/www.coolturalia.com\/fr\/#\/schema\/logo\/image\/","url":"https:\/\/www.coolturalia.com\/wp-content\/uploads\/2024\/04\/Logo-coolturalia.svg","contentUrl":"https:\/\/www.coolturalia.com\/wp-content\/uploads\/2024\/04\/Logo-coolturalia.svg","width":1312,"height":193,"caption":"Coolturalia"},"image":{"@id":"https:\/\/www.coolturalia.com\/fr\/#\/schema\/logo\/image\/"},"sameAs":["https:\/\/www.instagram.com\/coolturalia_geneva\/"]}]}},"translations":{"translations":{"en":"193884","fr":"193885"},"language":{"code":"fr"},"date":{"dateRange":"Jeudi 12 novembre, 18:00"}},"language":{"code":"fr"},"_links":{"self":[{"href":"https:\/\/www.coolturalia.com\/fr\/wp-json\/wp\/v2\/event\/193885","targetHints":{"allow":["GET"]}}],"collection":[{"href":"https:\/\/www.coolturalia.com\/fr\/wp-json\/wp\/v2\/event"}],"about":[{"href":"https:\/\/www.coolturalia.com\/fr\/wp-json\/wp\/v2\/types\/event"}],"version-history":[{"count":2,"href":"https:\/\/www.coolturalia.com\/fr\/wp-json\/wp\/v2\/event\/193885\/revisions"}],"predecessor-version":[{"id":198748,"href":"https:\/\/www.coolturalia.com\/fr\/wp-json\/wp\/v2\/event\/193885\/revisions\/198748"}],"wp:featuredmedia":[{"embeddable":true,"href":"https:\/\/www.coolturalia.com\/fr\/wp-json\/wp\/v2\/media\/193883"}],"wp:attachment":[{"href":"https:\/\/www.coolturalia.com\/fr\/wp-json\/wp\/v2\/media?parent=193885"}],"wp:term":[{"taxonomy":"post_tag","embeddable":true,"href":"https:\/\/www.coolturalia.com\/fr\/wp-json\/wp\/v2\/tags?post=193885"},{"taxonomy":"event-category","embeddable":true,"href":"https:\/\/www.coolturalia.com\/fr\/wp-json\/wp\/v2\/event-category?post=193885"},{"taxonomy":"event-venue","embeddable":true,"href":"https:\/\/www.coolturalia.com\/fr\/wp-json\/wp\/v2\/event-venue?post=193885"}],"curies":[{"name":"wp","href":"https:\/\/api.w.org\/{rel}","templated":true}]}}