{"id":193459,"date":"2026-06-12T16:41:47","date_gmt":"2026-06-12T14:41:47","guid":{"rendered":"https:\/\/www.coolturalia.com\/event\/festival-de-la-batie-other-speaking-cave-2\/"},"modified":"2026-06-12T16:41:47","modified_gmt":"2026-06-12T14:41:47","slug":"festival-de-la-batie-other-speaking-cave-2","status":"publish","type":"event","link":"https:\/\/www.coolturalia.com\/fr\/event\/festival-de-la-batie-other-speaking-cave-2\/","title":{"rendered":"Festival de la B\u00e2tie &#8211; Other Speaking Cave"},"content":{"rendered":"<p>Vocaliste Nina Baietta et artiste \u00e9lectronique Ser\u00f8ja Leonov forment Other Speaking Cave, une performance hybride qui m\u00eale voix organique et mirages \u00e9lectroniques. Entre vocalises primitives et textures sonores industrielles, la pi\u00e8ce propose une arch\u00e9ologie du futur o\u00f9 le vivant et la machine se r\u00e9pondent. Dans une obscurit\u00e9 caverneuse travers\u00e9e de n\u00e9ons, la lumi\u00e8re pulse et dialogue avec le chant et les corps. Cr\u00e9ation pour le Festival de la B\u00e2tie 2026, en coproduction avec un partenaire genevois.<\/p>\n","protected":false},"excerpt":{"rendered":"<p>Vocaliste Nina Baietta et artiste \u00e9lectronique Ser\u00f8ja Leonov forment Other Speaking Cave, une performance hybride qui m\u00eale voix organique et mirages \u00e9lectroniques. Entre vocalises primitives et textures sonores industrielles, la pi\u00e8ce propose une arch\u00e9ologie du futur o\u00f9 le vivant et la machine se r\u00e9pondent. Dans une obscurit\u00e9 caverneuse travers\u00e9e de n\u00e9ons, la lumi\u00e8re pulse et [&hellip;]<\/p>\n","protected":false},"featured_media":193457,"parent":0,"menu_order":0,"template":"","format":"standard","meta":{"_acf_changed":false,"footnotes":""},"tags":[],"event-category":[444],"event-venue":[1299],"class_list":["post-193459","event","type-event","status-publish","format-standard","has-post-thumbnail","hentry","event-category-spectacles","event-venue-labri-fr"],"acf":{"price":"Sur r\u00e9servation","date":"1 - 4 septembre","start_date":"2026-09-01 19:00:00","end_date":"2026-09-04 19:45:00","website_link":"https:\/\/www.batie.ch\/fr\/programme\/seroja-leonov-nina-baietta-other-speaking-cave","link_buy_tickets":"","highlighted":false,"photo_credit":"","timings":[{"timing_start_date":"2026-09-01 19:00:00","timing_end_date":"2026-09-01 19:45:00"},{"timing_start_date":"2026-09-02 22:00:00","timing_end_date":"2026-09-02 22:45:00"},{"timing_start_date":"2026-09-03 22:00:00","timing_end_date":"2026-09-03 22:45:00"},{"timing_start_date":"2026-09-04 19:00:00","timing_end_date":"2026-09-04 19:45:00"}],"external_id":""},"yoast_head":"<!-- This site is optimized with the Yoast SEO plugin v28.3 - https:\/\/yoast.com\/product\/yoast-seo-wordpress\/ -->\n<title>Festival de la B\u00e2tie - Other Speaking Cave - Coolturalia<\/title>\n<meta name=\"robots\" content=\"index, follow, max-snippet:-1, max-image-preview:large, max-video-preview:-1\" \/>\n<link rel=\"canonical\" href=\"https:\/\/www.coolturalia.com\/fr\/event\/festival-de-la-batie-other-speaking-cave-2\/\" \/>\n<meta property=\"og:locale\" content=\"fr_FR\" \/>\n<meta property=\"og:type\" content=\"article\" \/>\n<meta property=\"og:title\" content=\"Festival de la B\u00e2tie - Other Speaking Cave - Coolturalia\" \/>\n<meta property=\"og:description\" content=\"Vocaliste Nina Baietta et artiste \u00e9lectronique Ser\u00f8ja Leonov forment Other Speaking Cave, une performance hybride qui m\u00eale voix organique et mirages \u00e9lectroniques. Entre vocalises primitives et textures sonores industrielles, la pi\u00e8ce propose une arch\u00e9ologie du futur o\u00f9 le vivant et la machine se r\u00e9pondent. Dans une obscurit\u00e9 caverneuse travers\u00e9e de n\u00e9ons, la lumi\u00e8re pulse et [&hellip;]\" \/>\n<meta property=\"og:url\" content=\"https:\/\/www.coolturalia.com\/fr\/event\/festival-de-la-batie-other-speaking-cave-2\/\" \/>\n<meta property=\"og:site_name\" content=\"Coolturalia\" \/>\n<meta property=\"og:image\" content=\"https:\/\/www.coolturalia.com\/wp-content\/uploads\/2024\/04\/favicon-coolturalia-2.png\" \/>\n\t<meta property=\"og:image:width\" content=\"150\" \/>\n\t<meta property=\"og:image:height\" content=\"150\" \/>\n\t<meta property=\"og:image:type\" content=\"image\/png\" \/>\n<meta name=\"twitter:card\" content=\"summary_large_image\" \/>\n<script type=\"application\/ld+json\" class=\"yoast-schema-graph\">{\"@context\":\"https:\\\/\\\/schema.org\",\"@graph\":[{\"@type\":\"WebPage\",\"@id\":\"https:\\\/\\\/www.coolturalia.com\\\/fr\\\/event\\\/festival-de-la-batie-other-speaking-cave-2\\\/\",\"url\":\"https:\\\/\\\/www.coolturalia.com\\\/fr\\\/event\\\/festival-de-la-batie-other-speaking-cave-2\\\/\",\"name\":\"Festival de la B\u00e2tie - Other Speaking Cave - Coolturalia\",\"isPartOf\":{\"@id\":\"https:\\\/\\\/www.coolturalia.com\\\/fr\\\/#website\"},\"primaryImageOfPage\":{\"@id\":\"https:\\\/\\\/www.coolturalia.com\\\/fr\\\/event\\\/festival-de-la-batie-other-speaking-cave-2\\\/#primaryimage\"},\"image\":{\"@id\":\"https:\\\/\\\/www.coolturalia.com\\\/fr\\\/event\\\/festival-de-la-batie-other-speaking-cave-2\\\/#primaryimage\"},\"thumbnailUrl\":\"https:\\\/\\\/www.coolturalia.com\\\/wp-content\\\/uploads\\\/2026\\\/06\\\/Festival-de-la-Batie-Other-Speaking-Cave.webp\",\"datePublished\":\"2026-06-12T14:41:47+00:00\",\"breadcrumb\":{\"@id\":\"https:\\\/\\\/www.coolturalia.com\\\/fr\\\/event\\\/festival-de-la-batie-other-speaking-cave-2\\\/#breadcrumb\"},\"inLanguage\":\"fr-FR\",\"potentialAction\":[{\"@type\":\"ReadAction\",\"target\":[\"https:\\\/\\\/www.coolturalia.com\\\/fr\\\/event\\\/festival-de-la-batie-other-speaking-cave-2\\\/\"]}]},{\"@type\":\"ImageObject\",\"inLanguage\":\"fr-FR\",\"@id\":\"https:\\\/\\\/www.coolturalia.com\\\/fr\\\/event\\\/festival-de-la-batie-other-speaking-cave-2\\\/#primaryimage\",\"url\":\"https:\\\/\\\/www.coolturalia.com\\\/wp-content\\\/uploads\\\/2026\\\/06\\\/Festival-de-la-Batie-Other-Speaking-Cave.webp\",\"contentUrl\":\"https:\\\/\\\/www.coolturalia.com\\\/wp-content\\\/uploads\\\/2026\\\/06\\\/Festival-de-la-Batie-Other-Speaking-Cave.webp\",\"width\":570,\"height\":320,\"caption\":\"undefined\"},{\"@type\":\"BreadcrumbList\",\"@id\":\"https:\\\/\\\/www.coolturalia.com\\\/fr\\\/event\\\/festival-de-la-batie-other-speaking-cave-2\\\/#breadcrumb\",\"itemListElement\":[{\"@type\":\"ListItem\",\"position\":1,\"name\":\"Home\",\"item\":\"https:\\\/\\\/www.coolturalia.com\\\/fr\\\/\"},{\"@type\":\"ListItem\",\"position\":2,\"name\":\"Events\",\"item\":\"https:\\\/\\\/www.coolturalia.com\\\/fr\\\/events\\\/\"},{\"@type\":\"ListItem\",\"position\":3,\"name\":\"Festival de la B\u00e2tie &#8211; Other Speaking Cave\"}]},{\"@type\":\"WebSite\",\"@id\":\"https:\\\/\\\/www.coolturalia.com\\\/fr\\\/#website\",\"url\":\"https:\\\/\\\/www.coolturalia.com\\\/fr\\\/\",\"name\":\"Coolturalia\",\"description\":\"\",\"publisher\":{\"@id\":\"https:\\\/\\\/www.coolturalia.com\\\/fr\\\/#organization\"},\"potentialAction\":[{\"@type\":\"SearchAction\",\"target\":{\"@type\":\"EntryPoint\",\"urlTemplate\":\"https:\\\/\\\/www.coolturalia.com\\\/fr\\\/?s={search_term_string}\"},\"query-input\":{\"@type\":\"PropertyValueSpecification\",\"valueRequired\":true,\"valueName\":\"search_term_string\"}}],\"inLanguage\":\"fr-FR\"},{\"@type\":\"Organization\",\"@id\":\"https:\\\/\\\/www.coolturalia.com\\\/fr\\\/#organization\",\"name\":\"Coolturalia\",\"url\":\"https:\\\/\\\/www.coolturalia.com\\\/fr\\\/\",\"logo\":{\"@type\":\"ImageObject\",\"inLanguage\":\"fr-FR\",\"@id\":\"https:\\\/\\\/www.coolturalia.com\\\/fr\\\/#\\\/schema\\\/logo\\\/image\\\/\",\"url\":\"https:\\\/\\\/www.coolturalia.com\\\/wp-content\\\/uploads\\\/2024\\\/04\\\/Logo-coolturalia.svg\",\"contentUrl\":\"https:\\\/\\\/www.coolturalia.com\\\/wp-content\\\/uploads\\\/2024\\\/04\\\/Logo-coolturalia.svg\",\"width\":1312,\"height\":193,\"caption\":\"Coolturalia\"},\"image\":{\"@id\":\"https:\\\/\\\/www.coolturalia.com\\\/fr\\\/#\\\/schema\\\/logo\\\/image\\\/\"},\"sameAs\":[\"https:\\\/\\\/www.instagram.com\\\/coolturalia_geneva\\\/\"]}]}<\/script>\n<!-- \/ Yoast SEO plugin. -->","yoast_head_json":{"title":"Festival de la B\u00e2tie - Other Speaking Cave - Coolturalia","robots":{"index":"index","follow":"follow","max-snippet":"max-snippet:-1","max-image-preview":"max-image-preview:large","max-video-preview":"max-video-preview:-1"},"canonical":"https:\/\/www.coolturalia.com\/fr\/event\/festival-de-la-batie-other-speaking-cave-2\/","og_locale":"fr_FR","og_type":"article","og_title":"Festival de la B\u00e2tie - Other Speaking Cave - Coolturalia","og_description":"Vocaliste Nina Baietta et artiste \u00e9lectronique Ser\u00f8ja Leonov forment Other Speaking Cave, une performance hybride qui m\u00eale voix organique et mirages \u00e9lectroniques. Entre vocalises primitives et textures sonores industrielles, la pi\u00e8ce propose une arch\u00e9ologie du futur o\u00f9 le vivant et la machine se r\u00e9pondent. Dans une obscurit\u00e9 caverneuse travers\u00e9e de n\u00e9ons, la lumi\u00e8re pulse et [&hellip;]","og_url":"https:\/\/www.coolturalia.com\/fr\/event\/festival-de-la-batie-other-speaking-cave-2\/","og_site_name":"Coolturalia","og_image":[{"width":150,"height":150,"url":"https:\/\/www.coolturalia.com\/wp-content\/uploads\/2024\/04\/favicon-coolturalia-2.png","type":"image\/png"}],"twitter_card":"summary_large_image","schema":{"@context":"https:\/\/schema.org","@graph":[{"@type":"WebPage","@id":"https:\/\/www.coolturalia.com\/fr\/event\/festival-de-la-batie-other-speaking-cave-2\/","url":"https:\/\/www.coolturalia.com\/fr\/event\/festival-de-la-batie-other-speaking-cave-2\/","name":"Festival de la B\u00e2tie - Other Speaking Cave - Coolturalia","isPartOf":{"@id":"https:\/\/www.coolturalia.com\/fr\/#website"},"primaryImageOfPage":{"@id":"https:\/\/www.coolturalia.com\/fr\/event\/festival-de-la-batie-other-speaking-cave-2\/#primaryimage"},"image":{"@id":"https:\/\/www.coolturalia.com\/fr\/event\/festival-de-la-batie-other-speaking-cave-2\/#primaryimage"},"thumbnailUrl":"https:\/\/www.coolturalia.com\/wp-content\/uploads\/2026\/06\/Festival-de-la-Batie-Other-Speaking-Cave.webp","datePublished":"2026-06-12T14:41:47+00:00","breadcrumb":{"@id":"https:\/\/www.coolturalia.com\/fr\/event\/festival-de-la-batie-other-speaking-cave-2\/#breadcrumb"},"inLanguage":"fr-FR","potentialAction":[{"@type":"ReadAction","target":["https:\/\/www.coolturalia.com\/fr\/event\/festival-de-la-batie-other-speaking-cave-2\/"]}]},{"@type":"ImageObject","inLanguage":"fr-FR","@id":"https:\/\/www.coolturalia.com\/fr\/event\/festival-de-la-batie-other-speaking-cave-2\/#primaryimage","url":"https:\/\/www.coolturalia.com\/wp-content\/uploads\/2026\/06\/Festival-de-la-Batie-Other-Speaking-Cave.webp","contentUrl":"https:\/\/www.coolturalia.com\/wp-content\/uploads\/2026\/06\/Festival-de-la-Batie-Other-Speaking-Cave.webp","width":570,"height":320,"caption":"undefined"},{"@type":"BreadcrumbList","@id":"https:\/\/www.coolturalia.com\/fr\/event\/festival-de-la-batie-other-speaking-cave-2\/#breadcrumb","itemListElement":[{"@type":"ListItem","position":1,"name":"Home","item":"https:\/\/www.coolturalia.com\/fr\/"},{"@type":"ListItem","position":2,"name":"Events","item":"https:\/\/www.coolturalia.com\/fr\/events\/"},{"@type":"ListItem","position":3,"name":"Festival de la B\u00e2tie &#8211; Other Speaking Cave"}]},{"@type":"WebSite","@id":"https:\/\/www.coolturalia.com\/fr\/#website","url":"https:\/\/www.coolturalia.com\/fr\/","name":"Coolturalia","description":"","publisher":{"@id":"https:\/\/www.coolturalia.com\/fr\/#organization"},"potentialAction":[{"@type":"SearchAction","target":{"@type":"EntryPoint","urlTemplate":"https:\/\/www.coolturalia.com\/fr\/?s={search_term_string}"},"query-input":{"@type":"PropertyValueSpecification","valueRequired":true,"valueName":"search_term_string"}}],"inLanguage":"fr-FR"},{"@type":"Organization","@id":"https:\/\/www.coolturalia.com\/fr\/#organization","name":"Coolturalia","url":"https:\/\/www.coolturalia.com\/fr\/","logo":{"@type":"ImageObject","inLanguage":"fr-FR","@id":"https:\/\/www.coolturalia.com\/fr\/#\/schema\/logo\/image\/","url":"https:\/\/www.coolturalia.com\/wp-content\/uploads\/2024\/04\/Logo-coolturalia.svg","contentUrl":"https:\/\/www.coolturalia.com\/wp-content\/uploads\/2024\/04\/Logo-coolturalia.svg","width":1312,"height":193,"caption":"Coolturalia"},"image":{"@id":"https:\/\/www.coolturalia.com\/fr\/#\/schema\/logo\/image\/"},"sameAs":["https:\/\/www.instagram.com\/coolturalia_geneva\/"]}]}},"translations":{"translations":{"en":"193458","fr":"193459"},"language":{"code":"fr"},"date":{"dateRange":"1 - 4 septembre"}},"language":{"code":"fr"},"_links":{"self":[{"href":"https:\/\/www.coolturalia.com\/fr\/wp-json\/wp\/v2\/event\/193459","targetHints":{"allow":["GET"]}}],"collection":[{"href":"https:\/\/www.coolturalia.com\/fr\/wp-json\/wp\/v2\/event"}],"about":[{"href":"https:\/\/www.coolturalia.com\/fr\/wp-json\/wp\/v2\/types\/event"}],"version-history":[{"count":0,"href":"https:\/\/www.coolturalia.com\/fr\/wp-json\/wp\/v2\/event\/193459\/revisions"}],"wp:featuredmedia":[{"embeddable":true,"href":"https:\/\/www.coolturalia.com\/fr\/wp-json\/wp\/v2\/media\/193457"}],"wp:attachment":[{"href":"https:\/\/www.coolturalia.com\/fr\/wp-json\/wp\/v2\/media?parent=193459"}],"wp:term":[{"taxonomy":"post_tag","embeddable":true,"href":"https:\/\/www.coolturalia.com\/fr\/wp-json\/wp\/v2\/tags?post=193459"},{"taxonomy":"event-category","embeddable":true,"href":"https:\/\/www.coolturalia.com\/fr\/wp-json\/wp\/v2\/event-category?post=193459"},{"taxonomy":"event-venue","embeddable":true,"href":"https:\/\/www.coolturalia.com\/fr\/wp-json\/wp\/v2\/event-venue?post=193459"}],"curies":[{"name":"wp","href":"https:\/\/api.w.org\/{rel}","templated":true}]}}