{"id":193384,"date":"2026-06-12T16:36:54","date_gmt":"2026-06-12T14:36:54","guid":{"rendered":"https:\/\/www.coolturalia.com\/event\/festival-de-la-batie-orchestre-tout-puissant-marcel-duchamp-2\/"},"modified":"2026-08-21T07:50:35","modified_gmt":"2026-08-21T05:50:35","slug":"festival-de-la-batie-orchestre-tout-puissant-marcel-duchamp-2","status":"publish","type":"event","link":"https:\/\/www.coolturalia.com\/fr\/event\/festival-de-la-batie-orchestre-tout-puissant-marcel-duchamp-2\/","title":{"rendered":"Festival de la B\u00e2tie &#8211; Orchestre Tout Puissant Marcel Duchamp"},"content":{"rendered":"<p>L&rsquo;Orchestre Tout Puissant Marcel Duchamp propose une odyss\u00e9e musicale nomade o\u00f9 se m\u00ealent ferveur rythmique, exp\u00e9rimentations sonores et esprit de libert\u00e9. Depuis pr\u00e8s de vingt ans, la formation genevoise fa\u00e7onne un langage singulier : voix multiples, textures entrem\u00eal\u00e9es et chansons qui affrontent le pr\u00e9sent sans c\u00e9der au d\u00e9couragement. Port\u00e9s par une constellation impressionnante de cuivres, cordes, percussions, marimbas et guitares, plus de quinze musicien\u00b7nes cr\u00e9ent une musique g\u00e9n\u00e9reuse, mouvante et intens\u00e9ment vivante.<\/p>\n<ul data-start=\"8\" data-end=\"146\">\n<li data-section-id=\"5rm4m8\" data-start=\"8\" data-end=\"56\">Vendredi 4 septembre, 22h00 : La Parfumerie<\/li>\n<li data-section-id=\"1h67d38\" data-start=\"57\" data-end=\"104\">Samedi 5 septembre, 22h00 :\u00a0 Sc\u00e8ne Caecilia<\/li>\n<li data-section-id=\"11g3l95\" data-start=\"105\" data-end=\"146\">Dimanche 6 septembre, 22h00 : cave12<\/li>\n<\/ul>\n<p data-start=\"148\" data-end=\"191\">Autres repr\u00e9sentations en acc\u00e8s libre :<\/p>\n<ul data-start=\"192\" data-end=\"431\">\n<li data-section-id=\"f88sbx\" data-start=\"192\" data-end=\"248\">Vendredi 4 septembre, 18h00 : Parc du Ch\u00e2teau Voltaire<\/li>\n<li data-section-id=\"1su2r42\" data-start=\"249\" data-end=\"331\">Samedi 5 septembre, 15h00 : Parc Battelle \u2013 Maison de Quartier des Grands-Hutins<\/li>\n<li data-section-id=\"19782jm\" data-start=\"332\" data-end=\"381\">Samedi 5 septembre, 18h00 : Esplanade du Lignon<\/li>\n<li data-section-id=\"1w9qcoi\" data-start=\"382\" data-end=\"431\">Dimanche 6 septembre, 13h00 :\u00a0 Promenade Rivoire<\/li>\n<\/ul>\n","protected":false},"excerpt":{"rendered":"<p>L&rsquo;Orchestre Tout Puissant Marcel Duchamp propose une odyss\u00e9e musicale nomade o\u00f9 se m\u00ealent ferveur rythmique, exp\u00e9rimentations sonores et esprit de libert\u00e9. Depuis pr\u00e8s de vingt ans, la formation genevoise fa\u00e7onne un langage singulier : voix multiples, textures entrem\u00eal\u00e9es et chansons qui affrontent le pr\u00e9sent sans c\u00e9der au d\u00e9couragement. Port\u00e9s par une constellation impressionnante de cuivres, [&hellip;]<\/p>\n","protected":false},"featured_media":193382,"parent":0,"menu_order":0,"template":"","format":"standard","meta":{"_acf_changed":false,"footnotes":""},"tags":[1014],"event-category":[444],"event-venue":[981],"class_list":["post-193384","event","type-event","status-publish","format-standard","has-post-thumbnail","hentry","tag-portrait-image-fr","event-category-spectacles","event-venue-plusieurs-lieux"],"acf":{"price":"Sur r\u00e9servation","date":"4 - 6 septembre","start_date":"2026-09-04 22:00:00","end_date":"2026-09-06 22:00:00","website_link":"https:\/\/www.batie.ch\/fr\/programme\/orchestre-tout-puissant-marcel-duchamp","link_buy_tickets":"","highlighted":false,"photo_credit":"","timings":[{"timing_start_date":"2026-09-04 18:00:00","timing_end_date":"2026-09-04 23:59:00"},{"timing_start_date":"2026-09-05 15:00:00","timing_end_date":"2026-09-05 23:59:00"},{"timing_start_date":"2026-09-06 13:00:00","timing_end_date":"2026-09-06 23:59:00"}],"external_id":""},"yoast_head":"<!-- This site is optimized with the Yoast SEO plugin v28.3 - https:\/\/yoast.com\/product\/yoast-seo-wordpress\/ -->\n<title>Festival de la B\u00e2tie - Orchestre Tout Puissant Marcel Duchamp - Coolturalia<\/title>\n<meta name=\"robots\" content=\"index, follow, max-snippet:-1, max-image-preview:large, max-video-preview:-1\" \/>\n<link rel=\"canonical\" href=\"https:\/\/www.coolturalia.com\/fr\/event\/festival-de-la-batie-orchestre-tout-puissant-marcel-duchamp-2\/\" \/>\n<meta property=\"og:locale\" content=\"fr_FR\" \/>\n<meta property=\"og:type\" content=\"article\" \/>\n<meta property=\"og:title\" content=\"Festival de la B\u00e2tie - Orchestre Tout Puissant Marcel Duchamp - Coolturalia\" \/>\n<meta property=\"og:description\" content=\"L&rsquo;Orchestre Tout Puissant Marcel Duchamp propose une odyss\u00e9e musicale nomade o\u00f9 se m\u00ealent ferveur rythmique, exp\u00e9rimentations sonores et esprit de libert\u00e9. Depuis pr\u00e8s de vingt ans, la formation genevoise fa\u00e7onne un langage singulier : voix multiples, textures entrem\u00eal\u00e9es et chansons qui affrontent le pr\u00e9sent sans c\u00e9der au d\u00e9couragement. Port\u00e9s par une constellation impressionnante de cuivres, [&hellip;]\" \/>\n<meta property=\"og:url\" content=\"https:\/\/www.coolturalia.com\/fr\/event\/festival-de-la-batie-orchestre-tout-puissant-marcel-duchamp-2\/\" \/>\n<meta property=\"og:site_name\" content=\"Coolturalia\" \/>\n<meta property=\"article:modified_time\" content=\"2026-08-21T05:50:35+00:00\" \/>\n<meta property=\"og:image\" content=\"https:\/\/www.coolturalia.com\/wp-content\/uploads\/2026\/06\/Festival-de-la-Batie-Orchestre-Tout-Puissant-Marcel-Duchamp.webp\" \/>\n\t<meta property=\"og:image:width\" content=\"570\" \/>\n\t<meta property=\"og:image:height\" content=\"712\" \/>\n\t<meta property=\"og:image:type\" content=\"image\/webp\" \/>\n<meta name=\"twitter:card\" content=\"summary_large_image\" \/>\n<meta name=\"twitter:label1\" content=\"Dur\u00e9e de lecture estim\u00e9e\" \/>\n\t<meta name=\"twitter:data1\" content=\"1 minute\" \/>\n<script type=\"application\/ld+json\" class=\"yoast-schema-graph\">{\"@context\":\"https:\\\/\\\/schema.org\",\"@graph\":[{\"@type\":\"WebPage\",\"@id\":\"https:\\\/\\\/www.coolturalia.com\\\/fr\\\/event\\\/festival-de-la-batie-orchestre-tout-puissant-marcel-duchamp-2\\\/\",\"url\":\"https:\\\/\\\/www.coolturalia.com\\\/fr\\\/event\\\/festival-de-la-batie-orchestre-tout-puissant-marcel-duchamp-2\\\/\",\"name\":\"Festival de la B\u00e2tie - Orchestre Tout Puissant Marcel Duchamp - Coolturalia\",\"isPartOf\":{\"@id\":\"https:\\\/\\\/www.coolturalia.com\\\/fr\\\/#website\"},\"primaryImageOfPage\":{\"@id\":\"https:\\\/\\\/www.coolturalia.com\\\/fr\\\/event\\\/festival-de-la-batie-orchestre-tout-puissant-marcel-duchamp-2\\\/#primaryimage\"},\"image\":{\"@id\":\"https:\\\/\\\/www.coolturalia.com\\\/fr\\\/event\\\/festival-de-la-batie-orchestre-tout-puissant-marcel-duchamp-2\\\/#primaryimage\"},\"thumbnailUrl\":\"https:\\\/\\\/www.coolturalia.com\\\/wp-content\\\/uploads\\\/2026\\\/06\\\/Festival-de-la-Batie-Orchestre-Tout-Puissant-Marcel-Duchamp.webp\",\"datePublished\":\"2026-06-12T14:36:54+00:00\",\"dateModified\":\"2026-08-21T05:50:35+00:00\",\"breadcrumb\":{\"@id\":\"https:\\\/\\\/www.coolturalia.com\\\/fr\\\/event\\\/festival-de-la-batie-orchestre-tout-puissant-marcel-duchamp-2\\\/#breadcrumb\"},\"inLanguage\":\"fr-FR\",\"potentialAction\":[{\"@type\":\"ReadAction\",\"target\":[\"https:\\\/\\\/www.coolturalia.com\\\/fr\\\/event\\\/festival-de-la-batie-orchestre-tout-puissant-marcel-duchamp-2\\\/\"]}]},{\"@type\":\"ImageObject\",\"inLanguage\":\"fr-FR\",\"@id\":\"https:\\\/\\\/www.coolturalia.com\\\/fr\\\/event\\\/festival-de-la-batie-orchestre-tout-puissant-marcel-duchamp-2\\\/#primaryimage\",\"url\":\"https:\\\/\\\/www.coolturalia.com\\\/wp-content\\\/uploads\\\/2026\\\/06\\\/Festival-de-la-Batie-Orchestre-Tout-Puissant-Marcel-Duchamp.webp\",\"contentUrl\":\"https:\\\/\\\/www.coolturalia.com\\\/wp-content\\\/uploads\\\/2026\\\/06\\\/Festival-de-la-Batie-Orchestre-Tout-Puissant-Marcel-Duchamp.webp\",\"width\":570,\"height\":712,\"caption\":\"undefined\"},{\"@type\":\"BreadcrumbList\",\"@id\":\"https:\\\/\\\/www.coolturalia.com\\\/fr\\\/event\\\/festival-de-la-batie-orchestre-tout-puissant-marcel-duchamp-2\\\/#breadcrumb\",\"itemListElement\":[{\"@type\":\"ListItem\",\"position\":1,\"name\":\"Home\",\"item\":\"https:\\\/\\\/www.coolturalia.com\\\/fr\\\/\"},{\"@type\":\"ListItem\",\"position\":2,\"name\":\"Events\",\"item\":\"https:\\\/\\\/www.coolturalia.com\\\/fr\\\/events\\\/\"},{\"@type\":\"ListItem\",\"position\":3,\"name\":\"Festival de la B\u00e2tie &#8211; Orchestre Tout Puissant Marcel Duchamp\"}]},{\"@type\":\"WebSite\",\"@id\":\"https:\\\/\\\/www.coolturalia.com\\\/fr\\\/#website\",\"url\":\"https:\\\/\\\/www.coolturalia.com\\\/fr\\\/\",\"name\":\"Coolturalia\",\"description\":\"\",\"publisher\":{\"@id\":\"https:\\\/\\\/www.coolturalia.com\\\/fr\\\/#organization\"},\"potentialAction\":[{\"@type\":\"SearchAction\",\"target\":{\"@type\":\"EntryPoint\",\"urlTemplate\":\"https:\\\/\\\/www.coolturalia.com\\\/fr\\\/?s={search_term_string}\"},\"query-input\":{\"@type\":\"PropertyValueSpecification\",\"valueRequired\":true,\"valueName\":\"search_term_string\"}}],\"inLanguage\":\"fr-FR\"},{\"@type\":\"Organization\",\"@id\":\"https:\\\/\\\/www.coolturalia.com\\\/fr\\\/#organization\",\"name\":\"Coolturalia\",\"url\":\"https:\\\/\\\/www.coolturalia.com\\\/fr\\\/\",\"logo\":{\"@type\":\"ImageObject\",\"inLanguage\":\"fr-FR\",\"@id\":\"https:\\\/\\\/www.coolturalia.com\\\/fr\\\/#\\\/schema\\\/logo\\\/image\\\/\",\"url\":\"https:\\\/\\\/www.coolturalia.com\\\/wp-content\\\/uploads\\\/2024\\\/04\\\/Logo-coolturalia.svg\",\"contentUrl\":\"https:\\\/\\\/www.coolturalia.com\\\/wp-content\\\/uploads\\\/2024\\\/04\\\/Logo-coolturalia.svg\",\"width\":1312,\"height\":193,\"caption\":\"Coolturalia\"},\"image\":{\"@id\":\"https:\\\/\\\/www.coolturalia.com\\\/fr\\\/#\\\/schema\\\/logo\\\/image\\\/\"},\"sameAs\":[\"https:\\\/\\\/www.instagram.com\\\/coolturalia_geneva\\\/\"]}]}<\/script>\n<!-- \/ Yoast SEO plugin. -->","yoast_head_json":{"title":"Festival de la B\u00e2tie - Orchestre Tout Puissant Marcel Duchamp - Coolturalia","robots":{"index":"index","follow":"follow","max-snippet":"max-snippet:-1","max-image-preview":"max-image-preview:large","max-video-preview":"max-video-preview:-1"},"canonical":"https:\/\/www.coolturalia.com\/fr\/event\/festival-de-la-batie-orchestre-tout-puissant-marcel-duchamp-2\/","og_locale":"fr_FR","og_type":"article","og_title":"Festival de la B\u00e2tie - Orchestre Tout Puissant Marcel Duchamp - Coolturalia","og_description":"L&rsquo;Orchestre Tout Puissant Marcel Duchamp propose une odyss\u00e9e musicale nomade o\u00f9 se m\u00ealent ferveur rythmique, exp\u00e9rimentations sonores et esprit de libert\u00e9. Depuis pr\u00e8s de vingt ans, la formation genevoise fa\u00e7onne un langage singulier : voix multiples, textures entrem\u00eal\u00e9es et chansons qui affrontent le pr\u00e9sent sans c\u00e9der au d\u00e9couragement. Port\u00e9s par une constellation impressionnante de cuivres, [&hellip;]","og_url":"https:\/\/www.coolturalia.com\/fr\/event\/festival-de-la-batie-orchestre-tout-puissant-marcel-duchamp-2\/","og_site_name":"Coolturalia","article_modified_time":"2026-08-21T05:50:35+00:00","og_image":[{"width":570,"height":712,"url":"https:\/\/www.coolturalia.com\/wp-content\/uploads\/2026\/06\/Festival-de-la-Batie-Orchestre-Tout-Puissant-Marcel-Duchamp.webp","type":"image\/webp"}],"twitter_card":"summary_large_image","twitter_misc":{"Dur\u00e9e de lecture estim\u00e9e":"1 minute"},"schema":{"@context":"https:\/\/schema.org","@graph":[{"@type":"WebPage","@id":"https:\/\/www.coolturalia.com\/fr\/event\/festival-de-la-batie-orchestre-tout-puissant-marcel-duchamp-2\/","url":"https:\/\/www.coolturalia.com\/fr\/event\/festival-de-la-batie-orchestre-tout-puissant-marcel-duchamp-2\/","name":"Festival de la B\u00e2tie - Orchestre Tout Puissant Marcel Duchamp - Coolturalia","isPartOf":{"@id":"https:\/\/www.coolturalia.com\/fr\/#website"},"primaryImageOfPage":{"@id":"https:\/\/www.coolturalia.com\/fr\/event\/festival-de-la-batie-orchestre-tout-puissant-marcel-duchamp-2\/#primaryimage"},"image":{"@id":"https:\/\/www.coolturalia.com\/fr\/event\/festival-de-la-batie-orchestre-tout-puissant-marcel-duchamp-2\/#primaryimage"},"thumbnailUrl":"https:\/\/www.coolturalia.com\/wp-content\/uploads\/2026\/06\/Festival-de-la-Batie-Orchestre-Tout-Puissant-Marcel-Duchamp.webp","datePublished":"2026-06-12T14:36:54+00:00","dateModified":"2026-08-21T05:50:35+00:00","breadcrumb":{"@id":"https:\/\/www.coolturalia.com\/fr\/event\/festival-de-la-batie-orchestre-tout-puissant-marcel-duchamp-2\/#breadcrumb"},"inLanguage":"fr-FR","potentialAction":[{"@type":"ReadAction","target":["https:\/\/www.coolturalia.com\/fr\/event\/festival-de-la-batie-orchestre-tout-puissant-marcel-duchamp-2\/"]}]},{"@type":"ImageObject","inLanguage":"fr-FR","@id":"https:\/\/www.coolturalia.com\/fr\/event\/festival-de-la-batie-orchestre-tout-puissant-marcel-duchamp-2\/#primaryimage","url":"https:\/\/www.coolturalia.com\/wp-content\/uploads\/2026\/06\/Festival-de-la-Batie-Orchestre-Tout-Puissant-Marcel-Duchamp.webp","contentUrl":"https:\/\/www.coolturalia.com\/wp-content\/uploads\/2026\/06\/Festival-de-la-Batie-Orchestre-Tout-Puissant-Marcel-Duchamp.webp","width":570,"height":712,"caption":"undefined"},{"@type":"BreadcrumbList","@id":"https:\/\/www.coolturalia.com\/fr\/event\/festival-de-la-batie-orchestre-tout-puissant-marcel-duchamp-2\/#breadcrumb","itemListElement":[{"@type":"ListItem","position":1,"name":"Home","item":"https:\/\/www.coolturalia.com\/fr\/"},{"@type":"ListItem","position":2,"name":"Events","item":"https:\/\/www.coolturalia.com\/fr\/events\/"},{"@type":"ListItem","position":3,"name":"Festival de la B\u00e2tie &#8211; Orchestre Tout Puissant Marcel Duchamp"}]},{"@type":"WebSite","@id":"https:\/\/www.coolturalia.com\/fr\/#website","url":"https:\/\/www.coolturalia.com\/fr\/","name":"Coolturalia","description":"","publisher":{"@id":"https:\/\/www.coolturalia.com\/fr\/#organization"},"potentialAction":[{"@type":"SearchAction","target":{"@type":"EntryPoint","urlTemplate":"https:\/\/www.coolturalia.com\/fr\/?s={search_term_string}"},"query-input":{"@type":"PropertyValueSpecification","valueRequired":true,"valueName":"search_term_string"}}],"inLanguage":"fr-FR"},{"@type":"Organization","@id":"https:\/\/www.coolturalia.com\/fr\/#organization","name":"Coolturalia","url":"https:\/\/www.coolturalia.com\/fr\/","logo":{"@type":"ImageObject","inLanguage":"fr-FR","@id":"https:\/\/www.coolturalia.com\/fr\/#\/schema\/logo\/image\/","url":"https:\/\/www.coolturalia.com\/wp-content\/uploads\/2024\/04\/Logo-coolturalia.svg","contentUrl":"https:\/\/www.coolturalia.com\/wp-content\/uploads\/2024\/04\/Logo-coolturalia.svg","width":1312,"height":193,"caption":"Coolturalia"},"image":{"@id":"https:\/\/www.coolturalia.com\/fr\/#\/schema\/logo\/image\/"},"sameAs":["https:\/\/www.instagram.com\/coolturalia_geneva\/"]}]}},"translations":{"translations":{"en":"193383","fr":"193384"},"language":{"code":"fr"},"date":{"dateRange":"4 - 6 septembre"}},"language":{"code":"fr"},"_links":{"self":[{"href":"https:\/\/www.coolturalia.com\/fr\/wp-json\/wp\/v2\/event\/193384","targetHints":{"allow":["GET"]}}],"collection":[{"href":"https:\/\/www.coolturalia.com\/fr\/wp-json\/wp\/v2\/event"}],"about":[{"href":"https:\/\/www.coolturalia.com\/fr\/wp-json\/wp\/v2\/types\/event"}],"version-history":[{"count":2,"href":"https:\/\/www.coolturalia.com\/fr\/wp-json\/wp\/v2\/event\/193384\/revisions"}],"predecessor-version":[{"id":197872,"href":"https:\/\/www.coolturalia.com\/fr\/wp-json\/wp\/v2\/event\/193384\/revisions\/197872"}],"wp:featuredmedia":[{"embeddable":true,"href":"https:\/\/www.coolturalia.com\/fr\/wp-json\/wp\/v2\/media\/193382"}],"wp:attachment":[{"href":"https:\/\/www.coolturalia.com\/fr\/wp-json\/wp\/v2\/media?parent=193384"}],"wp:term":[{"taxonomy":"post_tag","embeddable":true,"href":"https:\/\/www.coolturalia.com\/fr\/wp-json\/wp\/v2\/tags?post=193384"},{"taxonomy":"event-category","embeddable":true,"href":"https:\/\/www.coolturalia.com\/fr\/wp-json\/wp\/v2\/event-category?post=193384"},{"taxonomy":"event-venue","embeddable":true,"href":"https:\/\/www.coolturalia.com\/fr\/wp-json\/wp\/v2\/event-venue?post=193384"}],"curies":[{"name":"wp","href":"https:\/\/api.w.org\/{rel}","templated":true}]}}