{"id":188844,"date":"2026-04-30T15:12:52","date_gmt":"2026-04-30T14:12:52","guid":{"rendered":"https:\/\/www.coolturalia.com\/event\/der-wald-chelsea-zurfluh-et-lorchestre-de-chambre-de-geneve\/"},"modified":"2026-04-30T15:12:52","modified_gmt":"2026-04-30T14:12:52","slug":"der-wald-chelsea-zurfluh-et-lorchestre-de-chambre-de-geneve","status":"publish","type":"event","link":"https:\/\/www.coolturalia.com\/fr\/event\/der-wald-chelsea-zurfluh-et-lorchestre-de-chambre-de-geneve\/","title":{"rendered":"Der Wald \u2014 Chelsea Zurfl\u00fch et L&rsquo;Orchestre de Chambre de Gen\u00e8ve"},"content":{"rendered":"<p>Der Wald d&rsquo;Ethel Smyth raconte, en un acte, l&rsquo;histoire universelle de deux amants frapp\u00e9s par le sort d&rsquo;une sorci\u00e8re jalouse. Chelsea Zurfl\u00fch incarne R\u00f6schen aux c\u00f4t\u00e9s d&rsquo;Isabelle Druet et Pierre Derhet, sous la direction musicale de Rapha\u00ebl Merlin et Celia Cano. Le ch\u0153ur Le Motet, renforc\u00e9 par des chanteur\u00b7euse\u00b7s amateur\u00b7rice\u00b7s, enrichit la texture vocale. Les \u00e9tudiant\u00b7e\u00b7s de l&rsquo;HEPIA signent la sc\u00e9nographie. La soir\u00e9e d\u00e9bute par l&rsquo;ouverture de The Wreckers.<\/p>\n<p><strong>En allemand.<\/strong><\/p>\n","protected":false},"excerpt":{"rendered":"<p>Der Wald d&rsquo;Ethel Smyth raconte, en un acte, l&rsquo;histoire universelle de deux amants frapp\u00e9s par le sort d&rsquo;une sorci\u00e8re jalouse. Chelsea Zurfl\u00fch incarne R\u00f6schen aux c\u00f4t\u00e9s d&rsquo;Isabelle Druet et Pierre Derhet, sous la direction musicale de Rapha\u00ebl Merlin et Celia Cano. Le ch\u0153ur Le Motet, renforc\u00e9 par des chanteur\u00b7euse\u00b7s amateur\u00b7rice\u00b7s, enrichit la texture vocale. Les [&hellip;]<\/p>\n","protected":false},"featured_media":188842,"parent":0,"menu_order":0,"template":"","format":"standard","meta":{"_acf_changed":false,"footnotes":""},"tags":[1014],"event-category":[444],"event-venue":[632],"class_list":["post-188844","event","type-event","status-publish","format-standard","has-post-thumbnail","hentry","tag-portrait-image-fr","event-category-spectacles","event-venue-bfm-batiment-des-forces-motrices-fr"],"acf":{"price":"Sur r\u00e9servation","date":"Mercredi 27 mai, 20:00","start_date":"2026-05-27 22:00:00","end_date":"2026-05-27 23:15:00","website_link":"https:\/\/www.bfm.ch\/fr\/programme\/der-wald-avec-chelsea-zurfluh-lorchestre-de-chambre-de-geneve?date=2026-05-27","link_buy_tickets":"","highlighted":false,"photo_credit":"","timings":[{"timing_start_date":"2026-05-27 22:00:00","timing_end_date":"2026-05-27 23:15:00"}],"external_id":""},"yoast_head":"<!-- This site is optimized with the Yoast SEO plugin v27.5 - https:\/\/yoast.com\/product\/yoast-seo-wordpress\/ -->\n<title>Der Wald \u2014 Chelsea Zurfl\u00fch et L&#039;Orchestre de Chambre de Gen\u00e8ve - Coolturalia<\/title>\n<meta name=\"robots\" content=\"index, follow, max-snippet:-1, max-image-preview:large, max-video-preview:-1\" \/>\n<link rel=\"canonical\" href=\"https:\/\/www.coolturalia.com\/fr\/event\/der-wald-chelsea-zurfluh-et-lorchestre-de-chambre-de-geneve\/\" \/>\n<meta property=\"og:locale\" content=\"fr_FR\" \/>\n<meta property=\"og:type\" content=\"article\" \/>\n<meta property=\"og:title\" content=\"Der Wald \u2014 Chelsea Zurfl\u00fch et L&#039;Orchestre de Chambre de Gen\u00e8ve - Coolturalia\" \/>\n<meta property=\"og:description\" content=\"Der Wald d&rsquo;Ethel Smyth raconte, en un acte, l&rsquo;histoire universelle de deux amants frapp\u00e9s par le sort d&rsquo;une sorci\u00e8re jalouse. Chelsea Zurfl\u00fch incarne R\u00f6schen aux c\u00f4t\u00e9s d&rsquo;Isabelle Druet et Pierre Derhet, sous la direction musicale de Rapha\u00ebl Merlin et Celia Cano. Le ch\u0153ur Le Motet, renforc\u00e9 par des chanteur\u00b7euse\u00b7s amateur\u00b7rice\u00b7s, enrichit la texture vocale. Les [&hellip;]\" \/>\n<meta property=\"og:url\" content=\"https:\/\/www.coolturalia.com\/fr\/event\/der-wald-chelsea-zurfluh-et-lorchestre-de-chambre-de-geneve\/\" \/>\n<meta property=\"og:site_name\" content=\"Coolturalia\" \/>\n<meta property=\"og:image\" content=\"https:\/\/www.coolturalia.com\/wp-content\/uploads\/2024\/04\/favicon-coolturalia-2.png\" \/>\n\t<meta property=\"og:image:width\" content=\"150\" \/>\n\t<meta property=\"og:image:height\" content=\"150\" \/>\n\t<meta property=\"og:image:type\" content=\"image\/png\" \/>\n<meta name=\"twitter:card\" content=\"summary_large_image\" \/>\n<script type=\"application\/ld+json\" class=\"yoast-schema-graph\">{\"@context\":\"https:\\\/\\\/schema.org\",\"@graph\":[{\"@type\":\"WebPage\",\"@id\":\"https:\\\/\\\/www.coolturalia.com\\\/fr\\\/event\\\/der-wald-chelsea-zurfluh-et-lorchestre-de-chambre-de-geneve\\\/\",\"url\":\"https:\\\/\\\/www.coolturalia.com\\\/fr\\\/event\\\/der-wald-chelsea-zurfluh-et-lorchestre-de-chambre-de-geneve\\\/\",\"name\":\"Der Wald \u2014 Chelsea Zurfl\u00fch et L'Orchestre de Chambre de Gen\u00e8ve - Coolturalia\",\"isPartOf\":{\"@id\":\"https:\\\/\\\/www.coolturalia.com\\\/fr\\\/#website\"},\"primaryImageOfPage\":{\"@id\":\"https:\\\/\\\/www.coolturalia.com\\\/fr\\\/event\\\/der-wald-chelsea-zurfluh-et-lorchestre-de-chambre-de-geneve\\\/#primaryimage\"},\"image\":{\"@id\":\"https:\\\/\\\/www.coolturalia.com\\\/fr\\\/event\\\/der-wald-chelsea-zurfluh-et-lorchestre-de-chambre-de-geneve\\\/#primaryimage\"},\"thumbnailUrl\":\"https:\\\/\\\/www.coolturalia.com\\\/wp-content\\\/uploads\\\/2026\\\/04\\\/Der-Wald-Chelsea-Zurfluh-L-Orchestre-de-Chambre-de-Geneve.webp\",\"datePublished\":\"2026-04-30T14:12:52+00:00\",\"breadcrumb\":{\"@id\":\"https:\\\/\\\/www.coolturalia.com\\\/fr\\\/event\\\/der-wald-chelsea-zurfluh-et-lorchestre-de-chambre-de-geneve\\\/#breadcrumb\"},\"inLanguage\":\"fr-FR\",\"potentialAction\":[{\"@type\":\"ReadAction\",\"target\":[\"https:\\\/\\\/www.coolturalia.com\\\/fr\\\/event\\\/der-wald-chelsea-zurfluh-et-lorchestre-de-chambre-de-geneve\\\/\"]}]},{\"@type\":\"ImageObject\",\"inLanguage\":\"fr-FR\",\"@id\":\"https:\\\/\\\/www.coolturalia.com\\\/fr\\\/event\\\/der-wald-chelsea-zurfluh-et-lorchestre-de-chambre-de-geneve\\\/#primaryimage\",\"url\":\"https:\\\/\\\/www.coolturalia.com\\\/wp-content\\\/uploads\\\/2026\\\/04\\\/Der-Wald-Chelsea-Zurfluh-L-Orchestre-de-Chambre-de-Geneve.webp\",\"contentUrl\":\"https:\\\/\\\/www.coolturalia.com\\\/wp-content\\\/uploads\\\/2026\\\/04\\\/Der-Wald-Chelsea-Zurfluh-L-Orchestre-de-Chambre-de-Geneve.webp\",\"width\":900,\"height\":1350,\"caption\":\"undefined\"},{\"@type\":\"BreadcrumbList\",\"@id\":\"https:\\\/\\\/www.coolturalia.com\\\/fr\\\/event\\\/der-wald-chelsea-zurfluh-et-lorchestre-de-chambre-de-geneve\\\/#breadcrumb\",\"itemListElement\":[{\"@type\":\"ListItem\",\"position\":1,\"name\":\"Home\",\"item\":\"https:\\\/\\\/www.coolturalia.com\\\/fr\\\/\"},{\"@type\":\"ListItem\",\"position\":2,\"name\":\"Events\",\"item\":\"https:\\\/\\\/www.coolturalia.com\\\/fr\\\/events\\\/\"},{\"@type\":\"ListItem\",\"position\":3,\"name\":\"Der Wald \u2014 Chelsea Zurfl\u00fch et L&rsquo;Orchestre de Chambre de Gen\u00e8ve\"}]},{\"@type\":\"WebSite\",\"@id\":\"https:\\\/\\\/www.coolturalia.com\\\/fr\\\/#website\",\"url\":\"https:\\\/\\\/www.coolturalia.com\\\/fr\\\/\",\"name\":\"Coolturalia\",\"description\":\"\",\"publisher\":{\"@id\":\"https:\\\/\\\/www.coolturalia.com\\\/fr\\\/#organization\"},\"potentialAction\":[{\"@type\":\"SearchAction\",\"target\":{\"@type\":\"EntryPoint\",\"urlTemplate\":\"https:\\\/\\\/www.coolturalia.com\\\/fr\\\/?s={search_term_string}\"},\"query-input\":{\"@type\":\"PropertyValueSpecification\",\"valueRequired\":true,\"valueName\":\"search_term_string\"}}],\"inLanguage\":\"fr-FR\"},{\"@type\":\"Organization\",\"@id\":\"https:\\\/\\\/www.coolturalia.com\\\/fr\\\/#organization\",\"name\":\"Coolturalia\",\"url\":\"https:\\\/\\\/www.coolturalia.com\\\/fr\\\/\",\"logo\":{\"@type\":\"ImageObject\",\"inLanguage\":\"fr-FR\",\"@id\":\"https:\\\/\\\/www.coolturalia.com\\\/fr\\\/#\\\/schema\\\/logo\\\/image\\\/\",\"url\":\"https:\\\/\\\/www.coolturalia.com\\\/wp-content\\\/uploads\\\/2024\\\/04\\\/Logo-coolturalia.svg\",\"contentUrl\":\"https:\\\/\\\/www.coolturalia.com\\\/wp-content\\\/uploads\\\/2024\\\/04\\\/Logo-coolturalia.svg\",\"width\":1312,\"height\":193,\"caption\":\"Coolturalia\"},\"image\":{\"@id\":\"https:\\\/\\\/www.coolturalia.com\\\/fr\\\/#\\\/schema\\\/logo\\\/image\\\/\"},\"sameAs\":[\"https:\\\/\\\/www.instagram.com\\\/coolturalia_geneva\\\/\"]}]}<\/script>\n<!-- \/ Yoast SEO plugin. -->","yoast_head_json":{"title":"Der Wald \u2014 Chelsea Zurfl\u00fch et L'Orchestre de Chambre de Gen\u00e8ve - Coolturalia","robots":{"index":"index","follow":"follow","max-snippet":"max-snippet:-1","max-image-preview":"max-image-preview:large","max-video-preview":"max-video-preview:-1"},"canonical":"https:\/\/www.coolturalia.com\/fr\/event\/der-wald-chelsea-zurfluh-et-lorchestre-de-chambre-de-geneve\/","og_locale":"fr_FR","og_type":"article","og_title":"Der Wald \u2014 Chelsea Zurfl\u00fch et L'Orchestre de Chambre de Gen\u00e8ve - Coolturalia","og_description":"Der Wald d&rsquo;Ethel Smyth raconte, en un acte, l&rsquo;histoire universelle de deux amants frapp\u00e9s par le sort d&rsquo;une sorci\u00e8re jalouse. Chelsea Zurfl\u00fch incarne R\u00f6schen aux c\u00f4t\u00e9s d&rsquo;Isabelle Druet et Pierre Derhet, sous la direction musicale de Rapha\u00ebl Merlin et Celia Cano. Le ch\u0153ur Le Motet, renforc\u00e9 par des chanteur\u00b7euse\u00b7s amateur\u00b7rice\u00b7s, enrichit la texture vocale. Les [&hellip;]","og_url":"https:\/\/www.coolturalia.com\/fr\/event\/der-wald-chelsea-zurfluh-et-lorchestre-de-chambre-de-geneve\/","og_site_name":"Coolturalia","og_image":[{"width":150,"height":150,"url":"https:\/\/www.coolturalia.com\/wp-content\/uploads\/2024\/04\/favicon-coolturalia-2.png","type":"image\/png"}],"twitter_card":"summary_large_image","schema":{"@context":"https:\/\/schema.org","@graph":[{"@type":"WebPage","@id":"https:\/\/www.coolturalia.com\/fr\/event\/der-wald-chelsea-zurfluh-et-lorchestre-de-chambre-de-geneve\/","url":"https:\/\/www.coolturalia.com\/fr\/event\/der-wald-chelsea-zurfluh-et-lorchestre-de-chambre-de-geneve\/","name":"Der Wald \u2014 Chelsea Zurfl\u00fch et L'Orchestre de Chambre de Gen\u00e8ve - Coolturalia","isPartOf":{"@id":"https:\/\/www.coolturalia.com\/fr\/#website"},"primaryImageOfPage":{"@id":"https:\/\/www.coolturalia.com\/fr\/event\/der-wald-chelsea-zurfluh-et-lorchestre-de-chambre-de-geneve\/#primaryimage"},"image":{"@id":"https:\/\/www.coolturalia.com\/fr\/event\/der-wald-chelsea-zurfluh-et-lorchestre-de-chambre-de-geneve\/#primaryimage"},"thumbnailUrl":"https:\/\/www.coolturalia.com\/wp-content\/uploads\/2026\/04\/Der-Wald-Chelsea-Zurfluh-L-Orchestre-de-Chambre-de-Geneve.webp","datePublished":"2026-04-30T14:12:52+00:00","breadcrumb":{"@id":"https:\/\/www.coolturalia.com\/fr\/event\/der-wald-chelsea-zurfluh-et-lorchestre-de-chambre-de-geneve\/#breadcrumb"},"inLanguage":"fr-FR","potentialAction":[{"@type":"ReadAction","target":["https:\/\/www.coolturalia.com\/fr\/event\/der-wald-chelsea-zurfluh-et-lorchestre-de-chambre-de-geneve\/"]}]},{"@type":"ImageObject","inLanguage":"fr-FR","@id":"https:\/\/www.coolturalia.com\/fr\/event\/der-wald-chelsea-zurfluh-et-lorchestre-de-chambre-de-geneve\/#primaryimage","url":"https:\/\/www.coolturalia.com\/wp-content\/uploads\/2026\/04\/Der-Wald-Chelsea-Zurfluh-L-Orchestre-de-Chambre-de-Geneve.webp","contentUrl":"https:\/\/www.coolturalia.com\/wp-content\/uploads\/2026\/04\/Der-Wald-Chelsea-Zurfluh-L-Orchestre-de-Chambre-de-Geneve.webp","width":900,"height":1350,"caption":"undefined"},{"@type":"BreadcrumbList","@id":"https:\/\/www.coolturalia.com\/fr\/event\/der-wald-chelsea-zurfluh-et-lorchestre-de-chambre-de-geneve\/#breadcrumb","itemListElement":[{"@type":"ListItem","position":1,"name":"Home","item":"https:\/\/www.coolturalia.com\/fr\/"},{"@type":"ListItem","position":2,"name":"Events","item":"https:\/\/www.coolturalia.com\/fr\/events\/"},{"@type":"ListItem","position":3,"name":"Der Wald \u2014 Chelsea Zurfl\u00fch et L&rsquo;Orchestre de Chambre de Gen\u00e8ve"}]},{"@type":"WebSite","@id":"https:\/\/www.coolturalia.com\/fr\/#website","url":"https:\/\/www.coolturalia.com\/fr\/","name":"Coolturalia","description":"","publisher":{"@id":"https:\/\/www.coolturalia.com\/fr\/#organization"},"potentialAction":[{"@type":"SearchAction","target":{"@type":"EntryPoint","urlTemplate":"https:\/\/www.coolturalia.com\/fr\/?s={search_term_string}"},"query-input":{"@type":"PropertyValueSpecification","valueRequired":true,"valueName":"search_term_string"}}],"inLanguage":"fr-FR"},{"@type":"Organization","@id":"https:\/\/www.coolturalia.com\/fr\/#organization","name":"Coolturalia","url":"https:\/\/www.coolturalia.com\/fr\/","logo":{"@type":"ImageObject","inLanguage":"fr-FR","@id":"https:\/\/www.coolturalia.com\/fr\/#\/schema\/logo\/image\/","url":"https:\/\/www.coolturalia.com\/wp-content\/uploads\/2024\/04\/Logo-coolturalia.svg","contentUrl":"https:\/\/www.coolturalia.com\/wp-content\/uploads\/2024\/04\/Logo-coolturalia.svg","width":1312,"height":193,"caption":"Coolturalia"},"image":{"@id":"https:\/\/www.coolturalia.com\/fr\/#\/schema\/logo\/image\/"},"sameAs":["https:\/\/www.instagram.com\/coolturalia_geneva\/"]}]}},"translations":{"translations":{"en":"188843","fr":"188844"},"language":{"code":"fr"},"date":{"dateRange":"Mercredi 27 mai, 20:00"}},"language":{"code":"fr"},"_links":{"self":[{"href":"https:\/\/www.coolturalia.com\/fr\/wp-json\/wp\/v2\/event\/188844","targetHints":{"allow":["GET"]}}],"collection":[{"href":"https:\/\/www.coolturalia.com\/fr\/wp-json\/wp\/v2\/event"}],"about":[{"href":"https:\/\/www.coolturalia.com\/fr\/wp-json\/wp\/v2\/types\/event"}],"version-history":[{"count":0,"href":"https:\/\/www.coolturalia.com\/fr\/wp-json\/wp\/v2\/event\/188844\/revisions"}],"wp:featuredmedia":[{"embeddable":true,"href":"https:\/\/www.coolturalia.com\/fr\/wp-json\/wp\/v2\/media\/188842"}],"wp:attachment":[{"href":"https:\/\/www.coolturalia.com\/fr\/wp-json\/wp\/v2\/media?parent=188844"}],"wp:term":[{"taxonomy":"post_tag","embeddable":true,"href":"https:\/\/www.coolturalia.com\/fr\/wp-json\/wp\/v2\/tags?post=188844"},{"taxonomy":"event-category","embeddable":true,"href":"https:\/\/www.coolturalia.com\/fr\/wp-json\/wp\/v2\/event-category?post=188844"},{"taxonomy":"event-venue","embeddable":true,"href":"https:\/\/www.coolturalia.com\/fr\/wp-json\/wp\/v2\/event-venue?post=188844"}],"curies":[{"name":"wp","href":"https:\/\/api.w.org\/{rel}","templated":true}]}}