{"id":188782,"date":"2026-04-30T12:41:02","date_gmt":"2026-04-30T11:41:02","guid":{"rendered":"https:\/\/www.coolturalia.com\/event\/faites-lapero-pas-la-guerre-2\/"},"modified":"2026-04-30T12:41:02","modified_gmt":"2026-04-30T11:41:02","slug":"faites-lapero-pas-la-guerre-2","status":"publish","type":"event","link":"https:\/\/www.coolturalia.com\/fr\/event\/faites-lapero-pas-la-guerre-2\/","title":{"rendered":"Faites l\u2019ap\u00e9ro pas la guerre"},"content":{"rendered":"<p>Faites l\u2019ap\u00e9ro pas la guerre propose une pi\u00e8ce courte et coup de poing qui m\u00eale satire, musique et th\u00e9\u00e2tre physique pour interroger la convivialit\u00e9 et les conflits du monde contemporain. La mise en sc\u00e8ne privil\u00e9gie des gestes intimes, un rythme percussif et une utilisation inventive de l\u2019espace, cr\u00e9ant des instants oscillant entre humour et malaise. La cr\u00e9ation met en avant le jeu collectif et les d\u00e9tails sensoriels, offrant une r\u00e9flexion attentive et parfois ludique sur les rituels sociaux et leurs tensions.<\/p>\n<p><strong>En fran\u00e7ais.<\/strong><\/p>\n","protected":false},"excerpt":{"rendered":"<p>Faites l\u2019ap\u00e9ro pas la guerre propose une pi\u00e8ce courte et coup de poing qui m\u00eale satire, musique et th\u00e9\u00e2tre physique pour interroger la convivialit\u00e9 et les conflits du monde contemporain. La mise en sc\u00e8ne privil\u00e9gie des gestes intimes, un rythme percussif et une utilisation inventive de l\u2019espace, cr\u00e9ant des instants oscillant entre humour et malaise. [&hellip;]<\/p>\n","protected":false},"featured_media":188780,"parent":0,"menu_order":0,"template":"","format":"standard","meta":{"_acf_changed":false,"footnotes":""},"tags":[996],"event-category":[444],"event-venue":[1187],"class_list":["post-188782","event","type-event","status-publish","format-standard","has-post-thumbnail","hentry","tag-portrait-image","event-category-spectacles","event-venue-uptown-geneva-comedie-de-la-gare"],"acf":{"price":"","date":"","start_date":null,"end_date":null,"website_link":"","link_buy_tickets":"","highlighted":false,"photo_credit":"","timings":null,"external_id":""},"yoast_head":"<!-- This site is optimized with the Yoast SEO plugin v27.5 - https:\/\/yoast.com\/product\/yoast-seo-wordpress\/ -->\n<title>Faites l\u2019ap\u00e9ro pas la guerre - Coolturalia<\/title>\n<meta name=\"robots\" content=\"index, follow, max-snippet:-1, max-image-preview:large, max-video-preview:-1\" \/>\n<link rel=\"canonical\" href=\"https:\/\/www.coolturalia.com\/fr\/event\/faites-lapero-pas-la-guerre-2\/\" \/>\n<meta property=\"og:locale\" content=\"fr_FR\" \/>\n<meta property=\"og:type\" content=\"article\" \/>\n<meta property=\"og:title\" content=\"Faites l\u2019ap\u00e9ro pas la guerre - Coolturalia\" \/>\n<meta property=\"og:description\" content=\"Faites l\u2019ap\u00e9ro pas la guerre propose une pi\u00e8ce courte et coup de poing qui m\u00eale satire, musique et th\u00e9\u00e2tre physique pour interroger la convivialit\u00e9 et les conflits du monde contemporain. La mise en sc\u00e8ne privil\u00e9gie des gestes intimes, un rythme percussif et une utilisation inventive de l\u2019espace, cr\u00e9ant des instants oscillant entre humour et malaise. [&hellip;]\" \/>\n<meta property=\"og:url\" content=\"https:\/\/www.coolturalia.com\/fr\/event\/faites-lapero-pas-la-guerre-2\/\" \/>\n<meta property=\"og:site_name\" content=\"Coolturalia\" \/>\n<meta property=\"og:image\" content=\"https:\/\/www.coolturalia.com\/wp-content\/uploads\/2024\/04\/favicon-coolturalia-2.png\" \/>\n\t<meta property=\"og:image:width\" content=\"150\" \/>\n\t<meta property=\"og:image:height\" content=\"150\" \/>\n\t<meta property=\"og:image:type\" content=\"image\/png\" \/>\n<meta name=\"twitter:card\" content=\"summary_large_image\" \/>\n<script type=\"application\/ld+json\" class=\"yoast-schema-graph\">{\"@context\":\"https:\\\/\\\/schema.org\",\"@graph\":[{\"@type\":\"WebPage\",\"@id\":\"https:\\\/\\\/www.coolturalia.com\\\/fr\\\/event\\\/faites-lapero-pas-la-guerre-2\\\/\",\"url\":\"https:\\\/\\\/www.coolturalia.com\\\/fr\\\/event\\\/faites-lapero-pas-la-guerre-2\\\/\",\"name\":\"Faites l\u2019ap\u00e9ro pas la guerre - Coolturalia\",\"isPartOf\":{\"@id\":\"https:\\\/\\\/www.coolturalia.com\\\/fr\\\/#website\"},\"primaryImageOfPage\":{\"@id\":\"https:\\\/\\\/www.coolturalia.com\\\/fr\\\/event\\\/faites-lapero-pas-la-guerre-2\\\/#primaryimage\"},\"image\":{\"@id\":\"https:\\\/\\\/www.coolturalia.com\\\/fr\\\/event\\\/faites-lapero-pas-la-guerre-2\\\/#primaryimage\"},\"thumbnailUrl\":\"https:\\\/\\\/www.coolturalia.com\\\/wp-content\\\/uploads\\\/2026\\\/04\\\/Faites-l-apero-pas-la-guerre.webp\",\"datePublished\":\"2026-04-30T11:41:02+00:00\",\"breadcrumb\":{\"@id\":\"https:\\\/\\\/www.coolturalia.com\\\/fr\\\/event\\\/faites-lapero-pas-la-guerre-2\\\/#breadcrumb\"},\"inLanguage\":\"fr-FR\",\"potentialAction\":[{\"@type\":\"ReadAction\",\"target\":[\"https:\\\/\\\/www.coolturalia.com\\\/fr\\\/event\\\/faites-lapero-pas-la-guerre-2\\\/\"]}]},{\"@type\":\"ImageObject\",\"inLanguage\":\"fr-FR\",\"@id\":\"https:\\\/\\\/www.coolturalia.com\\\/fr\\\/event\\\/faites-lapero-pas-la-guerre-2\\\/#primaryimage\",\"url\":\"https:\\\/\\\/www.coolturalia.com\\\/wp-content\\\/uploads\\\/2026\\\/04\\\/Faites-l-apero-pas-la-guerre.webp\",\"contentUrl\":\"https:\\\/\\\/www.coolturalia.com\\\/wp-content\\\/uploads\\\/2026\\\/04\\\/Faites-l-apero-pas-la-guerre.webp\",\"width\":724,\"height\":1024,\"caption\":\"undefined\"},{\"@type\":\"BreadcrumbList\",\"@id\":\"https:\\\/\\\/www.coolturalia.com\\\/fr\\\/event\\\/faites-lapero-pas-la-guerre-2\\\/#breadcrumb\",\"itemListElement\":[{\"@type\":\"ListItem\",\"position\":1,\"name\":\"Home\",\"item\":\"https:\\\/\\\/www.coolturalia.com\\\/fr\\\/\"},{\"@type\":\"ListItem\",\"position\":2,\"name\":\"Events\",\"item\":\"https:\\\/\\\/www.coolturalia.com\\\/fr\\\/events\\\/\"},{\"@type\":\"ListItem\",\"position\":3,\"name\":\"Faites l\u2019ap\u00e9ro pas la guerre\"}]},{\"@type\":\"WebSite\",\"@id\":\"https:\\\/\\\/www.coolturalia.com\\\/fr\\\/#website\",\"url\":\"https:\\\/\\\/www.coolturalia.com\\\/fr\\\/\",\"name\":\"Coolturalia\",\"description\":\"\",\"publisher\":{\"@id\":\"https:\\\/\\\/www.coolturalia.com\\\/fr\\\/#organization\"},\"potentialAction\":[{\"@type\":\"SearchAction\",\"target\":{\"@type\":\"EntryPoint\",\"urlTemplate\":\"https:\\\/\\\/www.coolturalia.com\\\/fr\\\/?s={search_term_string}\"},\"query-input\":{\"@type\":\"PropertyValueSpecification\",\"valueRequired\":true,\"valueName\":\"search_term_string\"}}],\"inLanguage\":\"fr-FR\"},{\"@type\":\"Organization\",\"@id\":\"https:\\\/\\\/www.coolturalia.com\\\/fr\\\/#organization\",\"name\":\"Coolturalia\",\"url\":\"https:\\\/\\\/www.coolturalia.com\\\/fr\\\/\",\"logo\":{\"@type\":\"ImageObject\",\"inLanguage\":\"fr-FR\",\"@id\":\"https:\\\/\\\/www.coolturalia.com\\\/fr\\\/#\\\/schema\\\/logo\\\/image\\\/\",\"url\":\"https:\\\/\\\/www.coolturalia.com\\\/wp-content\\\/uploads\\\/2024\\\/04\\\/Logo-coolturalia.svg\",\"contentUrl\":\"https:\\\/\\\/www.coolturalia.com\\\/wp-content\\\/uploads\\\/2024\\\/04\\\/Logo-coolturalia.svg\",\"width\":1312,\"height\":193,\"caption\":\"Coolturalia\"},\"image\":{\"@id\":\"https:\\\/\\\/www.coolturalia.com\\\/fr\\\/#\\\/schema\\\/logo\\\/image\\\/\"},\"sameAs\":[\"https:\\\/\\\/www.instagram.com\\\/coolturalia_geneva\\\/\"]}]}<\/script>\n<!-- \/ Yoast SEO plugin. -->","yoast_head_json":{"title":"Faites l\u2019ap\u00e9ro pas la guerre - Coolturalia","robots":{"index":"index","follow":"follow","max-snippet":"max-snippet:-1","max-image-preview":"max-image-preview:large","max-video-preview":"max-video-preview:-1"},"canonical":"https:\/\/www.coolturalia.com\/fr\/event\/faites-lapero-pas-la-guerre-2\/","og_locale":"fr_FR","og_type":"article","og_title":"Faites l\u2019ap\u00e9ro pas la guerre - Coolturalia","og_description":"Faites l\u2019ap\u00e9ro pas la guerre propose une pi\u00e8ce courte et coup de poing qui m\u00eale satire, musique et th\u00e9\u00e2tre physique pour interroger la convivialit\u00e9 et les conflits du monde contemporain. La mise en sc\u00e8ne privil\u00e9gie des gestes intimes, un rythme percussif et une utilisation inventive de l\u2019espace, cr\u00e9ant des instants oscillant entre humour et malaise. [&hellip;]","og_url":"https:\/\/www.coolturalia.com\/fr\/event\/faites-lapero-pas-la-guerre-2\/","og_site_name":"Coolturalia","og_image":[{"width":150,"height":150,"url":"https:\/\/www.coolturalia.com\/wp-content\/uploads\/2024\/04\/favicon-coolturalia-2.png","type":"image\/png"}],"twitter_card":"summary_large_image","schema":{"@context":"https:\/\/schema.org","@graph":[{"@type":"WebPage","@id":"https:\/\/www.coolturalia.com\/fr\/event\/faites-lapero-pas-la-guerre-2\/","url":"https:\/\/www.coolturalia.com\/fr\/event\/faites-lapero-pas-la-guerre-2\/","name":"Faites l\u2019ap\u00e9ro pas la guerre - Coolturalia","isPartOf":{"@id":"https:\/\/www.coolturalia.com\/fr\/#website"},"primaryImageOfPage":{"@id":"https:\/\/www.coolturalia.com\/fr\/event\/faites-lapero-pas-la-guerre-2\/#primaryimage"},"image":{"@id":"https:\/\/www.coolturalia.com\/fr\/event\/faites-lapero-pas-la-guerre-2\/#primaryimage"},"thumbnailUrl":"https:\/\/www.coolturalia.com\/wp-content\/uploads\/2026\/04\/Faites-l-apero-pas-la-guerre.webp","datePublished":"2026-04-30T11:41:02+00:00","breadcrumb":{"@id":"https:\/\/www.coolturalia.com\/fr\/event\/faites-lapero-pas-la-guerre-2\/#breadcrumb"},"inLanguage":"fr-FR","potentialAction":[{"@type":"ReadAction","target":["https:\/\/www.coolturalia.com\/fr\/event\/faites-lapero-pas-la-guerre-2\/"]}]},{"@type":"ImageObject","inLanguage":"fr-FR","@id":"https:\/\/www.coolturalia.com\/fr\/event\/faites-lapero-pas-la-guerre-2\/#primaryimage","url":"https:\/\/www.coolturalia.com\/wp-content\/uploads\/2026\/04\/Faites-l-apero-pas-la-guerre.webp","contentUrl":"https:\/\/www.coolturalia.com\/wp-content\/uploads\/2026\/04\/Faites-l-apero-pas-la-guerre.webp","width":724,"height":1024,"caption":"undefined"},{"@type":"BreadcrumbList","@id":"https:\/\/www.coolturalia.com\/fr\/event\/faites-lapero-pas-la-guerre-2\/#breadcrumb","itemListElement":[{"@type":"ListItem","position":1,"name":"Home","item":"https:\/\/www.coolturalia.com\/fr\/"},{"@type":"ListItem","position":2,"name":"Events","item":"https:\/\/www.coolturalia.com\/fr\/events\/"},{"@type":"ListItem","position":3,"name":"Faites l\u2019ap\u00e9ro pas la guerre"}]},{"@type":"WebSite","@id":"https:\/\/www.coolturalia.com\/fr\/#website","url":"https:\/\/www.coolturalia.com\/fr\/","name":"Coolturalia","description":"","publisher":{"@id":"https:\/\/www.coolturalia.com\/fr\/#organization"},"potentialAction":[{"@type":"SearchAction","target":{"@type":"EntryPoint","urlTemplate":"https:\/\/www.coolturalia.com\/fr\/?s={search_term_string}"},"query-input":{"@type":"PropertyValueSpecification","valueRequired":true,"valueName":"search_term_string"}}],"inLanguage":"fr-FR"},{"@type":"Organization","@id":"https:\/\/www.coolturalia.com\/fr\/#organization","name":"Coolturalia","url":"https:\/\/www.coolturalia.com\/fr\/","logo":{"@type":"ImageObject","inLanguage":"fr-FR","@id":"https:\/\/www.coolturalia.com\/fr\/#\/schema\/logo\/image\/","url":"https:\/\/www.coolturalia.com\/wp-content\/uploads\/2024\/04\/Logo-coolturalia.svg","contentUrl":"https:\/\/www.coolturalia.com\/wp-content\/uploads\/2024\/04\/Logo-coolturalia.svg","width":1312,"height":193,"caption":"Coolturalia"},"image":{"@id":"https:\/\/www.coolturalia.com\/fr\/#\/schema\/logo\/image\/"},"sameAs":["https:\/\/www.instagram.com\/coolturalia_geneva\/"]}]}},"translations":{"translations":{"en":"188781","fr":"188782"},"language":{"code":"fr"},"date":{"dateRange":null}},"language":{"code":"fr"},"_links":{"self":[{"href":"https:\/\/www.coolturalia.com\/fr\/wp-json\/wp\/v2\/event\/188782","targetHints":{"allow":["GET"]}}],"collection":[{"href":"https:\/\/www.coolturalia.com\/fr\/wp-json\/wp\/v2\/event"}],"about":[{"href":"https:\/\/www.coolturalia.com\/fr\/wp-json\/wp\/v2\/types\/event"}],"version-history":[{"count":0,"href":"https:\/\/www.coolturalia.com\/fr\/wp-json\/wp\/v2\/event\/188782\/revisions"}],"wp:featuredmedia":[{"embeddable":true,"href":"https:\/\/www.coolturalia.com\/fr\/wp-json\/wp\/v2\/media\/188780"}],"wp:attachment":[{"href":"https:\/\/www.coolturalia.com\/fr\/wp-json\/wp\/v2\/media?parent=188782"}],"wp:term":[{"taxonomy":"post_tag","embeddable":true,"href":"https:\/\/www.coolturalia.com\/fr\/wp-json\/wp\/v2\/tags?post=188782"},{"taxonomy":"event-category","embeddable":true,"href":"https:\/\/www.coolturalia.com\/fr\/wp-json\/wp\/v2\/event-category?post=188782"},{"taxonomy":"event-venue","embeddable":true,"href":"https:\/\/www.coolturalia.com\/fr\/wp-json\/wp\/v2\/event-venue?post=188782"}],"curies":[{"name":"wp","href":"https:\/\/api.w.org\/{rel}","templated":true}]}}