{"id":188749,"date":"2026-04-30T12:39:06","date_gmt":"2026-04-30T11:39:06","guid":{"rendered":"https:\/\/www.coolturalia.com\/event\/sacree-soiree-2\/"},"modified":"2026-04-30T12:39:06","modified_gmt":"2026-04-30T11:39:06","slug":"sacree-soiree-2","status":"publish","type":"event","link":"https:\/\/www.coolturalia.com\/fr\/event\/sacree-soiree-2\/","title":{"rendered":"Sacr\u00e9e soir\u00e9e"},"content":{"rendered":"<p>Mis en sc\u00e8ne comme une veill\u00e9e intime, Sacr\u00e9e soir\u00e9e met en sc\u00e8ne une troupe resserr\u00e9e qui explore les rites de la c\u00e9l\u00e9bration, la m\u00e9moire et les rituels qui nous lient. La mise en sc\u00e8ne privil\u00e9gie la pr\u00e9cision corporelle et une sc\u00e9nographie lumineuse o\u00f9 ombre et musique sculptent les interactions. D\u00e9cors minimalistes et lumi\u00e8res \u00e9vocatrices composent des tableaux fugaces qui r\u00e9v\u00e8lent les tensions et les confidences des personnages.<\/p>\n","protected":false},"excerpt":{"rendered":"<p>Mis en sc\u00e8ne comme une veill\u00e9e intime, Sacr\u00e9e soir\u00e9e met en sc\u00e8ne une troupe resserr\u00e9e qui explore les rites de la c\u00e9l\u00e9bration, la m\u00e9moire et les rituels qui nous lient. La mise en sc\u00e8ne privil\u00e9gie la pr\u00e9cision corporelle et une sc\u00e9nographie lumineuse o\u00f9 ombre et musique sculptent les interactions. D\u00e9cors minimalistes et lumi\u00e8res \u00e9vocatrices composent [&hellip;]<\/p>\n","protected":false},"featured_media":188747,"parent":0,"menu_order":0,"template":"","format":"standard","meta":{"_acf_changed":false,"footnotes":""},"tags":[1014],"event-category":[444],"event-venue":[1187],"class_list":["post-188749","event","type-event","status-publish","format-standard","has-post-thumbnail","hentry","tag-portrait-image-fr","event-category-spectacles","event-venue-uptown-geneva-comedie-de-la-gare"],"acf":{"price":"","date":"","start_date":null,"end_date":null,"website_link":"","link_buy_tickets":"","highlighted":false,"photo_credit":"","timings":null,"external_id":""},"yoast_head":"<!-- This site is optimized with the Yoast SEO plugin v27.5 - https:\/\/yoast.com\/product\/yoast-seo-wordpress\/ -->\n<title>Sacr\u00e9e soir\u00e9e - Coolturalia<\/title>\n<meta name=\"robots\" content=\"index, follow, max-snippet:-1, max-image-preview:large, max-video-preview:-1\" \/>\n<link rel=\"canonical\" href=\"https:\/\/www.coolturalia.com\/fr\/event\/sacree-soiree-2\/\" \/>\n<meta property=\"og:locale\" content=\"fr_FR\" \/>\n<meta property=\"og:type\" content=\"article\" \/>\n<meta property=\"og:title\" content=\"Sacr\u00e9e soir\u00e9e - Coolturalia\" \/>\n<meta property=\"og:description\" content=\"Mis en sc\u00e8ne comme une veill\u00e9e intime, Sacr\u00e9e soir\u00e9e met en sc\u00e8ne une troupe resserr\u00e9e qui explore les rites de la c\u00e9l\u00e9bration, la m\u00e9moire et les rituels qui nous lient. La mise en sc\u00e8ne privil\u00e9gie la pr\u00e9cision corporelle et une sc\u00e9nographie lumineuse o\u00f9 ombre et musique sculptent les interactions. D\u00e9cors minimalistes et lumi\u00e8res \u00e9vocatrices composent [&hellip;]\" \/>\n<meta property=\"og:url\" content=\"https:\/\/www.coolturalia.com\/fr\/event\/sacree-soiree-2\/\" \/>\n<meta property=\"og:site_name\" content=\"Coolturalia\" \/>\n<meta property=\"og:image\" content=\"https:\/\/www.coolturalia.com\/wp-content\/uploads\/2024\/04\/favicon-coolturalia-2.png\" \/>\n\t<meta property=\"og:image:width\" content=\"150\" \/>\n\t<meta property=\"og:image:height\" content=\"150\" \/>\n\t<meta property=\"og:image:type\" content=\"image\/png\" \/>\n<meta name=\"twitter:card\" content=\"summary_large_image\" \/>\n<script type=\"application\/ld+json\" class=\"yoast-schema-graph\">{\"@context\":\"https:\\\/\\\/schema.org\",\"@graph\":[{\"@type\":\"WebPage\",\"@id\":\"https:\\\/\\\/www.coolturalia.com\\\/fr\\\/event\\\/sacree-soiree-2\\\/\",\"url\":\"https:\\\/\\\/www.coolturalia.com\\\/fr\\\/event\\\/sacree-soiree-2\\\/\",\"name\":\"Sacr\u00e9e soir\u00e9e - Coolturalia\",\"isPartOf\":{\"@id\":\"https:\\\/\\\/www.coolturalia.com\\\/fr\\\/#website\"},\"primaryImageOfPage\":{\"@id\":\"https:\\\/\\\/www.coolturalia.com\\\/fr\\\/event\\\/sacree-soiree-2\\\/#primaryimage\"},\"image\":{\"@id\":\"https:\\\/\\\/www.coolturalia.com\\\/fr\\\/event\\\/sacree-soiree-2\\\/#primaryimage\"},\"thumbnailUrl\":\"https:\\\/\\\/www.coolturalia.com\\\/wp-content\\\/uploads\\\/2026\\\/04\\\/Sacree-soiree.webp\",\"datePublished\":\"2026-04-30T11:39:06+00:00\",\"breadcrumb\":{\"@id\":\"https:\\\/\\\/www.coolturalia.com\\\/fr\\\/event\\\/sacree-soiree-2\\\/#breadcrumb\"},\"inLanguage\":\"fr-FR\",\"potentialAction\":[{\"@type\":\"ReadAction\",\"target\":[\"https:\\\/\\\/www.coolturalia.com\\\/fr\\\/event\\\/sacree-soiree-2\\\/\"]}]},{\"@type\":\"ImageObject\",\"inLanguage\":\"fr-FR\",\"@id\":\"https:\\\/\\\/www.coolturalia.com\\\/fr\\\/event\\\/sacree-soiree-2\\\/#primaryimage\",\"url\":\"https:\\\/\\\/www.coolturalia.com\\\/wp-content\\\/uploads\\\/2026\\\/04\\\/Sacree-soiree.webp\",\"contentUrl\":\"https:\\\/\\\/www.coolturalia.com\\\/wp-content\\\/uploads\\\/2026\\\/04\\\/Sacree-soiree.webp\",\"width\":816,\"height\":1024,\"caption\":\"undefined\"},{\"@type\":\"BreadcrumbList\",\"@id\":\"https:\\\/\\\/www.coolturalia.com\\\/fr\\\/event\\\/sacree-soiree-2\\\/#breadcrumb\",\"itemListElement\":[{\"@type\":\"ListItem\",\"position\":1,\"name\":\"Home\",\"item\":\"https:\\\/\\\/www.coolturalia.com\\\/fr\\\/\"},{\"@type\":\"ListItem\",\"position\":2,\"name\":\"Events\",\"item\":\"https:\\\/\\\/www.coolturalia.com\\\/fr\\\/events\\\/\"},{\"@type\":\"ListItem\",\"position\":3,\"name\":\"Sacr\u00e9e soir\u00e9e\"}]},{\"@type\":\"WebSite\",\"@id\":\"https:\\\/\\\/www.coolturalia.com\\\/fr\\\/#website\",\"url\":\"https:\\\/\\\/www.coolturalia.com\\\/fr\\\/\",\"name\":\"Coolturalia\",\"description\":\"\",\"publisher\":{\"@id\":\"https:\\\/\\\/www.coolturalia.com\\\/fr\\\/#organization\"},\"potentialAction\":[{\"@type\":\"SearchAction\",\"target\":{\"@type\":\"EntryPoint\",\"urlTemplate\":\"https:\\\/\\\/www.coolturalia.com\\\/fr\\\/?s={search_term_string}\"},\"query-input\":{\"@type\":\"PropertyValueSpecification\",\"valueRequired\":true,\"valueName\":\"search_term_string\"}}],\"inLanguage\":\"fr-FR\"},{\"@type\":\"Organization\",\"@id\":\"https:\\\/\\\/www.coolturalia.com\\\/fr\\\/#organization\",\"name\":\"Coolturalia\",\"url\":\"https:\\\/\\\/www.coolturalia.com\\\/fr\\\/\",\"logo\":{\"@type\":\"ImageObject\",\"inLanguage\":\"fr-FR\",\"@id\":\"https:\\\/\\\/www.coolturalia.com\\\/fr\\\/#\\\/schema\\\/logo\\\/image\\\/\",\"url\":\"https:\\\/\\\/www.coolturalia.com\\\/wp-content\\\/uploads\\\/2024\\\/04\\\/Logo-coolturalia.svg\",\"contentUrl\":\"https:\\\/\\\/www.coolturalia.com\\\/wp-content\\\/uploads\\\/2024\\\/04\\\/Logo-coolturalia.svg\",\"width\":1312,\"height\":193,\"caption\":\"Coolturalia\"},\"image\":{\"@id\":\"https:\\\/\\\/www.coolturalia.com\\\/fr\\\/#\\\/schema\\\/logo\\\/image\\\/\"},\"sameAs\":[\"https:\\\/\\\/www.instagram.com\\\/coolturalia_geneva\\\/\"]}]}<\/script>\n<!-- \/ Yoast SEO plugin. -->","yoast_head_json":{"title":"Sacr\u00e9e soir\u00e9e - Coolturalia","robots":{"index":"index","follow":"follow","max-snippet":"max-snippet:-1","max-image-preview":"max-image-preview:large","max-video-preview":"max-video-preview:-1"},"canonical":"https:\/\/www.coolturalia.com\/fr\/event\/sacree-soiree-2\/","og_locale":"fr_FR","og_type":"article","og_title":"Sacr\u00e9e soir\u00e9e - Coolturalia","og_description":"Mis en sc\u00e8ne comme une veill\u00e9e intime, Sacr\u00e9e soir\u00e9e met en sc\u00e8ne une troupe resserr\u00e9e qui explore les rites de la c\u00e9l\u00e9bration, la m\u00e9moire et les rituels qui nous lient. La mise en sc\u00e8ne privil\u00e9gie la pr\u00e9cision corporelle et une sc\u00e9nographie lumineuse o\u00f9 ombre et musique sculptent les interactions. D\u00e9cors minimalistes et lumi\u00e8res \u00e9vocatrices composent [&hellip;]","og_url":"https:\/\/www.coolturalia.com\/fr\/event\/sacree-soiree-2\/","og_site_name":"Coolturalia","og_image":[{"width":150,"height":150,"url":"https:\/\/www.coolturalia.com\/wp-content\/uploads\/2024\/04\/favicon-coolturalia-2.png","type":"image\/png"}],"twitter_card":"summary_large_image","schema":{"@context":"https:\/\/schema.org","@graph":[{"@type":"WebPage","@id":"https:\/\/www.coolturalia.com\/fr\/event\/sacree-soiree-2\/","url":"https:\/\/www.coolturalia.com\/fr\/event\/sacree-soiree-2\/","name":"Sacr\u00e9e soir\u00e9e - Coolturalia","isPartOf":{"@id":"https:\/\/www.coolturalia.com\/fr\/#website"},"primaryImageOfPage":{"@id":"https:\/\/www.coolturalia.com\/fr\/event\/sacree-soiree-2\/#primaryimage"},"image":{"@id":"https:\/\/www.coolturalia.com\/fr\/event\/sacree-soiree-2\/#primaryimage"},"thumbnailUrl":"https:\/\/www.coolturalia.com\/wp-content\/uploads\/2026\/04\/Sacree-soiree.webp","datePublished":"2026-04-30T11:39:06+00:00","breadcrumb":{"@id":"https:\/\/www.coolturalia.com\/fr\/event\/sacree-soiree-2\/#breadcrumb"},"inLanguage":"fr-FR","potentialAction":[{"@type":"ReadAction","target":["https:\/\/www.coolturalia.com\/fr\/event\/sacree-soiree-2\/"]}]},{"@type":"ImageObject","inLanguage":"fr-FR","@id":"https:\/\/www.coolturalia.com\/fr\/event\/sacree-soiree-2\/#primaryimage","url":"https:\/\/www.coolturalia.com\/wp-content\/uploads\/2026\/04\/Sacree-soiree.webp","contentUrl":"https:\/\/www.coolturalia.com\/wp-content\/uploads\/2026\/04\/Sacree-soiree.webp","width":816,"height":1024,"caption":"undefined"},{"@type":"BreadcrumbList","@id":"https:\/\/www.coolturalia.com\/fr\/event\/sacree-soiree-2\/#breadcrumb","itemListElement":[{"@type":"ListItem","position":1,"name":"Home","item":"https:\/\/www.coolturalia.com\/fr\/"},{"@type":"ListItem","position":2,"name":"Events","item":"https:\/\/www.coolturalia.com\/fr\/events\/"},{"@type":"ListItem","position":3,"name":"Sacr\u00e9e soir\u00e9e"}]},{"@type":"WebSite","@id":"https:\/\/www.coolturalia.com\/fr\/#website","url":"https:\/\/www.coolturalia.com\/fr\/","name":"Coolturalia","description":"","publisher":{"@id":"https:\/\/www.coolturalia.com\/fr\/#organization"},"potentialAction":[{"@type":"SearchAction","target":{"@type":"EntryPoint","urlTemplate":"https:\/\/www.coolturalia.com\/fr\/?s={search_term_string}"},"query-input":{"@type":"PropertyValueSpecification","valueRequired":true,"valueName":"search_term_string"}}],"inLanguage":"fr-FR"},{"@type":"Organization","@id":"https:\/\/www.coolturalia.com\/fr\/#organization","name":"Coolturalia","url":"https:\/\/www.coolturalia.com\/fr\/","logo":{"@type":"ImageObject","inLanguage":"fr-FR","@id":"https:\/\/www.coolturalia.com\/fr\/#\/schema\/logo\/image\/","url":"https:\/\/www.coolturalia.com\/wp-content\/uploads\/2024\/04\/Logo-coolturalia.svg","contentUrl":"https:\/\/www.coolturalia.com\/wp-content\/uploads\/2024\/04\/Logo-coolturalia.svg","width":1312,"height":193,"caption":"Coolturalia"},"image":{"@id":"https:\/\/www.coolturalia.com\/fr\/#\/schema\/logo\/image\/"},"sameAs":["https:\/\/www.instagram.com\/coolturalia_geneva\/"]}]}},"translations":{"translations":{"en":"188748","fr":"188749"},"language":{"code":"fr"},"date":{"dateRange":null}},"language":{"code":"fr"},"_links":{"self":[{"href":"https:\/\/www.coolturalia.com\/fr\/wp-json\/wp\/v2\/event\/188749","targetHints":{"allow":["GET"]}}],"collection":[{"href":"https:\/\/www.coolturalia.com\/fr\/wp-json\/wp\/v2\/event"}],"about":[{"href":"https:\/\/www.coolturalia.com\/fr\/wp-json\/wp\/v2\/types\/event"}],"version-history":[{"count":0,"href":"https:\/\/www.coolturalia.com\/fr\/wp-json\/wp\/v2\/event\/188749\/revisions"}],"wp:featuredmedia":[{"embeddable":true,"href":"https:\/\/www.coolturalia.com\/fr\/wp-json\/wp\/v2\/media\/188747"}],"wp:attachment":[{"href":"https:\/\/www.coolturalia.com\/fr\/wp-json\/wp\/v2\/media?parent=188749"}],"wp:term":[{"taxonomy":"post_tag","embeddable":true,"href":"https:\/\/www.coolturalia.com\/fr\/wp-json\/wp\/v2\/tags?post=188749"},{"taxonomy":"event-category","embeddable":true,"href":"https:\/\/www.coolturalia.com\/fr\/wp-json\/wp\/v2\/event-category?post=188749"},{"taxonomy":"event-venue","embeddable":true,"href":"https:\/\/www.coolturalia.com\/fr\/wp-json\/wp\/v2\/event-venue?post=188749"}],"curies":[{"name":"wp","href":"https:\/\/api.w.org\/{rel}","templated":true}]}}