{"id":188740,"date":"2026-04-30T12:38:32","date_gmt":"2026-04-30T11:38:32","guid":{"rendered":"https:\/\/www.coolturalia.com\/event\/mon-cabrel-prefere-2\/"},"modified":"2026-04-30T12:38:32","modified_gmt":"2026-04-30T11:38:32","slug":"mon-cabrel-prefere-2","status":"publish","type":"event","link":"https:\/\/www.coolturalia.com\/fr\/event\/mon-cabrel-prefere-2\/","title":{"rendered":"Mon Cabrel pr\u00e9f\u00e9r\u00e9"},"content":{"rendered":"<p>Hommage musical intime qui r\u00e9interpr\u00e8te les chansons de Francis Cabrel par des arrangements acoustiques et une approche sensible. La mise en sc\u00e8ne, d\u00e9pouill\u00e9e, met en valeur la nuance lyrique et l&rsquo;intensit\u00e9 \u00e9motionnelle. Les textures oscillent entre la proximit\u00e9 folk et une chaleur orchestrale, invitant \u00e0 la r\u00e9flexion sur la m\u00e9moire, le d\u00e9sir et les r\u00e9cits de petite ville. La cr\u00e9ation privil\u00e9gie les dynamiques subtiles et le phras\u00e9 po\u00e9tique.<\/p>\n","protected":false},"excerpt":{"rendered":"<p>Hommage musical intime qui r\u00e9interpr\u00e8te les chansons de Francis Cabrel par des arrangements acoustiques et une approche sensible. La mise en sc\u00e8ne, d\u00e9pouill\u00e9e, met en valeur la nuance lyrique et l&rsquo;intensit\u00e9 \u00e9motionnelle. Les textures oscillent entre la proximit\u00e9 folk et une chaleur orchestrale, invitant \u00e0 la r\u00e9flexion sur la m\u00e9moire, le d\u00e9sir et les r\u00e9cits [&hellip;]<\/p>\n","protected":false},"featured_media":188738,"parent":0,"menu_order":0,"template":"","format":"standard","meta":{"_acf_changed":false,"footnotes":""},"tags":[996],"event-category":[444],"event-venue":[1187],"class_list":["post-188740","event","type-event","status-publish","format-standard","has-post-thumbnail","hentry","tag-portrait-image","event-category-spectacles","event-venue-uptown-geneva-comedie-de-la-gare"],"acf":{"price":"","date":"","start_date":null,"end_date":null,"website_link":"","link_buy_tickets":"","highlighted":false,"photo_credit":"","timings":null,"external_id":""},"yoast_head":"<!-- This site is optimized with the Yoast SEO plugin v27.5 - https:\/\/yoast.com\/product\/yoast-seo-wordpress\/ -->\n<title>Mon Cabrel pr\u00e9f\u00e9r\u00e9 - Coolturalia<\/title>\n<meta name=\"robots\" content=\"index, follow, max-snippet:-1, max-image-preview:large, max-video-preview:-1\" \/>\n<link rel=\"canonical\" href=\"https:\/\/www.coolturalia.com\/fr\/event\/mon-cabrel-prefere-2\/\" \/>\n<meta property=\"og:locale\" content=\"fr_FR\" \/>\n<meta property=\"og:type\" content=\"article\" \/>\n<meta property=\"og:title\" content=\"Mon Cabrel pr\u00e9f\u00e9r\u00e9 - Coolturalia\" \/>\n<meta property=\"og:description\" content=\"Hommage musical intime qui r\u00e9interpr\u00e8te les chansons de Francis Cabrel par des arrangements acoustiques et une approche sensible. La mise en sc\u00e8ne, d\u00e9pouill\u00e9e, met en valeur la nuance lyrique et l&rsquo;intensit\u00e9 \u00e9motionnelle. Les textures oscillent entre la proximit\u00e9 folk et une chaleur orchestrale, invitant \u00e0 la r\u00e9flexion sur la m\u00e9moire, le d\u00e9sir et les r\u00e9cits [&hellip;]\" \/>\n<meta property=\"og:url\" content=\"https:\/\/www.coolturalia.com\/fr\/event\/mon-cabrel-prefere-2\/\" \/>\n<meta property=\"og:site_name\" content=\"Coolturalia\" \/>\n<meta property=\"og:image\" content=\"https:\/\/www.coolturalia.com\/wp-content\/uploads\/2024\/04\/favicon-coolturalia-2.png\" \/>\n\t<meta property=\"og:image:width\" content=\"150\" \/>\n\t<meta property=\"og:image:height\" content=\"150\" \/>\n\t<meta property=\"og:image:type\" content=\"image\/png\" \/>\n<meta name=\"twitter:card\" content=\"summary_large_image\" \/>\n<script type=\"application\/ld+json\" class=\"yoast-schema-graph\">{\"@context\":\"https:\\\/\\\/schema.org\",\"@graph\":[{\"@type\":\"WebPage\",\"@id\":\"https:\\\/\\\/www.coolturalia.com\\\/fr\\\/event\\\/mon-cabrel-prefere-2\\\/\",\"url\":\"https:\\\/\\\/www.coolturalia.com\\\/fr\\\/event\\\/mon-cabrel-prefere-2\\\/\",\"name\":\"Mon Cabrel pr\u00e9f\u00e9r\u00e9 - Coolturalia\",\"isPartOf\":{\"@id\":\"https:\\\/\\\/www.coolturalia.com\\\/fr\\\/#website\"},\"primaryImageOfPage\":{\"@id\":\"https:\\\/\\\/www.coolturalia.com\\\/fr\\\/event\\\/mon-cabrel-prefere-2\\\/#primaryimage\"},\"image\":{\"@id\":\"https:\\\/\\\/www.coolturalia.com\\\/fr\\\/event\\\/mon-cabrel-prefere-2\\\/#primaryimage\"},\"thumbnailUrl\":\"https:\\\/\\\/www.coolturalia.com\\\/wp-content\\\/uploads\\\/2026\\\/04\\\/Mon-Cabrel-prefere.webp\",\"datePublished\":\"2026-04-30T11:38:32+00:00\",\"breadcrumb\":{\"@id\":\"https:\\\/\\\/www.coolturalia.com\\\/fr\\\/event\\\/mon-cabrel-prefere-2\\\/#breadcrumb\"},\"inLanguage\":\"fr-FR\",\"potentialAction\":[{\"@type\":\"ReadAction\",\"target\":[\"https:\\\/\\\/www.coolturalia.com\\\/fr\\\/event\\\/mon-cabrel-prefere-2\\\/\"]}]},{\"@type\":\"ImageObject\",\"inLanguage\":\"fr-FR\",\"@id\":\"https:\\\/\\\/www.coolturalia.com\\\/fr\\\/event\\\/mon-cabrel-prefere-2\\\/#primaryimage\",\"url\":\"https:\\\/\\\/www.coolturalia.com\\\/wp-content\\\/uploads\\\/2026\\\/04\\\/Mon-Cabrel-prefere.webp\",\"contentUrl\":\"https:\\\/\\\/www.coolturalia.com\\\/wp-content\\\/uploads\\\/2026\\\/04\\\/Mon-Cabrel-prefere.webp\",\"width\":720,\"height\":1024,\"caption\":\"undefined\"},{\"@type\":\"BreadcrumbList\",\"@id\":\"https:\\\/\\\/www.coolturalia.com\\\/fr\\\/event\\\/mon-cabrel-prefere-2\\\/#breadcrumb\",\"itemListElement\":[{\"@type\":\"ListItem\",\"position\":1,\"name\":\"Home\",\"item\":\"https:\\\/\\\/www.coolturalia.com\\\/fr\\\/\"},{\"@type\":\"ListItem\",\"position\":2,\"name\":\"Events\",\"item\":\"https:\\\/\\\/www.coolturalia.com\\\/fr\\\/events\\\/\"},{\"@type\":\"ListItem\",\"position\":3,\"name\":\"Mon Cabrel pr\u00e9f\u00e9r\u00e9\"}]},{\"@type\":\"WebSite\",\"@id\":\"https:\\\/\\\/www.coolturalia.com\\\/fr\\\/#website\",\"url\":\"https:\\\/\\\/www.coolturalia.com\\\/fr\\\/\",\"name\":\"Coolturalia\",\"description\":\"\",\"publisher\":{\"@id\":\"https:\\\/\\\/www.coolturalia.com\\\/fr\\\/#organization\"},\"potentialAction\":[{\"@type\":\"SearchAction\",\"target\":{\"@type\":\"EntryPoint\",\"urlTemplate\":\"https:\\\/\\\/www.coolturalia.com\\\/fr\\\/?s={search_term_string}\"},\"query-input\":{\"@type\":\"PropertyValueSpecification\",\"valueRequired\":true,\"valueName\":\"search_term_string\"}}],\"inLanguage\":\"fr-FR\"},{\"@type\":\"Organization\",\"@id\":\"https:\\\/\\\/www.coolturalia.com\\\/fr\\\/#organization\",\"name\":\"Coolturalia\",\"url\":\"https:\\\/\\\/www.coolturalia.com\\\/fr\\\/\",\"logo\":{\"@type\":\"ImageObject\",\"inLanguage\":\"fr-FR\",\"@id\":\"https:\\\/\\\/www.coolturalia.com\\\/fr\\\/#\\\/schema\\\/logo\\\/image\\\/\",\"url\":\"https:\\\/\\\/www.coolturalia.com\\\/wp-content\\\/uploads\\\/2024\\\/04\\\/Logo-coolturalia.svg\",\"contentUrl\":\"https:\\\/\\\/www.coolturalia.com\\\/wp-content\\\/uploads\\\/2024\\\/04\\\/Logo-coolturalia.svg\",\"width\":1312,\"height\":193,\"caption\":\"Coolturalia\"},\"image\":{\"@id\":\"https:\\\/\\\/www.coolturalia.com\\\/fr\\\/#\\\/schema\\\/logo\\\/image\\\/\"},\"sameAs\":[\"https:\\\/\\\/www.instagram.com\\\/coolturalia_geneva\\\/\"]}]}<\/script>\n<!-- \/ Yoast SEO plugin. -->","yoast_head_json":{"title":"Mon Cabrel pr\u00e9f\u00e9r\u00e9 - Coolturalia","robots":{"index":"index","follow":"follow","max-snippet":"max-snippet:-1","max-image-preview":"max-image-preview:large","max-video-preview":"max-video-preview:-1"},"canonical":"https:\/\/www.coolturalia.com\/fr\/event\/mon-cabrel-prefere-2\/","og_locale":"fr_FR","og_type":"article","og_title":"Mon Cabrel pr\u00e9f\u00e9r\u00e9 - Coolturalia","og_description":"Hommage musical intime qui r\u00e9interpr\u00e8te les chansons de Francis Cabrel par des arrangements acoustiques et une approche sensible. La mise en sc\u00e8ne, d\u00e9pouill\u00e9e, met en valeur la nuance lyrique et l&rsquo;intensit\u00e9 \u00e9motionnelle. Les textures oscillent entre la proximit\u00e9 folk et une chaleur orchestrale, invitant \u00e0 la r\u00e9flexion sur la m\u00e9moire, le d\u00e9sir et les r\u00e9cits [&hellip;]","og_url":"https:\/\/www.coolturalia.com\/fr\/event\/mon-cabrel-prefere-2\/","og_site_name":"Coolturalia","og_image":[{"width":150,"height":150,"url":"https:\/\/www.coolturalia.com\/wp-content\/uploads\/2024\/04\/favicon-coolturalia-2.png","type":"image\/png"}],"twitter_card":"summary_large_image","schema":{"@context":"https:\/\/schema.org","@graph":[{"@type":"WebPage","@id":"https:\/\/www.coolturalia.com\/fr\/event\/mon-cabrel-prefere-2\/","url":"https:\/\/www.coolturalia.com\/fr\/event\/mon-cabrel-prefere-2\/","name":"Mon Cabrel pr\u00e9f\u00e9r\u00e9 - Coolturalia","isPartOf":{"@id":"https:\/\/www.coolturalia.com\/fr\/#website"},"primaryImageOfPage":{"@id":"https:\/\/www.coolturalia.com\/fr\/event\/mon-cabrel-prefere-2\/#primaryimage"},"image":{"@id":"https:\/\/www.coolturalia.com\/fr\/event\/mon-cabrel-prefere-2\/#primaryimage"},"thumbnailUrl":"https:\/\/www.coolturalia.com\/wp-content\/uploads\/2026\/04\/Mon-Cabrel-prefere.webp","datePublished":"2026-04-30T11:38:32+00:00","breadcrumb":{"@id":"https:\/\/www.coolturalia.com\/fr\/event\/mon-cabrel-prefere-2\/#breadcrumb"},"inLanguage":"fr-FR","potentialAction":[{"@type":"ReadAction","target":["https:\/\/www.coolturalia.com\/fr\/event\/mon-cabrel-prefere-2\/"]}]},{"@type":"ImageObject","inLanguage":"fr-FR","@id":"https:\/\/www.coolturalia.com\/fr\/event\/mon-cabrel-prefere-2\/#primaryimage","url":"https:\/\/www.coolturalia.com\/wp-content\/uploads\/2026\/04\/Mon-Cabrel-prefere.webp","contentUrl":"https:\/\/www.coolturalia.com\/wp-content\/uploads\/2026\/04\/Mon-Cabrel-prefere.webp","width":720,"height":1024,"caption":"undefined"},{"@type":"BreadcrumbList","@id":"https:\/\/www.coolturalia.com\/fr\/event\/mon-cabrel-prefere-2\/#breadcrumb","itemListElement":[{"@type":"ListItem","position":1,"name":"Home","item":"https:\/\/www.coolturalia.com\/fr\/"},{"@type":"ListItem","position":2,"name":"Events","item":"https:\/\/www.coolturalia.com\/fr\/events\/"},{"@type":"ListItem","position":3,"name":"Mon Cabrel pr\u00e9f\u00e9r\u00e9"}]},{"@type":"WebSite","@id":"https:\/\/www.coolturalia.com\/fr\/#website","url":"https:\/\/www.coolturalia.com\/fr\/","name":"Coolturalia","description":"","publisher":{"@id":"https:\/\/www.coolturalia.com\/fr\/#organization"},"potentialAction":[{"@type":"SearchAction","target":{"@type":"EntryPoint","urlTemplate":"https:\/\/www.coolturalia.com\/fr\/?s={search_term_string}"},"query-input":{"@type":"PropertyValueSpecification","valueRequired":true,"valueName":"search_term_string"}}],"inLanguage":"fr-FR"},{"@type":"Organization","@id":"https:\/\/www.coolturalia.com\/fr\/#organization","name":"Coolturalia","url":"https:\/\/www.coolturalia.com\/fr\/","logo":{"@type":"ImageObject","inLanguage":"fr-FR","@id":"https:\/\/www.coolturalia.com\/fr\/#\/schema\/logo\/image\/","url":"https:\/\/www.coolturalia.com\/wp-content\/uploads\/2024\/04\/Logo-coolturalia.svg","contentUrl":"https:\/\/www.coolturalia.com\/wp-content\/uploads\/2024\/04\/Logo-coolturalia.svg","width":1312,"height":193,"caption":"Coolturalia"},"image":{"@id":"https:\/\/www.coolturalia.com\/fr\/#\/schema\/logo\/image\/"},"sameAs":["https:\/\/www.instagram.com\/coolturalia_geneva\/"]}]}},"translations":{"translations":{"en":"188739","fr":"188740"},"language":{"code":"fr"},"date":{"dateRange":null}},"language":{"code":"fr"},"_links":{"self":[{"href":"https:\/\/www.coolturalia.com\/fr\/wp-json\/wp\/v2\/event\/188740","targetHints":{"allow":["GET"]}}],"collection":[{"href":"https:\/\/www.coolturalia.com\/fr\/wp-json\/wp\/v2\/event"}],"about":[{"href":"https:\/\/www.coolturalia.com\/fr\/wp-json\/wp\/v2\/types\/event"}],"version-history":[{"count":0,"href":"https:\/\/www.coolturalia.com\/fr\/wp-json\/wp\/v2\/event\/188740\/revisions"}],"wp:featuredmedia":[{"embeddable":true,"href":"https:\/\/www.coolturalia.com\/fr\/wp-json\/wp\/v2\/media\/188738"}],"wp:attachment":[{"href":"https:\/\/www.coolturalia.com\/fr\/wp-json\/wp\/v2\/media?parent=188740"}],"wp:term":[{"taxonomy":"post_tag","embeddable":true,"href":"https:\/\/www.coolturalia.com\/fr\/wp-json\/wp\/v2\/tags?post=188740"},{"taxonomy":"event-category","embeddable":true,"href":"https:\/\/www.coolturalia.com\/fr\/wp-json\/wp\/v2\/event-category?post=188740"},{"taxonomy":"event-venue","embeddable":true,"href":"https:\/\/www.coolturalia.com\/fr\/wp-json\/wp\/v2\/event-venue?post=188740"}],"curies":[{"name":"wp","href":"https:\/\/api.w.org\/{rel}","templated":true}]}}