{"id":188719,"date":"2026-04-30T12:37:24","date_gmt":"2026-04-30T11:37:24","guid":{"rendered":"https:\/\/www.coolturalia.com\/event\/eva-ayllon-en-suisse\/"},"modified":"2026-04-30T12:37:24","modified_gmt":"2026-04-30T11:37:24","slug":"eva-ayllon-en-suisse","status":"publish","type":"event","link":"https:\/\/www.coolturalia.com\/fr\/event\/eva-ayllon-en-suisse\/","title":{"rendered":"Eva Ayll\u00f3n en Suisse"},"content":{"rendered":"<p>N\u00e9e \u00e0 Lima, P\u00e9rou, Eva Ayll\u00f3n est la figure la plus embl\u00e9matique de la musique afro-p\u00e9ruvienne et cr\u00e9ole. En plus de cinquante ans de carri\u00e8re, elle a fait voyager les rythmes et les m\u00e9lodies de son pays sur les sc\u00e8nes du monde, alliant une technique vocale irr\u00e9prochable \u00e0 une pr\u00e9sence sc\u00e9nique saisissante. Surnomm\u00e9e \u00ab la voix du P\u00e9rou \u00bb et \u00ab la reine du land\u00f3 \u00bb, elle a re\u00e7u de nombreuses distinctions, dont le Latin GRAMMY Lifetime Achievement Award.<\/p>\n","protected":false},"excerpt":{"rendered":"<p>N\u00e9e \u00e0 Lima, P\u00e9rou, Eva Ayll\u00f3n est la figure la plus embl\u00e9matique de la musique afro-p\u00e9ruvienne et cr\u00e9ole. En plus de cinquante ans de carri\u00e8re, elle a fait voyager les rythmes et les m\u00e9lodies de son pays sur les sc\u00e8nes du monde, alliant une technique vocale irr\u00e9prochable \u00e0 une pr\u00e9sence sc\u00e9nique saisissante. Surnomm\u00e9e \u00ab la [&hellip;]<\/p>\n","protected":false},"featured_media":188717,"parent":0,"menu_order":0,"template":"","format":"standard","meta":{"_acf_changed":false,"footnotes":""},"tags":[1014],"event-category":[444],"event-venue":[1187],"class_list":["post-188719","event","type-event","status-publish","format-standard","has-post-thumbnail","hentry","tag-portrait-image-fr","event-category-spectacles","event-venue-uptown-geneva-comedie-de-la-gare"],"acf":{"price":"","date":"","start_date":null,"end_date":null,"website_link":"","link_buy_tickets":"","highlighted":false,"photo_credit":"","timings":null,"external_id":""},"yoast_head":"<!-- This site is optimized with the Yoast SEO plugin v27.5 - https:\/\/yoast.com\/product\/yoast-seo-wordpress\/ -->\n<title>Eva Ayll\u00f3n en Suisse - Coolturalia<\/title>\n<meta name=\"robots\" content=\"index, follow, max-snippet:-1, max-image-preview:large, max-video-preview:-1\" \/>\n<link rel=\"canonical\" href=\"https:\/\/www.coolturalia.com\/fr\/event\/eva-ayllon-en-suisse\/\" \/>\n<meta property=\"og:locale\" content=\"fr_FR\" \/>\n<meta property=\"og:type\" content=\"article\" \/>\n<meta property=\"og:title\" content=\"Eva Ayll\u00f3n en Suisse - Coolturalia\" \/>\n<meta property=\"og:description\" content=\"N\u00e9e \u00e0 Lima, P\u00e9rou, Eva Ayll\u00f3n est la figure la plus embl\u00e9matique de la musique afro-p\u00e9ruvienne et cr\u00e9ole. En plus de cinquante ans de carri\u00e8re, elle a fait voyager les rythmes et les m\u00e9lodies de son pays sur les sc\u00e8nes du monde, alliant une technique vocale irr\u00e9prochable \u00e0 une pr\u00e9sence sc\u00e9nique saisissante. Surnomm\u00e9e \u00ab la [&hellip;]\" \/>\n<meta property=\"og:url\" content=\"https:\/\/www.coolturalia.com\/fr\/event\/eva-ayllon-en-suisse\/\" \/>\n<meta property=\"og:site_name\" content=\"Coolturalia\" \/>\n<meta property=\"og:image\" content=\"https:\/\/www.coolturalia.com\/wp-content\/uploads\/2024\/04\/favicon-coolturalia-2.png\" \/>\n\t<meta property=\"og:image:width\" content=\"150\" \/>\n\t<meta property=\"og:image:height\" content=\"150\" \/>\n\t<meta property=\"og:image:type\" content=\"image\/png\" \/>\n<meta name=\"twitter:card\" content=\"summary_large_image\" \/>\n<script type=\"application\/ld+json\" class=\"yoast-schema-graph\">{\"@context\":\"https:\\\/\\\/schema.org\",\"@graph\":[{\"@type\":\"WebPage\",\"@id\":\"https:\\\/\\\/www.coolturalia.com\\\/fr\\\/event\\\/eva-ayllon-en-suisse\\\/\",\"url\":\"https:\\\/\\\/www.coolturalia.com\\\/fr\\\/event\\\/eva-ayllon-en-suisse\\\/\",\"name\":\"Eva Ayll\u00f3n en Suisse - Coolturalia\",\"isPartOf\":{\"@id\":\"https:\\\/\\\/www.coolturalia.com\\\/fr\\\/#website\"},\"primaryImageOfPage\":{\"@id\":\"https:\\\/\\\/www.coolturalia.com\\\/fr\\\/event\\\/eva-ayllon-en-suisse\\\/#primaryimage\"},\"image\":{\"@id\":\"https:\\\/\\\/www.coolturalia.com\\\/fr\\\/event\\\/eva-ayllon-en-suisse\\\/#primaryimage\"},\"thumbnailUrl\":\"https:\\\/\\\/www.coolturalia.com\\\/wp-content\\\/uploads\\\/2026\\\/04\\\/Eva-Ayllon-in-Switzerland.webp\",\"datePublished\":\"2026-04-30T11:37:24+00:00\",\"breadcrumb\":{\"@id\":\"https:\\\/\\\/www.coolturalia.com\\\/fr\\\/event\\\/eva-ayllon-en-suisse\\\/#breadcrumb\"},\"inLanguage\":\"fr-FR\",\"potentialAction\":[{\"@type\":\"ReadAction\",\"target\":[\"https:\\\/\\\/www.coolturalia.com\\\/fr\\\/event\\\/eva-ayllon-en-suisse\\\/\"]}]},{\"@type\":\"ImageObject\",\"inLanguage\":\"fr-FR\",\"@id\":\"https:\\\/\\\/www.coolturalia.com\\\/fr\\\/event\\\/eva-ayllon-en-suisse\\\/#primaryimage\",\"url\":\"https:\\\/\\\/www.coolturalia.com\\\/wp-content\\\/uploads\\\/2026\\\/04\\\/Eva-Ayllon-in-Switzerland.webp\",\"contentUrl\":\"https:\\\/\\\/www.coolturalia.com\\\/wp-content\\\/uploads\\\/2026\\\/04\\\/Eva-Ayllon-in-Switzerland.webp\",\"width\":819,\"height\":1024,\"caption\":\"undefined\"},{\"@type\":\"BreadcrumbList\",\"@id\":\"https:\\\/\\\/www.coolturalia.com\\\/fr\\\/event\\\/eva-ayllon-en-suisse\\\/#breadcrumb\",\"itemListElement\":[{\"@type\":\"ListItem\",\"position\":1,\"name\":\"Home\",\"item\":\"https:\\\/\\\/www.coolturalia.com\\\/fr\\\/\"},{\"@type\":\"ListItem\",\"position\":2,\"name\":\"Events\",\"item\":\"https:\\\/\\\/www.coolturalia.com\\\/fr\\\/events\\\/\"},{\"@type\":\"ListItem\",\"position\":3,\"name\":\"Eva Ayll\u00f3n en Suisse\"}]},{\"@type\":\"WebSite\",\"@id\":\"https:\\\/\\\/www.coolturalia.com\\\/fr\\\/#website\",\"url\":\"https:\\\/\\\/www.coolturalia.com\\\/fr\\\/\",\"name\":\"Coolturalia\",\"description\":\"\",\"publisher\":{\"@id\":\"https:\\\/\\\/www.coolturalia.com\\\/fr\\\/#organization\"},\"potentialAction\":[{\"@type\":\"SearchAction\",\"target\":{\"@type\":\"EntryPoint\",\"urlTemplate\":\"https:\\\/\\\/www.coolturalia.com\\\/fr\\\/?s={search_term_string}\"},\"query-input\":{\"@type\":\"PropertyValueSpecification\",\"valueRequired\":true,\"valueName\":\"search_term_string\"}}],\"inLanguage\":\"fr-FR\"},{\"@type\":\"Organization\",\"@id\":\"https:\\\/\\\/www.coolturalia.com\\\/fr\\\/#organization\",\"name\":\"Coolturalia\",\"url\":\"https:\\\/\\\/www.coolturalia.com\\\/fr\\\/\",\"logo\":{\"@type\":\"ImageObject\",\"inLanguage\":\"fr-FR\",\"@id\":\"https:\\\/\\\/www.coolturalia.com\\\/fr\\\/#\\\/schema\\\/logo\\\/image\\\/\",\"url\":\"https:\\\/\\\/www.coolturalia.com\\\/wp-content\\\/uploads\\\/2024\\\/04\\\/Logo-coolturalia.svg\",\"contentUrl\":\"https:\\\/\\\/www.coolturalia.com\\\/wp-content\\\/uploads\\\/2024\\\/04\\\/Logo-coolturalia.svg\",\"width\":1312,\"height\":193,\"caption\":\"Coolturalia\"},\"image\":{\"@id\":\"https:\\\/\\\/www.coolturalia.com\\\/fr\\\/#\\\/schema\\\/logo\\\/image\\\/\"},\"sameAs\":[\"https:\\\/\\\/www.instagram.com\\\/coolturalia_geneva\\\/\"]}]}<\/script>\n<!-- \/ Yoast SEO plugin. -->","yoast_head_json":{"title":"Eva Ayll\u00f3n en Suisse - Coolturalia","robots":{"index":"index","follow":"follow","max-snippet":"max-snippet:-1","max-image-preview":"max-image-preview:large","max-video-preview":"max-video-preview:-1"},"canonical":"https:\/\/www.coolturalia.com\/fr\/event\/eva-ayllon-en-suisse\/","og_locale":"fr_FR","og_type":"article","og_title":"Eva Ayll\u00f3n en Suisse - Coolturalia","og_description":"N\u00e9e \u00e0 Lima, P\u00e9rou, Eva Ayll\u00f3n est la figure la plus embl\u00e9matique de la musique afro-p\u00e9ruvienne et cr\u00e9ole. En plus de cinquante ans de carri\u00e8re, elle a fait voyager les rythmes et les m\u00e9lodies de son pays sur les sc\u00e8nes du monde, alliant une technique vocale irr\u00e9prochable \u00e0 une pr\u00e9sence sc\u00e9nique saisissante. Surnomm\u00e9e \u00ab la [&hellip;]","og_url":"https:\/\/www.coolturalia.com\/fr\/event\/eva-ayllon-en-suisse\/","og_site_name":"Coolturalia","og_image":[{"width":150,"height":150,"url":"https:\/\/www.coolturalia.com\/wp-content\/uploads\/2024\/04\/favicon-coolturalia-2.png","type":"image\/png"}],"twitter_card":"summary_large_image","schema":{"@context":"https:\/\/schema.org","@graph":[{"@type":"WebPage","@id":"https:\/\/www.coolturalia.com\/fr\/event\/eva-ayllon-en-suisse\/","url":"https:\/\/www.coolturalia.com\/fr\/event\/eva-ayllon-en-suisse\/","name":"Eva Ayll\u00f3n en Suisse - Coolturalia","isPartOf":{"@id":"https:\/\/www.coolturalia.com\/fr\/#website"},"primaryImageOfPage":{"@id":"https:\/\/www.coolturalia.com\/fr\/event\/eva-ayllon-en-suisse\/#primaryimage"},"image":{"@id":"https:\/\/www.coolturalia.com\/fr\/event\/eva-ayllon-en-suisse\/#primaryimage"},"thumbnailUrl":"https:\/\/www.coolturalia.com\/wp-content\/uploads\/2026\/04\/Eva-Ayllon-in-Switzerland.webp","datePublished":"2026-04-30T11:37:24+00:00","breadcrumb":{"@id":"https:\/\/www.coolturalia.com\/fr\/event\/eva-ayllon-en-suisse\/#breadcrumb"},"inLanguage":"fr-FR","potentialAction":[{"@type":"ReadAction","target":["https:\/\/www.coolturalia.com\/fr\/event\/eva-ayllon-en-suisse\/"]}]},{"@type":"ImageObject","inLanguage":"fr-FR","@id":"https:\/\/www.coolturalia.com\/fr\/event\/eva-ayllon-en-suisse\/#primaryimage","url":"https:\/\/www.coolturalia.com\/wp-content\/uploads\/2026\/04\/Eva-Ayllon-in-Switzerland.webp","contentUrl":"https:\/\/www.coolturalia.com\/wp-content\/uploads\/2026\/04\/Eva-Ayllon-in-Switzerland.webp","width":819,"height":1024,"caption":"undefined"},{"@type":"BreadcrumbList","@id":"https:\/\/www.coolturalia.com\/fr\/event\/eva-ayllon-en-suisse\/#breadcrumb","itemListElement":[{"@type":"ListItem","position":1,"name":"Home","item":"https:\/\/www.coolturalia.com\/fr\/"},{"@type":"ListItem","position":2,"name":"Events","item":"https:\/\/www.coolturalia.com\/fr\/events\/"},{"@type":"ListItem","position":3,"name":"Eva Ayll\u00f3n en Suisse"}]},{"@type":"WebSite","@id":"https:\/\/www.coolturalia.com\/fr\/#website","url":"https:\/\/www.coolturalia.com\/fr\/","name":"Coolturalia","description":"","publisher":{"@id":"https:\/\/www.coolturalia.com\/fr\/#organization"},"potentialAction":[{"@type":"SearchAction","target":{"@type":"EntryPoint","urlTemplate":"https:\/\/www.coolturalia.com\/fr\/?s={search_term_string}"},"query-input":{"@type":"PropertyValueSpecification","valueRequired":true,"valueName":"search_term_string"}}],"inLanguage":"fr-FR"},{"@type":"Organization","@id":"https:\/\/www.coolturalia.com\/fr\/#organization","name":"Coolturalia","url":"https:\/\/www.coolturalia.com\/fr\/","logo":{"@type":"ImageObject","inLanguage":"fr-FR","@id":"https:\/\/www.coolturalia.com\/fr\/#\/schema\/logo\/image\/","url":"https:\/\/www.coolturalia.com\/wp-content\/uploads\/2024\/04\/Logo-coolturalia.svg","contentUrl":"https:\/\/www.coolturalia.com\/wp-content\/uploads\/2024\/04\/Logo-coolturalia.svg","width":1312,"height":193,"caption":"Coolturalia"},"image":{"@id":"https:\/\/www.coolturalia.com\/fr\/#\/schema\/logo\/image\/"},"sameAs":["https:\/\/www.instagram.com\/coolturalia_geneva\/"]}]}},"translations":{"translations":{"en":"188718","fr":"188719"},"language":{"code":"fr"},"date":{"dateRange":null}},"language":{"code":"fr"},"_links":{"self":[{"href":"https:\/\/www.coolturalia.com\/fr\/wp-json\/wp\/v2\/event\/188719","targetHints":{"allow":["GET"]}}],"collection":[{"href":"https:\/\/www.coolturalia.com\/fr\/wp-json\/wp\/v2\/event"}],"about":[{"href":"https:\/\/www.coolturalia.com\/fr\/wp-json\/wp\/v2\/types\/event"}],"version-history":[{"count":0,"href":"https:\/\/www.coolturalia.com\/fr\/wp-json\/wp\/v2\/event\/188719\/revisions"}],"wp:featuredmedia":[{"embeddable":true,"href":"https:\/\/www.coolturalia.com\/fr\/wp-json\/wp\/v2\/media\/188717"}],"wp:attachment":[{"href":"https:\/\/www.coolturalia.com\/fr\/wp-json\/wp\/v2\/media?parent=188719"}],"wp:term":[{"taxonomy":"post_tag","embeddable":true,"href":"https:\/\/www.coolturalia.com\/fr\/wp-json\/wp\/v2\/tags?post=188719"},{"taxonomy":"event-category","embeddable":true,"href":"https:\/\/www.coolturalia.com\/fr\/wp-json\/wp\/v2\/event-category?post=188719"},{"taxonomy":"event-venue","embeddable":true,"href":"https:\/\/www.coolturalia.com\/fr\/wp-json\/wp\/v2\/event-venue?post=188719"}],"curies":[{"name":"wp","href":"https:\/\/api.w.org\/{rel}","templated":true}]}}