{"id":188663,"date":"2026-04-29T15:05:51","date_gmt":"2026-04-29T14:05:51","guid":{"rendered":"https:\/\/www.coolturalia.com\/event\/semaine-de-la-durabilite-2026\/"},"modified":"2026-04-29T15:05:51","modified_gmt":"2026-04-29T14:05:51","slug":"semaine-de-la-durabilite-2026","status":"publish","type":"event","link":"https:\/\/www.coolturalia.com\/fr\/event\/semaine-de-la-durabilite-2026\/","title":{"rendered":"Semaine de la durabilit\u00e9 2026"},"content":{"rendered":"<p>La Semaine de la durabilit\u00e9 est un projet \u00e9tudiant qui rassemble \u00e9tudiantes et \u00e9tudiants, personnel et public autour des pratiques durables et de l&rsquo;action collective. Pendant la semaine, la communaut\u00e9 peut participer \u00e0 des ateliers et \u00e9changes de comp\u00e9tences : caravane de troc, ateliers de couture, r\u00e9paration, reliure et fabrication de papier, programme sant\u00e9 plan\u00e9taire, yoga sur le rooftop, projections et tables rondes, ainsi que des expositions photo et une soir\u00e9e de cl\u00f4ture Biocale. Les activit\u00e9s privil\u00e9gient l&rsquo;apprentissage pratique et la solidarit\u00e9.<\/p>\n","protected":false},"excerpt":{"rendered":"<p>La Semaine de la durabilit\u00e9 est un projet \u00e9tudiant qui rassemble \u00e9tudiantes et \u00e9tudiants, personnel et public autour des pratiques durables et de l&rsquo;action collective. Pendant la semaine, la communaut\u00e9 peut participer \u00e0 des ateliers et \u00e9changes de comp\u00e9tences : caravane de troc, ateliers de couture, r\u00e9paration, reliure et fabrication de papier, programme sant\u00e9 plan\u00e9taire, [&hellip;]<\/p>\n","protected":false},"featured_media":188661,"parent":0,"menu_order":0,"template":"","format":"standard","meta":{"_acf_changed":false,"footnotes":""},"tags":[],"event-category":[454],"event-venue":[630],"class_list":["post-188663","event","type-event","status-publish","format-standard","has-post-thumbnail","hentry","event-category-communaute","event-venue-uni-mail-fr"],"acf":{"price":"","date":"4 - 9 mai","start_date":"2026-05-04 11:00:00","end_date":"2026-05-09 06:00:00","website_link":"https:\/\/www.unige.ch\/sdd\/pretexte","link_buy_tickets":"","highlighted":false,"photo_credit":"","timings":[{"timing_start_date":"2026-05-04 11:00:00","timing_end_date":"2026-05-04 20:00:00"},{"timing_start_date":"2026-05-05 20:15:00","timing_end_date":"2026-05-06 00:00:00"},{"timing_start_date":"2026-05-06 15:00:00","timing_end_date":"2026-05-06 19:00:00"},{"timing_start_date":"2026-05-07 12:00:00","timing_end_date":"2026-05-08 00:00:00"},{"timing_start_date":"2026-05-08 20:00:00","timing_end_date":"2026-05-09 01:59:00"},{"timing_start_date":"2026-05-09 02:00:00","timing_end_date":"2026-05-09 06:00:00"}],"external_id":""},"yoast_head":"<!-- This site is optimized with the Yoast SEO plugin v27.5 - https:\/\/yoast.com\/product\/yoast-seo-wordpress\/ -->\n<title>Semaine de la durabilit\u00e9 2026 - Coolturalia<\/title>\n<meta name=\"robots\" content=\"index, follow, max-snippet:-1, max-image-preview:large, max-video-preview:-1\" \/>\n<link rel=\"canonical\" href=\"https:\/\/www.coolturalia.com\/fr\/event\/semaine-de-la-durabilite-2026\/\" \/>\n<meta property=\"og:locale\" content=\"fr_FR\" \/>\n<meta property=\"og:type\" content=\"article\" \/>\n<meta property=\"og:title\" content=\"Semaine de la durabilit\u00e9 2026 - Coolturalia\" \/>\n<meta property=\"og:description\" content=\"La Semaine de la durabilit\u00e9 est un projet \u00e9tudiant qui rassemble \u00e9tudiantes et \u00e9tudiants, personnel et public autour des pratiques durables et de l&rsquo;action collective. Pendant la semaine, la communaut\u00e9 peut participer \u00e0 des ateliers et \u00e9changes de comp\u00e9tences : caravane de troc, ateliers de couture, r\u00e9paration, reliure et fabrication de papier, programme sant\u00e9 plan\u00e9taire, [&hellip;]\" \/>\n<meta property=\"og:url\" content=\"https:\/\/www.coolturalia.com\/fr\/event\/semaine-de-la-durabilite-2026\/\" \/>\n<meta property=\"og:site_name\" content=\"Coolturalia\" \/>\n<meta property=\"og:image\" content=\"https:\/\/www.coolturalia.com\/wp-content\/uploads\/2024\/04\/favicon-coolturalia-2.png\" \/>\n\t<meta property=\"og:image:width\" content=\"150\" \/>\n\t<meta property=\"og:image:height\" content=\"150\" \/>\n\t<meta property=\"og:image:type\" content=\"image\/png\" \/>\n<meta name=\"twitter:card\" content=\"summary_large_image\" \/>\n<script type=\"application\/ld+json\" class=\"yoast-schema-graph\">{\"@context\":\"https:\\\/\\\/schema.org\",\"@graph\":[{\"@type\":\"WebPage\",\"@id\":\"https:\\\/\\\/www.coolturalia.com\\\/fr\\\/event\\\/semaine-de-la-durabilite-2026\\\/\",\"url\":\"https:\\\/\\\/www.coolturalia.com\\\/fr\\\/event\\\/semaine-de-la-durabilite-2026\\\/\",\"name\":\"Semaine de la durabilit\u00e9 2026 - Coolturalia\",\"isPartOf\":{\"@id\":\"https:\\\/\\\/www.coolturalia.com\\\/fr\\\/#website\"},\"primaryImageOfPage\":{\"@id\":\"https:\\\/\\\/www.coolturalia.com\\\/fr\\\/event\\\/semaine-de-la-durabilite-2026\\\/#primaryimage\"},\"image\":{\"@id\":\"https:\\\/\\\/www.coolturalia.com\\\/fr\\\/event\\\/semaine-de-la-durabilite-2026\\\/#primaryimage\"},\"thumbnailUrl\":\"https:\\\/\\\/www.coolturalia.com\\\/wp-content\\\/uploads\\\/2026\\\/04\\\/Sustainability-Week-2026.webp\",\"datePublished\":\"2026-04-29T14:05:51+00:00\",\"breadcrumb\":{\"@id\":\"https:\\\/\\\/www.coolturalia.com\\\/fr\\\/event\\\/semaine-de-la-durabilite-2026\\\/#breadcrumb\"},\"inLanguage\":\"fr-FR\",\"potentialAction\":[{\"@type\":\"ReadAction\",\"target\":[\"https:\\\/\\\/www.coolturalia.com\\\/fr\\\/event\\\/semaine-de-la-durabilite-2026\\\/\"]}]},{\"@type\":\"ImageObject\",\"inLanguage\":\"fr-FR\",\"@id\":\"https:\\\/\\\/www.coolturalia.com\\\/fr\\\/event\\\/semaine-de-la-durabilite-2026\\\/#primaryimage\",\"url\":\"https:\\\/\\\/www.coolturalia.com\\\/wp-content\\\/uploads\\\/2026\\\/04\\\/Sustainability-Week-2026.webp\",\"contentUrl\":\"https:\\\/\\\/www.coolturalia.com\\\/wp-content\\\/uploads\\\/2026\\\/04\\\/Sustainability-Week-2026.webp\",\"width\":1600,\"height\":800,\"caption\":\"undefined\"},{\"@type\":\"BreadcrumbList\",\"@id\":\"https:\\\/\\\/www.coolturalia.com\\\/fr\\\/event\\\/semaine-de-la-durabilite-2026\\\/#breadcrumb\",\"itemListElement\":[{\"@type\":\"ListItem\",\"position\":1,\"name\":\"Home\",\"item\":\"https:\\\/\\\/www.coolturalia.com\\\/fr\\\/\"},{\"@type\":\"ListItem\",\"position\":2,\"name\":\"Events\",\"item\":\"https:\\\/\\\/www.coolturalia.com\\\/fr\\\/events\\\/\"},{\"@type\":\"ListItem\",\"position\":3,\"name\":\"Semaine de la durabilit\u00e9 2026\"}]},{\"@type\":\"WebSite\",\"@id\":\"https:\\\/\\\/www.coolturalia.com\\\/fr\\\/#website\",\"url\":\"https:\\\/\\\/www.coolturalia.com\\\/fr\\\/\",\"name\":\"Coolturalia\",\"description\":\"\",\"publisher\":{\"@id\":\"https:\\\/\\\/www.coolturalia.com\\\/fr\\\/#organization\"},\"potentialAction\":[{\"@type\":\"SearchAction\",\"target\":{\"@type\":\"EntryPoint\",\"urlTemplate\":\"https:\\\/\\\/www.coolturalia.com\\\/fr\\\/?s={search_term_string}\"},\"query-input\":{\"@type\":\"PropertyValueSpecification\",\"valueRequired\":true,\"valueName\":\"search_term_string\"}}],\"inLanguage\":\"fr-FR\"},{\"@type\":\"Organization\",\"@id\":\"https:\\\/\\\/www.coolturalia.com\\\/fr\\\/#organization\",\"name\":\"Coolturalia\",\"url\":\"https:\\\/\\\/www.coolturalia.com\\\/fr\\\/\",\"logo\":{\"@type\":\"ImageObject\",\"inLanguage\":\"fr-FR\",\"@id\":\"https:\\\/\\\/www.coolturalia.com\\\/fr\\\/#\\\/schema\\\/logo\\\/image\\\/\",\"url\":\"https:\\\/\\\/www.coolturalia.com\\\/wp-content\\\/uploads\\\/2024\\\/04\\\/Logo-coolturalia.svg\",\"contentUrl\":\"https:\\\/\\\/www.coolturalia.com\\\/wp-content\\\/uploads\\\/2024\\\/04\\\/Logo-coolturalia.svg\",\"width\":1312,\"height\":193,\"caption\":\"Coolturalia\"},\"image\":{\"@id\":\"https:\\\/\\\/www.coolturalia.com\\\/fr\\\/#\\\/schema\\\/logo\\\/image\\\/\"},\"sameAs\":[\"https:\\\/\\\/www.instagram.com\\\/coolturalia_geneva\\\/\"]}]}<\/script>\n<!-- \/ Yoast SEO plugin. -->","yoast_head_json":{"title":"Semaine de la durabilit\u00e9 2026 - Coolturalia","robots":{"index":"index","follow":"follow","max-snippet":"max-snippet:-1","max-image-preview":"max-image-preview:large","max-video-preview":"max-video-preview:-1"},"canonical":"https:\/\/www.coolturalia.com\/fr\/event\/semaine-de-la-durabilite-2026\/","og_locale":"fr_FR","og_type":"article","og_title":"Semaine de la durabilit\u00e9 2026 - Coolturalia","og_description":"La Semaine de la durabilit\u00e9 est un projet \u00e9tudiant qui rassemble \u00e9tudiantes et \u00e9tudiants, personnel et public autour des pratiques durables et de l&rsquo;action collective. Pendant la semaine, la communaut\u00e9 peut participer \u00e0 des ateliers et \u00e9changes de comp\u00e9tences : caravane de troc, ateliers de couture, r\u00e9paration, reliure et fabrication de papier, programme sant\u00e9 plan\u00e9taire, [&hellip;]","og_url":"https:\/\/www.coolturalia.com\/fr\/event\/semaine-de-la-durabilite-2026\/","og_site_name":"Coolturalia","og_image":[{"width":150,"height":150,"url":"https:\/\/www.coolturalia.com\/wp-content\/uploads\/2024\/04\/favicon-coolturalia-2.png","type":"image\/png"}],"twitter_card":"summary_large_image","schema":{"@context":"https:\/\/schema.org","@graph":[{"@type":"WebPage","@id":"https:\/\/www.coolturalia.com\/fr\/event\/semaine-de-la-durabilite-2026\/","url":"https:\/\/www.coolturalia.com\/fr\/event\/semaine-de-la-durabilite-2026\/","name":"Semaine de la durabilit\u00e9 2026 - Coolturalia","isPartOf":{"@id":"https:\/\/www.coolturalia.com\/fr\/#website"},"primaryImageOfPage":{"@id":"https:\/\/www.coolturalia.com\/fr\/event\/semaine-de-la-durabilite-2026\/#primaryimage"},"image":{"@id":"https:\/\/www.coolturalia.com\/fr\/event\/semaine-de-la-durabilite-2026\/#primaryimage"},"thumbnailUrl":"https:\/\/www.coolturalia.com\/wp-content\/uploads\/2026\/04\/Sustainability-Week-2026.webp","datePublished":"2026-04-29T14:05:51+00:00","breadcrumb":{"@id":"https:\/\/www.coolturalia.com\/fr\/event\/semaine-de-la-durabilite-2026\/#breadcrumb"},"inLanguage":"fr-FR","potentialAction":[{"@type":"ReadAction","target":["https:\/\/www.coolturalia.com\/fr\/event\/semaine-de-la-durabilite-2026\/"]}]},{"@type":"ImageObject","inLanguage":"fr-FR","@id":"https:\/\/www.coolturalia.com\/fr\/event\/semaine-de-la-durabilite-2026\/#primaryimage","url":"https:\/\/www.coolturalia.com\/wp-content\/uploads\/2026\/04\/Sustainability-Week-2026.webp","contentUrl":"https:\/\/www.coolturalia.com\/wp-content\/uploads\/2026\/04\/Sustainability-Week-2026.webp","width":1600,"height":800,"caption":"undefined"},{"@type":"BreadcrumbList","@id":"https:\/\/www.coolturalia.com\/fr\/event\/semaine-de-la-durabilite-2026\/#breadcrumb","itemListElement":[{"@type":"ListItem","position":1,"name":"Home","item":"https:\/\/www.coolturalia.com\/fr\/"},{"@type":"ListItem","position":2,"name":"Events","item":"https:\/\/www.coolturalia.com\/fr\/events\/"},{"@type":"ListItem","position":3,"name":"Semaine de la durabilit\u00e9 2026"}]},{"@type":"WebSite","@id":"https:\/\/www.coolturalia.com\/fr\/#website","url":"https:\/\/www.coolturalia.com\/fr\/","name":"Coolturalia","description":"","publisher":{"@id":"https:\/\/www.coolturalia.com\/fr\/#organization"},"potentialAction":[{"@type":"SearchAction","target":{"@type":"EntryPoint","urlTemplate":"https:\/\/www.coolturalia.com\/fr\/?s={search_term_string}"},"query-input":{"@type":"PropertyValueSpecification","valueRequired":true,"valueName":"search_term_string"}}],"inLanguage":"fr-FR"},{"@type":"Organization","@id":"https:\/\/www.coolturalia.com\/fr\/#organization","name":"Coolturalia","url":"https:\/\/www.coolturalia.com\/fr\/","logo":{"@type":"ImageObject","inLanguage":"fr-FR","@id":"https:\/\/www.coolturalia.com\/fr\/#\/schema\/logo\/image\/","url":"https:\/\/www.coolturalia.com\/wp-content\/uploads\/2024\/04\/Logo-coolturalia.svg","contentUrl":"https:\/\/www.coolturalia.com\/wp-content\/uploads\/2024\/04\/Logo-coolturalia.svg","width":1312,"height":193,"caption":"Coolturalia"},"image":{"@id":"https:\/\/www.coolturalia.com\/fr\/#\/schema\/logo\/image\/"},"sameAs":["https:\/\/www.instagram.com\/coolturalia_geneva\/"]}]}},"translations":{"translations":{"en":"188662","fr":"188663"},"language":{"code":"fr"},"date":{"dateRange":"4 - 9 mai"}},"language":{"code":"fr"},"_links":{"self":[{"href":"https:\/\/www.coolturalia.com\/fr\/wp-json\/wp\/v2\/event\/188663","targetHints":{"allow":["GET"]}}],"collection":[{"href":"https:\/\/www.coolturalia.com\/fr\/wp-json\/wp\/v2\/event"}],"about":[{"href":"https:\/\/www.coolturalia.com\/fr\/wp-json\/wp\/v2\/types\/event"}],"version-history":[{"count":0,"href":"https:\/\/www.coolturalia.com\/fr\/wp-json\/wp\/v2\/event\/188663\/revisions"}],"wp:featuredmedia":[{"embeddable":true,"href":"https:\/\/www.coolturalia.com\/fr\/wp-json\/wp\/v2\/media\/188661"}],"wp:attachment":[{"href":"https:\/\/www.coolturalia.com\/fr\/wp-json\/wp\/v2\/media?parent=188663"}],"wp:term":[{"taxonomy":"post_tag","embeddable":true,"href":"https:\/\/www.coolturalia.com\/fr\/wp-json\/wp\/v2\/tags?post=188663"},{"taxonomy":"event-category","embeddable":true,"href":"https:\/\/www.coolturalia.com\/fr\/wp-json\/wp\/v2\/event-category?post=188663"},{"taxonomy":"event-venue","embeddable":true,"href":"https:\/\/www.coolturalia.com\/fr\/wp-json\/wp\/v2\/event-venue?post=188663"}],"curies":[{"name":"wp","href":"https:\/\/api.w.org\/{rel}","templated":true}]}}