{"id":188648,"date":"2026-04-29T15:04:49","date_gmt":"2026-04-29T14:04:49","guid":{"rendered":"https:\/\/www.coolturalia.com\/event\/festival-de-bellerive\/"},"modified":"2026-04-29T15:04:49","modified_gmt":"2026-04-29T14:04:49","slug":"festival-de-bellerive","status":"publish","type":"event","link":"https:\/\/www.coolturalia.com\/fr\/event\/festival-de-bellerive\/","title":{"rendered":"Festival de Bellerive"},"content":{"rendered":"<p>Bellerive Festival propose un programme de musique de chambre et symphonique qui va du classicisme aux voix romantiques et du d\u00e9but du XXe si\u00e8cle. Les soir\u00e9es mettent en lumi\u00e8re Beethoven, Dvo\u0159\u00e1k, Schubert, Mahler et Mendelssohn, ainsi que des cycles consacr\u00e9s \u00e0 Grieg, Tcha\u00efkovski et au r\u00e9pertoire new-yorkais. Une exposition photographique de Michel Juvet accompagne la programmation, cr\u00e9ant un dialogue visuel avec les concerts. Le festival mise sur la finesse de l&rsquo;ensemble, la clart\u00e9 des phras\u00e9s et une atmosph\u00e8re intime.<\/p>\n","protected":false},"excerpt":{"rendered":"<p>Bellerive Festival propose un programme de musique de chambre et symphonique qui va du classicisme aux voix romantiques et du d\u00e9but du XXe si\u00e8cle. Les soir\u00e9es mettent en lumi\u00e8re Beethoven, Dvo\u0159\u00e1k, Schubert, Mahler et Mendelssohn, ainsi que des cycles consacr\u00e9s \u00e0 Grieg, Tcha\u00efkovski et au r\u00e9pertoire new-yorkais. Une exposition photographique de Michel Juvet accompagne la [&hellip;]<\/p>\n","protected":false},"featured_media":188646,"parent":0,"menu_order":0,"template":"","format":"standard","meta":{"_acf_changed":false,"footnotes":""},"tags":[],"event-category":[444],"event-venue":[784],"class_list":["post-188648","event","type-event","status-publish","format-standard","has-post-thumbnail","hentry","event-category-spectacles","event-venue-ferme-de-saint-maurice-fr"],"acf":{"price":"","date":"7 - 15 juillet","start_date":"2026-07-07 22:30:00","end_date":"2026-07-15 22:30:00","website_link":"https:\/\/www.bellerive-festival.ch\/","link_buy_tickets":"","highlighted":false,"photo_credit":"","timings":[{"timing_start_date":"2026-07-07 22:30:00","timing_end_date":"2026-07-08 00:30:00"},{"timing_start_date":"2026-07-08 12:00:00","timing_end_date":"2026-07-08 20:00:00"},{"timing_start_date":"2026-07-09 22:30:00","timing_end_date":"2026-07-10 00:30:00"},{"timing_start_date":"2026-07-10 22:30:00","timing_end_date":"2026-07-11 00:30:00"},{"timing_start_date":"2026-07-11 12:00:00","timing_end_date":"2026-07-11 20:00:00"},{"timing_start_date":"2026-07-12 13:30:00","timing_end_date":"2026-07-12 15:30:00"},{"timing_start_date":"2026-07-13 22:30:00","timing_end_date":"2026-07-14 00:30:00"},{"timing_start_date":"2026-07-14 22:30:00","timing_end_date":"2026-07-15 00:30:00"},{"timing_start_date":"2026-07-15 22:30:00","timing_end_date":"2026-07-16 00:30:00"}],"external_id":""},"yoast_head":"<!-- This site is optimized with the Yoast SEO plugin v27.5 - https:\/\/yoast.com\/product\/yoast-seo-wordpress\/ -->\n<title>Festival de Bellerive - Coolturalia<\/title>\n<meta name=\"robots\" content=\"index, follow, max-snippet:-1, max-image-preview:large, max-video-preview:-1\" \/>\n<link rel=\"canonical\" href=\"https:\/\/www.coolturalia.com\/fr\/event\/festival-de-bellerive\/\" \/>\n<meta property=\"og:locale\" content=\"fr_FR\" \/>\n<meta property=\"og:type\" content=\"article\" \/>\n<meta property=\"og:title\" content=\"Festival de Bellerive - Coolturalia\" \/>\n<meta property=\"og:description\" content=\"Bellerive Festival propose un programme de musique de chambre et symphonique qui va du classicisme aux voix romantiques et du d\u00e9but du XXe si\u00e8cle. Les soir\u00e9es mettent en lumi\u00e8re Beethoven, Dvo\u0159\u00e1k, Schubert, Mahler et Mendelssohn, ainsi que des cycles consacr\u00e9s \u00e0 Grieg, Tcha\u00efkovski et au r\u00e9pertoire new-yorkais. Une exposition photographique de Michel Juvet accompagne la [&hellip;]\" \/>\n<meta property=\"og:url\" content=\"https:\/\/www.coolturalia.com\/fr\/event\/festival-de-bellerive\/\" \/>\n<meta property=\"og:site_name\" content=\"Coolturalia\" \/>\n<meta property=\"og:image\" content=\"https:\/\/www.coolturalia.com\/wp-content\/uploads\/2024\/04\/favicon-coolturalia-2.png\" \/>\n\t<meta property=\"og:image:width\" content=\"150\" \/>\n\t<meta property=\"og:image:height\" content=\"150\" \/>\n\t<meta property=\"og:image:type\" content=\"image\/png\" \/>\n<meta name=\"twitter:card\" content=\"summary_large_image\" \/>\n<script type=\"application\/ld+json\" class=\"yoast-schema-graph\">{\"@context\":\"https:\\\/\\\/schema.org\",\"@graph\":[{\"@type\":\"WebPage\",\"@id\":\"https:\\\/\\\/www.coolturalia.com\\\/fr\\\/event\\\/festival-de-bellerive\\\/\",\"url\":\"https:\\\/\\\/www.coolturalia.com\\\/fr\\\/event\\\/festival-de-bellerive\\\/\",\"name\":\"Festival de Bellerive - Coolturalia\",\"isPartOf\":{\"@id\":\"https:\\\/\\\/www.coolturalia.com\\\/fr\\\/#website\"},\"primaryImageOfPage\":{\"@id\":\"https:\\\/\\\/www.coolturalia.com\\\/fr\\\/event\\\/festival-de-bellerive\\\/#primaryimage\"},\"image\":{\"@id\":\"https:\\\/\\\/www.coolturalia.com\\\/fr\\\/event\\\/festival-de-bellerive\\\/#primaryimage\"},\"thumbnailUrl\":\"https:\\\/\\\/www.coolturalia.com\\\/wp-content\\\/uploads\\\/2026\\\/04\\\/Bellerive-Festival.webp\",\"datePublished\":\"2026-04-29T14:04:49+00:00\",\"breadcrumb\":{\"@id\":\"https:\\\/\\\/www.coolturalia.com\\\/fr\\\/event\\\/festival-de-bellerive\\\/#breadcrumb\"},\"inLanguage\":\"fr-FR\",\"potentialAction\":[{\"@type\":\"ReadAction\",\"target\":[\"https:\\\/\\\/www.coolturalia.com\\\/fr\\\/event\\\/festival-de-bellerive\\\/\"]}]},{\"@type\":\"ImageObject\",\"inLanguage\":\"fr-FR\",\"@id\":\"https:\\\/\\\/www.coolturalia.com\\\/fr\\\/event\\\/festival-de-bellerive\\\/#primaryimage\",\"url\":\"https:\\\/\\\/www.coolturalia.com\\\/wp-content\\\/uploads\\\/2026\\\/04\\\/Bellerive-Festival.webp\",\"contentUrl\":\"https:\\\/\\\/www.coolturalia.com\\\/wp-content\\\/uploads\\\/2026\\\/04\\\/Bellerive-Festival.webp\",\"width\":2000,\"height\":1181,\"caption\":\"undefined\"},{\"@type\":\"BreadcrumbList\",\"@id\":\"https:\\\/\\\/www.coolturalia.com\\\/fr\\\/event\\\/festival-de-bellerive\\\/#breadcrumb\",\"itemListElement\":[{\"@type\":\"ListItem\",\"position\":1,\"name\":\"Home\",\"item\":\"https:\\\/\\\/www.coolturalia.com\\\/fr\\\/\"},{\"@type\":\"ListItem\",\"position\":2,\"name\":\"Events\",\"item\":\"https:\\\/\\\/www.coolturalia.com\\\/fr\\\/events\\\/\"},{\"@type\":\"ListItem\",\"position\":3,\"name\":\"Festival de Bellerive\"}]},{\"@type\":\"WebSite\",\"@id\":\"https:\\\/\\\/www.coolturalia.com\\\/fr\\\/#website\",\"url\":\"https:\\\/\\\/www.coolturalia.com\\\/fr\\\/\",\"name\":\"Coolturalia\",\"description\":\"\",\"publisher\":{\"@id\":\"https:\\\/\\\/www.coolturalia.com\\\/fr\\\/#organization\"},\"potentialAction\":[{\"@type\":\"SearchAction\",\"target\":{\"@type\":\"EntryPoint\",\"urlTemplate\":\"https:\\\/\\\/www.coolturalia.com\\\/fr\\\/?s={search_term_string}\"},\"query-input\":{\"@type\":\"PropertyValueSpecification\",\"valueRequired\":true,\"valueName\":\"search_term_string\"}}],\"inLanguage\":\"fr-FR\"},{\"@type\":\"Organization\",\"@id\":\"https:\\\/\\\/www.coolturalia.com\\\/fr\\\/#organization\",\"name\":\"Coolturalia\",\"url\":\"https:\\\/\\\/www.coolturalia.com\\\/fr\\\/\",\"logo\":{\"@type\":\"ImageObject\",\"inLanguage\":\"fr-FR\",\"@id\":\"https:\\\/\\\/www.coolturalia.com\\\/fr\\\/#\\\/schema\\\/logo\\\/image\\\/\",\"url\":\"https:\\\/\\\/www.coolturalia.com\\\/wp-content\\\/uploads\\\/2024\\\/04\\\/Logo-coolturalia.svg\",\"contentUrl\":\"https:\\\/\\\/www.coolturalia.com\\\/wp-content\\\/uploads\\\/2024\\\/04\\\/Logo-coolturalia.svg\",\"width\":1312,\"height\":193,\"caption\":\"Coolturalia\"},\"image\":{\"@id\":\"https:\\\/\\\/www.coolturalia.com\\\/fr\\\/#\\\/schema\\\/logo\\\/image\\\/\"},\"sameAs\":[\"https:\\\/\\\/www.instagram.com\\\/coolturalia_geneva\\\/\"]}]}<\/script>\n<!-- \/ Yoast SEO plugin. -->","yoast_head_json":{"title":"Festival de Bellerive - Coolturalia","robots":{"index":"index","follow":"follow","max-snippet":"max-snippet:-1","max-image-preview":"max-image-preview:large","max-video-preview":"max-video-preview:-1"},"canonical":"https:\/\/www.coolturalia.com\/fr\/event\/festival-de-bellerive\/","og_locale":"fr_FR","og_type":"article","og_title":"Festival de Bellerive - Coolturalia","og_description":"Bellerive Festival propose un programme de musique de chambre et symphonique qui va du classicisme aux voix romantiques et du d\u00e9but du XXe si\u00e8cle. Les soir\u00e9es mettent en lumi\u00e8re Beethoven, Dvo\u0159\u00e1k, Schubert, Mahler et Mendelssohn, ainsi que des cycles consacr\u00e9s \u00e0 Grieg, Tcha\u00efkovski et au r\u00e9pertoire new-yorkais. Une exposition photographique de Michel Juvet accompagne la [&hellip;]","og_url":"https:\/\/www.coolturalia.com\/fr\/event\/festival-de-bellerive\/","og_site_name":"Coolturalia","og_image":[{"width":150,"height":150,"url":"https:\/\/www.coolturalia.com\/wp-content\/uploads\/2024\/04\/favicon-coolturalia-2.png","type":"image\/png"}],"twitter_card":"summary_large_image","schema":{"@context":"https:\/\/schema.org","@graph":[{"@type":"WebPage","@id":"https:\/\/www.coolturalia.com\/fr\/event\/festival-de-bellerive\/","url":"https:\/\/www.coolturalia.com\/fr\/event\/festival-de-bellerive\/","name":"Festival de Bellerive - Coolturalia","isPartOf":{"@id":"https:\/\/www.coolturalia.com\/fr\/#website"},"primaryImageOfPage":{"@id":"https:\/\/www.coolturalia.com\/fr\/event\/festival-de-bellerive\/#primaryimage"},"image":{"@id":"https:\/\/www.coolturalia.com\/fr\/event\/festival-de-bellerive\/#primaryimage"},"thumbnailUrl":"https:\/\/www.coolturalia.com\/wp-content\/uploads\/2026\/04\/Bellerive-Festival.webp","datePublished":"2026-04-29T14:04:49+00:00","breadcrumb":{"@id":"https:\/\/www.coolturalia.com\/fr\/event\/festival-de-bellerive\/#breadcrumb"},"inLanguage":"fr-FR","potentialAction":[{"@type":"ReadAction","target":["https:\/\/www.coolturalia.com\/fr\/event\/festival-de-bellerive\/"]}]},{"@type":"ImageObject","inLanguage":"fr-FR","@id":"https:\/\/www.coolturalia.com\/fr\/event\/festival-de-bellerive\/#primaryimage","url":"https:\/\/www.coolturalia.com\/wp-content\/uploads\/2026\/04\/Bellerive-Festival.webp","contentUrl":"https:\/\/www.coolturalia.com\/wp-content\/uploads\/2026\/04\/Bellerive-Festival.webp","width":2000,"height":1181,"caption":"undefined"},{"@type":"BreadcrumbList","@id":"https:\/\/www.coolturalia.com\/fr\/event\/festival-de-bellerive\/#breadcrumb","itemListElement":[{"@type":"ListItem","position":1,"name":"Home","item":"https:\/\/www.coolturalia.com\/fr\/"},{"@type":"ListItem","position":2,"name":"Events","item":"https:\/\/www.coolturalia.com\/fr\/events\/"},{"@type":"ListItem","position":3,"name":"Festival de Bellerive"}]},{"@type":"WebSite","@id":"https:\/\/www.coolturalia.com\/fr\/#website","url":"https:\/\/www.coolturalia.com\/fr\/","name":"Coolturalia","description":"","publisher":{"@id":"https:\/\/www.coolturalia.com\/fr\/#organization"},"potentialAction":[{"@type":"SearchAction","target":{"@type":"EntryPoint","urlTemplate":"https:\/\/www.coolturalia.com\/fr\/?s={search_term_string}"},"query-input":{"@type":"PropertyValueSpecification","valueRequired":true,"valueName":"search_term_string"}}],"inLanguage":"fr-FR"},{"@type":"Organization","@id":"https:\/\/www.coolturalia.com\/fr\/#organization","name":"Coolturalia","url":"https:\/\/www.coolturalia.com\/fr\/","logo":{"@type":"ImageObject","inLanguage":"fr-FR","@id":"https:\/\/www.coolturalia.com\/fr\/#\/schema\/logo\/image\/","url":"https:\/\/www.coolturalia.com\/wp-content\/uploads\/2024\/04\/Logo-coolturalia.svg","contentUrl":"https:\/\/www.coolturalia.com\/wp-content\/uploads\/2024\/04\/Logo-coolturalia.svg","width":1312,"height":193,"caption":"Coolturalia"},"image":{"@id":"https:\/\/www.coolturalia.com\/fr\/#\/schema\/logo\/image\/"},"sameAs":["https:\/\/www.instagram.com\/coolturalia_geneva\/"]}]}},"translations":{"translations":{"en":"188647","fr":"188648"},"language":{"code":"fr"},"date":{"dateRange":"7 - 15 juillet"}},"language":{"code":"fr"},"_links":{"self":[{"href":"https:\/\/www.coolturalia.com\/fr\/wp-json\/wp\/v2\/event\/188648","targetHints":{"allow":["GET"]}}],"collection":[{"href":"https:\/\/www.coolturalia.com\/fr\/wp-json\/wp\/v2\/event"}],"about":[{"href":"https:\/\/www.coolturalia.com\/fr\/wp-json\/wp\/v2\/types\/event"}],"version-history":[{"count":0,"href":"https:\/\/www.coolturalia.com\/fr\/wp-json\/wp\/v2\/event\/188648\/revisions"}],"wp:featuredmedia":[{"embeddable":true,"href":"https:\/\/www.coolturalia.com\/fr\/wp-json\/wp\/v2\/media\/188646"}],"wp:attachment":[{"href":"https:\/\/www.coolturalia.com\/fr\/wp-json\/wp\/v2\/media?parent=188648"}],"wp:term":[{"taxonomy":"post_tag","embeddable":true,"href":"https:\/\/www.coolturalia.com\/fr\/wp-json\/wp\/v2\/tags?post=188648"},{"taxonomy":"event-category","embeddable":true,"href":"https:\/\/www.coolturalia.com\/fr\/wp-json\/wp\/v2\/event-category?post=188648"},{"taxonomy":"event-venue","embeddable":true,"href":"https:\/\/www.coolturalia.com\/fr\/wp-json\/wp\/v2\/event-venue?post=188648"}],"curies":[{"name":"wp","href":"https:\/\/api.w.org\/{rel}","templated":true}]}}