{"id":188464,"date":"2026-04-28T15:18:06","date_gmt":"2026-04-28T14:18:06","guid":{"rendered":"https:\/\/www.coolturalia.com\/event\/florent-pagny-65-tour-le-retour-2\/"},"modified":"2026-04-28T15:18:06","modified_gmt":"2026-04-28T14:18:06","slug":"florent-pagny-65-tour-le-retour-2","status":"publish","type":"event","link":"https:\/\/www.coolturalia.com\/fr\/event\/florent-pagny-65-tour-le-retour-2\/","title":{"rendered":"Florent Pagny \u2014 65 tour \u2013 le retour"},"content":{"rendered":"<p>Apr\u00e8s quatre arenas complets, Florent Pagny revient avec le 65 Tour\u2013Le retour, un concert qui m\u00eale ballades intimistes et hymnes puissants. Sa voix expressive et sa pr\u00e9sence sc\u00e9nique s&rsquo;appuient sur des arrangements cisel\u00e9s et une mise en sc\u00e8ne contemporaine, alternant s\u00e9quences acoustiques \u00e9pur\u00e9es et mont\u00e9es en intensit\u00e9 du groupe. Le programme revisite des titres embl\u00e9matiques en versions renouvel\u00e9es, offrant une exp\u00e9rience \u00e0 la fois r\u00e9fl\u00e9chie et visc\u00e9rale, ax\u00e9e sur la couleur vocale et l\u2019\u00e9change \u00e9motionnel avec le public.<\/p>\n","protected":false},"excerpt":{"rendered":"<p>Apr\u00e8s quatre arenas complets, Florent Pagny revient avec le 65 Tour\u2013Le retour, un concert qui m\u00eale ballades intimistes et hymnes puissants. Sa voix expressive et sa pr\u00e9sence sc\u00e9nique s&rsquo;appuient sur des arrangements cisel\u00e9s et une mise en sc\u00e8ne contemporaine, alternant s\u00e9quences acoustiques \u00e9pur\u00e9es et mont\u00e9es en intensit\u00e9 du groupe. Le programme revisite des titres embl\u00e9matiques [&hellip;]<\/p>\n","protected":false},"featured_media":188462,"parent":0,"menu_order":0,"template":"","format":"standard","meta":{"_acf_changed":false,"footnotes":""},"tags":[996],"event-category":[444],"event-venue":[582],"class_list":["post-188464","event","type-event","status-publish","format-standard","has-post-thumbnail","hentry","tag-portrait-image","event-category-spectacles","event-venue-arena-fr"],"acf":{"price":"Sur r\u00e9servation","date":"2 d\u00e9cembre - 14 janvier","start_date":"2026-12-02 21:00:00","end_date":"2027-01-14 23:00:00","website_link":"https:\/\/www.geneva-arena.ch\/fr\/events\/florent-pagny-4","link_buy_tickets":"","highlighted":false,"photo_credit":"","timings":[{"timing_start_date":"2026-12-02 21:00:00","timing_end_date":"2026-12-02 23:00:00"},{"timing_start_date":"2027-01-14 21:00:00","timing_end_date":"2027-01-14 23:00:00"}],"external_id":""},"yoast_head":"<!-- This site is optimized with the Yoast SEO plugin v27.5 - https:\/\/yoast.com\/product\/yoast-seo-wordpress\/ -->\n<title>Florent Pagny \u2014 65 tour \u2013 le retour - Coolturalia<\/title>\n<meta name=\"robots\" content=\"index, follow, max-snippet:-1, max-image-preview:large, max-video-preview:-1\" \/>\n<link rel=\"canonical\" href=\"https:\/\/www.coolturalia.com\/fr\/event\/florent-pagny-65-tour-le-retour-2\/\" \/>\n<meta property=\"og:locale\" content=\"fr_FR\" \/>\n<meta property=\"og:type\" content=\"article\" \/>\n<meta property=\"og:title\" content=\"Florent Pagny \u2014 65 tour \u2013 le retour - Coolturalia\" \/>\n<meta property=\"og:description\" content=\"Apr\u00e8s quatre arenas complets, Florent Pagny revient avec le 65 Tour\u2013Le retour, un concert qui m\u00eale ballades intimistes et hymnes puissants. Sa voix expressive et sa pr\u00e9sence sc\u00e9nique s&rsquo;appuient sur des arrangements cisel\u00e9s et une mise en sc\u00e8ne contemporaine, alternant s\u00e9quences acoustiques \u00e9pur\u00e9es et mont\u00e9es en intensit\u00e9 du groupe. Le programme revisite des titres embl\u00e9matiques [&hellip;]\" \/>\n<meta property=\"og:url\" content=\"https:\/\/www.coolturalia.com\/fr\/event\/florent-pagny-65-tour-le-retour-2\/\" \/>\n<meta property=\"og:site_name\" content=\"Coolturalia\" \/>\n<meta property=\"og:image\" content=\"https:\/\/www.coolturalia.com\/wp-content\/uploads\/2024\/04\/favicon-coolturalia-2.png\" \/>\n\t<meta property=\"og:image:width\" content=\"150\" \/>\n\t<meta property=\"og:image:height\" content=\"150\" \/>\n\t<meta property=\"og:image:type\" content=\"image\/png\" \/>\n<meta name=\"twitter:card\" content=\"summary_large_image\" \/>\n<script type=\"application\/ld+json\" class=\"yoast-schema-graph\">{\"@context\":\"https:\\\/\\\/schema.org\",\"@graph\":[{\"@type\":\"WebPage\",\"@id\":\"https:\\\/\\\/www.coolturalia.com\\\/fr\\\/event\\\/florent-pagny-65-tour-le-retour-2\\\/\",\"url\":\"https:\\\/\\\/www.coolturalia.com\\\/fr\\\/event\\\/florent-pagny-65-tour-le-retour-2\\\/\",\"name\":\"Florent Pagny \u2014 65 tour \u2013 le retour - Coolturalia\",\"isPartOf\":{\"@id\":\"https:\\\/\\\/www.coolturalia.com\\\/fr\\\/#website\"},\"primaryImageOfPage\":{\"@id\":\"https:\\\/\\\/www.coolturalia.com\\\/fr\\\/event\\\/florent-pagny-65-tour-le-retour-2\\\/#primaryimage\"},\"image\":{\"@id\":\"https:\\\/\\\/www.coolturalia.com\\\/fr\\\/event\\\/florent-pagny-65-tour-le-retour-2\\\/#primaryimage\"},\"thumbnailUrl\":\"https:\\\/\\\/www.coolturalia.com\\\/wp-content\\\/uploads\\\/2026\\\/04\\\/Florent-Pagny-65-Tour-Le-Retour.webp\",\"datePublished\":\"2026-04-28T14:18:06+00:00\",\"breadcrumb\":{\"@id\":\"https:\\\/\\\/www.coolturalia.com\\\/fr\\\/event\\\/florent-pagny-65-tour-le-retour-2\\\/#breadcrumb\"},\"inLanguage\":\"fr-FR\",\"potentialAction\":[{\"@type\":\"ReadAction\",\"target\":[\"https:\\\/\\\/www.coolturalia.com\\\/fr\\\/event\\\/florent-pagny-65-tour-le-retour-2\\\/\"]}]},{\"@type\":\"ImageObject\",\"inLanguage\":\"fr-FR\",\"@id\":\"https:\\\/\\\/www.coolturalia.com\\\/fr\\\/event\\\/florent-pagny-65-tour-le-retour-2\\\/#primaryimage\",\"url\":\"https:\\\/\\\/www.coolturalia.com\\\/wp-content\\\/uploads\\\/2026\\\/04\\\/Florent-Pagny-65-Tour-Le-Retour.webp\",\"contentUrl\":\"https:\\\/\\\/www.coolturalia.com\\\/wp-content\\\/uploads\\\/2026\\\/04\\\/Florent-Pagny-65-Tour-Le-Retour.webp\",\"width\":306,\"height\":428,\"caption\":\"undefined\"},{\"@type\":\"BreadcrumbList\",\"@id\":\"https:\\\/\\\/www.coolturalia.com\\\/fr\\\/event\\\/florent-pagny-65-tour-le-retour-2\\\/#breadcrumb\",\"itemListElement\":[{\"@type\":\"ListItem\",\"position\":1,\"name\":\"Home\",\"item\":\"https:\\\/\\\/www.coolturalia.com\\\/fr\\\/\"},{\"@type\":\"ListItem\",\"position\":2,\"name\":\"Events\",\"item\":\"https:\\\/\\\/www.coolturalia.com\\\/fr\\\/events\\\/\"},{\"@type\":\"ListItem\",\"position\":3,\"name\":\"Florent Pagny \u2014 65 tour \u2013 le retour\"}]},{\"@type\":\"WebSite\",\"@id\":\"https:\\\/\\\/www.coolturalia.com\\\/fr\\\/#website\",\"url\":\"https:\\\/\\\/www.coolturalia.com\\\/fr\\\/\",\"name\":\"Coolturalia\",\"description\":\"\",\"publisher\":{\"@id\":\"https:\\\/\\\/www.coolturalia.com\\\/fr\\\/#organization\"},\"potentialAction\":[{\"@type\":\"SearchAction\",\"target\":{\"@type\":\"EntryPoint\",\"urlTemplate\":\"https:\\\/\\\/www.coolturalia.com\\\/fr\\\/?s={search_term_string}\"},\"query-input\":{\"@type\":\"PropertyValueSpecification\",\"valueRequired\":true,\"valueName\":\"search_term_string\"}}],\"inLanguage\":\"fr-FR\"},{\"@type\":\"Organization\",\"@id\":\"https:\\\/\\\/www.coolturalia.com\\\/fr\\\/#organization\",\"name\":\"Coolturalia\",\"url\":\"https:\\\/\\\/www.coolturalia.com\\\/fr\\\/\",\"logo\":{\"@type\":\"ImageObject\",\"inLanguage\":\"fr-FR\",\"@id\":\"https:\\\/\\\/www.coolturalia.com\\\/fr\\\/#\\\/schema\\\/logo\\\/image\\\/\",\"url\":\"https:\\\/\\\/www.coolturalia.com\\\/wp-content\\\/uploads\\\/2024\\\/04\\\/Logo-coolturalia.svg\",\"contentUrl\":\"https:\\\/\\\/www.coolturalia.com\\\/wp-content\\\/uploads\\\/2024\\\/04\\\/Logo-coolturalia.svg\",\"width\":1312,\"height\":193,\"caption\":\"Coolturalia\"},\"image\":{\"@id\":\"https:\\\/\\\/www.coolturalia.com\\\/fr\\\/#\\\/schema\\\/logo\\\/image\\\/\"},\"sameAs\":[\"https:\\\/\\\/www.instagram.com\\\/coolturalia_geneva\\\/\"]}]}<\/script>\n<!-- \/ Yoast SEO plugin. -->","yoast_head_json":{"title":"Florent Pagny \u2014 65 tour \u2013 le retour - Coolturalia","robots":{"index":"index","follow":"follow","max-snippet":"max-snippet:-1","max-image-preview":"max-image-preview:large","max-video-preview":"max-video-preview:-1"},"canonical":"https:\/\/www.coolturalia.com\/fr\/event\/florent-pagny-65-tour-le-retour-2\/","og_locale":"fr_FR","og_type":"article","og_title":"Florent Pagny \u2014 65 tour \u2013 le retour - Coolturalia","og_description":"Apr\u00e8s quatre arenas complets, Florent Pagny revient avec le 65 Tour\u2013Le retour, un concert qui m\u00eale ballades intimistes et hymnes puissants. Sa voix expressive et sa pr\u00e9sence sc\u00e9nique s&rsquo;appuient sur des arrangements cisel\u00e9s et une mise en sc\u00e8ne contemporaine, alternant s\u00e9quences acoustiques \u00e9pur\u00e9es et mont\u00e9es en intensit\u00e9 du groupe. Le programme revisite des titres embl\u00e9matiques [&hellip;]","og_url":"https:\/\/www.coolturalia.com\/fr\/event\/florent-pagny-65-tour-le-retour-2\/","og_site_name":"Coolturalia","og_image":[{"width":150,"height":150,"url":"https:\/\/www.coolturalia.com\/wp-content\/uploads\/2024\/04\/favicon-coolturalia-2.png","type":"image\/png"}],"twitter_card":"summary_large_image","schema":{"@context":"https:\/\/schema.org","@graph":[{"@type":"WebPage","@id":"https:\/\/www.coolturalia.com\/fr\/event\/florent-pagny-65-tour-le-retour-2\/","url":"https:\/\/www.coolturalia.com\/fr\/event\/florent-pagny-65-tour-le-retour-2\/","name":"Florent Pagny \u2014 65 tour \u2013 le retour - Coolturalia","isPartOf":{"@id":"https:\/\/www.coolturalia.com\/fr\/#website"},"primaryImageOfPage":{"@id":"https:\/\/www.coolturalia.com\/fr\/event\/florent-pagny-65-tour-le-retour-2\/#primaryimage"},"image":{"@id":"https:\/\/www.coolturalia.com\/fr\/event\/florent-pagny-65-tour-le-retour-2\/#primaryimage"},"thumbnailUrl":"https:\/\/www.coolturalia.com\/wp-content\/uploads\/2026\/04\/Florent-Pagny-65-Tour-Le-Retour.webp","datePublished":"2026-04-28T14:18:06+00:00","breadcrumb":{"@id":"https:\/\/www.coolturalia.com\/fr\/event\/florent-pagny-65-tour-le-retour-2\/#breadcrumb"},"inLanguage":"fr-FR","potentialAction":[{"@type":"ReadAction","target":["https:\/\/www.coolturalia.com\/fr\/event\/florent-pagny-65-tour-le-retour-2\/"]}]},{"@type":"ImageObject","inLanguage":"fr-FR","@id":"https:\/\/www.coolturalia.com\/fr\/event\/florent-pagny-65-tour-le-retour-2\/#primaryimage","url":"https:\/\/www.coolturalia.com\/wp-content\/uploads\/2026\/04\/Florent-Pagny-65-Tour-Le-Retour.webp","contentUrl":"https:\/\/www.coolturalia.com\/wp-content\/uploads\/2026\/04\/Florent-Pagny-65-Tour-Le-Retour.webp","width":306,"height":428,"caption":"undefined"},{"@type":"BreadcrumbList","@id":"https:\/\/www.coolturalia.com\/fr\/event\/florent-pagny-65-tour-le-retour-2\/#breadcrumb","itemListElement":[{"@type":"ListItem","position":1,"name":"Home","item":"https:\/\/www.coolturalia.com\/fr\/"},{"@type":"ListItem","position":2,"name":"Events","item":"https:\/\/www.coolturalia.com\/fr\/events\/"},{"@type":"ListItem","position":3,"name":"Florent Pagny \u2014 65 tour \u2013 le retour"}]},{"@type":"WebSite","@id":"https:\/\/www.coolturalia.com\/fr\/#website","url":"https:\/\/www.coolturalia.com\/fr\/","name":"Coolturalia","description":"","publisher":{"@id":"https:\/\/www.coolturalia.com\/fr\/#organization"},"potentialAction":[{"@type":"SearchAction","target":{"@type":"EntryPoint","urlTemplate":"https:\/\/www.coolturalia.com\/fr\/?s={search_term_string}"},"query-input":{"@type":"PropertyValueSpecification","valueRequired":true,"valueName":"search_term_string"}}],"inLanguage":"fr-FR"},{"@type":"Organization","@id":"https:\/\/www.coolturalia.com\/fr\/#organization","name":"Coolturalia","url":"https:\/\/www.coolturalia.com\/fr\/","logo":{"@type":"ImageObject","inLanguage":"fr-FR","@id":"https:\/\/www.coolturalia.com\/fr\/#\/schema\/logo\/image\/","url":"https:\/\/www.coolturalia.com\/wp-content\/uploads\/2024\/04\/Logo-coolturalia.svg","contentUrl":"https:\/\/www.coolturalia.com\/wp-content\/uploads\/2024\/04\/Logo-coolturalia.svg","width":1312,"height":193,"caption":"Coolturalia"},"image":{"@id":"https:\/\/www.coolturalia.com\/fr\/#\/schema\/logo\/image\/"},"sameAs":["https:\/\/www.instagram.com\/coolturalia_geneva\/"]}]}},"translations":{"translations":{"en":"188463","fr":"188464"},"language":{"code":"fr"},"date":{"dateRange":"2 d\u00e9cembre - 14 janvier"}},"language":{"code":"fr"},"_links":{"self":[{"href":"https:\/\/www.coolturalia.com\/fr\/wp-json\/wp\/v2\/event\/188464","targetHints":{"allow":["GET"]}}],"collection":[{"href":"https:\/\/www.coolturalia.com\/fr\/wp-json\/wp\/v2\/event"}],"about":[{"href":"https:\/\/www.coolturalia.com\/fr\/wp-json\/wp\/v2\/types\/event"}],"version-history":[{"count":0,"href":"https:\/\/www.coolturalia.com\/fr\/wp-json\/wp\/v2\/event\/188464\/revisions"}],"wp:featuredmedia":[{"embeddable":true,"href":"https:\/\/www.coolturalia.com\/fr\/wp-json\/wp\/v2\/media\/188462"}],"wp:attachment":[{"href":"https:\/\/www.coolturalia.com\/fr\/wp-json\/wp\/v2\/media?parent=188464"}],"wp:term":[{"taxonomy":"post_tag","embeddable":true,"href":"https:\/\/www.coolturalia.com\/fr\/wp-json\/wp\/v2\/tags?post=188464"},{"taxonomy":"event-category","embeddable":true,"href":"https:\/\/www.coolturalia.com\/fr\/wp-json\/wp\/v2\/event-category?post=188464"},{"taxonomy":"event-venue","embeddable":true,"href":"https:\/\/www.coolturalia.com\/fr\/wp-json\/wp\/v2\/event-venue?post=188464"}],"curies":[{"name":"wp","href":"https:\/\/api.w.org\/{rel}","templated":true}]}}