{"id":188425,"date":"2026-04-28T15:15:25","date_gmt":"2026-04-28T14:15:25","guid":{"rendered":"https:\/\/www.coolturalia.com\/event\/la-legende-de-monte-cristo-le-musical-2\/"},"modified":"2026-04-28T15:15:25","modified_gmt":"2026-04-28T14:15:25","slug":"la-legende-de-monte-cristo-le-musical-2","status":"publish","type":"event","link":"https:\/\/www.coolturalia.com\/fr\/event\/la-legende-de-monte-cristo-le-musical-2\/","title":{"rendered":"La l\u00e9gende de Monte-Cristo \u2014 le musical"},"content":{"rendered":"<p>Mis en sc\u00e8ne par Serge Postigo, cette adaptation musicale du roman d&rsquo;Alexandre Dumas suit Edmond Dant\u00e8s, de la trahison et l&#8217;emprisonnement \u00e0 sa renaissance en comte de Monte\u2011Cristo. Avec Gjon\u2019s Tears et Philipinne Lavrey, et plus de vingt artistes sur sc\u00e8ne, la production m\u00eale chansons puissantes, chor\u00e9graphies \u00e9nergiques et une sc\u00e9nographie ambitieuse pour creuser des th\u00e8mes de l&rsquo;amour perdu, de la vengeance et de l&rsquo;identit\u00e9. Spectaculaire et intense, le spectacle mise sur la force vocale et la dramaturgie cin\u00e9matographique.<\/p>\n","protected":false},"excerpt":{"rendered":"<p>Mis en sc\u00e8ne par Serge Postigo, cette adaptation musicale du roman d&rsquo;Alexandre Dumas suit Edmond Dant\u00e8s, de la trahison et l&#8217;emprisonnement \u00e0 sa renaissance en comte de Monte\u2011Cristo. Avec Gjon\u2019s Tears et Philipinne Lavrey, et plus de vingt artistes sur sc\u00e8ne, la production m\u00eale chansons puissantes, chor\u00e9graphies \u00e9nergiques et une sc\u00e9nographie ambitieuse pour creuser des [&hellip;]<\/p>\n","protected":false},"featured_media":188423,"parent":0,"menu_order":0,"template":"","format":"standard","meta":{"_acf_changed":false,"footnotes":""},"tags":[996],"event-category":[444],"event-venue":[582],"class_list":["post-188425","event","type-event","status-publish","format-standard","has-post-thumbnail","hentry","tag-portrait-image","event-category-spectacles","event-venue-arena-fr"],"acf":{"price":"Sur r\u00e9servation","date":"Dimanche 14 juin, 17:00","start_date":"2026-06-14 19:00:00","end_date":"2026-06-14 21:00:00","website_link":"https:\/\/www.geneva-arena.ch\/fr\/events\/la-legende-de-monte-cristo","link_buy_tickets":"","highlighted":false,"photo_credit":"","timings":[{"timing_start_date":"2026-06-14 19:00:00","timing_end_date":"2026-06-14 21:00:00"}],"external_id":""},"yoast_head":"<!-- This site is optimized with the Yoast SEO plugin v27.5 - https:\/\/yoast.com\/product\/yoast-seo-wordpress\/ -->\n<title>La l\u00e9gende de Monte-Cristo \u2014 le musical - Coolturalia<\/title>\n<meta name=\"robots\" content=\"index, follow, max-snippet:-1, max-image-preview:large, max-video-preview:-1\" \/>\n<link rel=\"canonical\" href=\"https:\/\/www.coolturalia.com\/fr\/event\/la-legende-de-monte-cristo-le-musical-2\/\" \/>\n<meta property=\"og:locale\" content=\"fr_FR\" \/>\n<meta property=\"og:type\" content=\"article\" \/>\n<meta property=\"og:title\" content=\"La l\u00e9gende de Monte-Cristo \u2014 le musical - Coolturalia\" \/>\n<meta property=\"og:description\" content=\"Mis en sc\u00e8ne par Serge Postigo, cette adaptation musicale du roman d&rsquo;Alexandre Dumas suit Edmond Dant\u00e8s, de la trahison et l&#8217;emprisonnement \u00e0 sa renaissance en comte de Monte\u2011Cristo. Avec Gjon\u2019s Tears et Philipinne Lavrey, et plus de vingt artistes sur sc\u00e8ne, la production m\u00eale chansons puissantes, chor\u00e9graphies \u00e9nergiques et une sc\u00e9nographie ambitieuse pour creuser des [&hellip;]\" \/>\n<meta property=\"og:url\" content=\"https:\/\/www.coolturalia.com\/fr\/event\/la-legende-de-monte-cristo-le-musical-2\/\" \/>\n<meta property=\"og:site_name\" content=\"Coolturalia\" \/>\n<meta property=\"og:image\" content=\"https:\/\/www.coolturalia.com\/wp-content\/uploads\/2024\/04\/favicon-coolturalia-2.png\" \/>\n\t<meta property=\"og:image:width\" content=\"150\" \/>\n\t<meta property=\"og:image:height\" content=\"150\" \/>\n\t<meta property=\"og:image:type\" content=\"image\/png\" \/>\n<meta name=\"twitter:card\" content=\"summary_large_image\" \/>\n<script type=\"application\/ld+json\" class=\"yoast-schema-graph\">{\"@context\":\"https:\\\/\\\/schema.org\",\"@graph\":[{\"@type\":\"WebPage\",\"@id\":\"https:\\\/\\\/www.coolturalia.com\\\/fr\\\/event\\\/la-legende-de-monte-cristo-le-musical-2\\\/\",\"url\":\"https:\\\/\\\/www.coolturalia.com\\\/fr\\\/event\\\/la-legende-de-monte-cristo-le-musical-2\\\/\",\"name\":\"La l\u00e9gende de Monte-Cristo \u2014 le musical - Coolturalia\",\"isPartOf\":{\"@id\":\"https:\\\/\\\/www.coolturalia.com\\\/fr\\\/#website\"},\"primaryImageOfPage\":{\"@id\":\"https:\\\/\\\/www.coolturalia.com\\\/fr\\\/event\\\/la-legende-de-monte-cristo-le-musical-2\\\/#primaryimage\"},\"image\":{\"@id\":\"https:\\\/\\\/www.coolturalia.com\\\/fr\\\/event\\\/la-legende-de-monte-cristo-le-musical-2\\\/#primaryimage\"},\"thumbnailUrl\":\"https:\\\/\\\/www.coolturalia.com\\\/wp-content\\\/uploads\\\/2026\\\/04\\\/La-Legende-de-Monte-Cristo-Le-Musical.webp\",\"datePublished\":\"2026-04-28T14:15:25+00:00\",\"breadcrumb\":{\"@id\":\"https:\\\/\\\/www.coolturalia.com\\\/fr\\\/event\\\/la-legende-de-monte-cristo-le-musical-2\\\/#breadcrumb\"},\"inLanguage\":\"fr-FR\",\"potentialAction\":[{\"@type\":\"ReadAction\",\"target\":[\"https:\\\/\\\/www.coolturalia.com\\\/fr\\\/event\\\/la-legende-de-monte-cristo-le-musical-2\\\/\"]}]},{\"@type\":\"ImageObject\",\"inLanguage\":\"fr-FR\",\"@id\":\"https:\\\/\\\/www.coolturalia.com\\\/fr\\\/event\\\/la-legende-de-monte-cristo-le-musical-2\\\/#primaryimage\",\"url\":\"https:\\\/\\\/www.coolturalia.com\\\/wp-content\\\/uploads\\\/2026\\\/04\\\/La-Legende-de-Monte-Cristo-Le-Musical.webp\",\"contentUrl\":\"https:\\\/\\\/www.coolturalia.com\\\/wp-content\\\/uploads\\\/2026\\\/04\\\/La-Legende-de-Monte-Cristo-Le-Musical.webp\",\"width\":189,\"height\":267,\"caption\":\"undefined\"},{\"@type\":\"BreadcrumbList\",\"@id\":\"https:\\\/\\\/www.coolturalia.com\\\/fr\\\/event\\\/la-legende-de-monte-cristo-le-musical-2\\\/#breadcrumb\",\"itemListElement\":[{\"@type\":\"ListItem\",\"position\":1,\"name\":\"Home\",\"item\":\"https:\\\/\\\/www.coolturalia.com\\\/fr\\\/\"},{\"@type\":\"ListItem\",\"position\":2,\"name\":\"Events\",\"item\":\"https:\\\/\\\/www.coolturalia.com\\\/fr\\\/events\\\/\"},{\"@type\":\"ListItem\",\"position\":3,\"name\":\"La l\u00e9gende de Monte-Cristo \u2014 le musical\"}]},{\"@type\":\"WebSite\",\"@id\":\"https:\\\/\\\/www.coolturalia.com\\\/fr\\\/#website\",\"url\":\"https:\\\/\\\/www.coolturalia.com\\\/fr\\\/\",\"name\":\"Coolturalia\",\"description\":\"\",\"publisher\":{\"@id\":\"https:\\\/\\\/www.coolturalia.com\\\/fr\\\/#organization\"},\"potentialAction\":[{\"@type\":\"SearchAction\",\"target\":{\"@type\":\"EntryPoint\",\"urlTemplate\":\"https:\\\/\\\/www.coolturalia.com\\\/fr\\\/?s={search_term_string}\"},\"query-input\":{\"@type\":\"PropertyValueSpecification\",\"valueRequired\":true,\"valueName\":\"search_term_string\"}}],\"inLanguage\":\"fr-FR\"},{\"@type\":\"Organization\",\"@id\":\"https:\\\/\\\/www.coolturalia.com\\\/fr\\\/#organization\",\"name\":\"Coolturalia\",\"url\":\"https:\\\/\\\/www.coolturalia.com\\\/fr\\\/\",\"logo\":{\"@type\":\"ImageObject\",\"inLanguage\":\"fr-FR\",\"@id\":\"https:\\\/\\\/www.coolturalia.com\\\/fr\\\/#\\\/schema\\\/logo\\\/image\\\/\",\"url\":\"https:\\\/\\\/www.coolturalia.com\\\/wp-content\\\/uploads\\\/2024\\\/04\\\/Logo-coolturalia.svg\",\"contentUrl\":\"https:\\\/\\\/www.coolturalia.com\\\/wp-content\\\/uploads\\\/2024\\\/04\\\/Logo-coolturalia.svg\",\"width\":1312,\"height\":193,\"caption\":\"Coolturalia\"},\"image\":{\"@id\":\"https:\\\/\\\/www.coolturalia.com\\\/fr\\\/#\\\/schema\\\/logo\\\/image\\\/\"},\"sameAs\":[\"https:\\\/\\\/www.instagram.com\\\/coolturalia_geneva\\\/\"]}]}<\/script>\n<!-- \/ Yoast SEO plugin. -->","yoast_head_json":{"title":"La l\u00e9gende de Monte-Cristo \u2014 le musical - Coolturalia","robots":{"index":"index","follow":"follow","max-snippet":"max-snippet:-1","max-image-preview":"max-image-preview:large","max-video-preview":"max-video-preview:-1"},"canonical":"https:\/\/www.coolturalia.com\/fr\/event\/la-legende-de-monte-cristo-le-musical-2\/","og_locale":"fr_FR","og_type":"article","og_title":"La l\u00e9gende de Monte-Cristo \u2014 le musical - Coolturalia","og_description":"Mis en sc\u00e8ne par Serge Postigo, cette adaptation musicale du roman d&rsquo;Alexandre Dumas suit Edmond Dant\u00e8s, de la trahison et l&#8217;emprisonnement \u00e0 sa renaissance en comte de Monte\u2011Cristo. Avec Gjon\u2019s Tears et Philipinne Lavrey, et plus de vingt artistes sur sc\u00e8ne, la production m\u00eale chansons puissantes, chor\u00e9graphies \u00e9nergiques et une sc\u00e9nographie ambitieuse pour creuser des [&hellip;]","og_url":"https:\/\/www.coolturalia.com\/fr\/event\/la-legende-de-monte-cristo-le-musical-2\/","og_site_name":"Coolturalia","og_image":[{"width":150,"height":150,"url":"https:\/\/www.coolturalia.com\/wp-content\/uploads\/2024\/04\/favicon-coolturalia-2.png","type":"image\/png"}],"twitter_card":"summary_large_image","schema":{"@context":"https:\/\/schema.org","@graph":[{"@type":"WebPage","@id":"https:\/\/www.coolturalia.com\/fr\/event\/la-legende-de-monte-cristo-le-musical-2\/","url":"https:\/\/www.coolturalia.com\/fr\/event\/la-legende-de-monte-cristo-le-musical-2\/","name":"La l\u00e9gende de Monte-Cristo \u2014 le musical - Coolturalia","isPartOf":{"@id":"https:\/\/www.coolturalia.com\/fr\/#website"},"primaryImageOfPage":{"@id":"https:\/\/www.coolturalia.com\/fr\/event\/la-legende-de-monte-cristo-le-musical-2\/#primaryimage"},"image":{"@id":"https:\/\/www.coolturalia.com\/fr\/event\/la-legende-de-monte-cristo-le-musical-2\/#primaryimage"},"thumbnailUrl":"https:\/\/www.coolturalia.com\/wp-content\/uploads\/2026\/04\/La-Legende-de-Monte-Cristo-Le-Musical.webp","datePublished":"2026-04-28T14:15:25+00:00","breadcrumb":{"@id":"https:\/\/www.coolturalia.com\/fr\/event\/la-legende-de-monte-cristo-le-musical-2\/#breadcrumb"},"inLanguage":"fr-FR","potentialAction":[{"@type":"ReadAction","target":["https:\/\/www.coolturalia.com\/fr\/event\/la-legende-de-monte-cristo-le-musical-2\/"]}]},{"@type":"ImageObject","inLanguage":"fr-FR","@id":"https:\/\/www.coolturalia.com\/fr\/event\/la-legende-de-monte-cristo-le-musical-2\/#primaryimage","url":"https:\/\/www.coolturalia.com\/wp-content\/uploads\/2026\/04\/La-Legende-de-Monte-Cristo-Le-Musical.webp","contentUrl":"https:\/\/www.coolturalia.com\/wp-content\/uploads\/2026\/04\/La-Legende-de-Monte-Cristo-Le-Musical.webp","width":189,"height":267,"caption":"undefined"},{"@type":"BreadcrumbList","@id":"https:\/\/www.coolturalia.com\/fr\/event\/la-legende-de-monte-cristo-le-musical-2\/#breadcrumb","itemListElement":[{"@type":"ListItem","position":1,"name":"Home","item":"https:\/\/www.coolturalia.com\/fr\/"},{"@type":"ListItem","position":2,"name":"Events","item":"https:\/\/www.coolturalia.com\/fr\/events\/"},{"@type":"ListItem","position":3,"name":"La l\u00e9gende de Monte-Cristo \u2014 le musical"}]},{"@type":"WebSite","@id":"https:\/\/www.coolturalia.com\/fr\/#website","url":"https:\/\/www.coolturalia.com\/fr\/","name":"Coolturalia","description":"","publisher":{"@id":"https:\/\/www.coolturalia.com\/fr\/#organization"},"potentialAction":[{"@type":"SearchAction","target":{"@type":"EntryPoint","urlTemplate":"https:\/\/www.coolturalia.com\/fr\/?s={search_term_string}"},"query-input":{"@type":"PropertyValueSpecification","valueRequired":true,"valueName":"search_term_string"}}],"inLanguage":"fr-FR"},{"@type":"Organization","@id":"https:\/\/www.coolturalia.com\/fr\/#organization","name":"Coolturalia","url":"https:\/\/www.coolturalia.com\/fr\/","logo":{"@type":"ImageObject","inLanguage":"fr-FR","@id":"https:\/\/www.coolturalia.com\/fr\/#\/schema\/logo\/image\/","url":"https:\/\/www.coolturalia.com\/wp-content\/uploads\/2024\/04\/Logo-coolturalia.svg","contentUrl":"https:\/\/www.coolturalia.com\/wp-content\/uploads\/2024\/04\/Logo-coolturalia.svg","width":1312,"height":193,"caption":"Coolturalia"},"image":{"@id":"https:\/\/www.coolturalia.com\/fr\/#\/schema\/logo\/image\/"},"sameAs":["https:\/\/www.instagram.com\/coolturalia_geneva\/"]}]}},"translations":{"translations":{"en":"188424","fr":"188425"},"language":{"code":"fr"},"date":{"dateRange":"Dimanche 14 juin, 17:00"}},"language":{"code":"fr"},"_links":{"self":[{"href":"https:\/\/www.coolturalia.com\/fr\/wp-json\/wp\/v2\/event\/188425","targetHints":{"allow":["GET"]}}],"collection":[{"href":"https:\/\/www.coolturalia.com\/fr\/wp-json\/wp\/v2\/event"}],"about":[{"href":"https:\/\/www.coolturalia.com\/fr\/wp-json\/wp\/v2\/types\/event"}],"version-history":[{"count":0,"href":"https:\/\/www.coolturalia.com\/fr\/wp-json\/wp\/v2\/event\/188425\/revisions"}],"wp:featuredmedia":[{"embeddable":true,"href":"https:\/\/www.coolturalia.com\/fr\/wp-json\/wp\/v2\/media\/188423"}],"wp:attachment":[{"href":"https:\/\/www.coolturalia.com\/fr\/wp-json\/wp\/v2\/media?parent=188425"}],"wp:term":[{"taxonomy":"post_tag","embeddable":true,"href":"https:\/\/www.coolturalia.com\/fr\/wp-json\/wp\/v2\/tags?post=188425"},{"taxonomy":"event-category","embeddable":true,"href":"https:\/\/www.coolturalia.com\/fr\/wp-json\/wp\/v2\/event-category?post=188425"},{"taxonomy":"event-venue","embeddable":true,"href":"https:\/\/www.coolturalia.com\/fr\/wp-json\/wp\/v2\/event-venue?post=188425"}],"curies":[{"name":"wp","href":"https:\/\/api.w.org\/{rel}","templated":true}]}}