{"id":188404,"date":"2026-04-28T15:13:57","date_gmt":"2026-04-28T14:13:57","guid":{"rendered":"https:\/\/www.coolturalia.com\/event\/bigflo-oli-karma-tour-2\/"},"modified":"2026-04-28T15:13:57","modified_gmt":"2026-04-28T14:13:57","slug":"bigflo-oli-karma-tour-2","status":"publish","type":"event","link":"https:\/\/www.coolturalia.com\/fr\/event\/bigflo-oli-karma-tour-2\/","title":{"rendered":"Bigflo &#038; Oli \u2014 Karma tour"},"content":{"rendered":"<p>Bigflo &amp; Oli proposent un retour aux sources du rap, port\u00e9 par leur cinqui\u00e8me album Karma. Les deux fr\u00e8res toulousains puisent dans plus de dix ans de travail commun pour composer des titres cisel\u00e9s o\u00f9 des paroles incisives rencontrent des rythmiques puissantes. Le concert privil\u00e9gie l&rsquo;imm\u00e9diatet\u00e9 et la sinc\u00e9rit\u00e9 \u00e9motionnelle, alternant moments collectifs intenses et passages plus intimistes. L&rsquo;ensemble promet une \u00e9nergie f\u00e9d\u00e9ratrice centr\u00e9e sur le jeu vocal, le groove et la franchise du duo.<\/p>\n","protected":false},"excerpt":{"rendered":"<p>Bigflo &amp; Oli proposent un retour aux sources du rap, port\u00e9 par leur cinqui\u00e8me album Karma. Les deux fr\u00e8res toulousains puisent dans plus de dix ans de travail commun pour composer des titres cisel\u00e9s o\u00f9 des paroles incisives rencontrent des rythmiques puissantes. Le concert privil\u00e9gie l&rsquo;imm\u00e9diatet\u00e9 et la sinc\u00e9rit\u00e9 \u00e9motionnelle, alternant moments collectifs intenses et [&hellip;]<\/p>\n","protected":false},"featured_media":188402,"parent":0,"menu_order":0,"template":"","format":"standard","meta":{"_acf_changed":false,"footnotes":""},"tags":[996],"event-category":[444],"event-venue":[582],"class_list":["post-188404","event","type-event","status-publish","format-standard","has-post-thumbnail","hentry","tag-portrait-image","event-category-spectacles","event-venue-arena-fr"],"acf":{"price":"Sur r\u00e9servation","date":"Dimanche 29 novembre, 19:00","start_date":"2026-11-29 20:00:00","end_date":"2026-11-29 22:00:00","website_link":"https:\/\/www.geneva-arena.ch\/fr\/events\/bigflo-oli","link_buy_tickets":"","highlighted":false,"photo_credit":"","timings":[{"timing_start_date":"2026-11-29 20:00:00","timing_end_date":"2026-11-29 22:00:00"}],"external_id":""},"yoast_head":"<!-- This site is optimized with the Yoast SEO plugin v27.5 - https:\/\/yoast.com\/product\/yoast-seo-wordpress\/ -->\n<title>Bigflo &amp; Oli \u2014 Karma tour - Coolturalia<\/title>\n<meta name=\"robots\" content=\"index, follow, max-snippet:-1, max-image-preview:large, max-video-preview:-1\" \/>\n<link rel=\"canonical\" href=\"https:\/\/www.coolturalia.com\/fr\/event\/bigflo-oli-karma-tour-2\/\" \/>\n<meta property=\"og:locale\" content=\"fr_FR\" \/>\n<meta property=\"og:type\" content=\"article\" \/>\n<meta property=\"og:title\" content=\"Bigflo &amp; Oli \u2014 Karma tour - Coolturalia\" \/>\n<meta property=\"og:description\" content=\"Bigflo &amp; Oli proposent un retour aux sources du rap, port\u00e9 par leur cinqui\u00e8me album Karma. Les deux fr\u00e8res toulousains puisent dans plus de dix ans de travail commun pour composer des titres cisel\u00e9s o\u00f9 des paroles incisives rencontrent des rythmiques puissantes. Le concert privil\u00e9gie l&rsquo;imm\u00e9diatet\u00e9 et la sinc\u00e9rit\u00e9 \u00e9motionnelle, alternant moments collectifs intenses et [&hellip;]\" \/>\n<meta property=\"og:url\" content=\"https:\/\/www.coolturalia.com\/fr\/event\/bigflo-oli-karma-tour-2\/\" \/>\n<meta property=\"og:site_name\" content=\"Coolturalia\" \/>\n<meta property=\"og:image\" content=\"https:\/\/www.coolturalia.com\/wp-content\/uploads\/2024\/04\/favicon-coolturalia-2.png\" \/>\n\t<meta property=\"og:image:width\" content=\"150\" \/>\n\t<meta property=\"og:image:height\" content=\"150\" \/>\n\t<meta property=\"og:image:type\" content=\"image\/png\" \/>\n<meta name=\"twitter:card\" content=\"summary_large_image\" \/>\n<script type=\"application\/ld+json\" class=\"yoast-schema-graph\">{\"@context\":\"https:\\\/\\\/schema.org\",\"@graph\":[{\"@type\":\"WebPage\",\"@id\":\"https:\\\/\\\/www.coolturalia.com\\\/fr\\\/event\\\/bigflo-oli-karma-tour-2\\\/\",\"url\":\"https:\\\/\\\/www.coolturalia.com\\\/fr\\\/event\\\/bigflo-oli-karma-tour-2\\\/\",\"name\":\"Bigflo & Oli \u2014 Karma tour - Coolturalia\",\"isPartOf\":{\"@id\":\"https:\\\/\\\/www.coolturalia.com\\\/fr\\\/#website\"},\"primaryImageOfPage\":{\"@id\":\"https:\\\/\\\/www.coolturalia.com\\\/fr\\\/event\\\/bigflo-oli-karma-tour-2\\\/#primaryimage\"},\"image\":{\"@id\":\"https:\\\/\\\/www.coolturalia.com\\\/fr\\\/event\\\/bigflo-oli-karma-tour-2\\\/#primaryimage\"},\"thumbnailUrl\":\"https:\\\/\\\/www.coolturalia.com\\\/wp-content\\\/uploads\\\/2026\\\/04\\\/Bigflo-Oli-Karma-Tour.webp\",\"datePublished\":\"2026-04-28T14:13:57+00:00\",\"breadcrumb\":{\"@id\":\"https:\\\/\\\/www.coolturalia.com\\\/fr\\\/event\\\/bigflo-oli-karma-tour-2\\\/#breadcrumb\"},\"inLanguage\":\"fr-FR\",\"potentialAction\":[{\"@type\":\"ReadAction\",\"target\":[\"https:\\\/\\\/www.coolturalia.com\\\/fr\\\/event\\\/bigflo-oli-karma-tour-2\\\/\"]}]},{\"@type\":\"ImageObject\",\"inLanguage\":\"fr-FR\",\"@id\":\"https:\\\/\\\/www.coolturalia.com\\\/fr\\\/event\\\/bigflo-oli-karma-tour-2\\\/#primaryimage\",\"url\":\"https:\\\/\\\/www.coolturalia.com\\\/wp-content\\\/uploads\\\/2026\\\/04\\\/Bigflo-Oli-Karma-Tour.webp\",\"contentUrl\":\"https:\\\/\\\/www.coolturalia.com\\\/wp-content\\\/uploads\\\/2026\\\/04\\\/Bigflo-Oli-Karma-Tour.webp\",\"width\":318,\"height\":435,\"caption\":\"undefined\"},{\"@type\":\"BreadcrumbList\",\"@id\":\"https:\\\/\\\/www.coolturalia.com\\\/fr\\\/event\\\/bigflo-oli-karma-tour-2\\\/#breadcrumb\",\"itemListElement\":[{\"@type\":\"ListItem\",\"position\":1,\"name\":\"Home\",\"item\":\"https:\\\/\\\/www.coolturalia.com\\\/fr\\\/\"},{\"@type\":\"ListItem\",\"position\":2,\"name\":\"Events\",\"item\":\"https:\\\/\\\/www.coolturalia.com\\\/fr\\\/events\\\/\"},{\"@type\":\"ListItem\",\"position\":3,\"name\":\"Bigflo &#038; Oli \u2014 Karma tour\"}]},{\"@type\":\"WebSite\",\"@id\":\"https:\\\/\\\/www.coolturalia.com\\\/fr\\\/#website\",\"url\":\"https:\\\/\\\/www.coolturalia.com\\\/fr\\\/\",\"name\":\"Coolturalia\",\"description\":\"\",\"publisher\":{\"@id\":\"https:\\\/\\\/www.coolturalia.com\\\/fr\\\/#organization\"},\"potentialAction\":[{\"@type\":\"SearchAction\",\"target\":{\"@type\":\"EntryPoint\",\"urlTemplate\":\"https:\\\/\\\/www.coolturalia.com\\\/fr\\\/?s={search_term_string}\"},\"query-input\":{\"@type\":\"PropertyValueSpecification\",\"valueRequired\":true,\"valueName\":\"search_term_string\"}}],\"inLanguage\":\"fr-FR\"},{\"@type\":\"Organization\",\"@id\":\"https:\\\/\\\/www.coolturalia.com\\\/fr\\\/#organization\",\"name\":\"Coolturalia\",\"url\":\"https:\\\/\\\/www.coolturalia.com\\\/fr\\\/\",\"logo\":{\"@type\":\"ImageObject\",\"inLanguage\":\"fr-FR\",\"@id\":\"https:\\\/\\\/www.coolturalia.com\\\/fr\\\/#\\\/schema\\\/logo\\\/image\\\/\",\"url\":\"https:\\\/\\\/www.coolturalia.com\\\/wp-content\\\/uploads\\\/2024\\\/04\\\/Logo-coolturalia.svg\",\"contentUrl\":\"https:\\\/\\\/www.coolturalia.com\\\/wp-content\\\/uploads\\\/2024\\\/04\\\/Logo-coolturalia.svg\",\"width\":1312,\"height\":193,\"caption\":\"Coolturalia\"},\"image\":{\"@id\":\"https:\\\/\\\/www.coolturalia.com\\\/fr\\\/#\\\/schema\\\/logo\\\/image\\\/\"},\"sameAs\":[\"https:\\\/\\\/www.instagram.com\\\/coolturalia_geneva\\\/\"]}]}<\/script>\n<!-- \/ Yoast SEO plugin. -->","yoast_head_json":{"title":"Bigflo & Oli \u2014 Karma tour - Coolturalia","robots":{"index":"index","follow":"follow","max-snippet":"max-snippet:-1","max-image-preview":"max-image-preview:large","max-video-preview":"max-video-preview:-1"},"canonical":"https:\/\/www.coolturalia.com\/fr\/event\/bigflo-oli-karma-tour-2\/","og_locale":"fr_FR","og_type":"article","og_title":"Bigflo & Oli \u2014 Karma tour - Coolturalia","og_description":"Bigflo &amp; Oli proposent un retour aux sources du rap, port\u00e9 par leur cinqui\u00e8me album Karma. Les deux fr\u00e8res toulousains puisent dans plus de dix ans de travail commun pour composer des titres cisel\u00e9s o\u00f9 des paroles incisives rencontrent des rythmiques puissantes. Le concert privil\u00e9gie l&rsquo;imm\u00e9diatet\u00e9 et la sinc\u00e9rit\u00e9 \u00e9motionnelle, alternant moments collectifs intenses et [&hellip;]","og_url":"https:\/\/www.coolturalia.com\/fr\/event\/bigflo-oli-karma-tour-2\/","og_site_name":"Coolturalia","og_image":[{"width":150,"height":150,"url":"https:\/\/www.coolturalia.com\/wp-content\/uploads\/2024\/04\/favicon-coolturalia-2.png","type":"image\/png"}],"twitter_card":"summary_large_image","schema":{"@context":"https:\/\/schema.org","@graph":[{"@type":"WebPage","@id":"https:\/\/www.coolturalia.com\/fr\/event\/bigflo-oli-karma-tour-2\/","url":"https:\/\/www.coolturalia.com\/fr\/event\/bigflo-oli-karma-tour-2\/","name":"Bigflo & Oli \u2014 Karma tour - Coolturalia","isPartOf":{"@id":"https:\/\/www.coolturalia.com\/fr\/#website"},"primaryImageOfPage":{"@id":"https:\/\/www.coolturalia.com\/fr\/event\/bigflo-oli-karma-tour-2\/#primaryimage"},"image":{"@id":"https:\/\/www.coolturalia.com\/fr\/event\/bigflo-oli-karma-tour-2\/#primaryimage"},"thumbnailUrl":"https:\/\/www.coolturalia.com\/wp-content\/uploads\/2026\/04\/Bigflo-Oli-Karma-Tour.webp","datePublished":"2026-04-28T14:13:57+00:00","breadcrumb":{"@id":"https:\/\/www.coolturalia.com\/fr\/event\/bigflo-oli-karma-tour-2\/#breadcrumb"},"inLanguage":"fr-FR","potentialAction":[{"@type":"ReadAction","target":["https:\/\/www.coolturalia.com\/fr\/event\/bigflo-oli-karma-tour-2\/"]}]},{"@type":"ImageObject","inLanguage":"fr-FR","@id":"https:\/\/www.coolturalia.com\/fr\/event\/bigflo-oli-karma-tour-2\/#primaryimage","url":"https:\/\/www.coolturalia.com\/wp-content\/uploads\/2026\/04\/Bigflo-Oli-Karma-Tour.webp","contentUrl":"https:\/\/www.coolturalia.com\/wp-content\/uploads\/2026\/04\/Bigflo-Oli-Karma-Tour.webp","width":318,"height":435,"caption":"undefined"},{"@type":"BreadcrumbList","@id":"https:\/\/www.coolturalia.com\/fr\/event\/bigflo-oli-karma-tour-2\/#breadcrumb","itemListElement":[{"@type":"ListItem","position":1,"name":"Home","item":"https:\/\/www.coolturalia.com\/fr\/"},{"@type":"ListItem","position":2,"name":"Events","item":"https:\/\/www.coolturalia.com\/fr\/events\/"},{"@type":"ListItem","position":3,"name":"Bigflo &#038; Oli \u2014 Karma tour"}]},{"@type":"WebSite","@id":"https:\/\/www.coolturalia.com\/fr\/#website","url":"https:\/\/www.coolturalia.com\/fr\/","name":"Coolturalia","description":"","publisher":{"@id":"https:\/\/www.coolturalia.com\/fr\/#organization"},"potentialAction":[{"@type":"SearchAction","target":{"@type":"EntryPoint","urlTemplate":"https:\/\/www.coolturalia.com\/fr\/?s={search_term_string}"},"query-input":{"@type":"PropertyValueSpecification","valueRequired":true,"valueName":"search_term_string"}}],"inLanguage":"fr-FR"},{"@type":"Organization","@id":"https:\/\/www.coolturalia.com\/fr\/#organization","name":"Coolturalia","url":"https:\/\/www.coolturalia.com\/fr\/","logo":{"@type":"ImageObject","inLanguage":"fr-FR","@id":"https:\/\/www.coolturalia.com\/fr\/#\/schema\/logo\/image\/","url":"https:\/\/www.coolturalia.com\/wp-content\/uploads\/2024\/04\/Logo-coolturalia.svg","contentUrl":"https:\/\/www.coolturalia.com\/wp-content\/uploads\/2024\/04\/Logo-coolturalia.svg","width":1312,"height":193,"caption":"Coolturalia"},"image":{"@id":"https:\/\/www.coolturalia.com\/fr\/#\/schema\/logo\/image\/"},"sameAs":["https:\/\/www.instagram.com\/coolturalia_geneva\/"]}]}},"translations":{"translations":{"en":"188403","fr":"188404"},"language":{"code":"fr"},"date":{"dateRange":"Dimanche 29 novembre, 19:00"}},"language":{"code":"fr"},"_links":{"self":[{"href":"https:\/\/www.coolturalia.com\/fr\/wp-json\/wp\/v2\/event\/188404","targetHints":{"allow":["GET"]}}],"collection":[{"href":"https:\/\/www.coolturalia.com\/fr\/wp-json\/wp\/v2\/event"}],"about":[{"href":"https:\/\/www.coolturalia.com\/fr\/wp-json\/wp\/v2\/types\/event"}],"version-history":[{"count":0,"href":"https:\/\/www.coolturalia.com\/fr\/wp-json\/wp\/v2\/event\/188404\/revisions"}],"wp:featuredmedia":[{"embeddable":true,"href":"https:\/\/www.coolturalia.com\/fr\/wp-json\/wp\/v2\/media\/188402"}],"wp:attachment":[{"href":"https:\/\/www.coolturalia.com\/fr\/wp-json\/wp\/v2\/media?parent=188404"}],"wp:term":[{"taxonomy":"post_tag","embeddable":true,"href":"https:\/\/www.coolturalia.com\/fr\/wp-json\/wp\/v2\/tags?post=188404"},{"taxonomy":"event-category","embeddable":true,"href":"https:\/\/www.coolturalia.com\/fr\/wp-json\/wp\/v2\/event-category?post=188404"},{"taxonomy":"event-venue","embeddable":true,"href":"https:\/\/www.coolturalia.com\/fr\/wp-json\/wp\/v2\/event-venue?post=188404"}],"curies":[{"name":"wp","href":"https:\/\/api.w.org\/{rel}","templated":true}]}}