{"id":188243,"date":"2026-04-28T08:14:54","date_gmt":"2026-04-28T07:14:54","guid":{"rendered":"https:\/\/www.coolturalia.com\/event\/journee-portes-ouvertes-ema\/"},"modified":"2026-04-28T08:14:54","modified_gmt":"2026-04-28T07:14:54","slug":"journee-portes-ouvertes-ema","status":"publish","type":"event","link":"https:\/\/www.coolturalia.com\/fr\/event\/journee-portes-ouvertes-ema\/","title":{"rendered":"Journ\u00e9e portes ouvertes eMa"},"content":{"rendered":"<p>Journ\u00e9e portes ouvertes pr\u00e9sentant les programmes musicaux et p\u00e9dagogiques de eMa, avec cours d&rsquo;essai, rencontres avec les enseignants et courtes prestations. Les participants peuvent d\u00e9couvrir les offres individuelles et collectives et \u00e9valuer les approches p\u00e9dagogiques adapt\u00e9es \u00e0 diff\u00e9rents niveaux. La session examine les parcours p\u00e9dagogiques, les objectifs d&rsquo;apprentissage et les strat\u00e9gies de pratique, aidant les futurs \u00e9l\u00e8ves \u00e0 rep\u00e9rer les cours appropri\u00e9s et \u00e0 d\u00e9finir des objectifs de progression tout en offrant des perspectives sur les choix de r\u00e9pertoire.<\/p>\n","protected":false},"excerpt":{"rendered":"<p>Journ\u00e9e portes ouvertes pr\u00e9sentant les programmes musicaux et p\u00e9dagogiques de eMa, avec cours d&rsquo;essai, rencontres avec les enseignants et courtes prestations. Les participants peuvent d\u00e9couvrir les offres individuelles et collectives et \u00e9valuer les approches p\u00e9dagogiques adapt\u00e9es \u00e0 diff\u00e9rents niveaux. La session examine les parcours p\u00e9dagogiques, les objectifs d&rsquo;apprentissage et les strat\u00e9gies de pratique, aidant les [&hellip;]<\/p>\n","protected":false},"featured_media":188241,"parent":0,"menu_order":0,"template":"","format":"standard","meta":{"_acf_changed":false,"footnotes":""},"tags":[],"event-category":[448],"event-venue":[946],"class_list":["post-188243","event","type-event","status-publish","format-standard","has-post-thumbnail","hentry","event-category-conferences","event-venue-le-chaudron-ecole-des-musiques-actuelles"],"acf":{"price":"Gratuit","date":"Samedi 9 mai, 10:00","start_date":"2026-05-09 12:00:00","end_date":"2026-05-10 00:00:00","website_link":"https:\/\/ema.school\/evenement\/journee-portes-ouvertes-de-lema\/","link_buy_tickets":"","highlighted":false,"photo_credit":"eMa","timings":[{"timing_start_date":"2026-05-09 12:00:00","timing_end_date":"2026-05-10 00:00:00"}],"external_id":"43375130"},"yoast_head":"<!-- This site is optimized with the Yoast SEO plugin v27.5 - https:\/\/yoast.com\/product\/yoast-seo-wordpress\/ -->\n<title>Journ\u00e9e portes ouvertes eMa - Coolturalia<\/title>\n<meta name=\"robots\" content=\"index, follow, max-snippet:-1, max-image-preview:large, max-video-preview:-1\" \/>\n<link rel=\"canonical\" href=\"https:\/\/www.coolturalia.com\/fr\/event\/journee-portes-ouvertes-ema\/\" \/>\n<meta property=\"og:locale\" content=\"fr_FR\" \/>\n<meta property=\"og:type\" content=\"article\" \/>\n<meta property=\"og:title\" content=\"Journ\u00e9e portes ouvertes eMa - Coolturalia\" \/>\n<meta property=\"og:description\" content=\"Journ\u00e9e portes ouvertes pr\u00e9sentant les programmes musicaux et p\u00e9dagogiques de eMa, avec cours d&rsquo;essai, rencontres avec les enseignants et courtes prestations. Les participants peuvent d\u00e9couvrir les offres individuelles et collectives et \u00e9valuer les approches p\u00e9dagogiques adapt\u00e9es \u00e0 diff\u00e9rents niveaux. La session examine les parcours p\u00e9dagogiques, les objectifs d&rsquo;apprentissage et les strat\u00e9gies de pratique, aidant les [&hellip;]\" \/>\n<meta property=\"og:url\" content=\"https:\/\/www.coolturalia.com\/fr\/event\/journee-portes-ouvertes-ema\/\" \/>\n<meta property=\"og:site_name\" content=\"Coolturalia\" \/>\n<meta property=\"og:image\" content=\"https:\/\/www.coolturalia.com\/wp-content\/uploads\/2024\/04\/favicon-coolturalia-2.png\" \/>\n\t<meta property=\"og:image:width\" content=\"150\" \/>\n\t<meta property=\"og:image:height\" content=\"150\" \/>\n\t<meta property=\"og:image:type\" content=\"image\/png\" \/>\n<meta name=\"twitter:card\" content=\"summary_large_image\" \/>\n<script type=\"application\/ld+json\" class=\"yoast-schema-graph\">{\"@context\":\"https:\\\/\\\/schema.org\",\"@graph\":[{\"@type\":\"WebPage\",\"@id\":\"https:\\\/\\\/www.coolturalia.com\\\/fr\\\/event\\\/journee-portes-ouvertes-ema\\\/\",\"url\":\"https:\\\/\\\/www.coolturalia.com\\\/fr\\\/event\\\/journee-portes-ouvertes-ema\\\/\",\"name\":\"Journ\u00e9e portes ouvertes eMa - Coolturalia\",\"isPartOf\":{\"@id\":\"https:\\\/\\\/www.coolturalia.com\\\/fr\\\/#website\"},\"primaryImageOfPage\":{\"@id\":\"https:\\\/\\\/www.coolturalia.com\\\/fr\\\/event\\\/journee-portes-ouvertes-ema\\\/#primaryimage\"},\"image\":{\"@id\":\"https:\\\/\\\/www.coolturalia.com\\\/fr\\\/event\\\/journee-portes-ouvertes-ema\\\/#primaryimage\"},\"thumbnailUrl\":\"https:\\\/\\\/www.coolturalia.com\\\/wp-content\\\/uploads\\\/2026\\\/04\\\/eMa-Open-House.webp\",\"datePublished\":\"2026-04-28T07:14:54+00:00\",\"breadcrumb\":{\"@id\":\"https:\\\/\\\/www.coolturalia.com\\\/fr\\\/event\\\/journee-portes-ouvertes-ema\\\/#breadcrumb\"},\"inLanguage\":\"fr-FR\",\"potentialAction\":[{\"@type\":\"ReadAction\",\"target\":[\"https:\\\/\\\/www.coolturalia.com\\\/fr\\\/event\\\/journee-portes-ouvertes-ema\\\/\"]}]},{\"@type\":\"ImageObject\",\"inLanguage\":\"fr-FR\",\"@id\":\"https:\\\/\\\/www.coolturalia.com\\\/fr\\\/event\\\/journee-portes-ouvertes-ema\\\/#primaryimage\",\"url\":\"https:\\\/\\\/www.coolturalia.com\\\/wp-content\\\/uploads\\\/2026\\\/04\\\/eMa-Open-House.webp\",\"contentUrl\":\"https:\\\/\\\/www.coolturalia.com\\\/wp-content\\\/uploads\\\/2026\\\/04\\\/eMa-Open-House.webp\",\"width\":700,\"height\":648,\"caption\":\"undefined\"},{\"@type\":\"BreadcrumbList\",\"@id\":\"https:\\\/\\\/www.coolturalia.com\\\/fr\\\/event\\\/journee-portes-ouvertes-ema\\\/#breadcrumb\",\"itemListElement\":[{\"@type\":\"ListItem\",\"position\":1,\"name\":\"Home\",\"item\":\"https:\\\/\\\/www.coolturalia.com\\\/fr\\\/\"},{\"@type\":\"ListItem\",\"position\":2,\"name\":\"Events\",\"item\":\"https:\\\/\\\/www.coolturalia.com\\\/fr\\\/events\\\/\"},{\"@type\":\"ListItem\",\"position\":3,\"name\":\"Journ\u00e9e portes ouvertes eMa\"}]},{\"@type\":\"WebSite\",\"@id\":\"https:\\\/\\\/www.coolturalia.com\\\/fr\\\/#website\",\"url\":\"https:\\\/\\\/www.coolturalia.com\\\/fr\\\/\",\"name\":\"Coolturalia\",\"description\":\"\",\"publisher\":{\"@id\":\"https:\\\/\\\/www.coolturalia.com\\\/fr\\\/#organization\"},\"potentialAction\":[{\"@type\":\"SearchAction\",\"target\":{\"@type\":\"EntryPoint\",\"urlTemplate\":\"https:\\\/\\\/www.coolturalia.com\\\/fr\\\/?s={search_term_string}\"},\"query-input\":{\"@type\":\"PropertyValueSpecification\",\"valueRequired\":true,\"valueName\":\"search_term_string\"}}],\"inLanguage\":\"fr-FR\"},{\"@type\":\"Organization\",\"@id\":\"https:\\\/\\\/www.coolturalia.com\\\/fr\\\/#organization\",\"name\":\"Coolturalia\",\"url\":\"https:\\\/\\\/www.coolturalia.com\\\/fr\\\/\",\"logo\":{\"@type\":\"ImageObject\",\"inLanguage\":\"fr-FR\",\"@id\":\"https:\\\/\\\/www.coolturalia.com\\\/fr\\\/#\\\/schema\\\/logo\\\/image\\\/\",\"url\":\"https:\\\/\\\/www.coolturalia.com\\\/wp-content\\\/uploads\\\/2024\\\/04\\\/Logo-coolturalia.svg\",\"contentUrl\":\"https:\\\/\\\/www.coolturalia.com\\\/wp-content\\\/uploads\\\/2024\\\/04\\\/Logo-coolturalia.svg\",\"width\":1312,\"height\":193,\"caption\":\"Coolturalia\"},\"image\":{\"@id\":\"https:\\\/\\\/www.coolturalia.com\\\/fr\\\/#\\\/schema\\\/logo\\\/image\\\/\"},\"sameAs\":[\"https:\\\/\\\/www.instagram.com\\\/coolturalia_geneva\\\/\"]}]}<\/script>\n<!-- \/ Yoast SEO plugin. -->","yoast_head_json":{"title":"Journ\u00e9e portes ouvertes eMa - Coolturalia","robots":{"index":"index","follow":"follow","max-snippet":"max-snippet:-1","max-image-preview":"max-image-preview:large","max-video-preview":"max-video-preview:-1"},"canonical":"https:\/\/www.coolturalia.com\/fr\/event\/journee-portes-ouvertes-ema\/","og_locale":"fr_FR","og_type":"article","og_title":"Journ\u00e9e portes ouvertes eMa - Coolturalia","og_description":"Journ\u00e9e portes ouvertes pr\u00e9sentant les programmes musicaux et p\u00e9dagogiques de eMa, avec cours d&rsquo;essai, rencontres avec les enseignants et courtes prestations. Les participants peuvent d\u00e9couvrir les offres individuelles et collectives et \u00e9valuer les approches p\u00e9dagogiques adapt\u00e9es \u00e0 diff\u00e9rents niveaux. La session examine les parcours p\u00e9dagogiques, les objectifs d&rsquo;apprentissage et les strat\u00e9gies de pratique, aidant les [&hellip;]","og_url":"https:\/\/www.coolturalia.com\/fr\/event\/journee-portes-ouvertes-ema\/","og_site_name":"Coolturalia","og_image":[{"width":150,"height":150,"url":"https:\/\/www.coolturalia.com\/wp-content\/uploads\/2024\/04\/favicon-coolturalia-2.png","type":"image\/png"}],"twitter_card":"summary_large_image","schema":{"@context":"https:\/\/schema.org","@graph":[{"@type":"WebPage","@id":"https:\/\/www.coolturalia.com\/fr\/event\/journee-portes-ouvertes-ema\/","url":"https:\/\/www.coolturalia.com\/fr\/event\/journee-portes-ouvertes-ema\/","name":"Journ\u00e9e portes ouvertes eMa - Coolturalia","isPartOf":{"@id":"https:\/\/www.coolturalia.com\/fr\/#website"},"primaryImageOfPage":{"@id":"https:\/\/www.coolturalia.com\/fr\/event\/journee-portes-ouvertes-ema\/#primaryimage"},"image":{"@id":"https:\/\/www.coolturalia.com\/fr\/event\/journee-portes-ouvertes-ema\/#primaryimage"},"thumbnailUrl":"https:\/\/www.coolturalia.com\/wp-content\/uploads\/2026\/04\/eMa-Open-House.webp","datePublished":"2026-04-28T07:14:54+00:00","breadcrumb":{"@id":"https:\/\/www.coolturalia.com\/fr\/event\/journee-portes-ouvertes-ema\/#breadcrumb"},"inLanguage":"fr-FR","potentialAction":[{"@type":"ReadAction","target":["https:\/\/www.coolturalia.com\/fr\/event\/journee-portes-ouvertes-ema\/"]}]},{"@type":"ImageObject","inLanguage":"fr-FR","@id":"https:\/\/www.coolturalia.com\/fr\/event\/journee-portes-ouvertes-ema\/#primaryimage","url":"https:\/\/www.coolturalia.com\/wp-content\/uploads\/2026\/04\/eMa-Open-House.webp","contentUrl":"https:\/\/www.coolturalia.com\/wp-content\/uploads\/2026\/04\/eMa-Open-House.webp","width":700,"height":648,"caption":"undefined"},{"@type":"BreadcrumbList","@id":"https:\/\/www.coolturalia.com\/fr\/event\/journee-portes-ouvertes-ema\/#breadcrumb","itemListElement":[{"@type":"ListItem","position":1,"name":"Home","item":"https:\/\/www.coolturalia.com\/fr\/"},{"@type":"ListItem","position":2,"name":"Events","item":"https:\/\/www.coolturalia.com\/fr\/events\/"},{"@type":"ListItem","position":3,"name":"Journ\u00e9e portes ouvertes eMa"}]},{"@type":"WebSite","@id":"https:\/\/www.coolturalia.com\/fr\/#website","url":"https:\/\/www.coolturalia.com\/fr\/","name":"Coolturalia","description":"","publisher":{"@id":"https:\/\/www.coolturalia.com\/fr\/#organization"},"potentialAction":[{"@type":"SearchAction","target":{"@type":"EntryPoint","urlTemplate":"https:\/\/www.coolturalia.com\/fr\/?s={search_term_string}"},"query-input":{"@type":"PropertyValueSpecification","valueRequired":true,"valueName":"search_term_string"}}],"inLanguage":"fr-FR"},{"@type":"Organization","@id":"https:\/\/www.coolturalia.com\/fr\/#organization","name":"Coolturalia","url":"https:\/\/www.coolturalia.com\/fr\/","logo":{"@type":"ImageObject","inLanguage":"fr-FR","@id":"https:\/\/www.coolturalia.com\/fr\/#\/schema\/logo\/image\/","url":"https:\/\/www.coolturalia.com\/wp-content\/uploads\/2024\/04\/Logo-coolturalia.svg","contentUrl":"https:\/\/www.coolturalia.com\/wp-content\/uploads\/2024\/04\/Logo-coolturalia.svg","width":1312,"height":193,"caption":"Coolturalia"},"image":{"@id":"https:\/\/www.coolturalia.com\/fr\/#\/schema\/logo\/image\/"},"sameAs":["https:\/\/www.instagram.com\/coolturalia_geneva\/"]}]}},"translations":{"translations":{"en":"188242","fr":"188243"},"language":{"code":"fr"},"date":{"dateRange":"Samedi 9 mai, 10:00"}},"language":{"code":"fr"},"_links":{"self":[{"href":"https:\/\/www.coolturalia.com\/fr\/wp-json\/wp\/v2\/event\/188243","targetHints":{"allow":["GET"]}}],"collection":[{"href":"https:\/\/www.coolturalia.com\/fr\/wp-json\/wp\/v2\/event"}],"about":[{"href":"https:\/\/www.coolturalia.com\/fr\/wp-json\/wp\/v2\/types\/event"}],"version-history":[{"count":0,"href":"https:\/\/www.coolturalia.com\/fr\/wp-json\/wp\/v2\/event\/188243\/revisions"}],"wp:featuredmedia":[{"embeddable":true,"href":"https:\/\/www.coolturalia.com\/fr\/wp-json\/wp\/v2\/media\/188241"}],"wp:attachment":[{"href":"https:\/\/www.coolturalia.com\/fr\/wp-json\/wp\/v2\/media?parent=188243"}],"wp:term":[{"taxonomy":"post_tag","embeddable":true,"href":"https:\/\/www.coolturalia.com\/fr\/wp-json\/wp\/v2\/tags?post=188243"},{"taxonomy":"event-category","embeddable":true,"href":"https:\/\/www.coolturalia.com\/fr\/wp-json\/wp\/v2\/event-category?post=188243"},{"taxonomy":"event-venue","embeddable":true,"href":"https:\/\/www.coolturalia.com\/fr\/wp-json\/wp\/v2\/event-venue?post=188243"}],"curies":[{"name":"wp","href":"https:\/\/api.w.org\/{rel}","templated":true}]}}