{"id":188197,"date":"2026-04-28T07:08:46","date_gmt":"2026-04-28T06:08:46","guid":{"rendered":"https:\/\/www.coolturalia.com\/event\/leila-alaoui-photographies\/"},"modified":"2026-04-28T07:08:46","modified_gmt":"2026-04-28T06:08:46","slug":"leila-alaoui-photographies","status":"publish","type":"event","link":"https:\/\/www.coolturalia.com\/fr\/event\/leila-alaoui-photographies\/","title":{"rendered":"Leila Alaoui &#8211; Photographies"},"content":{"rendered":"<p>La photographie de Leila Alaoui propose une vision profond\u00e9ment humaine et transculturelle qui interroge l&rsquo;identit\u00e9, la migration et les conditions de vie des travailleurs migrants. L&rsquo;exposition r\u00e9unit s\u00e9ries embl\u00e9matiques, tirages rarement montr\u00e9s et ensembles photographiques coh\u00e9rents pour r\u00e9v\u00e9ler la dignit\u00e9 des sujets et le langage visuel qui porte leurs r\u00e9cits. Par le portrait et le regard documentaire, Alaoui aborde le genre, le d\u00e9placement et les connexions culturelles avec finesse formelle et nettet\u00e9 \u00e9motionnelle.<\/p>\n<p>Vernissage : mercredi 6 mai, 18:30<\/p>\n","protected":false},"excerpt":{"rendered":"<p>La photographie de Leila Alaoui propose une vision profond\u00e9ment humaine et transculturelle qui interroge l&rsquo;identit\u00e9, la migration et les conditions de vie des travailleurs migrants. L&rsquo;exposition r\u00e9unit s\u00e9ries embl\u00e9matiques, tirages rarement montr\u00e9s et ensembles photographiques coh\u00e9rents pour r\u00e9v\u00e9ler la dignit\u00e9 des sujets et le langage visuel qui porte leurs r\u00e9cits. Par le portrait et le [&hellip;]<\/p>\n","protected":false},"featured_media":188195,"parent":0,"menu_order":0,"template":"","format":"standard","meta":{"_acf_changed":false,"footnotes":""},"tags":[],"event-category":[446],"event-venue":[896],"class_list":["post-188197","event","type-event","status-publish","format-standard","has-post-thumbnail","hentry","event-category-art-et-expositions","event-venue-ecolint-centre-des-arts-fr"],"acf":{"price":"Gratuit","date":"6 mai - 4 juin","start_date":"2026-05-06 21:00:00","end_date":"2026-06-04 20:00:00","website_link":"https:\/\/www.ecolint-cda.ch\/en\/our-events\/leila-alaoui#main-content","link_buy_tickets":"","highlighted":false,"photo_credit":"","timings":[{"timing_start_date":"2026-05-06 21:00:00","timing_end_date":"2026-05-06 23:00:00"},{"timing_start_date":"2026-05-07 12:00:00","timing_end_date":"2026-05-07 20:00:00"},{"timing_start_date":"2026-05-08 12:00:00","timing_end_date":"2026-05-08 20:00:00"},{"timing_start_date":"2026-05-09 12:00:00","timing_end_date":"2026-05-09 20:00:00"},{"timing_start_date":"2026-05-10 12:00:00","timing_end_date":"2026-05-10 20:00:00"},{"timing_start_date":"2026-05-11 12:00:00","timing_end_date":"2026-05-11 20:00:00"},{"timing_start_date":"2026-05-12 12:00:00","timing_end_date":"2026-05-12 20:00:00"},{"timing_start_date":"2026-05-13 12:00:00","timing_end_date":"2026-05-13 20:00:00"},{"timing_start_date":"2026-05-14 12:00:00","timing_end_date":"2026-05-14 20:00:00"},{"timing_start_date":"2026-05-15 12:00:00","timing_end_date":"2026-05-15 20:00:00"},{"timing_start_date":"2026-05-16 12:00:00","timing_end_date":"2026-05-16 20:00:00"},{"timing_start_date":"2026-05-17 12:00:00","timing_end_date":"2026-05-17 20:00:00"},{"timing_start_date":"2026-05-18 12:00:00","timing_end_date":"2026-05-18 20:00:00"},{"timing_start_date":"2026-05-19 12:00:00","timing_end_date":"2026-05-19 20:00:00"},{"timing_start_date":"2026-05-20 12:00:00","timing_end_date":"2026-05-20 20:00:00"},{"timing_start_date":"2026-05-21 12:00:00","timing_end_date":"2026-05-21 20:00:00"},{"timing_start_date":"2026-05-22 12:00:00","timing_end_date":"2026-05-22 20:00:00"},{"timing_start_date":"2026-05-23 12:00:00","timing_end_date":"2026-05-23 20:00:00"},{"timing_start_date":"2026-05-24 12:00:00","timing_end_date":"2026-05-24 20:00:00"},{"timing_start_date":"2026-05-25 12:00:00","timing_end_date":"2026-05-25 20:00:00"},{"timing_start_date":"2026-05-26 12:00:00","timing_end_date":"2026-05-26 20:00:00"},{"timing_start_date":"2026-05-27 12:00:00","timing_end_date":"2026-05-27 20:00:00"},{"timing_start_date":"2026-05-28 12:00:00","timing_end_date":"2026-05-28 20:00:00"},{"timing_start_date":"2026-05-29 12:00:00","timing_end_date":"2026-05-29 20:00:00"},{"timing_start_date":"2026-05-30 12:00:00","timing_end_date":"2026-05-30 20:00:00"},{"timing_start_date":"2026-05-31 12:00:00","timing_end_date":"2026-05-31 20:00:00"},{"timing_start_date":"2026-06-01 12:00:00","timing_end_date":"2026-06-01 20:00:00"},{"timing_start_date":"2026-06-02 12:00:00","timing_end_date":"2026-06-02 20:00:00"},{"timing_start_date":"2026-06-03 12:00:00","timing_end_date":"2026-06-03 20:00:00"},{"timing_start_date":"2026-06-04 12:00:00","timing_end_date":"2026-06-04 20:00:00"}],"external_id":""},"yoast_head":"<!-- This site is optimized with the Yoast SEO plugin v27.5 - https:\/\/yoast.com\/product\/yoast-seo-wordpress\/ -->\n<title>Leila Alaoui - Photographies - Coolturalia<\/title>\n<meta name=\"robots\" content=\"index, follow, max-snippet:-1, max-image-preview:large, max-video-preview:-1\" \/>\n<link rel=\"canonical\" href=\"https:\/\/www.coolturalia.com\/fr\/event\/leila-alaoui-photographies\/\" \/>\n<meta property=\"og:locale\" content=\"fr_FR\" \/>\n<meta property=\"og:type\" content=\"article\" \/>\n<meta property=\"og:title\" content=\"Leila Alaoui - Photographies - Coolturalia\" \/>\n<meta property=\"og:description\" content=\"La photographie de Leila Alaoui propose une vision profond\u00e9ment humaine et transculturelle qui interroge l&rsquo;identit\u00e9, la migration et les conditions de vie des travailleurs migrants. L&rsquo;exposition r\u00e9unit s\u00e9ries embl\u00e9matiques, tirages rarement montr\u00e9s et ensembles photographiques coh\u00e9rents pour r\u00e9v\u00e9ler la dignit\u00e9 des sujets et le langage visuel qui porte leurs r\u00e9cits. Par le portrait et le [&hellip;]\" \/>\n<meta property=\"og:url\" content=\"https:\/\/www.coolturalia.com\/fr\/event\/leila-alaoui-photographies\/\" \/>\n<meta property=\"og:site_name\" content=\"Coolturalia\" \/>\n<meta property=\"og:image\" content=\"https:\/\/www.coolturalia.com\/wp-content\/uploads\/2024\/04\/favicon-coolturalia-2.png\" \/>\n\t<meta property=\"og:image:width\" content=\"150\" \/>\n\t<meta property=\"og:image:height\" content=\"150\" \/>\n\t<meta property=\"og:image:type\" content=\"image\/png\" \/>\n<meta name=\"twitter:card\" content=\"summary_large_image\" \/>\n<script type=\"application\/ld+json\" class=\"yoast-schema-graph\">{\"@context\":\"https:\\\/\\\/schema.org\",\"@graph\":[{\"@type\":\"WebPage\",\"@id\":\"https:\\\/\\\/www.coolturalia.com\\\/fr\\\/event\\\/leila-alaoui-photographies\\\/\",\"url\":\"https:\\\/\\\/www.coolturalia.com\\\/fr\\\/event\\\/leila-alaoui-photographies\\\/\",\"name\":\"Leila Alaoui - Photographies - Coolturalia\",\"isPartOf\":{\"@id\":\"https:\\\/\\\/www.coolturalia.com\\\/fr\\\/#website\"},\"primaryImageOfPage\":{\"@id\":\"https:\\\/\\\/www.coolturalia.com\\\/fr\\\/event\\\/leila-alaoui-photographies\\\/#primaryimage\"},\"image\":{\"@id\":\"https:\\\/\\\/www.coolturalia.com\\\/fr\\\/event\\\/leila-alaoui-photographies\\\/#primaryimage\"},\"thumbnailUrl\":\"https:\\\/\\\/www.coolturalia.com\\\/wp-content\\\/uploads\\\/2026\\\/04\\\/Leila-Alaoui-Photography.webp\",\"datePublished\":\"2026-04-28T06:08:46+00:00\",\"breadcrumb\":{\"@id\":\"https:\\\/\\\/www.coolturalia.com\\\/fr\\\/event\\\/leila-alaoui-photographies\\\/#breadcrumb\"},\"inLanguage\":\"fr-FR\",\"potentialAction\":[{\"@type\":\"ReadAction\",\"target\":[\"https:\\\/\\\/www.coolturalia.com\\\/fr\\\/event\\\/leila-alaoui-photographies\\\/\"]}]},{\"@type\":\"ImageObject\",\"inLanguage\":\"fr-FR\",\"@id\":\"https:\\\/\\\/www.coolturalia.com\\\/fr\\\/event\\\/leila-alaoui-photographies\\\/#primaryimage\",\"url\":\"https:\\\/\\\/www.coolturalia.com\\\/wp-content\\\/uploads\\\/2026\\\/04\\\/Leila-Alaoui-Photography.webp\",\"contentUrl\":\"https:\\\/\\\/www.coolturalia.com\\\/wp-content\\\/uploads\\\/2026\\\/04\\\/Leila-Alaoui-Photography.webp\",\"width\":411,\"height\":300,\"caption\":\"undefined\"},{\"@type\":\"BreadcrumbList\",\"@id\":\"https:\\\/\\\/www.coolturalia.com\\\/fr\\\/event\\\/leila-alaoui-photographies\\\/#breadcrumb\",\"itemListElement\":[{\"@type\":\"ListItem\",\"position\":1,\"name\":\"Home\",\"item\":\"https:\\\/\\\/www.coolturalia.com\\\/fr\\\/\"},{\"@type\":\"ListItem\",\"position\":2,\"name\":\"Events\",\"item\":\"https:\\\/\\\/www.coolturalia.com\\\/fr\\\/events\\\/\"},{\"@type\":\"ListItem\",\"position\":3,\"name\":\"Leila Alaoui &#8211; Photographies\"}]},{\"@type\":\"WebSite\",\"@id\":\"https:\\\/\\\/www.coolturalia.com\\\/fr\\\/#website\",\"url\":\"https:\\\/\\\/www.coolturalia.com\\\/fr\\\/\",\"name\":\"Coolturalia\",\"description\":\"\",\"publisher\":{\"@id\":\"https:\\\/\\\/www.coolturalia.com\\\/fr\\\/#organization\"},\"potentialAction\":[{\"@type\":\"SearchAction\",\"target\":{\"@type\":\"EntryPoint\",\"urlTemplate\":\"https:\\\/\\\/www.coolturalia.com\\\/fr\\\/?s={search_term_string}\"},\"query-input\":{\"@type\":\"PropertyValueSpecification\",\"valueRequired\":true,\"valueName\":\"search_term_string\"}}],\"inLanguage\":\"fr-FR\"},{\"@type\":\"Organization\",\"@id\":\"https:\\\/\\\/www.coolturalia.com\\\/fr\\\/#organization\",\"name\":\"Coolturalia\",\"url\":\"https:\\\/\\\/www.coolturalia.com\\\/fr\\\/\",\"logo\":{\"@type\":\"ImageObject\",\"inLanguage\":\"fr-FR\",\"@id\":\"https:\\\/\\\/www.coolturalia.com\\\/fr\\\/#\\\/schema\\\/logo\\\/image\\\/\",\"url\":\"https:\\\/\\\/www.coolturalia.com\\\/wp-content\\\/uploads\\\/2024\\\/04\\\/Logo-coolturalia.svg\",\"contentUrl\":\"https:\\\/\\\/www.coolturalia.com\\\/wp-content\\\/uploads\\\/2024\\\/04\\\/Logo-coolturalia.svg\",\"width\":1312,\"height\":193,\"caption\":\"Coolturalia\"},\"image\":{\"@id\":\"https:\\\/\\\/www.coolturalia.com\\\/fr\\\/#\\\/schema\\\/logo\\\/image\\\/\"},\"sameAs\":[\"https:\\\/\\\/www.instagram.com\\\/coolturalia_geneva\\\/\"]}]}<\/script>\n<!-- \/ Yoast SEO plugin. -->","yoast_head_json":{"title":"Leila Alaoui - Photographies - Coolturalia","robots":{"index":"index","follow":"follow","max-snippet":"max-snippet:-1","max-image-preview":"max-image-preview:large","max-video-preview":"max-video-preview:-1"},"canonical":"https:\/\/www.coolturalia.com\/fr\/event\/leila-alaoui-photographies\/","og_locale":"fr_FR","og_type":"article","og_title":"Leila Alaoui - Photographies - Coolturalia","og_description":"La photographie de Leila Alaoui propose une vision profond\u00e9ment humaine et transculturelle qui interroge l&rsquo;identit\u00e9, la migration et les conditions de vie des travailleurs migrants. L&rsquo;exposition r\u00e9unit s\u00e9ries embl\u00e9matiques, tirages rarement montr\u00e9s et ensembles photographiques coh\u00e9rents pour r\u00e9v\u00e9ler la dignit\u00e9 des sujets et le langage visuel qui porte leurs r\u00e9cits. Par le portrait et le [&hellip;]","og_url":"https:\/\/www.coolturalia.com\/fr\/event\/leila-alaoui-photographies\/","og_site_name":"Coolturalia","og_image":[{"width":150,"height":150,"url":"https:\/\/www.coolturalia.com\/wp-content\/uploads\/2024\/04\/favicon-coolturalia-2.png","type":"image\/png"}],"twitter_card":"summary_large_image","schema":{"@context":"https:\/\/schema.org","@graph":[{"@type":"WebPage","@id":"https:\/\/www.coolturalia.com\/fr\/event\/leila-alaoui-photographies\/","url":"https:\/\/www.coolturalia.com\/fr\/event\/leila-alaoui-photographies\/","name":"Leila Alaoui - Photographies - Coolturalia","isPartOf":{"@id":"https:\/\/www.coolturalia.com\/fr\/#website"},"primaryImageOfPage":{"@id":"https:\/\/www.coolturalia.com\/fr\/event\/leila-alaoui-photographies\/#primaryimage"},"image":{"@id":"https:\/\/www.coolturalia.com\/fr\/event\/leila-alaoui-photographies\/#primaryimage"},"thumbnailUrl":"https:\/\/www.coolturalia.com\/wp-content\/uploads\/2026\/04\/Leila-Alaoui-Photography.webp","datePublished":"2026-04-28T06:08:46+00:00","breadcrumb":{"@id":"https:\/\/www.coolturalia.com\/fr\/event\/leila-alaoui-photographies\/#breadcrumb"},"inLanguage":"fr-FR","potentialAction":[{"@type":"ReadAction","target":["https:\/\/www.coolturalia.com\/fr\/event\/leila-alaoui-photographies\/"]}]},{"@type":"ImageObject","inLanguage":"fr-FR","@id":"https:\/\/www.coolturalia.com\/fr\/event\/leila-alaoui-photographies\/#primaryimage","url":"https:\/\/www.coolturalia.com\/wp-content\/uploads\/2026\/04\/Leila-Alaoui-Photography.webp","contentUrl":"https:\/\/www.coolturalia.com\/wp-content\/uploads\/2026\/04\/Leila-Alaoui-Photography.webp","width":411,"height":300,"caption":"undefined"},{"@type":"BreadcrumbList","@id":"https:\/\/www.coolturalia.com\/fr\/event\/leila-alaoui-photographies\/#breadcrumb","itemListElement":[{"@type":"ListItem","position":1,"name":"Home","item":"https:\/\/www.coolturalia.com\/fr\/"},{"@type":"ListItem","position":2,"name":"Events","item":"https:\/\/www.coolturalia.com\/fr\/events\/"},{"@type":"ListItem","position":3,"name":"Leila Alaoui &#8211; Photographies"}]},{"@type":"WebSite","@id":"https:\/\/www.coolturalia.com\/fr\/#website","url":"https:\/\/www.coolturalia.com\/fr\/","name":"Coolturalia","description":"","publisher":{"@id":"https:\/\/www.coolturalia.com\/fr\/#organization"},"potentialAction":[{"@type":"SearchAction","target":{"@type":"EntryPoint","urlTemplate":"https:\/\/www.coolturalia.com\/fr\/?s={search_term_string}"},"query-input":{"@type":"PropertyValueSpecification","valueRequired":true,"valueName":"search_term_string"}}],"inLanguage":"fr-FR"},{"@type":"Organization","@id":"https:\/\/www.coolturalia.com\/fr\/#organization","name":"Coolturalia","url":"https:\/\/www.coolturalia.com\/fr\/","logo":{"@type":"ImageObject","inLanguage":"fr-FR","@id":"https:\/\/www.coolturalia.com\/fr\/#\/schema\/logo\/image\/","url":"https:\/\/www.coolturalia.com\/wp-content\/uploads\/2024\/04\/Logo-coolturalia.svg","contentUrl":"https:\/\/www.coolturalia.com\/wp-content\/uploads\/2024\/04\/Logo-coolturalia.svg","width":1312,"height":193,"caption":"Coolturalia"},"image":{"@id":"https:\/\/www.coolturalia.com\/fr\/#\/schema\/logo\/image\/"},"sameAs":["https:\/\/www.instagram.com\/coolturalia_geneva\/"]}]}},"translations":{"translations":{"en":"188196","fr":"188197"},"language":{"code":"fr"},"date":{"dateRange":"6 mai - 4 juin"}},"language":{"code":"fr"},"_links":{"self":[{"href":"https:\/\/www.coolturalia.com\/fr\/wp-json\/wp\/v2\/event\/188197","targetHints":{"allow":["GET"]}}],"collection":[{"href":"https:\/\/www.coolturalia.com\/fr\/wp-json\/wp\/v2\/event"}],"about":[{"href":"https:\/\/www.coolturalia.com\/fr\/wp-json\/wp\/v2\/types\/event"}],"version-history":[{"count":0,"href":"https:\/\/www.coolturalia.com\/fr\/wp-json\/wp\/v2\/event\/188197\/revisions"}],"wp:featuredmedia":[{"embeddable":true,"href":"https:\/\/www.coolturalia.com\/fr\/wp-json\/wp\/v2\/media\/188195"}],"wp:attachment":[{"href":"https:\/\/www.coolturalia.com\/fr\/wp-json\/wp\/v2\/media?parent=188197"}],"wp:term":[{"taxonomy":"post_tag","embeddable":true,"href":"https:\/\/www.coolturalia.com\/fr\/wp-json\/wp\/v2\/tags?post=188197"},{"taxonomy":"event-category","embeddable":true,"href":"https:\/\/www.coolturalia.com\/fr\/wp-json\/wp\/v2\/event-category?post=188197"},{"taxonomy":"event-venue","embeddable":true,"href":"https:\/\/www.coolturalia.com\/fr\/wp-json\/wp\/v2\/event-venue?post=188197"}],"curies":[{"name":"wp","href":"https:\/\/api.w.org\/{rel}","templated":true}]}}