{"id":187969,"date":"2026-04-23T08:40:22","date_gmt":"2026-04-23T07:40:22","guid":{"rendered":"https:\/\/www.coolturalia.com\/event\/19e-mos-espa-a-la-lueur-de-lart-2\/"},"modified":"2026-04-23T08:40:22","modified_gmt":"2026-04-23T07:40:22","slug":"19e-mos-espa-a-la-lueur-de-lart-2","status":"publish","type":"event","link":"https:\/\/www.coolturalia.com\/fr\/event\/19e-mos-espa-a-la-lueur-de-lart-2\/","title":{"rendered":"19e MOS ESPA \u2014 \u00c0 la lueur de l&rsquo;art"},"content":{"rendered":"<p>Programmation sign\u00e9e Fr\u00e9d\u00e9ric Post et Sonia Perego, MOS ESPA propose une exp\u00e9rience immersive et unplugged, pens\u00e9e comme une \u00e9coute \u00e0 pieds nus dans un cocon. Le festival r\u00e9unit des performances de L\u00e9na Hiriartborde, Yann Leguay, Julian Sartorius, Pali Meursault et d&rsquo;autres, m\u00ealant enregistrements de terrain, objets amplifi\u00e9s, traditions acoustiques et textures \u00e9lectroniques. Des installations in situ et des instruments en bois r\u00e9alis\u00e9s par un intervenant apportent une intimit\u00e9 artisanale, tandis qu&rsquo;un son spatialis\u00e9 et un \u00e9clairage sobre dessinent des atmosph\u00e8res proches et contemplatives favorisant des moments musicaux partag\u00e9s et intenses.<\/p>\n<p>Mos_Espa est un projet qui se vit pieds nus, en chaussettes, en pantoufles ou en basanes. Il vous sera demand\u00e9 de laisser vos chaussures et votre t\u00e9l\u00e9phone au vestiaire. Pour cette \u00e9dition sans \u00e9lectricit\u00e9, les paiements par cartes de cr\u00e9dits seront impossibles,cash only.<\/p>\n","protected":false},"excerpt":{"rendered":"<p>Programmation sign\u00e9e Fr\u00e9d\u00e9ric Post et Sonia Perego, MOS ESPA propose une exp\u00e9rience immersive et unplugged, pens\u00e9e comme une \u00e9coute \u00e0 pieds nus dans un cocon. Le festival r\u00e9unit des performances de L\u00e9na Hiriartborde, Yann Leguay, Julian Sartorius, Pali Meursault et d&rsquo;autres, m\u00ealant enregistrements de terrain, objets amplifi\u00e9s, traditions acoustiques et textures \u00e9lectroniques. Des installations in [&hellip;]<\/p>\n","protected":false},"featured_media":187967,"parent":0,"menu_order":0,"template":"","format":"standard","meta":{"_acf_changed":false,"footnotes":""},"tags":[],"event-category":[444],"event-venue":[1453],"class_list":["post-187969","event","type-event","status-publish","format-standard","has-post-thumbnail","hentry","event-category-spectacles","event-venue-motel-campo-fr"],"acf":{"price":"","date":"30 avril - 2 mai","start_date":"2026-04-30 21:30:00","end_date":"2026-05-03 01:59:00","website_link":"https:\/\/mosespa.ch\/edition\/regenerator","link_buy_tickets":"","highlighted":false,"photo_credit":"Festival Mos Espa","timings":[{"timing_start_date":"2026-04-30 21:30:00","timing_end_date":"2026-05-01 01:59:00"},{"timing_start_date":"2026-05-01 21:30:00","timing_end_date":"2026-05-02 01:59:00"},{"timing_start_date":"2026-05-02 21:30:00","timing_end_date":"2026-05-03 01:59:00"}],"external_id":"63688913"},"yoast_head":"<!-- This site is optimized with the Yoast SEO plugin v26.5 - https:\/\/yoast.com\/wordpress\/plugins\/seo\/ -->\n<title>19e MOS ESPA \u2014 \u00c0 la lueur de l&#039;art - Coolturalia<\/title>\n<meta name=\"robots\" content=\"index, follow, max-snippet:-1, max-image-preview:large, max-video-preview:-1\" \/>\n<link rel=\"canonical\" href=\"https:\/\/www.coolturalia.com\/fr\/event\/19e-mos-espa-a-la-lueur-de-lart-2\/\" \/>\n<meta property=\"og:locale\" content=\"fr_FR\" \/>\n<meta property=\"og:type\" content=\"article\" \/>\n<meta property=\"og:title\" content=\"19e MOS ESPA \u2014 \u00c0 la lueur de l&#039;art - Coolturalia\" \/>\n<meta property=\"og:description\" content=\"Programmation sign\u00e9e Fr\u00e9d\u00e9ric Post et Sonia Perego, MOS ESPA propose une exp\u00e9rience immersive et unplugged, pens\u00e9e comme une \u00e9coute \u00e0 pieds nus dans un cocon. Le festival r\u00e9unit des performances de L\u00e9na Hiriartborde, Yann Leguay, Julian Sartorius, Pali Meursault et d&rsquo;autres, m\u00ealant enregistrements de terrain, objets amplifi\u00e9s, traditions acoustiques et textures \u00e9lectroniques. Des installations in [&hellip;]\" \/>\n<meta property=\"og:url\" content=\"https:\/\/www.coolturalia.com\/fr\/event\/19e-mos-espa-a-la-lueur-de-lart-2\/\" \/>\n<meta property=\"og:site_name\" content=\"Coolturalia\" \/>\n<meta property=\"og:image\" content=\"https:\/\/www.coolturalia.com\/wp-content\/uploads\/2024\/04\/favicon-coolturalia-2.png\" \/>\n\t<meta property=\"og:image:width\" content=\"150\" \/>\n\t<meta property=\"og:image:height\" content=\"150\" \/>\n\t<meta property=\"og:image:type\" content=\"image\/png\" \/>\n<meta name=\"twitter:card\" content=\"summary_large_image\" \/>\n<meta name=\"twitter:label1\" content=\"Dur\u00e9e de lecture estim\u00e9e\" \/>\n\t<meta name=\"twitter:data1\" content=\"1 minute\" \/>\n<script type=\"application\/ld+json\" class=\"yoast-schema-graph\">{\"@context\":\"https:\/\/schema.org\",\"@graph\":[{\"@type\":\"WebPage\",\"@id\":\"https:\/\/www.coolturalia.com\/fr\/event\/19e-mos-espa-a-la-lueur-de-lart-2\/\",\"url\":\"https:\/\/www.coolturalia.com\/fr\/event\/19e-mos-espa-a-la-lueur-de-lart-2\/\",\"name\":\"19e MOS ESPA \u2014 \u00c0 la lueur de l'art - Coolturalia\",\"isPartOf\":{\"@id\":\"https:\/\/www.coolturalia.com\/fr\/#website\"},\"primaryImageOfPage\":{\"@id\":\"https:\/\/www.coolturalia.com\/fr\/event\/19e-mos-espa-a-la-lueur-de-lart-2\/#primaryimage\"},\"image\":{\"@id\":\"https:\/\/www.coolturalia.com\/fr\/event\/19e-mos-espa-a-la-lueur-de-lart-2\/#primaryimage\"},\"thumbnailUrl\":\"https:\/\/www.coolturalia.com\/wp-content\/uploads\/2026\/04\/19e-MOS-ESPA-A-la-lueur-de-l-art.webp\",\"datePublished\":\"2026-04-23T07:40:22+00:00\",\"breadcrumb\":{\"@id\":\"https:\/\/www.coolturalia.com\/fr\/event\/19e-mos-espa-a-la-lueur-de-lart-2\/#breadcrumb\"},\"inLanguage\":\"fr-FR\",\"potentialAction\":[{\"@type\":\"ReadAction\",\"target\":[\"https:\/\/www.coolturalia.com\/fr\/event\/19e-mos-espa-a-la-lueur-de-lart-2\/\"]}]},{\"@type\":\"ImageObject\",\"inLanguage\":\"fr-FR\",\"@id\":\"https:\/\/www.coolturalia.com\/fr\/event\/19e-mos-espa-a-la-lueur-de-lart-2\/#primaryimage\",\"url\":\"https:\/\/www.coolturalia.com\/wp-content\/uploads\/2026\/04\/19e-MOS-ESPA-A-la-lueur-de-l-art.webp\",\"contentUrl\":\"https:\/\/www.coolturalia.com\/wp-content\/uploads\/2026\/04\/19e-MOS-ESPA-A-la-lueur-de-l-art.webp\",\"width\":700,\"height\":320,\"caption\":\"undefined\"},{\"@type\":\"BreadcrumbList\",\"@id\":\"https:\/\/www.coolturalia.com\/fr\/event\/19e-mos-espa-a-la-lueur-de-lart-2\/#breadcrumb\",\"itemListElement\":[{\"@type\":\"ListItem\",\"position\":1,\"name\":\"Home\",\"item\":\"https:\/\/www.coolturalia.com\/fr\/\"},{\"@type\":\"ListItem\",\"position\":2,\"name\":\"Events\",\"item\":\"https:\/\/www.coolturalia.com\/fr\/events\/\"},{\"@type\":\"ListItem\",\"position\":3,\"name\":\"19e MOS ESPA \u2014 \u00c0 la lueur de l&rsquo;art\"}]},{\"@type\":\"WebSite\",\"@id\":\"https:\/\/www.coolturalia.com\/fr\/#website\",\"url\":\"https:\/\/www.coolturalia.com\/fr\/\",\"name\":\"Coolturalia\",\"description\":\"\",\"publisher\":{\"@id\":\"https:\/\/www.coolturalia.com\/fr\/#organization\"},\"potentialAction\":[{\"@type\":\"SearchAction\",\"target\":{\"@type\":\"EntryPoint\",\"urlTemplate\":\"https:\/\/www.coolturalia.com\/fr\/?s={search_term_string}\"},\"query-input\":{\"@type\":\"PropertyValueSpecification\",\"valueRequired\":true,\"valueName\":\"search_term_string\"}}],\"inLanguage\":\"fr-FR\"},{\"@type\":\"Organization\",\"@id\":\"https:\/\/www.coolturalia.com\/fr\/#organization\",\"name\":\"Coolturalia\",\"url\":\"https:\/\/www.coolturalia.com\/fr\/\",\"logo\":{\"@type\":\"ImageObject\",\"inLanguage\":\"fr-FR\",\"@id\":\"https:\/\/www.coolturalia.com\/fr\/#\/schema\/logo\/image\/\",\"url\":\"https:\/\/www.coolturalia.com\/wp-content\/uploads\/2024\/04\/Logo-coolturalia.svg\",\"contentUrl\":\"https:\/\/www.coolturalia.com\/wp-content\/uploads\/2024\/04\/Logo-coolturalia.svg\",\"width\":1312,\"height\":193,\"caption\":\"Coolturalia\"},\"image\":{\"@id\":\"https:\/\/www.coolturalia.com\/fr\/#\/schema\/logo\/image\/\"},\"sameAs\":[\"https:\/\/www.instagram.com\/coolturalia_geneva\/\"]}]}<\/script>\n<!-- \/ Yoast SEO plugin. -->","yoast_head_json":{"title":"19e MOS ESPA \u2014 \u00c0 la lueur de l'art - Coolturalia","robots":{"index":"index","follow":"follow","max-snippet":"max-snippet:-1","max-image-preview":"max-image-preview:large","max-video-preview":"max-video-preview:-1"},"canonical":"https:\/\/www.coolturalia.com\/fr\/event\/19e-mos-espa-a-la-lueur-de-lart-2\/","og_locale":"fr_FR","og_type":"article","og_title":"19e MOS ESPA \u2014 \u00c0 la lueur de l'art - Coolturalia","og_description":"Programmation sign\u00e9e Fr\u00e9d\u00e9ric Post et Sonia Perego, MOS ESPA propose une exp\u00e9rience immersive et unplugged, pens\u00e9e comme une \u00e9coute \u00e0 pieds nus dans un cocon. Le festival r\u00e9unit des performances de L\u00e9na Hiriartborde, Yann Leguay, Julian Sartorius, Pali Meursault et d&rsquo;autres, m\u00ealant enregistrements de terrain, objets amplifi\u00e9s, traditions acoustiques et textures \u00e9lectroniques. Des installations in [&hellip;]","og_url":"https:\/\/www.coolturalia.com\/fr\/event\/19e-mos-espa-a-la-lueur-de-lart-2\/","og_site_name":"Coolturalia","og_image":[{"width":150,"height":150,"url":"https:\/\/www.coolturalia.com\/wp-content\/uploads\/2024\/04\/favicon-coolturalia-2.png","type":"image\/png"}],"twitter_card":"summary_large_image","twitter_misc":{"Dur\u00e9e de lecture estim\u00e9e":"1 minute"},"schema":{"@context":"https:\/\/schema.org","@graph":[{"@type":"WebPage","@id":"https:\/\/www.coolturalia.com\/fr\/event\/19e-mos-espa-a-la-lueur-de-lart-2\/","url":"https:\/\/www.coolturalia.com\/fr\/event\/19e-mos-espa-a-la-lueur-de-lart-2\/","name":"19e MOS ESPA \u2014 \u00c0 la lueur de l'art - Coolturalia","isPartOf":{"@id":"https:\/\/www.coolturalia.com\/fr\/#website"},"primaryImageOfPage":{"@id":"https:\/\/www.coolturalia.com\/fr\/event\/19e-mos-espa-a-la-lueur-de-lart-2\/#primaryimage"},"image":{"@id":"https:\/\/www.coolturalia.com\/fr\/event\/19e-mos-espa-a-la-lueur-de-lart-2\/#primaryimage"},"thumbnailUrl":"https:\/\/www.coolturalia.com\/wp-content\/uploads\/2026\/04\/19e-MOS-ESPA-A-la-lueur-de-l-art.webp","datePublished":"2026-04-23T07:40:22+00:00","breadcrumb":{"@id":"https:\/\/www.coolturalia.com\/fr\/event\/19e-mos-espa-a-la-lueur-de-lart-2\/#breadcrumb"},"inLanguage":"fr-FR","potentialAction":[{"@type":"ReadAction","target":["https:\/\/www.coolturalia.com\/fr\/event\/19e-mos-espa-a-la-lueur-de-lart-2\/"]}]},{"@type":"ImageObject","inLanguage":"fr-FR","@id":"https:\/\/www.coolturalia.com\/fr\/event\/19e-mos-espa-a-la-lueur-de-lart-2\/#primaryimage","url":"https:\/\/www.coolturalia.com\/wp-content\/uploads\/2026\/04\/19e-MOS-ESPA-A-la-lueur-de-l-art.webp","contentUrl":"https:\/\/www.coolturalia.com\/wp-content\/uploads\/2026\/04\/19e-MOS-ESPA-A-la-lueur-de-l-art.webp","width":700,"height":320,"caption":"undefined"},{"@type":"BreadcrumbList","@id":"https:\/\/www.coolturalia.com\/fr\/event\/19e-mos-espa-a-la-lueur-de-lart-2\/#breadcrumb","itemListElement":[{"@type":"ListItem","position":1,"name":"Home","item":"https:\/\/www.coolturalia.com\/fr\/"},{"@type":"ListItem","position":2,"name":"Events","item":"https:\/\/www.coolturalia.com\/fr\/events\/"},{"@type":"ListItem","position":3,"name":"19e MOS ESPA \u2014 \u00c0 la lueur de l&rsquo;art"}]},{"@type":"WebSite","@id":"https:\/\/www.coolturalia.com\/fr\/#website","url":"https:\/\/www.coolturalia.com\/fr\/","name":"Coolturalia","description":"","publisher":{"@id":"https:\/\/www.coolturalia.com\/fr\/#organization"},"potentialAction":[{"@type":"SearchAction","target":{"@type":"EntryPoint","urlTemplate":"https:\/\/www.coolturalia.com\/fr\/?s={search_term_string}"},"query-input":{"@type":"PropertyValueSpecification","valueRequired":true,"valueName":"search_term_string"}}],"inLanguage":"fr-FR"},{"@type":"Organization","@id":"https:\/\/www.coolturalia.com\/fr\/#organization","name":"Coolturalia","url":"https:\/\/www.coolturalia.com\/fr\/","logo":{"@type":"ImageObject","inLanguage":"fr-FR","@id":"https:\/\/www.coolturalia.com\/fr\/#\/schema\/logo\/image\/","url":"https:\/\/www.coolturalia.com\/wp-content\/uploads\/2024\/04\/Logo-coolturalia.svg","contentUrl":"https:\/\/www.coolturalia.com\/wp-content\/uploads\/2024\/04\/Logo-coolturalia.svg","width":1312,"height":193,"caption":"Coolturalia"},"image":{"@id":"https:\/\/www.coolturalia.com\/fr\/#\/schema\/logo\/image\/"},"sameAs":["https:\/\/www.instagram.com\/coolturalia_geneva\/"]}]}},"translations":{"translations":{"en":"187968","fr":"187969"},"language":{"code":"fr"},"date":{"dateRange":"30 avril - 2 mai"}},"language":{"code":"fr"},"_links":{"self":[{"href":"https:\/\/www.coolturalia.com\/fr\/wp-json\/wp\/v2\/event\/187969","targetHints":{"allow":["GET"]}}],"collection":[{"href":"https:\/\/www.coolturalia.com\/fr\/wp-json\/wp\/v2\/event"}],"about":[{"href":"https:\/\/www.coolturalia.com\/fr\/wp-json\/wp\/v2\/types\/event"}],"version-history":[{"count":0,"href":"https:\/\/www.coolturalia.com\/fr\/wp-json\/wp\/v2\/event\/187969\/revisions"}],"wp:featuredmedia":[{"embeddable":true,"href":"https:\/\/www.coolturalia.com\/fr\/wp-json\/wp\/v2\/media\/187967"}],"wp:attachment":[{"href":"https:\/\/www.coolturalia.com\/fr\/wp-json\/wp\/v2\/media?parent=187969"}],"wp:term":[{"taxonomy":"post_tag","embeddable":true,"href":"https:\/\/www.coolturalia.com\/fr\/wp-json\/wp\/v2\/tags?post=187969"},{"taxonomy":"event-category","embeddable":true,"href":"https:\/\/www.coolturalia.com\/fr\/wp-json\/wp\/v2\/event-category?post=187969"},{"taxonomy":"event-venue","embeddable":true,"href":"https:\/\/www.coolturalia.com\/fr\/wp-json\/wp\/v2\/event-venue?post=187969"}],"curies":[{"name":"wp","href":"https:\/\/api.w.org\/{rel}","templated":true}]}}