{"id":187803,"date":"2026-04-21T07:32:02","date_gmt":"2026-04-21T06:32:02","guid":{"rendered":"https:\/\/www.coolturalia.com\/event\/edouard-et-marguerite-naville\/"},"modified":"2026-04-21T07:32:02","modified_gmt":"2026-04-21T06:32:02","slug":"edouard-et-marguerite-naville","status":"publish","type":"event","link":"https:\/\/www.coolturalia.com\/fr\/event\/edouard-et-marguerite-naville\/","title":{"rendered":"\u00c9douard et Marguerite Naville"},"content":{"rendered":"<p>L&rsquo;exposition retrace les parcours d&rsquo;\u00c9douard Naville, premier \u00e9gyptologue suisse, et de son \u00e9pouse Marguerite Naville, aujourd&rsquo;hui reconnue pour ses contributions scientifiques. \u00c0 travers archives, carnets de fouille et objets pharaoniques, elle met en lumi\u00e8re leurs pratiques arch\u00e9ologiques et le r\u00f4le souvent voil\u00e9 de Marguerite. Le parcours \u00e9voque aussi l&rsquo;engagement politique, religieux et humanitaire qui a fa\u00e7onn\u00e9 la recherche \u00e9gyptologique et les valeurs intellectuelles \u00e0 la charni\u00e8re des XIXe et XXe si\u00e8cles.<\/p>\n","protected":false},"excerpt":{"rendered":"<p>L&rsquo;exposition retrace les parcours d&rsquo;\u00c9douard Naville, premier \u00e9gyptologue suisse, et de son \u00e9pouse Marguerite Naville, aujourd&rsquo;hui reconnue pour ses contributions scientifiques. \u00c0 travers archives, carnets de fouille et objets pharaoniques, elle met en lumi\u00e8re leurs pratiques arch\u00e9ologiques et le r\u00f4le souvent voil\u00e9 de Marguerite. Le parcours \u00e9voque aussi l&rsquo;engagement politique, religieux et humanitaire qui a [&hellip;]<\/p>\n","protected":false},"featured_media":187801,"parent":0,"menu_order":0,"template":"","format":"standard","meta":{"_acf_changed":false,"footnotes":""},"tags":[],"event-category":[446],"event-venue":[596],"class_list":["post-187803","event","type-event","status-publish","format-standard","has-post-thumbnail","hentry","event-category-art-et-expositions","event-venue-musee-dart-et-dhistoire-fr"],"acf":{"price":"Sur r\u00e9servation","date":"30 mai - 27 septembre","start_date":"2026-05-30 02:00:00","end_date":"2026-09-27 02:00:00","website_link":"https:\/\/www.mahmah.ch\/expositions\/edouard-et-marguerite-naville#main-content","link_buy_tickets":"","highlighted":false,"photo_credit":"","timings":[{"timing_start_date":"2026-05-30 13:00:00","timing_end_date":"2026-05-30 20:00:00"},{"timing_start_date":"2026-05-31 13:00:00","timing_end_date":"2026-05-31 20:00:00"},{"timing_start_date":"2026-06-02 13:00:00","timing_end_date":"2026-06-02 20:00:00"},{"timing_start_date":"2026-06-03 13:00:00","timing_end_date":"2026-06-03 20:00:00"},{"timing_start_date":"2026-06-04 14:00:00","timing_end_date":"2026-06-04 23:00:00"},{"timing_start_date":"2026-06-05 13:00:00","timing_end_date":"2026-06-05 20:00:00"},{"timing_start_date":"2026-06-06 13:00:00","timing_end_date":"2026-06-06 20:00:00"},{"timing_start_date":"2026-06-07 13:00:00","timing_end_date":"2026-06-07 20:00:00"},{"timing_start_date":"2026-06-09 13:00:00","timing_end_date":"2026-06-09 20:00:00"},{"timing_start_date":"2026-06-10 13:00:00","timing_end_date":"2026-06-10 20:00:00"},{"timing_start_date":"2026-06-11 14:00:00","timing_end_date":"2026-06-11 23:00:00"},{"timing_start_date":"2026-06-12 13:00:00","timing_end_date":"2026-06-12 20:00:00"},{"timing_start_date":"2026-06-13 13:00:00","timing_end_date":"2026-06-13 20:00:00"},{"timing_start_date":"2026-06-14 13:00:00","timing_end_date":"2026-06-14 20:00:00"},{"timing_start_date":"2026-06-16 13:00:00","timing_end_date":"2026-06-16 20:00:00"},{"timing_start_date":"2026-06-17 13:00:00","timing_end_date":"2026-06-17 20:00:00"},{"timing_start_date":"2026-06-18 14:00:00","timing_end_date":"2026-06-18 23:00:00"},{"timing_start_date":"2026-06-19 13:00:00","timing_end_date":"2026-06-19 20:00:00"},{"timing_start_date":"2026-06-20 13:00:00","timing_end_date":"2026-06-20 20:00:00"},{"timing_start_date":"2026-06-21 13:00:00","timing_end_date":"2026-06-21 20:00:00"},{"timing_start_date":"2026-06-23 13:00:00","timing_end_date":"2026-06-23 20:00:00"},{"timing_start_date":"2026-06-24 13:00:00","timing_end_date":"2026-06-24 20:00:00"},{"timing_start_date":"2026-06-25 14:00:00","timing_end_date":"2026-06-25 23:00:00"},{"timing_start_date":"2026-06-26 13:00:00","timing_end_date":"2026-06-26 20:00:00"},{"timing_start_date":"2026-06-27 13:00:00","timing_end_date":"2026-06-27 20:00:00"},{"timing_start_date":"2026-06-28 13:00:00","timing_end_date":"2026-06-28 20:00:00"},{"timing_start_date":"2026-06-30 13:00:00","timing_end_date":"2026-06-30 20:00:00"},{"timing_start_date":"2026-07-01 13:00:00","timing_end_date":"2026-07-01 20:00:00"},{"timing_start_date":"2026-07-02 14:00:00","timing_end_date":"2026-07-02 23:00:00"},{"timing_start_date":"2026-07-03 13:00:00","timing_end_date":"2026-07-03 20:00:00"},{"timing_start_date":"2026-07-04 13:00:00","timing_end_date":"2026-07-04 20:00:00"},{"timing_start_date":"2026-07-05 13:00:00","timing_end_date":"2026-07-05 20:00:00"},{"timing_start_date":"2026-07-07 13:00:00","timing_end_date":"2026-07-07 20:00:00"},{"timing_start_date":"2026-07-08 13:00:00","timing_end_date":"2026-07-08 20:00:00"},{"timing_start_date":"2026-07-09 14:00:00","timing_end_date":"2026-07-09 23:00:00"},{"timing_start_date":"2026-07-10 13:00:00","timing_end_date":"2026-07-10 20:00:00"},{"timing_start_date":"2026-07-11 13:00:00","timing_end_date":"2026-07-11 20:00:00"},{"timing_start_date":"2026-07-12 13:00:00","timing_end_date":"2026-07-12 20:00:00"},{"timing_start_date":"2026-07-14 13:00:00","timing_end_date":"2026-07-14 20:00:00"},{"timing_start_date":"2026-07-15 13:00:00","timing_end_date":"2026-07-15 20:00:00"},{"timing_start_date":"2026-07-16 14:00:00","timing_end_date":"2026-07-16 23:00:00"},{"timing_start_date":"2026-07-17 13:00:00","timing_end_date":"2026-07-17 20:00:00"},{"timing_start_date":"2026-07-18 13:00:00","timing_end_date":"2026-07-18 20:00:00"},{"timing_start_date":"2026-07-19 13:00:00","timing_end_date":"2026-07-19 20:00:00"},{"timing_start_date":"2026-07-21 13:00:00","timing_end_date":"2026-07-21 20:00:00"},{"timing_start_date":"2026-07-22 13:00:00","timing_end_date":"2026-07-22 20:00:00"},{"timing_start_date":"2026-07-23 14:00:00","timing_end_date":"2026-07-23 23:00:00"},{"timing_start_date":"2026-07-24 13:00:00","timing_end_date":"2026-07-24 20:00:00"},{"timing_start_date":"2026-07-25 13:00:00","timing_end_date":"2026-07-25 20:00:00"},{"timing_start_date":"2026-07-26 13:00:00","timing_end_date":"2026-07-26 20:00:00"},{"timing_start_date":"2026-07-28 13:00:00","timing_end_date":"2026-07-28 20:00:00"},{"timing_start_date":"2026-07-29 13:00:00","timing_end_date":"2026-07-29 20:00:00"},{"timing_start_date":"2026-07-30 14:00:00","timing_end_date":"2026-07-30 23:00:00"},{"timing_start_date":"2026-07-31 13:00:00","timing_end_date":"2026-07-31 20:00:00"},{"timing_start_date":"2026-08-01 13:00:00","timing_end_date":"2026-08-01 20:00:00"},{"timing_start_date":"2026-08-02 13:00:00","timing_end_date":"2026-08-02 20:00:00"},{"timing_start_date":"2026-08-04 13:00:00","timing_end_date":"2026-08-04 20:00:00"},{"timing_start_date":"2026-08-05 13:00:00","timing_end_date":"2026-08-05 20:00:00"},{"timing_start_date":"2026-08-06 14:00:00","timing_end_date":"2026-08-06 23:00:00"},{"timing_start_date":"2026-08-07 13:00:00","timing_end_date":"2026-08-07 20:00:00"},{"timing_start_date":"2026-08-08 13:00:00","timing_end_date":"2026-08-08 20:00:00"},{"timing_start_date":"2026-08-09 13:00:00","timing_end_date":"2026-08-09 20:00:00"},{"timing_start_date":"2026-08-11 13:00:00","timing_end_date":"2026-08-11 20:00:00"},{"timing_start_date":"2026-08-12 13:00:00","timing_end_date":"2026-08-12 20:00:00"},{"timing_start_date":"2026-08-13 14:00:00","timing_end_date":"2026-08-13 23:00:00"},{"timing_start_date":"2026-08-14 13:00:00","timing_end_date":"2026-08-14 20:00:00"},{"timing_start_date":"2026-08-15 13:00:00","timing_end_date":"2026-08-15 20:00:00"},{"timing_start_date":"2026-08-16 13:00:00","timing_end_date":"2026-08-16 20:00:00"},{"timing_start_date":"2026-08-18 13:00:00","timing_end_date":"2026-08-18 20:00:00"},{"timing_start_date":"2026-08-19 13:00:00","timing_end_date":"2026-08-19 20:00:00"},{"timing_start_date":"2026-08-20 14:00:00","timing_end_date":"2026-08-20 23:00:00"},{"timing_start_date":"2026-08-21 13:00:00","timing_end_date":"2026-08-21 20:00:00"},{"timing_start_date":"2026-08-22 13:00:00","timing_end_date":"2026-08-22 20:00:00"},{"timing_start_date":"2026-08-23 13:00:00","timing_end_date":"2026-08-23 20:00:00"},{"timing_start_date":"2026-08-25 13:00:00","timing_end_date":"2026-08-25 20:00:00"},{"timing_start_date":"2026-08-26 13:00:00","timing_end_date":"2026-08-26 20:00:00"},{"timing_start_date":"2026-08-27 14:00:00","timing_end_date":"2026-08-27 23:00:00"},{"timing_start_date":"2026-08-28 13:00:00","timing_end_date":"2026-08-28 20:00:00"},{"timing_start_date":"2026-08-29 13:00:00","timing_end_date":"2026-08-29 20:00:00"},{"timing_start_date":"2026-08-30 13:00:00","timing_end_date":"2026-08-30 20:00:00"},{"timing_start_date":"2026-09-01 13:00:00","timing_end_date":"2026-09-01 20:00:00"},{"timing_start_date":"2026-09-02 13:00:00","timing_end_date":"2026-09-02 20:00:00"},{"timing_start_date":"2026-09-03 14:00:00","timing_end_date":"2026-09-03 23:00:00"},{"timing_start_date":"2026-09-04 13:00:00","timing_end_date":"2026-09-04 20:00:00"},{"timing_start_date":"2026-09-05 13:00:00","timing_end_date":"2026-09-05 20:00:00"},{"timing_start_date":"2026-09-06 13:00:00","timing_end_date":"2026-09-06 20:00:00"},{"timing_start_date":"2026-09-08 13:00:00","timing_end_date":"2026-09-08 20:00:00"},{"timing_start_date":"2026-09-09 13:00:00","timing_end_date":"2026-09-09 20:00:00"},{"timing_start_date":"2026-09-10 14:00:00","timing_end_date":"2026-09-10 23:00:00"},{"timing_start_date":"2026-09-11 13:00:00","timing_end_date":"2026-09-11 20:00:00"}],"external_id":""},"yoast_head":"<!-- This site is optimized with the Yoast SEO plugin v27.5 - https:\/\/yoast.com\/product\/yoast-seo-wordpress\/ -->\n<title>\u00c9douard et Marguerite Naville - Coolturalia<\/title>\n<meta name=\"robots\" content=\"index, follow, max-snippet:-1, max-image-preview:large, max-video-preview:-1\" \/>\n<link rel=\"canonical\" href=\"https:\/\/www.coolturalia.com\/fr\/event\/edouard-et-marguerite-naville\/\" \/>\n<meta property=\"og:locale\" content=\"fr_FR\" \/>\n<meta property=\"og:type\" content=\"article\" \/>\n<meta property=\"og:title\" content=\"\u00c9douard et Marguerite Naville - Coolturalia\" \/>\n<meta property=\"og:description\" content=\"L&rsquo;exposition retrace les parcours d&rsquo;\u00c9douard Naville, premier \u00e9gyptologue suisse, et de son \u00e9pouse Marguerite Naville, aujourd&rsquo;hui reconnue pour ses contributions scientifiques. \u00c0 travers archives, carnets de fouille et objets pharaoniques, elle met en lumi\u00e8re leurs pratiques arch\u00e9ologiques et le r\u00f4le souvent voil\u00e9 de Marguerite. Le parcours \u00e9voque aussi l&rsquo;engagement politique, religieux et humanitaire qui a [&hellip;]\" \/>\n<meta property=\"og:url\" content=\"https:\/\/www.coolturalia.com\/fr\/event\/edouard-et-marguerite-naville\/\" \/>\n<meta property=\"og:site_name\" content=\"Coolturalia\" \/>\n<meta property=\"og:image\" content=\"https:\/\/www.coolturalia.com\/wp-content\/uploads\/2024\/04\/favicon-coolturalia-2.png\" \/>\n\t<meta property=\"og:image:width\" content=\"150\" \/>\n\t<meta property=\"og:image:height\" content=\"150\" \/>\n\t<meta property=\"og:image:type\" content=\"image\/png\" \/>\n<meta name=\"twitter:card\" content=\"summary_large_image\" \/>\n<script type=\"application\/ld+json\" class=\"yoast-schema-graph\">{\"@context\":\"https:\\\/\\\/schema.org\",\"@graph\":[{\"@type\":\"WebPage\",\"@id\":\"https:\\\/\\\/www.coolturalia.com\\\/fr\\\/event\\\/edouard-et-marguerite-naville\\\/\",\"url\":\"https:\\\/\\\/www.coolturalia.com\\\/fr\\\/event\\\/edouard-et-marguerite-naville\\\/\",\"name\":\"\u00c9douard et Marguerite Naville - Coolturalia\",\"isPartOf\":{\"@id\":\"https:\\\/\\\/www.coolturalia.com\\\/fr\\\/#website\"},\"primaryImageOfPage\":{\"@id\":\"https:\\\/\\\/www.coolturalia.com\\\/fr\\\/event\\\/edouard-et-marguerite-naville\\\/#primaryimage\"},\"image\":{\"@id\":\"https:\\\/\\\/www.coolturalia.com\\\/fr\\\/event\\\/edouard-et-marguerite-naville\\\/#primaryimage\"},\"thumbnailUrl\":\"https:\\\/\\\/www.coolturalia.com\\\/wp-content\\\/uploads\\\/2026\\\/04\\\/Edouard-and-Marguerite-Naville.webp\",\"datePublished\":\"2026-04-21T06:32:02+00:00\",\"breadcrumb\":{\"@id\":\"https:\\\/\\\/www.coolturalia.com\\\/fr\\\/event\\\/edouard-et-marguerite-naville\\\/#breadcrumb\"},\"inLanguage\":\"fr-FR\",\"potentialAction\":[{\"@type\":\"ReadAction\",\"target\":[\"https:\\\/\\\/www.coolturalia.com\\\/fr\\\/event\\\/edouard-et-marguerite-naville\\\/\"]}]},{\"@type\":\"ImageObject\",\"inLanguage\":\"fr-FR\",\"@id\":\"https:\\\/\\\/www.coolturalia.com\\\/fr\\\/event\\\/edouard-et-marguerite-naville\\\/#primaryimage\",\"url\":\"https:\\\/\\\/www.coolturalia.com\\\/wp-content\\\/uploads\\\/2026\\\/04\\\/Edouard-and-Marguerite-Naville.webp\",\"contentUrl\":\"https:\\\/\\\/www.coolturalia.com\\\/wp-content\\\/uploads\\\/2026\\\/04\\\/Edouard-and-Marguerite-Naville.webp\",\"width\":530,\"height\":299,\"caption\":\"undefined\"},{\"@type\":\"BreadcrumbList\",\"@id\":\"https:\\\/\\\/www.coolturalia.com\\\/fr\\\/event\\\/edouard-et-marguerite-naville\\\/#breadcrumb\",\"itemListElement\":[{\"@type\":\"ListItem\",\"position\":1,\"name\":\"Home\",\"item\":\"https:\\\/\\\/www.coolturalia.com\\\/fr\\\/\"},{\"@type\":\"ListItem\",\"position\":2,\"name\":\"Events\",\"item\":\"https:\\\/\\\/www.coolturalia.com\\\/fr\\\/events\\\/\"},{\"@type\":\"ListItem\",\"position\":3,\"name\":\"\u00c9douard et Marguerite Naville\"}]},{\"@type\":\"WebSite\",\"@id\":\"https:\\\/\\\/www.coolturalia.com\\\/fr\\\/#website\",\"url\":\"https:\\\/\\\/www.coolturalia.com\\\/fr\\\/\",\"name\":\"Coolturalia\",\"description\":\"\",\"publisher\":{\"@id\":\"https:\\\/\\\/www.coolturalia.com\\\/fr\\\/#organization\"},\"potentialAction\":[{\"@type\":\"SearchAction\",\"target\":{\"@type\":\"EntryPoint\",\"urlTemplate\":\"https:\\\/\\\/www.coolturalia.com\\\/fr\\\/?s={search_term_string}\"},\"query-input\":{\"@type\":\"PropertyValueSpecification\",\"valueRequired\":true,\"valueName\":\"search_term_string\"}}],\"inLanguage\":\"fr-FR\"},{\"@type\":\"Organization\",\"@id\":\"https:\\\/\\\/www.coolturalia.com\\\/fr\\\/#organization\",\"name\":\"Coolturalia\",\"url\":\"https:\\\/\\\/www.coolturalia.com\\\/fr\\\/\",\"logo\":{\"@type\":\"ImageObject\",\"inLanguage\":\"fr-FR\",\"@id\":\"https:\\\/\\\/www.coolturalia.com\\\/fr\\\/#\\\/schema\\\/logo\\\/image\\\/\",\"url\":\"https:\\\/\\\/www.coolturalia.com\\\/wp-content\\\/uploads\\\/2024\\\/04\\\/Logo-coolturalia.svg\",\"contentUrl\":\"https:\\\/\\\/www.coolturalia.com\\\/wp-content\\\/uploads\\\/2024\\\/04\\\/Logo-coolturalia.svg\",\"width\":1312,\"height\":193,\"caption\":\"Coolturalia\"},\"image\":{\"@id\":\"https:\\\/\\\/www.coolturalia.com\\\/fr\\\/#\\\/schema\\\/logo\\\/image\\\/\"},\"sameAs\":[\"https:\\\/\\\/www.instagram.com\\\/coolturalia_geneva\\\/\"]}]}<\/script>\n<!-- \/ Yoast SEO plugin. -->","yoast_head_json":{"title":"\u00c9douard et Marguerite Naville - Coolturalia","robots":{"index":"index","follow":"follow","max-snippet":"max-snippet:-1","max-image-preview":"max-image-preview:large","max-video-preview":"max-video-preview:-1"},"canonical":"https:\/\/www.coolturalia.com\/fr\/event\/edouard-et-marguerite-naville\/","og_locale":"fr_FR","og_type":"article","og_title":"\u00c9douard et Marguerite Naville - Coolturalia","og_description":"L&rsquo;exposition retrace les parcours d&rsquo;\u00c9douard Naville, premier \u00e9gyptologue suisse, et de son \u00e9pouse Marguerite Naville, aujourd&rsquo;hui reconnue pour ses contributions scientifiques. \u00c0 travers archives, carnets de fouille et objets pharaoniques, elle met en lumi\u00e8re leurs pratiques arch\u00e9ologiques et le r\u00f4le souvent voil\u00e9 de Marguerite. Le parcours \u00e9voque aussi l&rsquo;engagement politique, religieux et humanitaire qui a [&hellip;]","og_url":"https:\/\/www.coolturalia.com\/fr\/event\/edouard-et-marguerite-naville\/","og_site_name":"Coolturalia","og_image":[{"width":150,"height":150,"url":"https:\/\/www.coolturalia.com\/wp-content\/uploads\/2024\/04\/favicon-coolturalia-2.png","type":"image\/png"}],"twitter_card":"summary_large_image","schema":{"@context":"https:\/\/schema.org","@graph":[{"@type":"WebPage","@id":"https:\/\/www.coolturalia.com\/fr\/event\/edouard-et-marguerite-naville\/","url":"https:\/\/www.coolturalia.com\/fr\/event\/edouard-et-marguerite-naville\/","name":"\u00c9douard et Marguerite Naville - Coolturalia","isPartOf":{"@id":"https:\/\/www.coolturalia.com\/fr\/#website"},"primaryImageOfPage":{"@id":"https:\/\/www.coolturalia.com\/fr\/event\/edouard-et-marguerite-naville\/#primaryimage"},"image":{"@id":"https:\/\/www.coolturalia.com\/fr\/event\/edouard-et-marguerite-naville\/#primaryimage"},"thumbnailUrl":"https:\/\/www.coolturalia.com\/wp-content\/uploads\/2026\/04\/Edouard-and-Marguerite-Naville.webp","datePublished":"2026-04-21T06:32:02+00:00","breadcrumb":{"@id":"https:\/\/www.coolturalia.com\/fr\/event\/edouard-et-marguerite-naville\/#breadcrumb"},"inLanguage":"fr-FR","potentialAction":[{"@type":"ReadAction","target":["https:\/\/www.coolturalia.com\/fr\/event\/edouard-et-marguerite-naville\/"]}]},{"@type":"ImageObject","inLanguage":"fr-FR","@id":"https:\/\/www.coolturalia.com\/fr\/event\/edouard-et-marguerite-naville\/#primaryimage","url":"https:\/\/www.coolturalia.com\/wp-content\/uploads\/2026\/04\/Edouard-and-Marguerite-Naville.webp","contentUrl":"https:\/\/www.coolturalia.com\/wp-content\/uploads\/2026\/04\/Edouard-and-Marguerite-Naville.webp","width":530,"height":299,"caption":"undefined"},{"@type":"BreadcrumbList","@id":"https:\/\/www.coolturalia.com\/fr\/event\/edouard-et-marguerite-naville\/#breadcrumb","itemListElement":[{"@type":"ListItem","position":1,"name":"Home","item":"https:\/\/www.coolturalia.com\/fr\/"},{"@type":"ListItem","position":2,"name":"Events","item":"https:\/\/www.coolturalia.com\/fr\/events\/"},{"@type":"ListItem","position":3,"name":"\u00c9douard et Marguerite Naville"}]},{"@type":"WebSite","@id":"https:\/\/www.coolturalia.com\/fr\/#website","url":"https:\/\/www.coolturalia.com\/fr\/","name":"Coolturalia","description":"","publisher":{"@id":"https:\/\/www.coolturalia.com\/fr\/#organization"},"potentialAction":[{"@type":"SearchAction","target":{"@type":"EntryPoint","urlTemplate":"https:\/\/www.coolturalia.com\/fr\/?s={search_term_string}"},"query-input":{"@type":"PropertyValueSpecification","valueRequired":true,"valueName":"search_term_string"}}],"inLanguage":"fr-FR"},{"@type":"Organization","@id":"https:\/\/www.coolturalia.com\/fr\/#organization","name":"Coolturalia","url":"https:\/\/www.coolturalia.com\/fr\/","logo":{"@type":"ImageObject","inLanguage":"fr-FR","@id":"https:\/\/www.coolturalia.com\/fr\/#\/schema\/logo\/image\/","url":"https:\/\/www.coolturalia.com\/wp-content\/uploads\/2024\/04\/Logo-coolturalia.svg","contentUrl":"https:\/\/www.coolturalia.com\/wp-content\/uploads\/2024\/04\/Logo-coolturalia.svg","width":1312,"height":193,"caption":"Coolturalia"},"image":{"@id":"https:\/\/www.coolturalia.com\/fr\/#\/schema\/logo\/image\/"},"sameAs":["https:\/\/www.instagram.com\/coolturalia_geneva\/"]}]}},"translations":{"translations":{"en":"187802","fr":"187803"},"language":{"code":"fr"},"date":{"dateRange":"30 mai - 27 septembre"}},"language":{"code":"fr"},"_links":{"self":[{"href":"https:\/\/www.coolturalia.com\/fr\/wp-json\/wp\/v2\/event\/187803","targetHints":{"allow":["GET"]}}],"collection":[{"href":"https:\/\/www.coolturalia.com\/fr\/wp-json\/wp\/v2\/event"}],"about":[{"href":"https:\/\/www.coolturalia.com\/fr\/wp-json\/wp\/v2\/types\/event"}],"version-history":[{"count":0,"href":"https:\/\/www.coolturalia.com\/fr\/wp-json\/wp\/v2\/event\/187803\/revisions"}],"wp:featuredmedia":[{"embeddable":true,"href":"https:\/\/www.coolturalia.com\/fr\/wp-json\/wp\/v2\/media\/187801"}],"wp:attachment":[{"href":"https:\/\/www.coolturalia.com\/fr\/wp-json\/wp\/v2\/media?parent=187803"}],"wp:term":[{"taxonomy":"post_tag","embeddable":true,"href":"https:\/\/www.coolturalia.com\/fr\/wp-json\/wp\/v2\/tags?post=187803"},{"taxonomy":"event-category","embeddable":true,"href":"https:\/\/www.coolturalia.com\/fr\/wp-json\/wp\/v2\/event-category?post=187803"},{"taxonomy":"event-venue","embeddable":true,"href":"https:\/\/www.coolturalia.com\/fr\/wp-json\/wp\/v2\/event-venue?post=187803"}],"curies":[{"name":"wp","href":"https:\/\/api.w.org\/{rel}","templated":true}]}}