{"id":187746,"date":"2026-04-20T15:55:53","date_gmt":"2026-04-20T14:55:53","guid":{"rendered":"https:\/\/www.coolturalia.com\/event\/helvetropicos-mas-aca-de-lo-irreal-2\/"},"modified":"2026-04-20T15:55:53","modified_gmt":"2026-04-20T14:55:53","slug":"helvetropicos-mas-aca-de-lo-irreal-2","status":"publish","type":"event","link":"https:\/\/www.coolturalia.com\/fr\/event\/helvetropicos-mas-aca-de-lo-irreal-2\/","title":{"rendered":"Helvetropicos &#8211; M\u00e1s ac\u00e1 de lo (ir)real"},"content":{"rendered":"<p>Ce printemps, la Villa Bernasconi accueille Helvetropicos, une plateforme qui r\u00e9unit des artistes \u00e9tablis en Suisse et fortement li\u00e9s \u00e0 l&rsquo;Am\u00e9rique latine. L&rsquo;exposition explore les identit\u00e9s hybrides et les formes contemporaines de m\u00e9tissage culturel \u00e0 travers des \u0153uvres vari\u00e9es \u2014 installations, sculptures, peintures et plus encore \u2014 invitant les visiteurs \u00e0 repenser la mani\u00e8re dont la r\u00e9alit\u00e9 se construit et se vit.<\/p>\n","protected":false},"excerpt":{"rendered":"<p>Ce printemps, la Villa Bernasconi accueille Helvetropicos, une plateforme qui r\u00e9unit des artistes \u00e9tablis en Suisse et fortement li\u00e9s \u00e0 l&rsquo;Am\u00e9rique latine. L&rsquo;exposition explore les identit\u00e9s hybrides et les formes contemporaines de m\u00e9tissage culturel \u00e0 travers des \u0153uvres vari\u00e9es \u2014 installations, sculptures, peintures et plus encore \u2014 invitant les visiteurs \u00e0 repenser la mani\u00e8re dont [&hellip;]<\/p>\n","protected":false},"featured_media":187744,"parent":0,"menu_order":0,"template":"","format":"standard","meta":{"_acf_changed":false,"footnotes":""},"tags":[],"event-category":[446],"event-venue":[877],"class_list":["post-187746","event","type-event","status-publish","format-standard","has-post-thumbnail","hentry","event-category-art-et-expositions","event-venue-villa-bernasconi-fr"],"acf":{"price":"Gratuit","date":"6 mai - 5 juillet","start_date":"2026-05-06 12:00:00","end_date":"2026-07-05 20:00:00","website_link":"https:\/\/www.villabernasconi.ch\/","link_buy_tickets":"","highlighted":false,"photo_credit":"","timings":[{"timing_start_date":"2026-05-06 12:00:00","timing_end_date":"2026-05-06 20:00:00"},{"timing_start_date":"2026-05-07 12:00:00","timing_end_date":"2026-05-07 20:00:00"},{"timing_start_date":"2026-05-08 12:00:00","timing_end_date":"2026-05-08 20:00:00"},{"timing_start_date":"2026-05-09 12:00:00","timing_end_date":"2026-05-09 20:00:00"},{"timing_start_date":"2026-05-10 12:00:00","timing_end_date":"2026-05-10 20:00:00"},{"timing_start_date":"2026-05-11 12:00:00","timing_end_date":"2026-05-11 20:00:00"},{"timing_start_date":"2026-05-12 12:00:00","timing_end_date":"2026-05-12 20:00:00"},{"timing_start_date":"2026-05-13 12:00:00","timing_end_date":"2026-05-13 20:00:00"},{"timing_start_date":"2026-05-14 12:00:00","timing_end_date":"2026-05-14 20:00:00"},{"timing_start_date":"2026-05-15 12:00:00","timing_end_date":"2026-05-15 20:00:00"},{"timing_start_date":"2026-05-16 12:00:00","timing_end_date":"2026-05-16 20:00:00"},{"timing_start_date":"2026-05-17 12:00:00","timing_end_date":"2026-05-17 20:00:00"},{"timing_start_date":"2026-05-18 12:00:00","timing_end_date":"2026-05-18 20:00:00"},{"timing_start_date":"2026-05-19 12:00:00","timing_end_date":"2026-05-19 20:00:00"},{"timing_start_date":"2026-05-20 12:00:00","timing_end_date":"2026-05-20 20:00:00"},{"timing_start_date":"2026-05-21 12:00:00","timing_end_date":"2026-05-21 20:00:00"},{"timing_start_date":"2026-05-22 12:00:00","timing_end_date":"2026-05-22 20:00:00"},{"timing_start_date":"2026-05-23 12:00:00","timing_end_date":"2026-05-23 20:00:00"},{"timing_start_date":"2026-05-24 12:00:00","timing_end_date":"2026-05-24 20:00:00"},{"timing_start_date":"2026-05-25 12:00:00","timing_end_date":"2026-05-25 20:00:00"},{"timing_start_date":"2026-05-26 12:00:00","timing_end_date":"2026-05-26 20:00:00"},{"timing_start_date":"2026-05-27 12:00:00","timing_end_date":"2026-05-27 20:00:00"},{"timing_start_date":"2026-05-28 12:00:00","timing_end_date":"2026-05-28 20:00:00"},{"timing_start_date":"2026-05-29 12:00:00","timing_end_date":"2026-05-29 20:00:00"},{"timing_start_date":"2026-05-30 12:00:00","timing_end_date":"2026-05-30 20:00:00"},{"timing_start_date":"2026-05-31 12:00:00","timing_end_date":"2026-05-31 20:00:00"},{"timing_start_date":"2026-06-01 12:00:00","timing_end_date":"2026-06-01 20:00:00"},{"timing_start_date":"2026-06-02 12:00:00","timing_end_date":"2026-06-02 20:00:00"},{"timing_start_date":"2026-06-03 12:00:00","timing_end_date":"2026-06-03 20:00:00"},{"timing_start_date":"2026-06-04 12:00:00","timing_end_date":"2026-06-04 20:00:00"},{"timing_start_date":"2026-06-05 12:00:00","timing_end_date":"2026-06-05 20:00:00"},{"timing_start_date":"2026-06-06 12:00:00","timing_end_date":"2026-06-06 20:00:00"},{"timing_start_date":"2026-06-07 12:00:00","timing_end_date":"2026-06-07 20:00:00"},{"timing_start_date":"2026-06-08 12:00:00","timing_end_date":"2026-06-08 20:00:00"},{"timing_start_date":"2026-06-09 12:00:00","timing_end_date":"2026-06-09 20:00:00"},{"timing_start_date":"2026-06-10 12:00:00","timing_end_date":"2026-06-10 20:00:00"},{"timing_start_date":"2026-06-11 12:00:00","timing_end_date":"2026-06-11 20:00:00"},{"timing_start_date":"2026-06-12 12:00:00","timing_end_date":"2026-06-12 20:00:00"},{"timing_start_date":"2026-06-13 12:00:00","timing_end_date":"2026-06-13 20:00:00"},{"timing_start_date":"2026-06-14 12:00:00","timing_end_date":"2026-06-14 20:00:00"},{"timing_start_date":"2026-06-15 12:00:00","timing_end_date":"2026-06-15 20:00:00"},{"timing_start_date":"2026-06-16 12:00:00","timing_end_date":"2026-06-16 20:00:00"},{"timing_start_date":"2026-06-17 12:00:00","timing_end_date":"2026-06-17 20:00:00"},{"timing_start_date":"2026-06-18 12:00:00","timing_end_date":"2026-06-18 20:00:00"},{"timing_start_date":"2026-06-19 12:00:00","timing_end_date":"2026-06-19 20:00:00"},{"timing_start_date":"2026-06-20 12:00:00","timing_end_date":"2026-06-20 20:00:00"},{"timing_start_date":"2026-06-21 12:00:00","timing_end_date":"2026-06-21 20:00:00"},{"timing_start_date":"2026-06-22 12:00:00","timing_end_date":"2026-06-22 20:00:00"},{"timing_start_date":"2026-06-23 12:00:00","timing_end_date":"2026-06-23 20:00:00"},{"timing_start_date":"2026-06-24 12:00:00","timing_end_date":"2026-06-24 20:00:00"},{"timing_start_date":"2026-06-25 12:00:00","timing_end_date":"2026-06-25 20:00:00"},{"timing_start_date":"2026-06-26 12:00:00","timing_end_date":"2026-06-26 20:00:00"},{"timing_start_date":"2026-06-27 12:00:00","timing_end_date":"2026-06-27 20:00:00"},{"timing_start_date":"2026-06-28 12:00:00","timing_end_date":"2026-06-28 20:00:00"},{"timing_start_date":"2026-06-29 12:00:00","timing_end_date":"2026-06-29 20:00:00"},{"timing_start_date":"2026-06-30 12:00:00","timing_end_date":"2026-06-30 20:00:00"},{"timing_start_date":"2026-07-01 12:00:00","timing_end_date":"2026-07-01 20:00:00"},{"timing_start_date":"2026-07-02 12:00:00","timing_end_date":"2026-07-02 20:00:00"},{"timing_start_date":"2026-07-03 12:00:00","timing_end_date":"2026-07-03 20:00:00"},{"timing_start_date":"2026-07-04 12:00:00","timing_end_date":"2026-07-04 20:00:00"},{"timing_start_date":"2026-07-05 12:00:00","timing_end_date":"2026-07-05 20:00:00"}],"external_id":"-1"},"yoast_head":"<!-- This site is optimized with the Yoast SEO plugin v26.5 - https:\/\/yoast.com\/wordpress\/plugins\/seo\/ -->\n<title>Helvetropicos - M\u00e1s ac\u00e1 de lo (ir)real - Coolturalia<\/title>\n<meta name=\"robots\" content=\"index, follow, max-snippet:-1, max-image-preview:large, max-video-preview:-1\" \/>\n<link rel=\"canonical\" href=\"https:\/\/www.coolturalia.com\/fr\/event\/helvetropicos-mas-aca-de-lo-irreal-2\/\" \/>\n<meta property=\"og:locale\" content=\"fr_FR\" \/>\n<meta property=\"og:type\" content=\"article\" \/>\n<meta property=\"og:title\" content=\"Helvetropicos - M\u00e1s ac\u00e1 de lo (ir)real - Coolturalia\" \/>\n<meta property=\"og:description\" content=\"Ce printemps, la Villa Bernasconi accueille Helvetropicos, une plateforme qui r\u00e9unit des artistes \u00e9tablis en Suisse et fortement li\u00e9s \u00e0 l&rsquo;Am\u00e9rique latine. L&rsquo;exposition explore les identit\u00e9s hybrides et les formes contemporaines de m\u00e9tissage culturel \u00e0 travers des \u0153uvres vari\u00e9es \u2014 installations, sculptures, peintures et plus encore \u2014 invitant les visiteurs \u00e0 repenser la mani\u00e8re dont [&hellip;]\" \/>\n<meta property=\"og:url\" content=\"https:\/\/www.coolturalia.com\/fr\/event\/helvetropicos-mas-aca-de-lo-irreal-2\/\" \/>\n<meta property=\"og:site_name\" content=\"Coolturalia\" \/>\n<meta property=\"og:image\" content=\"https:\/\/www.coolturalia.com\/wp-content\/uploads\/2024\/04\/favicon-coolturalia-2.png\" \/>\n\t<meta property=\"og:image:width\" content=\"150\" \/>\n\t<meta property=\"og:image:height\" content=\"150\" \/>\n\t<meta property=\"og:image:type\" content=\"image\/png\" \/>\n<meta name=\"twitter:card\" content=\"summary_large_image\" \/>\n<script type=\"application\/ld+json\" class=\"yoast-schema-graph\">{\"@context\":\"https:\/\/schema.org\",\"@graph\":[{\"@type\":\"WebPage\",\"@id\":\"https:\/\/www.coolturalia.com\/fr\/event\/helvetropicos-mas-aca-de-lo-irreal-2\/\",\"url\":\"https:\/\/www.coolturalia.com\/fr\/event\/helvetropicos-mas-aca-de-lo-irreal-2\/\",\"name\":\"Helvetropicos - M\u00e1s ac\u00e1 de lo (ir)real - Coolturalia\",\"isPartOf\":{\"@id\":\"https:\/\/www.coolturalia.com\/fr\/#website\"},\"primaryImageOfPage\":{\"@id\":\"https:\/\/www.coolturalia.com\/fr\/event\/helvetropicos-mas-aca-de-lo-irreal-2\/#primaryimage\"},\"image\":{\"@id\":\"https:\/\/www.coolturalia.com\/fr\/event\/helvetropicos-mas-aca-de-lo-irreal-2\/#primaryimage\"},\"thumbnailUrl\":\"https:\/\/www.coolturalia.com\/wp-content\/uploads\/2026\/04\/Helvetropicos-Mas-aca-de-lo-ir-real.webp\",\"datePublished\":\"2026-04-20T14:55:53+00:00\",\"breadcrumb\":{\"@id\":\"https:\/\/www.coolturalia.com\/fr\/event\/helvetropicos-mas-aca-de-lo-irreal-2\/#breadcrumb\"},\"inLanguage\":\"fr-FR\",\"potentialAction\":[{\"@type\":\"ReadAction\",\"target\":[\"https:\/\/www.coolturalia.com\/fr\/event\/helvetropicos-mas-aca-de-lo-irreal-2\/\"]}]},{\"@type\":\"ImageObject\",\"inLanguage\":\"fr-FR\",\"@id\":\"https:\/\/www.coolturalia.com\/fr\/event\/helvetropicos-mas-aca-de-lo-irreal-2\/#primaryimage\",\"url\":\"https:\/\/www.coolturalia.com\/wp-content\/uploads\/2026\/04\/Helvetropicos-Mas-aca-de-lo-ir-real.webp\",\"contentUrl\":\"https:\/\/www.coolturalia.com\/wp-content\/uploads\/2026\/04\/Helvetropicos-Mas-aca-de-lo-ir-real.webp\",\"width\":926,\"height\":509,\"caption\":\"undefined\"},{\"@type\":\"BreadcrumbList\",\"@id\":\"https:\/\/www.coolturalia.com\/fr\/event\/helvetropicos-mas-aca-de-lo-irreal-2\/#breadcrumb\",\"itemListElement\":[{\"@type\":\"ListItem\",\"position\":1,\"name\":\"Home\",\"item\":\"https:\/\/www.coolturalia.com\/fr\/\"},{\"@type\":\"ListItem\",\"position\":2,\"name\":\"Events\",\"item\":\"https:\/\/www.coolturalia.com\/fr\/events\/\"},{\"@type\":\"ListItem\",\"position\":3,\"name\":\"Helvetropicos &#8211; M\u00e1s ac\u00e1 de lo (ir)real\"}]},{\"@type\":\"WebSite\",\"@id\":\"https:\/\/www.coolturalia.com\/fr\/#website\",\"url\":\"https:\/\/www.coolturalia.com\/fr\/\",\"name\":\"Coolturalia\",\"description\":\"\",\"publisher\":{\"@id\":\"https:\/\/www.coolturalia.com\/fr\/#organization\"},\"potentialAction\":[{\"@type\":\"SearchAction\",\"target\":{\"@type\":\"EntryPoint\",\"urlTemplate\":\"https:\/\/www.coolturalia.com\/fr\/?s={search_term_string}\"},\"query-input\":{\"@type\":\"PropertyValueSpecification\",\"valueRequired\":true,\"valueName\":\"search_term_string\"}}],\"inLanguage\":\"fr-FR\"},{\"@type\":\"Organization\",\"@id\":\"https:\/\/www.coolturalia.com\/fr\/#organization\",\"name\":\"Coolturalia\",\"url\":\"https:\/\/www.coolturalia.com\/fr\/\",\"logo\":{\"@type\":\"ImageObject\",\"inLanguage\":\"fr-FR\",\"@id\":\"https:\/\/www.coolturalia.com\/fr\/#\/schema\/logo\/image\/\",\"url\":\"https:\/\/www.coolturalia.com\/wp-content\/uploads\/2024\/04\/Logo-coolturalia.svg\",\"contentUrl\":\"https:\/\/www.coolturalia.com\/wp-content\/uploads\/2024\/04\/Logo-coolturalia.svg\",\"width\":1312,\"height\":193,\"caption\":\"Coolturalia\"},\"image\":{\"@id\":\"https:\/\/www.coolturalia.com\/fr\/#\/schema\/logo\/image\/\"},\"sameAs\":[\"https:\/\/www.instagram.com\/coolturalia_geneva\/\"]}]}<\/script>\n<!-- \/ Yoast SEO plugin. -->","yoast_head_json":{"title":"Helvetropicos - M\u00e1s ac\u00e1 de lo (ir)real - Coolturalia","robots":{"index":"index","follow":"follow","max-snippet":"max-snippet:-1","max-image-preview":"max-image-preview:large","max-video-preview":"max-video-preview:-1"},"canonical":"https:\/\/www.coolturalia.com\/fr\/event\/helvetropicos-mas-aca-de-lo-irreal-2\/","og_locale":"fr_FR","og_type":"article","og_title":"Helvetropicos - M\u00e1s ac\u00e1 de lo (ir)real - Coolturalia","og_description":"Ce printemps, la Villa Bernasconi accueille Helvetropicos, une plateforme qui r\u00e9unit des artistes \u00e9tablis en Suisse et fortement li\u00e9s \u00e0 l&rsquo;Am\u00e9rique latine. L&rsquo;exposition explore les identit\u00e9s hybrides et les formes contemporaines de m\u00e9tissage culturel \u00e0 travers des \u0153uvres vari\u00e9es \u2014 installations, sculptures, peintures et plus encore \u2014 invitant les visiteurs \u00e0 repenser la mani\u00e8re dont [&hellip;]","og_url":"https:\/\/www.coolturalia.com\/fr\/event\/helvetropicos-mas-aca-de-lo-irreal-2\/","og_site_name":"Coolturalia","og_image":[{"width":150,"height":150,"url":"https:\/\/www.coolturalia.com\/wp-content\/uploads\/2024\/04\/favicon-coolturalia-2.png","type":"image\/png"}],"twitter_card":"summary_large_image","schema":{"@context":"https:\/\/schema.org","@graph":[{"@type":"WebPage","@id":"https:\/\/www.coolturalia.com\/fr\/event\/helvetropicos-mas-aca-de-lo-irreal-2\/","url":"https:\/\/www.coolturalia.com\/fr\/event\/helvetropicos-mas-aca-de-lo-irreal-2\/","name":"Helvetropicos - M\u00e1s ac\u00e1 de lo (ir)real - Coolturalia","isPartOf":{"@id":"https:\/\/www.coolturalia.com\/fr\/#website"},"primaryImageOfPage":{"@id":"https:\/\/www.coolturalia.com\/fr\/event\/helvetropicos-mas-aca-de-lo-irreal-2\/#primaryimage"},"image":{"@id":"https:\/\/www.coolturalia.com\/fr\/event\/helvetropicos-mas-aca-de-lo-irreal-2\/#primaryimage"},"thumbnailUrl":"https:\/\/www.coolturalia.com\/wp-content\/uploads\/2026\/04\/Helvetropicos-Mas-aca-de-lo-ir-real.webp","datePublished":"2026-04-20T14:55:53+00:00","breadcrumb":{"@id":"https:\/\/www.coolturalia.com\/fr\/event\/helvetropicos-mas-aca-de-lo-irreal-2\/#breadcrumb"},"inLanguage":"fr-FR","potentialAction":[{"@type":"ReadAction","target":["https:\/\/www.coolturalia.com\/fr\/event\/helvetropicos-mas-aca-de-lo-irreal-2\/"]}]},{"@type":"ImageObject","inLanguage":"fr-FR","@id":"https:\/\/www.coolturalia.com\/fr\/event\/helvetropicos-mas-aca-de-lo-irreal-2\/#primaryimage","url":"https:\/\/www.coolturalia.com\/wp-content\/uploads\/2026\/04\/Helvetropicos-Mas-aca-de-lo-ir-real.webp","contentUrl":"https:\/\/www.coolturalia.com\/wp-content\/uploads\/2026\/04\/Helvetropicos-Mas-aca-de-lo-ir-real.webp","width":926,"height":509,"caption":"undefined"},{"@type":"BreadcrumbList","@id":"https:\/\/www.coolturalia.com\/fr\/event\/helvetropicos-mas-aca-de-lo-irreal-2\/#breadcrumb","itemListElement":[{"@type":"ListItem","position":1,"name":"Home","item":"https:\/\/www.coolturalia.com\/fr\/"},{"@type":"ListItem","position":2,"name":"Events","item":"https:\/\/www.coolturalia.com\/fr\/events\/"},{"@type":"ListItem","position":3,"name":"Helvetropicos &#8211; M\u00e1s ac\u00e1 de lo (ir)real"}]},{"@type":"WebSite","@id":"https:\/\/www.coolturalia.com\/fr\/#website","url":"https:\/\/www.coolturalia.com\/fr\/","name":"Coolturalia","description":"","publisher":{"@id":"https:\/\/www.coolturalia.com\/fr\/#organization"},"potentialAction":[{"@type":"SearchAction","target":{"@type":"EntryPoint","urlTemplate":"https:\/\/www.coolturalia.com\/fr\/?s={search_term_string}"},"query-input":{"@type":"PropertyValueSpecification","valueRequired":true,"valueName":"search_term_string"}}],"inLanguage":"fr-FR"},{"@type":"Organization","@id":"https:\/\/www.coolturalia.com\/fr\/#organization","name":"Coolturalia","url":"https:\/\/www.coolturalia.com\/fr\/","logo":{"@type":"ImageObject","inLanguage":"fr-FR","@id":"https:\/\/www.coolturalia.com\/fr\/#\/schema\/logo\/image\/","url":"https:\/\/www.coolturalia.com\/wp-content\/uploads\/2024\/04\/Logo-coolturalia.svg","contentUrl":"https:\/\/www.coolturalia.com\/wp-content\/uploads\/2024\/04\/Logo-coolturalia.svg","width":1312,"height":193,"caption":"Coolturalia"},"image":{"@id":"https:\/\/www.coolturalia.com\/fr\/#\/schema\/logo\/image\/"},"sameAs":["https:\/\/www.instagram.com\/coolturalia_geneva\/"]}]}},"translations":{"translations":{"en":"187745","fr":"187746"},"language":{"code":"fr"},"date":{"dateRange":"6 mai - 5 juillet"}},"language":{"code":"fr"},"_links":{"self":[{"href":"https:\/\/www.coolturalia.com\/fr\/wp-json\/wp\/v2\/event\/187746","targetHints":{"allow":["GET"]}}],"collection":[{"href":"https:\/\/www.coolturalia.com\/fr\/wp-json\/wp\/v2\/event"}],"about":[{"href":"https:\/\/www.coolturalia.com\/fr\/wp-json\/wp\/v2\/types\/event"}],"version-history":[{"count":0,"href":"https:\/\/www.coolturalia.com\/fr\/wp-json\/wp\/v2\/event\/187746\/revisions"}],"wp:featuredmedia":[{"embeddable":true,"href":"https:\/\/www.coolturalia.com\/fr\/wp-json\/wp\/v2\/media\/187744"}],"wp:attachment":[{"href":"https:\/\/www.coolturalia.com\/fr\/wp-json\/wp\/v2\/media?parent=187746"}],"wp:term":[{"taxonomy":"post_tag","embeddable":true,"href":"https:\/\/www.coolturalia.com\/fr\/wp-json\/wp\/v2\/tags?post=187746"},{"taxonomy":"event-category","embeddable":true,"href":"https:\/\/www.coolturalia.com\/fr\/wp-json\/wp\/v2\/event-category?post=187746"},{"taxonomy":"event-venue","embeddable":true,"href":"https:\/\/www.coolturalia.com\/fr\/wp-json\/wp\/v2\/event-venue?post=187746"}],"curies":[{"name":"wp","href":"https:\/\/api.w.org\/{rel}","templated":true}]}}