{"id":187716,"date":"2026-04-20T10:47:32","date_gmt":"2026-04-20T09:47:32","guid":{"rendered":"https:\/\/www.coolturalia.com\/event\/clock-les-horloges-du-vivant\/"},"modified":"2026-04-20T10:47:32","modified_gmt":"2026-04-20T09:47:32","slug":"clock-les-horloges-du-vivant","status":"publish","type":"event","link":"https:\/\/www.coolturalia.com\/fr\/event\/clock-les-horloges-du-vivant\/","title":{"rendered":"Clock \u2013 les horloges du vivant"},"content":{"rendered":"<p>Une exposition interactive qui invite tous les publics \u00e0 d\u00e9couvrir les horloges biologiques qui r\u00e9gissent la vie sur Terre. \u00c0 travers des installations pratiques, des dispositifs immersifs et des d\u00e9monstrations scientifiques, l&rsquo;exposition r\u00e9v\u00e8le les m\u00e9canismes et les rythmes circadiens, saisonniers et de d\u00e9veloppement. Des dispositifs multim\u00e9dias et des stations exp\u00e9rimentales montrent comment les organismes se synchronisent avec leur milieu et pourquoi le respect de ces rythmes est essentiel pour l&rsquo;\u00e9quilibre des \u00e9cosyst\u00e8mes. Des ateliers p\u00e9dagogiques proposent un apprentissage adapt\u00e9 aux classes et aux familles.<\/p>\n","protected":false},"excerpt":{"rendered":"<p>Une exposition interactive qui invite tous les publics \u00e0 d\u00e9couvrir les horloges biologiques qui r\u00e9gissent la vie sur Terre. \u00c0 travers des installations pratiques, des dispositifs immersifs et des d\u00e9monstrations scientifiques, l&rsquo;exposition r\u00e9v\u00e8le les m\u00e9canismes et les rythmes circadiens, saisonniers et de d\u00e9veloppement. Des dispositifs multim\u00e9dias et des stations exp\u00e9rimentales montrent comment les organismes se [&hellip;]<\/p>\n","protected":false},"featured_media":187714,"parent":0,"menu_order":0,"template":"","format":"standard","meta":{"_acf_changed":false,"footnotes":""},"tags":[1014],"event-category":[446],"event-venue":[2083],"class_list":["post-187716","event","type-event","status-publish","format-standard","has-post-thumbnail","hentry","tag-portrait-image-fr","event-category-art-et-expositions","event-venue-les-berges-de-vessy-fr"],"acf":{"price":"Gratuit","date":"1 mai - 1 novembre","start_date":"2026-05-01 02:00:00","end_date":"2026-11-01 01:00:00","website_link":"https:\/\/lesbergesdevessy.ch\/expositions","link_buy_tickets":"","highlighted":false,"photo_credit":"","timings":[{"timing_start_date":"2026-05-01 12:00:00","timing_end_date":"2026-05-01 20:00:00"},{"timing_start_date":"2026-05-02 12:00:00","timing_end_date":"2026-05-02 20:00:00"},{"timing_start_date":"2026-05-03 12:00:00","timing_end_date":"2026-05-03 20:00:00"},{"timing_start_date":"2026-05-04 12:00:00","timing_end_date":"2026-05-04 20:00:00"},{"timing_start_date":"2026-05-05 12:00:00","timing_end_date":"2026-05-05 20:00:00"},{"timing_start_date":"2026-05-06 12:00:00","timing_end_date":"2026-05-06 20:00:00"},{"timing_start_date":"2026-05-07 12:00:00","timing_end_date":"2026-05-07 20:00:00"},{"timing_start_date":"2026-05-08 12:00:00","timing_end_date":"2026-05-08 20:00:00"},{"timing_start_date":"2026-05-09 12:00:00","timing_end_date":"2026-05-09 20:00:00"},{"timing_start_date":"2026-05-10 12:00:00","timing_end_date":"2026-05-10 20:00:00"},{"timing_start_date":"2026-05-11 12:00:00","timing_end_date":"2026-05-11 20:00:00"},{"timing_start_date":"2026-05-12 12:00:00","timing_end_date":"2026-05-12 20:00:00"},{"timing_start_date":"2026-05-13 12:00:00","timing_end_date":"2026-05-13 20:00:00"},{"timing_start_date":"2026-05-14 12:00:00","timing_end_date":"2026-05-14 20:00:00"},{"timing_start_date":"2026-05-15 12:00:00","timing_end_date":"2026-05-15 20:00:00"},{"timing_start_date":"2026-05-16 12:00:00","timing_end_date":"2026-05-16 20:00:00"},{"timing_start_date":"2026-05-17 12:00:00","timing_end_date":"2026-05-17 20:00:00"},{"timing_start_date":"2026-05-18 12:00:00","timing_end_date":"2026-05-18 20:00:00"},{"timing_start_date":"2026-05-19 12:00:00","timing_end_date":"2026-05-19 20:00:00"},{"timing_start_date":"2026-05-20 12:00:00","timing_end_date":"2026-05-20 20:00:00"},{"timing_start_date":"2026-05-21 12:00:00","timing_end_date":"2026-05-21 20:00:00"},{"timing_start_date":"2026-05-22 12:00:00","timing_end_date":"2026-05-22 20:00:00"},{"timing_start_date":"2026-05-23 12:00:00","timing_end_date":"2026-05-23 20:00:00"},{"timing_start_date":"2026-05-24 12:00:00","timing_end_date":"2026-05-24 20:00:00"},{"timing_start_date":"2026-05-25 12:00:00","timing_end_date":"2026-05-25 20:00:00"},{"timing_start_date":"2026-05-26 12:00:00","timing_end_date":"2026-05-26 20:00:00"},{"timing_start_date":"2026-05-27 12:00:00","timing_end_date":"2026-05-27 20:00:00"},{"timing_start_date":"2026-05-28 12:00:00","timing_end_date":"2026-05-28 20:00:00"},{"timing_start_date":"2026-05-29 12:00:00","timing_end_date":"2026-05-29 20:00:00"},{"timing_start_date":"2026-05-30 12:00:00","timing_end_date":"2026-05-30 20:00:00"},{"timing_start_date":"2026-05-31 12:00:00","timing_end_date":"2026-05-31 20:00:00"},{"timing_start_date":"2026-06-01 12:00:00","timing_end_date":"2026-06-01 20:00:00"},{"timing_start_date":"2026-06-02 12:00:00","timing_end_date":"2026-06-02 20:00:00"},{"timing_start_date":"2026-06-03 12:00:00","timing_end_date":"2026-06-03 20:00:00"},{"timing_start_date":"2026-06-04 12:00:00","timing_end_date":"2026-06-04 20:00:00"},{"timing_start_date":"2026-06-05 12:00:00","timing_end_date":"2026-06-05 20:00:00"},{"timing_start_date":"2026-06-06 12:00:00","timing_end_date":"2026-06-06 20:00:00"},{"timing_start_date":"2026-06-07 12:00:00","timing_end_date":"2026-06-07 20:00:00"},{"timing_start_date":"2026-06-08 12:00:00","timing_end_date":"2026-06-08 20:00:00"},{"timing_start_date":"2026-06-09 12:00:00","timing_end_date":"2026-06-09 20:00:00"},{"timing_start_date":"2026-06-10 12:00:00","timing_end_date":"2026-06-10 20:00:00"},{"timing_start_date":"2026-06-11 12:00:00","timing_end_date":"2026-06-11 20:00:00"},{"timing_start_date":"2026-06-12 12:00:00","timing_end_date":"2026-06-12 20:00:00"},{"timing_start_date":"2026-06-13 12:00:00","timing_end_date":"2026-06-13 20:00:00"},{"timing_start_date":"2026-06-14 12:00:00","timing_end_date":"2026-06-14 20:00:00"},{"timing_start_date":"2026-06-15 12:00:00","timing_end_date":"2026-06-15 20:00:00"},{"timing_start_date":"2026-06-16 12:00:00","timing_end_date":"2026-06-16 20:00:00"},{"timing_start_date":"2026-06-17 12:00:00","timing_end_date":"2026-06-17 20:00:00"},{"timing_start_date":"2026-06-18 12:00:00","timing_end_date":"2026-06-18 20:00:00"},{"timing_start_date":"2026-06-19 12:00:00","timing_end_date":"2026-06-19 20:00:00"},{"timing_start_date":"2026-06-20 12:00:00","timing_end_date":"2026-06-20 20:00:00"},{"timing_start_date":"2026-06-21 12:00:00","timing_end_date":"2026-06-21 20:00:00"},{"timing_start_date":"2026-06-22 12:00:00","timing_end_date":"2026-06-22 20:00:00"},{"timing_start_date":"2026-06-23 12:00:00","timing_end_date":"2026-06-23 20:00:00"},{"timing_start_date":"2026-06-24 12:00:00","timing_end_date":"2026-06-24 20:00:00"},{"timing_start_date":"2026-06-25 12:00:00","timing_end_date":"2026-06-25 20:00:00"},{"timing_start_date":"2026-06-26 12:00:00","timing_end_date":"2026-06-26 20:00:00"},{"timing_start_date":"2026-06-27 12:00:00","timing_end_date":"2026-06-27 20:00:00"},{"timing_start_date":"2026-06-28 12:00:00","timing_end_date":"2026-06-28 20:00:00"},{"timing_start_date":"2026-06-29 12:00:00","timing_end_date":"2026-06-29 20:00:00"},{"timing_start_date":"2026-06-30 12:00:00","timing_end_date":"2026-06-30 20:00:00"},{"timing_start_date":"2026-07-01 12:00:00","timing_end_date":"2026-07-01 20:00:00"},{"timing_start_date":"2026-07-02 12:00:00","timing_end_date":"2026-07-02 20:00:00"},{"timing_start_date":"2026-07-03 12:00:00","timing_end_date":"2026-07-03 20:00:00"},{"timing_start_date":"2026-07-04 12:00:00","timing_end_date":"2026-07-04 20:00:00"},{"timing_start_date":"2026-07-05 12:00:00","timing_end_date":"2026-07-05 20:00:00"},{"timing_start_date":"2026-07-06 12:00:00","timing_end_date":"2026-07-06 20:00:00"},{"timing_start_date":"2026-07-07 12:00:00","timing_end_date":"2026-07-07 20:00:00"},{"timing_start_date":"2026-07-08 12:00:00","timing_end_date":"2026-07-08 20:00:00"},{"timing_start_date":"2026-07-09 12:00:00","timing_end_date":"2026-07-09 20:00:00"},{"timing_start_date":"2026-07-10 12:00:00","timing_end_date":"2026-07-10 20:00:00"},{"timing_start_date":"2026-07-11 12:00:00","timing_end_date":"2026-07-11 20:00:00"},{"timing_start_date":"2026-07-12 12:00:00","timing_end_date":"2026-07-12 20:00:00"},{"timing_start_date":"2026-07-13 12:00:00","timing_end_date":"2026-07-13 20:00:00"},{"timing_start_date":"2026-07-14 12:00:00","timing_end_date":"2026-07-14 20:00:00"},{"timing_start_date":"2026-07-15 12:00:00","timing_end_date":"2026-07-15 20:00:00"},{"timing_start_date":"2026-07-16 12:00:00","timing_end_date":"2026-07-16 20:00:00"},{"timing_start_date":"2026-07-17 12:00:00","timing_end_date":"2026-07-17 20:00:00"},{"timing_start_date":"2026-07-18 12:00:00","timing_end_date":"2026-07-18 20:00:00"},{"timing_start_date":"2026-07-19 12:00:00","timing_end_date":"2026-07-19 20:00:00"},{"timing_start_date":"2026-07-20 12:00:00","timing_end_date":"2026-07-20 20:00:00"},{"timing_start_date":"2026-07-21 12:00:00","timing_end_date":"2026-07-21 20:00:00"},{"timing_start_date":"2026-07-22 12:00:00","timing_end_date":"2026-07-22 20:00:00"},{"timing_start_date":"2026-07-23 12:00:00","timing_end_date":"2026-07-23 20:00:00"},{"timing_start_date":"2026-07-24 12:00:00","timing_end_date":"2026-07-24 20:00:00"},{"timing_start_date":"2026-07-25 12:00:00","timing_end_date":"2026-07-25 20:00:00"},{"timing_start_date":"2026-07-26 12:00:00","timing_end_date":"2026-07-26 20:00:00"},{"timing_start_date":"2026-07-27 12:00:00","timing_end_date":"2026-07-27 20:00:00"},{"timing_start_date":"2026-07-28 12:00:00","timing_end_date":"2026-07-28 20:00:00"},{"timing_start_date":"2026-07-29 12:00:00","timing_end_date":"2026-07-29 20:00:00"}],"external_id":""},"yoast_head":"<!-- This site is optimized with the Yoast SEO plugin v27.5 - https:\/\/yoast.com\/product\/yoast-seo-wordpress\/ -->\n<title>Clock \u2013 les horloges du vivant - Coolturalia<\/title>\n<meta name=\"robots\" content=\"index, follow, max-snippet:-1, max-image-preview:large, max-video-preview:-1\" \/>\n<link rel=\"canonical\" href=\"https:\/\/www.coolturalia.com\/fr\/event\/clock-les-horloges-du-vivant\/\" \/>\n<meta property=\"og:locale\" content=\"fr_FR\" \/>\n<meta property=\"og:type\" content=\"article\" \/>\n<meta property=\"og:title\" content=\"Clock \u2013 les horloges du vivant - Coolturalia\" \/>\n<meta property=\"og:description\" content=\"Une exposition interactive qui invite tous les publics \u00e0 d\u00e9couvrir les horloges biologiques qui r\u00e9gissent la vie sur Terre. \u00c0 travers des installations pratiques, des dispositifs immersifs et des d\u00e9monstrations scientifiques, l&rsquo;exposition r\u00e9v\u00e8le les m\u00e9canismes et les rythmes circadiens, saisonniers et de d\u00e9veloppement. Des dispositifs multim\u00e9dias et des stations exp\u00e9rimentales montrent comment les organismes se [&hellip;]\" \/>\n<meta property=\"og:url\" content=\"https:\/\/www.coolturalia.com\/fr\/event\/clock-les-horloges-du-vivant\/\" \/>\n<meta property=\"og:site_name\" content=\"Coolturalia\" \/>\n<meta property=\"og:image\" content=\"https:\/\/www.coolturalia.com\/wp-content\/uploads\/2024\/04\/favicon-coolturalia-2.png\" \/>\n\t<meta property=\"og:image:width\" content=\"150\" \/>\n\t<meta property=\"og:image:height\" content=\"150\" \/>\n\t<meta property=\"og:image:type\" content=\"image\/png\" \/>\n<meta name=\"twitter:card\" content=\"summary_large_image\" \/>\n<script type=\"application\/ld+json\" class=\"yoast-schema-graph\">{\"@context\":\"https:\\\/\\\/schema.org\",\"@graph\":[{\"@type\":\"WebPage\",\"@id\":\"https:\\\/\\\/www.coolturalia.com\\\/fr\\\/event\\\/clock-les-horloges-du-vivant\\\/\",\"url\":\"https:\\\/\\\/www.coolturalia.com\\\/fr\\\/event\\\/clock-les-horloges-du-vivant\\\/\",\"name\":\"Clock \u2013 les horloges du vivant - Coolturalia\",\"isPartOf\":{\"@id\":\"https:\\\/\\\/www.coolturalia.com\\\/fr\\\/#website\"},\"primaryImageOfPage\":{\"@id\":\"https:\\\/\\\/www.coolturalia.com\\\/fr\\\/event\\\/clock-les-horloges-du-vivant\\\/#primaryimage\"},\"image\":{\"@id\":\"https:\\\/\\\/www.coolturalia.com\\\/fr\\\/event\\\/clock-les-horloges-du-vivant\\\/#primaryimage\"},\"thumbnailUrl\":\"https:\\\/\\\/www.coolturalia.com\\\/wp-content\\\/uploads\\\/2026\\\/04\\\/Clock-Clocks-of-Life.webp\",\"datePublished\":\"2026-04-20T09:47:32+00:00\",\"breadcrumb\":{\"@id\":\"https:\\\/\\\/www.coolturalia.com\\\/fr\\\/event\\\/clock-les-horloges-du-vivant\\\/#breadcrumb\"},\"inLanguage\":\"fr-FR\",\"potentialAction\":[{\"@type\":\"ReadAction\",\"target\":[\"https:\\\/\\\/www.coolturalia.com\\\/fr\\\/event\\\/clock-les-horloges-du-vivant\\\/\"]}]},{\"@type\":\"ImageObject\",\"inLanguage\":\"fr-FR\",\"@id\":\"https:\\\/\\\/www.coolturalia.com\\\/fr\\\/event\\\/clock-les-horloges-du-vivant\\\/#primaryimage\",\"url\":\"https:\\\/\\\/www.coolturalia.com\\\/wp-content\\\/uploads\\\/2026\\\/04\\\/Clock-Clocks-of-Life.webp\",\"contentUrl\":\"https:\\\/\\\/www.coolturalia.com\\\/wp-content\\\/uploads\\\/2026\\\/04\\\/Clock-Clocks-of-Life.webp\",\"width\":1200,\"height\":1696,\"caption\":\"undefined\"},{\"@type\":\"BreadcrumbList\",\"@id\":\"https:\\\/\\\/www.coolturalia.com\\\/fr\\\/event\\\/clock-les-horloges-du-vivant\\\/#breadcrumb\",\"itemListElement\":[{\"@type\":\"ListItem\",\"position\":1,\"name\":\"Home\",\"item\":\"https:\\\/\\\/www.coolturalia.com\\\/fr\\\/\"},{\"@type\":\"ListItem\",\"position\":2,\"name\":\"Events\",\"item\":\"https:\\\/\\\/www.coolturalia.com\\\/fr\\\/events\\\/\"},{\"@type\":\"ListItem\",\"position\":3,\"name\":\"Clock \u2013 les horloges du vivant\"}]},{\"@type\":\"WebSite\",\"@id\":\"https:\\\/\\\/www.coolturalia.com\\\/fr\\\/#website\",\"url\":\"https:\\\/\\\/www.coolturalia.com\\\/fr\\\/\",\"name\":\"Coolturalia\",\"description\":\"\",\"publisher\":{\"@id\":\"https:\\\/\\\/www.coolturalia.com\\\/fr\\\/#organization\"},\"potentialAction\":[{\"@type\":\"SearchAction\",\"target\":{\"@type\":\"EntryPoint\",\"urlTemplate\":\"https:\\\/\\\/www.coolturalia.com\\\/fr\\\/?s={search_term_string}\"},\"query-input\":{\"@type\":\"PropertyValueSpecification\",\"valueRequired\":true,\"valueName\":\"search_term_string\"}}],\"inLanguage\":\"fr-FR\"},{\"@type\":\"Organization\",\"@id\":\"https:\\\/\\\/www.coolturalia.com\\\/fr\\\/#organization\",\"name\":\"Coolturalia\",\"url\":\"https:\\\/\\\/www.coolturalia.com\\\/fr\\\/\",\"logo\":{\"@type\":\"ImageObject\",\"inLanguage\":\"fr-FR\",\"@id\":\"https:\\\/\\\/www.coolturalia.com\\\/fr\\\/#\\\/schema\\\/logo\\\/image\\\/\",\"url\":\"https:\\\/\\\/www.coolturalia.com\\\/wp-content\\\/uploads\\\/2024\\\/04\\\/Logo-coolturalia.svg\",\"contentUrl\":\"https:\\\/\\\/www.coolturalia.com\\\/wp-content\\\/uploads\\\/2024\\\/04\\\/Logo-coolturalia.svg\",\"width\":1312,\"height\":193,\"caption\":\"Coolturalia\"},\"image\":{\"@id\":\"https:\\\/\\\/www.coolturalia.com\\\/fr\\\/#\\\/schema\\\/logo\\\/image\\\/\"},\"sameAs\":[\"https:\\\/\\\/www.instagram.com\\\/coolturalia_geneva\\\/\"]}]}<\/script>\n<!-- \/ Yoast SEO plugin. -->","yoast_head_json":{"title":"Clock \u2013 les horloges du vivant - Coolturalia","robots":{"index":"index","follow":"follow","max-snippet":"max-snippet:-1","max-image-preview":"max-image-preview:large","max-video-preview":"max-video-preview:-1"},"canonical":"https:\/\/www.coolturalia.com\/fr\/event\/clock-les-horloges-du-vivant\/","og_locale":"fr_FR","og_type":"article","og_title":"Clock \u2013 les horloges du vivant - Coolturalia","og_description":"Une exposition interactive qui invite tous les publics \u00e0 d\u00e9couvrir les horloges biologiques qui r\u00e9gissent la vie sur Terre. \u00c0 travers des installations pratiques, des dispositifs immersifs et des d\u00e9monstrations scientifiques, l&rsquo;exposition r\u00e9v\u00e8le les m\u00e9canismes et les rythmes circadiens, saisonniers et de d\u00e9veloppement. Des dispositifs multim\u00e9dias et des stations exp\u00e9rimentales montrent comment les organismes se [&hellip;]","og_url":"https:\/\/www.coolturalia.com\/fr\/event\/clock-les-horloges-du-vivant\/","og_site_name":"Coolturalia","og_image":[{"width":150,"height":150,"url":"https:\/\/www.coolturalia.com\/wp-content\/uploads\/2024\/04\/favicon-coolturalia-2.png","type":"image\/png"}],"twitter_card":"summary_large_image","schema":{"@context":"https:\/\/schema.org","@graph":[{"@type":"WebPage","@id":"https:\/\/www.coolturalia.com\/fr\/event\/clock-les-horloges-du-vivant\/","url":"https:\/\/www.coolturalia.com\/fr\/event\/clock-les-horloges-du-vivant\/","name":"Clock \u2013 les horloges du vivant - Coolturalia","isPartOf":{"@id":"https:\/\/www.coolturalia.com\/fr\/#website"},"primaryImageOfPage":{"@id":"https:\/\/www.coolturalia.com\/fr\/event\/clock-les-horloges-du-vivant\/#primaryimage"},"image":{"@id":"https:\/\/www.coolturalia.com\/fr\/event\/clock-les-horloges-du-vivant\/#primaryimage"},"thumbnailUrl":"https:\/\/www.coolturalia.com\/wp-content\/uploads\/2026\/04\/Clock-Clocks-of-Life.webp","datePublished":"2026-04-20T09:47:32+00:00","breadcrumb":{"@id":"https:\/\/www.coolturalia.com\/fr\/event\/clock-les-horloges-du-vivant\/#breadcrumb"},"inLanguage":"fr-FR","potentialAction":[{"@type":"ReadAction","target":["https:\/\/www.coolturalia.com\/fr\/event\/clock-les-horloges-du-vivant\/"]}]},{"@type":"ImageObject","inLanguage":"fr-FR","@id":"https:\/\/www.coolturalia.com\/fr\/event\/clock-les-horloges-du-vivant\/#primaryimage","url":"https:\/\/www.coolturalia.com\/wp-content\/uploads\/2026\/04\/Clock-Clocks-of-Life.webp","contentUrl":"https:\/\/www.coolturalia.com\/wp-content\/uploads\/2026\/04\/Clock-Clocks-of-Life.webp","width":1200,"height":1696,"caption":"undefined"},{"@type":"BreadcrumbList","@id":"https:\/\/www.coolturalia.com\/fr\/event\/clock-les-horloges-du-vivant\/#breadcrumb","itemListElement":[{"@type":"ListItem","position":1,"name":"Home","item":"https:\/\/www.coolturalia.com\/fr\/"},{"@type":"ListItem","position":2,"name":"Events","item":"https:\/\/www.coolturalia.com\/fr\/events\/"},{"@type":"ListItem","position":3,"name":"Clock \u2013 les horloges du vivant"}]},{"@type":"WebSite","@id":"https:\/\/www.coolturalia.com\/fr\/#website","url":"https:\/\/www.coolturalia.com\/fr\/","name":"Coolturalia","description":"","publisher":{"@id":"https:\/\/www.coolturalia.com\/fr\/#organization"},"potentialAction":[{"@type":"SearchAction","target":{"@type":"EntryPoint","urlTemplate":"https:\/\/www.coolturalia.com\/fr\/?s={search_term_string}"},"query-input":{"@type":"PropertyValueSpecification","valueRequired":true,"valueName":"search_term_string"}}],"inLanguage":"fr-FR"},{"@type":"Organization","@id":"https:\/\/www.coolturalia.com\/fr\/#organization","name":"Coolturalia","url":"https:\/\/www.coolturalia.com\/fr\/","logo":{"@type":"ImageObject","inLanguage":"fr-FR","@id":"https:\/\/www.coolturalia.com\/fr\/#\/schema\/logo\/image\/","url":"https:\/\/www.coolturalia.com\/wp-content\/uploads\/2024\/04\/Logo-coolturalia.svg","contentUrl":"https:\/\/www.coolturalia.com\/wp-content\/uploads\/2024\/04\/Logo-coolturalia.svg","width":1312,"height":193,"caption":"Coolturalia"},"image":{"@id":"https:\/\/www.coolturalia.com\/fr\/#\/schema\/logo\/image\/"},"sameAs":["https:\/\/www.instagram.com\/coolturalia_geneva\/"]}]}},"translations":{"translations":{"en":"187715","fr":"187716"},"language":{"code":"fr"},"date":{"dateRange":"1 mai - 1 novembre"}},"language":{"code":"fr"},"_links":{"self":[{"href":"https:\/\/www.coolturalia.com\/fr\/wp-json\/wp\/v2\/event\/187716","targetHints":{"allow":["GET"]}}],"collection":[{"href":"https:\/\/www.coolturalia.com\/fr\/wp-json\/wp\/v2\/event"}],"about":[{"href":"https:\/\/www.coolturalia.com\/fr\/wp-json\/wp\/v2\/types\/event"}],"version-history":[{"count":0,"href":"https:\/\/www.coolturalia.com\/fr\/wp-json\/wp\/v2\/event\/187716\/revisions"}],"wp:featuredmedia":[{"embeddable":true,"href":"https:\/\/www.coolturalia.com\/fr\/wp-json\/wp\/v2\/media\/187714"}],"wp:attachment":[{"href":"https:\/\/www.coolturalia.com\/fr\/wp-json\/wp\/v2\/media?parent=187716"}],"wp:term":[{"taxonomy":"post_tag","embeddable":true,"href":"https:\/\/www.coolturalia.com\/fr\/wp-json\/wp\/v2\/tags?post=187716"},{"taxonomy":"event-category","embeddable":true,"href":"https:\/\/www.coolturalia.com\/fr\/wp-json\/wp\/v2\/event-category?post=187716"},{"taxonomy":"event-venue","embeddable":true,"href":"https:\/\/www.coolturalia.com\/fr\/wp-json\/wp\/v2\/event-venue?post=187716"}],"curies":[{"name":"wp","href":"https:\/\/api.w.org\/{rel}","templated":true}]}}