{"id":187648,"date":"2026-04-17T13:45:53","date_gmt":"2026-04-17T12:45:53","guid":{"rendered":"https:\/\/www.coolturalia.com\/event\/le-recueil-des-miracles\/"},"modified":"2026-04-17T13:45:53","modified_gmt":"2026-04-17T12:45:53","slug":"le-recueil-des-miracles","status":"publish","type":"event","link":"https:\/\/www.coolturalia.com\/fr\/event\/le-recueil-des-miracles\/","title":{"rendered":"Le Recueil des Miracles"},"content":{"rendered":"<p>N\u00e9 en 2018 sous l\u2019impulsion de Louis Schild, Le Recueil des Miracles se pr\u00e9sente comme un voyage musical collectif inspir\u00e9 par la tarentelle. Le chanteur Antoine L\u00e4ng, la violoniste Clara Levy, Anne Gillot aux fl\u00fbtes et Laurent Bruttin aux clarinettes tissent des lignes entre rythmes thraces festifs et m\u00e9lodies introspectives d\u2019Asie Mineure. Gaspar Pahud fa\u00e7onne les paysages sonores tandis que David Meier ancre la pulsation \u00e0 la batterie. L\u2019ensemble efface la fronti\u00e8re entre musiciens et public, produisant des r\u00e9sonances incarn\u00e9es, tant\u00f4t extatiques, tant\u00f4t m\u00e9ditatives.<\/p>\n","protected":false},"excerpt":{"rendered":"<p>N\u00e9 en 2018 sous l\u2019impulsion de Louis Schild, Le Recueil des Miracles se pr\u00e9sente comme un voyage musical collectif inspir\u00e9 par la tarentelle. Le chanteur Antoine L\u00e4ng, la violoniste Clara Levy, Anne Gillot aux fl\u00fbtes et Laurent Bruttin aux clarinettes tissent des lignes entre rythmes thraces festifs et m\u00e9lodies introspectives d\u2019Asie Mineure. Gaspar Pahud fa\u00e7onne [&hellip;]<\/p>\n","protected":false},"featured_media":187646,"parent":0,"menu_order":0,"template":"","format":"standard","meta":{"_acf_changed":false,"footnotes":""},"tags":[],"event-category":[444],"event-venue":[575],"class_list":["post-187648","event","type-event","status-publish","format-standard","has-post-thumbnail","hentry","event-category-spectacles","event-venue-amr-sud-des-alpes-fr"],"acf":{"price":"Sur r\u00e9servation","date":"Samedi 23 mai, 21:00","start_date":"2026-05-23 23:00:00","end_date":"2026-05-24 01:00:00","website_link":"https:\/\/www.amr-geneve.ch\/performance?id=5527","link_buy_tickets":"","highlighted":false,"photo_credit":"DR","timings":[{"timing_start_date":"2026-05-23 23:00:00","timing_end_date":"2026-05-24 01:00:00"}],"external_id":"28713182"},"yoast_head":"<!-- This site is optimized with the Yoast SEO plugin v27.5 - https:\/\/yoast.com\/product\/yoast-seo-wordpress\/ -->\n<title>Le Recueil des Miracles - Coolturalia<\/title>\n<meta name=\"robots\" content=\"index, follow, max-snippet:-1, max-image-preview:large, max-video-preview:-1\" \/>\n<link rel=\"canonical\" href=\"https:\/\/www.coolturalia.com\/fr\/event\/le-recueil-des-miracles\/\" \/>\n<meta property=\"og:locale\" content=\"fr_FR\" \/>\n<meta property=\"og:type\" content=\"article\" \/>\n<meta property=\"og:title\" content=\"Le Recueil des Miracles - Coolturalia\" \/>\n<meta property=\"og:description\" content=\"N\u00e9 en 2018 sous l\u2019impulsion de Louis Schild, Le Recueil des Miracles se pr\u00e9sente comme un voyage musical collectif inspir\u00e9 par la tarentelle. Le chanteur Antoine L\u00e4ng, la violoniste Clara Levy, Anne Gillot aux fl\u00fbtes et Laurent Bruttin aux clarinettes tissent des lignes entre rythmes thraces festifs et m\u00e9lodies introspectives d\u2019Asie Mineure. Gaspar Pahud fa\u00e7onne [&hellip;]\" \/>\n<meta property=\"og:url\" content=\"https:\/\/www.coolturalia.com\/fr\/event\/le-recueil-des-miracles\/\" \/>\n<meta property=\"og:site_name\" content=\"Coolturalia\" \/>\n<meta property=\"og:image\" content=\"https:\/\/www.coolturalia.com\/wp-content\/uploads\/2024\/04\/favicon-coolturalia-2.png\" \/>\n\t<meta property=\"og:image:width\" content=\"150\" \/>\n\t<meta property=\"og:image:height\" content=\"150\" \/>\n\t<meta property=\"og:image:type\" content=\"image\/png\" \/>\n<meta name=\"twitter:card\" content=\"summary_large_image\" \/>\n<script type=\"application\/ld+json\" class=\"yoast-schema-graph\">{\"@context\":\"https:\\\/\\\/schema.org\",\"@graph\":[{\"@type\":\"WebPage\",\"@id\":\"https:\\\/\\\/www.coolturalia.com\\\/fr\\\/event\\\/le-recueil-des-miracles\\\/\",\"url\":\"https:\\\/\\\/www.coolturalia.com\\\/fr\\\/event\\\/le-recueil-des-miracles\\\/\",\"name\":\"Le Recueil des Miracles - Coolturalia\",\"isPartOf\":{\"@id\":\"https:\\\/\\\/www.coolturalia.com\\\/fr\\\/#website\"},\"primaryImageOfPage\":{\"@id\":\"https:\\\/\\\/www.coolturalia.com\\\/fr\\\/event\\\/le-recueil-des-miracles\\\/#primaryimage\"},\"image\":{\"@id\":\"https:\\\/\\\/www.coolturalia.com\\\/fr\\\/event\\\/le-recueil-des-miracles\\\/#primaryimage\"},\"thumbnailUrl\":\"https:\\\/\\\/www.coolturalia.com\\\/wp-content\\\/uploads\\\/2026\\\/04\\\/The-Collection-of-Miracles.webp\",\"datePublished\":\"2026-04-17T12:45:53+00:00\",\"breadcrumb\":{\"@id\":\"https:\\\/\\\/www.coolturalia.com\\\/fr\\\/event\\\/le-recueil-des-miracles\\\/#breadcrumb\"},\"inLanguage\":\"fr-FR\",\"potentialAction\":[{\"@type\":\"ReadAction\",\"target\":[\"https:\\\/\\\/www.coolturalia.com\\\/fr\\\/event\\\/le-recueil-des-miracles\\\/\"]}]},{\"@type\":\"ImageObject\",\"inLanguage\":\"fr-FR\",\"@id\":\"https:\\\/\\\/www.coolturalia.com\\\/fr\\\/event\\\/le-recueil-des-miracles\\\/#primaryimage\",\"url\":\"https:\\\/\\\/www.coolturalia.com\\\/wp-content\\\/uploads\\\/2026\\\/04\\\/The-Collection-of-Miracles.webp\",\"contentUrl\":\"https:\\\/\\\/www.coolturalia.com\\\/wp-content\\\/uploads\\\/2026\\\/04\\\/The-Collection-of-Miracles.webp\",\"width\":700,\"height\":467,\"caption\":\"undefined\"},{\"@type\":\"BreadcrumbList\",\"@id\":\"https:\\\/\\\/www.coolturalia.com\\\/fr\\\/event\\\/le-recueil-des-miracles\\\/#breadcrumb\",\"itemListElement\":[{\"@type\":\"ListItem\",\"position\":1,\"name\":\"Home\",\"item\":\"https:\\\/\\\/www.coolturalia.com\\\/fr\\\/\"},{\"@type\":\"ListItem\",\"position\":2,\"name\":\"Events\",\"item\":\"https:\\\/\\\/www.coolturalia.com\\\/fr\\\/events\\\/\"},{\"@type\":\"ListItem\",\"position\":3,\"name\":\"Le Recueil des Miracles\"}]},{\"@type\":\"WebSite\",\"@id\":\"https:\\\/\\\/www.coolturalia.com\\\/fr\\\/#website\",\"url\":\"https:\\\/\\\/www.coolturalia.com\\\/fr\\\/\",\"name\":\"Coolturalia\",\"description\":\"\",\"publisher\":{\"@id\":\"https:\\\/\\\/www.coolturalia.com\\\/fr\\\/#organization\"},\"potentialAction\":[{\"@type\":\"SearchAction\",\"target\":{\"@type\":\"EntryPoint\",\"urlTemplate\":\"https:\\\/\\\/www.coolturalia.com\\\/fr\\\/?s={search_term_string}\"},\"query-input\":{\"@type\":\"PropertyValueSpecification\",\"valueRequired\":true,\"valueName\":\"search_term_string\"}}],\"inLanguage\":\"fr-FR\"},{\"@type\":\"Organization\",\"@id\":\"https:\\\/\\\/www.coolturalia.com\\\/fr\\\/#organization\",\"name\":\"Coolturalia\",\"url\":\"https:\\\/\\\/www.coolturalia.com\\\/fr\\\/\",\"logo\":{\"@type\":\"ImageObject\",\"inLanguage\":\"fr-FR\",\"@id\":\"https:\\\/\\\/www.coolturalia.com\\\/fr\\\/#\\\/schema\\\/logo\\\/image\\\/\",\"url\":\"https:\\\/\\\/www.coolturalia.com\\\/wp-content\\\/uploads\\\/2024\\\/04\\\/Logo-coolturalia.svg\",\"contentUrl\":\"https:\\\/\\\/www.coolturalia.com\\\/wp-content\\\/uploads\\\/2024\\\/04\\\/Logo-coolturalia.svg\",\"width\":1312,\"height\":193,\"caption\":\"Coolturalia\"},\"image\":{\"@id\":\"https:\\\/\\\/www.coolturalia.com\\\/fr\\\/#\\\/schema\\\/logo\\\/image\\\/\"},\"sameAs\":[\"https:\\\/\\\/www.instagram.com\\\/coolturalia_geneva\\\/\"]}]}<\/script>\n<!-- \/ Yoast SEO plugin. -->","yoast_head_json":{"title":"Le Recueil des Miracles - Coolturalia","robots":{"index":"index","follow":"follow","max-snippet":"max-snippet:-1","max-image-preview":"max-image-preview:large","max-video-preview":"max-video-preview:-1"},"canonical":"https:\/\/www.coolturalia.com\/fr\/event\/le-recueil-des-miracles\/","og_locale":"fr_FR","og_type":"article","og_title":"Le Recueil des Miracles - Coolturalia","og_description":"N\u00e9 en 2018 sous l\u2019impulsion de Louis Schild, Le Recueil des Miracles se pr\u00e9sente comme un voyage musical collectif inspir\u00e9 par la tarentelle. Le chanteur Antoine L\u00e4ng, la violoniste Clara Levy, Anne Gillot aux fl\u00fbtes et Laurent Bruttin aux clarinettes tissent des lignes entre rythmes thraces festifs et m\u00e9lodies introspectives d\u2019Asie Mineure. Gaspar Pahud fa\u00e7onne [&hellip;]","og_url":"https:\/\/www.coolturalia.com\/fr\/event\/le-recueil-des-miracles\/","og_site_name":"Coolturalia","og_image":[{"width":150,"height":150,"url":"https:\/\/www.coolturalia.com\/wp-content\/uploads\/2024\/04\/favicon-coolturalia-2.png","type":"image\/png"}],"twitter_card":"summary_large_image","schema":{"@context":"https:\/\/schema.org","@graph":[{"@type":"WebPage","@id":"https:\/\/www.coolturalia.com\/fr\/event\/le-recueil-des-miracles\/","url":"https:\/\/www.coolturalia.com\/fr\/event\/le-recueil-des-miracles\/","name":"Le Recueil des Miracles - Coolturalia","isPartOf":{"@id":"https:\/\/www.coolturalia.com\/fr\/#website"},"primaryImageOfPage":{"@id":"https:\/\/www.coolturalia.com\/fr\/event\/le-recueil-des-miracles\/#primaryimage"},"image":{"@id":"https:\/\/www.coolturalia.com\/fr\/event\/le-recueil-des-miracles\/#primaryimage"},"thumbnailUrl":"https:\/\/www.coolturalia.com\/wp-content\/uploads\/2026\/04\/The-Collection-of-Miracles.webp","datePublished":"2026-04-17T12:45:53+00:00","breadcrumb":{"@id":"https:\/\/www.coolturalia.com\/fr\/event\/le-recueil-des-miracles\/#breadcrumb"},"inLanguage":"fr-FR","potentialAction":[{"@type":"ReadAction","target":["https:\/\/www.coolturalia.com\/fr\/event\/le-recueil-des-miracles\/"]}]},{"@type":"ImageObject","inLanguage":"fr-FR","@id":"https:\/\/www.coolturalia.com\/fr\/event\/le-recueil-des-miracles\/#primaryimage","url":"https:\/\/www.coolturalia.com\/wp-content\/uploads\/2026\/04\/The-Collection-of-Miracles.webp","contentUrl":"https:\/\/www.coolturalia.com\/wp-content\/uploads\/2026\/04\/The-Collection-of-Miracles.webp","width":700,"height":467,"caption":"undefined"},{"@type":"BreadcrumbList","@id":"https:\/\/www.coolturalia.com\/fr\/event\/le-recueil-des-miracles\/#breadcrumb","itemListElement":[{"@type":"ListItem","position":1,"name":"Home","item":"https:\/\/www.coolturalia.com\/fr\/"},{"@type":"ListItem","position":2,"name":"Events","item":"https:\/\/www.coolturalia.com\/fr\/events\/"},{"@type":"ListItem","position":3,"name":"Le Recueil des Miracles"}]},{"@type":"WebSite","@id":"https:\/\/www.coolturalia.com\/fr\/#website","url":"https:\/\/www.coolturalia.com\/fr\/","name":"Coolturalia","description":"","publisher":{"@id":"https:\/\/www.coolturalia.com\/fr\/#organization"},"potentialAction":[{"@type":"SearchAction","target":{"@type":"EntryPoint","urlTemplate":"https:\/\/www.coolturalia.com\/fr\/?s={search_term_string}"},"query-input":{"@type":"PropertyValueSpecification","valueRequired":true,"valueName":"search_term_string"}}],"inLanguage":"fr-FR"},{"@type":"Organization","@id":"https:\/\/www.coolturalia.com\/fr\/#organization","name":"Coolturalia","url":"https:\/\/www.coolturalia.com\/fr\/","logo":{"@type":"ImageObject","inLanguage":"fr-FR","@id":"https:\/\/www.coolturalia.com\/fr\/#\/schema\/logo\/image\/","url":"https:\/\/www.coolturalia.com\/wp-content\/uploads\/2024\/04\/Logo-coolturalia.svg","contentUrl":"https:\/\/www.coolturalia.com\/wp-content\/uploads\/2024\/04\/Logo-coolturalia.svg","width":1312,"height":193,"caption":"Coolturalia"},"image":{"@id":"https:\/\/www.coolturalia.com\/fr\/#\/schema\/logo\/image\/"},"sameAs":["https:\/\/www.instagram.com\/coolturalia_geneva\/"]}]}},"translations":{"translations":{"en":"187647","fr":"187648"},"language":{"code":"fr"},"date":{"dateRange":"Samedi 23 mai, 21:00"}},"language":{"code":"fr"},"_links":{"self":[{"href":"https:\/\/www.coolturalia.com\/fr\/wp-json\/wp\/v2\/event\/187648","targetHints":{"allow":["GET"]}}],"collection":[{"href":"https:\/\/www.coolturalia.com\/fr\/wp-json\/wp\/v2\/event"}],"about":[{"href":"https:\/\/www.coolturalia.com\/fr\/wp-json\/wp\/v2\/types\/event"}],"version-history":[{"count":0,"href":"https:\/\/www.coolturalia.com\/fr\/wp-json\/wp\/v2\/event\/187648\/revisions"}],"wp:featuredmedia":[{"embeddable":true,"href":"https:\/\/www.coolturalia.com\/fr\/wp-json\/wp\/v2\/media\/187646"}],"wp:attachment":[{"href":"https:\/\/www.coolturalia.com\/fr\/wp-json\/wp\/v2\/media?parent=187648"}],"wp:term":[{"taxonomy":"post_tag","embeddable":true,"href":"https:\/\/www.coolturalia.com\/fr\/wp-json\/wp\/v2\/tags?post=187648"},{"taxonomy":"event-category","embeddable":true,"href":"https:\/\/www.coolturalia.com\/fr\/wp-json\/wp\/v2\/event-category?post=187648"},{"taxonomy":"event-venue","embeddable":true,"href":"https:\/\/www.coolturalia.com\/fr\/wp-json\/wp\/v2\/event-venue?post=187648"}],"curies":[{"name":"wp","href":"https:\/\/api.w.org\/{rel}","templated":true}]}}