{"id":187600,"date":"2026-04-17T13:41:52","date_gmt":"2026-04-17T12:41:52","guid":{"rendered":"https:\/\/www.coolturalia.com\/event\/les-vendredis-de-lethno-yefira-de-la-mer-egee-a-la-mer-noire\/"},"modified":"2026-04-17T13:41:52","modified_gmt":"2026-04-17T12:41:52","slug":"les-vendredis-de-lethno-yefira-de-la-mer-egee-a-la-mer-noire","status":"publish","type":"event","link":"https:\/\/www.coolturalia.com\/fr\/event\/les-vendredis-de-lethno-yefira-de-la-mer-egee-a-la-mer-noire\/","title":{"rendered":"Les Vendredis de l\u2019Ethno : Y\u00e8fira \u2014 De la mer \u00c9g\u00e9e \u00e0 la mer Noire"},"content":{"rendered":"<p>Y\u00e8fira puise dans les r\u00e9pertoires grecs, \u00e0 la crois\u00e9e de la mer \u00c9g\u00e9e et du Pont-Euxin, m\u00ealant traditions balkaniques et anatoliennes en paysages sonores po\u00e9tiques et intimes. Katerina Karagianni (chant, percussions) et J\u00e9r\u00f4me Salomon (percussions) dialoguent avec Evangelos Sotiropoulos aux lyras et Fr\u00e9d\u00e9ric Commenchal au saz et \u00e0 l\u2019oud, alternant rythmes thraces festifs proches de la transe et m\u00e9lodies introspectives d\u2019Asie Mineure. Coproduction avec les Ateliers d&rsquo;Ethnomusicologie, soutenue par la Ville de Gen\u00e8ve.<\/p>\n","protected":false},"excerpt":{"rendered":"<p>Y\u00e8fira puise dans les r\u00e9pertoires grecs, \u00e0 la crois\u00e9e de la mer \u00c9g\u00e9e et du Pont-Euxin, m\u00ealant traditions balkaniques et anatoliennes en paysages sonores po\u00e9tiques et intimes. Katerina Karagianni (chant, percussions) et J\u00e9r\u00f4me Salomon (percussions) dialoguent avec Evangelos Sotiropoulos aux lyras et Fr\u00e9d\u00e9ric Commenchal au saz et \u00e0 l\u2019oud, alternant rythmes thraces festifs proches de [&hellip;]<\/p>\n","protected":false},"featured_media":187598,"parent":0,"menu_order":0,"template":"","format":"standard","meta":{"_acf_changed":false,"footnotes":""},"tags":[],"event-category":[444],"event-venue":[575],"class_list":["post-187600","event","type-event","status-publish","format-standard","has-post-thumbnail","hentry","event-category-spectacles","event-venue-amr-sud-des-alpes-fr"],"acf":{"price":"Sur r\u00e9servation","date":"Vendredi 22 mai, 21:00","start_date":"2026-05-22 23:00:00","end_date":"2026-05-23 01:00:00","website_link":"https:\/\/www.amr-geneve.ch\/performance?id=5526","link_buy_tickets":"","highlighted":false,"photo_credit":"Laurent Parrens","timings":[{"timing_start_date":"2026-05-22 23:00:00","timing_end_date":"2026-05-23 01:00:00"}],"external_id":"47630952"},"yoast_head":"<!-- This site is optimized with the Yoast SEO plugin v27.5 - https:\/\/yoast.com\/product\/yoast-seo-wordpress\/ -->\n<title>Les Vendredis de l\u2019Ethno : Y\u00e8fira \u2014 De la mer \u00c9g\u00e9e \u00e0 la mer Noire - Coolturalia<\/title>\n<meta name=\"robots\" content=\"index, follow, max-snippet:-1, max-image-preview:large, max-video-preview:-1\" \/>\n<link rel=\"canonical\" href=\"https:\/\/www.coolturalia.com\/fr\/event\/les-vendredis-de-lethno-yefira-de-la-mer-egee-a-la-mer-noire\/\" \/>\n<meta property=\"og:locale\" content=\"fr_FR\" \/>\n<meta property=\"og:type\" content=\"article\" \/>\n<meta property=\"og:title\" content=\"Les Vendredis de l\u2019Ethno : Y\u00e8fira \u2014 De la mer \u00c9g\u00e9e \u00e0 la mer Noire - Coolturalia\" \/>\n<meta property=\"og:description\" content=\"Y\u00e8fira puise dans les r\u00e9pertoires grecs, \u00e0 la crois\u00e9e de la mer \u00c9g\u00e9e et du Pont-Euxin, m\u00ealant traditions balkaniques et anatoliennes en paysages sonores po\u00e9tiques et intimes. Katerina Karagianni (chant, percussions) et J\u00e9r\u00f4me Salomon (percussions) dialoguent avec Evangelos Sotiropoulos aux lyras et Fr\u00e9d\u00e9ric Commenchal au saz et \u00e0 l\u2019oud, alternant rythmes thraces festifs proches de [&hellip;]\" \/>\n<meta property=\"og:url\" content=\"https:\/\/www.coolturalia.com\/fr\/event\/les-vendredis-de-lethno-yefira-de-la-mer-egee-a-la-mer-noire\/\" \/>\n<meta property=\"og:site_name\" content=\"Coolturalia\" \/>\n<meta property=\"og:image\" content=\"https:\/\/www.coolturalia.com\/wp-content\/uploads\/2024\/04\/favicon-coolturalia-2.png\" \/>\n\t<meta property=\"og:image:width\" content=\"150\" \/>\n\t<meta property=\"og:image:height\" content=\"150\" \/>\n\t<meta property=\"og:image:type\" content=\"image\/png\" \/>\n<meta name=\"twitter:card\" content=\"summary_large_image\" \/>\n<script type=\"application\/ld+json\" class=\"yoast-schema-graph\">{\"@context\":\"https:\\\/\\\/schema.org\",\"@graph\":[{\"@type\":\"WebPage\",\"@id\":\"https:\\\/\\\/www.coolturalia.com\\\/fr\\\/event\\\/les-vendredis-de-lethno-yefira-de-la-mer-egee-a-la-mer-noire\\\/\",\"url\":\"https:\\\/\\\/www.coolturalia.com\\\/fr\\\/event\\\/les-vendredis-de-lethno-yefira-de-la-mer-egee-a-la-mer-noire\\\/\",\"name\":\"Les Vendredis de l\u2019Ethno : Y\u00e8fira \u2014 De la mer \u00c9g\u00e9e \u00e0 la mer Noire - Coolturalia\",\"isPartOf\":{\"@id\":\"https:\\\/\\\/www.coolturalia.com\\\/fr\\\/#website\"},\"primaryImageOfPage\":{\"@id\":\"https:\\\/\\\/www.coolturalia.com\\\/fr\\\/event\\\/les-vendredis-de-lethno-yefira-de-la-mer-egee-a-la-mer-noire\\\/#primaryimage\"},\"image\":{\"@id\":\"https:\\\/\\\/www.coolturalia.com\\\/fr\\\/event\\\/les-vendredis-de-lethno-yefira-de-la-mer-egee-a-la-mer-noire\\\/#primaryimage\"},\"thumbnailUrl\":\"https:\\\/\\\/www.coolturalia.com\\\/wp-content\\\/uploads\\\/2026\\\/04\\\/Ethno-Fridays-Yefira-From-the-Aegean-to-the-Black-Sea.webp\",\"datePublished\":\"2026-04-17T12:41:52+00:00\",\"breadcrumb\":{\"@id\":\"https:\\\/\\\/www.coolturalia.com\\\/fr\\\/event\\\/les-vendredis-de-lethno-yefira-de-la-mer-egee-a-la-mer-noire\\\/#breadcrumb\"},\"inLanguage\":\"fr-FR\",\"potentialAction\":[{\"@type\":\"ReadAction\",\"target\":[\"https:\\\/\\\/www.coolturalia.com\\\/fr\\\/event\\\/les-vendredis-de-lethno-yefira-de-la-mer-egee-a-la-mer-noire\\\/\"]}]},{\"@type\":\"ImageObject\",\"inLanguage\":\"fr-FR\",\"@id\":\"https:\\\/\\\/www.coolturalia.com\\\/fr\\\/event\\\/les-vendredis-de-lethno-yefira-de-la-mer-egee-a-la-mer-noire\\\/#primaryimage\",\"url\":\"https:\\\/\\\/www.coolturalia.com\\\/wp-content\\\/uploads\\\/2026\\\/04\\\/Ethno-Fridays-Yefira-From-the-Aegean-to-the-Black-Sea.webp\",\"contentUrl\":\"https:\\\/\\\/www.coolturalia.com\\\/wp-content\\\/uploads\\\/2026\\\/04\\\/Ethno-Fridays-Yefira-From-the-Aegean-to-the-Black-Sea.webp\",\"width\":700,\"height\":452,\"caption\":\"undefined\"},{\"@type\":\"BreadcrumbList\",\"@id\":\"https:\\\/\\\/www.coolturalia.com\\\/fr\\\/event\\\/les-vendredis-de-lethno-yefira-de-la-mer-egee-a-la-mer-noire\\\/#breadcrumb\",\"itemListElement\":[{\"@type\":\"ListItem\",\"position\":1,\"name\":\"Home\",\"item\":\"https:\\\/\\\/www.coolturalia.com\\\/fr\\\/\"},{\"@type\":\"ListItem\",\"position\":2,\"name\":\"Events\",\"item\":\"https:\\\/\\\/www.coolturalia.com\\\/fr\\\/events\\\/\"},{\"@type\":\"ListItem\",\"position\":3,\"name\":\"Les Vendredis de l\u2019Ethno : Y\u00e8fira \u2014 De la mer \u00c9g\u00e9e \u00e0 la mer Noire\"}]},{\"@type\":\"WebSite\",\"@id\":\"https:\\\/\\\/www.coolturalia.com\\\/fr\\\/#website\",\"url\":\"https:\\\/\\\/www.coolturalia.com\\\/fr\\\/\",\"name\":\"Coolturalia\",\"description\":\"\",\"publisher\":{\"@id\":\"https:\\\/\\\/www.coolturalia.com\\\/fr\\\/#organization\"},\"potentialAction\":[{\"@type\":\"SearchAction\",\"target\":{\"@type\":\"EntryPoint\",\"urlTemplate\":\"https:\\\/\\\/www.coolturalia.com\\\/fr\\\/?s={search_term_string}\"},\"query-input\":{\"@type\":\"PropertyValueSpecification\",\"valueRequired\":true,\"valueName\":\"search_term_string\"}}],\"inLanguage\":\"fr-FR\"},{\"@type\":\"Organization\",\"@id\":\"https:\\\/\\\/www.coolturalia.com\\\/fr\\\/#organization\",\"name\":\"Coolturalia\",\"url\":\"https:\\\/\\\/www.coolturalia.com\\\/fr\\\/\",\"logo\":{\"@type\":\"ImageObject\",\"inLanguage\":\"fr-FR\",\"@id\":\"https:\\\/\\\/www.coolturalia.com\\\/fr\\\/#\\\/schema\\\/logo\\\/image\\\/\",\"url\":\"https:\\\/\\\/www.coolturalia.com\\\/wp-content\\\/uploads\\\/2024\\\/04\\\/Logo-coolturalia.svg\",\"contentUrl\":\"https:\\\/\\\/www.coolturalia.com\\\/wp-content\\\/uploads\\\/2024\\\/04\\\/Logo-coolturalia.svg\",\"width\":1312,\"height\":193,\"caption\":\"Coolturalia\"},\"image\":{\"@id\":\"https:\\\/\\\/www.coolturalia.com\\\/fr\\\/#\\\/schema\\\/logo\\\/image\\\/\"},\"sameAs\":[\"https:\\\/\\\/www.instagram.com\\\/coolturalia_geneva\\\/\"]}]}<\/script>\n<!-- \/ Yoast SEO plugin. -->","yoast_head_json":{"title":"Les Vendredis de l\u2019Ethno : Y\u00e8fira \u2014 De la mer \u00c9g\u00e9e \u00e0 la mer Noire - Coolturalia","robots":{"index":"index","follow":"follow","max-snippet":"max-snippet:-1","max-image-preview":"max-image-preview:large","max-video-preview":"max-video-preview:-1"},"canonical":"https:\/\/www.coolturalia.com\/fr\/event\/les-vendredis-de-lethno-yefira-de-la-mer-egee-a-la-mer-noire\/","og_locale":"fr_FR","og_type":"article","og_title":"Les Vendredis de l\u2019Ethno : Y\u00e8fira \u2014 De la mer \u00c9g\u00e9e \u00e0 la mer Noire - Coolturalia","og_description":"Y\u00e8fira puise dans les r\u00e9pertoires grecs, \u00e0 la crois\u00e9e de la mer \u00c9g\u00e9e et du Pont-Euxin, m\u00ealant traditions balkaniques et anatoliennes en paysages sonores po\u00e9tiques et intimes. Katerina Karagianni (chant, percussions) et J\u00e9r\u00f4me Salomon (percussions) dialoguent avec Evangelos Sotiropoulos aux lyras et Fr\u00e9d\u00e9ric Commenchal au saz et \u00e0 l\u2019oud, alternant rythmes thraces festifs proches de [&hellip;]","og_url":"https:\/\/www.coolturalia.com\/fr\/event\/les-vendredis-de-lethno-yefira-de-la-mer-egee-a-la-mer-noire\/","og_site_name":"Coolturalia","og_image":[{"width":150,"height":150,"url":"https:\/\/www.coolturalia.com\/wp-content\/uploads\/2024\/04\/favicon-coolturalia-2.png","type":"image\/png"}],"twitter_card":"summary_large_image","schema":{"@context":"https:\/\/schema.org","@graph":[{"@type":"WebPage","@id":"https:\/\/www.coolturalia.com\/fr\/event\/les-vendredis-de-lethno-yefira-de-la-mer-egee-a-la-mer-noire\/","url":"https:\/\/www.coolturalia.com\/fr\/event\/les-vendredis-de-lethno-yefira-de-la-mer-egee-a-la-mer-noire\/","name":"Les Vendredis de l\u2019Ethno : Y\u00e8fira \u2014 De la mer \u00c9g\u00e9e \u00e0 la mer Noire - Coolturalia","isPartOf":{"@id":"https:\/\/www.coolturalia.com\/fr\/#website"},"primaryImageOfPage":{"@id":"https:\/\/www.coolturalia.com\/fr\/event\/les-vendredis-de-lethno-yefira-de-la-mer-egee-a-la-mer-noire\/#primaryimage"},"image":{"@id":"https:\/\/www.coolturalia.com\/fr\/event\/les-vendredis-de-lethno-yefira-de-la-mer-egee-a-la-mer-noire\/#primaryimage"},"thumbnailUrl":"https:\/\/www.coolturalia.com\/wp-content\/uploads\/2026\/04\/Ethno-Fridays-Yefira-From-the-Aegean-to-the-Black-Sea.webp","datePublished":"2026-04-17T12:41:52+00:00","breadcrumb":{"@id":"https:\/\/www.coolturalia.com\/fr\/event\/les-vendredis-de-lethno-yefira-de-la-mer-egee-a-la-mer-noire\/#breadcrumb"},"inLanguage":"fr-FR","potentialAction":[{"@type":"ReadAction","target":["https:\/\/www.coolturalia.com\/fr\/event\/les-vendredis-de-lethno-yefira-de-la-mer-egee-a-la-mer-noire\/"]}]},{"@type":"ImageObject","inLanguage":"fr-FR","@id":"https:\/\/www.coolturalia.com\/fr\/event\/les-vendredis-de-lethno-yefira-de-la-mer-egee-a-la-mer-noire\/#primaryimage","url":"https:\/\/www.coolturalia.com\/wp-content\/uploads\/2026\/04\/Ethno-Fridays-Yefira-From-the-Aegean-to-the-Black-Sea.webp","contentUrl":"https:\/\/www.coolturalia.com\/wp-content\/uploads\/2026\/04\/Ethno-Fridays-Yefira-From-the-Aegean-to-the-Black-Sea.webp","width":700,"height":452,"caption":"undefined"},{"@type":"BreadcrumbList","@id":"https:\/\/www.coolturalia.com\/fr\/event\/les-vendredis-de-lethno-yefira-de-la-mer-egee-a-la-mer-noire\/#breadcrumb","itemListElement":[{"@type":"ListItem","position":1,"name":"Home","item":"https:\/\/www.coolturalia.com\/fr\/"},{"@type":"ListItem","position":2,"name":"Events","item":"https:\/\/www.coolturalia.com\/fr\/events\/"},{"@type":"ListItem","position":3,"name":"Les Vendredis de l\u2019Ethno : Y\u00e8fira \u2014 De la mer \u00c9g\u00e9e \u00e0 la mer Noire"}]},{"@type":"WebSite","@id":"https:\/\/www.coolturalia.com\/fr\/#website","url":"https:\/\/www.coolturalia.com\/fr\/","name":"Coolturalia","description":"","publisher":{"@id":"https:\/\/www.coolturalia.com\/fr\/#organization"},"potentialAction":[{"@type":"SearchAction","target":{"@type":"EntryPoint","urlTemplate":"https:\/\/www.coolturalia.com\/fr\/?s={search_term_string}"},"query-input":{"@type":"PropertyValueSpecification","valueRequired":true,"valueName":"search_term_string"}}],"inLanguage":"fr-FR"},{"@type":"Organization","@id":"https:\/\/www.coolturalia.com\/fr\/#organization","name":"Coolturalia","url":"https:\/\/www.coolturalia.com\/fr\/","logo":{"@type":"ImageObject","inLanguage":"fr-FR","@id":"https:\/\/www.coolturalia.com\/fr\/#\/schema\/logo\/image\/","url":"https:\/\/www.coolturalia.com\/wp-content\/uploads\/2024\/04\/Logo-coolturalia.svg","contentUrl":"https:\/\/www.coolturalia.com\/wp-content\/uploads\/2024\/04\/Logo-coolturalia.svg","width":1312,"height":193,"caption":"Coolturalia"},"image":{"@id":"https:\/\/www.coolturalia.com\/fr\/#\/schema\/logo\/image\/"},"sameAs":["https:\/\/www.instagram.com\/coolturalia_geneva\/"]}]}},"translations":{"translations":{"en":"187599","fr":"187600"},"language":{"code":"fr"},"date":{"dateRange":"Vendredi 22 mai, 21:00"}},"language":{"code":"fr"},"_links":{"self":[{"href":"https:\/\/www.coolturalia.com\/fr\/wp-json\/wp\/v2\/event\/187600","targetHints":{"allow":["GET"]}}],"collection":[{"href":"https:\/\/www.coolturalia.com\/fr\/wp-json\/wp\/v2\/event"}],"about":[{"href":"https:\/\/www.coolturalia.com\/fr\/wp-json\/wp\/v2\/types\/event"}],"version-history":[{"count":0,"href":"https:\/\/www.coolturalia.com\/fr\/wp-json\/wp\/v2\/event\/187600\/revisions"}],"wp:featuredmedia":[{"embeddable":true,"href":"https:\/\/www.coolturalia.com\/fr\/wp-json\/wp\/v2\/media\/187598"}],"wp:attachment":[{"href":"https:\/\/www.coolturalia.com\/fr\/wp-json\/wp\/v2\/media?parent=187600"}],"wp:term":[{"taxonomy":"post_tag","embeddable":true,"href":"https:\/\/www.coolturalia.com\/fr\/wp-json\/wp\/v2\/tags?post=187600"},{"taxonomy":"event-category","embeddable":true,"href":"https:\/\/www.coolturalia.com\/fr\/wp-json\/wp\/v2\/event-category?post=187600"},{"taxonomy":"event-venue","embeddable":true,"href":"https:\/\/www.coolturalia.com\/fr\/wp-json\/wp\/v2\/event-venue?post=187600"}],"curies":[{"name":"wp","href":"https:\/\/api.w.org\/{rel}","templated":true}]}}