{"id":187579,"date":"2026-04-17T13:00:43","date_gmt":"2026-04-17T12:00:43","guid":{"rendered":"https:\/\/www.coolturalia.com\/event\/au-fil-du-rhone-avec-les-kogis-entre-reappropriation-du-territoire-et-reveil-de-la-memoire\/"},"modified":"2026-04-17T13:00:43","modified_gmt":"2026-04-17T12:00:43","slug":"au-fil-du-rhone-avec-les-kogis-entre-reappropriation-du-territoire-et-reveil-de-la-memoire","status":"publish","type":"event","link":"https:\/\/www.coolturalia.com\/fr\/event\/au-fil-du-rhone-avec-les-kogis-entre-reappropriation-du-territoire-et-reveil-de-la-memoire\/","title":{"rendered":"Au fil du Rh\u00f4ne avec les Kogis : entre r\u00e9appropriation du territoire et r\u00e9veil de la m\u00e9moire"},"content":{"rendered":"<p>Tchendukua, en coop\u00e9ration de longue date avec le peuple Kogi, r\u00e9unit chercheurs et sp\u00e9cialistes : l&rsquo;anthropologue Claire Laurant, le biologiste Gilles Mulhauser, des repr\u00e9sentants de l&rsquo;Universit\u00e9 de Gen\u00e8ve, ainsi que Ren\u00e9 Longet et Gunter Pauli pour l&rsquo;ouverture et la cl\u00f4ture.<\/p>\n<p>La conf\u00e9rence revient sur le diagnostic de sant\u00e9 territoriale men\u00e9 le long du Rh\u00f4ne, croisant savoirs ancestraux kogis et d\u00e9marches scientifiques. Elle explore la r\u00e9appropriation des territoires, le r\u00e9veil de la m\u00e9moire et les pistes de r\u00e9g\u00e9n\u00e9ration \u00e9cologique, en favorisant le dialogue interdisciplinaire et des perspectives concr\u00e8tes de co-gestion.<\/p>\n","protected":false},"excerpt":{"rendered":"<p>Tchendukua, en coop\u00e9ration de longue date avec le peuple Kogi, r\u00e9unit chercheurs et sp\u00e9cialistes : l&rsquo;anthropologue Claire Laurant, le biologiste Gilles Mulhauser, des repr\u00e9sentants de l&rsquo;Universit\u00e9 de Gen\u00e8ve, ainsi que Ren\u00e9 Longet et Gunter Pauli pour l&rsquo;ouverture et la cl\u00f4ture. La conf\u00e9rence revient sur le diagnostic de sant\u00e9 territoriale men\u00e9 le long du Rh\u00f4ne, croisant [&hellip;]<\/p>\n","protected":false},"featured_media":187577,"parent":0,"menu_order":0,"template":"","format":"standard","meta":{"_acf_changed":false,"footnotes":""},"tags":[],"event-category":[448],"event-venue":[630],"class_list":["post-187579","event","type-event","status-publish","format-standard","has-post-thumbnail","hentry","event-category-conferences","event-venue-uni-mail-fr"],"acf":{"price":"Gratuit, sur r\u00e9servation","date":"Jeudi 30 avril, 18h00","start_date":"2026-04-30 20:00:00","end_date":"2026-04-30 22:00:00","website_link":"https:\/\/tchendukua.ch\/au-fil-du-rhone-avec-les-kogis-entre-reappropriation-du-territoire-et-reveil-de-la-memoire\/","link_buy_tickets":"","highlighted":false,"photo_credit":"Tchendukua Suisse","timings":[{"timing_start_date":"2026-04-30 20:00:00","timing_end_date":"2026-04-30 22:00:00"}],"external_id":"89209426"},"yoast_head":"<!-- This site is optimized with the Yoast SEO plugin v27.5 - https:\/\/yoast.com\/product\/yoast-seo-wordpress\/ -->\n<title>Au fil du Rh\u00f4ne avec les Kogis : entre r\u00e9appropriation du territoire et r\u00e9veil de la m\u00e9moire - Coolturalia<\/title>\n<meta name=\"robots\" content=\"index, follow, max-snippet:-1, max-image-preview:large, max-video-preview:-1\" \/>\n<link rel=\"canonical\" href=\"https:\/\/www.coolturalia.com\/fr\/event\/au-fil-du-rhone-avec-les-kogis-entre-reappropriation-du-territoire-et-reveil-de-la-memoire\/\" \/>\n<meta property=\"og:locale\" content=\"fr_FR\" \/>\n<meta property=\"og:type\" content=\"article\" \/>\n<meta property=\"og:title\" content=\"Au fil du Rh\u00f4ne avec les Kogis : entre r\u00e9appropriation du territoire et r\u00e9veil de la m\u00e9moire - Coolturalia\" \/>\n<meta property=\"og:description\" content=\"Tchendukua, en coop\u00e9ration de longue date avec le peuple Kogi, r\u00e9unit chercheurs et sp\u00e9cialistes : l&rsquo;anthropologue Claire Laurant, le biologiste Gilles Mulhauser, des repr\u00e9sentants de l&rsquo;Universit\u00e9 de Gen\u00e8ve, ainsi que Ren\u00e9 Longet et Gunter Pauli pour l&rsquo;ouverture et la cl\u00f4ture. La conf\u00e9rence revient sur le diagnostic de sant\u00e9 territoriale men\u00e9 le long du Rh\u00f4ne, croisant [&hellip;]\" \/>\n<meta property=\"og:url\" content=\"https:\/\/www.coolturalia.com\/fr\/event\/au-fil-du-rhone-avec-les-kogis-entre-reappropriation-du-territoire-et-reveil-de-la-memoire\/\" \/>\n<meta property=\"og:site_name\" content=\"Coolturalia\" \/>\n<meta property=\"og:image\" content=\"https:\/\/www.coolturalia.com\/wp-content\/uploads\/2024\/04\/favicon-coolturalia-2.png\" \/>\n\t<meta property=\"og:image:width\" content=\"150\" \/>\n\t<meta property=\"og:image:height\" content=\"150\" \/>\n\t<meta property=\"og:image:type\" content=\"image\/png\" \/>\n<meta name=\"twitter:card\" content=\"summary_large_image\" \/>\n<meta name=\"twitter:label1\" content=\"Dur\u00e9e de lecture estim\u00e9e\" \/>\n\t<meta name=\"twitter:data1\" content=\"1 minute\" \/>\n<script type=\"application\/ld+json\" class=\"yoast-schema-graph\">{\"@context\":\"https:\\\/\\\/schema.org\",\"@graph\":[{\"@type\":\"WebPage\",\"@id\":\"https:\\\/\\\/www.coolturalia.com\\\/fr\\\/event\\\/au-fil-du-rhone-avec-les-kogis-entre-reappropriation-du-territoire-et-reveil-de-la-memoire\\\/\",\"url\":\"https:\\\/\\\/www.coolturalia.com\\\/fr\\\/event\\\/au-fil-du-rhone-avec-les-kogis-entre-reappropriation-du-territoire-et-reveil-de-la-memoire\\\/\",\"name\":\"Au fil du Rh\u00f4ne avec les Kogis : entre r\u00e9appropriation du territoire et r\u00e9veil de la m\u00e9moire - Coolturalia\",\"isPartOf\":{\"@id\":\"https:\\\/\\\/www.coolturalia.com\\\/fr\\\/#website\"},\"primaryImageOfPage\":{\"@id\":\"https:\\\/\\\/www.coolturalia.com\\\/fr\\\/event\\\/au-fil-du-rhone-avec-les-kogis-entre-reappropriation-du-territoire-et-reveil-de-la-memoire\\\/#primaryimage\"},\"image\":{\"@id\":\"https:\\\/\\\/www.coolturalia.com\\\/fr\\\/event\\\/au-fil-du-rhone-avec-les-kogis-entre-reappropriation-du-territoire-et-reveil-de-la-memoire\\\/#primaryimage\"},\"thumbnailUrl\":\"https:\\\/\\\/www.coolturalia.com\\\/wp-content\\\/uploads\\\/2026\\\/04\\\/Along-the-Rhone-with-the-Kogi-Territorial-Reappropriation-and-Memory.webp\",\"datePublished\":\"2026-04-17T12:00:43+00:00\",\"breadcrumb\":{\"@id\":\"https:\\\/\\\/www.coolturalia.com\\\/fr\\\/event\\\/au-fil-du-rhone-avec-les-kogis-entre-reappropriation-du-territoire-et-reveil-de-la-memoire\\\/#breadcrumb\"},\"inLanguage\":\"fr-FR\",\"potentialAction\":[{\"@type\":\"ReadAction\",\"target\":[\"https:\\\/\\\/www.coolturalia.com\\\/fr\\\/event\\\/au-fil-du-rhone-avec-les-kogis-entre-reappropriation-du-territoire-et-reveil-de-la-memoire\\\/\"]}]},{\"@type\":\"ImageObject\",\"inLanguage\":\"fr-FR\",\"@id\":\"https:\\\/\\\/www.coolturalia.com\\\/fr\\\/event\\\/au-fil-du-rhone-avec-les-kogis-entre-reappropriation-du-territoire-et-reveil-de-la-memoire\\\/#primaryimage\",\"url\":\"https:\\\/\\\/www.coolturalia.com\\\/wp-content\\\/uploads\\\/2026\\\/04\\\/Along-the-Rhone-with-the-Kogi-Territorial-Reappropriation-and-Memory.webp\",\"contentUrl\":\"https:\\\/\\\/www.coolturalia.com\\\/wp-content\\\/uploads\\\/2026\\\/04\\\/Along-the-Rhone-with-the-Kogi-Territorial-Reappropriation-and-Memory.webp\",\"width\":700,\"height\":322,\"caption\":\"undefined\"},{\"@type\":\"BreadcrumbList\",\"@id\":\"https:\\\/\\\/www.coolturalia.com\\\/fr\\\/event\\\/au-fil-du-rhone-avec-les-kogis-entre-reappropriation-du-territoire-et-reveil-de-la-memoire\\\/#breadcrumb\",\"itemListElement\":[{\"@type\":\"ListItem\",\"position\":1,\"name\":\"Home\",\"item\":\"https:\\\/\\\/www.coolturalia.com\\\/fr\\\/\"},{\"@type\":\"ListItem\",\"position\":2,\"name\":\"Events\",\"item\":\"https:\\\/\\\/www.coolturalia.com\\\/fr\\\/events\\\/\"},{\"@type\":\"ListItem\",\"position\":3,\"name\":\"Au fil du Rh\u00f4ne avec les Kogis : entre r\u00e9appropriation du territoire et r\u00e9veil de la m\u00e9moire\"}]},{\"@type\":\"WebSite\",\"@id\":\"https:\\\/\\\/www.coolturalia.com\\\/fr\\\/#website\",\"url\":\"https:\\\/\\\/www.coolturalia.com\\\/fr\\\/\",\"name\":\"Coolturalia\",\"description\":\"\",\"publisher\":{\"@id\":\"https:\\\/\\\/www.coolturalia.com\\\/fr\\\/#organization\"},\"potentialAction\":[{\"@type\":\"SearchAction\",\"target\":{\"@type\":\"EntryPoint\",\"urlTemplate\":\"https:\\\/\\\/www.coolturalia.com\\\/fr\\\/?s={search_term_string}\"},\"query-input\":{\"@type\":\"PropertyValueSpecification\",\"valueRequired\":true,\"valueName\":\"search_term_string\"}}],\"inLanguage\":\"fr-FR\"},{\"@type\":\"Organization\",\"@id\":\"https:\\\/\\\/www.coolturalia.com\\\/fr\\\/#organization\",\"name\":\"Coolturalia\",\"url\":\"https:\\\/\\\/www.coolturalia.com\\\/fr\\\/\",\"logo\":{\"@type\":\"ImageObject\",\"inLanguage\":\"fr-FR\",\"@id\":\"https:\\\/\\\/www.coolturalia.com\\\/fr\\\/#\\\/schema\\\/logo\\\/image\\\/\",\"url\":\"https:\\\/\\\/www.coolturalia.com\\\/wp-content\\\/uploads\\\/2024\\\/04\\\/Logo-coolturalia.svg\",\"contentUrl\":\"https:\\\/\\\/www.coolturalia.com\\\/wp-content\\\/uploads\\\/2024\\\/04\\\/Logo-coolturalia.svg\",\"width\":1312,\"height\":193,\"caption\":\"Coolturalia\"},\"image\":{\"@id\":\"https:\\\/\\\/www.coolturalia.com\\\/fr\\\/#\\\/schema\\\/logo\\\/image\\\/\"},\"sameAs\":[\"https:\\\/\\\/www.instagram.com\\\/coolturalia_geneva\\\/\"]}]}<\/script>\n<!-- \/ Yoast SEO plugin. -->","yoast_head_json":{"title":"Au fil du Rh\u00f4ne avec les Kogis : entre r\u00e9appropriation du territoire et r\u00e9veil de la m\u00e9moire - Coolturalia","robots":{"index":"index","follow":"follow","max-snippet":"max-snippet:-1","max-image-preview":"max-image-preview:large","max-video-preview":"max-video-preview:-1"},"canonical":"https:\/\/www.coolturalia.com\/fr\/event\/au-fil-du-rhone-avec-les-kogis-entre-reappropriation-du-territoire-et-reveil-de-la-memoire\/","og_locale":"fr_FR","og_type":"article","og_title":"Au fil du Rh\u00f4ne avec les Kogis : entre r\u00e9appropriation du territoire et r\u00e9veil de la m\u00e9moire - Coolturalia","og_description":"Tchendukua, en coop\u00e9ration de longue date avec le peuple Kogi, r\u00e9unit chercheurs et sp\u00e9cialistes : l&rsquo;anthropologue Claire Laurant, le biologiste Gilles Mulhauser, des repr\u00e9sentants de l&rsquo;Universit\u00e9 de Gen\u00e8ve, ainsi que Ren\u00e9 Longet et Gunter Pauli pour l&rsquo;ouverture et la cl\u00f4ture. La conf\u00e9rence revient sur le diagnostic de sant\u00e9 territoriale men\u00e9 le long du Rh\u00f4ne, croisant [&hellip;]","og_url":"https:\/\/www.coolturalia.com\/fr\/event\/au-fil-du-rhone-avec-les-kogis-entre-reappropriation-du-territoire-et-reveil-de-la-memoire\/","og_site_name":"Coolturalia","og_image":[{"width":150,"height":150,"url":"https:\/\/www.coolturalia.com\/wp-content\/uploads\/2024\/04\/favicon-coolturalia-2.png","type":"image\/png"}],"twitter_card":"summary_large_image","twitter_misc":{"Dur\u00e9e de lecture estim\u00e9e":"1 minute"},"schema":{"@context":"https:\/\/schema.org","@graph":[{"@type":"WebPage","@id":"https:\/\/www.coolturalia.com\/fr\/event\/au-fil-du-rhone-avec-les-kogis-entre-reappropriation-du-territoire-et-reveil-de-la-memoire\/","url":"https:\/\/www.coolturalia.com\/fr\/event\/au-fil-du-rhone-avec-les-kogis-entre-reappropriation-du-territoire-et-reveil-de-la-memoire\/","name":"Au fil du Rh\u00f4ne avec les Kogis : entre r\u00e9appropriation du territoire et r\u00e9veil de la m\u00e9moire - Coolturalia","isPartOf":{"@id":"https:\/\/www.coolturalia.com\/fr\/#website"},"primaryImageOfPage":{"@id":"https:\/\/www.coolturalia.com\/fr\/event\/au-fil-du-rhone-avec-les-kogis-entre-reappropriation-du-territoire-et-reveil-de-la-memoire\/#primaryimage"},"image":{"@id":"https:\/\/www.coolturalia.com\/fr\/event\/au-fil-du-rhone-avec-les-kogis-entre-reappropriation-du-territoire-et-reveil-de-la-memoire\/#primaryimage"},"thumbnailUrl":"https:\/\/www.coolturalia.com\/wp-content\/uploads\/2026\/04\/Along-the-Rhone-with-the-Kogi-Territorial-Reappropriation-and-Memory.webp","datePublished":"2026-04-17T12:00:43+00:00","breadcrumb":{"@id":"https:\/\/www.coolturalia.com\/fr\/event\/au-fil-du-rhone-avec-les-kogis-entre-reappropriation-du-territoire-et-reveil-de-la-memoire\/#breadcrumb"},"inLanguage":"fr-FR","potentialAction":[{"@type":"ReadAction","target":["https:\/\/www.coolturalia.com\/fr\/event\/au-fil-du-rhone-avec-les-kogis-entre-reappropriation-du-territoire-et-reveil-de-la-memoire\/"]}]},{"@type":"ImageObject","inLanguage":"fr-FR","@id":"https:\/\/www.coolturalia.com\/fr\/event\/au-fil-du-rhone-avec-les-kogis-entre-reappropriation-du-territoire-et-reveil-de-la-memoire\/#primaryimage","url":"https:\/\/www.coolturalia.com\/wp-content\/uploads\/2026\/04\/Along-the-Rhone-with-the-Kogi-Territorial-Reappropriation-and-Memory.webp","contentUrl":"https:\/\/www.coolturalia.com\/wp-content\/uploads\/2026\/04\/Along-the-Rhone-with-the-Kogi-Territorial-Reappropriation-and-Memory.webp","width":700,"height":322,"caption":"undefined"},{"@type":"BreadcrumbList","@id":"https:\/\/www.coolturalia.com\/fr\/event\/au-fil-du-rhone-avec-les-kogis-entre-reappropriation-du-territoire-et-reveil-de-la-memoire\/#breadcrumb","itemListElement":[{"@type":"ListItem","position":1,"name":"Home","item":"https:\/\/www.coolturalia.com\/fr\/"},{"@type":"ListItem","position":2,"name":"Events","item":"https:\/\/www.coolturalia.com\/fr\/events\/"},{"@type":"ListItem","position":3,"name":"Au fil du Rh\u00f4ne avec les Kogis : entre r\u00e9appropriation du territoire et r\u00e9veil de la m\u00e9moire"}]},{"@type":"WebSite","@id":"https:\/\/www.coolturalia.com\/fr\/#website","url":"https:\/\/www.coolturalia.com\/fr\/","name":"Coolturalia","description":"","publisher":{"@id":"https:\/\/www.coolturalia.com\/fr\/#organization"},"potentialAction":[{"@type":"SearchAction","target":{"@type":"EntryPoint","urlTemplate":"https:\/\/www.coolturalia.com\/fr\/?s={search_term_string}"},"query-input":{"@type":"PropertyValueSpecification","valueRequired":true,"valueName":"search_term_string"}}],"inLanguage":"fr-FR"},{"@type":"Organization","@id":"https:\/\/www.coolturalia.com\/fr\/#organization","name":"Coolturalia","url":"https:\/\/www.coolturalia.com\/fr\/","logo":{"@type":"ImageObject","inLanguage":"fr-FR","@id":"https:\/\/www.coolturalia.com\/fr\/#\/schema\/logo\/image\/","url":"https:\/\/www.coolturalia.com\/wp-content\/uploads\/2024\/04\/Logo-coolturalia.svg","contentUrl":"https:\/\/www.coolturalia.com\/wp-content\/uploads\/2024\/04\/Logo-coolturalia.svg","width":1312,"height":193,"caption":"Coolturalia"},"image":{"@id":"https:\/\/www.coolturalia.com\/fr\/#\/schema\/logo\/image\/"},"sameAs":["https:\/\/www.instagram.com\/coolturalia_geneva\/"]}]}},"translations":{"translations":{"en":"187578","fr":"187579"},"language":{"code":"fr"},"date":{"dateRange":"Jeudi 30 avril, 18h00"}},"language":{"code":"fr"},"_links":{"self":[{"href":"https:\/\/www.coolturalia.com\/fr\/wp-json\/wp\/v2\/event\/187579","targetHints":{"allow":["GET"]}}],"collection":[{"href":"https:\/\/www.coolturalia.com\/fr\/wp-json\/wp\/v2\/event"}],"about":[{"href":"https:\/\/www.coolturalia.com\/fr\/wp-json\/wp\/v2\/types\/event"}],"version-history":[{"count":0,"href":"https:\/\/www.coolturalia.com\/fr\/wp-json\/wp\/v2\/event\/187579\/revisions"}],"wp:featuredmedia":[{"embeddable":true,"href":"https:\/\/www.coolturalia.com\/fr\/wp-json\/wp\/v2\/media\/187577"}],"wp:attachment":[{"href":"https:\/\/www.coolturalia.com\/fr\/wp-json\/wp\/v2\/media?parent=187579"}],"wp:term":[{"taxonomy":"post_tag","embeddable":true,"href":"https:\/\/www.coolturalia.com\/fr\/wp-json\/wp\/v2\/tags?post=187579"},{"taxonomy":"event-category","embeddable":true,"href":"https:\/\/www.coolturalia.com\/fr\/wp-json\/wp\/v2\/event-category?post=187579"},{"taxonomy":"event-venue","embeddable":true,"href":"https:\/\/www.coolturalia.com\/fr\/wp-json\/wp\/v2\/event-venue?post=187579"}],"curies":[{"name":"wp","href":"https:\/\/api.w.org\/{rel}","templated":true}]}}