{"id":187435,"date":"2026-04-15T20:58:55","date_gmt":"2026-04-15T19:58:55","guid":{"rendered":"https:\/\/www.coolturalia.com\/event\/des-concepts-comme-armes-debats-sur-les-democraties-suisses-16e-19e-s\/"},"modified":"2026-04-15T20:58:55","modified_gmt":"2026-04-15T19:58:55","slug":"des-concepts-comme-armes-debats-sur-les-democraties-suisses-16e-19e-s","status":"publish","type":"event","link":"https:\/\/www.coolturalia.com\/fr\/event\/des-concepts-comme-armes-debats-sur-les-democraties-suisses-16e-19e-s\/","title":{"rendered":"Des concepts comme armes? D\u00e9bats sur les \u00ab d\u00e9mocraties suisses \u00bb (16e\u201319e s.)"},"content":{"rendered":"<p>Atelier acad\u00e9mique portant sur l&rsquo;histoire conceptuelle de la d\u00e9mocratie en Suisse, du d\u00e9but des Temps modernes jusqu&rsquo;\u00e0 la fin du XIXe si\u00e8cle, avec un accent particulier sur le dernier tiers du XVIIIe si\u00e8cle jusqu&rsquo;en 1874. Il examine comment plusieurs conceptions de la d\u00e9mocratie, notamment l&rsquo;assembl\u00e9e, la repr\u00e9sentative et les formes semi\u2011directes, se sont articul\u00e9es, n\u00e9goci\u00e9es et transform\u00e9es dans le contexte de guerres \u00e9trang\u00e8res, de conflits internes et de la mont\u00e9e du nationalisme. <br \/>Les s\u00e9ances proposent des lectures comparatives et des d\u00e9bats critiques en fran\u00e7ais et <strong>en allemand.<\/strong><\/p>\n","protected":false},"excerpt":{"rendered":"<p>Atelier acad\u00e9mique portant sur l&rsquo;histoire conceptuelle de la d\u00e9mocratie en Suisse, du d\u00e9but des Temps modernes jusqu&rsquo;\u00e0 la fin du XIXe si\u00e8cle, avec un accent particulier sur le dernier tiers du XVIIIe si\u00e8cle jusqu&rsquo;en 1874. Il examine comment plusieurs conceptions de la d\u00e9mocratie, notamment l&rsquo;assembl\u00e9e, la repr\u00e9sentative et les formes semi\u2011directes, se sont articul\u00e9es, n\u00e9goci\u00e9es [&hellip;]<\/p>\n","protected":false},"featured_media":187433,"parent":0,"menu_order":0,"template":"","format":"standard","meta":{"_acf_changed":false,"footnotes":""},"tags":[1014],"event-category":[448],"event-venue":[659],"class_list":["post-187435","event","type-event","status-publish","format-standard","has-post-thumbnail","hentry","tag-portrait-image-fr","event-category-conferences","event-venue-universite-de-geneve-uni-dufour-fr"],"acf":{"price":"Gratuit","date":"23 - 24 avril","start_date":"2026-04-23 02:00:00","end_date":"2026-04-25 01:59:59","website_link":"https:\/\/www.unige.ch\/lettres\/istge\/actualites\/des-concepts-comme-armes-debats-sur-les-democraties-suisse-16e-19e-s","link_buy_tickets":"","highlighted":false,"photo_credit":"","timings":[{"timing_start_date":"2026-04-23 16:00:00","timing_end_date":"2026-04-23 18:00:00"},{"timing_start_date":"2026-04-24 16:00:00","timing_end_date":"2026-04-24 18:00:00"}],"external_id":""},"yoast_head":"<!-- This site is optimized with the Yoast SEO plugin v26.5 - https:\/\/yoast.com\/wordpress\/plugins\/seo\/ -->\n<title>Des concepts comme armes? D\u00e9bats sur les \u00ab d\u00e9mocraties suisses \u00bb (16e\u201319e s.) - Coolturalia<\/title>\n<meta name=\"robots\" content=\"index, follow, max-snippet:-1, max-image-preview:large, max-video-preview:-1\" \/>\n<link rel=\"canonical\" href=\"https:\/\/www.coolturalia.com\/fr\/event\/des-concepts-comme-armes-debats-sur-les-democraties-suisses-16e-19e-s\/\" \/>\n<meta property=\"og:locale\" content=\"fr_FR\" \/>\n<meta property=\"og:type\" content=\"article\" \/>\n<meta property=\"og:title\" content=\"Des concepts comme armes? D\u00e9bats sur les \u00ab d\u00e9mocraties suisses \u00bb (16e\u201319e s.) - Coolturalia\" \/>\n<meta property=\"og:description\" content=\"Atelier acad\u00e9mique portant sur l&rsquo;histoire conceptuelle de la d\u00e9mocratie en Suisse, du d\u00e9but des Temps modernes jusqu&rsquo;\u00e0 la fin du XIXe si\u00e8cle, avec un accent particulier sur le dernier tiers du XVIIIe si\u00e8cle jusqu&rsquo;en 1874. Il examine comment plusieurs conceptions de la d\u00e9mocratie, notamment l&rsquo;assembl\u00e9e, la repr\u00e9sentative et les formes semi\u2011directes, se sont articul\u00e9es, n\u00e9goci\u00e9es [&hellip;]\" \/>\n<meta property=\"og:url\" content=\"https:\/\/www.coolturalia.com\/fr\/event\/des-concepts-comme-armes-debats-sur-les-democraties-suisses-16e-19e-s\/\" \/>\n<meta property=\"og:site_name\" content=\"Coolturalia\" \/>\n<meta property=\"og:image\" content=\"https:\/\/www.coolturalia.com\/wp-content\/uploads\/2024\/04\/favicon-coolturalia-2.png\" \/>\n\t<meta property=\"og:image:width\" content=\"150\" \/>\n\t<meta property=\"og:image:height\" content=\"150\" \/>\n\t<meta property=\"og:image:type\" content=\"image\/png\" \/>\n<meta name=\"twitter:card\" content=\"summary_large_image\" \/>\n<meta name=\"twitter:label1\" content=\"Dur\u00e9e de lecture estim\u00e9e\" \/>\n\t<meta name=\"twitter:data1\" content=\"1 minute\" \/>\n<script type=\"application\/ld+json\" class=\"yoast-schema-graph\">{\"@context\":\"https:\/\/schema.org\",\"@graph\":[{\"@type\":\"WebPage\",\"@id\":\"https:\/\/www.coolturalia.com\/fr\/event\/des-concepts-comme-armes-debats-sur-les-democraties-suisses-16e-19e-s\/\",\"url\":\"https:\/\/www.coolturalia.com\/fr\/event\/des-concepts-comme-armes-debats-sur-les-democraties-suisses-16e-19e-s\/\",\"name\":\"Des concepts comme armes? D\u00e9bats sur les \u00ab d\u00e9mocraties suisses \u00bb (16e\u201319e s.) - Coolturalia\",\"isPartOf\":{\"@id\":\"https:\/\/www.coolturalia.com\/fr\/#website\"},\"primaryImageOfPage\":{\"@id\":\"https:\/\/www.coolturalia.com\/fr\/event\/des-concepts-comme-armes-debats-sur-les-democraties-suisses-16e-19e-s\/#primaryimage\"},\"image\":{\"@id\":\"https:\/\/www.coolturalia.com\/fr\/event\/des-concepts-comme-armes-debats-sur-les-democraties-suisses-16e-19e-s\/#primaryimage\"},\"thumbnailUrl\":\"https:\/\/www.coolturalia.com\/wp-content\/uploads\/2026\/04\/Concepts-as-Weapons-Debates-on-Swiss-Democracies-16th-19th-c.webp\",\"datePublished\":\"2026-04-15T19:58:55+00:00\",\"breadcrumb\":{\"@id\":\"https:\/\/www.coolturalia.com\/fr\/event\/des-concepts-comme-armes-debats-sur-les-democraties-suisses-16e-19e-s\/#breadcrumb\"},\"inLanguage\":\"fr-FR\",\"potentialAction\":[{\"@type\":\"ReadAction\",\"target\":[\"https:\/\/www.coolturalia.com\/fr\/event\/des-concepts-comme-armes-debats-sur-les-democraties-suisses-16e-19e-s\/\"]}]},{\"@type\":\"ImageObject\",\"inLanguage\":\"fr-FR\",\"@id\":\"https:\/\/www.coolturalia.com\/fr\/event\/des-concepts-comme-armes-debats-sur-les-democraties-suisses-16e-19e-s\/#primaryimage\",\"url\":\"https:\/\/www.coolturalia.com\/wp-content\/uploads\/2026\/04\/Concepts-as-Weapons-Debates-on-Swiss-Democracies-16th-19th-c.webp\",\"contentUrl\":\"https:\/\/www.coolturalia.com\/wp-content\/uploads\/2026\/04\/Concepts-as-Weapons-Debates-on-Swiss-Democracies-16th-19th-c.webp\",\"width\":450,\"height\":628,\"caption\":\"undefined\"},{\"@type\":\"BreadcrumbList\",\"@id\":\"https:\/\/www.coolturalia.com\/fr\/event\/des-concepts-comme-armes-debats-sur-les-democraties-suisses-16e-19e-s\/#breadcrumb\",\"itemListElement\":[{\"@type\":\"ListItem\",\"position\":1,\"name\":\"Home\",\"item\":\"https:\/\/www.coolturalia.com\/fr\/\"},{\"@type\":\"ListItem\",\"position\":2,\"name\":\"Events\",\"item\":\"https:\/\/www.coolturalia.com\/fr\/events\/\"},{\"@type\":\"ListItem\",\"position\":3,\"name\":\"Des concepts comme armes? D\u00e9bats sur les \u00ab d\u00e9mocraties suisses \u00bb (16e\u201319e s.)\"}]},{\"@type\":\"WebSite\",\"@id\":\"https:\/\/www.coolturalia.com\/fr\/#website\",\"url\":\"https:\/\/www.coolturalia.com\/fr\/\",\"name\":\"Coolturalia\",\"description\":\"\",\"publisher\":{\"@id\":\"https:\/\/www.coolturalia.com\/fr\/#organization\"},\"potentialAction\":[{\"@type\":\"SearchAction\",\"target\":{\"@type\":\"EntryPoint\",\"urlTemplate\":\"https:\/\/www.coolturalia.com\/fr\/?s={search_term_string}\"},\"query-input\":{\"@type\":\"PropertyValueSpecification\",\"valueRequired\":true,\"valueName\":\"search_term_string\"}}],\"inLanguage\":\"fr-FR\"},{\"@type\":\"Organization\",\"@id\":\"https:\/\/www.coolturalia.com\/fr\/#organization\",\"name\":\"Coolturalia\",\"url\":\"https:\/\/www.coolturalia.com\/fr\/\",\"logo\":{\"@type\":\"ImageObject\",\"inLanguage\":\"fr-FR\",\"@id\":\"https:\/\/www.coolturalia.com\/fr\/#\/schema\/logo\/image\/\",\"url\":\"https:\/\/www.coolturalia.com\/wp-content\/uploads\/2024\/04\/Logo-coolturalia.svg\",\"contentUrl\":\"https:\/\/www.coolturalia.com\/wp-content\/uploads\/2024\/04\/Logo-coolturalia.svg\",\"width\":1312,\"height\":193,\"caption\":\"Coolturalia\"},\"image\":{\"@id\":\"https:\/\/www.coolturalia.com\/fr\/#\/schema\/logo\/image\/\"},\"sameAs\":[\"https:\/\/www.instagram.com\/coolturalia_geneva\/\"]}]}<\/script>\n<!-- \/ Yoast SEO plugin. -->","yoast_head_json":{"title":"Des concepts comme armes? D\u00e9bats sur les \u00ab d\u00e9mocraties suisses \u00bb (16e\u201319e s.) - Coolturalia","robots":{"index":"index","follow":"follow","max-snippet":"max-snippet:-1","max-image-preview":"max-image-preview:large","max-video-preview":"max-video-preview:-1"},"canonical":"https:\/\/www.coolturalia.com\/fr\/event\/des-concepts-comme-armes-debats-sur-les-democraties-suisses-16e-19e-s\/","og_locale":"fr_FR","og_type":"article","og_title":"Des concepts comme armes? D\u00e9bats sur les \u00ab d\u00e9mocraties suisses \u00bb (16e\u201319e s.) - Coolturalia","og_description":"Atelier acad\u00e9mique portant sur l&rsquo;histoire conceptuelle de la d\u00e9mocratie en Suisse, du d\u00e9but des Temps modernes jusqu&rsquo;\u00e0 la fin du XIXe si\u00e8cle, avec un accent particulier sur le dernier tiers du XVIIIe si\u00e8cle jusqu&rsquo;en 1874. Il examine comment plusieurs conceptions de la d\u00e9mocratie, notamment l&rsquo;assembl\u00e9e, la repr\u00e9sentative et les formes semi\u2011directes, se sont articul\u00e9es, n\u00e9goci\u00e9es [&hellip;]","og_url":"https:\/\/www.coolturalia.com\/fr\/event\/des-concepts-comme-armes-debats-sur-les-democraties-suisses-16e-19e-s\/","og_site_name":"Coolturalia","og_image":[{"width":150,"height":150,"url":"https:\/\/www.coolturalia.com\/wp-content\/uploads\/2024\/04\/favicon-coolturalia-2.png","type":"image\/png"}],"twitter_card":"summary_large_image","twitter_misc":{"Dur\u00e9e de lecture estim\u00e9e":"1 minute"},"schema":{"@context":"https:\/\/schema.org","@graph":[{"@type":"WebPage","@id":"https:\/\/www.coolturalia.com\/fr\/event\/des-concepts-comme-armes-debats-sur-les-democraties-suisses-16e-19e-s\/","url":"https:\/\/www.coolturalia.com\/fr\/event\/des-concepts-comme-armes-debats-sur-les-democraties-suisses-16e-19e-s\/","name":"Des concepts comme armes? D\u00e9bats sur les \u00ab d\u00e9mocraties suisses \u00bb (16e\u201319e s.) - Coolturalia","isPartOf":{"@id":"https:\/\/www.coolturalia.com\/fr\/#website"},"primaryImageOfPage":{"@id":"https:\/\/www.coolturalia.com\/fr\/event\/des-concepts-comme-armes-debats-sur-les-democraties-suisses-16e-19e-s\/#primaryimage"},"image":{"@id":"https:\/\/www.coolturalia.com\/fr\/event\/des-concepts-comme-armes-debats-sur-les-democraties-suisses-16e-19e-s\/#primaryimage"},"thumbnailUrl":"https:\/\/www.coolturalia.com\/wp-content\/uploads\/2026\/04\/Concepts-as-Weapons-Debates-on-Swiss-Democracies-16th-19th-c.webp","datePublished":"2026-04-15T19:58:55+00:00","breadcrumb":{"@id":"https:\/\/www.coolturalia.com\/fr\/event\/des-concepts-comme-armes-debats-sur-les-democraties-suisses-16e-19e-s\/#breadcrumb"},"inLanguage":"fr-FR","potentialAction":[{"@type":"ReadAction","target":["https:\/\/www.coolturalia.com\/fr\/event\/des-concepts-comme-armes-debats-sur-les-democraties-suisses-16e-19e-s\/"]}]},{"@type":"ImageObject","inLanguage":"fr-FR","@id":"https:\/\/www.coolturalia.com\/fr\/event\/des-concepts-comme-armes-debats-sur-les-democraties-suisses-16e-19e-s\/#primaryimage","url":"https:\/\/www.coolturalia.com\/wp-content\/uploads\/2026\/04\/Concepts-as-Weapons-Debates-on-Swiss-Democracies-16th-19th-c.webp","contentUrl":"https:\/\/www.coolturalia.com\/wp-content\/uploads\/2026\/04\/Concepts-as-Weapons-Debates-on-Swiss-Democracies-16th-19th-c.webp","width":450,"height":628,"caption":"undefined"},{"@type":"BreadcrumbList","@id":"https:\/\/www.coolturalia.com\/fr\/event\/des-concepts-comme-armes-debats-sur-les-democraties-suisses-16e-19e-s\/#breadcrumb","itemListElement":[{"@type":"ListItem","position":1,"name":"Home","item":"https:\/\/www.coolturalia.com\/fr\/"},{"@type":"ListItem","position":2,"name":"Events","item":"https:\/\/www.coolturalia.com\/fr\/events\/"},{"@type":"ListItem","position":3,"name":"Des concepts comme armes? D\u00e9bats sur les \u00ab d\u00e9mocraties suisses \u00bb (16e\u201319e s.)"}]},{"@type":"WebSite","@id":"https:\/\/www.coolturalia.com\/fr\/#website","url":"https:\/\/www.coolturalia.com\/fr\/","name":"Coolturalia","description":"","publisher":{"@id":"https:\/\/www.coolturalia.com\/fr\/#organization"},"potentialAction":[{"@type":"SearchAction","target":{"@type":"EntryPoint","urlTemplate":"https:\/\/www.coolturalia.com\/fr\/?s={search_term_string}"},"query-input":{"@type":"PropertyValueSpecification","valueRequired":true,"valueName":"search_term_string"}}],"inLanguage":"fr-FR"},{"@type":"Organization","@id":"https:\/\/www.coolturalia.com\/fr\/#organization","name":"Coolturalia","url":"https:\/\/www.coolturalia.com\/fr\/","logo":{"@type":"ImageObject","inLanguage":"fr-FR","@id":"https:\/\/www.coolturalia.com\/fr\/#\/schema\/logo\/image\/","url":"https:\/\/www.coolturalia.com\/wp-content\/uploads\/2024\/04\/Logo-coolturalia.svg","contentUrl":"https:\/\/www.coolturalia.com\/wp-content\/uploads\/2024\/04\/Logo-coolturalia.svg","width":1312,"height":193,"caption":"Coolturalia"},"image":{"@id":"https:\/\/www.coolturalia.com\/fr\/#\/schema\/logo\/image\/"},"sameAs":["https:\/\/www.instagram.com\/coolturalia_geneva\/"]}]}},"translations":{"translations":{"en":"187434","fr":"187435"},"language":{"code":"fr"},"date":{"dateRange":"23 - 24 avril"}},"language":{"code":"fr"},"_links":{"self":[{"href":"https:\/\/www.coolturalia.com\/fr\/wp-json\/wp\/v2\/event\/187435","targetHints":{"allow":["GET"]}}],"collection":[{"href":"https:\/\/www.coolturalia.com\/fr\/wp-json\/wp\/v2\/event"}],"about":[{"href":"https:\/\/www.coolturalia.com\/fr\/wp-json\/wp\/v2\/types\/event"}],"version-history":[{"count":0,"href":"https:\/\/www.coolturalia.com\/fr\/wp-json\/wp\/v2\/event\/187435\/revisions"}],"wp:featuredmedia":[{"embeddable":true,"href":"https:\/\/www.coolturalia.com\/fr\/wp-json\/wp\/v2\/media\/187433"}],"wp:attachment":[{"href":"https:\/\/www.coolturalia.com\/fr\/wp-json\/wp\/v2\/media?parent=187435"}],"wp:term":[{"taxonomy":"post_tag","embeddable":true,"href":"https:\/\/www.coolturalia.com\/fr\/wp-json\/wp\/v2\/tags?post=187435"},{"taxonomy":"event-category","embeddable":true,"href":"https:\/\/www.coolturalia.com\/fr\/wp-json\/wp\/v2\/event-category?post=187435"},{"taxonomy":"event-venue","embeddable":true,"href":"https:\/\/www.coolturalia.com\/fr\/wp-json\/wp\/v2\/event-venue?post=187435"}],"curies":[{"name":"wp","href":"https:\/\/api.w.org\/{rel}","templated":true}]}}