{"id":187403,"date":"2026-04-15T13:40:48","date_gmt":"2026-04-15T12:40:48","guid":{"rendered":"https:\/\/www.coolturalia.com\/event\/la-batie-50e-edition\/"},"modified":"2026-08-21T07:31:13","modified_gmt":"2026-08-21T05:31:13","slug":"la-batie-50e-edition","status":"publish","type":"event","link":"https:\/\/www.coolturalia.com\/fr\/event\/la-batie-50e-edition\/","title":{"rendered":"La B\u00e2tie \u2014 50e \u00e9dition"},"content":{"rendered":"<p>Le Festival La B\u00e2tie f\u00eate sa 50e \u00e9dition du 25 ao\u00fbt au 13 septembre 2026 ! Pendant trois semaines, th\u00e9\u00e2tre, danse, concerts, performances, cirque et f\u00eates investiront les lieux partenaires \u00e0 Gen\u00e8ve et dans la r\u00e9gion. Pour cette \u00e9dition anniversaire, Le B\u00e9aba, nouveau lieu \u00e0 ciel ouvert au c\u0153ur du parc du Mus\u00e9e Ariana, accueillera spectacles, concerts et \u00e9v\u00e9nements gratuits dans une ambiance joyeuse et conviviale.<\/p>\n","protected":false},"excerpt":{"rendered":"<p>Le Festival La B\u00e2tie f\u00eate sa 50e \u00e9dition du 25 ao\u00fbt au 13 septembre 2026 ! Pendant trois semaines, th\u00e9\u00e2tre, danse, concerts, performances, cirque et f\u00eates investiront les lieux partenaires \u00e0 Gen\u00e8ve et dans la r\u00e9gion. Pour cette \u00e9dition anniversaire, Le B\u00e9aba, nouveau lieu \u00e0 ciel ouvert au c\u0153ur du parc du Mus\u00e9e Ariana, accueillera [&hellip;]<\/p>\n","protected":false},"featured_media":187401,"parent":0,"menu_order":0,"template":"","format":"standard","meta":{"_acf_changed":false,"footnotes":""},"tags":[],"event-category":[454,444],"event-venue":[981],"class_list":["post-187403","event","type-event","status-publish","format-standard","has-post-thumbnail","hentry","event-category-communaute","event-category-spectacles","event-venue-plusieurs-lieux"],"acf":{"price":"","date":"25 ao\u00fbt - 13 septembre","start_date":"2026-08-25 02:00:00","end_date":"2026-09-13 02:00:00","website_link":"https:\/\/www.batie.ch\/en\/inter-edition","link_buy_tickets":"","highlighted":false,"photo_credit":"","timings":[{"timing_start_date":"2026-08-25 12:00:00","timing_end_date":"2026-08-25 20:00:00"},{"timing_start_date":"2026-08-26 12:00:00","timing_end_date":"2026-08-26 20:00:00"},{"timing_start_date":"2026-08-27 12:00:00","timing_end_date":"2026-08-27 20:00:00"},{"timing_start_date":"2026-08-28 12:00:00","timing_end_date":"2026-08-28 20:00:00"},{"timing_start_date":"2026-08-29 12:00:00","timing_end_date":"2026-08-29 20:00:00"},{"timing_start_date":"2026-08-30 12:00:00","timing_end_date":"2026-08-30 20:00:00"},{"timing_start_date":"2026-08-31 12:00:00","timing_end_date":"2026-08-31 20:00:00"},{"timing_start_date":"2026-09-01 12:00:00","timing_end_date":"2026-09-01 20:00:00"},{"timing_start_date":"2026-09-02 12:00:00","timing_end_date":"2026-09-02 20:00:00"},{"timing_start_date":"2026-09-03 12:00:00","timing_end_date":"2026-09-03 20:00:00"},{"timing_start_date":"2026-09-04 12:00:00","timing_end_date":"2026-09-04 20:00:00"},{"timing_start_date":"2026-09-05 12:00:00","timing_end_date":"2026-09-05 20:00:00"},{"timing_start_date":"2026-09-06 12:00:00","timing_end_date":"2026-09-06 20:00:00"},{"timing_start_date":"2026-09-07 12:00:00","timing_end_date":"2026-09-07 20:00:00"},{"timing_start_date":"2026-09-08 12:00:00","timing_end_date":"2026-09-08 20:00:00"},{"timing_start_date":"2026-09-09 12:00:00","timing_end_date":"2026-09-09 20:00:00"},{"timing_start_date":"2026-09-10 12:00:00","timing_end_date":"2026-09-10 20:00:00"},{"timing_start_date":"2026-09-11 12:00:00","timing_end_date":"2026-09-11 20:00:00"},{"timing_start_date":"2026-09-12 12:00:00","timing_end_date":"2026-09-12 20:00:00"},{"timing_start_date":"2026-09-13 12:00:00","timing_end_date":"2026-09-13 20:00:00"}],"external_id":""},"yoast_head":"<!-- This site is optimized with the Yoast SEO plugin v28.3 - https:\/\/yoast.com\/product\/yoast-seo-wordpress\/ -->\n<title>La B\u00e2tie \u2014 50e \u00e9dition - Coolturalia<\/title>\n<meta name=\"robots\" content=\"index, follow, max-snippet:-1, max-image-preview:large, max-video-preview:-1\" \/>\n<link rel=\"canonical\" href=\"https:\/\/www.coolturalia.com\/fr\/event\/la-batie-50e-edition\/\" \/>\n<meta property=\"og:locale\" content=\"fr_FR\" \/>\n<meta property=\"og:type\" content=\"article\" \/>\n<meta property=\"og:title\" content=\"La B\u00e2tie \u2014 50e \u00e9dition - Coolturalia\" \/>\n<meta property=\"og:description\" content=\"Le Festival La B\u00e2tie f\u00eate sa 50e \u00e9dition du 25 ao\u00fbt au 13 septembre 2026 ! Pendant trois semaines, th\u00e9\u00e2tre, danse, concerts, performances, cirque et f\u00eates investiront les lieux partenaires \u00e0 Gen\u00e8ve et dans la r\u00e9gion. Pour cette \u00e9dition anniversaire, Le B\u00e9aba, nouveau lieu \u00e0 ciel ouvert au c\u0153ur du parc du Mus\u00e9e Ariana, accueillera [&hellip;]\" \/>\n<meta property=\"og:url\" content=\"https:\/\/www.coolturalia.com\/fr\/event\/la-batie-50e-edition\/\" \/>\n<meta property=\"og:site_name\" content=\"Coolturalia\" \/>\n<meta property=\"article:modified_time\" content=\"2026-08-21T05:31:13+00:00\" \/>\n<meta property=\"og:image\" content=\"https:\/\/www.coolturalia.com\/wp-content\/uploads\/2026\/04\/La-Batie-Festival-50th-Edition.webp\" \/>\n\t<meta property=\"og:image:width\" content=\"768\" \/>\n\t<meta property=\"og:image:height\" content=\"768\" \/>\n\t<meta property=\"og:image:type\" content=\"image\/webp\" \/>\n<meta name=\"twitter:card\" content=\"summary_large_image\" \/>\n<meta name=\"twitter:label1\" content=\"Dur\u00e9e de lecture estim\u00e9e\" \/>\n\t<meta name=\"twitter:data1\" content=\"1 minute\" \/>\n<script type=\"application\/ld+json\" class=\"yoast-schema-graph\">{\"@context\":\"https:\\\/\\\/schema.org\",\"@graph\":[{\"@type\":\"WebPage\",\"@id\":\"https:\\\/\\\/www.coolturalia.com\\\/fr\\\/event\\\/la-batie-50e-edition\\\/\",\"url\":\"https:\\\/\\\/www.coolturalia.com\\\/fr\\\/event\\\/la-batie-50e-edition\\\/\",\"name\":\"La B\u00e2tie \u2014 50e \u00e9dition - Coolturalia\",\"isPartOf\":{\"@id\":\"https:\\\/\\\/www.coolturalia.com\\\/fr\\\/#website\"},\"primaryImageOfPage\":{\"@id\":\"https:\\\/\\\/www.coolturalia.com\\\/fr\\\/event\\\/la-batie-50e-edition\\\/#primaryimage\"},\"image\":{\"@id\":\"https:\\\/\\\/www.coolturalia.com\\\/fr\\\/event\\\/la-batie-50e-edition\\\/#primaryimage\"},\"thumbnailUrl\":\"https:\\\/\\\/www.coolturalia.com\\\/wp-content\\\/uploads\\\/2026\\\/04\\\/La-Batie-Festival-50th-Edition.webp\",\"datePublished\":\"2026-04-15T12:40:48+00:00\",\"dateModified\":\"2026-08-21T05:31:13+00:00\",\"breadcrumb\":{\"@id\":\"https:\\\/\\\/www.coolturalia.com\\\/fr\\\/event\\\/la-batie-50e-edition\\\/#breadcrumb\"},\"inLanguage\":\"fr-FR\",\"potentialAction\":[{\"@type\":\"ReadAction\",\"target\":[\"https:\\\/\\\/www.coolturalia.com\\\/fr\\\/event\\\/la-batie-50e-edition\\\/\"]}]},{\"@type\":\"ImageObject\",\"inLanguage\":\"fr-FR\",\"@id\":\"https:\\\/\\\/www.coolturalia.com\\\/fr\\\/event\\\/la-batie-50e-edition\\\/#primaryimage\",\"url\":\"https:\\\/\\\/www.coolturalia.com\\\/wp-content\\\/uploads\\\/2026\\\/04\\\/La-Batie-Festival-50th-Edition.webp\",\"contentUrl\":\"https:\\\/\\\/www.coolturalia.com\\\/wp-content\\\/uploads\\\/2026\\\/04\\\/La-Batie-Festival-50th-Edition.webp\",\"width\":1080,\"height\":1080,\"caption\":\"undefined\"},{\"@type\":\"BreadcrumbList\",\"@id\":\"https:\\\/\\\/www.coolturalia.com\\\/fr\\\/event\\\/la-batie-50e-edition\\\/#breadcrumb\",\"itemListElement\":[{\"@type\":\"ListItem\",\"position\":1,\"name\":\"Home\",\"item\":\"https:\\\/\\\/www.coolturalia.com\\\/fr\\\/\"},{\"@type\":\"ListItem\",\"position\":2,\"name\":\"Events\",\"item\":\"https:\\\/\\\/www.coolturalia.com\\\/fr\\\/events\\\/\"},{\"@type\":\"ListItem\",\"position\":3,\"name\":\"La B\u00e2tie \u2014 50e \u00e9dition\"}]},{\"@type\":\"WebSite\",\"@id\":\"https:\\\/\\\/www.coolturalia.com\\\/fr\\\/#website\",\"url\":\"https:\\\/\\\/www.coolturalia.com\\\/fr\\\/\",\"name\":\"Coolturalia\",\"description\":\"\",\"publisher\":{\"@id\":\"https:\\\/\\\/www.coolturalia.com\\\/fr\\\/#organization\"},\"potentialAction\":[{\"@type\":\"SearchAction\",\"target\":{\"@type\":\"EntryPoint\",\"urlTemplate\":\"https:\\\/\\\/www.coolturalia.com\\\/fr\\\/?s={search_term_string}\"},\"query-input\":{\"@type\":\"PropertyValueSpecification\",\"valueRequired\":true,\"valueName\":\"search_term_string\"}}],\"inLanguage\":\"fr-FR\"},{\"@type\":\"Organization\",\"@id\":\"https:\\\/\\\/www.coolturalia.com\\\/fr\\\/#organization\",\"name\":\"Coolturalia\",\"url\":\"https:\\\/\\\/www.coolturalia.com\\\/fr\\\/\",\"logo\":{\"@type\":\"ImageObject\",\"inLanguage\":\"fr-FR\",\"@id\":\"https:\\\/\\\/www.coolturalia.com\\\/fr\\\/#\\\/schema\\\/logo\\\/image\\\/\",\"url\":\"https:\\\/\\\/www.coolturalia.com\\\/wp-content\\\/uploads\\\/2024\\\/04\\\/Logo-coolturalia.svg\",\"contentUrl\":\"https:\\\/\\\/www.coolturalia.com\\\/wp-content\\\/uploads\\\/2024\\\/04\\\/Logo-coolturalia.svg\",\"width\":1312,\"height\":193,\"caption\":\"Coolturalia\"},\"image\":{\"@id\":\"https:\\\/\\\/www.coolturalia.com\\\/fr\\\/#\\\/schema\\\/logo\\\/image\\\/\"},\"sameAs\":[\"https:\\\/\\\/www.instagram.com\\\/coolturalia_geneva\\\/\"]}]}<\/script>\n<!-- \/ Yoast SEO plugin. -->","yoast_head_json":{"title":"La B\u00e2tie \u2014 50e \u00e9dition - Coolturalia","robots":{"index":"index","follow":"follow","max-snippet":"max-snippet:-1","max-image-preview":"max-image-preview:large","max-video-preview":"max-video-preview:-1"},"canonical":"https:\/\/www.coolturalia.com\/fr\/event\/la-batie-50e-edition\/","og_locale":"fr_FR","og_type":"article","og_title":"La B\u00e2tie \u2014 50e \u00e9dition - Coolturalia","og_description":"Le Festival La B\u00e2tie f\u00eate sa 50e \u00e9dition du 25 ao\u00fbt au 13 septembre 2026 ! Pendant trois semaines, th\u00e9\u00e2tre, danse, concerts, performances, cirque et f\u00eates investiront les lieux partenaires \u00e0 Gen\u00e8ve et dans la r\u00e9gion. Pour cette \u00e9dition anniversaire, Le B\u00e9aba, nouveau lieu \u00e0 ciel ouvert au c\u0153ur du parc du Mus\u00e9e Ariana, accueillera [&hellip;]","og_url":"https:\/\/www.coolturalia.com\/fr\/event\/la-batie-50e-edition\/","og_site_name":"Coolturalia","article_modified_time":"2026-08-21T05:31:13+00:00","og_image":[{"url":"https:\/\/www.coolturalia.com\/wp-content\/uploads\/2026\/04\/La-Batie-Festival-50th-Edition.webp","width":768,"height":768,"type":"image\/webp"}],"twitter_card":"summary_large_image","twitter_misc":{"Dur\u00e9e de lecture estim\u00e9e":"1 minute"},"schema":{"@context":"https:\/\/schema.org","@graph":[{"@type":"WebPage","@id":"https:\/\/www.coolturalia.com\/fr\/event\/la-batie-50e-edition\/","url":"https:\/\/www.coolturalia.com\/fr\/event\/la-batie-50e-edition\/","name":"La B\u00e2tie \u2014 50e \u00e9dition - Coolturalia","isPartOf":{"@id":"https:\/\/www.coolturalia.com\/fr\/#website"},"primaryImageOfPage":{"@id":"https:\/\/www.coolturalia.com\/fr\/event\/la-batie-50e-edition\/#primaryimage"},"image":{"@id":"https:\/\/www.coolturalia.com\/fr\/event\/la-batie-50e-edition\/#primaryimage"},"thumbnailUrl":"https:\/\/www.coolturalia.com\/wp-content\/uploads\/2026\/04\/La-Batie-Festival-50th-Edition.webp","datePublished":"2026-04-15T12:40:48+00:00","dateModified":"2026-08-21T05:31:13+00:00","breadcrumb":{"@id":"https:\/\/www.coolturalia.com\/fr\/event\/la-batie-50e-edition\/#breadcrumb"},"inLanguage":"fr-FR","potentialAction":[{"@type":"ReadAction","target":["https:\/\/www.coolturalia.com\/fr\/event\/la-batie-50e-edition\/"]}]},{"@type":"ImageObject","inLanguage":"fr-FR","@id":"https:\/\/www.coolturalia.com\/fr\/event\/la-batie-50e-edition\/#primaryimage","url":"https:\/\/www.coolturalia.com\/wp-content\/uploads\/2026\/04\/La-Batie-Festival-50th-Edition.webp","contentUrl":"https:\/\/www.coolturalia.com\/wp-content\/uploads\/2026\/04\/La-Batie-Festival-50th-Edition.webp","width":1080,"height":1080,"caption":"undefined"},{"@type":"BreadcrumbList","@id":"https:\/\/www.coolturalia.com\/fr\/event\/la-batie-50e-edition\/#breadcrumb","itemListElement":[{"@type":"ListItem","position":1,"name":"Home","item":"https:\/\/www.coolturalia.com\/fr\/"},{"@type":"ListItem","position":2,"name":"Events","item":"https:\/\/www.coolturalia.com\/fr\/events\/"},{"@type":"ListItem","position":3,"name":"La B\u00e2tie \u2014 50e \u00e9dition"}]},{"@type":"WebSite","@id":"https:\/\/www.coolturalia.com\/fr\/#website","url":"https:\/\/www.coolturalia.com\/fr\/","name":"Coolturalia","description":"","publisher":{"@id":"https:\/\/www.coolturalia.com\/fr\/#organization"},"potentialAction":[{"@type":"SearchAction","target":{"@type":"EntryPoint","urlTemplate":"https:\/\/www.coolturalia.com\/fr\/?s={search_term_string}"},"query-input":{"@type":"PropertyValueSpecification","valueRequired":true,"valueName":"search_term_string"}}],"inLanguage":"fr-FR"},{"@type":"Organization","@id":"https:\/\/www.coolturalia.com\/fr\/#organization","name":"Coolturalia","url":"https:\/\/www.coolturalia.com\/fr\/","logo":{"@type":"ImageObject","inLanguage":"fr-FR","@id":"https:\/\/www.coolturalia.com\/fr\/#\/schema\/logo\/image\/","url":"https:\/\/www.coolturalia.com\/wp-content\/uploads\/2024\/04\/Logo-coolturalia.svg","contentUrl":"https:\/\/www.coolturalia.com\/wp-content\/uploads\/2024\/04\/Logo-coolturalia.svg","width":1312,"height":193,"caption":"Coolturalia"},"image":{"@id":"https:\/\/www.coolturalia.com\/fr\/#\/schema\/logo\/image\/"},"sameAs":["https:\/\/www.instagram.com\/coolturalia_geneva\/"]}]}},"translations":{"translations":{"en":"187402","fr":"187403"},"language":{"code":"fr"},"date":{"dateRange":"25 ao\u00fbt - 13 septembre"}},"language":{"code":"fr"},"_links":{"self":[{"href":"https:\/\/www.coolturalia.com\/fr\/wp-json\/wp\/v2\/event\/187403","targetHints":{"allow":["GET"]}}],"collection":[{"href":"https:\/\/www.coolturalia.com\/fr\/wp-json\/wp\/v2\/event"}],"about":[{"href":"https:\/\/www.coolturalia.com\/fr\/wp-json\/wp\/v2\/types\/event"}],"version-history":[{"count":2,"href":"https:\/\/www.coolturalia.com\/fr\/wp-json\/wp\/v2\/event\/187403\/revisions"}],"predecessor-version":[{"id":197862,"href":"https:\/\/www.coolturalia.com\/fr\/wp-json\/wp\/v2\/event\/187403\/revisions\/197862"}],"wp:featuredmedia":[{"embeddable":true,"href":"https:\/\/www.coolturalia.com\/fr\/wp-json\/wp\/v2\/media\/187401"}],"wp:attachment":[{"href":"https:\/\/www.coolturalia.com\/fr\/wp-json\/wp\/v2\/media?parent=187403"}],"wp:term":[{"taxonomy":"post_tag","embeddable":true,"href":"https:\/\/www.coolturalia.com\/fr\/wp-json\/wp\/v2\/tags?post=187403"},{"taxonomy":"event-category","embeddable":true,"href":"https:\/\/www.coolturalia.com\/fr\/wp-json\/wp\/v2\/event-category?post=187403"},{"taxonomy":"event-venue","embeddable":true,"href":"https:\/\/www.coolturalia.com\/fr\/wp-json\/wp\/v2\/event-venue?post=187403"}],"curies":[{"name":"wp","href":"https:\/\/api.w.org\/{rel}","templated":true}]}}