{"id":187212,"date":"2026-04-13T15:00:19","date_gmt":"2026-04-13T14:00:19","guid":{"rendered":"https:\/\/www.coolturalia.com\/event\/memoires-et-impressions-60-ans-darcheologie-suisse-au-soudan\/"},"modified":"2026-04-13T15:00:19","modified_gmt":"2026-04-13T14:00:19","slug":"memoires-et-impressions-60-ans-darcheologie-suisse-au-soudan","status":"publish","type":"event","link":"https:\/\/www.coolturalia.com\/fr\/event\/memoires-et-impressions-60-ans-darcheologie-suisse-au-soudan\/","title":{"rendered":"M\u00e9moires et impressions \u2014 60 ans d\u2019arch\u00e9ologie suisse au Soudan"},"content":{"rendered":"<p>\u00c0 travers une centaine de photographies d&rsquo;archives, plans de sites et carnets de fouilles, l&rsquo;exposition retrace soixante ans de recherches suisses au Soudan, de la pr\u00e9histoire (IVe mill\u00e9naire av. J.-C.) \u00e0 l&rsquo;\u00e9poque m\u00e9ro\u00eftique. Sont pr\u00e9sent\u00e9s les travaux sur les sites de Tabo, Akasha, Kerma (avec sa Deffufa) et Doukki Gel, ainsi que les d\u00e9couvertes et la m\u00e9moire du travail de terrain.<\/p>\n","protected":false},"excerpt":{"rendered":"<p>\u00c0 travers une centaine de photographies d&rsquo;archives, plans de sites et carnets de fouilles, l&rsquo;exposition retrace soixante ans de recherches suisses au Soudan, de la pr\u00e9histoire (IVe mill\u00e9naire av. J.-C.) \u00e0 l&rsquo;\u00e9poque m\u00e9ro\u00eftique. Sont pr\u00e9sent\u00e9s les travaux sur les sites de Tabo, Akasha, Kerma (avec sa Deffufa) et Doukki Gel, ainsi que les d\u00e9couvertes et [&hellip;]<\/p>\n","protected":false},"featured_media":187210,"parent":0,"menu_order":0,"template":"","format":"standard","meta":{"_acf_changed":false,"footnotes":""},"tags":[],"event-category":[446],"event-venue":[1662],"class_list":["post-187212","event","type-event","status-publish","format-standard","has-post-thumbnail","hentry","event-category-art-et-expositions","event-venue-66-boulevard-carl-vogt-unige-fr"],"acf":{"price":"Gratuit","date":"15 juin - 31 juillet","start_date":"2026-06-15 02:00:00","end_date":"2026-07-31 02:00:00","website_link":"https:\/\/www.unige.ch\/cite\/evenements\/exposition\/archeologie-soudan","link_buy_tickets":"","highlighted":false,"photo_credit":"","timings":[{"timing_start_date":"2026-06-15 09:30:00","timing_end_date":"2026-06-15 21:00:00"},{"timing_start_date":"2026-06-16 09:30:00","timing_end_date":"2026-06-16 21:00:00"},{"timing_start_date":"2026-06-17 09:30:00","timing_end_date":"2026-06-17 21:00:00"},{"timing_start_date":"2026-06-18 09:30:00","timing_end_date":"2026-06-18 21:00:00"},{"timing_start_date":"2026-06-19 09:30:00","timing_end_date":"2026-06-19 21:00:00"},{"timing_start_date":"2026-06-21 16:00:00","timing_end_date":"2026-06-21 19:00:00"},{"timing_start_date":"2026-06-22 09:30:00","timing_end_date":"2026-06-22 21:00:00"},{"timing_start_date":"2026-06-23 09:30:00","timing_end_date":"2026-06-23 21:00:00"},{"timing_start_date":"2026-06-24 09:30:00","timing_end_date":"2026-06-24 21:00:00"},{"timing_start_date":"2026-06-25 09:30:00","timing_end_date":"2026-06-25 21:00:00"},{"timing_start_date":"2026-06-26 09:30:00","timing_end_date":"2026-06-26 21:00:00"},{"timing_start_date":"2026-06-28 16:00:00","timing_end_date":"2026-06-28 19:00:00"},{"timing_start_date":"2026-06-29 09:30:00","timing_end_date":"2026-06-29 21:00:00"},{"timing_start_date":"2026-06-30 09:30:00","timing_end_date":"2026-06-30 21:00:00"},{"timing_start_date":"2026-07-01 09:30:00","timing_end_date":"2026-07-01 21:00:00"},{"timing_start_date":"2026-07-02 09:30:00","timing_end_date":"2026-07-02 21:00:00"},{"timing_start_date":"2026-07-03 09:30:00","timing_end_date":"2026-07-03 21:00:00"},{"timing_start_date":"2026-07-05 16:00:00","timing_end_date":"2026-07-05 19:00:00"},{"timing_start_date":"2026-07-06 09:30:00","timing_end_date":"2026-07-06 21:00:00"},{"timing_start_date":"2026-07-07 09:30:00","timing_end_date":"2026-07-07 21:00:00"},{"timing_start_date":"2026-07-08 09:30:00","timing_end_date":"2026-07-08 21:00:00"},{"timing_start_date":"2026-07-09 09:30:00","timing_end_date":"2026-07-09 21:00:00"},{"timing_start_date":"2026-07-10 09:30:00","timing_end_date":"2026-07-10 21:00:00"},{"timing_start_date":"2026-07-12 16:00:00","timing_end_date":"2026-07-12 19:00:00"},{"timing_start_date":"2026-07-13 09:30:00","timing_end_date":"2026-07-13 21:00:00"},{"timing_start_date":"2026-07-14 09:30:00","timing_end_date":"2026-07-14 21:00:00"},{"timing_start_date":"2026-07-15 09:30:00","timing_end_date":"2026-07-15 21:00:00"},{"timing_start_date":"2026-07-16 09:30:00","timing_end_date":"2026-07-16 21:00:00"},{"timing_start_date":"2026-07-17 09:30:00","timing_end_date":"2026-07-17 21:00:00"},{"timing_start_date":"2026-07-19 16:00:00","timing_end_date":"2026-07-19 19:00:00"},{"timing_start_date":"2026-07-20 09:30:00","timing_end_date":"2026-07-20 21:00:00"},{"timing_start_date":"2026-07-21 09:30:00","timing_end_date":"2026-07-21 21:00:00"},{"timing_start_date":"2026-07-22 09:30:00","timing_end_date":"2026-07-22 21:00:00"},{"timing_start_date":"2026-07-23 09:30:00","timing_end_date":"2026-07-23 21:00:00"},{"timing_start_date":"2026-07-24 09:30:00","timing_end_date":"2026-07-24 21:00:00"},{"timing_start_date":"2026-07-26 16:00:00","timing_end_date":"2026-07-26 19:00:00"},{"timing_start_date":"2026-07-27 09:30:00","timing_end_date":"2026-07-27 21:00:00"},{"timing_start_date":"2026-07-28 09:30:00","timing_end_date":"2026-07-28 21:00:00"},{"timing_start_date":"2026-07-29 09:30:00","timing_end_date":"2026-07-29 21:00:00"},{"timing_start_date":"2026-07-30 09:30:00","timing_end_date":"2026-07-30 21:00:00"},{"timing_start_date":"2026-07-31 09:30:00","timing_end_date":"2026-07-31 21:00:00"}],"external_id":""},"yoast_head":"<!-- This site is optimized with the Yoast SEO plugin v26.5 - https:\/\/yoast.com\/wordpress\/plugins\/seo\/ -->\n<title>M\u00e9moires et impressions \u2014 60 ans d\u2019arch\u00e9ologie suisse au Soudan - Coolturalia<\/title>\n<meta name=\"robots\" content=\"index, follow, max-snippet:-1, max-image-preview:large, max-video-preview:-1\" \/>\n<link rel=\"canonical\" href=\"https:\/\/www.coolturalia.com\/fr\/event\/memoires-et-impressions-60-ans-darcheologie-suisse-au-soudan\/\" \/>\n<meta property=\"og:locale\" content=\"fr_FR\" \/>\n<meta property=\"og:type\" content=\"article\" \/>\n<meta property=\"og:title\" content=\"M\u00e9moires et impressions \u2014 60 ans d\u2019arch\u00e9ologie suisse au Soudan - Coolturalia\" \/>\n<meta property=\"og:description\" content=\"\u00c0 travers une centaine de photographies d&rsquo;archives, plans de sites et carnets de fouilles, l&rsquo;exposition retrace soixante ans de recherches suisses au Soudan, de la pr\u00e9histoire (IVe mill\u00e9naire av. J.-C.) \u00e0 l&rsquo;\u00e9poque m\u00e9ro\u00eftique. Sont pr\u00e9sent\u00e9s les travaux sur les sites de Tabo, Akasha, Kerma (avec sa Deffufa) et Doukki Gel, ainsi que les d\u00e9couvertes et [&hellip;]\" \/>\n<meta property=\"og:url\" content=\"https:\/\/www.coolturalia.com\/fr\/event\/memoires-et-impressions-60-ans-darcheologie-suisse-au-soudan\/\" \/>\n<meta property=\"og:site_name\" content=\"Coolturalia\" \/>\n<meta property=\"og:image\" content=\"https:\/\/www.coolturalia.com\/wp-content\/uploads\/2024\/04\/favicon-coolturalia-2.png\" \/>\n\t<meta property=\"og:image:width\" content=\"150\" \/>\n\t<meta property=\"og:image:height\" content=\"150\" \/>\n\t<meta property=\"og:image:type\" content=\"image\/png\" \/>\n<meta name=\"twitter:card\" content=\"summary_large_image\" \/>\n<script type=\"application\/ld+json\" class=\"yoast-schema-graph\">{\"@context\":\"https:\/\/schema.org\",\"@graph\":[{\"@type\":\"WebPage\",\"@id\":\"https:\/\/www.coolturalia.com\/fr\/event\/memoires-et-impressions-60-ans-darcheologie-suisse-au-soudan\/\",\"url\":\"https:\/\/www.coolturalia.com\/fr\/event\/memoires-et-impressions-60-ans-darcheologie-suisse-au-soudan\/\",\"name\":\"M\u00e9moires et impressions \u2014 60 ans d\u2019arch\u00e9ologie suisse au Soudan - Coolturalia\",\"isPartOf\":{\"@id\":\"https:\/\/www.coolturalia.com\/fr\/#website\"},\"primaryImageOfPage\":{\"@id\":\"https:\/\/www.coolturalia.com\/fr\/event\/memoires-et-impressions-60-ans-darcheologie-suisse-au-soudan\/#primaryimage\"},\"image\":{\"@id\":\"https:\/\/www.coolturalia.com\/fr\/event\/memoires-et-impressions-60-ans-darcheologie-suisse-au-soudan\/#primaryimage\"},\"thumbnailUrl\":\"https:\/\/www.coolturalia.com\/wp-content\/uploads\/2026\/04\/Memories-and-Impressions-60-Years-of-Swiss-Archaeology-in-Sudan.webp\",\"datePublished\":\"2026-04-13T14:00:19+00:00\",\"breadcrumb\":{\"@id\":\"https:\/\/www.coolturalia.com\/fr\/event\/memoires-et-impressions-60-ans-darcheologie-suisse-au-soudan\/#breadcrumb\"},\"inLanguage\":\"fr-FR\",\"potentialAction\":[{\"@type\":\"ReadAction\",\"target\":[\"https:\/\/www.coolturalia.com\/fr\/event\/memoires-et-impressions-60-ans-darcheologie-suisse-au-soudan\/\"]}]},{\"@type\":\"ImageObject\",\"inLanguage\":\"fr-FR\",\"@id\":\"https:\/\/www.coolturalia.com\/fr\/event\/memoires-et-impressions-60-ans-darcheologie-suisse-au-soudan\/#primaryimage\",\"url\":\"https:\/\/www.coolturalia.com\/wp-content\/uploads\/2026\/04\/Memories-and-Impressions-60-Years-of-Swiss-Archaeology-in-Sudan.webp\",\"contentUrl\":\"https:\/\/www.coolturalia.com\/wp-content\/uploads\/2026\/04\/Memories-and-Impressions-60-Years-of-Swiss-Archaeology-in-Sudan.webp\",\"width\":1140,\"height\":562,\"caption\":\"undefined\"},{\"@type\":\"BreadcrumbList\",\"@id\":\"https:\/\/www.coolturalia.com\/fr\/event\/memoires-et-impressions-60-ans-darcheologie-suisse-au-soudan\/#breadcrumb\",\"itemListElement\":[{\"@type\":\"ListItem\",\"position\":1,\"name\":\"Home\",\"item\":\"https:\/\/www.coolturalia.com\/fr\/\"},{\"@type\":\"ListItem\",\"position\":2,\"name\":\"Events\",\"item\":\"https:\/\/www.coolturalia.com\/fr\/events\/\"},{\"@type\":\"ListItem\",\"position\":3,\"name\":\"M\u00e9moires et impressions \u2014 60 ans d\u2019arch\u00e9ologie suisse au Soudan\"}]},{\"@type\":\"WebSite\",\"@id\":\"https:\/\/www.coolturalia.com\/fr\/#website\",\"url\":\"https:\/\/www.coolturalia.com\/fr\/\",\"name\":\"Coolturalia\",\"description\":\"\",\"publisher\":{\"@id\":\"https:\/\/www.coolturalia.com\/fr\/#organization\"},\"potentialAction\":[{\"@type\":\"SearchAction\",\"target\":{\"@type\":\"EntryPoint\",\"urlTemplate\":\"https:\/\/www.coolturalia.com\/fr\/?s={search_term_string}\"},\"query-input\":{\"@type\":\"PropertyValueSpecification\",\"valueRequired\":true,\"valueName\":\"search_term_string\"}}],\"inLanguage\":\"fr-FR\"},{\"@type\":\"Organization\",\"@id\":\"https:\/\/www.coolturalia.com\/fr\/#organization\",\"name\":\"Coolturalia\",\"url\":\"https:\/\/www.coolturalia.com\/fr\/\",\"logo\":{\"@type\":\"ImageObject\",\"inLanguage\":\"fr-FR\",\"@id\":\"https:\/\/www.coolturalia.com\/fr\/#\/schema\/logo\/image\/\",\"url\":\"https:\/\/www.coolturalia.com\/wp-content\/uploads\/2024\/04\/Logo-coolturalia.svg\",\"contentUrl\":\"https:\/\/www.coolturalia.com\/wp-content\/uploads\/2024\/04\/Logo-coolturalia.svg\",\"width\":1312,\"height\":193,\"caption\":\"Coolturalia\"},\"image\":{\"@id\":\"https:\/\/www.coolturalia.com\/fr\/#\/schema\/logo\/image\/\"},\"sameAs\":[\"https:\/\/www.instagram.com\/coolturalia_geneva\/\"]}]}<\/script>\n<!-- \/ Yoast SEO plugin. -->","yoast_head_json":{"title":"M\u00e9moires et impressions \u2014 60 ans d\u2019arch\u00e9ologie suisse au Soudan - Coolturalia","robots":{"index":"index","follow":"follow","max-snippet":"max-snippet:-1","max-image-preview":"max-image-preview:large","max-video-preview":"max-video-preview:-1"},"canonical":"https:\/\/www.coolturalia.com\/fr\/event\/memoires-et-impressions-60-ans-darcheologie-suisse-au-soudan\/","og_locale":"fr_FR","og_type":"article","og_title":"M\u00e9moires et impressions \u2014 60 ans d\u2019arch\u00e9ologie suisse au Soudan - Coolturalia","og_description":"\u00c0 travers une centaine de photographies d&rsquo;archives, plans de sites et carnets de fouilles, l&rsquo;exposition retrace soixante ans de recherches suisses au Soudan, de la pr\u00e9histoire (IVe mill\u00e9naire av. J.-C.) \u00e0 l&rsquo;\u00e9poque m\u00e9ro\u00eftique. Sont pr\u00e9sent\u00e9s les travaux sur les sites de Tabo, Akasha, Kerma (avec sa Deffufa) et Doukki Gel, ainsi que les d\u00e9couvertes et [&hellip;]","og_url":"https:\/\/www.coolturalia.com\/fr\/event\/memoires-et-impressions-60-ans-darcheologie-suisse-au-soudan\/","og_site_name":"Coolturalia","og_image":[{"width":150,"height":150,"url":"https:\/\/www.coolturalia.com\/wp-content\/uploads\/2024\/04\/favicon-coolturalia-2.png","type":"image\/png"}],"twitter_card":"summary_large_image","schema":{"@context":"https:\/\/schema.org","@graph":[{"@type":"WebPage","@id":"https:\/\/www.coolturalia.com\/fr\/event\/memoires-et-impressions-60-ans-darcheologie-suisse-au-soudan\/","url":"https:\/\/www.coolturalia.com\/fr\/event\/memoires-et-impressions-60-ans-darcheologie-suisse-au-soudan\/","name":"M\u00e9moires et impressions \u2014 60 ans d\u2019arch\u00e9ologie suisse au Soudan - Coolturalia","isPartOf":{"@id":"https:\/\/www.coolturalia.com\/fr\/#website"},"primaryImageOfPage":{"@id":"https:\/\/www.coolturalia.com\/fr\/event\/memoires-et-impressions-60-ans-darcheologie-suisse-au-soudan\/#primaryimage"},"image":{"@id":"https:\/\/www.coolturalia.com\/fr\/event\/memoires-et-impressions-60-ans-darcheologie-suisse-au-soudan\/#primaryimage"},"thumbnailUrl":"https:\/\/www.coolturalia.com\/wp-content\/uploads\/2026\/04\/Memories-and-Impressions-60-Years-of-Swiss-Archaeology-in-Sudan.webp","datePublished":"2026-04-13T14:00:19+00:00","breadcrumb":{"@id":"https:\/\/www.coolturalia.com\/fr\/event\/memoires-et-impressions-60-ans-darcheologie-suisse-au-soudan\/#breadcrumb"},"inLanguage":"fr-FR","potentialAction":[{"@type":"ReadAction","target":["https:\/\/www.coolturalia.com\/fr\/event\/memoires-et-impressions-60-ans-darcheologie-suisse-au-soudan\/"]}]},{"@type":"ImageObject","inLanguage":"fr-FR","@id":"https:\/\/www.coolturalia.com\/fr\/event\/memoires-et-impressions-60-ans-darcheologie-suisse-au-soudan\/#primaryimage","url":"https:\/\/www.coolturalia.com\/wp-content\/uploads\/2026\/04\/Memories-and-Impressions-60-Years-of-Swiss-Archaeology-in-Sudan.webp","contentUrl":"https:\/\/www.coolturalia.com\/wp-content\/uploads\/2026\/04\/Memories-and-Impressions-60-Years-of-Swiss-Archaeology-in-Sudan.webp","width":1140,"height":562,"caption":"undefined"},{"@type":"BreadcrumbList","@id":"https:\/\/www.coolturalia.com\/fr\/event\/memoires-et-impressions-60-ans-darcheologie-suisse-au-soudan\/#breadcrumb","itemListElement":[{"@type":"ListItem","position":1,"name":"Home","item":"https:\/\/www.coolturalia.com\/fr\/"},{"@type":"ListItem","position":2,"name":"Events","item":"https:\/\/www.coolturalia.com\/fr\/events\/"},{"@type":"ListItem","position":3,"name":"M\u00e9moires et impressions \u2014 60 ans d\u2019arch\u00e9ologie suisse au Soudan"}]},{"@type":"WebSite","@id":"https:\/\/www.coolturalia.com\/fr\/#website","url":"https:\/\/www.coolturalia.com\/fr\/","name":"Coolturalia","description":"","publisher":{"@id":"https:\/\/www.coolturalia.com\/fr\/#organization"},"potentialAction":[{"@type":"SearchAction","target":{"@type":"EntryPoint","urlTemplate":"https:\/\/www.coolturalia.com\/fr\/?s={search_term_string}"},"query-input":{"@type":"PropertyValueSpecification","valueRequired":true,"valueName":"search_term_string"}}],"inLanguage":"fr-FR"},{"@type":"Organization","@id":"https:\/\/www.coolturalia.com\/fr\/#organization","name":"Coolturalia","url":"https:\/\/www.coolturalia.com\/fr\/","logo":{"@type":"ImageObject","inLanguage":"fr-FR","@id":"https:\/\/www.coolturalia.com\/fr\/#\/schema\/logo\/image\/","url":"https:\/\/www.coolturalia.com\/wp-content\/uploads\/2024\/04\/Logo-coolturalia.svg","contentUrl":"https:\/\/www.coolturalia.com\/wp-content\/uploads\/2024\/04\/Logo-coolturalia.svg","width":1312,"height":193,"caption":"Coolturalia"},"image":{"@id":"https:\/\/www.coolturalia.com\/fr\/#\/schema\/logo\/image\/"},"sameAs":["https:\/\/www.instagram.com\/coolturalia_geneva\/"]}]}},"translations":{"translations":{"en":"187211","fr":"187212"},"language":{"code":"fr"},"date":{"dateRange":"15 juin - 31 juillet"}},"language":{"code":"fr"},"_links":{"self":[{"href":"https:\/\/www.coolturalia.com\/fr\/wp-json\/wp\/v2\/event\/187212","targetHints":{"allow":["GET"]}}],"collection":[{"href":"https:\/\/www.coolturalia.com\/fr\/wp-json\/wp\/v2\/event"}],"about":[{"href":"https:\/\/www.coolturalia.com\/fr\/wp-json\/wp\/v2\/types\/event"}],"version-history":[{"count":0,"href":"https:\/\/www.coolturalia.com\/fr\/wp-json\/wp\/v2\/event\/187212\/revisions"}],"wp:featuredmedia":[{"embeddable":true,"href":"https:\/\/www.coolturalia.com\/fr\/wp-json\/wp\/v2\/media\/187210"}],"wp:attachment":[{"href":"https:\/\/www.coolturalia.com\/fr\/wp-json\/wp\/v2\/media?parent=187212"}],"wp:term":[{"taxonomy":"post_tag","embeddable":true,"href":"https:\/\/www.coolturalia.com\/fr\/wp-json\/wp\/v2\/tags?post=187212"},{"taxonomy":"event-category","embeddable":true,"href":"https:\/\/www.coolturalia.com\/fr\/wp-json\/wp\/v2\/event-category?post=187212"},{"taxonomy":"event-venue","embeddable":true,"href":"https:\/\/www.coolturalia.com\/fr\/wp-json\/wp\/v2\/event-venue?post=187212"}],"curies":[{"name":"wp","href":"https:\/\/api.w.org\/{rel}","templated":true}]}}