{"id":187200,"date":"2026-04-13T14:59:18","date_gmt":"2026-04-13T13:59:18","guid":{"rendered":"https:\/\/www.coolturalia.com\/event\/antoine-piron-meyer-dit-agni\/"},"modified":"2026-05-01T10:54:48","modified_gmt":"2026-05-01T09:54:48","slug":"antoine-piron-meyer-dit-agni","status":"publish","type":"event","link":"https:\/\/www.coolturalia.com\/fr\/event\/antoine-piron-meyer-dit-agni\/","title":{"rendered":"AGNI &#8211; Antoine Piron-Meyer"},"content":{"rendered":"<p>Antoine Piron-Meyer (dit Agni) r\u00e9unit peintures, archives et publications qui retracent son parcours singulier. Alliant r\u00e9alisme, imaginaire po\u00e9tique et imagination foisonnante, ses toiles \u00e9voquent des r\u00e9cits parfois proches de J\u00e9r\u00f4me Bosch, tandis que photographies et documents d&rsquo;archives \u00e9clairent ses fresques, interventions publiques et son r\u00f4le d&rsquo;enseignant.<br \/>\nL&rsquo;exposition met en balance \u0153uvres intimes et mat\u00e9riaux documentaires pour montrer comment r\u00e9f\u00e9rences historiques, engagements urbains et activit\u00e9s p\u00e9dagogiques ont fa\u00e7onn\u00e9 une pratique plurielle. Mise en perspective par sa ni\u00e8ce, Anouk\u2011Eva Meyer, elle invite \u00e0 repenser la continuit\u00e9 artistique et l&rsquo;histoire culturelle urbaine.<\/p>\n","protected":false},"excerpt":{"rendered":"<p>Antoine Piron-Meyer (dit Agni) r\u00e9unit peintures, archives et publications qui retracent son parcours singulier. Alliant r\u00e9alisme, imaginaire po\u00e9tique et imagination foisonnante, ses toiles \u00e9voquent des r\u00e9cits parfois proches de J\u00e9r\u00f4me Bosch, tandis que photographies et documents d&rsquo;archives \u00e9clairent ses fresques, interventions publiques et son r\u00f4le d&rsquo;enseignant. L&rsquo;exposition met en balance \u0153uvres intimes et mat\u00e9riaux documentaires [&hellip;]<\/p>\n","protected":false},"featured_media":187195,"parent":0,"menu_order":0,"template":"","format":"standard","meta":{"_acf_changed":false,"footnotes":""},"tags":[],"event-category":[446],"event-venue":[1030],"class_list":["post-187200","event","type-event","status-publish","format-standard","has-post-thumbnail","hentry","event-category-art-et-expositions","event-venue-usine-kugler-fr"],"acf":{"price":"Gratuit","date":"6 - 17 mai","start_date":"2026-05-06 20:00:00","end_date":"2026-05-17 23:00:00","website_link":"https:\/\/usinekugler.ch\/les-associations\/espace-kugler\/news-espace-kugler\/783-antoine-piron-meyer-dit-agni","link_buy_tickets":"","highlighted":false,"photo_credit":"DR","timings":[{"timing_start_date":"2026-05-06 20:00:00","timing_end_date":"2026-05-07 00:00:00"},{"timing_start_date":"2026-05-07 18:00:00","timing_end_date":"2026-05-07 22:00:00"},{"timing_start_date":"2026-05-08 18:00:00","timing_end_date":"2026-05-08 22:00:00"},{"timing_start_date":"2026-05-09 16:00:00","timing_end_date":"2026-05-09 21:00:00"},{"timing_start_date":"2026-05-10 16:00:00","timing_end_date":"2026-05-10 21:00:00"},{"timing_start_date":"2026-05-14 18:00:00","timing_end_date":"2026-05-14 22:00:00"},{"timing_start_date":"2026-05-15 18:00:00","timing_end_date":"2026-05-15 22:00:00"},{"timing_start_date":"2026-05-16 16:00:00","timing_end_date":"2026-05-16 21:00:00"},{"timing_start_date":"2026-05-17 16:00:00","timing_end_date":"2026-05-17 21:00:00"}],"external_id":"71518043"},"yoast_head":"<!-- This site is optimized with the Yoast SEO plugin v27.5 - https:\/\/yoast.com\/product\/yoast-seo-wordpress\/ -->\n<title>AGNI - Antoine Piron-Meyer - Coolturalia<\/title>\n<meta name=\"robots\" content=\"index, follow, max-snippet:-1, max-image-preview:large, max-video-preview:-1\" \/>\n<link rel=\"canonical\" href=\"https:\/\/www.coolturalia.com\/fr\/event\/antoine-piron-meyer-dit-agni\/\" \/>\n<meta property=\"og:locale\" content=\"fr_FR\" \/>\n<meta property=\"og:type\" content=\"article\" \/>\n<meta property=\"og:title\" content=\"AGNI - Antoine Piron-Meyer - Coolturalia\" \/>\n<meta property=\"og:description\" content=\"Antoine Piron-Meyer (dit Agni) r\u00e9unit peintures, archives et publications qui retracent son parcours singulier. Alliant r\u00e9alisme, imaginaire po\u00e9tique et imagination foisonnante, ses toiles \u00e9voquent des r\u00e9cits parfois proches de J\u00e9r\u00f4me Bosch, tandis que photographies et documents d&rsquo;archives \u00e9clairent ses fresques, interventions publiques et son r\u00f4le d&rsquo;enseignant. L&rsquo;exposition met en balance \u0153uvres intimes et mat\u00e9riaux documentaires [&hellip;]\" \/>\n<meta property=\"og:url\" content=\"https:\/\/www.coolturalia.com\/fr\/event\/antoine-piron-meyer-dit-agni\/\" \/>\n<meta property=\"og:site_name\" content=\"Coolturalia\" \/>\n<meta property=\"article:modified_time\" content=\"2026-05-01T09:54:48+00:00\" \/>\n<meta property=\"og:image\" content=\"https:\/\/www.coolturalia.com\/wp-content\/uploads\/2026\/04\/Antoine-Piron-Meyer-known-as-AGNI.webp\" \/>\n\t<meta property=\"og:image:width\" content=\"700\" \/>\n\t<meta property=\"og:image:height\" content=\"992\" \/>\n\t<meta property=\"og:image:type\" content=\"image\/webp\" \/>\n<meta name=\"twitter:card\" content=\"summary_large_image\" \/>\n<meta name=\"twitter:label1\" content=\"Dur\u00e9e de lecture estim\u00e9e\" \/>\n\t<meta name=\"twitter:data1\" content=\"1 minute\" \/>\n<script type=\"application\/ld+json\" class=\"yoast-schema-graph\">{\"@context\":\"https:\\\/\\\/schema.org\",\"@graph\":[{\"@type\":\"WebPage\",\"@id\":\"https:\\\/\\\/www.coolturalia.com\\\/fr\\\/event\\\/antoine-piron-meyer-dit-agni\\\/\",\"url\":\"https:\\\/\\\/www.coolturalia.com\\\/fr\\\/event\\\/antoine-piron-meyer-dit-agni\\\/\",\"name\":\"AGNI - Antoine Piron-Meyer - Coolturalia\",\"isPartOf\":{\"@id\":\"https:\\\/\\\/www.coolturalia.com\\\/fr\\\/#website\"},\"primaryImageOfPage\":{\"@id\":\"https:\\\/\\\/www.coolturalia.com\\\/fr\\\/event\\\/antoine-piron-meyer-dit-agni\\\/#primaryimage\"},\"image\":{\"@id\":\"https:\\\/\\\/www.coolturalia.com\\\/fr\\\/event\\\/antoine-piron-meyer-dit-agni\\\/#primaryimage\"},\"thumbnailUrl\":\"https:\\\/\\\/www.coolturalia.com\\\/wp-content\\\/uploads\\\/2026\\\/04\\\/Antoine-Piron-Meyer-known-as-AGNI.webp\",\"datePublished\":\"2026-04-13T13:59:18+00:00\",\"dateModified\":\"2026-05-01T09:54:48+00:00\",\"breadcrumb\":{\"@id\":\"https:\\\/\\\/www.coolturalia.com\\\/fr\\\/event\\\/antoine-piron-meyer-dit-agni\\\/#breadcrumb\"},\"inLanguage\":\"fr-FR\",\"potentialAction\":[{\"@type\":\"ReadAction\",\"target\":[\"https:\\\/\\\/www.coolturalia.com\\\/fr\\\/event\\\/antoine-piron-meyer-dit-agni\\\/\"]}]},{\"@type\":\"ImageObject\",\"inLanguage\":\"fr-FR\",\"@id\":\"https:\\\/\\\/www.coolturalia.com\\\/fr\\\/event\\\/antoine-piron-meyer-dit-agni\\\/#primaryimage\",\"url\":\"https:\\\/\\\/www.coolturalia.com\\\/wp-content\\\/uploads\\\/2026\\\/04\\\/Antoine-Piron-Meyer-known-as-AGNI.webp\",\"contentUrl\":\"https:\\\/\\\/www.coolturalia.com\\\/wp-content\\\/uploads\\\/2026\\\/04\\\/Antoine-Piron-Meyer-known-as-AGNI.webp\",\"width\":700,\"height\":992,\"caption\":\"undefined\"},{\"@type\":\"BreadcrumbList\",\"@id\":\"https:\\\/\\\/www.coolturalia.com\\\/fr\\\/event\\\/antoine-piron-meyer-dit-agni\\\/#breadcrumb\",\"itemListElement\":[{\"@type\":\"ListItem\",\"position\":1,\"name\":\"Home\",\"item\":\"https:\\\/\\\/www.coolturalia.com\\\/fr\\\/\"},{\"@type\":\"ListItem\",\"position\":2,\"name\":\"Events\",\"item\":\"https:\\\/\\\/www.coolturalia.com\\\/fr\\\/events\\\/\"},{\"@type\":\"ListItem\",\"position\":3,\"name\":\"AGNI &#8211; Antoine Piron-Meyer\"}]},{\"@type\":\"WebSite\",\"@id\":\"https:\\\/\\\/www.coolturalia.com\\\/fr\\\/#website\",\"url\":\"https:\\\/\\\/www.coolturalia.com\\\/fr\\\/\",\"name\":\"Coolturalia\",\"description\":\"\",\"publisher\":{\"@id\":\"https:\\\/\\\/www.coolturalia.com\\\/fr\\\/#organization\"},\"potentialAction\":[{\"@type\":\"SearchAction\",\"target\":{\"@type\":\"EntryPoint\",\"urlTemplate\":\"https:\\\/\\\/www.coolturalia.com\\\/fr\\\/?s={search_term_string}\"},\"query-input\":{\"@type\":\"PropertyValueSpecification\",\"valueRequired\":true,\"valueName\":\"search_term_string\"}}],\"inLanguage\":\"fr-FR\"},{\"@type\":\"Organization\",\"@id\":\"https:\\\/\\\/www.coolturalia.com\\\/fr\\\/#organization\",\"name\":\"Coolturalia\",\"url\":\"https:\\\/\\\/www.coolturalia.com\\\/fr\\\/\",\"logo\":{\"@type\":\"ImageObject\",\"inLanguage\":\"fr-FR\",\"@id\":\"https:\\\/\\\/www.coolturalia.com\\\/fr\\\/#\\\/schema\\\/logo\\\/image\\\/\",\"url\":\"https:\\\/\\\/www.coolturalia.com\\\/wp-content\\\/uploads\\\/2024\\\/04\\\/Logo-coolturalia.svg\",\"contentUrl\":\"https:\\\/\\\/www.coolturalia.com\\\/wp-content\\\/uploads\\\/2024\\\/04\\\/Logo-coolturalia.svg\",\"width\":1312,\"height\":193,\"caption\":\"Coolturalia\"},\"image\":{\"@id\":\"https:\\\/\\\/www.coolturalia.com\\\/fr\\\/#\\\/schema\\\/logo\\\/image\\\/\"},\"sameAs\":[\"https:\\\/\\\/www.instagram.com\\\/coolturalia_geneva\\\/\"]}]}<\/script>\n<!-- \/ Yoast SEO plugin. -->","yoast_head_json":{"title":"AGNI - Antoine Piron-Meyer - Coolturalia","robots":{"index":"index","follow":"follow","max-snippet":"max-snippet:-1","max-image-preview":"max-image-preview:large","max-video-preview":"max-video-preview:-1"},"canonical":"https:\/\/www.coolturalia.com\/fr\/event\/antoine-piron-meyer-dit-agni\/","og_locale":"fr_FR","og_type":"article","og_title":"AGNI - Antoine Piron-Meyer - Coolturalia","og_description":"Antoine Piron-Meyer (dit Agni) r\u00e9unit peintures, archives et publications qui retracent son parcours singulier. Alliant r\u00e9alisme, imaginaire po\u00e9tique et imagination foisonnante, ses toiles \u00e9voquent des r\u00e9cits parfois proches de J\u00e9r\u00f4me Bosch, tandis que photographies et documents d&rsquo;archives \u00e9clairent ses fresques, interventions publiques et son r\u00f4le d&rsquo;enseignant. L&rsquo;exposition met en balance \u0153uvres intimes et mat\u00e9riaux documentaires [&hellip;]","og_url":"https:\/\/www.coolturalia.com\/fr\/event\/antoine-piron-meyer-dit-agni\/","og_site_name":"Coolturalia","article_modified_time":"2026-05-01T09:54:48+00:00","og_image":[{"width":700,"height":992,"url":"https:\/\/www.coolturalia.com\/wp-content\/uploads\/2026\/04\/Antoine-Piron-Meyer-known-as-AGNI.webp","type":"image\/webp"}],"twitter_card":"summary_large_image","twitter_misc":{"Dur\u00e9e de lecture estim\u00e9e":"1 minute"},"schema":{"@context":"https:\/\/schema.org","@graph":[{"@type":"WebPage","@id":"https:\/\/www.coolturalia.com\/fr\/event\/antoine-piron-meyer-dit-agni\/","url":"https:\/\/www.coolturalia.com\/fr\/event\/antoine-piron-meyer-dit-agni\/","name":"AGNI - Antoine Piron-Meyer - Coolturalia","isPartOf":{"@id":"https:\/\/www.coolturalia.com\/fr\/#website"},"primaryImageOfPage":{"@id":"https:\/\/www.coolturalia.com\/fr\/event\/antoine-piron-meyer-dit-agni\/#primaryimage"},"image":{"@id":"https:\/\/www.coolturalia.com\/fr\/event\/antoine-piron-meyer-dit-agni\/#primaryimage"},"thumbnailUrl":"https:\/\/www.coolturalia.com\/wp-content\/uploads\/2026\/04\/Antoine-Piron-Meyer-known-as-AGNI.webp","datePublished":"2026-04-13T13:59:18+00:00","dateModified":"2026-05-01T09:54:48+00:00","breadcrumb":{"@id":"https:\/\/www.coolturalia.com\/fr\/event\/antoine-piron-meyer-dit-agni\/#breadcrumb"},"inLanguage":"fr-FR","potentialAction":[{"@type":"ReadAction","target":["https:\/\/www.coolturalia.com\/fr\/event\/antoine-piron-meyer-dit-agni\/"]}]},{"@type":"ImageObject","inLanguage":"fr-FR","@id":"https:\/\/www.coolturalia.com\/fr\/event\/antoine-piron-meyer-dit-agni\/#primaryimage","url":"https:\/\/www.coolturalia.com\/wp-content\/uploads\/2026\/04\/Antoine-Piron-Meyer-known-as-AGNI.webp","contentUrl":"https:\/\/www.coolturalia.com\/wp-content\/uploads\/2026\/04\/Antoine-Piron-Meyer-known-as-AGNI.webp","width":700,"height":992,"caption":"undefined"},{"@type":"BreadcrumbList","@id":"https:\/\/www.coolturalia.com\/fr\/event\/antoine-piron-meyer-dit-agni\/#breadcrumb","itemListElement":[{"@type":"ListItem","position":1,"name":"Home","item":"https:\/\/www.coolturalia.com\/fr\/"},{"@type":"ListItem","position":2,"name":"Events","item":"https:\/\/www.coolturalia.com\/fr\/events\/"},{"@type":"ListItem","position":3,"name":"AGNI &#8211; Antoine Piron-Meyer"}]},{"@type":"WebSite","@id":"https:\/\/www.coolturalia.com\/fr\/#website","url":"https:\/\/www.coolturalia.com\/fr\/","name":"Coolturalia","description":"","publisher":{"@id":"https:\/\/www.coolturalia.com\/fr\/#organization"},"potentialAction":[{"@type":"SearchAction","target":{"@type":"EntryPoint","urlTemplate":"https:\/\/www.coolturalia.com\/fr\/?s={search_term_string}"},"query-input":{"@type":"PropertyValueSpecification","valueRequired":true,"valueName":"search_term_string"}}],"inLanguage":"fr-FR"},{"@type":"Organization","@id":"https:\/\/www.coolturalia.com\/fr\/#organization","name":"Coolturalia","url":"https:\/\/www.coolturalia.com\/fr\/","logo":{"@type":"ImageObject","inLanguage":"fr-FR","@id":"https:\/\/www.coolturalia.com\/fr\/#\/schema\/logo\/image\/","url":"https:\/\/www.coolturalia.com\/wp-content\/uploads\/2024\/04\/Logo-coolturalia.svg","contentUrl":"https:\/\/www.coolturalia.com\/wp-content\/uploads\/2024\/04\/Logo-coolturalia.svg","width":1312,"height":193,"caption":"Coolturalia"},"image":{"@id":"https:\/\/www.coolturalia.com\/fr\/#\/schema\/logo\/image\/"},"sameAs":["https:\/\/www.instagram.com\/coolturalia_geneva\/"]}]}},"translations":{"translations":{"en":"187197","fr":"187200"},"language":{"code":"fr"},"date":{"dateRange":"6 - 17 mai"}},"language":{"code":"fr"},"_links":{"self":[{"href":"https:\/\/www.coolturalia.com\/fr\/wp-json\/wp\/v2\/event\/187200","targetHints":{"allow":["GET"]}}],"collection":[{"href":"https:\/\/www.coolturalia.com\/fr\/wp-json\/wp\/v2\/event"}],"about":[{"href":"https:\/\/www.coolturalia.com\/fr\/wp-json\/wp\/v2\/types\/event"}],"version-history":[{"count":1,"href":"https:\/\/www.coolturalia.com\/fr\/wp-json\/wp\/v2\/event\/187200\/revisions"}],"predecessor-version":[{"id":188895,"href":"https:\/\/www.coolturalia.com\/fr\/wp-json\/wp\/v2\/event\/187200\/revisions\/188895"}],"wp:featuredmedia":[{"embeddable":true,"href":"https:\/\/www.coolturalia.com\/fr\/wp-json\/wp\/v2\/media\/187195"}],"wp:attachment":[{"href":"https:\/\/www.coolturalia.com\/fr\/wp-json\/wp\/v2\/media?parent=187200"}],"wp:term":[{"taxonomy":"post_tag","embeddable":true,"href":"https:\/\/www.coolturalia.com\/fr\/wp-json\/wp\/v2\/tags?post=187200"},{"taxonomy":"event-category","embeddable":true,"href":"https:\/\/www.coolturalia.com\/fr\/wp-json\/wp\/v2\/event-category?post=187200"},{"taxonomy":"event-venue","embeddable":true,"href":"https:\/\/www.coolturalia.com\/fr\/wp-json\/wp\/v2\/event-venue?post=187200"}],"curies":[{"name":"wp","href":"https:\/\/api.w.org\/{rel}","templated":true}]}}