{"id":186954,"date":"2026-04-09T10:16:59","date_gmt":"2026-04-09T09:16:59","guid":{"rendered":"https:\/\/www.coolturalia.com\/event\/parler-decologie-a-nos-enfants-entre-verite-espoir-et-resilience\/"},"modified":"2026-04-09T10:16:59","modified_gmt":"2026-04-09T09:16:59","slug":"parler-decologie-a-nos-enfants-entre-verite-espoir-et-resilience","status":"publish","type":"event","link":"https:\/\/www.coolturalia.com\/fr\/event\/parler-decologie-a-nos-enfants-entre-verite-espoir-et-resilience\/","title":{"rendered":"Parler d&rsquo;\u00e9cologie \u00e0 nos enfants : entre v\u00e9rit\u00e9, espoir et r\u00e9silience"},"content":{"rendered":"<p>Monica Serlavos mod\u00e8re une table ronde organis\u00e9e par Parents d\u2019Avenir, avec la documentariste Katharine Dominc\u00e9, un\u00b7e repr\u00e9sentant\u00b7e de l&rsquo;Association Enseignants pour le Climat et Xavier et Adrien (12 ans) de XR Familles Lausanne.<\/p>\n<p>La soir\u00e9e examine comment aborder la crise \u00e9cologique avec les enfants, en conciliant v\u00e9rit\u00e9, espoir et r\u00e9silience. Elle propose des outils concrets de communication, des perspectives p\u00e9dagogiques et des discussions participatives pour transformer l&rsquo;\u00e9co-anxi\u00e9t\u00e9 en engagement collectif au sein des familles et des \u00e9coles.<\/p>\n","protected":false},"excerpt":{"rendered":"<p>Monica Serlavos mod\u00e8re une table ronde organis\u00e9e par Parents d\u2019Avenir, avec la documentariste Katharine Dominc\u00e9, un\u00b7e repr\u00e9sentant\u00b7e de l&rsquo;Association Enseignants pour le Climat et Xavier et Adrien (12 ans) de XR Familles Lausanne. La soir\u00e9e examine comment aborder la crise \u00e9cologique avec les enfants, en conciliant v\u00e9rit\u00e9, espoir et r\u00e9silience. Elle propose des outils concrets [&hellip;]<\/p>\n","protected":false},"featured_media":186952,"parent":0,"menu_order":0,"template":"","format":"standard","meta":{"_acf_changed":false,"footnotes":""},"tags":[],"event-category":[448],"event-venue":[1731],"class_list":["post-186954","event","type-event","status-publish","format-standard","has-post-thumbnail","hentry","event-category-conferences","event-venue-maison-de-lavenir-fr"],"acf":{"price":"Gratuit, sur r\u00e9servation","date":"Vendredi 12 juin, 19:00","start_date":"2026-06-12 21:00:00","end_date":"2026-06-12 23:00:00","website_link":"https:\/\/evenements.geneve.ch\/maisondelavenir\/agenda.html#\/events\/parler-decologie-a-nos-enfants-entre-verite-espoir-et-resilience?nc=eyJpbmRleCI6MTEsInRvdGFsIjo1NywicGFyYW1zIjp7ImxhbmciOiJmciJ9fQ%3D%3D","link_buy_tickets":"","highlighted":false,"photo_credit":"DR","timings":[{"timing_start_date":"2026-06-12 21:00:00","timing_end_date":"2026-06-12 23:00:00"}],"external_id":"24690558"},"yoast_head":"<!-- This site is optimized with the Yoast SEO plugin v26.5 - https:\/\/yoast.com\/wordpress\/plugins\/seo\/ -->\n<title>Parler d&#039;\u00e9cologie \u00e0 nos enfants : entre v\u00e9rit\u00e9, espoir et r\u00e9silience - Coolturalia<\/title>\n<meta name=\"robots\" content=\"index, follow, max-snippet:-1, max-image-preview:large, max-video-preview:-1\" \/>\n<link rel=\"canonical\" href=\"https:\/\/www.coolturalia.com\/fr\/event\/parler-decologie-a-nos-enfants-entre-verite-espoir-et-resilience\/\" \/>\n<meta property=\"og:locale\" content=\"fr_FR\" \/>\n<meta property=\"og:type\" content=\"article\" \/>\n<meta property=\"og:title\" content=\"Parler d&#039;\u00e9cologie \u00e0 nos enfants : entre v\u00e9rit\u00e9, espoir et r\u00e9silience - Coolturalia\" \/>\n<meta property=\"og:description\" content=\"Monica Serlavos mod\u00e8re une table ronde organis\u00e9e par Parents d\u2019Avenir, avec la documentariste Katharine Dominc\u00e9, un\u00b7e repr\u00e9sentant\u00b7e de l&rsquo;Association Enseignants pour le Climat et Xavier et Adrien (12 ans) de XR Familles Lausanne. La soir\u00e9e examine comment aborder la crise \u00e9cologique avec les enfants, en conciliant v\u00e9rit\u00e9, espoir et r\u00e9silience. Elle propose des outils concrets [&hellip;]\" \/>\n<meta property=\"og:url\" content=\"https:\/\/www.coolturalia.com\/fr\/event\/parler-decologie-a-nos-enfants-entre-verite-espoir-et-resilience\/\" \/>\n<meta property=\"og:site_name\" content=\"Coolturalia\" \/>\n<meta property=\"og:image\" content=\"https:\/\/www.coolturalia.com\/wp-content\/uploads\/2024\/04\/favicon-coolturalia-2.png\" \/>\n\t<meta property=\"og:image:width\" content=\"150\" \/>\n\t<meta property=\"og:image:height\" content=\"150\" \/>\n\t<meta property=\"og:image:type\" content=\"image\/png\" \/>\n<meta name=\"twitter:card\" content=\"summary_large_image\" \/>\n<script type=\"application\/ld+json\" class=\"yoast-schema-graph\">{\"@context\":\"https:\/\/schema.org\",\"@graph\":[{\"@type\":\"WebPage\",\"@id\":\"https:\/\/www.coolturalia.com\/fr\/event\/parler-decologie-a-nos-enfants-entre-verite-espoir-et-resilience\/\",\"url\":\"https:\/\/www.coolturalia.com\/fr\/event\/parler-decologie-a-nos-enfants-entre-verite-espoir-et-resilience\/\",\"name\":\"Parler d'\u00e9cologie \u00e0 nos enfants : entre v\u00e9rit\u00e9, espoir et r\u00e9silience - Coolturalia\",\"isPartOf\":{\"@id\":\"https:\/\/www.coolturalia.com\/fr\/#website\"},\"primaryImageOfPage\":{\"@id\":\"https:\/\/www.coolturalia.com\/fr\/event\/parler-decologie-a-nos-enfants-entre-verite-espoir-et-resilience\/#primaryimage\"},\"image\":{\"@id\":\"https:\/\/www.coolturalia.com\/fr\/event\/parler-decologie-a-nos-enfants-entre-verite-espoir-et-resilience\/#primaryimage\"},\"thumbnailUrl\":\"https:\/\/www.coolturalia.com\/wp-content\/uploads\/2026\/04\/Discussing-Ecology-with-Children-Truth-Hope-and-Resilience.webp\",\"datePublished\":\"2026-04-09T09:16:59+00:00\",\"breadcrumb\":{\"@id\":\"https:\/\/www.coolturalia.com\/fr\/event\/parler-decologie-a-nos-enfants-entre-verite-espoir-et-resilience\/#breadcrumb\"},\"inLanguage\":\"fr-FR\",\"potentialAction\":[{\"@type\":\"ReadAction\",\"target\":[\"https:\/\/www.coolturalia.com\/fr\/event\/parler-decologie-a-nos-enfants-entre-verite-espoir-et-resilience\/\"]}]},{\"@type\":\"ImageObject\",\"inLanguage\":\"fr-FR\",\"@id\":\"https:\/\/www.coolturalia.com\/fr\/event\/parler-decologie-a-nos-enfants-entre-verite-espoir-et-resilience\/#primaryimage\",\"url\":\"https:\/\/www.coolturalia.com\/wp-content\/uploads\/2026\/04\/Discussing-Ecology-with-Children-Truth-Hope-and-Resilience.webp\",\"contentUrl\":\"https:\/\/www.coolturalia.com\/wp-content\/uploads\/2026\/04\/Discussing-Ecology-with-Children-Truth-Hope-and-Resilience.webp\",\"width\":700,\"height\":463,\"caption\":\"undefined\"},{\"@type\":\"BreadcrumbList\",\"@id\":\"https:\/\/www.coolturalia.com\/fr\/event\/parler-decologie-a-nos-enfants-entre-verite-espoir-et-resilience\/#breadcrumb\",\"itemListElement\":[{\"@type\":\"ListItem\",\"position\":1,\"name\":\"Home\",\"item\":\"https:\/\/www.coolturalia.com\/fr\/\"},{\"@type\":\"ListItem\",\"position\":2,\"name\":\"Events\",\"item\":\"https:\/\/www.coolturalia.com\/fr\/events\/\"},{\"@type\":\"ListItem\",\"position\":3,\"name\":\"Parler d&rsquo;\u00e9cologie \u00e0 nos enfants : entre v\u00e9rit\u00e9, espoir et r\u00e9silience\"}]},{\"@type\":\"WebSite\",\"@id\":\"https:\/\/www.coolturalia.com\/fr\/#website\",\"url\":\"https:\/\/www.coolturalia.com\/fr\/\",\"name\":\"Coolturalia\",\"description\":\"\",\"publisher\":{\"@id\":\"https:\/\/www.coolturalia.com\/fr\/#organization\"},\"potentialAction\":[{\"@type\":\"SearchAction\",\"target\":{\"@type\":\"EntryPoint\",\"urlTemplate\":\"https:\/\/www.coolturalia.com\/fr\/?s={search_term_string}\"},\"query-input\":{\"@type\":\"PropertyValueSpecification\",\"valueRequired\":true,\"valueName\":\"search_term_string\"}}],\"inLanguage\":\"fr-FR\"},{\"@type\":\"Organization\",\"@id\":\"https:\/\/www.coolturalia.com\/fr\/#organization\",\"name\":\"Coolturalia\",\"url\":\"https:\/\/www.coolturalia.com\/fr\/\",\"logo\":{\"@type\":\"ImageObject\",\"inLanguage\":\"fr-FR\",\"@id\":\"https:\/\/www.coolturalia.com\/fr\/#\/schema\/logo\/image\/\",\"url\":\"https:\/\/www.coolturalia.com\/wp-content\/uploads\/2024\/04\/Logo-coolturalia.svg\",\"contentUrl\":\"https:\/\/www.coolturalia.com\/wp-content\/uploads\/2024\/04\/Logo-coolturalia.svg\",\"width\":1312,\"height\":193,\"caption\":\"Coolturalia\"},\"image\":{\"@id\":\"https:\/\/www.coolturalia.com\/fr\/#\/schema\/logo\/image\/\"},\"sameAs\":[\"https:\/\/www.instagram.com\/coolturalia_geneva\/\"]}]}<\/script>\n<!-- \/ Yoast SEO plugin. -->","yoast_head_json":{"title":"Parler d'\u00e9cologie \u00e0 nos enfants : entre v\u00e9rit\u00e9, espoir et r\u00e9silience - Coolturalia","robots":{"index":"index","follow":"follow","max-snippet":"max-snippet:-1","max-image-preview":"max-image-preview:large","max-video-preview":"max-video-preview:-1"},"canonical":"https:\/\/www.coolturalia.com\/fr\/event\/parler-decologie-a-nos-enfants-entre-verite-espoir-et-resilience\/","og_locale":"fr_FR","og_type":"article","og_title":"Parler d'\u00e9cologie \u00e0 nos enfants : entre v\u00e9rit\u00e9, espoir et r\u00e9silience - Coolturalia","og_description":"Monica Serlavos mod\u00e8re une table ronde organis\u00e9e par Parents d\u2019Avenir, avec la documentariste Katharine Dominc\u00e9, un\u00b7e repr\u00e9sentant\u00b7e de l&rsquo;Association Enseignants pour le Climat et Xavier et Adrien (12 ans) de XR Familles Lausanne. La soir\u00e9e examine comment aborder la crise \u00e9cologique avec les enfants, en conciliant v\u00e9rit\u00e9, espoir et r\u00e9silience. Elle propose des outils concrets [&hellip;]","og_url":"https:\/\/www.coolturalia.com\/fr\/event\/parler-decologie-a-nos-enfants-entre-verite-espoir-et-resilience\/","og_site_name":"Coolturalia","og_image":[{"width":150,"height":150,"url":"https:\/\/www.coolturalia.com\/wp-content\/uploads\/2024\/04\/favicon-coolturalia-2.png","type":"image\/png"}],"twitter_card":"summary_large_image","schema":{"@context":"https:\/\/schema.org","@graph":[{"@type":"WebPage","@id":"https:\/\/www.coolturalia.com\/fr\/event\/parler-decologie-a-nos-enfants-entre-verite-espoir-et-resilience\/","url":"https:\/\/www.coolturalia.com\/fr\/event\/parler-decologie-a-nos-enfants-entre-verite-espoir-et-resilience\/","name":"Parler d'\u00e9cologie \u00e0 nos enfants : entre v\u00e9rit\u00e9, espoir et r\u00e9silience - Coolturalia","isPartOf":{"@id":"https:\/\/www.coolturalia.com\/fr\/#website"},"primaryImageOfPage":{"@id":"https:\/\/www.coolturalia.com\/fr\/event\/parler-decologie-a-nos-enfants-entre-verite-espoir-et-resilience\/#primaryimage"},"image":{"@id":"https:\/\/www.coolturalia.com\/fr\/event\/parler-decologie-a-nos-enfants-entre-verite-espoir-et-resilience\/#primaryimage"},"thumbnailUrl":"https:\/\/www.coolturalia.com\/wp-content\/uploads\/2026\/04\/Discussing-Ecology-with-Children-Truth-Hope-and-Resilience.webp","datePublished":"2026-04-09T09:16:59+00:00","breadcrumb":{"@id":"https:\/\/www.coolturalia.com\/fr\/event\/parler-decologie-a-nos-enfants-entre-verite-espoir-et-resilience\/#breadcrumb"},"inLanguage":"fr-FR","potentialAction":[{"@type":"ReadAction","target":["https:\/\/www.coolturalia.com\/fr\/event\/parler-decologie-a-nos-enfants-entre-verite-espoir-et-resilience\/"]}]},{"@type":"ImageObject","inLanguage":"fr-FR","@id":"https:\/\/www.coolturalia.com\/fr\/event\/parler-decologie-a-nos-enfants-entre-verite-espoir-et-resilience\/#primaryimage","url":"https:\/\/www.coolturalia.com\/wp-content\/uploads\/2026\/04\/Discussing-Ecology-with-Children-Truth-Hope-and-Resilience.webp","contentUrl":"https:\/\/www.coolturalia.com\/wp-content\/uploads\/2026\/04\/Discussing-Ecology-with-Children-Truth-Hope-and-Resilience.webp","width":700,"height":463,"caption":"undefined"},{"@type":"BreadcrumbList","@id":"https:\/\/www.coolturalia.com\/fr\/event\/parler-decologie-a-nos-enfants-entre-verite-espoir-et-resilience\/#breadcrumb","itemListElement":[{"@type":"ListItem","position":1,"name":"Home","item":"https:\/\/www.coolturalia.com\/fr\/"},{"@type":"ListItem","position":2,"name":"Events","item":"https:\/\/www.coolturalia.com\/fr\/events\/"},{"@type":"ListItem","position":3,"name":"Parler d&rsquo;\u00e9cologie \u00e0 nos enfants : entre v\u00e9rit\u00e9, espoir et r\u00e9silience"}]},{"@type":"WebSite","@id":"https:\/\/www.coolturalia.com\/fr\/#website","url":"https:\/\/www.coolturalia.com\/fr\/","name":"Coolturalia","description":"","publisher":{"@id":"https:\/\/www.coolturalia.com\/fr\/#organization"},"potentialAction":[{"@type":"SearchAction","target":{"@type":"EntryPoint","urlTemplate":"https:\/\/www.coolturalia.com\/fr\/?s={search_term_string}"},"query-input":{"@type":"PropertyValueSpecification","valueRequired":true,"valueName":"search_term_string"}}],"inLanguage":"fr-FR"},{"@type":"Organization","@id":"https:\/\/www.coolturalia.com\/fr\/#organization","name":"Coolturalia","url":"https:\/\/www.coolturalia.com\/fr\/","logo":{"@type":"ImageObject","inLanguage":"fr-FR","@id":"https:\/\/www.coolturalia.com\/fr\/#\/schema\/logo\/image\/","url":"https:\/\/www.coolturalia.com\/wp-content\/uploads\/2024\/04\/Logo-coolturalia.svg","contentUrl":"https:\/\/www.coolturalia.com\/wp-content\/uploads\/2024\/04\/Logo-coolturalia.svg","width":1312,"height":193,"caption":"Coolturalia"},"image":{"@id":"https:\/\/www.coolturalia.com\/fr\/#\/schema\/logo\/image\/"},"sameAs":["https:\/\/www.instagram.com\/coolturalia_geneva\/"]}]}},"translations":{"translations":{"en":"186953","fr":"186954"},"language":{"code":"fr"},"date":{"dateRange":"Vendredi 12 juin, 19:00"}},"language":{"code":"fr"},"_links":{"self":[{"href":"https:\/\/www.coolturalia.com\/fr\/wp-json\/wp\/v2\/event\/186954","targetHints":{"allow":["GET"]}}],"collection":[{"href":"https:\/\/www.coolturalia.com\/fr\/wp-json\/wp\/v2\/event"}],"about":[{"href":"https:\/\/www.coolturalia.com\/fr\/wp-json\/wp\/v2\/types\/event"}],"version-history":[{"count":0,"href":"https:\/\/www.coolturalia.com\/fr\/wp-json\/wp\/v2\/event\/186954\/revisions"}],"wp:featuredmedia":[{"embeddable":true,"href":"https:\/\/www.coolturalia.com\/fr\/wp-json\/wp\/v2\/media\/186952"}],"wp:attachment":[{"href":"https:\/\/www.coolturalia.com\/fr\/wp-json\/wp\/v2\/media?parent=186954"}],"wp:term":[{"taxonomy":"post_tag","embeddable":true,"href":"https:\/\/www.coolturalia.com\/fr\/wp-json\/wp\/v2\/tags?post=186954"},{"taxonomy":"event-category","embeddable":true,"href":"https:\/\/www.coolturalia.com\/fr\/wp-json\/wp\/v2\/event-category?post=186954"},{"taxonomy":"event-venue","embeddable":true,"href":"https:\/\/www.coolturalia.com\/fr\/wp-json\/wp\/v2\/event-venue?post=186954"}],"curies":[{"name":"wp","href":"https:\/\/api.w.org\/{rel}","templated":true}]}}