{"id":186939,"date":"2026-04-09T10:15:59","date_gmt":"2026-04-09T09:15:59","guid":{"rendered":"https:\/\/www.coolturalia.com\/event\/concert-au-jardin-botanique-de-geneve\/"},"modified":"2026-05-03T10:29:09","modified_gmt":"2026-05-03T09:29:09","slug":"concert-au-jardin-botanique-de-geneve","status":"publish","type":"event","link":"https:\/\/www.coolturalia.com\/fr\/event\/concert-au-jardin-botanique-de-geneve\/","title":{"rendered":"Concert au Jardin Botanique de Gen\u00e8ve"},"content":{"rendered":"<p>Port\u00e9e par l&rsquo;Orchestre de Chambre de Gen\u00e8ve, cette s\u00e9rie propose de courts programmes de musique de chambre, avec la fl\u00fbtiste Eliane Williner et la clarinettiste Cindy Lin. Les pi\u00e8ces choisies privil\u00e9gient des lignes lyriques et des dialogues intimes entre instruments, invitant \u00e0 une \u00e9coute attentive et partag\u00e9e. Dynamiques subtiles et arrangements dessinent un parcours sensible, des solos r\u00e9fl\u00e9chis aux chaleureuses phrases d&rsquo;ensemble ; des timbres d\u00e9licats se m\u00ealent \u00e0 l&rsquo;air ambiant pour cr\u00e9er une atmosph\u00e8re apaisante et conversationnelle. Pr\u00e9sent\u00e9 en collaboration avec un partenaire botanique local, le projet c\u00e9l\u00e8bre la pr\u00e9sence et le plaisir musical simple.<\/p>\n","protected":false},"excerpt":{"rendered":"<p>Port\u00e9e par l&rsquo;Orchestre de Chambre de Gen\u00e8ve, cette s\u00e9rie propose de courts programmes de musique de chambre, avec la fl\u00fbtiste Eliane Williner et la clarinettiste Cindy Lin. Les pi\u00e8ces choisies privil\u00e9gient des lignes lyriques et des dialogues intimes entre instruments, invitant \u00e0 une \u00e9coute attentive et partag\u00e9e. Dynamiques subtiles et arrangements dessinent un parcours sensible, [&hellip;]<\/p>\n","protected":false},"featured_media":186937,"parent":0,"menu_order":0,"template":"","format":"standard","meta":{"_acf_changed":false,"footnotes":""},"tags":[],"event-category":[444],"event-venue":[600],"class_list":["post-186939","event","type-event","status-publish","format-standard","has-post-thumbnail","hentry","event-category-spectacles","event-venue-conservatoire-et-jardin-botaniques-fr"],"acf":{"price":"Gratuit","date":"24 mai - 7 Juin","start_date":"2026-05-24 13:00:00","end_date":"2026-05-24 13:45:00","website_link":"https:\/\/www.jardinbotaniquegeneve.ch\/au-jardin\/decouvrir%23programme-dactivits\/concert-au-jardin-botanique-geneve\/48015324","link_buy_tickets":"","highlighted":false,"photo_credit":"L\u2019Orchestre de Chambre de Gen\u00e8ve","timings":[{"timing_start_date":"2026-05-24 13:00:00","timing_end_date":"2026-05-24 13:45:00"},{"timing_start_date":"2026-05-31 13:00:00","timing_end_date":"2026-05-31 13:45:00"},{"timing_start_date":"2026-06-07 13:00:00","timing_end_date":"2026-06-07 13:45:00"}],"external_id":"48015324"},"yoast_head":"<!-- This site is optimized with the Yoast SEO plugin v27.5 - https:\/\/yoast.com\/product\/yoast-seo-wordpress\/ -->\n<title>Concert au Jardin Botanique de Gen\u00e8ve - Coolturalia<\/title>\n<meta name=\"robots\" content=\"index, follow, max-snippet:-1, max-image-preview:large, max-video-preview:-1\" \/>\n<link rel=\"canonical\" href=\"https:\/\/www.coolturalia.com\/fr\/event\/concert-au-jardin-botanique-de-geneve\/\" \/>\n<meta property=\"og:locale\" content=\"fr_FR\" \/>\n<meta property=\"og:type\" content=\"article\" \/>\n<meta property=\"og:title\" content=\"Concert au Jardin Botanique de Gen\u00e8ve - Coolturalia\" \/>\n<meta property=\"og:description\" content=\"Port\u00e9e par l&rsquo;Orchestre de Chambre de Gen\u00e8ve, cette s\u00e9rie propose de courts programmes de musique de chambre, avec la fl\u00fbtiste Eliane Williner et la clarinettiste Cindy Lin. Les pi\u00e8ces choisies privil\u00e9gient des lignes lyriques et des dialogues intimes entre instruments, invitant \u00e0 une \u00e9coute attentive et partag\u00e9e. Dynamiques subtiles et arrangements dessinent un parcours sensible, [&hellip;]\" \/>\n<meta property=\"og:url\" content=\"https:\/\/www.coolturalia.com\/fr\/event\/concert-au-jardin-botanique-de-geneve\/\" \/>\n<meta property=\"og:site_name\" content=\"Coolturalia\" \/>\n<meta property=\"article:modified_time\" content=\"2026-05-03T09:29:09+00:00\" \/>\n<meta property=\"og:image\" content=\"https:\/\/www.coolturalia.com\/wp-content\/uploads\/2026\/04\/Concert-at-the-Geneva-Botanic-Garden.webp\" \/>\n\t<meta property=\"og:image:width\" content=\"700\" \/>\n\t<meta property=\"og:image:height\" content=\"614\" \/>\n\t<meta property=\"og:image:type\" content=\"image\/webp\" \/>\n<meta name=\"twitter:card\" content=\"summary_large_image\" \/>\n<meta name=\"twitter:label1\" content=\"Dur\u00e9e de lecture estim\u00e9e\" \/>\n\t<meta name=\"twitter:data1\" content=\"1 minute\" \/>\n<script type=\"application\/ld+json\" class=\"yoast-schema-graph\">{\"@context\":\"https:\\\/\\\/schema.org\",\"@graph\":[{\"@type\":\"WebPage\",\"@id\":\"https:\\\/\\\/www.coolturalia.com\\\/fr\\\/event\\\/concert-au-jardin-botanique-de-geneve\\\/\",\"url\":\"https:\\\/\\\/www.coolturalia.com\\\/fr\\\/event\\\/concert-au-jardin-botanique-de-geneve\\\/\",\"name\":\"Concert au Jardin Botanique de Gen\u00e8ve - Coolturalia\",\"isPartOf\":{\"@id\":\"https:\\\/\\\/www.coolturalia.com\\\/fr\\\/#website\"},\"primaryImageOfPage\":{\"@id\":\"https:\\\/\\\/www.coolturalia.com\\\/fr\\\/event\\\/concert-au-jardin-botanique-de-geneve\\\/#primaryimage\"},\"image\":{\"@id\":\"https:\\\/\\\/www.coolturalia.com\\\/fr\\\/event\\\/concert-au-jardin-botanique-de-geneve\\\/#primaryimage\"},\"thumbnailUrl\":\"https:\\\/\\\/www.coolturalia.com\\\/wp-content\\\/uploads\\\/2026\\\/04\\\/Concert-at-the-Geneva-Botanic-Garden.webp\",\"datePublished\":\"2026-04-09T09:15:59+00:00\",\"dateModified\":\"2026-05-03T09:29:09+00:00\",\"breadcrumb\":{\"@id\":\"https:\\\/\\\/www.coolturalia.com\\\/fr\\\/event\\\/concert-au-jardin-botanique-de-geneve\\\/#breadcrumb\"},\"inLanguage\":\"fr-FR\",\"potentialAction\":[{\"@type\":\"ReadAction\",\"target\":[\"https:\\\/\\\/www.coolturalia.com\\\/fr\\\/event\\\/concert-au-jardin-botanique-de-geneve\\\/\"]}]},{\"@type\":\"ImageObject\",\"inLanguage\":\"fr-FR\",\"@id\":\"https:\\\/\\\/www.coolturalia.com\\\/fr\\\/event\\\/concert-au-jardin-botanique-de-geneve\\\/#primaryimage\",\"url\":\"https:\\\/\\\/www.coolturalia.com\\\/wp-content\\\/uploads\\\/2026\\\/04\\\/Concert-at-the-Geneva-Botanic-Garden.webp\",\"contentUrl\":\"https:\\\/\\\/www.coolturalia.com\\\/wp-content\\\/uploads\\\/2026\\\/04\\\/Concert-at-the-Geneva-Botanic-Garden.webp\",\"width\":700,\"height\":614,\"caption\":\"undefined\"},{\"@type\":\"BreadcrumbList\",\"@id\":\"https:\\\/\\\/www.coolturalia.com\\\/fr\\\/event\\\/concert-au-jardin-botanique-de-geneve\\\/#breadcrumb\",\"itemListElement\":[{\"@type\":\"ListItem\",\"position\":1,\"name\":\"Home\",\"item\":\"https:\\\/\\\/www.coolturalia.com\\\/fr\\\/\"},{\"@type\":\"ListItem\",\"position\":2,\"name\":\"Events\",\"item\":\"https:\\\/\\\/www.coolturalia.com\\\/fr\\\/events\\\/\"},{\"@type\":\"ListItem\",\"position\":3,\"name\":\"Concert au Jardin Botanique de Gen\u00e8ve\"}]},{\"@type\":\"WebSite\",\"@id\":\"https:\\\/\\\/www.coolturalia.com\\\/fr\\\/#website\",\"url\":\"https:\\\/\\\/www.coolturalia.com\\\/fr\\\/\",\"name\":\"Coolturalia\",\"description\":\"\",\"publisher\":{\"@id\":\"https:\\\/\\\/www.coolturalia.com\\\/fr\\\/#organization\"},\"potentialAction\":[{\"@type\":\"SearchAction\",\"target\":{\"@type\":\"EntryPoint\",\"urlTemplate\":\"https:\\\/\\\/www.coolturalia.com\\\/fr\\\/?s={search_term_string}\"},\"query-input\":{\"@type\":\"PropertyValueSpecification\",\"valueRequired\":true,\"valueName\":\"search_term_string\"}}],\"inLanguage\":\"fr-FR\"},{\"@type\":\"Organization\",\"@id\":\"https:\\\/\\\/www.coolturalia.com\\\/fr\\\/#organization\",\"name\":\"Coolturalia\",\"url\":\"https:\\\/\\\/www.coolturalia.com\\\/fr\\\/\",\"logo\":{\"@type\":\"ImageObject\",\"inLanguage\":\"fr-FR\",\"@id\":\"https:\\\/\\\/www.coolturalia.com\\\/fr\\\/#\\\/schema\\\/logo\\\/image\\\/\",\"url\":\"https:\\\/\\\/www.coolturalia.com\\\/wp-content\\\/uploads\\\/2024\\\/04\\\/Logo-coolturalia.svg\",\"contentUrl\":\"https:\\\/\\\/www.coolturalia.com\\\/wp-content\\\/uploads\\\/2024\\\/04\\\/Logo-coolturalia.svg\",\"width\":1312,\"height\":193,\"caption\":\"Coolturalia\"},\"image\":{\"@id\":\"https:\\\/\\\/www.coolturalia.com\\\/fr\\\/#\\\/schema\\\/logo\\\/image\\\/\"},\"sameAs\":[\"https:\\\/\\\/www.instagram.com\\\/coolturalia_geneva\\\/\"]}]}<\/script>\n<!-- \/ Yoast SEO plugin. -->","yoast_head_json":{"title":"Concert au Jardin Botanique de Gen\u00e8ve - Coolturalia","robots":{"index":"index","follow":"follow","max-snippet":"max-snippet:-1","max-image-preview":"max-image-preview:large","max-video-preview":"max-video-preview:-1"},"canonical":"https:\/\/www.coolturalia.com\/fr\/event\/concert-au-jardin-botanique-de-geneve\/","og_locale":"fr_FR","og_type":"article","og_title":"Concert au Jardin Botanique de Gen\u00e8ve - Coolturalia","og_description":"Port\u00e9e par l&rsquo;Orchestre de Chambre de Gen\u00e8ve, cette s\u00e9rie propose de courts programmes de musique de chambre, avec la fl\u00fbtiste Eliane Williner et la clarinettiste Cindy Lin. Les pi\u00e8ces choisies privil\u00e9gient des lignes lyriques et des dialogues intimes entre instruments, invitant \u00e0 une \u00e9coute attentive et partag\u00e9e. Dynamiques subtiles et arrangements dessinent un parcours sensible, [&hellip;]","og_url":"https:\/\/www.coolturalia.com\/fr\/event\/concert-au-jardin-botanique-de-geneve\/","og_site_name":"Coolturalia","article_modified_time":"2026-05-03T09:29:09+00:00","og_image":[{"width":700,"height":614,"url":"https:\/\/www.coolturalia.com\/wp-content\/uploads\/2026\/04\/Concert-at-the-Geneva-Botanic-Garden.webp","type":"image\/webp"}],"twitter_card":"summary_large_image","twitter_misc":{"Dur\u00e9e de lecture estim\u00e9e":"1 minute"},"schema":{"@context":"https:\/\/schema.org","@graph":[{"@type":"WebPage","@id":"https:\/\/www.coolturalia.com\/fr\/event\/concert-au-jardin-botanique-de-geneve\/","url":"https:\/\/www.coolturalia.com\/fr\/event\/concert-au-jardin-botanique-de-geneve\/","name":"Concert au Jardin Botanique de Gen\u00e8ve - Coolturalia","isPartOf":{"@id":"https:\/\/www.coolturalia.com\/fr\/#website"},"primaryImageOfPage":{"@id":"https:\/\/www.coolturalia.com\/fr\/event\/concert-au-jardin-botanique-de-geneve\/#primaryimage"},"image":{"@id":"https:\/\/www.coolturalia.com\/fr\/event\/concert-au-jardin-botanique-de-geneve\/#primaryimage"},"thumbnailUrl":"https:\/\/www.coolturalia.com\/wp-content\/uploads\/2026\/04\/Concert-at-the-Geneva-Botanic-Garden.webp","datePublished":"2026-04-09T09:15:59+00:00","dateModified":"2026-05-03T09:29:09+00:00","breadcrumb":{"@id":"https:\/\/www.coolturalia.com\/fr\/event\/concert-au-jardin-botanique-de-geneve\/#breadcrumb"},"inLanguage":"fr-FR","potentialAction":[{"@type":"ReadAction","target":["https:\/\/www.coolturalia.com\/fr\/event\/concert-au-jardin-botanique-de-geneve\/"]}]},{"@type":"ImageObject","inLanguage":"fr-FR","@id":"https:\/\/www.coolturalia.com\/fr\/event\/concert-au-jardin-botanique-de-geneve\/#primaryimage","url":"https:\/\/www.coolturalia.com\/wp-content\/uploads\/2026\/04\/Concert-at-the-Geneva-Botanic-Garden.webp","contentUrl":"https:\/\/www.coolturalia.com\/wp-content\/uploads\/2026\/04\/Concert-at-the-Geneva-Botanic-Garden.webp","width":700,"height":614,"caption":"undefined"},{"@type":"BreadcrumbList","@id":"https:\/\/www.coolturalia.com\/fr\/event\/concert-au-jardin-botanique-de-geneve\/#breadcrumb","itemListElement":[{"@type":"ListItem","position":1,"name":"Home","item":"https:\/\/www.coolturalia.com\/fr\/"},{"@type":"ListItem","position":2,"name":"Events","item":"https:\/\/www.coolturalia.com\/fr\/events\/"},{"@type":"ListItem","position":3,"name":"Concert au Jardin Botanique de Gen\u00e8ve"}]},{"@type":"WebSite","@id":"https:\/\/www.coolturalia.com\/fr\/#website","url":"https:\/\/www.coolturalia.com\/fr\/","name":"Coolturalia","description":"","publisher":{"@id":"https:\/\/www.coolturalia.com\/fr\/#organization"},"potentialAction":[{"@type":"SearchAction","target":{"@type":"EntryPoint","urlTemplate":"https:\/\/www.coolturalia.com\/fr\/?s={search_term_string}"},"query-input":{"@type":"PropertyValueSpecification","valueRequired":true,"valueName":"search_term_string"}}],"inLanguage":"fr-FR"},{"@type":"Organization","@id":"https:\/\/www.coolturalia.com\/fr\/#organization","name":"Coolturalia","url":"https:\/\/www.coolturalia.com\/fr\/","logo":{"@type":"ImageObject","inLanguage":"fr-FR","@id":"https:\/\/www.coolturalia.com\/fr\/#\/schema\/logo\/image\/","url":"https:\/\/www.coolturalia.com\/wp-content\/uploads\/2024\/04\/Logo-coolturalia.svg","contentUrl":"https:\/\/www.coolturalia.com\/wp-content\/uploads\/2024\/04\/Logo-coolturalia.svg","width":1312,"height":193,"caption":"Coolturalia"},"image":{"@id":"https:\/\/www.coolturalia.com\/fr\/#\/schema\/logo\/image\/"},"sameAs":["https:\/\/www.instagram.com\/coolturalia_geneva\/"]}]}},"translations":{"translations":{"en":"186938","fr":"186939"},"language":{"code":"fr"},"date":{"dateRange":"24 mai - 7 Juin"}},"language":{"code":"fr"},"_links":{"self":[{"href":"https:\/\/www.coolturalia.com\/fr\/wp-json\/wp\/v2\/event\/186939","targetHints":{"allow":["GET"]}}],"collection":[{"href":"https:\/\/www.coolturalia.com\/fr\/wp-json\/wp\/v2\/event"}],"about":[{"href":"https:\/\/www.coolturalia.com\/fr\/wp-json\/wp\/v2\/types\/event"}],"version-history":[{"count":1,"href":"https:\/\/www.coolturalia.com\/fr\/wp-json\/wp\/v2\/event\/186939\/revisions"}],"predecessor-version":[{"id":188944,"href":"https:\/\/www.coolturalia.com\/fr\/wp-json\/wp\/v2\/event\/186939\/revisions\/188944"}],"wp:featuredmedia":[{"embeddable":true,"href":"https:\/\/www.coolturalia.com\/fr\/wp-json\/wp\/v2\/media\/186937"}],"wp:attachment":[{"href":"https:\/\/www.coolturalia.com\/fr\/wp-json\/wp\/v2\/media?parent=186939"}],"wp:term":[{"taxonomy":"post_tag","embeddable":true,"href":"https:\/\/www.coolturalia.com\/fr\/wp-json\/wp\/v2\/tags?post=186939"},{"taxonomy":"event-category","embeddable":true,"href":"https:\/\/www.coolturalia.com\/fr\/wp-json\/wp\/v2\/event-category?post=186939"},{"taxonomy":"event-venue","embeddable":true,"href":"https:\/\/www.coolturalia.com\/fr\/wp-json\/wp\/v2\/event-venue?post=186939"}],"curies":[{"name":"wp","href":"https:\/\/api.w.org\/{rel}","templated":true}]}}