{"id":186933,"date":"2026-04-09T10:15:32","date_gmt":"2026-04-09T09:15:32","guid":{"rendered":"https:\/\/www.coolturalia.com\/event\/la-vague-piece-dansee\/"},"modified":"2026-04-09T10:15:32","modified_gmt":"2026-04-09T09:15:32","slug":"la-vague-piece-dansee","status":"publish","type":"event","link":"https:\/\/www.coolturalia.com\/fr\/event\/la-vague-piece-dansee\/","title":{"rendered":"La Vague \u2014 pi\u00e8ce dans\u00e9e"},"content":{"rendered":"<p>Mise en sc\u00e8ne par Rapha\u00eble Teicher et interpr\u00e9t\u00e9e par Marthe Krummenacher, cette pi\u00e8ce de vingt minutes r\u00e9pond aux images saisissantes de La Vague de Carlos Schwabe. La pi\u00e8ce tisse des s\u00e9quences fluides et des instants tendus, m\u00ealant gestes sculpturaux et paysage sonore intime pour sonder la m\u00e9moire, le deuil et la m\u00e9tamorphose. Un \u00e9clairage sobre et une sc\u00e9nographie minimale sculptent des ombres changeantes qui renvoient au symbolisme du tableau, cr\u00e9ant une atmosph\u00e8re concentr\u00e9e et contemplative en dialogue avec l&rsquo;exposition.<\/p>\n","protected":false},"excerpt":{"rendered":"<p>Mise en sc\u00e8ne par Rapha\u00eble Teicher et interpr\u00e9t\u00e9e par Marthe Krummenacher, cette pi\u00e8ce de vingt minutes r\u00e9pond aux images saisissantes de La Vague de Carlos Schwabe. La pi\u00e8ce tisse des s\u00e9quences fluides et des instants tendus, m\u00ealant gestes sculpturaux et paysage sonore intime pour sonder la m\u00e9moire, le deuil et la m\u00e9tamorphose. Un \u00e9clairage sobre [&hellip;]<\/p>\n","protected":false},"featured_media":186931,"parent":0,"menu_order":0,"template":"","format":"standard","meta":{"_acf_changed":false,"footnotes":""},"tags":[],"event-category":[444],"event-venue":[596],"class_list":["post-186933","event","type-event","status-publish","format-standard","has-post-thumbnail","hentry","event-category-spectacles","event-venue-musee-dart-et-dhistoire-fr"],"acf":{"price":"Sur r\u00e9servation","date":"Dimanche 31 mai, 16:00","start_date":"2026-05-31 18:00:00","end_date":"2026-05-31 18:30:00","website_link":"https:\/\/www.mahmah.ch\/agenda\/la-vague\/9236911","link_buy_tickets":"","highlighted":false,"photo_credit":"DR","timings":[{"timing_start_date":"2026-05-31 18:00:00","timing_end_date":"2026-05-31 18:30:00"}],"external_id":"9236911"},"yoast_head":"<!-- This site is optimized with the Yoast SEO plugin v27.5 - https:\/\/yoast.com\/product\/yoast-seo-wordpress\/ -->\n<title>La Vague \u2014 pi\u00e8ce dans\u00e9e - Coolturalia<\/title>\n<meta name=\"robots\" content=\"index, follow, max-snippet:-1, max-image-preview:large, max-video-preview:-1\" \/>\n<link rel=\"canonical\" href=\"https:\/\/www.coolturalia.com\/fr\/event\/la-vague-piece-dansee\/\" \/>\n<meta property=\"og:locale\" content=\"fr_FR\" \/>\n<meta property=\"og:type\" content=\"article\" \/>\n<meta property=\"og:title\" content=\"La Vague \u2014 pi\u00e8ce dans\u00e9e - Coolturalia\" \/>\n<meta property=\"og:description\" content=\"Mise en sc\u00e8ne par Rapha\u00eble Teicher et interpr\u00e9t\u00e9e par Marthe Krummenacher, cette pi\u00e8ce de vingt minutes r\u00e9pond aux images saisissantes de La Vague de Carlos Schwabe. La pi\u00e8ce tisse des s\u00e9quences fluides et des instants tendus, m\u00ealant gestes sculpturaux et paysage sonore intime pour sonder la m\u00e9moire, le deuil et la m\u00e9tamorphose. Un \u00e9clairage sobre [&hellip;]\" \/>\n<meta property=\"og:url\" content=\"https:\/\/www.coolturalia.com\/fr\/event\/la-vague-piece-dansee\/\" \/>\n<meta property=\"og:site_name\" content=\"Coolturalia\" \/>\n<meta property=\"og:image\" content=\"https:\/\/www.coolturalia.com\/wp-content\/uploads\/2024\/04\/favicon-coolturalia-2.png\" \/>\n\t<meta property=\"og:image:width\" content=\"150\" \/>\n\t<meta property=\"og:image:height\" content=\"150\" \/>\n\t<meta property=\"og:image:type\" content=\"image\/png\" \/>\n<meta name=\"twitter:card\" content=\"summary_large_image\" \/>\n<script type=\"application\/ld+json\" class=\"yoast-schema-graph\">{\"@context\":\"https:\\\/\\\/schema.org\",\"@graph\":[{\"@type\":\"WebPage\",\"@id\":\"https:\\\/\\\/www.coolturalia.com\\\/fr\\\/event\\\/la-vague-piece-dansee\\\/\",\"url\":\"https:\\\/\\\/www.coolturalia.com\\\/fr\\\/event\\\/la-vague-piece-dansee\\\/\",\"name\":\"La Vague \u2014 pi\u00e8ce dans\u00e9e - Coolturalia\",\"isPartOf\":{\"@id\":\"https:\\\/\\\/www.coolturalia.com\\\/fr\\\/#website\"},\"primaryImageOfPage\":{\"@id\":\"https:\\\/\\\/www.coolturalia.com\\\/fr\\\/event\\\/la-vague-piece-dansee\\\/#primaryimage\"},\"image\":{\"@id\":\"https:\\\/\\\/www.coolturalia.com\\\/fr\\\/event\\\/la-vague-piece-dansee\\\/#primaryimage\"},\"thumbnailUrl\":\"https:\\\/\\\/www.coolturalia.com\\\/wp-content\\\/uploads\\\/2026\\\/04\\\/The-Wave-Dance-Piece.webp\",\"datePublished\":\"2026-04-09T09:15:32+00:00\",\"breadcrumb\":{\"@id\":\"https:\\\/\\\/www.coolturalia.com\\\/fr\\\/event\\\/la-vague-piece-dansee\\\/#breadcrumb\"},\"inLanguage\":\"fr-FR\",\"potentialAction\":[{\"@type\":\"ReadAction\",\"target\":[\"https:\\\/\\\/www.coolturalia.com\\\/fr\\\/event\\\/la-vague-piece-dansee\\\/\"]}]},{\"@type\":\"ImageObject\",\"inLanguage\":\"fr-FR\",\"@id\":\"https:\\\/\\\/www.coolturalia.com\\\/fr\\\/event\\\/la-vague-piece-dansee\\\/#primaryimage\",\"url\":\"https:\\\/\\\/www.coolturalia.com\\\/wp-content\\\/uploads\\\/2026\\\/04\\\/The-Wave-Dance-Piece.webp\",\"contentUrl\":\"https:\\\/\\\/www.coolturalia.com\\\/wp-content\\\/uploads\\\/2026\\\/04\\\/The-Wave-Dance-Piece.webp\",\"width\":700,\"height\":700,\"caption\":\"undefined\"},{\"@type\":\"BreadcrumbList\",\"@id\":\"https:\\\/\\\/www.coolturalia.com\\\/fr\\\/event\\\/la-vague-piece-dansee\\\/#breadcrumb\",\"itemListElement\":[{\"@type\":\"ListItem\",\"position\":1,\"name\":\"Home\",\"item\":\"https:\\\/\\\/www.coolturalia.com\\\/fr\\\/\"},{\"@type\":\"ListItem\",\"position\":2,\"name\":\"Events\",\"item\":\"https:\\\/\\\/www.coolturalia.com\\\/fr\\\/events\\\/\"},{\"@type\":\"ListItem\",\"position\":3,\"name\":\"La Vague \u2014 pi\u00e8ce dans\u00e9e\"}]},{\"@type\":\"WebSite\",\"@id\":\"https:\\\/\\\/www.coolturalia.com\\\/fr\\\/#website\",\"url\":\"https:\\\/\\\/www.coolturalia.com\\\/fr\\\/\",\"name\":\"Coolturalia\",\"description\":\"\",\"publisher\":{\"@id\":\"https:\\\/\\\/www.coolturalia.com\\\/fr\\\/#organization\"},\"potentialAction\":[{\"@type\":\"SearchAction\",\"target\":{\"@type\":\"EntryPoint\",\"urlTemplate\":\"https:\\\/\\\/www.coolturalia.com\\\/fr\\\/?s={search_term_string}\"},\"query-input\":{\"@type\":\"PropertyValueSpecification\",\"valueRequired\":true,\"valueName\":\"search_term_string\"}}],\"inLanguage\":\"fr-FR\"},{\"@type\":\"Organization\",\"@id\":\"https:\\\/\\\/www.coolturalia.com\\\/fr\\\/#organization\",\"name\":\"Coolturalia\",\"url\":\"https:\\\/\\\/www.coolturalia.com\\\/fr\\\/\",\"logo\":{\"@type\":\"ImageObject\",\"inLanguage\":\"fr-FR\",\"@id\":\"https:\\\/\\\/www.coolturalia.com\\\/fr\\\/#\\\/schema\\\/logo\\\/image\\\/\",\"url\":\"https:\\\/\\\/www.coolturalia.com\\\/wp-content\\\/uploads\\\/2024\\\/04\\\/Logo-coolturalia.svg\",\"contentUrl\":\"https:\\\/\\\/www.coolturalia.com\\\/wp-content\\\/uploads\\\/2024\\\/04\\\/Logo-coolturalia.svg\",\"width\":1312,\"height\":193,\"caption\":\"Coolturalia\"},\"image\":{\"@id\":\"https:\\\/\\\/www.coolturalia.com\\\/fr\\\/#\\\/schema\\\/logo\\\/image\\\/\"},\"sameAs\":[\"https:\\\/\\\/www.instagram.com\\\/coolturalia_geneva\\\/\"]}]}<\/script>\n<!-- \/ Yoast SEO plugin. -->","yoast_head_json":{"title":"La Vague \u2014 pi\u00e8ce dans\u00e9e - Coolturalia","robots":{"index":"index","follow":"follow","max-snippet":"max-snippet:-1","max-image-preview":"max-image-preview:large","max-video-preview":"max-video-preview:-1"},"canonical":"https:\/\/www.coolturalia.com\/fr\/event\/la-vague-piece-dansee\/","og_locale":"fr_FR","og_type":"article","og_title":"La Vague \u2014 pi\u00e8ce dans\u00e9e - Coolturalia","og_description":"Mise en sc\u00e8ne par Rapha\u00eble Teicher et interpr\u00e9t\u00e9e par Marthe Krummenacher, cette pi\u00e8ce de vingt minutes r\u00e9pond aux images saisissantes de La Vague de Carlos Schwabe. La pi\u00e8ce tisse des s\u00e9quences fluides et des instants tendus, m\u00ealant gestes sculpturaux et paysage sonore intime pour sonder la m\u00e9moire, le deuil et la m\u00e9tamorphose. Un \u00e9clairage sobre [&hellip;]","og_url":"https:\/\/www.coolturalia.com\/fr\/event\/la-vague-piece-dansee\/","og_site_name":"Coolturalia","og_image":[{"width":150,"height":150,"url":"https:\/\/www.coolturalia.com\/wp-content\/uploads\/2024\/04\/favicon-coolturalia-2.png","type":"image\/png"}],"twitter_card":"summary_large_image","schema":{"@context":"https:\/\/schema.org","@graph":[{"@type":"WebPage","@id":"https:\/\/www.coolturalia.com\/fr\/event\/la-vague-piece-dansee\/","url":"https:\/\/www.coolturalia.com\/fr\/event\/la-vague-piece-dansee\/","name":"La Vague \u2014 pi\u00e8ce dans\u00e9e - Coolturalia","isPartOf":{"@id":"https:\/\/www.coolturalia.com\/fr\/#website"},"primaryImageOfPage":{"@id":"https:\/\/www.coolturalia.com\/fr\/event\/la-vague-piece-dansee\/#primaryimage"},"image":{"@id":"https:\/\/www.coolturalia.com\/fr\/event\/la-vague-piece-dansee\/#primaryimage"},"thumbnailUrl":"https:\/\/www.coolturalia.com\/wp-content\/uploads\/2026\/04\/The-Wave-Dance-Piece.webp","datePublished":"2026-04-09T09:15:32+00:00","breadcrumb":{"@id":"https:\/\/www.coolturalia.com\/fr\/event\/la-vague-piece-dansee\/#breadcrumb"},"inLanguage":"fr-FR","potentialAction":[{"@type":"ReadAction","target":["https:\/\/www.coolturalia.com\/fr\/event\/la-vague-piece-dansee\/"]}]},{"@type":"ImageObject","inLanguage":"fr-FR","@id":"https:\/\/www.coolturalia.com\/fr\/event\/la-vague-piece-dansee\/#primaryimage","url":"https:\/\/www.coolturalia.com\/wp-content\/uploads\/2026\/04\/The-Wave-Dance-Piece.webp","contentUrl":"https:\/\/www.coolturalia.com\/wp-content\/uploads\/2026\/04\/The-Wave-Dance-Piece.webp","width":700,"height":700,"caption":"undefined"},{"@type":"BreadcrumbList","@id":"https:\/\/www.coolturalia.com\/fr\/event\/la-vague-piece-dansee\/#breadcrumb","itemListElement":[{"@type":"ListItem","position":1,"name":"Home","item":"https:\/\/www.coolturalia.com\/fr\/"},{"@type":"ListItem","position":2,"name":"Events","item":"https:\/\/www.coolturalia.com\/fr\/events\/"},{"@type":"ListItem","position":3,"name":"La Vague \u2014 pi\u00e8ce dans\u00e9e"}]},{"@type":"WebSite","@id":"https:\/\/www.coolturalia.com\/fr\/#website","url":"https:\/\/www.coolturalia.com\/fr\/","name":"Coolturalia","description":"","publisher":{"@id":"https:\/\/www.coolturalia.com\/fr\/#organization"},"potentialAction":[{"@type":"SearchAction","target":{"@type":"EntryPoint","urlTemplate":"https:\/\/www.coolturalia.com\/fr\/?s={search_term_string}"},"query-input":{"@type":"PropertyValueSpecification","valueRequired":true,"valueName":"search_term_string"}}],"inLanguage":"fr-FR"},{"@type":"Organization","@id":"https:\/\/www.coolturalia.com\/fr\/#organization","name":"Coolturalia","url":"https:\/\/www.coolturalia.com\/fr\/","logo":{"@type":"ImageObject","inLanguage":"fr-FR","@id":"https:\/\/www.coolturalia.com\/fr\/#\/schema\/logo\/image\/","url":"https:\/\/www.coolturalia.com\/wp-content\/uploads\/2024\/04\/Logo-coolturalia.svg","contentUrl":"https:\/\/www.coolturalia.com\/wp-content\/uploads\/2024\/04\/Logo-coolturalia.svg","width":1312,"height":193,"caption":"Coolturalia"},"image":{"@id":"https:\/\/www.coolturalia.com\/fr\/#\/schema\/logo\/image\/"},"sameAs":["https:\/\/www.instagram.com\/coolturalia_geneva\/"]}]}},"translations":{"translations":{"en":"186932","fr":"186933"},"language":{"code":"fr"},"date":{"dateRange":"Dimanche 31 mai, 16:00"}},"language":{"code":"fr"},"_links":{"self":[{"href":"https:\/\/www.coolturalia.com\/fr\/wp-json\/wp\/v2\/event\/186933","targetHints":{"allow":["GET"]}}],"collection":[{"href":"https:\/\/www.coolturalia.com\/fr\/wp-json\/wp\/v2\/event"}],"about":[{"href":"https:\/\/www.coolturalia.com\/fr\/wp-json\/wp\/v2\/types\/event"}],"version-history":[{"count":0,"href":"https:\/\/www.coolturalia.com\/fr\/wp-json\/wp\/v2\/event\/186933\/revisions"}],"wp:featuredmedia":[{"embeddable":true,"href":"https:\/\/www.coolturalia.com\/fr\/wp-json\/wp\/v2\/media\/186931"}],"wp:attachment":[{"href":"https:\/\/www.coolturalia.com\/fr\/wp-json\/wp\/v2\/media?parent=186933"}],"wp:term":[{"taxonomy":"post_tag","embeddable":true,"href":"https:\/\/www.coolturalia.com\/fr\/wp-json\/wp\/v2\/tags?post=186933"},{"taxonomy":"event-category","embeddable":true,"href":"https:\/\/www.coolturalia.com\/fr\/wp-json\/wp\/v2\/event-category?post=186933"},{"taxonomy":"event-venue","embeddable":true,"href":"https:\/\/www.coolturalia.com\/fr\/wp-json\/wp\/v2\/event-venue?post=186933"}],"curies":[{"name":"wp","href":"https:\/\/api.w.org\/{rel}","templated":true}]}}