{"id":186876,"date":"2026-04-09T08:47:29","date_gmt":"2026-04-09T07:47:29","guid":{"rendered":"https:\/\/www.coolturalia.com\/event\/abeilles-en-fete\/"},"modified":"2026-04-09T08:47:29","modified_gmt":"2026-04-09T07:47:29","slug":"abeilles-en-fete","status":"publish","type":"event","link":"https:\/\/www.coolturalia.com\/fr\/event\/abeilles-en-fete\/","title":{"rendered":"Abeilles en f\u00eate"},"content":{"rendered":"<p>Pars \u00e0 la d\u00e9couverte de la vie bourdonnante lors d&rsquo;un apr\u00e8s-midi familial d&rsquo;ateliers, jeux et d\u00e9gustation de miel. Go\u00fbte des miels, hume des parfums floraux et d\u00e9couvre les abeilles sans dard, les m\u00e9lipones et les abeilles sauvages au travers de projets au Burundi, Rwanda, Ouganda et RDC. Fabrique un nichoir, fa\u00e7onne des bombes \u00e0 graines pour verdir la ville et participe \u00e0 des activit\u00e9s simples d&rsquo;apiculture. Couleurs vives, bourdonnements et miel dor\u00e9 \u00e9veillent la curiosit\u00e9 et expliquent pourquoi prot\u00e9ger les abeilles.<\/p>\n<p><strong>Enfants d\u00e8s 6 ans.<\/strong><\/p>\n","protected":false},"excerpt":{"rendered":"<p>Pars \u00e0 la d\u00e9couverte de la vie bourdonnante lors d&rsquo;un apr\u00e8s-midi familial d&rsquo;ateliers, jeux et d\u00e9gustation de miel. Go\u00fbte des miels, hume des parfums floraux et d\u00e9couvre les abeilles sans dard, les m\u00e9lipones et les abeilles sauvages au travers de projets au Burundi, Rwanda, Ouganda et RDC. Fabrique un nichoir, fa\u00e7onne des bombes \u00e0 graines [&hellip;]<\/p>\n","protected":false},"featured_media":186874,"parent":0,"menu_order":0,"template":"","format":"standard","meta":{"_acf_changed":false,"footnotes":""},"tags":[],"event-category":[454,456],"event-venue":[600],"class_list":["post-186876","event","type-event","status-publish","format-standard","has-post-thumbnail","hentry","event-category-communaute","event-category-enfants","event-venue-conservatoire-et-jardin-botaniques-fr"],"acf":{"price":"Gratuit, sur r\u00e9servation","date":"Mercredi 6 mai, 13:30","start_date":"2026-05-06 15:30:00","end_date":"2026-05-06 19:00:00","website_link":"https:\/\/www.jardinbotaniquegeneve.ch\/au-jardin\/decouvrir%23programme-dactivits\/abeilles-fete\/39764442","link_buy_tickets":"","highlighted":false,"photo_credit":"FH Suisse","timings":[{"timing_start_date":"2026-05-06 15:30:00","timing_end_date":"2026-05-06 19:00:00"}],"external_id":"39764442"},"yoast_head":"<!-- This site is optimized with the Yoast SEO plugin v27.5 - https:\/\/yoast.com\/product\/yoast-seo-wordpress\/ -->\n<title>Abeilles en f\u00eate - Coolturalia<\/title>\n<meta name=\"robots\" content=\"index, follow, max-snippet:-1, max-image-preview:large, max-video-preview:-1\" \/>\n<link rel=\"canonical\" href=\"https:\/\/www.coolturalia.com\/fr\/event\/abeilles-en-fete\/\" \/>\n<meta property=\"og:locale\" content=\"fr_FR\" \/>\n<meta property=\"og:type\" content=\"article\" \/>\n<meta property=\"og:title\" content=\"Abeilles en f\u00eate - Coolturalia\" \/>\n<meta property=\"og:description\" content=\"Pars \u00e0 la d\u00e9couverte de la vie bourdonnante lors d&rsquo;un apr\u00e8s-midi familial d&rsquo;ateliers, jeux et d\u00e9gustation de miel. Go\u00fbte des miels, hume des parfums floraux et d\u00e9couvre les abeilles sans dard, les m\u00e9lipones et les abeilles sauvages au travers de projets au Burundi, Rwanda, Ouganda et RDC. Fabrique un nichoir, fa\u00e7onne des bombes \u00e0 graines [&hellip;]\" \/>\n<meta property=\"og:url\" content=\"https:\/\/www.coolturalia.com\/fr\/event\/abeilles-en-fete\/\" \/>\n<meta property=\"og:site_name\" content=\"Coolturalia\" \/>\n<meta property=\"og:image\" content=\"https:\/\/www.coolturalia.com\/wp-content\/uploads\/2024\/04\/favicon-coolturalia-2.png\" \/>\n\t<meta property=\"og:image:width\" content=\"150\" \/>\n\t<meta property=\"og:image:height\" content=\"150\" \/>\n\t<meta property=\"og:image:type\" content=\"image\/png\" \/>\n<meta name=\"twitter:card\" content=\"summary_large_image\" \/>\n<script type=\"application\/ld+json\" class=\"yoast-schema-graph\">{\"@context\":\"https:\\\/\\\/schema.org\",\"@graph\":[{\"@type\":\"WebPage\",\"@id\":\"https:\\\/\\\/www.coolturalia.com\\\/fr\\\/event\\\/abeilles-en-fete\\\/\",\"url\":\"https:\\\/\\\/www.coolturalia.com\\\/fr\\\/event\\\/abeilles-en-fete\\\/\",\"name\":\"Abeilles en f\u00eate - Coolturalia\",\"isPartOf\":{\"@id\":\"https:\\\/\\\/www.coolturalia.com\\\/fr\\\/#website\"},\"primaryImageOfPage\":{\"@id\":\"https:\\\/\\\/www.coolturalia.com\\\/fr\\\/event\\\/abeilles-en-fete\\\/#primaryimage\"},\"image\":{\"@id\":\"https:\\\/\\\/www.coolturalia.com\\\/fr\\\/event\\\/abeilles-en-fete\\\/#primaryimage\"},\"thumbnailUrl\":\"https:\\\/\\\/www.coolturalia.com\\\/wp-content\\\/uploads\\\/2026\\\/04\\\/Bees-in-Celebration.webp\",\"datePublished\":\"2026-04-09T07:47:29+00:00\",\"breadcrumb\":{\"@id\":\"https:\\\/\\\/www.coolturalia.com\\\/fr\\\/event\\\/abeilles-en-fete\\\/#breadcrumb\"},\"inLanguage\":\"fr-FR\",\"potentialAction\":[{\"@type\":\"ReadAction\",\"target\":[\"https:\\\/\\\/www.coolturalia.com\\\/fr\\\/event\\\/abeilles-en-fete\\\/\"]}]},{\"@type\":\"ImageObject\",\"inLanguage\":\"fr-FR\",\"@id\":\"https:\\\/\\\/www.coolturalia.com\\\/fr\\\/event\\\/abeilles-en-fete\\\/#primaryimage\",\"url\":\"https:\\\/\\\/www.coolturalia.com\\\/wp-content\\\/uploads\\\/2026\\\/04\\\/Bees-in-Celebration.webp\",\"contentUrl\":\"https:\\\/\\\/www.coolturalia.com\\\/wp-content\\\/uploads\\\/2026\\\/04\\\/Bees-in-Celebration.webp\",\"width\":700,\"height\":467,\"caption\":\"undefined\"},{\"@type\":\"BreadcrumbList\",\"@id\":\"https:\\\/\\\/www.coolturalia.com\\\/fr\\\/event\\\/abeilles-en-fete\\\/#breadcrumb\",\"itemListElement\":[{\"@type\":\"ListItem\",\"position\":1,\"name\":\"Home\",\"item\":\"https:\\\/\\\/www.coolturalia.com\\\/fr\\\/\"},{\"@type\":\"ListItem\",\"position\":2,\"name\":\"Events\",\"item\":\"https:\\\/\\\/www.coolturalia.com\\\/fr\\\/events\\\/\"},{\"@type\":\"ListItem\",\"position\":3,\"name\":\"Abeilles en f\u00eate\"}]},{\"@type\":\"WebSite\",\"@id\":\"https:\\\/\\\/www.coolturalia.com\\\/fr\\\/#website\",\"url\":\"https:\\\/\\\/www.coolturalia.com\\\/fr\\\/\",\"name\":\"Coolturalia\",\"description\":\"\",\"publisher\":{\"@id\":\"https:\\\/\\\/www.coolturalia.com\\\/fr\\\/#organization\"},\"potentialAction\":[{\"@type\":\"SearchAction\",\"target\":{\"@type\":\"EntryPoint\",\"urlTemplate\":\"https:\\\/\\\/www.coolturalia.com\\\/fr\\\/?s={search_term_string}\"},\"query-input\":{\"@type\":\"PropertyValueSpecification\",\"valueRequired\":true,\"valueName\":\"search_term_string\"}}],\"inLanguage\":\"fr-FR\"},{\"@type\":\"Organization\",\"@id\":\"https:\\\/\\\/www.coolturalia.com\\\/fr\\\/#organization\",\"name\":\"Coolturalia\",\"url\":\"https:\\\/\\\/www.coolturalia.com\\\/fr\\\/\",\"logo\":{\"@type\":\"ImageObject\",\"inLanguage\":\"fr-FR\",\"@id\":\"https:\\\/\\\/www.coolturalia.com\\\/fr\\\/#\\\/schema\\\/logo\\\/image\\\/\",\"url\":\"https:\\\/\\\/www.coolturalia.com\\\/wp-content\\\/uploads\\\/2024\\\/04\\\/Logo-coolturalia.svg\",\"contentUrl\":\"https:\\\/\\\/www.coolturalia.com\\\/wp-content\\\/uploads\\\/2024\\\/04\\\/Logo-coolturalia.svg\",\"width\":1312,\"height\":193,\"caption\":\"Coolturalia\"},\"image\":{\"@id\":\"https:\\\/\\\/www.coolturalia.com\\\/fr\\\/#\\\/schema\\\/logo\\\/image\\\/\"},\"sameAs\":[\"https:\\\/\\\/www.instagram.com\\\/coolturalia_geneva\\\/\"]}]}<\/script>\n<!-- \/ Yoast SEO plugin. -->","yoast_head_json":{"title":"Abeilles en f\u00eate - Coolturalia","robots":{"index":"index","follow":"follow","max-snippet":"max-snippet:-1","max-image-preview":"max-image-preview:large","max-video-preview":"max-video-preview:-1"},"canonical":"https:\/\/www.coolturalia.com\/fr\/event\/abeilles-en-fete\/","og_locale":"fr_FR","og_type":"article","og_title":"Abeilles en f\u00eate - Coolturalia","og_description":"Pars \u00e0 la d\u00e9couverte de la vie bourdonnante lors d&rsquo;un apr\u00e8s-midi familial d&rsquo;ateliers, jeux et d\u00e9gustation de miel. Go\u00fbte des miels, hume des parfums floraux et d\u00e9couvre les abeilles sans dard, les m\u00e9lipones et les abeilles sauvages au travers de projets au Burundi, Rwanda, Ouganda et RDC. Fabrique un nichoir, fa\u00e7onne des bombes \u00e0 graines [&hellip;]","og_url":"https:\/\/www.coolturalia.com\/fr\/event\/abeilles-en-fete\/","og_site_name":"Coolturalia","og_image":[{"width":150,"height":150,"url":"https:\/\/www.coolturalia.com\/wp-content\/uploads\/2024\/04\/favicon-coolturalia-2.png","type":"image\/png"}],"twitter_card":"summary_large_image","schema":{"@context":"https:\/\/schema.org","@graph":[{"@type":"WebPage","@id":"https:\/\/www.coolturalia.com\/fr\/event\/abeilles-en-fete\/","url":"https:\/\/www.coolturalia.com\/fr\/event\/abeilles-en-fete\/","name":"Abeilles en f\u00eate - Coolturalia","isPartOf":{"@id":"https:\/\/www.coolturalia.com\/fr\/#website"},"primaryImageOfPage":{"@id":"https:\/\/www.coolturalia.com\/fr\/event\/abeilles-en-fete\/#primaryimage"},"image":{"@id":"https:\/\/www.coolturalia.com\/fr\/event\/abeilles-en-fete\/#primaryimage"},"thumbnailUrl":"https:\/\/www.coolturalia.com\/wp-content\/uploads\/2026\/04\/Bees-in-Celebration.webp","datePublished":"2026-04-09T07:47:29+00:00","breadcrumb":{"@id":"https:\/\/www.coolturalia.com\/fr\/event\/abeilles-en-fete\/#breadcrumb"},"inLanguage":"fr-FR","potentialAction":[{"@type":"ReadAction","target":["https:\/\/www.coolturalia.com\/fr\/event\/abeilles-en-fete\/"]}]},{"@type":"ImageObject","inLanguage":"fr-FR","@id":"https:\/\/www.coolturalia.com\/fr\/event\/abeilles-en-fete\/#primaryimage","url":"https:\/\/www.coolturalia.com\/wp-content\/uploads\/2026\/04\/Bees-in-Celebration.webp","contentUrl":"https:\/\/www.coolturalia.com\/wp-content\/uploads\/2026\/04\/Bees-in-Celebration.webp","width":700,"height":467,"caption":"undefined"},{"@type":"BreadcrumbList","@id":"https:\/\/www.coolturalia.com\/fr\/event\/abeilles-en-fete\/#breadcrumb","itemListElement":[{"@type":"ListItem","position":1,"name":"Home","item":"https:\/\/www.coolturalia.com\/fr\/"},{"@type":"ListItem","position":2,"name":"Events","item":"https:\/\/www.coolturalia.com\/fr\/events\/"},{"@type":"ListItem","position":3,"name":"Abeilles en f\u00eate"}]},{"@type":"WebSite","@id":"https:\/\/www.coolturalia.com\/fr\/#website","url":"https:\/\/www.coolturalia.com\/fr\/","name":"Coolturalia","description":"","publisher":{"@id":"https:\/\/www.coolturalia.com\/fr\/#organization"},"potentialAction":[{"@type":"SearchAction","target":{"@type":"EntryPoint","urlTemplate":"https:\/\/www.coolturalia.com\/fr\/?s={search_term_string}"},"query-input":{"@type":"PropertyValueSpecification","valueRequired":true,"valueName":"search_term_string"}}],"inLanguage":"fr-FR"},{"@type":"Organization","@id":"https:\/\/www.coolturalia.com\/fr\/#organization","name":"Coolturalia","url":"https:\/\/www.coolturalia.com\/fr\/","logo":{"@type":"ImageObject","inLanguage":"fr-FR","@id":"https:\/\/www.coolturalia.com\/fr\/#\/schema\/logo\/image\/","url":"https:\/\/www.coolturalia.com\/wp-content\/uploads\/2024\/04\/Logo-coolturalia.svg","contentUrl":"https:\/\/www.coolturalia.com\/wp-content\/uploads\/2024\/04\/Logo-coolturalia.svg","width":1312,"height":193,"caption":"Coolturalia"},"image":{"@id":"https:\/\/www.coolturalia.com\/fr\/#\/schema\/logo\/image\/"},"sameAs":["https:\/\/www.instagram.com\/coolturalia_geneva\/"]}]}},"translations":{"translations":{"en":"186875","fr":"186876"},"language":{"code":"fr"},"date":{"dateRange":"Mercredi 6 mai, 13:30"}},"language":{"code":"fr"},"_links":{"self":[{"href":"https:\/\/www.coolturalia.com\/fr\/wp-json\/wp\/v2\/event\/186876","targetHints":{"allow":["GET"]}}],"collection":[{"href":"https:\/\/www.coolturalia.com\/fr\/wp-json\/wp\/v2\/event"}],"about":[{"href":"https:\/\/www.coolturalia.com\/fr\/wp-json\/wp\/v2\/types\/event"}],"version-history":[{"count":0,"href":"https:\/\/www.coolturalia.com\/fr\/wp-json\/wp\/v2\/event\/186876\/revisions"}],"wp:featuredmedia":[{"embeddable":true,"href":"https:\/\/www.coolturalia.com\/fr\/wp-json\/wp\/v2\/media\/186874"}],"wp:attachment":[{"href":"https:\/\/www.coolturalia.com\/fr\/wp-json\/wp\/v2\/media?parent=186876"}],"wp:term":[{"taxonomy":"post_tag","embeddable":true,"href":"https:\/\/www.coolturalia.com\/fr\/wp-json\/wp\/v2\/tags?post=186876"},{"taxonomy":"event-category","embeddable":true,"href":"https:\/\/www.coolturalia.com\/fr\/wp-json\/wp\/v2\/event-category?post=186876"},{"taxonomy":"event-venue","embeddable":true,"href":"https:\/\/www.coolturalia.com\/fr\/wp-json\/wp\/v2\/event-venue?post=186876"}],"curies":[{"name":"wp","href":"https:\/\/api.w.org\/{rel}","templated":true}]}}